{"id":594,"date":"2014-07-08T09:08:09","date_gmt":"2014-07-08T09:08:09","guid":{"rendered":"https:\/\/www.laclauelite.com\/coach-inmobiliario-2\/"},"modified":"2022-08-31T02:16:16","modified_gmt":"2022-08-31T02:16:16","slug":"lloguer-vacacional-a-sitges","status":"publish","type":"page","link":"https:\/\/www.laclauelite.com\/ca\/serveis\/lloguer-vacacional-a-sitges\/","title":{"rendered":"Lloguer vacacional a Sitges"},"content":{"rendered":"\t\t<div data-elementor-type=\"wp-page\" data-elementor-id=\"594\" class=\"elementor elementor-594 elementor-589\">\n\t\t\t\t\t\t\t\t\t<section class=\"elementor-section elementor-top-section elementor-element elementor-element-bc388a3 elementor-section-full_width elementor-section-height-min-height elementor-section-stretched elementor-section-height-default elementor-section-items-middle\" data-id=\"bc388a3\" data-element_type=\"section\" data-settings=\"{&quot;stretch_section&quot;:&quot;section-stretched&quot;,&quot;background_background&quot;:&quot;classic&quot;}\">\n\t\t\t\t\t\t\t<div class=\"elementor-background-overlay\"><\/div>\n\t\t\t\t\t\t\t<div class=\"elementor-container elementor-column-gap-default\">\n\t\t\t\t\t<div class=\"elementor-column elementor-col-100 elementor-top-column elementor-element elementor-element-d4b8e97\" data-id=\"d4b8e97\" data-element_type=\"column\">\n\t\t\t<div class=\"elementor-widget-wrap elementor-element-populated\">\n\t\t\t\t\t\t\t\t<div class=\"elementor-element elementor-element-a825a98 elementor-widget elementor-widget-spacer\" data-id=\"a825a98\" data-element_type=\"widget\" data-widget_type=\"spacer.default\">\n\t\t\t\t<div class=\"elementor-widget-container\">\n\t\t\t<style>\/*! elementor - v3.18.0 - 04-12-2023 *\/\n.elementor-column .elementor-spacer-inner{height:var(--spacer-size)}.e-con{--container-widget-width:100%}.e-con-inner>.elementor-widget-spacer,.e-con>.elementor-widget-spacer{width:var(--container-widget-width,var(--spacer-size));--align-self:var(--container-widget-align-self,initial);--flex-shrink:0}.e-con-inner>.elementor-widget-spacer>.elementor-widget-container,.e-con>.elementor-widget-spacer>.elementor-widget-container{height:100%;width:100%}.e-con-inner>.elementor-widget-spacer>.elementor-widget-container>.elementor-spacer,.e-con>.elementor-widget-spacer>.elementor-widget-container>.elementor-spacer{height:100%}.e-con-inner>.elementor-widget-spacer>.elementor-widget-container>.elementor-spacer>.elementor-spacer-inner,.e-con>.elementor-widget-spacer>.elementor-widget-container>.elementor-spacer>.elementor-spacer-inner{height:var(--container-widget-height,var(--spacer-size))}.e-con-inner>.elementor-widget-spacer.elementor-widget-empty,.e-con>.elementor-widget-spacer.elementor-widget-empty{position:relative;min-height:22px;min-width:22px}.e-con-inner>.elementor-widget-spacer.elementor-widget-empty .elementor-widget-empty-icon,.e-con>.elementor-widget-spacer.elementor-widget-empty .elementor-widget-empty-icon{position:absolute;top:0;bottom:0;left:0;right:0;margin:auto;padding:0;width:22px;height:22px}<\/style>\t\t<div class=\"elementor-spacer\">\n\t\t\t<div class=\"elementor-spacer-inner\"><\/div>\n\t\t<\/div>\n\t\t\t\t<\/div>\n\t\t\t\t<\/div>\n\t\t\t\t<div class=\"elementor-element elementor-element-a04583b animated-fast elementor-invisible elementor-widget elementor-widget-heading\" data-id=\"a04583b\" data-element_type=\"widget\" data-settings=\"{&quot;_animation&quot;:&quot;fadeInDown&quot;}\" data-widget_type=\"heading.default\">\n\t\t\t\t<div class=\"elementor-widget-container\">\n\t\t\t<style>\/*! elementor - v3.18.0 - 04-12-2023 *\/\n.elementor-heading-title{padding:0;margin:0;line-height:1}.elementor-widget-heading .elementor-heading-title[class*=elementor-size-]>a{color:inherit;font-size:inherit;line-height:inherit}.elementor-widget-heading .elementor-heading-title.elementor-size-small{font-size:15px}.elementor-widget-heading .elementor-heading-title.elementor-size-medium{font-size:19px}.elementor-widget-heading .elementor-heading-title.elementor-size-large{font-size:29px}.elementor-widget-heading .elementor-heading-title.elementor-size-xl{font-size:39px}.elementor-widget-heading .elementor-heading-title.elementor-size-xxl{font-size:59px}<\/style><h2 class=\"elementor-heading-title elementor-size-default\">Lloguer de vacances a<\/h2>\t\t<\/div>\n\t\t\t\t<\/div>\n\t\t\t\t<div class=\"elementor-element elementor-element-f2bd15f animated-fast elementor-invisible elementor-widget elementor-widget-heading\" data-id=\"f2bd15f\" data-element_type=\"widget\" data-settings=\"{&quot;_animation&quot;:&quot;fadeInDown&quot;}\" data-widget_type=\"heading.default\">\n\t\t\t\t<div class=\"elementor-widget-container\">\n\t\t\t<h2 class=\"elementor-heading-title elementor-size-default\">Sitges<\/h2>\t\t<\/div>\n\t\t\t\t<\/div>\n\t\t\t\t<div class=\"elementor-element elementor-element-6ef4d87 elementor-align-center animated-slow elementor-invisible elementor-widget elementor-widget-button\" data-id=\"6ef4d87\" data-element_type=\"widget\" data-settings=\"{&quot;_animation&quot;:&quot;fadeInUp&quot;,&quot;_animation_delay&quot;:600}\" data-widget_type=\"button.default\">\n\t\t\t\t<div class=\"elementor-widget-container\">\n\t\t\t\t\t<div class=\"elementor-button-wrapper\">\n\t\t\t<a class=\"elementor-button elementor-size-sm\" role=\"button\">\n\t\t\t\t\t\t<span class=\"elementor-button-content-wrapper\">\n\t\t\t\t\t\t<span class=\"elementor-button-text\">El millor Cercador d\u00b4immobles<\/span>\n\t\t<\/span>\n\t\t\t\t\t<\/a>\n\t\t<\/div>\n\t\t\t\t<\/div>\n\t\t\t\t<\/div>\n\t\t\t\t<div class=\"elementor-element elementor-element-c9bf28a animated-slow elementor-widget-divider--view-line elementor-invisible elementor-widget elementor-widget-divider\" data-id=\"c9bf28a\" data-element_type=\"widget\" data-settings=\"{&quot;_animation&quot;:&quot;fadeInUp&quot;,&quot;_animation_delay&quot;:600}\" data-widget_type=\"divider.default\">\n\t\t\t\t<div class=\"elementor-widget-container\">\n\t\t\t<style>\/*! elementor - v3.18.0 - 04-12-2023 *\/\n.elementor-widget-divider{--divider-border-style:none;--divider-border-width:1px;--divider-color:#0c0d0e;--divider-icon-size:20px;--divider-element-spacing:10px;--divider-pattern-height:24px;--divider-pattern-size:20px;--divider-pattern-url:none;--divider-pattern-repeat:repeat-x}.elementor-widget-divider .elementor-divider{display:flex}.elementor-widget-divider .elementor-divider__text{font-size:15px;line-height:1;max-width:95%}.elementor-widget-divider .elementor-divider__element{margin:0 var(--divider-element-spacing);flex-shrink:0}.elementor-widget-divider .elementor-icon{font-size:var(--divider-icon-size)}.elementor-widget-divider .elementor-divider-separator{display:flex;margin:0;direction:ltr}.elementor-widget-divider--view-line_icon .elementor-divider-separator,.elementor-widget-divider--view-line_text .elementor-divider-separator{align-items:center}.elementor-widget-divider--view-line_icon .elementor-divider-separator:after,.elementor-widget-divider--view-line_icon .elementor-divider-separator:before,.elementor-widget-divider--view-line_text .elementor-divider-separator:after,.elementor-widget-divider--view-line_text .elementor-divider-separator:before{display:block;content:\"\";border-bottom:0;flex-grow:1;border-top:var(--divider-border-width) var(--divider-border-style) var(--divider-color)}.elementor-widget-divider--element-align-left .elementor-divider .elementor-divider-separator>.elementor-divider__svg:first-of-type{flex-grow:0;flex-shrink:100}.elementor-widget-divider--element-align-left .elementor-divider-separator:before{content:none}.elementor-widget-divider--element-align-left .elementor-divider__element{margin-left:0}.elementor-widget-divider--element-align-right .elementor-divider .elementor-divider-separator>.elementor-divider__svg:last-of-type{flex-grow:0;flex-shrink:100}.elementor-widget-divider--element-align-right .elementor-divider-separator:after{content:none}.elementor-widget-divider--element-align-right .elementor-divider__element{margin-right:0}.elementor-widget-divider:not(.elementor-widget-divider--view-line_text):not(.elementor-widget-divider--view-line_icon) .elementor-divider-separator{border-top:var(--divider-border-width) var(--divider-border-style) var(--divider-color)}.elementor-widget-divider--separator-type-pattern{--divider-border-style:none}.elementor-widget-divider--separator-type-pattern.elementor-widget-divider--view-line .elementor-divider-separator,.elementor-widget-divider--separator-type-pattern:not(.elementor-widget-divider--view-line) .elementor-divider-separator:after,.elementor-widget-divider--separator-type-pattern:not(.elementor-widget-divider--view-line) .elementor-divider-separator:before,.elementor-widget-divider--separator-type-pattern:not([class*=elementor-widget-divider--view]) .elementor-divider-separator{width:100%;min-height:var(--divider-pattern-height);-webkit-mask-size:var(--divider-pattern-size) 100%;mask-size:var(--divider-pattern-size) 100%;-webkit-mask-repeat:var(--divider-pattern-repeat);mask-repeat:var(--divider-pattern-repeat);background-color:var(--divider-color);-webkit-mask-image:var(--divider-pattern-url);mask-image:var(--divider-pattern-url)}.elementor-widget-divider--no-spacing{--divider-pattern-size:auto}.elementor-widget-divider--bg-round{--divider-pattern-repeat:round}.rtl .elementor-widget-divider .elementor-divider__text{direction:rtl}.e-con-inner>.elementor-widget-divider,.e-con>.elementor-widget-divider{width:var(--container-widget-width,100%);--flex-grow:var(--container-widget-flex-grow)}<\/style>\t\t<div class=\"elementor-divider\">\n\t\t\t<span class=\"elementor-divider-separator\">\n\t\t\t\t\t\t<\/span>\n\t\t<\/div>\n\t\t\t\t<\/div>\n\t\t\t\t<\/div>\n\t\t\t\t<div class=\"elementor-element elementor-element-3046db2 elementor-widget elementor-widget-spacer\" data-id=\"3046db2\" data-element_type=\"widget\" data-widget_type=\"spacer.default\">\n\t\t\t\t<div class=\"elementor-widget-container\">\n\t\t\t\t\t<div class=\"elementor-spacer\">\n\t\t\t<div class=\"elementor-spacer-inner\"><\/div>\n\t\t<\/div>\n\t\t\t\t<\/div>\n\t\t\t\t<\/div>\n\t\t\t\t\t<\/div>\n\t\t<\/div>\n\t\t\t\t\t\t\t<\/div>\n\t\t<\/section>\n\t\t\t\t<section class=\"elementor-section elementor-top-section elementor-element elementor-element-e4eeb03 elementor-section-content-middle elementor-section-full_width elementor-section-stretched elementor-section-height-default elementor-section-height-default\" data-id=\"e4eeb03\" data-element_type=\"section\" data-settings=\"{&quot;stretch_section&quot;:&quot;section-stretched&quot;}\">\n\t\t\t\t\t\t<div class=\"elementor-container elementor-column-gap-no\">\n\t\t\t\t\t<div class=\"elementor-column elementor-col-100 elementor-top-column elementor-element elementor-element-3932719\" data-id=\"3932719\" data-element_type=\"column\">\n\t\t\t<div class=\"elementor-widget-wrap elementor-element-populated\">\n\t\t\t\t\t\t\t\t<div class=\"elementor-element elementor-element-d6729c1 animated-slow elementor-invisible elementor-widget elementor-widget-heading\" data-id=\"d6729c1\" data-element_type=\"widget\" data-settings=\"{&quot;_animation&quot;:&quot;fadeIn&quot;}\" data-widget_type=\"heading.default\">\n\t\t\t\t<div class=\"elementor-widget-container\">\n\t\t\t<h2 class=\"elementor-heading-title elementor-size-default\">Contacte estret amb el mercat<\/h2>\t\t<\/div>\n\t\t\t\t<\/div>\n\t\t\t\t<div class=\"elementor-element elementor-element-94fe10f animated-slow elementor-widget-divider--view-line elementor-invisible elementor-widget elementor-widget-divider\" data-id=\"94fe10f\" data-element_type=\"widget\" data-settings=\"{&quot;_animation&quot;:&quot;fadeInUp&quot;}\" data-widget_type=\"divider.default\">\n\t\t\t\t<div class=\"elementor-widget-container\">\n\t\t\t\t\t<div class=\"elementor-divider\">\n\t\t\t<span class=\"elementor-divider-separator\">\n\t\t\t\t\t\t<\/span>\n\t\t<\/div>\n\t\t\t\t<\/div>\n\t\t\t\t<\/div>\n\t\t\t\t<section class=\"elementor-section elementor-inner-section elementor-element elementor-element-3925f6f elementor-section-boxed elementor-section-height-default elementor-section-height-default\" data-id=\"3925f6f\" data-element_type=\"section\">\n\t\t\t\t\t\t<div class=\"elementor-container elementor-column-gap-default\">\n\t\t\t\t\t<div class=\"elementor-column elementor-col-20 elementor-inner-column elementor-element elementor-element-0c48674\" data-id=\"0c48674\" data-element_type=\"column\">\n\t\t\t<div class=\"elementor-widget-wrap elementor-element-populated\">\n\t\t\t\t\t\t\t\t<div class=\"elementor-element elementor-element-9f9f4b5 elementor-align-center animated-slow elementor-invisible elementor-widget elementor-widget-button\" data-id=\"9f9f4b5\" data-element_type=\"widget\" data-settings=\"{&quot;_animation&quot;:&quot;fadeInUp&quot;,&quot;_animation_delay&quot;:600}\" data-widget_type=\"button.default\">\n\t\t\t\t<div class=\"elementor-widget-container\">\n\t\t\t\t\t<div class=\"elementor-button-wrapper\">\n\t\t\t<a class=\"elementor-button elementor-button-link elementor-size-sm\" href=\"#casas\">\n\t\t\t\t\t\t<span class=\"elementor-button-content-wrapper\">\n\t\t\t\t\t\t<span class=\"elementor-button-text\">cases<\/span>\n\t\t<\/span>\n\t\t\t\t\t<\/a>\n\t\t<\/div>\n\t\t\t\t<\/div>\n\t\t\t\t<\/div>\n\t\t\t\t\t<\/div>\n\t\t<\/div>\n\t\t\t\t<div class=\"elementor-column elementor-col-20 elementor-inner-column elementor-element elementor-element-634fade\" data-id=\"634fade\" data-element_type=\"column\">\n\t\t\t<div class=\"elementor-widget-wrap elementor-element-populated\">\n\t\t\t\t\t\t\t\t<div class=\"elementor-element elementor-element-fe65940 elementor-align-center animated-slow elementor-invisible elementor-widget elementor-widget-button\" data-id=\"fe65940\" data-element_type=\"widget\" data-settings=\"{&quot;_animation&quot;:&quot;fadeInUp&quot;,&quot;_animation_delay&quot;:600}\" data-widget_type=\"button.default\">\n\t\t\t\t<div class=\"elementor-widget-container\">\n\t\t\t\t\t<div class=\"elementor-button-wrapper\">\n\t\t\t<a class=\"elementor-button elementor-button-link elementor-size-sm\" href=\"#apartamento\">\n\t\t\t\t\t\t<span class=\"elementor-button-content-wrapper\">\n\t\t\t\t\t\t<span class=\"elementor-button-text\">apartaments<\/span>\n\t\t<\/span>\n\t\t\t\t\t<\/a>\n\t\t<\/div>\n\t\t\t\t<\/div>\n\t\t\t\t<\/div>\n\t\t\t\t\t<\/div>\n\t\t<\/div>\n\t\t\t\t<div class=\"elementor-column elementor-col-20 elementor-inner-column elementor-element elementor-element-d86a928\" data-id=\"d86a928\" data-element_type=\"column\">\n\t\t\t<div class=\"elementor-widget-wrap elementor-element-populated\">\n\t\t\t\t\t\t\t\t<div class=\"elementor-element elementor-element-9c43417 elementor-align-center animated-slow elementor-invisible elementor-widget elementor-widget-button\" data-id=\"9c43417\" data-element_type=\"widget\" data-settings=\"{&quot;_animation&quot;:&quot;fadeInUp&quot;,&quot;_animation_delay&quot;:600}\" data-widget_type=\"button.default\">\n\t\t\t\t<div class=\"elementor-widget-container\">\n\t\t\t\t\t<div class=\"elementor-button-wrapper\">\n\t\t\t<a class=\"elementor-button elementor-button-link elementor-size-sm\" href=\"#localcomercial\">\n\t\t\t\t\t\t<span class=\"elementor-button-content-wrapper\">\n\t\t\t\t\t\t<span class=\"elementor-button-text\">local comercial<\/span>\n\t\t<\/span>\n\t\t\t\t\t<\/a>\n\t\t<\/div>\n\t\t\t\t<\/div>\n\t\t\t\t<\/div>\n\t\t\t\t\t<\/div>\n\t\t<\/div>\n\t\t\t\t<div class=\"elementor-column elementor-col-20 elementor-inner-column elementor-element elementor-element-8cff9b9\" data-id=\"8cff9b9\" data-element_type=\"column\">\n\t\t\t<div class=\"elementor-widget-wrap elementor-element-populated\">\n\t\t\t\t\t\t\t\t<div class=\"elementor-element elementor-element-a292f96 elementor-align-center animated-slow elementor-invisible elementor-widget elementor-widget-button\" data-id=\"a292f96\" data-element_type=\"widget\" data-settings=\"{&quot;_animation&quot;:&quot;fadeInUp&quot;,&quot;_animation_delay&quot;:600}\" data-widget_type=\"button.default\">\n\t\t\t\t<div class=\"elementor-widget-container\">\n\t\t\t\t\t<div class=\"elementor-button-wrapper\">\n\t\t\t<a class=\"elementor-button elementor-button-link elementor-size-sm\" href=\"#hotel\">\n\t\t\t\t\t\t<span class=\"elementor-button-content-wrapper\">\n\t\t\t\t\t\t<span class=\"elementor-button-text\">hotel<\/span>\n\t\t<\/span>\n\t\t\t\t\t<\/a>\n\t\t<\/div>\n\t\t\t\t<\/div>\n\t\t\t\t<\/div>\n\t\t\t\t\t<\/div>\n\t\t<\/div>\n\t\t\t\t<div class=\"elementor-column elementor-col-20 elementor-inner-column elementor-element elementor-element-e037519\" data-id=\"e037519\" data-element_type=\"column\">\n\t\t\t<div class=\"elementor-widget-wrap elementor-element-populated\">\n\t\t\t\t\t\t\t\t<div class=\"elementor-element elementor-element-13ec08a elementor-align-center animated-slow elementor-invisible elementor-widget elementor-widget-button\" data-id=\"13ec08a\" data-element_type=\"widget\" data-settings=\"{&quot;_animation&quot;:&quot;fadeInUp&quot;,&quot;_animation_delay&quot;:600}\" data-widget_type=\"button.default\">\n\t\t\t\t<div class=\"elementor-widget-container\">\n\t\t\t\t\t<div class=\"elementor-button-wrapper\">\n\t\t\t<a class=\"elementor-button elementor-button-link elementor-size-sm\" href=\"#vacacional\">\n\t\t\t\t\t\t<span class=\"elementor-button-content-wrapper\">\n\t\t\t\t\t\t<span class=\"elementor-button-text\">vacances<\/span>\n\t\t<\/span>\n\t\t\t\t\t<\/a>\n\t\t<\/div>\n\t\t\t\t<\/div>\n\t\t\t\t<\/div>\n\t\t\t\t\t<\/div>\n\t\t<\/div>\n\t\t\t\t\t\t\t<\/div>\n\t\t<\/section>\n\t\t\t\t<section class=\"elementor-section elementor-inner-section elementor-element elementor-element-5824315 elementor-section-content-middle animated-slow elementor-hidden-desktop elementor-hidden-tablet elementor-hidden-mobile elementor-section-boxed elementor-section-height-default elementor-section-height-default elementor-invisible\" data-id=\"5824315\" data-element_type=\"section\" data-settings=\"{&quot;animation&quot;:&quot;fadeInUp&quot;,&quot;animation_delay&quot;:200}\">\n\t\t\t\t\t\t<div class=\"elementor-container elementor-column-gap-no\">\n\t\t\t\t\t<div class=\"elementor-column elementor-col-33 elementor-inner-column elementor-element elementor-element-e8470b4\" data-id=\"e8470b4\" data-element_type=\"column\">\n\t\t\t<div class=\"elementor-widget-wrap elementor-element-populated\">\n\t\t\t\t\t\t\t\t<div class=\"elementor-element elementor-element-01c9836 elementor-widget elementor-widget-image\" data-id=\"01c9836\" data-element_type=\"widget\" data-widget_type=\"image.default\">\n\t\t\t\t<div class=\"elementor-widget-container\">\n\t\t\t<style>\/*! elementor - v3.18.0 - 04-12-2023 *\/\n.elementor-widget-image{text-align:center}.elementor-widget-image a{display:inline-block}.elementor-widget-image a img[src$=\".svg\"]{width:48px}.elementor-widget-image img{vertical-align:middle;display:inline-block}<\/style>\t\t\t\t\t\t\t\t\t\t\t\t<img fetchpriority=\"high\" decoding=\"async\" width=\"1024\" height=\"683\" src=\"https:\/\/www.laclauelite.com\/wp-content\/uploads\/2021\/09\/05-1024x683.jpg\" class=\"attachment-large size-large wp-image-9939\" alt=\"\" srcset=\"https:\/\/www.laclauelite.com\/wp-content\/uploads\/2021\/09\/05-1024x683.jpg 1024w, https:\/\/www.laclauelite.com\/wp-content\/uploads\/2021\/09\/05-300x200.jpg 300w, https:\/\/www.laclauelite.com\/wp-content\/uploads\/2021\/09\/05-768x512.jpg 768w, https:\/\/www.laclauelite.com\/wp-content\/uploads\/2021\/09\/05-1536x1025.jpg 1536w, https:\/\/www.laclauelite.com\/wp-content\/uploads\/2021\/09\/05-900x600.jpg 900w, https:\/\/www.laclauelite.com\/wp-content\/uploads\/2021\/09\/05-496x331.jpg 496w, https:\/\/www.laclauelite.com\/wp-content\/uploads\/2021\/09\/05.jpg 2000w\" sizes=\"(max-width: 1024px) 100vw, 1024px\" \/>\t\t\t\t\t\t\t\t\t\t\t\t\t\t\t<\/div>\n\t\t\t\t<\/div>\n\t\t\t\t\t<\/div>\n\t\t<\/div>\n\t\t\t\t<div class=\"elementor-column elementor-col-33 elementor-inner-column elementor-element elementor-element-dad7426\" data-id=\"dad7426\" data-element_type=\"column\">\n\t\t\t<div class=\"elementor-widget-wrap elementor-element-populated\">\n\t\t\t\t\t\t\t\t<div class=\"elementor-element elementor-element-dd21f40 elementor-widget elementor-widget-heading\" data-id=\"dd21f40\" data-element_type=\"widget\" data-widget_type=\"heading.default\">\n\t\t\t\t<div class=\"elementor-widget-container\">\n\t\t\t<h2 class=\"elementor-heading-title elementor-size-default\">La llave del \u00e9xito<\/h2>\t\t<\/div>\n\t\t\t\t<\/div>\n\t\t\t\t<div class=\"elementor-element elementor-element-557504a elementor-widget elementor-widget-text-editor\" data-id=\"557504a\" data-element_type=\"widget\" data-widget_type=\"text-editor.default\">\n\t\t\t\t<div class=\"elementor-widget-container\">\n\t\t\t<style>\/*! elementor - v3.18.0 - 04-12-2023 *\/\n.elementor-widget-text-editor.elementor-drop-cap-view-stacked .elementor-drop-cap{background-color:#69727d;color:#fff}.elementor-widget-text-editor.elementor-drop-cap-view-framed .elementor-drop-cap{color:#69727d;border:3px solid;background-color:transparent}.elementor-widget-text-editor:not(.elementor-drop-cap-view-default) .elementor-drop-cap{margin-top:8px}.elementor-widget-text-editor:not(.elementor-drop-cap-view-default) .elementor-drop-cap-letter{width:1em;height:1em}.elementor-widget-text-editor .elementor-drop-cap{float:left;text-align:center;line-height:1;font-size:50px}.elementor-widget-text-editor .elementor-drop-cap-letter{display:inline-block}<\/style>\t\t\t\t<p><span style=\"color: #696a6a;\">Sea cual sea su proyecto, tenemos la llave de su \u00e9xito. Tanto si busca un alquiler vacacional en Sitges, como si lo que quiere es sacarle partido a su vivienda, nosotros nos ocuparemos de todo.<\/span><\/p>\t\t\t\t\t\t<\/div>\n\t\t\t\t<\/div>\n\t\t\t\t\t<\/div>\n\t\t<\/div>\n\t\t\t\t<div class=\"elementor-column elementor-col-33 elementor-inner-column elementor-element elementor-element-9f31582\" data-id=\"9f31582\" data-element_type=\"column\">\n\t\t\t<div class=\"elementor-widget-wrap elementor-element-populated\">\n\t\t\t\t\t\t\t\t<div class=\"elementor-element elementor-element-91956cb elementor-widget elementor-widget-image\" data-id=\"91956cb\" data-element_type=\"widget\" data-widget_type=\"image.default\">\n\t\t\t\t<div class=\"elementor-widget-container\">\n\t\t\t\t\t\t\t\t\t\t\t\t\t\t\t<img decoding=\"async\" width=\"1024\" height=\"683\" src=\"https:\/\/www.laclauelite.com\/wp-content\/uploads\/2021\/09\/108-1024x683.jpg\" class=\"attachment-large size-large wp-image-9950\" alt=\"\" srcset=\"https:\/\/www.laclauelite.com\/wp-content\/uploads\/2021\/09\/108-1024x683.jpg 1024w, https:\/\/www.laclauelite.com\/wp-content\/uploads\/2021\/09\/108-300x200.jpg 300w, https:\/\/www.laclauelite.com\/wp-content\/uploads\/2021\/09\/108-768x512.jpg 768w, https:\/\/www.laclauelite.com\/wp-content\/uploads\/2021\/09\/108-1536x1024.jpg 1536w, https:\/\/www.laclauelite.com\/wp-content\/uploads\/2021\/09\/108-900x600.jpg 900w, https:\/\/www.laclauelite.com\/wp-content\/uploads\/2021\/09\/108-496x331.jpg 496w, https:\/\/www.laclauelite.com\/wp-content\/uploads\/2021\/09\/108.jpg 1620w\" sizes=\"(max-width: 1024px) 100vw, 1024px\" \/>\t\t\t\t\t\t\t\t\t\t\t\t\t\t\t<\/div>\n\t\t\t\t<\/div>\n\t\t\t\t\t<\/div>\n\t\t<\/div>\n\t\t\t\t\t\t\t<\/div>\n\t\t<\/section>\n\t\t\t\t<section class=\"elementor-section elementor-inner-section elementor-element elementor-element-106adc3 elementor-section-content-middle elementor-hidden-desktop elementor-hidden-tablet elementor-hidden-mobile elementor-section-boxed elementor-section-height-default elementor-section-height-default elementor-invisible\" data-id=\"106adc3\" data-element_type=\"section\" data-settings=\"{&quot;animation&quot;:&quot;fadeInUp&quot;}\">\n\t\t\t\t\t\t<div class=\"elementor-container elementor-column-gap-no\">\n\t\t\t\t\t<div class=\"elementor-column elementor-col-33 elementor-inner-column elementor-element elementor-element-34eccd6\" data-id=\"34eccd6\" data-element_type=\"column\">\n\t\t\t<div class=\"elementor-widget-wrap elementor-element-populated\">\n\t\t\t\t\t\t\t\t<div class=\"elementor-element elementor-element-2a7e4e1 elementor-widget elementor-widget-heading\" data-id=\"2a7e4e1\" data-element_type=\"widget\" data-widget_type=\"heading.default\">\n\t\t\t\t<div class=\"elementor-widget-container\">\n\t\t\t<h2 class=\"elementor-heading-title elementor-size-default\">Contacto con el mercado<\/h2>\t\t<\/div>\n\t\t\t\t<\/div>\n\t\t\t\t<div class=\"elementor-element elementor-element-6b6238e elementor-widget elementor-widget-text-editor\" data-id=\"6b6238e\" data-element_type=\"widget\" data-widget_type=\"text-editor.default\">\n\t\t\t\t<div class=\"elementor-widget-container\">\n\t\t\t\t\t\t\t<p><strong>Estamos en contacto estrecho con el mercado y con nuestros clientes desde hace m\u00e1s de 30 a\u00f1os.<\/strong><\/p><p style=\"text-align: justify;\"><span style=\"color: #696a6a;\"> Dominamos cualquier oficio relacionado con nuestro \u00e1mbito.<\/span><\/p>\t\t\t\t\t\t<\/div>\n\t\t\t\t<\/div>\n\t\t\t\t\t<\/div>\n\t\t<\/div>\n\t\t\t\t<div class=\"elementor-column elementor-col-33 elementor-inner-column elementor-element elementor-element-4f55301\" data-id=\"4f55301\" data-element_type=\"column\">\n\t\t\t<div class=\"elementor-widget-wrap elementor-element-populated\">\n\t\t\t\t\t\t\t\t<div class=\"elementor-element elementor-element-1ddaa01 elementor-widget elementor-widget-image\" data-id=\"1ddaa01\" data-element_type=\"widget\" data-widget_type=\"image.default\">\n\t\t\t\t<div class=\"elementor-widget-container\">\n\t\t\t\t\t\t\t\t\t\t\t\t\t\t\t<img decoding=\"async\" width=\"758\" height=\"564\" src=\"https:\/\/www.laclauelite.com\/wp-content\/uploads\/2021\/09\/14-1-758x564-1.jpg\" class=\"attachment-large size-large wp-image-9955\" alt=\"\" srcset=\"https:\/\/www.laclauelite.com\/wp-content\/uploads\/2021\/09\/14-1-758x564-1.jpg 758w, https:\/\/www.laclauelite.com\/wp-content\/uploads\/2021\/09\/14-1-758x564-1-300x223.jpg 300w, https:\/\/www.laclauelite.com\/wp-content\/uploads\/2021\/09\/14-1-758x564-1-120x90.jpg 120w, https:\/\/www.laclauelite.com\/wp-content\/uploads\/2021\/09\/14-1-758x564-1-496x369.jpg 496w\" sizes=\"(max-width: 758px) 100vw, 758px\" \/>\t\t\t\t\t\t\t\t\t\t\t\t\t\t\t<\/div>\n\t\t\t\t<\/div>\n\t\t\t\t\t<\/div>\n\t\t<\/div>\n\t\t\t\t<div class=\"elementor-column elementor-col-33 elementor-inner-column elementor-element elementor-element-6a27267\" data-id=\"6a27267\" data-element_type=\"column\">\n\t\t\t<div class=\"elementor-widget-wrap elementor-element-populated\">\n\t\t\t\t\t\t\t\t<div class=\"elementor-element elementor-element-e8031d3 elementor-widget elementor-widget-heading\" data-id=\"e8031d3\" data-element_type=\"widget\" data-widget_type=\"heading.default\">\n\t\t\t\t<div class=\"elementor-widget-container\">\n\t\t\t<h2 class=\"elementor-heading-title elementor-size-default\">\u00bfBusca alquiler vacacional?<\/h2>\t\t<\/div>\n\t\t\t\t<\/div>\n\t\t\t\t<div class=\"elementor-element elementor-element-b62a686 elementor-widget elementor-widget-text-editor\" data-id=\"b62a686\" data-element_type=\"widget\" data-widget_type=\"text-editor.default\">\n\t\t\t\t<div class=\"elementor-widget-container\">\n\t\t\t\t\t\t\t<p><span style=\"color: #696a6a;\"><a title=\"Siguiendo este enlace acceder\u00e1s a la oficina de turismo de Sitges.\" href=\"http:\/\/www.sitgestur.cat\/?l=es\" target=\"_blank\" rel=\"noopener\">Sitges<\/a> tiene una marca tur\u00edstica propia muy bien posicionada, tanto en el mercado nacional como en el internacional, es una regi\u00f3n de bellos paisajes naturales que combina el parque natural del Garraf con una fant\u00e1stica costa.<\/span><\/p>\t\t\t\t\t\t<\/div>\n\t\t\t\t<\/div>\n\t\t\t\t\t<\/div>\n\t\t<\/div>\n\t\t\t\t\t\t\t<\/div>\n\t\t<\/section>\n\t\t\t\t\t<\/div>\n\t\t<\/div>\n\t\t\t\t\t\t\t<\/div>\n\t\t<\/section>\n\t\t\t\t<section class=\"elementor-section elementor-top-section elementor-element elementor-element-73e0e55 elementor-section-content-middle elementor-section-full_width elementor-section-stretched elementor-section-height-default elementor-section-height-default\" data-id=\"73e0e55\" data-element_type=\"section\" data-settings=\"{&quot;background_background&quot;:&quot;classic&quot;,&quot;stretch_section&quot;:&quot;section-stretched&quot;}\">\n\t\t\t\t\t\t<div class=\"elementor-container elementor-column-gap-no\">\n\t\t\t\t\t<div class=\"elementor-column elementor-col-33 elementor-top-column elementor-element elementor-element-d44f439 animated-fast elementor-invisible\" data-id=\"d44f439\" data-element_type=\"column\" data-settings=\"{&quot;background_background&quot;:&quot;classic&quot;,&quot;animation&quot;:&quot;fadeIn&quot;}\">\n\t\t\t<div class=\"elementor-widget-wrap elementor-element-populated\">\n\t\t\t\t\t<div class=\"elementor-background-overlay\"><\/div>\n\t\t\t\t\t\t\t\t<section class=\"elementor-section elementor-inner-section elementor-element elementor-element-416cddc elementor-section-content-middle elementor-section-height-min-height animated-fast elementor-section-boxed elementor-section-height-default elementor-invisible\" data-id=\"416cddc\" data-element_type=\"section\" data-settings=\"{&quot;background_background&quot;:&quot;classic&quot;,&quot;animation_delay&quot;:300,&quot;animation&quot;:&quot;fadeInLeft&quot;}\">\n\t\t\t\t\t\t<div class=\"elementor-container elementor-column-gap-no\">\n\t\t\t\t\t<div class=\"elementor-column elementor-col-100 elementor-inner-column elementor-element elementor-element-9a9c061\" data-id=\"9a9c061\" data-element_type=\"column\">\n\t\t\t<div class=\"elementor-widget-wrap elementor-element-populated\">\n\t\t\t\t\t\t\t\t<div class=\"elementor-element elementor-element-2d598fe elementor-widget elementor-widget-heading\" data-id=\"2d598fe\" data-element_type=\"widget\" data-widget_type=\"heading.default\">\n\t\t\t\t<div class=\"elementor-widget-container\">\n\t\t\t<h3 class=\"elementor-heading-title elementor-size-default\">La clau de l'\u00e8xit<\/h3>\t\t<\/div>\n\t\t\t\t<\/div>\n\t\t\t\t<div class=\"elementor-element elementor-element-a215ce2 elementor-widget elementor-widget-text-editor\" data-id=\"a215ce2\" data-element_type=\"widget\" data-widget_type=\"text-editor.default\">\n\t\t\t\t<div class=\"elementor-widget-container\">\n\t\t\t\t\t\t\tSigui quin sigui el vostre projecte, tenim la clau del seu \u00e8xit. Tant si busca un lloguer de vacances a Sitges, com si el que vol \u00e9s treure partit a casa seva, nosaltres ens ocuparem de tot.<\/span><\/pre>\t\t\t\t\t\t<\/div>\n\t\t\t\t<\/div>\n\t\t\t\t\t<\/div>\n\t\t<\/div>\n\t\t\t\t\t\t\t<\/div>\n\t\t<\/section>\n\t\t\t\t\t<\/div>\n\t\t<\/div>\n\t\t\t\t<div class=\"elementor-column elementor-col-33 elementor-top-column elementor-element elementor-element-affd084 animated-fast elementor-invisible\" data-id=\"affd084\" data-element_type=\"column\" data-settings=\"{&quot;background_background&quot;:&quot;classic&quot;,&quot;animation&quot;:&quot;fadeIn&quot;}\">\n\t\t\t<div class=\"elementor-widget-wrap elementor-element-populated\">\n\t\t\t\t\t<div class=\"elementor-background-overlay\"><\/div>\n\t\t\t\t\t\t\t\t<section class=\"elementor-section elementor-inner-section elementor-element elementor-element-64659ed elementor-section-content-middle elementor-section-height-min-height animated-fast elementor-section-boxed elementor-section-height-default elementor-invisible\" data-id=\"64659ed\" data-element_type=\"section\" data-settings=\"{&quot;background_background&quot;:&quot;classic&quot;,&quot;animation_delay&quot;:300,&quot;animation&quot;:&quot;fadeInLeft&quot;}\">\n\t\t\t\t\t\t<div class=\"elementor-container elementor-column-gap-no\">\n\t\t\t\t\t<div class=\"elementor-column elementor-col-100 elementor-inner-column elementor-element elementor-element-5181013\" data-id=\"5181013\" data-element_type=\"column\">\n\t\t\t<div class=\"elementor-widget-wrap elementor-element-populated\">\n\t\t\t\t\t\t\t\t<div class=\"elementor-element elementor-element-8de7497 elementor-widget elementor-widget-heading\" data-id=\"8de7497\" data-element_type=\"widget\" data-widget_type=\"heading.default\">\n\t\t\t\t<div class=\"elementor-widget-container\">\n\t\t\t<h3 class=\"elementor-heading-title elementor-size-default\">Contacte amb el mercat<\/h3>\t\t<\/div>\n\t\t\t\t<\/div>\n\t\t\t\t<div class=\"elementor-element elementor-element-eb8a646 elementor-widget elementor-widget-text-editor\" data-id=\"eb8a646\" data-element_type=\"widget\" data-widget_type=\"text-editor.default\">\n\t\t\t\t<div class=\"elementor-widget-container\">\n\t\t\t\t\t\t\t<p>Estem en contacte estret amb el mercat i amb els nostres clients des de fa m\u00e9s de 40 anys.<br \/><br \/><br \/><\/p><p>Dominem qualsevol \u00e0mbit relacionat amb el m\u00f3n immobiliari.<\/p>\t\t\t\t\t\t<\/div>\n\t\t\t\t<\/div>\n\t\t\t\t\t<\/div>\n\t\t<\/div>\n\t\t\t\t\t\t\t<\/div>\n\t\t<\/section>\n\t\t\t\t\t<\/div>\n\t\t<\/div>\n\t\t\t\t<div class=\"elementor-column elementor-col-33 elementor-top-column elementor-element elementor-element-7a5d583 animated-fast elementor-invisible\" data-id=\"7a5d583\" data-element_type=\"column\" data-settings=\"{&quot;background_background&quot;:&quot;classic&quot;,&quot;animation&quot;:&quot;fadeIn&quot;}\">\n\t\t\t<div class=\"elementor-widget-wrap elementor-element-populated\">\n\t\t\t\t\t<div class=\"elementor-background-overlay\"><\/div>\n\t\t\t\t\t\t\t\t<section class=\"elementor-section elementor-inner-section elementor-element elementor-element-1990331 elementor-section-content-middle elementor-section-height-min-height animated-fast elementor-section-boxed elementor-section-height-default elementor-invisible\" data-id=\"1990331\" data-element_type=\"section\" data-settings=\"{&quot;background_background&quot;:&quot;classic&quot;,&quot;animation_delay&quot;:300,&quot;animation&quot;:&quot;fadeInLeft&quot;}\">\n\t\t\t\t\t\t<div class=\"elementor-container elementor-column-gap-no\">\n\t\t\t\t\t<div class=\"elementor-column elementor-col-100 elementor-inner-column elementor-element elementor-element-fedfaf3\" data-id=\"fedfaf3\" data-element_type=\"column\">\n\t\t\t<div class=\"elementor-widget-wrap elementor-element-populated\">\n\t\t\t\t\t\t\t\t<div class=\"elementor-element elementor-element-b0fe44a elementor-widget elementor-widget-heading\" data-id=\"b0fe44a\" data-element_type=\"widget\" data-widget_type=\"heading.default\">\n\t\t\t\t<div class=\"elementor-widget-container\">\n\t\t\t<h3 class=\"elementor-heading-title elementor-size-default\">Busca lloguer de vacances?<\/h3>\t\t<\/div>\n\t\t\t\t<\/div>\n\t\t\t\t<div class=\"elementor-element elementor-element-143230b elementor-widget elementor-widget-text-editor\" data-id=\"143230b\" data-element_type=\"widget\" data-widget_type=\"text-editor.default\">\n\t\t\t\t<div class=\"elementor-widget-container\">\n\t\t\t\t\t\t\tSitges t\u00e9 una marca tur\u00edstica pr\u00f2pia molt ben posicionada, tant al mercat nacional com a l&#8217;internacional, \u00e9s una regi\u00f3 de bells paisatges naturals que combina el parc natural del Garraf amb una fant\u00e0stica costa.<\/span><\/pre>\t\t\t\t\t\t<\/div>\n\t\t\t\t<\/div>\n\t\t\t\t\t<\/div>\n\t\t<\/div>\n\t\t\t\t\t\t\t<\/div>\n\t\t<\/section>\n\t\t\t\t\t<\/div>\n\t\t<\/div>\n\t\t\t\t\t\t\t<\/div>\n\t\t<\/section>\n\t\t\t\t<section class=\"elementor-section elementor-top-section elementor-element elementor-element-28d24e4 elementor-section-boxed elementor-section-height-default elementor-section-height-default\" data-id=\"28d24e4\" data-element_type=\"section\">\n\t\t\t\t\t\t<div class=\"elementor-container elementor-column-gap-default\">\n\t\t\t\t\t<div class=\"elementor-column elementor-col-100 elementor-top-column elementor-element elementor-element-dec867d\" data-id=\"dec867d\" data-element_type=\"column\">\n\t\t\t<div class=\"elementor-widget-wrap elementor-element-populated\">\n\t\t\t\t\t\t\t\t<div class=\"elementor-element elementor-element-bb46bc9 animated-slow elementor-invisible elementor-widget elementor-widget-heading\" data-id=\"bb46bc9\" data-element_type=\"widget\" data-settings=\"{&quot;_animation&quot;:&quot;fadeIn&quot;}\" data-widget_type=\"heading.default\">\n\t\t\t\t<div class=\"elementor-widget-container\">\n\t\t\t<h3 class=\"elementor-heading-title elementor-size-large\">Cases<\/h3>\t\t<\/div>\n\t\t\t\t<\/div>\n\t\t\t\t\t<\/div>\n\t\t<\/div>\n\t\t\t\t\t\t\t<\/div>\n\t\t<\/section>\n\t\t\t\t<section class=\"elementor-section elementor-top-section elementor-element elementor-element-f036851 animated-slow elementor-section-boxed elementor-section-height-default elementor-section-height-default elementor-invisible\" data-id=\"f036851\" data-element_type=\"section\" data-settings=\"{&quot;animation&quot;:&quot;fadeIn&quot;,&quot;animation_delay&quot;:0}\">\n\t\t\t\t\t\t<div class=\"elementor-container elementor-column-gap-default\">\n\t\t\t\t\t<div class=\"elementor-column elementor-col-100 elementor-top-column elementor-element elementor-element-653022a\" data-id=\"653022a\" data-element_type=\"column\">\n\t\t\t<div class=\"elementor-widget-wrap elementor-element-populated\">\n\t\t\t\t\t\t\t\t<div class=\"elementor-element elementor-element-37909b4 elementor-widget elementor-widget-houzez_elementor_properties_carousel_v2\" data-id=\"37909b4\" data-element_type=\"widget\" data-widget_type=\"houzez_elementor_properties_carousel_v2.default\">\n\t\t\t\t<div class=\"elementor-widget-container\">\n\t\t\t\r\n\t\t<div class=\"property-carousel-module houzez-carousel-arrows-yeYst houzez-carousel-cols-1 property-carousel-module-v2\">\r\n\r\n\t\t\t<div class=\"property-carousel-buttons-wrap\">\r\n\t\t\t\t\t\t\t\t<button type=\"button\" class=\"slick-prev-js-yeYst slick-prev btn-primary-outlined\">Prev<\/button>\r\n\t\t\t\t<button type=\"button\" class=\"slick-next-js-yeYst slick-next btn-primary-outlined\">Next<\/button>\r\n\t\t\t\t\t\t\t\t\t\t\t<\/div><!-- property-carousel-buttons-wrap -->\r\n\r\n\t\t\t<div class=\"listing-view grid-view\">\r\n\t\t\t\t\r\n\t\t\t\t<div id=\"houzez-properties-carousel-yeYst\" data-token=\"yeYst\" class=\"houzez-properties-carousel-js houzez-all-slider-wrap card-deck\">\r\n\t\t\t\t\t<div class=\"item-listing-wrap hz-item-gallery-js card\" data-hz-id=\"hz-1081986\" data-images=\"[{&quot;image&quot;:&quot;https:\\\/\\\/fotos15.apinmo.com\\\/1045\\\/20965375\\\/61-1.jpg&quot;,&quot;alt&quot;:&quot;Casa de pescadores en el centro de sitges - imagenInmueble0&quot;},{&quot;image&quot;:&quot;https:\\\/\\\/fotos15.apinmo.com\\\/1045\\\/20965375\\\/61-1.jpg&quot;,&quot;alt&quot;:&quot;Casa de pescadores en el centro de sitges - imagenInmueble0&quot;},{&quot;image&quot;:&quot;https:\\\/\\\/fotos15.apinmo.com\\\/1045\\\/20965375\\\/61-2.jpg&quot;,&quot;alt&quot;:&quot;Casa de pescadores en el centro de sitges - imagenInmueble1&quot;},{&quot;image&quot;:&quot;https:\\\/\\\/fotos15.apinmo.com\\\/1045\\\/20965375\\\/61-3.jpg&quot;,&quot;alt&quot;:&quot;Casa de pescadores en el centro de sitges - imagenInmueble2&quot;},{&quot;image&quot;:&quot;https:\\\/\\\/fotos15.apinmo.com\\\/1045\\\/20965375\\\/61-4.jpg&quot;,&quot;alt&quot;:&quot;Casa de pescadores en el centro de sitges - imagenInmueble3&quot;},{&quot;image&quot;:&quot;https:\\\/\\\/fotos15.apinmo.com\\\/1045\\\/20965375\\\/61-5.jpg&quot;,&quot;alt&quot;:&quot;Casa de pescadores en el centro de sitges - imagenInmueble4&quot;},{&quot;image&quot;:&quot;https:\\\/\\\/fotos15.apinmo.com\\\/1045\\\/20965375\\\/61-6.jpg&quot;,&quot;alt&quot;:&quot;Casa de pescadores en el centro de sitges - imagenInmueble5&quot;},{&quot;image&quot;:&quot;https:\\\/\\\/fotos15.apinmo.com\\\/1045\\\/20965375\\\/61-7.jpg&quot;,&quot;alt&quot;:&quot;Casa de pescadores en el centro de sitges - imagenInmueble6&quot;},{&quot;image&quot;:&quot;https:\\\/\\\/fotos15.apinmo.com\\\/1045\\\/20965375\\\/61-8.jpg&quot;,&quot;alt&quot;:&quot;Casa de pescadores en el centro de sitges - imagenInmueble7&quot;},{&quot;image&quot;:&quot;https:\\\/\\\/fotos15.apinmo.com\\\/1045\\\/20965375\\\/61-9.jpg&quot;,&quot;alt&quot;:&quot;Casa de pescadores en el centro de sitges - imagenInmueble8&quot;},{&quot;image&quot;:&quot;https:\\\/\\\/fotos15.apinmo.com\\\/1045\\\/20965375\\\/61-10.jpg&quot;,&quot;alt&quot;:&quot;Casa de pescadores en el centro de sitges - imagenInmueble9&quot;},{&quot;image&quot;:&quot;https:\\\/\\\/fotos15.apinmo.com\\\/1045\\\/20965375\\\/61-11.jpg&quot;,&quot;alt&quot;:&quot;Casa de pescadores en el centro de sitges - imagenInmueble10&quot;},{&quot;image&quot;:&quot;https:\\\/\\\/fotos15.apinmo.com\\\/1045\\\/20965375\\\/61-12.jpg&quot;,&quot;alt&quot;:&quot;Casa de pescadores en el centro de sitges - imagenInmueble11&quot;},{&quot;image&quot;:&quot;https:\\\/\\\/fotos15.apinmo.com\\\/1045\\\/20965375\\\/61-13.jpg&quot;,&quot;alt&quot;:&quot;Casa de pescadores en el centro de sitges - imagenInmueble12&quot;},{&quot;image&quot;:&quot;https:\\\/\\\/fotos15.apinmo.com\\\/1045\\\/20965375\\\/61-14.jpg&quot;,&quot;alt&quot;:&quot;Casa de pescadores en el centro de sitges - imagenInmueble13&quot;},{&quot;image&quot;:&quot;https:\\\/\\\/fotos15.apinmo.com\\\/1045\\\/20965375\\\/61-15.jpg&quot;,&quot;alt&quot;:&quot;Casa de pescadores en el centro de sitges - imagenInmueble14&quot;},{&quot;image&quot;:&quot;https:\\\/\\\/fotos15.apinmo.com\\\/1045\\\/20965375\\\/61-16.jpg&quot;,&quot;alt&quot;:&quot;Casa de pescadores en el centro de sitges - imagenInmueble15&quot;},{&quot;image&quot;:&quot;https:\\\/\\\/fotos15.apinmo.com\\\/1045\\\/20965375\\\/61-17.jpg&quot;,&quot;alt&quot;:&quot;Casa de pescadores en el centro de sitges - imagenInmueble16&quot;},{&quot;image&quot;:&quot;https:\\\/\\\/fotos15.apinmo.com\\\/1045\\\/20965375\\\/61-18.jpg&quot;,&quot;alt&quot;:&quot;Casa de pescadores en el centro de sitges - imagenInmueble17&quot;},{&quot;image&quot;:&quot;https:\\\/\\\/fotos15.apinmo.com\\\/1045\\\/20965375\\\/61-19.jpg&quot;,&quot;alt&quot;:&quot;Casa de pescadores en el centro de sitges - imagenInmueble18&quot;},{&quot;image&quot;:&quot;https:\\\/\\\/fotos15.apinmo.com\\\/1045\\\/20965375\\\/61-20.jpg&quot;,&quot;alt&quot;:&quot;Casa de pescadores en el centro de sitges - imagenInmueble19&quot;},{&quot;image&quot;:&quot;https:\\\/\\\/fotos15.apinmo.com\\\/1045\\\/20965375\\\/61-21.jpg&quot;,&quot;alt&quot;:&quot;Casa de pescadores en el centro de sitges - imagenInmueble20&quot;},{&quot;image&quot;:&quot;https:\\\/\\\/fotos15.apinmo.com\\\/1045\\\/20965375\\\/61-22.jpg&quot;,&quot;alt&quot;:&quot;Casa de pescadores en el centro de sitges - imagenInmueble21&quot;},{&quot;image&quot;:&quot;https:\\\/\\\/fotos15.apinmo.com\\\/1045\\\/20965375\\\/61-23.jpg&quot;,&quot;alt&quot;:&quot;Casa de pescadores en el centro de sitges - imagenInmueble22&quot;},{&quot;image&quot;:&quot;https:\\\/\\\/fotos15.apinmo.com\\\/1045\\\/20965375\\\/61-24.jpg&quot;,&quot;alt&quot;:&quot;Casa de pescadores en el centro de sitges - imagenInmueble23&quot;},{&quot;image&quot;:&quot;https:\\\/\\\/fotos15.apinmo.com\\\/1045\\\/20965375\\\/61-25.jpg&quot;,&quot;alt&quot;:&quot;Casa de pescadores en el centro de sitges - imagenInmueble24&quot;},{&quot;image&quot;:&quot;https:\\\/\\\/fotos15.apinmo.com\\\/1045\\\/20965375\\\/61-26.jpg&quot;,&quot;alt&quot;:&quot;Casa de pescadores en el centro de sitges - imagenInmueble25&quot;},{&quot;image&quot;:&quot;https:\\\/\\\/fotos15.apinmo.com\\\/1045\\\/20965375\\\/61-27.jpg&quot;,&quot;alt&quot;:&quot;Casa de pescadores en el centro de sitges - imagenInmueble26&quot;},{&quot;image&quot;:&quot;https:\\\/\\\/fotos15.apinmo.com\\\/1045\\\/20965375\\\/61-28.jpg&quot;,&quot;alt&quot;:&quot;Casa de pescadores en el centro de sitges - imagenInmueble27&quot;},{&quot;image&quot;:&quot;https:\\\/\\\/fotos15.apinmo.com\\\/1045\\\/20965375\\\/61-29.jpg&quot;,&quot;alt&quot;:&quot;Casa de pescadores en el centro de sitges - imagenInmueble28&quot;},{&quot;image&quot;:&quot;https:\\\/\\\/fotos15.apinmo.com\\\/1045\\\/20965375\\\/61-30.jpg&quot;,&quot;alt&quot;:&quot;Casa de pescadores en el centro de sitges - imagenInmueble29&quot;},{&quot;image&quot;:&quot;https:\\\/\\\/fotos15.apinmo.com\\\/1045\\\/20965375\\\/61-31.jpg&quot;,&quot;alt&quot;:&quot;Casa de pescadores en el centro de sitges - imagenInmueble30&quot;},{&quot;image&quot;:&quot;https:\\\/\\\/fotos15.apinmo.com\\\/1045\\\/20965375\\\/61-32.jpg&quot;,&quot;alt&quot;:&quot;Casa de pescadores en el centro de sitges - imagenInmueble31&quot;},{&quot;image&quot;:&quot;https:\\\/\\\/fotos15.apinmo.com\\\/1045\\\/20965375\\\/61-33.jpg&quot;,&quot;alt&quot;:&quot;Casa de pescadores en el centro de sitges - imagenInmueble32&quot;},{&quot;image&quot;:&quot;https:\\\/\\\/fotos15.apinmo.com\\\/1045\\\/20965375\\\/61-34.jpg&quot;,&quot;alt&quot;:&quot;Casa de pescadores en el centro de sitges - imagenInmueble33&quot;},{&quot;image&quot;:&quot;https:\\\/\\\/fotos15.apinmo.com\\\/1045\\\/20965375\\\/61-35.jpg&quot;,&quot;alt&quot;:&quot;Casa de pescadores en el centro de sitges - imagenInmueble34&quot;},{&quot;image&quot;:&quot;https:\\\/\\\/fotos15.apinmo.com\\\/1045\\\/20965375\\\/61-36.jpg&quot;,&quot;alt&quot;:&quot;Casa de pescadores en el centro de sitges - imagenInmueble35&quot;},{&quot;image&quot;:&quot;https:\\\/\\\/fotos15.apinmo.com\\\/1045\\\/20965375\\\/61-37.jpg&quot;,&quot;alt&quot;:&quot;Casa de pescadores en el centro de sitges - imagenInmueble36&quot;},{&quot;image&quot;:&quot;https:\\\/\\\/fotos15.apinmo.com\\\/1045\\\/20965375\\\/61-38.jpg&quot;,&quot;alt&quot;:&quot;Casa de pescadores en el centro de sitges - imagenInmueble37&quot;},{&quot;image&quot;:&quot;https:\\\/\\\/fotos15.apinmo.com\\\/1045\\\/20965375\\\/61-39.jpg&quot;,&quot;alt&quot;:&quot;Casa de pescadores en el centro de sitges - imagenInmueble38&quot;}]\">\n\t<div class=\"item-wrap item-wrap-v1 item-wrap-no-frame h-100\">\n\t\t<div class=\"d-flex align-items-center h-100\">\n\t\t\t<div class=\"item-header\">\n\t\t\t\t\t\t\t\t<div class=\"labels-wrap labels-right\"> \n\n\t<a href=\"https:\/\/www.laclauelite.com\/ca\/status\/venda\/\" class=\"label-status label status-color-167\">\n\t\t\t\t\tvenda\n\t\t\t\t<\/a>       \n\n<\/div>\n\t\t\t\t<ul class=\"item-price-wrap hide-on-list\">\n\t<li class=\"item-price\">995,000\u20ac<\/li><\/ul>\t\t\t\t<ul class=\"item-tools\">\n\n        <li class=\"item-tool item-preview\">\n        <span class=\"hz-show-lightbox-js\" data-listid=\"1081986\" data-toggle=\"tooltip\" data-placement=\"top\" title=\"Preview\">\n                <i class=\"houzez-icon icon-expand-3\"><\/i>   \n        <\/span><!-- item-tool-favorite -->\n    <\/li><!-- item-tool -->\n        \n        <li class=\"item-tool item-favorite\">\n        <span class=\"add-favorite-js item-tool-favorite\" data-toggle=\"tooltip\" data-placement=\"top\" title=\"Favourite\" data-listid=\"1081986\">\n            <i class=\"houzez-icon icon-love-it \"><\/i> \n        <\/span><!-- item-tool-favorite -->\n    <\/li><!-- item-tool -->\n    \n        <li class=\"item-tool item-compare\">\n        <span class=\"houzez_compare compare-1081986 item-tool-compare show-compare-panel\" data-toggle=\"tooltip\" data-placement=\"top\" title=\"Add to Compare\" data-listing_id=\"1081986\" data-listing_image=\"https:\/\/fotos15.apinmo.com\/1045\/20965375\/61-1.jpg\">\n            <i class=\"houzez-icon icon-add-circle\"><\/i>\n        <\/span><!-- item-tool-compare -->\n    <\/li><!-- item-tool -->\n    <\/ul><!-- item-tools -->\n\t\t\t\t<div class=\"listing-image-wrap\">\n\t<div class=\"listing-thumb\">\n\t\t<a target=_self href=\"https:\/\/www.laclauelite.com\/ca\/property\/casa-de-pescadores-en-el-centro-de-sitges-11086-ca\/\" class=\"listing-featured-thumb hover-effect\">\n\t\t\t                                                                                                                                                                                    <img loading=\"lazy\" decoding=\"async\" width=\"850\" height=\"426\" src=\"https:\/\/fotos15.apinmo.com\/1045\/20965375\/61-1.jpg\" class=\"img-fluid wp-post-image\" alt=\"Casa de pescadores en el centro de sitges - imagenInmueble0\" srcset=\"https:\/\/fotos15.apinmo.com\/1045\/20965375\/61-1.jpg 850w, https:\/\/fotos15.apinmo.com\/1045\/20965375\/61-1.jpg 300w, https:\/\/fotos15.apinmo.com\/1045\/20965375\/61-1.jpg 768w, https:\/\/fotos15.apinmo.com\/1045\/20965375\/61-1s.jpg 150w, https:\/\/fotos15.apinmo.com\/1045\/20965375\/61-1.jpg 536w, https:\/\/fotos15.apinmo.com\/1045\/20965375\/61-1.jpg 770w\" sizes=\"(max-width: 850px) 100vw, 850px\" \/>\t\t<\/a><!-- hover-effect -->\n\t<\/div>\n<\/div>\n\t\t\t\t<div class=\"preview_loader\"><\/div>\n\t\t\t<\/div><!-- item-header -->\t\n\t\t\t<div class=\"item-body flex-grow-1\">\n\t\t\t\t<div class=\"labels-wrap labels-right\"> \n\n\t<a href=\"https:\/\/www.laclauelite.com\/ca\/status\/venda\/\" class=\"label-status label status-color-167\">\n\t\t\t\t\tvenda\n\t\t\t\t<\/a>       \n\n<\/div>\n\t\t\t\t<h2 class=\"item-title\">\n\t<a target=_self href=\"https:\/\/www.laclauelite.com\/ca\/property\/casa-de-pescadores-en-el-centro-de-sitges-11086-ca\/\">Casa de pescadores en el centro de Sitges &#8211; 11086<\/a>\n<\/h2><!-- item-title -->\t\t\t\t<ul class=\"item-price-wrap hide-on-list\">\n\t<li class=\"item-price\">995,000\u20ac<\/li><\/ul>\t\t\t\t<address class=\"item-address\">Sitges,Barcelona,Spain<\/address>\t\t\t\t<ul class=\"item-amenities item-amenities-with-icons\">\n\t<li class=\"h-beds\"><i class=\"houzez-icon icon-hotel-double-bed-1 mr-1\"><\/i><span class=\"item-amenities-text\">Camas:<\/span> <span class=\"hz-figure\">3<\/span><\/li><li class=\"h-baths\"><i class=\"houzez-icon icon-bathroom-shower-1 mr-1\"><\/i><span class=\"item-amenities-text\">Ba\u00f1os:<\/span> <span class=\"hz-figure\">3<\/span><\/li><li class=\"h-area\"><i class=\"houzez-icon icon-ruler-triangle mr-1\"><\/i><span class=\"hz-figure\">160<\/span> <span class=\"hz-figure area_postfix\">m&sup2;<\/span><\/li><li class=\"h-type\"><span>Casas<\/span><\/li><\/ul>\t\t\t\t<a class=\"btn btn-primary btn-item \" target=_self href=\"https:\/\/www.laclauelite.com\/ca\/property\/casa-de-pescadores-en-el-centro-de-sitges-11086-ca\/\">\n\tDetalls<\/a><!-- btn-item -->\n\t\t\t\t<div class=\"item-author\">\n\t<i class=\"houzez-icon icon-single-neutral mr-1\"><\/i>\n\t<a href=\"https:\/\/www.laclauelite.com\/ca\/agent\/fincas-la-clau-elite\/\">Fincas La Clau Elite<\/a> <\/div><!-- item-author -->\n\t\t\t\t<div class=\"item-date\">\n\t<i class=\"houzez-icon icon-attachment mr-1\"><\/i>\n\t1 dia ago<\/div><!-- item-date -->\n\t\t\t<\/div><!-- item-body -->\n\n\t\t\t\t\t\t<div class=\"item-footer clearfix\">\n\t\t\t\t<div class=\"item-author\">\n\t<i class=\"houzez-icon icon-single-neutral mr-1\"><\/i>\n\t<a href=\"https:\/\/www.laclauelite.com\/ca\/agent\/fincas-la-clau-elite\/\">Fincas La Clau Elite<\/a> <\/div><!-- item-author -->\n\t\t\t\t<div class=\"item-date\">\n\t<i class=\"houzez-icon icon-attachment mr-1\"><\/i>\n\t1 dia ago<\/div><!-- item-date -->\n\t\t\t<\/div>\n\t\t\t\t\t<\/div><!-- d-flex -->\n\t<\/div><!-- item-wrap -->\n<\/div><!-- item-listing-wrap --><div class=\"item-listing-wrap hz-item-gallery-js card\" data-hz-id=\"hz-1082123\" data-images=\"[{&quot;image&quot;:&quot;https:\\\/\\\/fotos15.apinmo.com\\\/1045\\\/28359471\\\/20-1.jpg&quot;,&quot;alt&quot;:&quot;Casa pareada en levantina con magnificas vistas al mar y a sitges - imagenInmueble0&quot;},{&quot;image&quot;:&quot;https:\\\/\\\/fotos15.apinmo.com\\\/1045\\\/28359471\\\/20-1.jpg&quot;,&quot;alt&quot;:&quot;Casa pareada en levantina con magnificas vistas al mar y a sitges - imagenInmueble0&quot;},{&quot;image&quot;:&quot;https:\\\/\\\/fotos15.apinmo.com\\\/1045\\\/28359471\\\/20-2.jpg&quot;,&quot;alt&quot;:&quot;Casa pareada en levantina con magnificas vistas al mar y a sitges - imagenInmueble1&quot;},{&quot;image&quot;:&quot;https:\\\/\\\/fotos15.apinmo.com\\\/1045\\\/28359471\\\/20-3.jpg&quot;,&quot;alt&quot;:&quot;Casa pareada en levantina con magnificas vistas al mar y a sitges - imagenInmueble2&quot;},{&quot;image&quot;:&quot;https:\\\/\\\/fotos15.apinmo.com\\\/1045\\\/28359471\\\/20-4.jpg&quot;,&quot;alt&quot;:&quot;Casa pareada en levantina con magnificas vistas al mar y a sitges - imagenInmueble3&quot;},{&quot;image&quot;:&quot;https:\\\/\\\/fotos15.apinmo.com\\\/1045\\\/28359471\\\/20-5.jpg&quot;,&quot;alt&quot;:&quot;Casa pareada en levantina con magnificas vistas al mar y a sitges - imagenInmueble4&quot;},{&quot;image&quot;:&quot;https:\\\/\\\/fotos15.apinmo.com\\\/1045\\\/28359471\\\/20-6.jpg&quot;,&quot;alt&quot;:&quot;Casa pareada en levantina con magnificas vistas al mar y a sitges - imagenInmueble5&quot;},{&quot;image&quot;:&quot;https:\\\/\\\/fotos15.apinmo.com\\\/1045\\\/28359471\\\/20-7.jpg&quot;,&quot;alt&quot;:&quot;Casa pareada en levantina con magnificas vistas al mar y a sitges - imagenInmueble6&quot;},{&quot;image&quot;:&quot;https:\\\/\\\/fotos15.apinmo.com\\\/1045\\\/28359471\\\/20-8.jpg&quot;,&quot;alt&quot;:&quot;Casa pareada en levantina con magnificas vistas al mar y a sitges - imagenInmueble7&quot;},{&quot;image&quot;:&quot;https:\\\/\\\/fotos15.apinmo.com\\\/1045\\\/28359471\\\/20-9.jpg&quot;,&quot;alt&quot;:&quot;Casa pareada en levantina con magnificas vistas al mar y a sitges - imagenInmueble8&quot;},{&quot;image&quot;:&quot;https:\\\/\\\/fotos15.apinmo.com\\\/1045\\\/28359471\\\/20-10.jpg&quot;,&quot;alt&quot;:&quot;Casa pareada en levantina con magnificas vistas al mar y a sitges - imagenInmueble9&quot;},{&quot;image&quot;:&quot;https:\\\/\\\/fotos15.apinmo.com\\\/1045\\\/28359471\\\/20-11.jpg&quot;,&quot;alt&quot;:&quot;Casa pareada en levantina con magnificas vistas al mar y a sitges - imagenInmueble10&quot;},{&quot;image&quot;:&quot;https:\\\/\\\/fotos15.apinmo.com\\\/1045\\\/28359471\\\/20-12.jpg&quot;,&quot;alt&quot;:&quot;Casa pareada en levantina con magnificas vistas al mar y a sitges - imagenInmueble11&quot;},{&quot;image&quot;:&quot;https:\\\/\\\/fotos15.apinmo.com\\\/1045\\\/28359471\\\/20-13.jpg&quot;,&quot;alt&quot;:&quot;Casa pareada en levantina con magnificas vistas al mar y a sitges - imagenInmueble12&quot;},{&quot;image&quot;:&quot;https:\\\/\\\/fotos15.apinmo.com\\\/1045\\\/28359471\\\/20-14.jpg&quot;,&quot;alt&quot;:&quot;Casa pareada en levantina con magnificas vistas al mar y a sitges - imagenInmueble13&quot;},{&quot;image&quot;:&quot;https:\\\/\\\/fotos15.apinmo.com\\\/1045\\\/28359471\\\/20-15.jpg&quot;,&quot;alt&quot;:&quot;Casa pareada en levantina con magnificas vistas al mar y a sitges - imagenInmueble14&quot;},{&quot;image&quot;:&quot;https:\\\/\\\/fotos15.apinmo.com\\\/1045\\\/28359471\\\/20-16.jpg&quot;,&quot;alt&quot;:&quot;Casa pareada en levantina con magnificas vistas al mar y a sitges - imagenInmueble15&quot;},{&quot;image&quot;:&quot;https:\\\/\\\/fotos15.apinmo.com\\\/1045\\\/28359471\\\/20-17.jpg&quot;,&quot;alt&quot;:&quot;Casa pareada en levantina con magnificas vistas al mar y a sitges - imagenInmueble16&quot;},{&quot;image&quot;:&quot;https:\\\/\\\/fotos15.apinmo.com\\\/1045\\\/28359471\\\/20-18.jpg&quot;,&quot;alt&quot;:&quot;Casa pareada en levantina con magnificas vistas al mar y a sitges - imagenInmueble17&quot;},{&quot;image&quot;:&quot;https:\\\/\\\/fotos15.apinmo.com\\\/1045\\\/28359471\\\/20-19.jpg&quot;,&quot;alt&quot;:&quot;Casa pareada en levantina con magnificas vistas al mar y a sitges - imagenInmueble18&quot;},{&quot;image&quot;:&quot;https:\\\/\\\/fotos15.apinmo.com\\\/1045\\\/28359471\\\/20-20.jpg&quot;,&quot;alt&quot;:&quot;Casa pareada en levantina con magnificas vistas al mar y a sitges - imagenInmueble19&quot;},{&quot;image&quot;:&quot;https:\\\/\\\/fotos15.apinmo.com\\\/1045\\\/28359471\\\/20-21.jpg&quot;,&quot;alt&quot;:&quot;Casa pareada en levantina con magnificas vistas al mar y a sitges - imagenInmueble20&quot;},{&quot;image&quot;:&quot;https:\\\/\\\/fotos15.apinmo.com\\\/1045\\\/28359471\\\/20-22.jpg&quot;,&quot;alt&quot;:&quot;Casa pareada en levantina con magnificas vistas al mar y a sitges - imagenInmueble21&quot;},{&quot;image&quot;:&quot;https:\\\/\\\/fotos15.apinmo.com\\\/1045\\\/28359471\\\/20-23.jpg&quot;,&quot;alt&quot;:&quot;Casa pareada en levantina con magnificas vistas al mar y a sitges - imagenInmueble22&quot;},{&quot;image&quot;:&quot;https:\\\/\\\/fotos15.apinmo.com\\\/1045\\\/28359471\\\/20-24.jpg&quot;,&quot;alt&quot;:&quot;Casa pareada en levantina con magnificas vistas al mar y a sitges - imagenInmueble23&quot;},{&quot;image&quot;:&quot;https:\\\/\\\/fotos15.apinmo.com\\\/1045\\\/28359471\\\/20-25.jpg&quot;,&quot;alt&quot;:&quot;Casa pareada en levantina con magnificas vistas al mar y a sitges - imagenInmueble24&quot;},{&quot;image&quot;:&quot;https:\\\/\\\/fotos15.apinmo.com\\\/1045\\\/28359471\\\/20-26.jpg&quot;,&quot;alt&quot;:&quot;Casa pareada en levantina con magnificas vistas al mar y a sitges - imagenInmueble25&quot;},{&quot;image&quot;:&quot;https:\\\/\\\/fotos15.apinmo.com\\\/1045\\\/28359471\\\/20-27.jpg&quot;,&quot;alt&quot;:&quot;Casa pareada en levantina con magnificas vistas al mar y a sitges - imagenInmueble26&quot;},{&quot;image&quot;:&quot;https:\\\/\\\/fotos15.apinmo.com\\\/1045\\\/28359471\\\/20-28.jpg&quot;,&quot;alt&quot;:&quot;Casa pareada en levantina con magnificas vistas al mar y a sitges - imagenInmueble27&quot;},{&quot;image&quot;:&quot;https:\\\/\\\/fotos15.apinmo.com\\\/1045\\\/28359471\\\/20-29.jpg&quot;,&quot;alt&quot;:&quot;Casa pareada en levantina con magnificas vistas al mar y a sitges - imagenInmueble28&quot;},{&quot;image&quot;:&quot;https:\\\/\\\/fotos15.apinmo.com\\\/1045\\\/28359471\\\/20-30.jpg&quot;,&quot;alt&quot;:&quot;Casa pareada en levantina con magnificas vistas al mar y a sitges - imagenInmueble29&quot;},{&quot;image&quot;:&quot;https:\\\/\\\/fotos15.apinmo.com\\\/1045\\\/28359471\\\/20-31.jpg&quot;,&quot;alt&quot;:&quot;Casa pareada en levantina con magnificas vistas al mar y a sitges - imagenInmueble30&quot;},{&quot;image&quot;:&quot;https:\\\/\\\/fotos15.apinmo.com\\\/1045\\\/28359471\\\/20-32.jpg&quot;,&quot;alt&quot;:&quot;Casa pareada en levantina con magnificas vistas al mar y a sitges - imagenInmueble31&quot;},{&quot;image&quot;:&quot;https:\\\/\\\/fotos15.apinmo.com\\\/1045\\\/28359471\\\/20-33.jpg&quot;,&quot;alt&quot;:&quot;Casa pareada en levantina con magnificas vistas al mar y a sitges - imagenInmueble32&quot;},{&quot;image&quot;:&quot;https:\\\/\\\/fotos15.apinmo.com\\\/1045\\\/28359471\\\/20-34.jpg&quot;,&quot;alt&quot;:&quot;Casa pareada en levantina con magnificas vistas al mar y a sitges - imagenInmueble33&quot;},{&quot;image&quot;:&quot;https:\\\/\\\/fotos15.apinmo.com\\\/1045\\\/28359471\\\/20-35.jpg&quot;,&quot;alt&quot;:&quot;Casa pareada en levantina con magnificas vistas al mar y a sitges - imagenInmueble34&quot;},{&quot;image&quot;:&quot;https:\\\/\\\/fotos15.apinmo.com\\\/1045\\\/28359471\\\/20-36.jpg&quot;,&quot;alt&quot;:&quot;Casa pareada en levantina con magnificas vistas al mar y a sitges - imagenInmueble35&quot;},{&quot;image&quot;:&quot;https:\\\/\\\/fotos15.apinmo.com\\\/1045\\\/28359471\\\/20-37.jpg&quot;,&quot;alt&quot;:&quot;Casa pareada en levantina con magnificas vistas al mar y a sitges - imagenInmueble36&quot;},{&quot;image&quot;:&quot;https:\\\/\\\/fotos15.apinmo.com\\\/1045\\\/28359471\\\/20-38.jpg&quot;,&quot;alt&quot;:&quot;Casa pareada en levantina con magnificas vistas al mar y a sitges - imagenInmueble37&quot;},{&quot;image&quot;:&quot;https:\\\/\\\/fotos15.apinmo.com\\\/1045\\\/28359471\\\/20-39.jpg&quot;,&quot;alt&quot;:&quot;Casa pareada en levantina con magnificas vistas al mar y a sitges - imagenInmueble38&quot;},{&quot;image&quot;:&quot;https:\\\/\\\/fotos15.apinmo.com\\\/1045\\\/28359471\\\/20-40.jpg&quot;,&quot;alt&quot;:&quot;Casa pareada en levantina con magnificas vistas al mar y a sitges - imagenInmueble39&quot;},{&quot;image&quot;:&quot;https:\\\/\\\/fotos15.apinmo.com\\\/1045\\\/28359471\\\/20-41.jpg&quot;,&quot;alt&quot;:&quot;Casa pareada en levantina con magnificas vistas al mar y a sitges - imagenInmueble40&quot;},{&quot;image&quot;:&quot;https:\\\/\\\/fotos15.apinmo.com\\\/1045\\\/28359471\\\/20-42.jpg&quot;,&quot;alt&quot;:&quot;Casa pareada en levantina con magnificas vistas al mar y a sitges - imagenInmueble41&quot;},{&quot;image&quot;:&quot;https:\\\/\\\/fotos15.apinmo.com\\\/1045\\\/28359471\\\/20-43.jpg&quot;,&quot;alt&quot;:&quot;Casa pareada en levantina con magnificas vistas al mar y a sitges - imagenInmueble42&quot;},{&quot;image&quot;:&quot;https:\\\/\\\/fotos15.apinmo.com\\\/1045\\\/28359471\\\/20-44.jpg&quot;,&quot;alt&quot;:&quot;Casa pareada en levantina con magnificas vistas al mar y a sitges - imagenInmueble43&quot;},{&quot;image&quot;:&quot;https:\\\/\\\/fotos15.apinmo.com\\\/1045\\\/28359471\\\/20-45.jpg&quot;,&quot;alt&quot;:&quot;Casa pareada en levantina con magnificas vistas al mar y a sitges - imagenInmueble44&quot;},{&quot;image&quot;:&quot;https:\\\/\\\/fotos15.apinmo.com\\\/1045\\\/28359471\\\/20-46.jpg&quot;,&quot;alt&quot;:&quot;Casa pareada en levantina con magnificas vistas al mar y a sitges - imagenInmueble45&quot;},{&quot;image&quot;:&quot;https:\\\/\\\/fotos15.apinmo.com\\\/1045\\\/28359471\\\/20-47.jpg&quot;,&quot;alt&quot;:&quot;Casa pareada en levantina con magnificas vistas al mar y a sitges - imagenInmueble46&quot;},{&quot;image&quot;:&quot;https:\\\/\\\/fotos15.apinmo.com\\\/1045\\\/28359471\\\/20-48.jpg&quot;,&quot;alt&quot;:&quot;Casa pareada en levantina con magnificas vistas al mar y a sitges - imagenInmueble47&quot;},{&quot;image&quot;:&quot;https:\\\/\\\/fotos15.apinmo.com\\\/1045\\\/28359471\\\/20-49.jpg&quot;,&quot;alt&quot;:&quot;Casa pareada en levantina con magnificas vistas al mar y a sitges - imagenInmueble48&quot;}]\">\n\t<div class=\"item-wrap item-wrap-v1 item-wrap-no-frame h-100\">\n\t\t<div class=\"d-flex align-items-center h-100\">\n\t\t\t<div class=\"item-header\">\n\t\t\t\t\t\t\t\t<div class=\"labels-wrap labels-right\"> \n\n\t<a href=\"https:\/\/www.laclauelite.com\/ca\/status\/venda\/\" class=\"label-status label status-color-167\">\n\t\t\t\t\tvenda\n\t\t\t\t<\/a>       \n\n<\/div>\n\t\t\t\t<ul class=\"item-price-wrap hide-on-list\">\n\t<li class=\"item-price\">740,000\u20ac<\/li><\/ul>\t\t\t\t<ul class=\"item-tools\">\n\n        <li class=\"item-tool item-preview\">\n        <span class=\"hz-show-lightbox-js\" data-listid=\"1082123\" data-toggle=\"tooltip\" data-placement=\"top\" title=\"Preview\">\n                <i class=\"houzez-icon icon-expand-3\"><\/i>   \n        <\/span><!-- item-tool-favorite -->\n    <\/li><!-- item-tool -->\n        \n        <li class=\"item-tool item-favorite\">\n        <span class=\"add-favorite-js item-tool-favorite\" data-toggle=\"tooltip\" data-placement=\"top\" title=\"Favourite\" data-listid=\"1082123\">\n            <i class=\"houzez-icon icon-love-it \"><\/i> \n        <\/span><!-- item-tool-favorite -->\n    <\/li><!-- item-tool -->\n    \n        <li class=\"item-tool item-compare\">\n        <span class=\"houzez_compare compare-1082123 item-tool-compare show-compare-panel\" data-toggle=\"tooltip\" data-placement=\"top\" title=\"Add to Compare\" data-listing_id=\"1082123\" data-listing_image=\"https:\/\/fotos15.apinmo.com\/1045\/28359471\/20-1.jpg\">\n            <i class=\"houzez-icon icon-add-circle\"><\/i>\n        <\/span><!-- item-tool-compare -->\n    <\/li><!-- item-tool -->\n    <\/ul><!-- item-tools -->\n\t\t\t\t<div class=\"listing-image-wrap\">\n\t<div class=\"listing-thumb\">\n\t\t<a target=_self href=\"https:\/\/www.laclauelite.com\/ca\/property\/casa-pareada-en-levantina-con-magnificas-vistas-al-mar-y-a-sitges-11409-ca\/\" class=\"listing-featured-thumb hover-effect\">\n\t\t\t                                                                                                                                                                                    <img loading=\"lazy\" decoding=\"async\" width=\"850\" height=\"426\" src=\"https:\/\/fotos15.apinmo.com\/1045\/28359471\/20-1.jpg\" class=\"img-fluid wp-post-image\" alt=\"Casa pareada en levantina con magnificas vistas al mar y a sitges - imagenInmueble0\" srcset=\"https:\/\/fotos15.apinmo.com\/1045\/28359471\/20-1.jpg 850w, https:\/\/fotos15.apinmo.com\/1045\/28359471\/20-1.jpg 300w, https:\/\/fotos15.apinmo.com\/1045\/28359471\/20-1.jpg 768w, https:\/\/fotos15.apinmo.com\/1045\/28359471\/20-1s.jpg 150w, https:\/\/fotos15.apinmo.com\/1045\/28359471\/20-1.jpg 536w, https:\/\/fotos15.apinmo.com\/1045\/28359471\/20-1.jpg 770w\" sizes=\"(max-width: 850px) 100vw, 850px\" \/>\t\t<\/a><!-- hover-effect -->\n\t<\/div>\n<\/div>\n\t\t\t\t<div class=\"preview_loader\"><\/div>\n\t\t\t<\/div><!-- item-header -->\t\n\t\t\t<div class=\"item-body flex-grow-1\">\n\t\t\t\t<div class=\"labels-wrap labels-right\"> \n\n\t<a href=\"https:\/\/www.laclauelite.com\/ca\/status\/venda\/\" class=\"label-status label status-color-167\">\n\t\t\t\t\tvenda\n\t\t\t\t<\/a>       \n\n<\/div>\n\t\t\t\t<h2 class=\"item-title\">\n\t<a target=_self href=\"https:\/\/www.laclauelite.com\/ca\/property\/casa-pareada-en-levantina-con-magnificas-vistas-al-mar-y-a-sitges-11409-ca\/\">Casa pareada en Levantina con magnificas vistas al mar y a Sitges &#8211; 11409<\/a>\n<\/h2><!-- item-title -->\t\t\t\t<ul class=\"item-price-wrap hide-on-list\">\n\t<li class=\"item-price\">740,000\u20ac<\/li><\/ul>\t\t\t\t<address class=\"item-address\">Sitges,Barcelona,Spain<\/address>\t\t\t\t<ul class=\"item-amenities item-amenities-with-icons\">\n\t<li class=\"h-beds\"><i class=\"houzez-icon icon-hotel-double-bed-1 mr-1\"><\/i><span class=\"item-amenities-text\">Camas:<\/span> <span class=\"hz-figure\">4<\/span><\/li><li class=\"h-baths\"><i class=\"houzez-icon icon-bathroom-shower-1 mr-1\"><\/i><span class=\"item-amenities-text\">Ba\u00f1os:<\/span> <span class=\"hz-figure\">2<\/span><\/li><li class=\"h-area\"><i class=\"houzez-icon icon-ruler-triangle mr-1\"><\/i><span class=\"hz-figure\">201<\/span> <span class=\"hz-figure area_postfix\">m&sup2;<\/span><\/li><li class=\"h-type\"><span>adossat<\/span><\/li><\/ul>\t\t\t\t<a class=\"btn btn-primary btn-item \" target=_self href=\"https:\/\/www.laclauelite.com\/ca\/property\/casa-pareada-en-levantina-con-magnificas-vistas-al-mar-y-a-sitges-11409-ca\/\">\n\tDetalls<\/a><!-- btn-item -->\n\t\t\t\t<div class=\"item-author\">\n\t<i class=\"houzez-icon icon-single-neutral mr-1\"><\/i>\n\t<a href=\"https:\/\/www.laclauelite.com\/ca\/agent\/fincas-la-clau-elite\/\">Fincas La Clau Elite<\/a> <\/div><!-- item-author -->\n\t\t\t\t<div class=\"item-date\">\n\t<i class=\"houzez-icon icon-attachment mr-1\"><\/i>\n\t3 setmanes ago<\/div><!-- item-date -->\n\t\t\t<\/div><!-- item-body -->\n\n\t\t\t\t\t\t<div class=\"item-footer clearfix\">\n\t\t\t\t<div class=\"item-author\">\n\t<i class=\"houzez-icon icon-single-neutral mr-1\"><\/i>\n\t<a href=\"https:\/\/www.laclauelite.com\/ca\/agent\/fincas-la-clau-elite\/\">Fincas La Clau Elite<\/a> <\/div><!-- item-author -->\n\t\t\t\t<div class=\"item-date\">\n\t<i class=\"houzez-icon icon-attachment mr-1\"><\/i>\n\t3 setmanes ago<\/div><!-- item-date -->\n\t\t\t<\/div>\n\t\t\t\t\t<\/div><!-- d-flex -->\n\t<\/div><!-- item-wrap -->\n<\/div><!-- item-listing-wrap --><div class=\"item-listing-wrap hz-item-gallery-js card\" data-hz-id=\"hz-1082066\" data-images=\"[{&quot;image&quot;:&quot;https:\\\/\\\/fotos15.apinmo.com\\\/1045\\\/28355869\\\/12-1.jpg&quot;,&quot;alt&quot;:&quot;Fabulosa casa adosada en la zona de els ametllets, a solo unos minutos del centro. - imagenInmueble0&quot;},{&quot;image&quot;:&quot;https:\\\/\\\/fotos15.apinmo.com\\\/1045\\\/28355869\\\/12-1.jpg&quot;,&quot;alt&quot;:&quot;Fabulosa casa adosada en la zona de els ametllets, a solo unos minutos del centro. - imagenInmueble0&quot;},{&quot;image&quot;:&quot;https:\\\/\\\/fotos15.apinmo.com\\\/1045\\\/28355869\\\/12-2.jpg&quot;,&quot;alt&quot;:&quot;Fabulosa casa adosada en la zona de els ametllets, a solo unos minutos del centro. - imagenInmueble1&quot;},{&quot;image&quot;:&quot;https:\\\/\\\/fotos15.apinmo.com\\\/1045\\\/28355869\\\/12-3.jpg&quot;,&quot;alt&quot;:&quot;Fabulosa casa adosada en la zona de els ametllets, a solo unos minutos del centro. - imagenInmueble2&quot;},{&quot;image&quot;:&quot;https:\\\/\\\/fotos15.apinmo.com\\\/1045\\\/28355869\\\/12-4.jpg&quot;,&quot;alt&quot;:&quot;Fabulosa casa adosada en la zona de els ametllets, a solo unos minutos del centro. - imagenInmueble3&quot;},{&quot;image&quot;:&quot;https:\\\/\\\/fotos15.apinmo.com\\\/1045\\\/28355869\\\/12-5.jpg&quot;,&quot;alt&quot;:&quot;Fabulosa casa adosada en la zona de els ametllets, a solo unos minutos del centro. - imagenInmueble4&quot;},{&quot;image&quot;:&quot;https:\\\/\\\/fotos15.apinmo.com\\\/1045\\\/28355869\\\/12-6.jpg&quot;,&quot;alt&quot;:&quot;Fabulosa casa adosada en la zona de els ametllets, a solo unos minutos del centro. - imagenInmueble5&quot;},{&quot;image&quot;:&quot;https:\\\/\\\/fotos15.apinmo.com\\\/1045\\\/28355869\\\/12-7.jpg&quot;,&quot;alt&quot;:&quot;Fabulosa casa adosada en la zona de els ametllets, a solo unos minutos del centro. - imagenInmueble6&quot;},{&quot;image&quot;:&quot;https:\\\/\\\/fotos15.apinmo.com\\\/1045\\\/28355869\\\/12-8.jpg&quot;,&quot;alt&quot;:&quot;Fabulosa casa adosada en la zona de els ametllets, a solo unos minutos del centro. - imagenInmueble7&quot;},{&quot;image&quot;:&quot;https:\\\/\\\/fotos15.apinmo.com\\\/1045\\\/28355869\\\/12-9.jpg&quot;,&quot;alt&quot;:&quot;Fabulosa casa adosada en la zona de els ametllets, a solo unos minutos del centro. - imagenInmueble8&quot;},{&quot;image&quot;:&quot;https:\\\/\\\/fotos15.apinmo.com\\\/1045\\\/28355869\\\/12-10.jpg&quot;,&quot;alt&quot;:&quot;Fabulosa casa adosada en la zona de els ametllets, a solo unos minutos del centro. - imagenInmueble9&quot;},{&quot;image&quot;:&quot;https:\\\/\\\/fotos15.apinmo.com\\\/1045\\\/28355869\\\/12-11.jpg&quot;,&quot;alt&quot;:&quot;Fabulosa casa adosada en la zona de els ametllets, a solo unos minutos del centro. - imagenInmueble10&quot;},{&quot;image&quot;:&quot;https:\\\/\\\/fotos15.apinmo.com\\\/1045\\\/28355869\\\/12-12.jpg&quot;,&quot;alt&quot;:&quot;Fabulosa casa adosada en la zona de els ametllets, a solo unos minutos del centro. - imagenInmueble11&quot;},{&quot;image&quot;:&quot;https:\\\/\\\/fotos15.apinmo.com\\\/1045\\\/28355869\\\/12-13.jpg&quot;,&quot;alt&quot;:&quot;Fabulosa casa adosada en la zona de els ametllets, a solo unos minutos del centro. - imagenInmueble12&quot;},{&quot;image&quot;:&quot;https:\\\/\\\/fotos15.apinmo.com\\\/1045\\\/28355869\\\/12-14.jpg&quot;,&quot;alt&quot;:&quot;Fabulosa casa adosada en la zona de els ametllets, a solo unos minutos del centro. - imagenInmueble13&quot;},{&quot;image&quot;:&quot;https:\\\/\\\/fotos15.apinmo.com\\\/1045\\\/28355869\\\/12-15.jpg&quot;,&quot;alt&quot;:&quot;Fabulosa casa adosada en la zona de els ametllets, a solo unos minutos del centro. - imagenInmueble14&quot;},{&quot;image&quot;:&quot;https:\\\/\\\/fotos15.apinmo.com\\\/1045\\\/28355869\\\/12-16.jpg&quot;,&quot;alt&quot;:&quot;Fabulosa casa adosada en la zona de els ametllets, a solo unos minutos del centro. - imagenInmueble15&quot;},{&quot;image&quot;:&quot;https:\\\/\\\/fotos15.apinmo.com\\\/1045\\\/28355869\\\/12-17.jpg&quot;,&quot;alt&quot;:&quot;Fabulosa casa adosada en la zona de els ametllets, a solo unos minutos del centro. - imagenInmueble16&quot;},{&quot;image&quot;:&quot;https:\\\/\\\/fotos15.apinmo.com\\\/1045\\\/28355869\\\/12-18.jpg&quot;,&quot;alt&quot;:&quot;Fabulosa casa adosada en la zona de els ametllets, a solo unos minutos del centro. - imagenInmueble17&quot;},{&quot;image&quot;:&quot;https:\\\/\\\/fotos15.apinmo.com\\\/1045\\\/28355869\\\/12-19.jpg&quot;,&quot;alt&quot;:&quot;Fabulosa casa adosada en la zona de els ametllets, a solo unos minutos del centro. - imagenInmueble18&quot;},{&quot;image&quot;:&quot;https:\\\/\\\/fotos15.apinmo.com\\\/1045\\\/28355869\\\/12-20.jpg&quot;,&quot;alt&quot;:&quot;Fabulosa casa adosada en la zona de els ametllets, a solo unos minutos del centro. - imagenInmueble19&quot;},{&quot;image&quot;:&quot;https:\\\/\\\/fotos15.apinmo.com\\\/1045\\\/28355869\\\/12-21.jpg&quot;,&quot;alt&quot;:&quot;Fabulosa casa adosada en la zona de els ametllets, a solo unos minutos del centro. - imagenInmueble20&quot;},{&quot;image&quot;:&quot;https:\\\/\\\/fotos15.apinmo.com\\\/1045\\\/28355869\\\/12-22.jpg&quot;,&quot;alt&quot;:&quot;Fabulosa casa adosada en la zona de els ametllets, a solo unos minutos del centro. - imagenInmueble21&quot;},{&quot;image&quot;:&quot;https:\\\/\\\/fotos15.apinmo.com\\\/1045\\\/28355869\\\/12-23.jpg&quot;,&quot;alt&quot;:&quot;Fabulosa casa adosada en la zona de els ametllets, a solo unos minutos del centro. - imagenInmueble22&quot;},{&quot;image&quot;:&quot;https:\\\/\\\/fotos15.apinmo.com\\\/1045\\\/28355869\\\/12-24.jpg&quot;,&quot;alt&quot;:&quot;Fabulosa casa adosada en la zona de els ametllets, a solo unos minutos del centro. - imagenInmueble23&quot;},{&quot;image&quot;:&quot;https:\\\/\\\/fotos15.apinmo.com\\\/1045\\\/28355869\\\/12-25.jpg&quot;,&quot;alt&quot;:&quot;Fabulosa casa adosada en la zona de els ametllets, a solo unos minutos del centro. - imagenInmueble24&quot;},{&quot;image&quot;:&quot;https:\\\/\\\/fotos15.apinmo.com\\\/1045\\\/28355869\\\/12-26.jpg&quot;,&quot;alt&quot;:&quot;Fabulosa casa adosada en la zona de els ametllets, a solo unos minutos del centro. - imagenInmueble25&quot;},{&quot;image&quot;:&quot;https:\\\/\\\/fotos15.apinmo.com\\\/1045\\\/28355869\\\/12-27.jpg&quot;,&quot;alt&quot;:&quot;Fabulosa casa adosada en la zona de els ametllets, a solo unos minutos del centro. - imagenInmueble26&quot;},{&quot;image&quot;:&quot;https:\\\/\\\/fotos15.apinmo.com\\\/1045\\\/28355869\\\/12-28.jpg&quot;,&quot;alt&quot;:&quot;Fabulosa casa adosada en la zona de els ametllets, a solo unos minutos del centro. - imagenInmueble27&quot;},{&quot;image&quot;:&quot;https:\\\/\\\/fotos15.apinmo.com\\\/1045\\\/28355869\\\/12-29.jpg&quot;,&quot;alt&quot;:&quot;Fabulosa casa adosada en la zona de els ametllets, a solo unos minutos del centro. - imagenInmueble28&quot;},{&quot;image&quot;:&quot;https:\\\/\\\/fotos15.apinmo.com\\\/1045\\\/28355869\\\/12-30.jpg&quot;,&quot;alt&quot;:&quot;Fabulosa casa adosada en la zona de els ametllets, a solo unos minutos del centro. - imagenInmueble29&quot;},{&quot;image&quot;:&quot;https:\\\/\\\/fotos15.apinmo.com\\\/1045\\\/28355869\\\/12-31.jpg&quot;,&quot;alt&quot;:&quot;Fabulosa casa adosada en la zona de els ametllets, a solo unos minutos del centro. - imagenInmueble30&quot;},{&quot;image&quot;:&quot;https:\\\/\\\/fotos15.apinmo.com\\\/1045\\\/28355869\\\/12-32.jpg&quot;,&quot;alt&quot;:&quot;Fabulosa casa adosada en la zona de els ametllets, a solo unos minutos del centro. - imagenInmueble31&quot;},{&quot;image&quot;:&quot;https:\\\/\\\/fotos15.apinmo.com\\\/1045\\\/28355869\\\/12-33.jpg&quot;,&quot;alt&quot;:&quot;Fabulosa casa adosada en la zona de els ametllets, a solo unos minutos del centro. - imagenInmueble32&quot;},{&quot;image&quot;:&quot;https:\\\/\\\/fotos15.apinmo.com\\\/1045\\\/28355869\\\/12-34.jpg&quot;,&quot;alt&quot;:&quot;Fabulosa casa adosada en la zona de els ametllets, a solo unos minutos del centro. - imagenInmueble33&quot;},{&quot;image&quot;:&quot;https:\\\/\\\/fotos15.apinmo.com\\\/1045\\\/28355869\\\/12-35.jpg&quot;,&quot;alt&quot;:&quot;Fabulosa casa adosada en la zona de els ametllets, a solo unos minutos del centro. - imagenInmueble34&quot;},{&quot;image&quot;:&quot;https:\\\/\\\/fotos15.apinmo.com\\\/1045\\\/28355869\\\/12-36.jpg&quot;,&quot;alt&quot;:&quot;Fabulosa casa adosada en la zona de els ametllets, a solo unos minutos del centro. - imagenInmueble35&quot;},{&quot;image&quot;:&quot;https:\\\/\\\/fotos15.apinmo.com\\\/1045\\\/28355869\\\/12-37.jpg&quot;,&quot;alt&quot;:&quot;Fabulosa casa adosada en la zona de els ametllets, a solo unos minutos del centro. - imagenInmueble36&quot;},{&quot;image&quot;:&quot;https:\\\/\\\/fotos15.apinmo.com\\\/1045\\\/28355869\\\/12-38.jpg&quot;,&quot;alt&quot;:&quot;Fabulosa casa adosada en la zona de els ametllets, a solo unos minutos del centro. - imagenInmueble37&quot;},{&quot;image&quot;:&quot;https:\\\/\\\/fotos15.apinmo.com\\\/1045\\\/28355869\\\/12-39.jpg&quot;,&quot;alt&quot;:&quot;Fabulosa casa adosada en la zona de els ametllets, a solo unos minutos del centro. - imagenInmueble38&quot;},{&quot;image&quot;:&quot;https:\\\/\\\/fotos15.apinmo.com\\\/1045\\\/28355869\\\/12-40.jpg&quot;,&quot;alt&quot;:&quot;Fabulosa casa adosada en la zona de els ametllets, a solo unos minutos del centro. - imagenInmueble39&quot;},{&quot;image&quot;:&quot;https:\\\/\\\/fotos15.apinmo.com\\\/1045\\\/28355869\\\/12-41.jpg&quot;,&quot;alt&quot;:&quot;Fabulosa casa adosada en la zona de els ametllets, a solo unos minutos del centro. - imagenInmueble40&quot;},{&quot;image&quot;:&quot;https:\\\/\\\/fotos15.apinmo.com\\\/1045\\\/28355869\\\/12-42.jpg&quot;,&quot;alt&quot;:&quot;Fabulosa casa adosada en la zona de els ametllets, a solo unos minutos del centro. - imagenInmueble41&quot;},{&quot;image&quot;:&quot;https:\\\/\\\/fotos15.apinmo.com\\\/1045\\\/28355869\\\/12-43.jpg&quot;,&quot;alt&quot;:&quot;Fabulosa casa adosada en la zona de els ametllets, a solo unos minutos del centro. - imagenInmueble42&quot;},{&quot;image&quot;:&quot;https:\\\/\\\/fotos15.apinmo.com\\\/1045\\\/28355869\\\/12-44.jpg&quot;,&quot;alt&quot;:&quot;Fabulosa casa adosada en la zona de els ametllets, a solo unos minutos del centro. - imagenInmueble43&quot;},{&quot;image&quot;:&quot;https:\\\/\\\/fotos15.apinmo.com\\\/1045\\\/28355869\\\/12-45.jpg&quot;,&quot;alt&quot;:&quot;Fabulosa casa adosada en la zona de els ametllets, a solo unos minutos del centro. - imagenInmueble44&quot;},{&quot;image&quot;:&quot;https:\\\/\\\/fotos15.apinmo.com\\\/1045\\\/28355869\\\/12-46.jpg&quot;,&quot;alt&quot;:&quot;Fabulosa casa adosada en la zona de els ametllets, a solo unos minutos del centro. - imagenInmueble45&quot;},{&quot;image&quot;:&quot;https:\\\/\\\/fotos15.apinmo.com\\\/1045\\\/28355869\\\/12-47.jpg&quot;,&quot;alt&quot;:&quot;Fabulosa casa adosada en la zona de els ametllets, a solo unos minutos del centro. - imagenInmueble46&quot;},{&quot;image&quot;:&quot;https:\\\/\\\/fotos15.apinmo.com\\\/1045\\\/28355869\\\/12-48.jpg&quot;,&quot;alt&quot;:&quot;Fabulosa casa adosada en la zona de els ametllets, a solo unos minutos del centro. - imagenInmueble47&quot;},{&quot;image&quot;:&quot;https:\\\/\\\/fotos15.apinmo.com\\\/1045\\\/28355869\\\/12-49.jpg&quot;,&quot;alt&quot;:&quot;Fabulosa casa adosada en la zona de els ametllets, a solo unos minutos del centro. - imagenInmueble48&quot;},{&quot;image&quot;:&quot;https:\\\/\\\/fotos15.apinmo.com\\\/1045\\\/28355869\\\/12-50.jpg&quot;,&quot;alt&quot;:&quot;Fabulosa casa adosada en la zona de els ametllets, a solo unos minutos del centro. - imagenInmueble49&quot;},{&quot;image&quot;:&quot;https:\\\/\\\/fotos15.apinmo.com\\\/1045\\\/28355869\\\/12-51.jpg&quot;,&quot;alt&quot;:&quot;Fabulosa casa adosada en la zona de els ametllets, a solo unos minutos del centro. - imagenInmueble50&quot;},{&quot;image&quot;:&quot;https:\\\/\\\/fotos15.apinmo.com\\\/1045\\\/28355869\\\/12-52.jpg&quot;,&quot;alt&quot;:&quot;Fabulosa casa adosada en la zona de els ametllets, a solo unos minutos del centro. - imagenInmueble51&quot;}]\">\n\t<div class=\"item-wrap item-wrap-v1 item-wrap-no-frame h-100\">\n\t\t<div class=\"d-flex align-items-center h-100\">\n\t\t\t<div class=\"item-header\">\n\t\t\t\t\t\t\t\t<div class=\"labels-wrap labels-right\"> \n\n\t<a href=\"https:\/\/www.laclauelite.com\/ca\/status\/venda\/\" class=\"label-status label status-color-167\">\n\t\t\t\t\tvenda\n\t\t\t\t<\/a>       \n\n<\/div>\n\t\t\t\t<ul class=\"item-price-wrap hide-on-list\">\n\t<li class=\"item-price\">1,070,000\u20ac<\/li><\/ul>\t\t\t\t<ul class=\"item-tools\">\n\n        <li class=\"item-tool item-preview\">\n        <span class=\"hz-show-lightbox-js\" data-listid=\"1082066\" data-toggle=\"tooltip\" data-placement=\"top\" title=\"Preview\">\n                <i class=\"houzez-icon icon-expand-3\"><\/i>   \n        <\/span><!-- item-tool-favorite -->\n    <\/li><!-- item-tool -->\n        \n        <li class=\"item-tool item-favorite\">\n        <span class=\"add-favorite-js item-tool-favorite\" data-toggle=\"tooltip\" data-placement=\"top\" title=\"Favourite\" data-listid=\"1082066\">\n            <i class=\"houzez-icon icon-love-it \"><\/i> \n        <\/span><!-- item-tool-favorite -->\n    <\/li><!-- item-tool -->\n    \n        <li class=\"item-tool item-compare\">\n        <span class=\"houzez_compare compare-1082066 item-tool-compare show-compare-panel\" data-toggle=\"tooltip\" data-placement=\"top\" title=\"Add to Compare\" data-listing_id=\"1082066\" data-listing_image=\"https:\/\/fotos15.apinmo.com\/1045\/28355869\/12-1.jpg\">\n            <i class=\"houzez-icon icon-add-circle\"><\/i>\n        <\/span><!-- item-tool-compare -->\n    <\/li><!-- item-tool -->\n    <\/ul><!-- item-tools -->\n\t\t\t\t<div class=\"listing-image-wrap\">\n\t<div class=\"listing-thumb\">\n\t\t<a target=_self href=\"https:\/\/www.laclauelite.com\/ca\/property\/fabulosa-casa-adosada-en-la-zona-de-els-ametllets-a-solo-unos-minutos-del-centro-11408-ca\/\" class=\"listing-featured-thumb hover-effect\">\n\t\t\t                                                                                                                                                                                    <img loading=\"lazy\" decoding=\"async\" width=\"850\" height=\"426\" src=\"https:\/\/fotos15.apinmo.com\/1045\/28355869\/12-1.jpg\" class=\"img-fluid wp-post-image\" alt=\"Fabulosa casa adosada en la zona de els ametllets, a solo unos minutos del centro. - imagenInmueble0\" srcset=\"https:\/\/fotos15.apinmo.com\/1045\/28355869\/12-1.jpg 850w, https:\/\/fotos15.apinmo.com\/1045\/28355869\/12-1.jpg 300w, https:\/\/fotos15.apinmo.com\/1045\/28355869\/12-1.jpg 768w, https:\/\/fotos15.apinmo.com\/1045\/28355869\/12-1s.jpg 150w, https:\/\/fotos15.apinmo.com\/1045\/28355869\/12-1.jpg 536w, https:\/\/fotos15.apinmo.com\/1045\/28355869\/12-1.jpg 770w\" sizes=\"(max-width: 850px) 100vw, 850px\" \/>\t\t<\/a><!-- hover-effect -->\n\t<\/div>\n<\/div>\n\t\t\t\t<div class=\"preview_loader\"><\/div>\n\t\t\t<\/div><!-- item-header -->\t\n\t\t\t<div class=\"item-body flex-grow-1\">\n\t\t\t\t<div class=\"labels-wrap labels-right\"> \n\n\t<a href=\"https:\/\/www.laclauelite.com\/ca\/status\/venda\/\" class=\"label-status label status-color-167\">\n\t\t\t\t\tvenda\n\t\t\t\t<\/a>       \n\n<\/div>\n\t\t\t\t<h2 class=\"item-title\">\n\t<a target=_self href=\"https:\/\/www.laclauelite.com\/ca\/property\/fabulosa-casa-adosada-en-la-zona-de-els-ametllets-a-solo-unos-minutos-del-centro-11408-ca\/\">Fabulosa casa adosada en la zona de Els Ametllets, a solo unos minutos del centro. &#8211; 11408<\/a>\n<\/h2><!-- item-title -->\t\t\t\t<ul class=\"item-price-wrap hide-on-list\">\n\t<li class=\"item-price\">1,070,000\u20ac<\/li><\/ul>\t\t\t\t<address class=\"item-address\">Sitges,Barcelona,Spain<\/address>\t\t\t\t<ul class=\"item-amenities item-amenities-with-icons\">\n\t<li class=\"h-beds\"><i class=\"houzez-icon icon-hotel-double-bed-1 mr-1\"><\/i><span class=\"item-amenities-text\">Camas:<\/span> <span class=\"hz-figure\">5<\/span><\/li><li class=\"h-baths\"><i class=\"houzez-icon icon-bathroom-shower-1 mr-1\"><\/i><span class=\"item-amenities-text\">Ba\u00f1os:<\/span> <span class=\"hz-figure\">3<\/span><\/li><li class=\"h-area\"><i class=\"houzez-icon icon-ruler-triangle mr-1\"><\/i><span class=\"hz-figure\">225<\/span> <span class=\"hz-figure area_postfix\">m&sup2;<\/span><\/li><li class=\"h-type\"><span>adossat<\/span><\/li><\/ul>\t\t\t\t<a class=\"btn btn-primary btn-item \" target=_self href=\"https:\/\/www.laclauelite.com\/ca\/property\/fabulosa-casa-adosada-en-la-zona-de-els-ametllets-a-solo-unos-minutos-del-centro-11408-ca\/\">\n\tDetalls<\/a><!-- btn-item -->\n\t\t\t\t<div class=\"item-author\">\n\t<i class=\"houzez-icon icon-single-neutral mr-1\"><\/i>\n\t<a href=\"https:\/\/www.laclauelite.com\/ca\/agent\/fincas-la-clau-elite\/\">Fincas La Clau Elite<\/a> <\/div><!-- item-author -->\n\t\t\t\t<div class=\"item-date\">\n\t<i class=\"houzez-icon icon-attachment mr-1\"><\/i>\n\t3 setmanes ago<\/div><!-- item-date -->\n\t\t\t<\/div><!-- item-body -->\n\n\t\t\t\t\t\t<div class=\"item-footer clearfix\">\n\t\t\t\t<div class=\"item-author\">\n\t<i class=\"houzez-icon icon-single-neutral mr-1\"><\/i>\n\t<a href=\"https:\/\/www.laclauelite.com\/ca\/agent\/fincas-la-clau-elite\/\">Fincas La Clau Elite<\/a> <\/div><!-- item-author -->\n\t\t\t\t<div class=\"item-date\">\n\t<i class=\"houzez-icon icon-attachment mr-1\"><\/i>\n\t3 setmanes ago<\/div><!-- item-date -->\n\t\t\t<\/div>\n\t\t\t\t\t<\/div><!-- d-flex -->\n\t<\/div><!-- item-wrap -->\n<\/div><!-- item-listing-wrap --><div class=\"item-listing-wrap hz-item-gallery-js card\" data-hz-id=\"hz-1081955\" data-images=\"[{&quot;image&quot;:&quot;https:\\\/\\\/fotos15.apinmo.com\\\/1045\\\/17241821\\\/4-1.jpg&quot;,&quot;alt&quot;:&quot;Casa pareada obra nueva mas alba - imagenInmueble0&quot;},{&quot;image&quot;:&quot;https:\\\/\\\/fotos15.apinmo.com\\\/1045\\\/17241821\\\/4-1.jpg&quot;,&quot;alt&quot;:&quot;Casa pareada obra nueva mas alba - imagenInmueble0&quot;},{&quot;image&quot;:&quot;https:\\\/\\\/fotos15.apinmo.com\\\/1045\\\/17241821\\\/4-2.jpg&quot;,&quot;alt&quot;:&quot;Casa pareada obra nueva mas alba - imagenInmueble1&quot;},{&quot;image&quot;:&quot;https:\\\/\\\/fotos15.apinmo.com\\\/1045\\\/17241821\\\/4-3.jpg&quot;,&quot;alt&quot;:&quot;Casa pareada obra nueva mas alba - imagenInmueble2&quot;},{&quot;image&quot;:&quot;https:\\\/\\\/fotos15.apinmo.com\\\/1045\\\/17241821\\\/4-4.jpg&quot;,&quot;alt&quot;:&quot;Casa pareada obra nueva mas alba - imagenInmueble3&quot;},{&quot;image&quot;:&quot;https:\\\/\\\/fotos15.apinmo.com\\\/1045\\\/17241821\\\/4-5.jpg&quot;,&quot;alt&quot;:&quot;Casa pareada obra nueva mas alba - imagenInmueble4&quot;},{&quot;image&quot;:&quot;https:\\\/\\\/fotos15.apinmo.com\\\/1045\\\/17241821\\\/4-6.jpg&quot;,&quot;alt&quot;:&quot;Casa pareada obra nueva mas alba - imagenInmueble5&quot;},{&quot;image&quot;:&quot;https:\\\/\\\/fotos15.apinmo.com\\\/1045\\\/17241821\\\/4-7.jpg&quot;,&quot;alt&quot;:&quot;Casa pareada obra nueva mas alba - imagenInmueble6&quot;},{&quot;image&quot;:&quot;https:\\\/\\\/fotos15.apinmo.com\\\/1045\\\/17241821\\\/4-8.jpg&quot;,&quot;alt&quot;:&quot;Casa pareada obra nueva mas alba - imagenInmueble7&quot;},{&quot;image&quot;:&quot;https:\\\/\\\/fotos15.apinmo.com\\\/1045\\\/17241821\\\/4-9.jpg&quot;,&quot;alt&quot;:&quot;Casa pareada obra nueva mas alba - imagenInmueble8&quot;},{&quot;image&quot;:&quot;https:\\\/\\\/fotos15.apinmo.com\\\/1045\\\/17241821\\\/4-10.jpg&quot;,&quot;alt&quot;:&quot;Casa pareada obra nueva mas alba - imagenInmueble9&quot;},{&quot;image&quot;:&quot;https:\\\/\\\/fotos15.apinmo.com\\\/1045\\\/17241821\\\/4-11.jpg&quot;,&quot;alt&quot;:&quot;Casa pareada obra nueva mas alba - imagenInmueble10&quot;}]\">\n\t<div class=\"item-wrap item-wrap-v1 item-wrap-no-frame h-100\">\n\t\t<div class=\"d-flex align-items-center h-100\">\n\t\t\t<div class=\"item-header\">\n\t\t\t\t\t\t\t\t<div class=\"labels-wrap labels-right\"> \n\n\t<a href=\"https:\/\/www.laclauelite.com\/ca\/status\/venda\/\" class=\"label-status label status-color-167\">\n\t\t\t\t\tvenda\n\t\t\t\t<\/a><a href=\"https:\/\/www.laclauelite.com\/ca\/label\/obra-nova\/\" class=\"hz-label label label-color-516\">\n\t\t\t\t\tObra nova\n\t\t\t\t<\/a>       \n\n<\/div>\n\t\t\t\t<ul class=\"item-price-wrap hide-on-list\">\n\t<li class=\"item-price\">700,000\u20ac<\/li><\/ul>\t\t\t\t<ul class=\"item-tools\">\n\n        <li class=\"item-tool item-preview\">\n        <span class=\"hz-show-lightbox-js\" data-listid=\"1081955\" data-toggle=\"tooltip\" data-placement=\"top\" title=\"Preview\">\n                <i class=\"houzez-icon icon-expand-3\"><\/i>   \n        <\/span><!-- item-tool-favorite -->\n    <\/li><!-- item-tool -->\n        \n        <li class=\"item-tool item-favorite\">\n        <span class=\"add-favorite-js item-tool-favorite\" data-toggle=\"tooltip\" data-placement=\"top\" title=\"Favourite\" data-listid=\"1081955\">\n            <i class=\"houzez-icon icon-love-it \"><\/i> \n        <\/span><!-- item-tool-favorite -->\n    <\/li><!-- item-tool -->\n    \n        <li class=\"item-tool item-compare\">\n        <span class=\"houzez_compare compare-1081955 item-tool-compare show-compare-panel\" data-toggle=\"tooltip\" data-placement=\"top\" title=\"Add to Compare\" data-listing_id=\"1081955\" data-listing_image=\"https:\/\/fotos15.apinmo.com\/1045\/17241821\/4-1.jpg\">\n            <i class=\"houzez-icon icon-add-circle\"><\/i>\n        <\/span><!-- item-tool-compare -->\n    <\/li><!-- item-tool -->\n    <\/ul><!-- item-tools -->\n\t\t\t\t<div class=\"listing-image-wrap\">\n\t<div class=\"listing-thumb\">\n\t\t<a target=_self href=\"https:\/\/www.laclauelite.com\/ca\/property\/casa-pareada-obra-nueva-mas-alba-10730-ca\/\" class=\"listing-featured-thumb hover-effect\">\n\t\t\t                                                                                                                                                                                    <img loading=\"lazy\" decoding=\"async\" width=\"850\" height=\"426\" src=\"https:\/\/fotos15.apinmo.com\/1045\/17241821\/4-1.jpg\" class=\"img-fluid wp-post-image\" alt=\"Casa pareada obra nueva mas alba - imagenInmueble0\" srcset=\"https:\/\/fotos15.apinmo.com\/1045\/17241821\/4-1.jpg 850w, https:\/\/fotos15.apinmo.com\/1045\/17241821\/4-1.jpg 300w, https:\/\/fotos15.apinmo.com\/1045\/17241821\/4-1.jpg 768w, https:\/\/fotos15.apinmo.com\/1045\/17241821\/4-1s.jpg 150w, https:\/\/fotos15.apinmo.com\/1045\/17241821\/4-1.jpg 536w, https:\/\/fotos15.apinmo.com\/1045\/17241821\/4-1.jpg 770w\" sizes=\"(max-width: 850px) 100vw, 850px\" \/>\t\t<\/a><!-- hover-effect -->\n\t<\/div>\n<\/div>\n\t\t\t\t<div class=\"preview_loader\"><\/div>\n\t\t\t<\/div><!-- item-header -->\t\n\t\t\t<div class=\"item-body flex-grow-1\">\n\t\t\t\t<div class=\"labels-wrap labels-right\"> \n\n\t<a href=\"https:\/\/www.laclauelite.com\/ca\/status\/venda\/\" class=\"label-status label status-color-167\">\n\t\t\t\t\tvenda\n\t\t\t\t<\/a><a href=\"https:\/\/www.laclauelite.com\/ca\/label\/obra-nova\/\" class=\"hz-label label label-color-516\">\n\t\t\t\t\tObra nova\n\t\t\t\t<\/a>       \n\n<\/div>\n\t\t\t\t<h2 class=\"item-title\">\n\t<a target=_self href=\"https:\/\/www.laclauelite.com\/ca\/property\/casa-pareada-obra-nueva-mas-alba-10730-ca\/\">Casa Pareada obra nueva Mas Alba &#8211; 10730<\/a>\n<\/h2><!-- item-title -->\t\t\t\t<ul class=\"item-price-wrap hide-on-list\">\n\t<li class=\"item-price\">700,000\u20ac<\/li><\/ul>\t\t\t\t<address class=\"item-address\">Sant Pere de Ribes,Barcelona,Spain<\/address>\t\t\t\t<ul class=\"item-amenities item-amenities-with-icons\">\n\t<li class=\"h-beds\"><i class=\"houzez-icon icon-hotel-double-bed-1 mr-1\"><\/i><span class=\"item-amenities-text\">Camas:<\/span> <span class=\"hz-figure\">4<\/span><\/li><li class=\"h-baths\"><i class=\"houzez-icon icon-bathroom-shower-1 mr-1\"><\/i><span class=\"item-amenities-text\">Ba\u00f1os:<\/span> <span class=\"hz-figure\">2<\/span><\/li><li class=\"h-area\"><i class=\"houzez-icon icon-ruler-triangle mr-1\"><\/i><span class=\"hz-figure\">165<\/span> <span class=\"hz-figure area_postfix\">m&sup2;<\/span><\/li><li class=\"h-type\"><span>adossat<\/span><\/li><\/ul>\t\t\t\t<a class=\"btn btn-primary btn-item \" target=_self href=\"https:\/\/www.laclauelite.com\/ca\/property\/casa-pareada-obra-nueva-mas-alba-10730-ca\/\">\n\tDetalls<\/a><!-- btn-item -->\n\t\t\t\t<div class=\"item-author\">\n\t<i class=\"houzez-icon icon-single-neutral mr-1\"><\/i>\n\t<a href=\"https:\/\/www.laclauelite.com\/ca\/agent\/fincas-la-clau-elite\/\">Fincas La Clau Elite<\/a> <\/div><!-- item-author -->\n\t\t\t\t<div class=\"item-date\">\n\t<i class=\"houzez-icon icon-attachment mr-1\"><\/i>\n\t1 mes ago<\/div><!-- item-date -->\n\t\t\t<\/div><!-- item-body -->\n\n\t\t\t\t\t\t<div class=\"item-footer clearfix\">\n\t\t\t\t<div class=\"item-author\">\n\t<i class=\"houzez-icon icon-single-neutral mr-1\"><\/i>\n\t<a href=\"https:\/\/www.laclauelite.com\/ca\/agent\/fincas-la-clau-elite\/\">Fincas La Clau Elite<\/a> <\/div><!-- item-author -->\n\t\t\t\t<div class=\"item-date\">\n\t<i class=\"houzez-icon icon-attachment mr-1\"><\/i>\n\t1 mes ago<\/div><!-- item-date -->\n\t\t\t<\/div>\n\t\t\t\t\t<\/div><!-- d-flex -->\n\t<\/div><!-- item-wrap -->\n<\/div><!-- item-listing-wrap --><div class=\"item-listing-wrap hz-item-gallery-js card\" data-hz-id=\"hz-1081971\" data-images=\"[{&quot;image&quot;:&quot;https:\\\/\\\/fotos15.apinmo.com\\\/1045\\\/17241862\\\/2-1.jpg&quot;,&quot;alt&quot;:&quot;Casa pareada obra nueva mas alba - imagenInmueble0&quot;},{&quot;image&quot;:&quot;https:\\\/\\\/fotos15.apinmo.com\\\/1045\\\/17241862\\\/2-1.jpg&quot;,&quot;alt&quot;:&quot;Casa pareada obra nueva mas alba - imagenInmueble0&quot;},{&quot;image&quot;:&quot;https:\\\/\\\/fotos15.apinmo.com\\\/1045\\\/17241862\\\/2-2.jpg&quot;,&quot;alt&quot;:&quot;Casa pareada obra nueva mas alba - imagenInmueble1&quot;},{&quot;image&quot;:&quot;https:\\\/\\\/fotos15.apinmo.com\\\/1045\\\/17241862\\\/2-3.jpg&quot;,&quot;alt&quot;:&quot;Casa pareada obra nueva mas alba - imagenInmueble2&quot;},{&quot;image&quot;:&quot;https:\\\/\\\/fotos15.apinmo.com\\\/1045\\\/17241862\\\/2-4.jpg&quot;,&quot;alt&quot;:&quot;Casa pareada obra nueva mas alba - imagenInmueble3&quot;},{&quot;image&quot;:&quot;https:\\\/\\\/fotos15.apinmo.com\\\/1045\\\/17241862\\\/2-5.jpg&quot;,&quot;alt&quot;:&quot;Casa pareada obra nueva mas alba - imagenInmueble4&quot;},{&quot;image&quot;:&quot;https:\\\/\\\/fotos15.apinmo.com\\\/1045\\\/17241862\\\/2-6.jpg&quot;,&quot;alt&quot;:&quot;Casa pareada obra nueva mas alba - imagenInmueble5&quot;},{&quot;image&quot;:&quot;https:\\\/\\\/fotos15.apinmo.com\\\/1045\\\/17241862\\\/2-7.jpg&quot;,&quot;alt&quot;:&quot;Casa pareada obra nueva mas alba - imagenInmueble6&quot;},{&quot;image&quot;:&quot;https:\\\/\\\/fotos15.apinmo.com\\\/1045\\\/17241862\\\/2-8.jpg&quot;,&quot;alt&quot;:&quot;Casa pareada obra nueva mas alba - imagenInmueble7&quot;},{&quot;image&quot;:&quot;https:\\\/\\\/fotos15.apinmo.com\\\/1045\\\/17241862\\\/2-9.jpg&quot;,&quot;alt&quot;:&quot;Casa pareada obra nueva mas alba - imagenInmueble8&quot;},{&quot;image&quot;:&quot;https:\\\/\\\/fotos15.apinmo.com\\\/1045\\\/17241862\\\/2-10.jpg&quot;,&quot;alt&quot;:&quot;Casa pareada obra nueva mas alba - imagenInmueble9&quot;}]\">\n\t<div class=\"item-wrap item-wrap-v1 item-wrap-no-frame h-100\">\n\t\t<div class=\"d-flex align-items-center h-100\">\n\t\t\t<div class=\"item-header\">\n\t\t\t\t\t\t\t\t<div class=\"labels-wrap labels-right\"> \n\n\t<a href=\"https:\/\/www.laclauelite.com\/ca\/status\/venda\/\" class=\"label-status label status-color-167\">\n\t\t\t\t\tvenda\n\t\t\t\t<\/a><a href=\"https:\/\/www.laclauelite.com\/ca\/label\/obra-nova\/\" class=\"hz-label label label-color-516\">\n\t\t\t\t\tObra nova\n\t\t\t\t<\/a>       \n\n<\/div>\n\t\t\t\t<ul class=\"item-price-wrap hide-on-list\">\n\t<li class=\"item-price\">690,000\u20ac<\/li><\/ul>\t\t\t\t<ul class=\"item-tools\">\n\n        <li class=\"item-tool item-preview\">\n        <span class=\"hz-show-lightbox-js\" data-listid=\"1081971\" data-toggle=\"tooltip\" data-placement=\"top\" title=\"Preview\">\n                <i class=\"houzez-icon icon-expand-3\"><\/i>   \n        <\/span><!-- item-tool-favorite -->\n    <\/li><!-- item-tool -->\n        \n        <li class=\"item-tool item-favorite\">\n        <span class=\"add-favorite-js item-tool-favorite\" data-toggle=\"tooltip\" data-placement=\"top\" title=\"Favourite\" data-listid=\"1081971\">\n            <i class=\"houzez-icon icon-love-it \"><\/i> \n        <\/span><!-- item-tool-favorite -->\n    <\/li><!-- item-tool -->\n    \n        <li class=\"item-tool item-compare\">\n        <span class=\"houzez_compare compare-1081971 item-tool-compare show-compare-panel\" data-toggle=\"tooltip\" data-placement=\"top\" title=\"Add to Compare\" data-listing_id=\"1081971\" data-listing_image=\"https:\/\/fotos15.apinmo.com\/1045\/17241862\/2-1.jpg\">\n            <i class=\"houzez-icon icon-add-circle\"><\/i>\n        <\/span><!-- item-tool-compare -->\n    <\/li><!-- item-tool -->\n    <\/ul><!-- item-tools -->\n\t\t\t\t<div class=\"listing-image-wrap\">\n\t<div class=\"listing-thumb\">\n\t\t<a target=_self href=\"https:\/\/www.laclauelite.com\/ca\/property\/casa-pareada-obra-nueva-mas-alba-10728-ca\/\" class=\"listing-featured-thumb hover-effect\">\n\t\t\t                                                                                                                                                                                    <img loading=\"lazy\" decoding=\"async\" width=\"850\" height=\"426\" src=\"https:\/\/fotos15.apinmo.com\/1045\/17241862\/2-1.jpg\" class=\"img-fluid wp-post-image\" alt=\"Casa pareada obra nueva mas alba - imagenInmueble0\" srcset=\"https:\/\/fotos15.apinmo.com\/1045\/17241862\/2-1.jpg 850w, https:\/\/fotos15.apinmo.com\/1045\/17241862\/2-1.jpg 300w, https:\/\/fotos15.apinmo.com\/1045\/17241862\/2-1.jpg 768w, https:\/\/fotos15.apinmo.com\/1045\/17241862\/2-1s.jpg 150w, https:\/\/fotos15.apinmo.com\/1045\/17241862\/2-1.jpg 536w, https:\/\/fotos15.apinmo.com\/1045\/17241862\/2-1.jpg 770w\" sizes=\"(max-width: 850px) 100vw, 850px\" \/>\t\t<\/a><!-- hover-effect -->\n\t<\/div>\n<\/div>\n\t\t\t\t<div class=\"preview_loader\"><\/div>\n\t\t\t<\/div><!-- item-header -->\t\n\t\t\t<div class=\"item-body flex-grow-1\">\n\t\t\t\t<div class=\"labels-wrap labels-right\"> \n\n\t<a href=\"https:\/\/www.laclauelite.com\/ca\/status\/venda\/\" class=\"label-status label status-color-167\">\n\t\t\t\t\tvenda\n\t\t\t\t<\/a><a href=\"https:\/\/www.laclauelite.com\/ca\/label\/obra-nova\/\" class=\"hz-label label label-color-516\">\n\t\t\t\t\tObra nova\n\t\t\t\t<\/a>       \n\n<\/div>\n\t\t\t\t<h2 class=\"item-title\">\n\t<a target=_self href=\"https:\/\/www.laclauelite.com\/ca\/property\/casa-pareada-obra-nueva-mas-alba-10728-ca\/\">Casa Pareada obra nueva Mas Alba &#8211; 10728<\/a>\n<\/h2><!-- item-title -->\t\t\t\t<ul class=\"item-price-wrap hide-on-list\">\n\t<li class=\"item-price\">690,000\u20ac<\/li><\/ul>\t\t\t\t<address class=\"item-address\">Sant Pere de Ribes,Barcelona,Spain<\/address>\t\t\t\t<ul class=\"item-amenities item-amenities-with-icons\">\n\t<li class=\"h-beds\"><i class=\"houzez-icon icon-hotel-double-bed-1 mr-1\"><\/i><span class=\"item-amenities-text\">Camas:<\/span> <span class=\"hz-figure\">4<\/span><\/li><li class=\"h-baths\"><i class=\"houzez-icon icon-bathroom-shower-1 mr-1\"><\/i><span class=\"item-amenities-text\">Ba\u00f1os:<\/span> <span class=\"hz-figure\">2<\/span><\/li><li class=\"h-area\"><i class=\"houzez-icon icon-ruler-triangle mr-1\"><\/i><span class=\"hz-figure\">160<\/span> <span class=\"hz-figure area_postfix\">m&sup2;<\/span><\/li><li class=\"h-type\"><span>adossat<\/span><\/li><\/ul>\t\t\t\t<a class=\"btn btn-primary btn-item \" target=_self href=\"https:\/\/www.laclauelite.com\/ca\/property\/casa-pareada-obra-nueva-mas-alba-10728-ca\/\">\n\tDetalls<\/a><!-- btn-item -->\n\t\t\t\t<div class=\"item-author\">\n\t<i class=\"houzez-icon icon-single-neutral mr-1\"><\/i>\n\t<a href=\"https:\/\/www.laclauelite.com\/ca\/agent\/fincas-la-clau-elite\/\">Fincas La Clau Elite<\/a> <\/div><!-- item-author -->\n\t\t\t\t<div class=\"item-date\">\n\t<i class=\"houzez-icon icon-attachment mr-1\"><\/i>\n\t1 mes ago<\/div><!-- item-date -->\n\t\t\t<\/div><!-- item-body -->\n\n\t\t\t\t\t\t<div class=\"item-footer clearfix\">\n\t\t\t\t<div class=\"item-author\">\n\t<i class=\"houzez-icon icon-single-neutral mr-1\"><\/i>\n\t<a href=\"https:\/\/www.laclauelite.com\/ca\/agent\/fincas-la-clau-elite\/\">Fincas La Clau Elite<\/a> <\/div><!-- item-author -->\n\t\t\t\t<div class=\"item-date\">\n\t<i class=\"houzez-icon icon-attachment mr-1\"><\/i>\n\t1 mes ago<\/div><!-- item-date -->\n\t\t\t<\/div>\n\t\t\t\t\t<\/div><!-- d-flex -->\n\t<\/div><!-- item-wrap -->\n<\/div><!-- item-listing-wrap --><div class=\"item-listing-wrap hz-item-gallery-js card\" data-hz-id=\"hz-1082030\" data-images=\"[{&quot;image&quot;:&quot;https:\\\/\\\/fotos15.apinmo.com\\\/1045\\\/27301858\\\/18-1.jpg&quot;,&quot;alt&quot;:&quot;\\u00c1tico-d\\u00daplex en primera l\\u00ednea de mar en el centro de sitges - imagenInmueble0&quot;},{&quot;image&quot;:&quot;https:\\\/\\\/fotos15.apinmo.com\\\/1045\\\/27301858\\\/18-1.jpg&quot;,&quot;alt&quot;:&quot;\\u00c1tico-d\\u00daplex en primera l\\u00ednea de mar en el centro de sitges - imagenInmueble0&quot;},{&quot;image&quot;:&quot;https:\\\/\\\/fotos15.apinmo.com\\\/1045\\\/27301858\\\/18-2.jpg&quot;,&quot;alt&quot;:&quot;\\u00c1tico-d\\u00daplex en primera l\\u00ednea de mar en el centro de sitges - imagenInmueble1&quot;},{&quot;image&quot;:&quot;https:\\\/\\\/fotos15.apinmo.com\\\/1045\\\/27301858\\\/18-3.jpg&quot;,&quot;alt&quot;:&quot;\\u00c1tico-d\\u00daplex en primera l\\u00ednea de mar en el centro de sitges - imagenInmueble2&quot;},{&quot;image&quot;:&quot;https:\\\/\\\/fotos15.apinmo.com\\\/1045\\\/27301858\\\/18-4.jpg&quot;,&quot;alt&quot;:&quot;\\u00c1tico-d\\u00daplex en primera l\\u00ednea de mar en el centro de sitges - imagenInmueble3&quot;},{&quot;image&quot;:&quot;https:\\\/\\\/fotos15.apinmo.com\\\/1045\\\/27301858\\\/18-5.jpg&quot;,&quot;alt&quot;:&quot;\\u00c1tico-d\\u00daplex en primera l\\u00ednea de mar en el centro de sitges - imagenInmueble4&quot;},{&quot;image&quot;:&quot;https:\\\/\\\/fotos15.apinmo.com\\\/1045\\\/27301858\\\/18-6.jpg&quot;,&quot;alt&quot;:&quot;\\u00c1tico-d\\u00daplex en primera l\\u00ednea de mar en el centro de sitges - imagenInmueble5&quot;},{&quot;image&quot;:&quot;https:\\\/\\\/fotos15.apinmo.com\\\/1045\\\/27301858\\\/18-7.jpg&quot;,&quot;alt&quot;:&quot;\\u00c1tico-d\\u00daplex en primera l\\u00ednea de mar en el centro de sitges - imagenInmueble6&quot;},{&quot;image&quot;:&quot;https:\\\/\\\/fotos15.apinmo.com\\\/1045\\\/27301858\\\/18-8.jpg&quot;,&quot;alt&quot;:&quot;\\u00c1tico-d\\u00daplex en primera l\\u00ednea de mar en el centro de sitges - imagenInmueble7&quot;},{&quot;image&quot;:&quot;https:\\\/\\\/fotos15.apinmo.com\\\/1045\\\/27301858\\\/18-9.jpg&quot;,&quot;alt&quot;:&quot;\\u00c1tico-d\\u00daplex en primera l\\u00ednea de mar en el centro de sitges - imagenInmueble8&quot;},{&quot;image&quot;:&quot;https:\\\/\\\/fotos15.apinmo.com\\\/1045\\\/27301858\\\/18-10.jpg&quot;,&quot;alt&quot;:&quot;\\u00c1tico-d\\u00daplex en primera l\\u00ednea de mar en el centro de sitges - imagenInmueble9&quot;},{&quot;image&quot;:&quot;https:\\\/\\\/fotos15.apinmo.com\\\/1045\\\/27301858\\\/18-11.jpg&quot;,&quot;alt&quot;:&quot;\\u00c1tico-d\\u00daplex en primera l\\u00ednea de mar en el centro de sitges - imagenInmueble10&quot;},{&quot;image&quot;:&quot;https:\\\/\\\/fotos15.apinmo.com\\\/1045\\\/27301858\\\/18-12.jpg&quot;,&quot;alt&quot;:&quot;\\u00c1tico-d\\u00daplex en primera l\\u00ednea de mar en el centro de sitges - imagenInmueble11&quot;},{&quot;image&quot;:&quot;https:\\\/\\\/fotos15.apinmo.com\\\/1045\\\/27301858\\\/18-13.jpg&quot;,&quot;alt&quot;:&quot;\\u00c1tico-d\\u00daplex en primera l\\u00ednea de mar en el centro de sitges - imagenInmueble12&quot;},{&quot;image&quot;:&quot;https:\\\/\\\/fotos15.apinmo.com\\\/1045\\\/27301858\\\/18-14.jpg&quot;,&quot;alt&quot;:&quot;\\u00c1tico-d\\u00daplex en primera l\\u00ednea de mar en el centro de sitges - imagenInmueble13&quot;},{&quot;image&quot;:&quot;https:\\\/\\\/fotos15.apinmo.com\\\/1045\\\/27301858\\\/18-15.jpg&quot;,&quot;alt&quot;:&quot;\\u00c1tico-d\\u00daplex en primera l\\u00ednea de mar en el centro de sitges - imagenInmueble14&quot;},{&quot;image&quot;:&quot;https:\\\/\\\/fotos15.apinmo.com\\\/1045\\\/27301858\\\/18-16.jpg&quot;,&quot;alt&quot;:&quot;\\u00c1tico-d\\u00daplex en primera l\\u00ednea de mar en el centro de sitges - imagenInmueble15&quot;},{&quot;image&quot;:&quot;https:\\\/\\\/fotos15.apinmo.com\\\/1045\\\/27301858\\\/18-17.jpg&quot;,&quot;alt&quot;:&quot;\\u00c1tico-d\\u00daplex en primera l\\u00ednea de mar en el centro de sitges - imagenInmueble16&quot;},{&quot;image&quot;:&quot;https:\\\/\\\/fotos15.apinmo.com\\\/1045\\\/27301858\\\/18-18.jpg&quot;,&quot;alt&quot;:&quot;\\u00c1tico-d\\u00daplex en primera l\\u00ednea de mar en el centro de sitges - imagenInmueble17&quot;},{&quot;image&quot;:&quot;https:\\\/\\\/fotos15.apinmo.com\\\/1045\\\/27301858\\\/18-19.jpg&quot;,&quot;alt&quot;:&quot;\\u00c1tico-d\\u00daplex en primera l\\u00ednea de mar en el centro de sitges - imagenInmueble18&quot;},{&quot;image&quot;:&quot;https:\\\/\\\/fotos15.apinmo.com\\\/1045\\\/27301858\\\/18-20.jpg&quot;,&quot;alt&quot;:&quot;\\u00c1tico-d\\u00daplex en primera l\\u00ednea de mar en el centro de sitges - imagenInmueble19&quot;},{&quot;image&quot;:&quot;https:\\\/\\\/fotos15.apinmo.com\\\/1045\\\/27301858\\\/18-21.jpg&quot;,&quot;alt&quot;:&quot;\\u00c1tico-d\\u00daplex en primera l\\u00ednea de mar en el centro de sitges - imagenInmueble20&quot;},{&quot;image&quot;:&quot;https:\\\/\\\/fotos15.apinmo.com\\\/1045\\\/27301858\\\/18-22.jpg&quot;,&quot;alt&quot;:&quot;\\u00c1tico-d\\u00daplex en primera l\\u00ednea de mar en el centro de sitges - imagenInmueble21&quot;},{&quot;image&quot;:&quot;https:\\\/\\\/fotos15.apinmo.com\\\/1045\\\/27301858\\\/18-23.jpg&quot;,&quot;alt&quot;:&quot;\\u00c1tico-d\\u00daplex en primera l\\u00ednea de mar en el centro de sitges - imagenInmueble22&quot;},{&quot;image&quot;:&quot;https:\\\/\\\/fotos15.apinmo.com\\\/1045\\\/27301858\\\/18-24.jpg&quot;,&quot;alt&quot;:&quot;\\u00c1tico-d\\u00daplex en primera l\\u00ednea de mar en el centro de sitges - imagenInmueble23&quot;},{&quot;image&quot;:&quot;https:\\\/\\\/fotos15.apinmo.com\\\/1045\\\/27301858\\\/18-25.jpg&quot;,&quot;alt&quot;:&quot;\\u00c1tico-d\\u00daplex en primera l\\u00ednea de mar en el centro de sitges - imagenInmueble24&quot;},{&quot;image&quot;:&quot;https:\\\/\\\/fotos15.apinmo.com\\\/1045\\\/27301858\\\/18-26.jpg&quot;,&quot;alt&quot;:&quot;\\u00c1tico-d\\u00daplex en primera l\\u00ednea de mar en el centro de sitges - imagenInmueble25&quot;},{&quot;image&quot;:&quot;https:\\\/\\\/fotos15.apinmo.com\\\/1045\\\/27301858\\\/18-27.jpg&quot;,&quot;alt&quot;:&quot;\\u00c1tico-d\\u00daplex en primera l\\u00ednea de mar en el centro de sitges - imagenInmueble26&quot;},{&quot;image&quot;:&quot;https:\\\/\\\/fotos15.apinmo.com\\\/1045\\\/27301858\\\/18-28.jpg&quot;,&quot;alt&quot;:&quot;\\u00c1tico-d\\u00daplex en primera l\\u00ednea de mar en el centro de sitges - imagenInmueble27&quot;},{&quot;image&quot;:&quot;https:\\\/\\\/fotos15.apinmo.com\\\/1045\\\/27301858\\\/18-29.jpg&quot;,&quot;alt&quot;:&quot;\\u00c1tico-d\\u00daplex en primera l\\u00ednea de mar en el centro de sitges - imagenInmueble28&quot;},{&quot;image&quot;:&quot;https:\\\/\\\/fotos15.apinmo.com\\\/1045\\\/27301858\\\/18-30.jpg&quot;,&quot;alt&quot;:&quot;\\u00c1tico-d\\u00daplex en primera l\\u00ednea de mar en el centro de sitges - imagenInmueble29&quot;},{&quot;image&quot;:&quot;https:\\\/\\\/fotos15.apinmo.com\\\/1045\\\/27301858\\\/18-31.jpg&quot;,&quot;alt&quot;:&quot;\\u00c1tico-d\\u00daplex en primera l\\u00ednea de mar en el centro de sitges - imagenInmueble30&quot;}]\">\n\t<div class=\"item-wrap item-wrap-v1 item-wrap-no-frame h-100\">\n\t\t<div class=\"d-flex align-items-center h-100\">\n\t\t\t<div class=\"item-header\">\n\t\t\t\t\t\t\t\t<div class=\"labels-wrap labels-right\"> \n\n\t<a href=\"https:\/\/www.laclauelite.com\/ca\/status\/venda\/\" class=\"label-status label status-color-167\">\n\t\t\t\t\tvenda\n\t\t\t\t<\/a>       \n\n<\/div>\n\t\t\t\t<ul class=\"item-price-wrap hide-on-list\">\n\t<li class=\"item-price\">1,950,000\u20ac<\/li><\/ul>\t\t\t\t<ul class=\"item-tools\">\n\n        <li class=\"item-tool item-preview\">\n        <span class=\"hz-show-lightbox-js\" data-listid=\"1082030\" data-toggle=\"tooltip\" data-placement=\"top\" title=\"Preview\">\n                <i class=\"houzez-icon icon-expand-3\"><\/i>   \n        <\/span><!-- item-tool-favorite -->\n    <\/li><!-- item-tool -->\n        \n        <li class=\"item-tool item-favorite\">\n        <span class=\"add-favorite-js item-tool-favorite\" data-toggle=\"tooltip\" data-placement=\"top\" title=\"Favourite\" data-listid=\"1082030\">\n            <i class=\"houzez-icon icon-love-it \"><\/i> \n        <\/span><!-- item-tool-favorite -->\n    <\/li><!-- item-tool -->\n    \n        <li class=\"item-tool item-compare\">\n        <span class=\"houzez_compare compare-1082030 item-tool-compare show-compare-panel\" data-toggle=\"tooltip\" data-placement=\"top\" title=\"Add to Compare\" data-listing_id=\"1082030\" data-listing_image=\"https:\/\/fotos15.apinmo.com\/1045\/27301858\/18-1.jpg\">\n            <i class=\"houzez-icon icon-add-circle\"><\/i>\n        <\/span><!-- item-tool-compare -->\n    <\/li><!-- item-tool -->\n    <\/ul><!-- item-tools -->\n\t\t\t\t<div class=\"listing-image-wrap\">\n\t<div class=\"listing-thumb\">\n\t\t<a target=_self href=\"https:\/\/www.laclauelite.com\/ca\/property\/atico-duplex-en-primera-linea-de-mar-en-el-centro-de-sitges-11387-ca\/\" class=\"listing-featured-thumb hover-effect\">\n\t\t\t                                                                                                                                                                                    <img loading=\"lazy\" decoding=\"async\" width=\"850\" height=\"426\" src=\"https:\/\/fotos15.apinmo.com\/1045\/27301858\/18-1.jpg\" class=\"img-fluid wp-post-image\" alt=\"\u00c1tico-d\u00daplex en primera l\u00ednea de mar en el centro de sitges - imagenInmueble0\" srcset=\"https:\/\/fotos15.apinmo.com\/1045\/27301858\/18-1.jpg 850w, https:\/\/fotos15.apinmo.com\/1045\/27301858\/18-1.jpg 300w, https:\/\/fotos15.apinmo.com\/1045\/27301858\/18-1.jpg 768w, https:\/\/fotos15.apinmo.com\/1045\/27301858\/18-1s.jpg 150w, https:\/\/fotos15.apinmo.com\/1045\/27301858\/18-1.jpg 536w, https:\/\/fotos15.apinmo.com\/1045\/27301858\/18-1.jpg 770w\" sizes=\"(max-width: 850px) 100vw, 850px\" \/>\t\t<\/a><!-- hover-effect -->\n\t<\/div>\n<\/div>\n\t\t\t\t<div class=\"preview_loader\"><\/div>\n\t\t\t<\/div><!-- item-header -->\t\n\t\t\t<div class=\"item-body flex-grow-1\">\n\t\t\t\t<div class=\"labels-wrap labels-right\"> \n\n\t<a href=\"https:\/\/www.laclauelite.com\/ca\/status\/venda\/\" class=\"label-status label status-color-167\">\n\t\t\t\t\tvenda\n\t\t\t\t<\/a>       \n\n<\/div>\n\t\t\t\t<h2 class=\"item-title\">\n\t<a target=_self href=\"https:\/\/www.laclauelite.com\/ca\/property\/atico-duplex-en-primera-linea-de-mar-en-el-centro-de-sitges-11387-ca\/\">\u00c1TICO-D\u00daPLEX en primera l\u00ednea de mar en el centro de Sitges &#8211; 11387<\/a>\n<\/h2><!-- item-title -->\t\t\t\t<ul class=\"item-price-wrap hide-on-list\">\n\t<li class=\"item-price\">1,950,000\u20ac<\/li><\/ul>\t\t\t\t<address class=\"item-address\">Sitges,Barcelona,Spain<\/address>\t\t\t\t<ul class=\"item-amenities item-amenities-with-icons\">\n\t<li class=\"h-beds\"><i class=\"houzez-icon icon-hotel-double-bed-1 mr-1\"><\/i><span class=\"item-amenities-text\">Camas:<\/span> <span class=\"hz-figure\">3<\/span><\/li><li class=\"h-baths\"><i class=\"houzez-icon icon-bathroom-shower-1 mr-1\"><\/i><span class=\"item-amenities-text\">Ba\u00f1os:<\/span> <span class=\"hz-figure\">2<\/span><\/li><li class=\"h-area\"><i class=\"houzez-icon icon-ruler-triangle mr-1\"><\/i><span class=\"hz-figure\">130<\/span> <span class=\"hz-figure area_postfix\">m&sup2;<\/span><\/li><li class=\"h-type\"><span>\u00c0tic<\/span><\/li><\/ul>\t\t\t\t<a class=\"btn btn-primary btn-item \" target=_self href=\"https:\/\/www.laclauelite.com\/ca\/property\/atico-duplex-en-primera-linea-de-mar-en-el-centro-de-sitges-11387-ca\/\">\n\tDetalls<\/a><!-- btn-item -->\n\t\t\t\t<div class=\"item-author\">\n\t<i class=\"houzez-icon icon-single-neutral mr-1\"><\/i>\n\t<a href=\"https:\/\/www.laclauelite.com\/ca\/agent\/fincas-la-clau-elite\/\">Fincas La Clau Elite<\/a> <\/div><!-- item-author -->\n\t\t\t\t<div class=\"item-date\">\n\t<i class=\"houzez-icon icon-attachment mr-1\"><\/i>\n\t1 mes ago<\/div><!-- item-date -->\n\t\t\t<\/div><!-- item-body -->\n\n\t\t\t\t\t\t<div class=\"item-footer clearfix\">\n\t\t\t\t<div class=\"item-author\">\n\t<i class=\"houzez-icon icon-single-neutral mr-1\"><\/i>\n\t<a href=\"https:\/\/www.laclauelite.com\/ca\/agent\/fincas-la-clau-elite\/\">Fincas La Clau Elite<\/a> <\/div><!-- item-author -->\n\t\t\t\t<div class=\"item-date\">\n\t<i class=\"houzez-icon icon-attachment mr-1\"><\/i>\n\t1 mes ago<\/div><!-- item-date -->\n\t\t\t<\/div>\n\t\t\t\t\t<\/div><!-- d-flex -->\n\t<\/div><!-- item-wrap -->\n<\/div><!-- item-listing-wrap --><div class=\"item-listing-wrap hz-item-gallery-js card\" data-hz-id=\"hz-1081885\" data-images=\"[{&quot;image&quot;:&quot;https:\\\/\\\/fotos15.apinmo.com\\\/1045\\\/4782125\\\/17-1.jpg&quot;,&quot;alt&quot;:&quot;Casa en venta en sitges zona quint mar con espectaculares vistas panor\\u00e1micas al mar - imagenInmueble0&quot;},{&quot;image&quot;:&quot;https:\\\/\\\/fotos15.apinmo.com\\\/1045\\\/4782125\\\/17-1.jpg&quot;,&quot;alt&quot;:&quot;Casa en venta en sitges zona quint mar con espectaculares vistas panor\\u00e1micas al mar - imagenInmueble0&quot;},{&quot;image&quot;:&quot;https:\\\/\\\/fotos15.apinmo.com\\\/1045\\\/4782125\\\/17-2.jpg&quot;,&quot;alt&quot;:&quot;Casa en venta en sitges zona quint mar con espectaculares vistas panor\\u00e1micas al mar - imagenInmueble1&quot;},{&quot;image&quot;:&quot;https:\\\/\\\/fotos15.apinmo.com\\\/1045\\\/4782125\\\/17-3.jpg&quot;,&quot;alt&quot;:&quot;Casa en venta en sitges zona quint mar con espectaculares vistas panor\\u00e1micas al mar - imagenInmueble2&quot;},{&quot;image&quot;:&quot;https:\\\/\\\/fotos15.apinmo.com\\\/1045\\\/4782125\\\/17-4.jpg&quot;,&quot;alt&quot;:&quot;Casa en venta en sitges zona quint mar con espectaculares vistas panor\\u00e1micas al mar - imagenInmueble3&quot;},{&quot;image&quot;:&quot;https:\\\/\\\/fotos15.apinmo.com\\\/1045\\\/4782125\\\/17-5.jpg&quot;,&quot;alt&quot;:&quot;Casa en venta en sitges zona quint mar con espectaculares vistas panor\\u00e1micas al mar - imagenInmueble4&quot;},{&quot;image&quot;:&quot;https:\\\/\\\/fotos15.apinmo.com\\\/1045\\\/4782125\\\/17-6.jpg&quot;,&quot;alt&quot;:&quot;Casa en venta en sitges zona quint mar con espectaculares vistas panor\\u00e1micas al mar - imagenInmueble5&quot;},{&quot;image&quot;:&quot;https:\\\/\\\/fotos15.apinmo.com\\\/1045\\\/4782125\\\/17-7.jpg&quot;,&quot;alt&quot;:&quot;Casa en venta en sitges zona quint mar con espectaculares vistas panor\\u00e1micas al mar - imagenInmueble6&quot;},{&quot;image&quot;:&quot;https:\\\/\\\/fotos15.apinmo.com\\\/1045\\\/4782125\\\/17-8.jpg&quot;,&quot;alt&quot;:&quot;Casa en venta en sitges zona quint mar con espectaculares vistas panor\\u00e1micas al mar - imagenInmueble7&quot;},{&quot;image&quot;:&quot;https:\\\/\\\/fotos15.apinmo.com\\\/1045\\\/4782125\\\/17-9.jpg&quot;,&quot;alt&quot;:&quot;Casa en venta en sitges zona quint mar con espectaculares vistas panor\\u00e1micas al mar - imagenInmueble8&quot;},{&quot;image&quot;:&quot;https:\\\/\\\/fotos15.apinmo.com\\\/1045\\\/4782125\\\/17-10.jpg&quot;,&quot;alt&quot;:&quot;Casa en venta en sitges zona quint mar con espectaculares vistas panor\\u00e1micas al mar - imagenInmueble9&quot;},{&quot;image&quot;:&quot;https:\\\/\\\/fotos15.apinmo.com\\\/1045\\\/4782125\\\/17-11.jpg&quot;,&quot;alt&quot;:&quot;Casa en venta en sitges zona quint mar con espectaculares vistas panor\\u00e1micas al mar - imagenInmueble10&quot;},{&quot;image&quot;:&quot;https:\\\/\\\/fotos15.apinmo.com\\\/1045\\\/4782125\\\/17-12.jpg&quot;,&quot;alt&quot;:&quot;Casa en venta en sitges zona quint mar con espectaculares vistas panor\\u00e1micas al mar - imagenInmueble11&quot;},{&quot;image&quot;:&quot;https:\\\/\\\/fotos15.apinmo.com\\\/1045\\\/4782125\\\/17-13.jpg&quot;,&quot;alt&quot;:&quot;Casa en venta en sitges zona quint mar con espectaculares vistas panor\\u00e1micas al mar - imagenInmueble12&quot;},{&quot;image&quot;:&quot;https:\\\/\\\/fotos15.apinmo.com\\\/1045\\\/4782125\\\/17-14.jpg&quot;,&quot;alt&quot;:&quot;Casa en venta en sitges zona quint mar con espectaculares vistas panor\\u00e1micas al mar - imagenInmueble13&quot;},{&quot;image&quot;:&quot;https:\\\/\\\/fotos15.apinmo.com\\\/1045\\\/4782125\\\/17-15.jpg&quot;,&quot;alt&quot;:&quot;Casa en venta en sitges zona quint mar con espectaculares vistas panor\\u00e1micas al mar - imagenInmueble14&quot;},{&quot;image&quot;:&quot;https:\\\/\\\/fotos15.apinmo.com\\\/1045\\\/4782125\\\/17-16.jpg&quot;,&quot;alt&quot;:&quot;Casa en venta en sitges zona quint mar con espectaculares vistas panor\\u00e1micas al mar - imagenInmueble15&quot;},{&quot;image&quot;:&quot;https:\\\/\\\/fotos15.apinmo.com\\\/1045\\\/4782125\\\/17-17.jpg&quot;,&quot;alt&quot;:&quot;Casa en venta en sitges zona quint mar con espectaculares vistas panor\\u00e1micas al mar - imagenInmueble16&quot;},{&quot;image&quot;:&quot;https:\\\/\\\/fotos15.apinmo.com\\\/1045\\\/4782125\\\/17-18.jpg&quot;,&quot;alt&quot;:&quot;Casa en venta en sitges zona quint mar con espectaculares vistas panor\\u00e1micas al mar - imagenInmueble17&quot;},{&quot;image&quot;:&quot;https:\\\/\\\/fotos15.apinmo.com\\\/1045\\\/4782125\\\/17-19.jpg&quot;,&quot;alt&quot;:&quot;Casa en venta en sitges zona quint mar con espectaculares vistas panor\\u00e1micas al mar - imagenInmueble18&quot;},{&quot;image&quot;:&quot;https:\\\/\\\/fotos15.apinmo.com\\\/1045\\\/4782125\\\/17-20.jpg&quot;,&quot;alt&quot;:&quot;Casa en venta en sitges zona quint mar con espectaculares vistas panor\\u00e1micas al mar - imagenInmueble19&quot;}]\">\n\t<div class=\"item-wrap item-wrap-v1 item-wrap-no-frame h-100\">\n\t\t<div class=\"d-flex align-items-center h-100\">\n\t\t\t<div class=\"item-header\">\n\t\t\t\t\t\t\t\t<div class=\"labels-wrap labels-right\"> \n\n\t<a href=\"https:\/\/www.laclauelite.com\/ca\/status\/venda\/\" class=\"label-status label status-color-167\">\n\t\t\t\t\tvenda\n\t\t\t\t<\/a>       \n\n<\/div>\n\t\t\t\t<ul class=\"item-price-wrap hide-on-list\">\n\t<li class=\"item-price\">1,250,000\u20ac<\/li><\/ul>\t\t\t\t<ul class=\"item-tools\">\n\n        <li class=\"item-tool item-preview\">\n        <span class=\"hz-show-lightbox-js\" data-listid=\"1081885\" data-toggle=\"tooltip\" data-placement=\"top\" title=\"Preview\">\n                <i class=\"houzez-icon icon-expand-3\"><\/i>   \n        <\/span><!-- item-tool-favorite -->\n    <\/li><!-- item-tool -->\n        \n        <li class=\"item-tool item-favorite\">\n        <span class=\"add-favorite-js item-tool-favorite\" data-toggle=\"tooltip\" data-placement=\"top\" title=\"Favourite\" data-listid=\"1081885\">\n            <i class=\"houzez-icon icon-love-it \"><\/i> \n        <\/span><!-- item-tool-favorite -->\n    <\/li><!-- item-tool -->\n    \n        <li class=\"item-tool item-compare\">\n        <span class=\"houzez_compare compare-1081885 item-tool-compare show-compare-panel\" data-toggle=\"tooltip\" data-placement=\"top\" title=\"Add to Compare\" data-listing_id=\"1081885\" data-listing_image=\"https:\/\/fotos15.apinmo.com\/1045\/4782125\/17-1.jpg\">\n            <i class=\"houzez-icon icon-add-circle\"><\/i>\n        <\/span><!-- item-tool-compare -->\n    <\/li><!-- item-tool -->\n    <\/ul><!-- item-tools -->\n\t\t\t\t<div class=\"listing-image-wrap\">\n\t<div class=\"listing-thumb\">\n\t\t<a target=_self href=\"https:\/\/www.laclauelite.com\/ca\/property\/casa-en-venta-en-sitges-zona-quint-mar-con-espectaculares-vistas-panoramicas-al-mar-08123-ca\/\" class=\"listing-featured-thumb hover-effect\">\n\t\t\t                                                                                                                                                                                    <img loading=\"lazy\" decoding=\"async\" width=\"850\" height=\"426\" src=\"https:\/\/fotos15.apinmo.com\/1045\/4782125\/17-1.jpg\" class=\"img-fluid wp-post-image\" alt=\"Casa en venta en sitges zona quint mar con espectaculares vistas panor\u00e1micas al mar - imagenInmueble0\" srcset=\"https:\/\/fotos15.apinmo.com\/1045\/4782125\/17-1.jpg 850w, https:\/\/fotos15.apinmo.com\/1045\/4782125\/17-1.jpg 300w, https:\/\/fotos15.apinmo.com\/1045\/4782125\/17-1.jpg 768w, https:\/\/fotos15.apinmo.com\/1045\/4782125\/17-1s.jpg 150w, https:\/\/fotos15.apinmo.com\/1045\/4782125\/17-1.jpg 536w, https:\/\/fotos15.apinmo.com\/1045\/4782125\/17-1.jpg 770w\" sizes=\"(max-width: 850px) 100vw, 850px\" \/>\t\t<\/a><!-- hover-effect -->\n\t<\/div>\n<\/div>\n\t\t\t\t<div class=\"preview_loader\"><\/div>\n\t\t\t<\/div><!-- item-header -->\t\n\t\t\t<div class=\"item-body flex-grow-1\">\n\t\t\t\t<div class=\"labels-wrap labels-right\"> \n\n\t<a href=\"https:\/\/www.laclauelite.com\/ca\/status\/venda\/\" class=\"label-status label status-color-167\">\n\t\t\t\t\tvenda\n\t\t\t\t<\/a>       \n\n<\/div>\n\t\t\t\t<h2 class=\"item-title\">\n\t<a target=_self href=\"https:\/\/www.laclauelite.com\/ca\/property\/casa-en-venta-en-sitges-zona-quint-mar-con-espectaculares-vistas-panoramicas-al-mar-08123-ca\/\">Casa en venta en Sitges zona Quint Mar con espectaculares vistas panor\u00e1micas al mar &#8211; 08123<\/a>\n<\/h2><!-- item-title -->\t\t\t\t<ul class=\"item-price-wrap hide-on-list\">\n\t<li class=\"item-price\">1,250,000\u20ac<\/li><\/ul>\t\t\t\t<address class=\"item-address\">Sitges,Barcelona,Spain<\/address>\t\t\t\t<ul class=\"item-amenities item-amenities-with-icons\">\n\t<li class=\"h-beds\"><i class=\"houzez-icon icon-hotel-double-bed-1 mr-1\"><\/i><span class=\"item-amenities-text\">Camas:<\/span> <span class=\"hz-figure\">6<\/span><\/li><li class=\"h-baths\"><i class=\"houzez-icon icon-bathroom-shower-1 mr-1\"><\/i><span class=\"item-amenities-text\">Ba\u00f1os:<\/span> <span class=\"hz-figure\">5<\/span><\/li><li class=\"h-area\"><i class=\"houzez-icon icon-ruler-triangle mr-1\"><\/i><span class=\"hz-figure\">347<\/span> <span class=\"hz-figure area_postfix\">m&sup2;<\/span><\/li><li class=\"h-type\"><span>Casas<\/span><\/li><\/ul>\t\t\t\t<a class=\"btn btn-primary btn-item \" target=_self href=\"https:\/\/www.laclauelite.com\/ca\/property\/casa-en-venta-en-sitges-zona-quint-mar-con-espectaculares-vistas-panoramicas-al-mar-08123-ca\/\">\n\tDetalls<\/a><!-- btn-item -->\n\t\t\t\t<div class=\"item-author\">\n\t<i class=\"houzez-icon icon-single-neutral mr-1\"><\/i>\n\t<a href=\"https:\/\/www.laclauelite.com\/ca\/agent\/fincas-la-clau-elite\/\">Fincas La Clau Elite<\/a> <\/div><!-- item-author -->\n\t\t\t\t<div class=\"item-date\">\n\t<i class=\"houzez-icon icon-attachment mr-1\"><\/i>\n\t3 mesos ago<\/div><!-- item-date -->\n\t\t\t<\/div><!-- item-body -->\n\n\t\t\t\t\t\t<div class=\"item-footer clearfix\">\n\t\t\t\t<div class=\"item-author\">\n\t<i class=\"houzez-icon icon-single-neutral mr-1\"><\/i>\n\t<a href=\"https:\/\/www.laclauelite.com\/ca\/agent\/fincas-la-clau-elite\/\">Fincas La Clau Elite<\/a> <\/div><!-- item-author -->\n\t\t\t\t<div class=\"item-date\">\n\t<i class=\"houzez-icon icon-attachment mr-1\"><\/i>\n\t3 mesos ago<\/div><!-- item-date -->\n\t\t\t<\/div>\n\t\t\t\t\t<\/div><!-- d-flex -->\n\t<\/div><!-- item-wrap -->\n<\/div><!-- item-listing-wrap --><div class=\"item-listing-wrap hz-item-gallery-js card\" data-hz-id=\"hz-1081910\" data-images=\"[{&quot;image&quot;:&quot;https:\\\/\\\/fotos15.apinmo.com\\\/1045\\\/8039595\\\/25-1.jpg&quot;,&quot;alt&quot;:&quot;Finca r\\u00fastica con dos casas a cinco minutos de sitges. - imagenInmueble0&quot;},{&quot;image&quot;:&quot;https:\\\/\\\/fotos15.apinmo.com\\\/1045\\\/8039595\\\/25-1.jpg&quot;,&quot;alt&quot;:&quot;Finca r\\u00fastica con dos casas a cinco minutos de sitges. - imagenInmueble0&quot;},{&quot;image&quot;:&quot;https:\\\/\\\/fotos15.apinmo.com\\\/1045\\\/8039595\\\/25-2.jpg&quot;,&quot;alt&quot;:&quot;Finca r\\u00fastica con dos casas a cinco minutos de sitges. - imagenInmueble1&quot;},{&quot;image&quot;:&quot;https:\\\/\\\/fotos15.apinmo.com\\\/1045\\\/8039595\\\/25-3.jpg&quot;,&quot;alt&quot;:&quot;Finca r\\u00fastica con dos casas a cinco minutos de sitges. - imagenInmueble2&quot;},{&quot;image&quot;:&quot;https:\\\/\\\/fotos15.apinmo.com\\\/1045\\\/8039595\\\/25-4.jpg&quot;,&quot;alt&quot;:&quot;Finca r\\u00fastica con dos casas a cinco minutos de sitges. - imagenInmueble3&quot;},{&quot;image&quot;:&quot;https:\\\/\\\/fotos15.apinmo.com\\\/1045\\\/8039595\\\/25-5.jpg&quot;,&quot;alt&quot;:&quot;Finca r\\u00fastica con dos casas a cinco minutos de sitges. - imagenInmueble4&quot;},{&quot;image&quot;:&quot;https:\\\/\\\/fotos15.apinmo.com\\\/1045\\\/8039595\\\/25-6.jpg&quot;,&quot;alt&quot;:&quot;Finca r\\u00fastica con dos casas a cinco minutos de sitges. - imagenInmueble5&quot;},{&quot;image&quot;:&quot;https:\\\/\\\/fotos15.apinmo.com\\\/1045\\\/8039595\\\/25-7.jpg&quot;,&quot;alt&quot;:&quot;Finca r\\u00fastica con dos casas a cinco minutos de sitges. - imagenInmueble6&quot;},{&quot;image&quot;:&quot;https:\\\/\\\/fotos15.apinmo.com\\\/1045\\\/8039595\\\/25-8.jpg&quot;,&quot;alt&quot;:&quot;Finca r\\u00fastica con dos casas a cinco minutos de sitges. - imagenInmueble7&quot;},{&quot;image&quot;:&quot;https:\\\/\\\/fotos15.apinmo.com\\\/1045\\\/8039595\\\/25-9.jpg&quot;,&quot;alt&quot;:&quot;Finca r\\u00fastica con dos casas a cinco minutos de sitges. - imagenInmueble8&quot;},{&quot;image&quot;:&quot;https:\\\/\\\/fotos15.apinmo.com\\\/1045\\\/8039595\\\/25-10.jpg&quot;,&quot;alt&quot;:&quot;Finca r\\u00fastica con dos casas a cinco minutos de sitges. - imagenInmueble9&quot;},{&quot;image&quot;:&quot;https:\\\/\\\/fotos15.apinmo.com\\\/1045\\\/8039595\\\/25-11.jpg&quot;,&quot;alt&quot;:&quot;Finca r\\u00fastica con dos casas a cinco minutos de sitges. - imagenInmueble10&quot;},{&quot;image&quot;:&quot;https:\\\/\\\/fotos15.apinmo.com\\\/1045\\\/8039595\\\/25-12.jpg&quot;,&quot;alt&quot;:&quot;Finca r\\u00fastica con dos casas a cinco minutos de sitges. - imagenInmueble11&quot;},{&quot;image&quot;:&quot;https:\\\/\\\/fotos15.apinmo.com\\\/1045\\\/8039595\\\/25-13.jpg&quot;,&quot;alt&quot;:&quot;Finca r\\u00fastica con dos casas a cinco minutos de sitges. - imagenInmueble12&quot;},{&quot;image&quot;:&quot;https:\\\/\\\/fotos15.apinmo.com\\\/1045\\\/8039595\\\/25-14.jpg&quot;,&quot;alt&quot;:&quot;Finca r\\u00fastica con dos casas a cinco minutos de sitges. - imagenInmueble13&quot;},{&quot;image&quot;:&quot;https:\\\/\\\/fotos15.apinmo.com\\\/1045\\\/8039595\\\/25-15.jpg&quot;,&quot;alt&quot;:&quot;Finca r\\u00fastica con dos casas a cinco minutos de sitges. - imagenInmueble14&quot;},{&quot;image&quot;:&quot;https:\\\/\\\/fotos15.apinmo.com\\\/1045\\\/8039595\\\/25-16.jpg&quot;,&quot;alt&quot;:&quot;Finca r\\u00fastica con dos casas a cinco minutos de sitges. - imagenInmueble15&quot;},{&quot;image&quot;:&quot;https:\\\/\\\/fotos15.apinmo.com\\\/1045\\\/8039595\\\/25-17.jpg&quot;,&quot;alt&quot;:&quot;Finca r\\u00fastica con dos casas a cinco minutos de sitges. - imagenInmueble16&quot;},{&quot;image&quot;:&quot;https:\\\/\\\/fotos15.apinmo.com\\\/1045\\\/8039595\\\/25-18.jpg&quot;,&quot;alt&quot;:&quot;Finca r\\u00fastica con dos casas a cinco minutos de sitges. - imagenInmueble17&quot;},{&quot;image&quot;:&quot;https:\\\/\\\/fotos15.apinmo.com\\\/1045\\\/8039595\\\/25-19.jpg&quot;,&quot;alt&quot;:&quot;Finca r\\u00fastica con dos casas a cinco minutos de sitges. - imagenInmueble18&quot;},{&quot;image&quot;:&quot;https:\\\/\\\/fotos15.apinmo.com\\\/1045\\\/8039595\\\/25-20.jpg&quot;,&quot;alt&quot;:&quot;Finca r\\u00fastica con dos casas a cinco minutos de sitges. - imagenInmueble19&quot;},{&quot;image&quot;:&quot;https:\\\/\\\/fotos15.apinmo.com\\\/1045\\\/8039595\\\/25-21.jpg&quot;,&quot;alt&quot;:&quot;Finca r\\u00fastica con dos casas a cinco minutos de sitges. - imagenInmueble20&quot;},{&quot;image&quot;:&quot;https:\\\/\\\/fotos15.apinmo.com\\\/1045\\\/8039595\\\/25-22.jpg&quot;,&quot;alt&quot;:&quot;Finca r\\u00fastica con dos casas a cinco minutos de sitges. - imagenInmueble21&quot;},{&quot;image&quot;:&quot;https:\\\/\\\/fotos15.apinmo.com\\\/1045\\\/8039595\\\/25-23.jpg&quot;,&quot;alt&quot;:&quot;Finca r\\u00fastica con dos casas a cinco minutos de sitges. - imagenInmueble22&quot;},{&quot;image&quot;:&quot;https:\\\/\\\/fotos15.apinmo.com\\\/1045\\\/8039595\\\/25-24.jpg&quot;,&quot;alt&quot;:&quot;Finca r\\u00fastica con dos casas a cinco minutos de sitges. - imagenInmueble23&quot;},{&quot;image&quot;:&quot;https:\\\/\\\/fotos15.apinmo.com\\\/1045\\\/8039595\\\/25-25.jpg&quot;,&quot;alt&quot;:&quot;Finca r\\u00fastica con dos casas a cinco minutos de sitges. - imagenInmueble24&quot;},{&quot;image&quot;:&quot;https:\\\/\\\/fotos15.apinmo.com\\\/1045\\\/8039595\\\/25-26.jpg&quot;,&quot;alt&quot;:&quot;Finca r\\u00fastica con dos casas a cinco minutos de sitges. - imagenInmueble25&quot;},{&quot;image&quot;:&quot;https:\\\/\\\/fotos15.apinmo.com\\\/1045\\\/8039595\\\/25-27.jpg&quot;,&quot;alt&quot;:&quot;Finca r\\u00fastica con dos casas a cinco minutos de sitges. - imagenInmueble26&quot;},{&quot;image&quot;:&quot;https:\\\/\\\/fotos15.apinmo.com\\\/1045\\\/8039595\\\/25-28.jpg&quot;,&quot;alt&quot;:&quot;Finca r\\u00fastica con dos casas a cinco minutos de sitges. - imagenInmueble27&quot;},{&quot;image&quot;:&quot;https:\\\/\\\/fotos15.apinmo.com\\\/1045\\\/8039595\\\/25-29.jpg&quot;,&quot;alt&quot;:&quot;Finca r\\u00fastica con dos casas a cinco minutos de sitges. - imagenInmueble28&quot;},{&quot;image&quot;:&quot;https:\\\/\\\/fotos15.apinmo.com\\\/1045\\\/8039595\\\/25-30.jpg&quot;,&quot;alt&quot;:&quot;Finca r\\u00fastica con dos casas a cinco minutos de sitges. - imagenInmueble29&quot;},{&quot;image&quot;:&quot;https:\\\/\\\/fotos15.apinmo.com\\\/1045\\\/8039595\\\/25-31.jpg&quot;,&quot;alt&quot;:&quot;Finca r\\u00fastica con dos casas a cinco minutos de sitges. - imagenInmueble30&quot;},{&quot;image&quot;:&quot;https:\\\/\\\/fotos15.apinmo.com\\\/1045\\\/8039595\\\/25-32.jpg&quot;,&quot;alt&quot;:&quot;Finca r\\u00fastica con dos casas a cinco minutos de sitges. - imagenInmueble31&quot;},{&quot;image&quot;:&quot;https:\\\/\\\/fotos15.apinmo.com\\\/1045\\\/8039595\\\/25-33.jpg&quot;,&quot;alt&quot;:&quot;Finca r\\u00fastica con dos casas a cinco minutos de sitges. - imagenInmueble32&quot;},{&quot;image&quot;:&quot;https:\\\/\\\/fotos15.apinmo.com\\\/1045\\\/8039595\\\/25-34.jpg&quot;,&quot;alt&quot;:&quot;Finca r\\u00fastica con dos casas a cinco minutos de sitges. - imagenInmueble33&quot;},{&quot;image&quot;:&quot;https:\\\/\\\/fotos15.apinmo.com\\\/1045\\\/8039595\\\/25-35.jpg&quot;,&quot;alt&quot;:&quot;Finca r\\u00fastica con dos casas a cinco minutos de sitges. - imagenInmueble34&quot;},{&quot;image&quot;:&quot;https:\\\/\\\/fotos15.apinmo.com\\\/1045\\\/8039595\\\/25-36.jpg&quot;,&quot;alt&quot;:&quot;Finca r\\u00fastica con dos casas a cinco minutos de sitges. - imagenInmueble35&quot;},{&quot;image&quot;:&quot;https:\\\/\\\/fotos15.apinmo.com\\\/1045\\\/8039595\\\/25-37.jpg&quot;,&quot;alt&quot;:&quot;Finca r\\u00fastica con dos casas a cinco minutos de sitges. - imagenInmueble36&quot;},{&quot;image&quot;:&quot;https:\\\/\\\/fotos15.apinmo.com\\\/1045\\\/8039595\\\/25-38.jpg&quot;,&quot;alt&quot;:&quot;Finca r\\u00fastica con dos casas a cinco minutos de sitges. - imagenInmueble37&quot;},{&quot;image&quot;:&quot;https:\\\/\\\/fotos15.apinmo.com\\\/1045\\\/8039595\\\/25-39.jpg&quot;,&quot;alt&quot;:&quot;Finca r\\u00fastica con dos casas a cinco minutos de sitges. - imagenInmueble38&quot;},{&quot;image&quot;:&quot;https:\\\/\\\/fotos15.apinmo.com\\\/1045\\\/8039595\\\/25-40.jpg&quot;,&quot;alt&quot;:&quot;Finca r\\u00fastica con dos casas a cinco minutos de sitges. - imagenInmueble39&quot;}]\">\n\t<div class=\"item-wrap item-wrap-v1 item-wrap-no-frame h-100\">\n\t\t<div class=\"d-flex align-items-center h-100\">\n\t\t\t<div class=\"item-header\">\n\t\t\t\t\t\t\t\t<div class=\"labels-wrap labels-right\"> \n\n\t<a href=\"https:\/\/www.laclauelite.com\/ca\/status\/venda\/\" class=\"label-status label status-color-167\">\n\t\t\t\t\tvenda\n\t\t\t\t<\/a>       \n\n<\/div>\n\t\t\t\t<ul class=\"item-price-wrap hide-on-list\">\n\t<li class=\"item-price\">5,000,000\u20ac<\/li><\/ul>\t\t\t\t<ul class=\"item-tools\">\n\n        <li class=\"item-tool item-preview\">\n        <span class=\"hz-show-lightbox-js\" data-listid=\"1081910\" data-toggle=\"tooltip\" data-placement=\"top\" title=\"Preview\">\n                <i class=\"houzez-icon icon-expand-3\"><\/i>   \n        <\/span><!-- item-tool-favorite -->\n    <\/li><!-- item-tool -->\n        \n        <li class=\"item-tool item-favorite\">\n        <span class=\"add-favorite-js item-tool-favorite\" data-toggle=\"tooltip\" data-placement=\"top\" title=\"Favourite\" data-listid=\"1081910\">\n            <i class=\"houzez-icon icon-love-it \"><\/i> \n        <\/span><!-- item-tool-favorite -->\n    <\/li><!-- item-tool -->\n    \n        <li class=\"item-tool item-compare\">\n        <span class=\"houzez_compare compare-1081910 item-tool-compare show-compare-panel\" data-toggle=\"tooltip\" data-placement=\"top\" title=\"Add to Compare\" data-listing_id=\"1081910\" data-listing_image=\"https:\/\/fotos15.apinmo.com\/1045\/8039595\/25-1.jpg\">\n            <i class=\"houzez-icon icon-add-circle\"><\/i>\n        <\/span><!-- item-tool-compare -->\n    <\/li><!-- item-tool -->\n    <\/ul><!-- item-tools -->\n\t\t\t\t<div class=\"listing-image-wrap\">\n\t<div class=\"listing-thumb\">\n\t\t<a target=_self href=\"https:\/\/www.laclauelite.com\/ca\/property\/finca-rustica-con-dos-casas-a-cinco-minutos-de-sitges-09094-ca\/\" class=\"listing-featured-thumb hover-effect\">\n\t\t\t                                                                                                                                                                                    <img loading=\"lazy\" decoding=\"async\" width=\"850\" height=\"426\" src=\"https:\/\/fotos15.apinmo.com\/1045\/8039595\/25-1.jpg\" class=\"img-fluid wp-post-image\" alt=\"Finca r\u00fastica con dos casas a cinco minutos de sitges. - imagenInmueble0\" srcset=\"https:\/\/fotos15.apinmo.com\/1045\/8039595\/25-1.jpg 850w, https:\/\/fotos15.apinmo.com\/1045\/8039595\/25-1.jpg 300w, https:\/\/fotos15.apinmo.com\/1045\/8039595\/25-1.jpg 768w, https:\/\/fotos15.apinmo.com\/1045\/8039595\/25-1s.jpg 150w, https:\/\/fotos15.apinmo.com\/1045\/8039595\/25-1.jpg 536w, https:\/\/fotos15.apinmo.com\/1045\/8039595\/25-1.jpg 770w\" sizes=\"(max-width: 850px) 100vw, 850px\" \/>\t\t<\/a><!-- hover-effect -->\n\t<\/div>\n<\/div>\n\t\t\t\t<div class=\"preview_loader\"><\/div>\n\t\t\t<\/div><!-- item-header -->\t\n\t\t\t<div class=\"item-body flex-grow-1\">\n\t\t\t\t<div class=\"labels-wrap labels-right\"> \n\n\t<a href=\"https:\/\/www.laclauelite.com\/ca\/status\/venda\/\" class=\"label-status label status-color-167\">\n\t\t\t\t\tvenda\n\t\t\t\t<\/a>       \n\n<\/div>\n\t\t\t\t<h2 class=\"item-title\">\n\t<a target=_self href=\"https:\/\/www.laclauelite.com\/ca\/property\/finca-rustica-con-dos-casas-a-cinco-minutos-de-sitges-09094-ca\/\">Finca r\u00fastica con dos casas a cinco minutos de Sitges. &#8211; 09094<\/a>\n<\/h2><!-- item-title -->\t\t\t\t<ul class=\"item-price-wrap hide-on-list\">\n\t<li class=\"item-price\">5,000,000\u20ac<\/li><\/ul>\t\t\t\t<address class=\"item-address\">Sant Pere de Ribes,Barcelona,Spain<\/address>\t\t\t\t<ul class=\"item-amenities item-amenities-with-icons\">\n\t<li class=\"h-beds\"><i class=\"houzez-icon icon-hotel-double-bed-1 mr-1\"><\/i><span class=\"item-amenities-text\">Cama:<\/span> <span class=\"hz-figure\">0<\/span><\/li><li class=\"h-baths\"><i class=\"houzez-icon icon-bathroom-shower-1 mr-1\"><\/i><span class=\"item-amenities-text\">Ba\u00f1o:<\/span> <span class=\"hz-figure\">1<\/span><\/li><li class=\"h-area\"><i class=\"houzez-icon icon-ruler-triangle mr-1\"><\/i><span class=\"hz-figure\">1800<\/span> <span class=\"hz-figure area_postfix\">m&sup2;<\/span><\/li><li class=\"h-type\"><span>Casas<\/span><\/li><\/ul>\t\t\t\t<a class=\"btn btn-primary btn-item \" target=_self href=\"https:\/\/www.laclauelite.com\/ca\/property\/finca-rustica-con-dos-casas-a-cinco-minutos-de-sitges-09094-ca\/\">\n\tDetalls<\/a><!-- btn-item -->\n\t\t\t\t<div class=\"item-author\">\n\t<i class=\"houzez-icon icon-single-neutral mr-1\"><\/i>\n\t<a href=\"https:\/\/www.laclauelite.com\/ca\/agent\/fincas-la-clau-elite\/\">Fincas La Clau Elite<\/a> <\/div><!-- item-author -->\n\t\t\t\t<div class=\"item-date\">\n\t<i class=\"houzez-icon icon-attachment mr-1\"><\/i>\n\t2 anys ago<\/div><!-- item-date -->\n\t\t\t<\/div><!-- item-body -->\n\n\t\t\t\t\t\t<div class=\"item-footer clearfix\">\n\t\t\t\t<div class=\"item-author\">\n\t<i class=\"houzez-icon icon-single-neutral mr-1\"><\/i>\n\t<a href=\"https:\/\/www.laclauelite.com\/ca\/agent\/fincas-la-clau-elite\/\">Fincas La Clau Elite<\/a> <\/div><!-- item-author -->\n\t\t\t\t<div class=\"item-date\">\n\t<i class=\"houzez-icon icon-attachment mr-1\"><\/i>\n\t2 anys ago<\/div><!-- item-date -->\n\t\t\t<\/div>\n\t\t\t\t\t<\/div><!-- d-flex -->\n\t<\/div><!-- item-wrap -->\n<\/div><!-- item-listing-wrap -->\t\t\t\t<\/div><!-- testimonials-slider -->\r\n\t\t\t<\/div><!-- listing-view grid-view -->\r\n\t\t<\/div><!-- testimonials-module -->\r\n\r\n\t\t\t\t<\/div>\n\t\t\t\t<\/div>\n\t\t\t\t\t<\/div>\n\t\t<\/div>\n\t\t\t\t\t\t\t<\/div>\n\t\t<\/section>\n\t\t\t\t<section class=\"elementor-section elementor-top-section elementor-element elementor-element-8ab3321 elementor-section-boxed elementor-section-height-default elementor-section-height-default\" data-id=\"8ab3321\" data-element_type=\"section\">\n\t\t\t\t\t\t<div class=\"elementor-container elementor-column-gap-default\">\n\t\t\t\t\t<div class=\"elementor-column elementor-col-100 elementor-top-column elementor-element elementor-element-19e76a4\" data-id=\"19e76a4\" data-element_type=\"column\">\n\t\t\t<div class=\"elementor-widget-wrap elementor-element-populated\">\n\t\t\t\t\t\t\t\t<div class=\"elementor-element elementor-element-157aaf0 animated-slow elementor-invisible elementor-widget elementor-widget-heading\" data-id=\"157aaf0\" data-element_type=\"widget\" data-settings=\"{&quot;_animation&quot;:&quot;fadeIn&quot;}\" data-widget_type=\"heading.default\">\n\t\t\t\t<div class=\"elementor-widget-container\">\n\t\t\t<h3 class=\"elementor-heading-title elementor-size-large\">Apartaments<\/h3>\t\t<\/div>\n\t\t\t\t<\/div>\n\t\t\t\t\t<\/div>\n\t\t<\/div>\n\t\t\t\t\t\t\t<\/div>\n\t\t<\/section>\n\t\t\t\t<section class=\"elementor-section elementor-top-section elementor-element elementor-element-ed33834 animated-slow elementor-section-boxed elementor-section-height-default elementor-section-height-default elementor-invisible\" data-id=\"ed33834\" data-element_type=\"section\" data-settings=\"{&quot;animation&quot;:&quot;fadeIn&quot;,&quot;animation_delay&quot;:0}\">\n\t\t\t\t\t\t<div class=\"elementor-container elementor-column-gap-default\">\n\t\t\t\t\t<div class=\"elementor-column elementor-col-100 elementor-top-column elementor-element elementor-element-63dd4ba\" data-id=\"63dd4ba\" data-element_type=\"column\">\n\t\t\t<div class=\"elementor-widget-wrap elementor-element-populated\">\n\t\t\t\t\t\t\t\t<div class=\"elementor-element elementor-element-fc079ee elementor-widget elementor-widget-houzez_elementor_properties_carousel_v2\" data-id=\"fc079ee\" data-element_type=\"widget\" data-widget_type=\"houzez_elementor_properties_carousel_v2.default\">\n\t\t\t\t<div class=\"elementor-widget-container\">\n\t\t\t\r\n\t\t<div class=\"property-carousel-module houzez-carousel-arrows-rWNXo houzez-carousel-cols-1 property-carousel-module-v2\">\r\n\r\n\t\t\t<div class=\"property-carousel-buttons-wrap\">\r\n\t\t\t\t\t\t\t\t<button type=\"button\" class=\"slick-prev-js-rWNXo slick-prev btn-primary-outlined\">Prev<\/button>\r\n\t\t\t\t<button type=\"button\" class=\"slick-next-js-rWNXo slick-next btn-primary-outlined\">Next<\/button>\r\n\t\t\t\t\t\t\t\t\t\t\t<\/div><!-- property-carousel-buttons-wrap -->\r\n\r\n\t\t\t<div class=\"listing-view grid-view\">\r\n\t\t\t\t\r\n\t\t\t\t<div id=\"houzez-properties-carousel-rWNXo\" data-token=\"rWNXo\" class=\"houzez-properties-carousel-js houzez-all-slider-wrap card-deck\">\r\n\t\t\t\t\t<div class=\"item-listing-wrap hz-item-gallery-js card\" data-hz-id=\"hz-1081986\" data-images=\"[{&quot;image&quot;:&quot;https:\\\/\\\/fotos15.apinmo.com\\\/1045\\\/20965375\\\/61-1.jpg&quot;,&quot;alt&quot;:&quot;Casa de pescadores en el centro de sitges - imagenInmueble0&quot;},{&quot;image&quot;:&quot;https:\\\/\\\/fotos15.apinmo.com\\\/1045\\\/20965375\\\/61-1.jpg&quot;,&quot;alt&quot;:&quot;Casa de pescadores en el centro de sitges - imagenInmueble0&quot;},{&quot;image&quot;:&quot;https:\\\/\\\/fotos15.apinmo.com\\\/1045\\\/20965375\\\/61-2.jpg&quot;,&quot;alt&quot;:&quot;Casa de pescadores en el centro de sitges - imagenInmueble1&quot;},{&quot;image&quot;:&quot;https:\\\/\\\/fotos15.apinmo.com\\\/1045\\\/20965375\\\/61-3.jpg&quot;,&quot;alt&quot;:&quot;Casa de pescadores en el centro de sitges - imagenInmueble2&quot;},{&quot;image&quot;:&quot;https:\\\/\\\/fotos15.apinmo.com\\\/1045\\\/20965375\\\/61-4.jpg&quot;,&quot;alt&quot;:&quot;Casa de pescadores en el centro de sitges - imagenInmueble3&quot;},{&quot;image&quot;:&quot;https:\\\/\\\/fotos15.apinmo.com\\\/1045\\\/20965375\\\/61-5.jpg&quot;,&quot;alt&quot;:&quot;Casa de pescadores en el centro de sitges - imagenInmueble4&quot;},{&quot;image&quot;:&quot;https:\\\/\\\/fotos15.apinmo.com\\\/1045\\\/20965375\\\/61-6.jpg&quot;,&quot;alt&quot;:&quot;Casa de pescadores en el centro de sitges - imagenInmueble5&quot;},{&quot;image&quot;:&quot;https:\\\/\\\/fotos15.apinmo.com\\\/1045\\\/20965375\\\/61-7.jpg&quot;,&quot;alt&quot;:&quot;Casa de pescadores en el centro de sitges - imagenInmueble6&quot;},{&quot;image&quot;:&quot;https:\\\/\\\/fotos15.apinmo.com\\\/1045\\\/20965375\\\/61-8.jpg&quot;,&quot;alt&quot;:&quot;Casa de pescadores en el centro de sitges - imagenInmueble7&quot;},{&quot;image&quot;:&quot;https:\\\/\\\/fotos15.apinmo.com\\\/1045\\\/20965375\\\/61-9.jpg&quot;,&quot;alt&quot;:&quot;Casa de pescadores en el centro de sitges - imagenInmueble8&quot;},{&quot;image&quot;:&quot;https:\\\/\\\/fotos15.apinmo.com\\\/1045\\\/20965375\\\/61-10.jpg&quot;,&quot;alt&quot;:&quot;Casa de pescadores en el centro de sitges - imagenInmueble9&quot;},{&quot;image&quot;:&quot;https:\\\/\\\/fotos15.apinmo.com\\\/1045\\\/20965375\\\/61-11.jpg&quot;,&quot;alt&quot;:&quot;Casa de pescadores en el centro de sitges - imagenInmueble10&quot;},{&quot;image&quot;:&quot;https:\\\/\\\/fotos15.apinmo.com\\\/1045\\\/20965375\\\/61-12.jpg&quot;,&quot;alt&quot;:&quot;Casa de pescadores en el centro de sitges - imagenInmueble11&quot;},{&quot;image&quot;:&quot;https:\\\/\\\/fotos15.apinmo.com\\\/1045\\\/20965375\\\/61-13.jpg&quot;,&quot;alt&quot;:&quot;Casa de pescadores en el centro de sitges - imagenInmueble12&quot;},{&quot;image&quot;:&quot;https:\\\/\\\/fotos15.apinmo.com\\\/1045\\\/20965375\\\/61-14.jpg&quot;,&quot;alt&quot;:&quot;Casa de pescadores en el centro de sitges - imagenInmueble13&quot;},{&quot;image&quot;:&quot;https:\\\/\\\/fotos15.apinmo.com\\\/1045\\\/20965375\\\/61-15.jpg&quot;,&quot;alt&quot;:&quot;Casa de pescadores en el centro de sitges - imagenInmueble14&quot;},{&quot;image&quot;:&quot;https:\\\/\\\/fotos15.apinmo.com\\\/1045\\\/20965375\\\/61-16.jpg&quot;,&quot;alt&quot;:&quot;Casa de pescadores en el centro de sitges - imagenInmueble15&quot;},{&quot;image&quot;:&quot;https:\\\/\\\/fotos15.apinmo.com\\\/1045\\\/20965375\\\/61-17.jpg&quot;,&quot;alt&quot;:&quot;Casa de pescadores en el centro de sitges - imagenInmueble16&quot;},{&quot;image&quot;:&quot;https:\\\/\\\/fotos15.apinmo.com\\\/1045\\\/20965375\\\/61-18.jpg&quot;,&quot;alt&quot;:&quot;Casa de pescadores en el centro de sitges - imagenInmueble17&quot;},{&quot;image&quot;:&quot;https:\\\/\\\/fotos15.apinmo.com\\\/1045\\\/20965375\\\/61-19.jpg&quot;,&quot;alt&quot;:&quot;Casa de pescadores en el centro de sitges - imagenInmueble18&quot;},{&quot;image&quot;:&quot;https:\\\/\\\/fotos15.apinmo.com\\\/1045\\\/20965375\\\/61-20.jpg&quot;,&quot;alt&quot;:&quot;Casa de pescadores en el centro de sitges - imagenInmueble19&quot;},{&quot;image&quot;:&quot;https:\\\/\\\/fotos15.apinmo.com\\\/1045\\\/20965375\\\/61-21.jpg&quot;,&quot;alt&quot;:&quot;Casa de pescadores en el centro de sitges - imagenInmueble20&quot;},{&quot;image&quot;:&quot;https:\\\/\\\/fotos15.apinmo.com\\\/1045\\\/20965375\\\/61-22.jpg&quot;,&quot;alt&quot;:&quot;Casa de pescadores en el centro de sitges - imagenInmueble21&quot;},{&quot;image&quot;:&quot;https:\\\/\\\/fotos15.apinmo.com\\\/1045\\\/20965375\\\/61-23.jpg&quot;,&quot;alt&quot;:&quot;Casa de pescadores en el centro de sitges - imagenInmueble22&quot;},{&quot;image&quot;:&quot;https:\\\/\\\/fotos15.apinmo.com\\\/1045\\\/20965375\\\/61-24.jpg&quot;,&quot;alt&quot;:&quot;Casa de pescadores en el centro de sitges - imagenInmueble23&quot;},{&quot;image&quot;:&quot;https:\\\/\\\/fotos15.apinmo.com\\\/1045\\\/20965375\\\/61-25.jpg&quot;,&quot;alt&quot;:&quot;Casa de pescadores en el centro de sitges - imagenInmueble24&quot;},{&quot;image&quot;:&quot;https:\\\/\\\/fotos15.apinmo.com\\\/1045\\\/20965375\\\/61-26.jpg&quot;,&quot;alt&quot;:&quot;Casa de pescadores en el centro de sitges - imagenInmueble25&quot;},{&quot;image&quot;:&quot;https:\\\/\\\/fotos15.apinmo.com\\\/1045\\\/20965375\\\/61-27.jpg&quot;,&quot;alt&quot;:&quot;Casa de pescadores en el centro de sitges - imagenInmueble26&quot;},{&quot;image&quot;:&quot;https:\\\/\\\/fotos15.apinmo.com\\\/1045\\\/20965375\\\/61-28.jpg&quot;,&quot;alt&quot;:&quot;Casa de pescadores en el centro de sitges - imagenInmueble27&quot;},{&quot;image&quot;:&quot;https:\\\/\\\/fotos15.apinmo.com\\\/1045\\\/20965375\\\/61-29.jpg&quot;,&quot;alt&quot;:&quot;Casa de pescadores en el centro de sitges - imagenInmueble28&quot;},{&quot;image&quot;:&quot;https:\\\/\\\/fotos15.apinmo.com\\\/1045\\\/20965375\\\/61-30.jpg&quot;,&quot;alt&quot;:&quot;Casa de pescadores en el centro de sitges - imagenInmueble29&quot;},{&quot;image&quot;:&quot;https:\\\/\\\/fotos15.apinmo.com\\\/1045\\\/20965375\\\/61-31.jpg&quot;,&quot;alt&quot;:&quot;Casa de pescadores en el centro de sitges - imagenInmueble30&quot;},{&quot;image&quot;:&quot;https:\\\/\\\/fotos15.apinmo.com\\\/1045\\\/20965375\\\/61-32.jpg&quot;,&quot;alt&quot;:&quot;Casa de pescadores en el centro de sitges - imagenInmueble31&quot;},{&quot;image&quot;:&quot;https:\\\/\\\/fotos15.apinmo.com\\\/1045\\\/20965375\\\/61-33.jpg&quot;,&quot;alt&quot;:&quot;Casa de pescadores en el centro de sitges - imagenInmueble32&quot;},{&quot;image&quot;:&quot;https:\\\/\\\/fotos15.apinmo.com\\\/1045\\\/20965375\\\/61-34.jpg&quot;,&quot;alt&quot;:&quot;Casa de pescadores en el centro de sitges - imagenInmueble33&quot;},{&quot;image&quot;:&quot;https:\\\/\\\/fotos15.apinmo.com\\\/1045\\\/20965375\\\/61-35.jpg&quot;,&quot;alt&quot;:&quot;Casa de pescadores en el centro de sitges - imagenInmueble34&quot;},{&quot;image&quot;:&quot;https:\\\/\\\/fotos15.apinmo.com\\\/1045\\\/20965375\\\/61-36.jpg&quot;,&quot;alt&quot;:&quot;Casa de pescadores en el centro de sitges - imagenInmueble35&quot;},{&quot;image&quot;:&quot;https:\\\/\\\/fotos15.apinmo.com\\\/1045\\\/20965375\\\/61-37.jpg&quot;,&quot;alt&quot;:&quot;Casa de pescadores en el centro de sitges - imagenInmueble36&quot;},{&quot;image&quot;:&quot;https:\\\/\\\/fotos15.apinmo.com\\\/1045\\\/20965375\\\/61-38.jpg&quot;,&quot;alt&quot;:&quot;Casa de pescadores en el centro de sitges - imagenInmueble37&quot;},{&quot;image&quot;:&quot;https:\\\/\\\/fotos15.apinmo.com\\\/1045\\\/20965375\\\/61-39.jpg&quot;,&quot;alt&quot;:&quot;Casa de pescadores en el centro de sitges - imagenInmueble38&quot;}]\">\n\t<div class=\"item-wrap item-wrap-v1 item-wrap-no-frame h-100\">\n\t\t<div class=\"d-flex align-items-center h-100\">\n\t\t\t<div class=\"item-header\">\n\t\t\t\t\t\t\t\t<div class=\"labels-wrap labels-right\"> \n\n\t<a href=\"https:\/\/www.laclauelite.com\/ca\/status\/venda\/\" class=\"label-status label status-color-167\">\n\t\t\t\t\tvenda\n\t\t\t\t<\/a>       \n\n<\/div>\n\t\t\t\t<ul class=\"item-price-wrap hide-on-list\">\n\t<li class=\"item-price\">995,000\u20ac<\/li><\/ul>\t\t\t\t<ul class=\"item-tools\">\n\n        <li class=\"item-tool item-preview\">\n        <span class=\"hz-show-lightbox-js\" data-listid=\"1081986\" data-toggle=\"tooltip\" data-placement=\"top\" title=\"Preview\">\n                <i class=\"houzez-icon icon-expand-3\"><\/i>   \n        <\/span><!-- item-tool-favorite -->\n    <\/li><!-- item-tool -->\n        \n        <li class=\"item-tool item-favorite\">\n        <span class=\"add-favorite-js item-tool-favorite\" data-toggle=\"tooltip\" data-placement=\"top\" title=\"Favourite\" data-listid=\"1081986\">\n            <i class=\"houzez-icon icon-love-it \"><\/i> \n        <\/span><!-- item-tool-favorite -->\n    <\/li><!-- item-tool -->\n    \n        <li class=\"item-tool item-compare\">\n        <span class=\"houzez_compare compare-1081986 item-tool-compare show-compare-panel\" data-toggle=\"tooltip\" data-placement=\"top\" title=\"Add to Compare\" data-listing_id=\"1081986\" data-listing_image=\"https:\/\/fotos15.apinmo.com\/1045\/20965375\/61-1.jpg\">\n            <i class=\"houzez-icon icon-add-circle\"><\/i>\n        <\/span><!-- item-tool-compare -->\n    <\/li><!-- item-tool -->\n    <\/ul><!-- item-tools -->\n\t\t\t\t<div class=\"listing-image-wrap\">\n\t<div class=\"listing-thumb\">\n\t\t<a target=_self href=\"https:\/\/www.laclauelite.com\/ca\/property\/casa-de-pescadores-en-el-centro-de-sitges-11086-ca\/\" class=\"listing-featured-thumb hover-effect\">\n\t\t\t                                                                                                                                                                                    <img loading=\"lazy\" decoding=\"async\" width=\"850\" height=\"426\" src=\"https:\/\/fotos15.apinmo.com\/1045\/20965375\/61-1.jpg\" class=\"img-fluid wp-post-image\" alt=\"Casa de pescadores en el centro de sitges - imagenInmueble0\" srcset=\"https:\/\/fotos15.apinmo.com\/1045\/20965375\/61-1.jpg 850w, https:\/\/fotos15.apinmo.com\/1045\/20965375\/61-1.jpg 300w, https:\/\/fotos15.apinmo.com\/1045\/20965375\/61-1.jpg 768w, https:\/\/fotos15.apinmo.com\/1045\/20965375\/61-1s.jpg 150w, https:\/\/fotos15.apinmo.com\/1045\/20965375\/61-1.jpg 536w, https:\/\/fotos15.apinmo.com\/1045\/20965375\/61-1.jpg 770w\" sizes=\"(max-width: 850px) 100vw, 850px\" \/>\t\t<\/a><!-- hover-effect -->\n\t<\/div>\n<\/div>\n\t\t\t\t<div class=\"preview_loader\"><\/div>\n\t\t\t<\/div><!-- item-header -->\t\n\t\t\t<div class=\"item-body flex-grow-1\">\n\t\t\t\t<div class=\"labels-wrap labels-right\"> \n\n\t<a href=\"https:\/\/www.laclauelite.com\/ca\/status\/venda\/\" class=\"label-status label status-color-167\">\n\t\t\t\t\tvenda\n\t\t\t\t<\/a>       \n\n<\/div>\n\t\t\t\t<h2 class=\"item-title\">\n\t<a target=_self href=\"https:\/\/www.laclauelite.com\/ca\/property\/casa-de-pescadores-en-el-centro-de-sitges-11086-ca\/\">Casa de pescadores en el centro de Sitges &#8211; 11086<\/a>\n<\/h2><!-- item-title -->\t\t\t\t<ul class=\"item-price-wrap hide-on-list\">\n\t<li class=\"item-price\">995,000\u20ac<\/li><\/ul>\t\t\t\t<address class=\"item-address\">Sitges,Barcelona,Spain<\/address>\t\t\t\t<ul class=\"item-amenities item-amenities-with-icons\">\n\t<li class=\"h-beds\"><i class=\"houzez-icon icon-hotel-double-bed-1 mr-1\"><\/i><span class=\"item-amenities-text\">Camas:<\/span> <span class=\"hz-figure\">3<\/span><\/li><li class=\"h-baths\"><i class=\"houzez-icon icon-bathroom-shower-1 mr-1\"><\/i><span class=\"item-amenities-text\">Ba\u00f1os:<\/span> <span class=\"hz-figure\">3<\/span><\/li><li class=\"h-area\"><i class=\"houzez-icon icon-ruler-triangle mr-1\"><\/i><span class=\"hz-figure\">160<\/span> <span class=\"hz-figure area_postfix\">m&sup2;<\/span><\/li><li class=\"h-type\"><span>Casas<\/span><\/li><\/ul>\t\t\t\t<a class=\"btn btn-primary btn-item \" target=_self href=\"https:\/\/www.laclauelite.com\/ca\/property\/casa-de-pescadores-en-el-centro-de-sitges-11086-ca\/\">\n\tDetalls<\/a><!-- btn-item -->\n\t\t\t\t<div class=\"item-author\">\n\t<i class=\"houzez-icon icon-single-neutral mr-1\"><\/i>\n\t<a href=\"https:\/\/www.laclauelite.com\/ca\/agent\/fincas-la-clau-elite\/\">Fincas La Clau Elite<\/a> <\/div><!-- item-author -->\n\t\t\t\t<div class=\"item-date\">\n\t<i class=\"houzez-icon icon-attachment mr-1\"><\/i>\n\t1 dia ago<\/div><!-- item-date -->\n\t\t\t<\/div><!-- item-body -->\n\n\t\t\t\t\t\t<div class=\"item-footer clearfix\">\n\t\t\t\t<div class=\"item-author\">\n\t<i class=\"houzez-icon icon-single-neutral mr-1\"><\/i>\n\t<a href=\"https:\/\/www.laclauelite.com\/ca\/agent\/fincas-la-clau-elite\/\">Fincas La Clau Elite<\/a> <\/div><!-- item-author -->\n\t\t\t\t<div class=\"item-date\">\n\t<i class=\"houzez-icon icon-attachment mr-1\"><\/i>\n\t1 dia ago<\/div><!-- item-date -->\n\t\t\t<\/div>\n\t\t\t\t\t<\/div><!-- d-flex -->\n\t<\/div><!-- item-wrap -->\n<\/div><!-- item-listing-wrap --><div class=\"item-listing-wrap hz-item-gallery-js card\" data-hz-id=\"hz-1082123\" data-images=\"[{&quot;image&quot;:&quot;https:\\\/\\\/fotos15.apinmo.com\\\/1045\\\/28359471\\\/20-1.jpg&quot;,&quot;alt&quot;:&quot;Casa pareada en levantina con magnificas vistas al mar y a sitges - imagenInmueble0&quot;},{&quot;image&quot;:&quot;https:\\\/\\\/fotos15.apinmo.com\\\/1045\\\/28359471\\\/20-1.jpg&quot;,&quot;alt&quot;:&quot;Casa pareada en levantina con magnificas vistas al mar y a sitges - imagenInmueble0&quot;},{&quot;image&quot;:&quot;https:\\\/\\\/fotos15.apinmo.com\\\/1045\\\/28359471\\\/20-2.jpg&quot;,&quot;alt&quot;:&quot;Casa pareada en levantina con magnificas vistas al mar y a sitges - imagenInmueble1&quot;},{&quot;image&quot;:&quot;https:\\\/\\\/fotos15.apinmo.com\\\/1045\\\/28359471\\\/20-3.jpg&quot;,&quot;alt&quot;:&quot;Casa pareada en levantina con magnificas vistas al mar y a sitges - imagenInmueble2&quot;},{&quot;image&quot;:&quot;https:\\\/\\\/fotos15.apinmo.com\\\/1045\\\/28359471\\\/20-4.jpg&quot;,&quot;alt&quot;:&quot;Casa pareada en levantina con magnificas vistas al mar y a sitges - imagenInmueble3&quot;},{&quot;image&quot;:&quot;https:\\\/\\\/fotos15.apinmo.com\\\/1045\\\/28359471\\\/20-5.jpg&quot;,&quot;alt&quot;:&quot;Casa pareada en levantina con magnificas vistas al mar y a sitges - imagenInmueble4&quot;},{&quot;image&quot;:&quot;https:\\\/\\\/fotos15.apinmo.com\\\/1045\\\/28359471\\\/20-6.jpg&quot;,&quot;alt&quot;:&quot;Casa pareada en levantina con magnificas vistas al mar y a sitges - imagenInmueble5&quot;},{&quot;image&quot;:&quot;https:\\\/\\\/fotos15.apinmo.com\\\/1045\\\/28359471\\\/20-7.jpg&quot;,&quot;alt&quot;:&quot;Casa pareada en levantina con magnificas vistas al mar y a sitges - imagenInmueble6&quot;},{&quot;image&quot;:&quot;https:\\\/\\\/fotos15.apinmo.com\\\/1045\\\/28359471\\\/20-8.jpg&quot;,&quot;alt&quot;:&quot;Casa pareada en levantina con magnificas vistas al mar y a sitges - imagenInmueble7&quot;},{&quot;image&quot;:&quot;https:\\\/\\\/fotos15.apinmo.com\\\/1045\\\/28359471\\\/20-9.jpg&quot;,&quot;alt&quot;:&quot;Casa pareada en levantina con magnificas vistas al mar y a sitges - imagenInmueble8&quot;},{&quot;image&quot;:&quot;https:\\\/\\\/fotos15.apinmo.com\\\/1045\\\/28359471\\\/20-10.jpg&quot;,&quot;alt&quot;:&quot;Casa pareada en levantina con magnificas vistas al mar y a sitges - imagenInmueble9&quot;},{&quot;image&quot;:&quot;https:\\\/\\\/fotos15.apinmo.com\\\/1045\\\/28359471\\\/20-11.jpg&quot;,&quot;alt&quot;:&quot;Casa pareada en levantina con magnificas vistas al mar y a sitges - imagenInmueble10&quot;},{&quot;image&quot;:&quot;https:\\\/\\\/fotos15.apinmo.com\\\/1045\\\/28359471\\\/20-12.jpg&quot;,&quot;alt&quot;:&quot;Casa pareada en levantina con magnificas vistas al mar y a sitges - imagenInmueble11&quot;},{&quot;image&quot;:&quot;https:\\\/\\\/fotos15.apinmo.com\\\/1045\\\/28359471\\\/20-13.jpg&quot;,&quot;alt&quot;:&quot;Casa pareada en levantina con magnificas vistas al mar y a sitges - imagenInmueble12&quot;},{&quot;image&quot;:&quot;https:\\\/\\\/fotos15.apinmo.com\\\/1045\\\/28359471\\\/20-14.jpg&quot;,&quot;alt&quot;:&quot;Casa pareada en levantina con magnificas vistas al mar y a sitges - imagenInmueble13&quot;},{&quot;image&quot;:&quot;https:\\\/\\\/fotos15.apinmo.com\\\/1045\\\/28359471\\\/20-15.jpg&quot;,&quot;alt&quot;:&quot;Casa pareada en levantina con magnificas vistas al mar y a sitges - imagenInmueble14&quot;},{&quot;image&quot;:&quot;https:\\\/\\\/fotos15.apinmo.com\\\/1045\\\/28359471\\\/20-16.jpg&quot;,&quot;alt&quot;:&quot;Casa pareada en levantina con magnificas vistas al mar y a sitges - imagenInmueble15&quot;},{&quot;image&quot;:&quot;https:\\\/\\\/fotos15.apinmo.com\\\/1045\\\/28359471\\\/20-17.jpg&quot;,&quot;alt&quot;:&quot;Casa pareada en levantina con magnificas vistas al mar y a sitges - imagenInmueble16&quot;},{&quot;image&quot;:&quot;https:\\\/\\\/fotos15.apinmo.com\\\/1045\\\/28359471\\\/20-18.jpg&quot;,&quot;alt&quot;:&quot;Casa pareada en levantina con magnificas vistas al mar y a sitges - imagenInmueble17&quot;},{&quot;image&quot;:&quot;https:\\\/\\\/fotos15.apinmo.com\\\/1045\\\/28359471\\\/20-19.jpg&quot;,&quot;alt&quot;:&quot;Casa pareada en levantina con magnificas vistas al mar y a sitges - imagenInmueble18&quot;},{&quot;image&quot;:&quot;https:\\\/\\\/fotos15.apinmo.com\\\/1045\\\/28359471\\\/20-20.jpg&quot;,&quot;alt&quot;:&quot;Casa pareada en levantina con magnificas vistas al mar y a sitges - imagenInmueble19&quot;},{&quot;image&quot;:&quot;https:\\\/\\\/fotos15.apinmo.com\\\/1045\\\/28359471\\\/20-21.jpg&quot;,&quot;alt&quot;:&quot;Casa pareada en levantina con magnificas vistas al mar y a sitges - imagenInmueble20&quot;},{&quot;image&quot;:&quot;https:\\\/\\\/fotos15.apinmo.com\\\/1045\\\/28359471\\\/20-22.jpg&quot;,&quot;alt&quot;:&quot;Casa pareada en levantina con magnificas vistas al mar y a sitges - imagenInmueble21&quot;},{&quot;image&quot;:&quot;https:\\\/\\\/fotos15.apinmo.com\\\/1045\\\/28359471\\\/20-23.jpg&quot;,&quot;alt&quot;:&quot;Casa pareada en levantina con magnificas vistas al mar y a sitges - imagenInmueble22&quot;},{&quot;image&quot;:&quot;https:\\\/\\\/fotos15.apinmo.com\\\/1045\\\/28359471\\\/20-24.jpg&quot;,&quot;alt&quot;:&quot;Casa pareada en levantina con magnificas vistas al mar y a sitges - imagenInmueble23&quot;},{&quot;image&quot;:&quot;https:\\\/\\\/fotos15.apinmo.com\\\/1045\\\/28359471\\\/20-25.jpg&quot;,&quot;alt&quot;:&quot;Casa pareada en levantina con magnificas vistas al mar y a sitges - imagenInmueble24&quot;},{&quot;image&quot;:&quot;https:\\\/\\\/fotos15.apinmo.com\\\/1045\\\/28359471\\\/20-26.jpg&quot;,&quot;alt&quot;:&quot;Casa pareada en levantina con magnificas vistas al mar y a sitges - imagenInmueble25&quot;},{&quot;image&quot;:&quot;https:\\\/\\\/fotos15.apinmo.com\\\/1045\\\/28359471\\\/20-27.jpg&quot;,&quot;alt&quot;:&quot;Casa pareada en levantina con magnificas vistas al mar y a sitges - imagenInmueble26&quot;},{&quot;image&quot;:&quot;https:\\\/\\\/fotos15.apinmo.com\\\/1045\\\/28359471\\\/20-28.jpg&quot;,&quot;alt&quot;:&quot;Casa pareada en levantina con magnificas vistas al mar y a sitges - imagenInmueble27&quot;},{&quot;image&quot;:&quot;https:\\\/\\\/fotos15.apinmo.com\\\/1045\\\/28359471\\\/20-29.jpg&quot;,&quot;alt&quot;:&quot;Casa pareada en levantina con magnificas vistas al mar y a sitges - imagenInmueble28&quot;},{&quot;image&quot;:&quot;https:\\\/\\\/fotos15.apinmo.com\\\/1045\\\/28359471\\\/20-30.jpg&quot;,&quot;alt&quot;:&quot;Casa pareada en levantina con magnificas vistas al mar y a sitges - imagenInmueble29&quot;},{&quot;image&quot;:&quot;https:\\\/\\\/fotos15.apinmo.com\\\/1045\\\/28359471\\\/20-31.jpg&quot;,&quot;alt&quot;:&quot;Casa pareada en levantina con magnificas vistas al mar y a sitges - imagenInmueble30&quot;},{&quot;image&quot;:&quot;https:\\\/\\\/fotos15.apinmo.com\\\/1045\\\/28359471\\\/20-32.jpg&quot;,&quot;alt&quot;:&quot;Casa pareada en levantina con magnificas vistas al mar y a sitges - imagenInmueble31&quot;},{&quot;image&quot;:&quot;https:\\\/\\\/fotos15.apinmo.com\\\/1045\\\/28359471\\\/20-33.jpg&quot;,&quot;alt&quot;:&quot;Casa pareada en levantina con magnificas vistas al mar y a sitges - imagenInmueble32&quot;},{&quot;image&quot;:&quot;https:\\\/\\\/fotos15.apinmo.com\\\/1045\\\/28359471\\\/20-34.jpg&quot;,&quot;alt&quot;:&quot;Casa pareada en levantina con magnificas vistas al mar y a sitges - imagenInmueble33&quot;},{&quot;image&quot;:&quot;https:\\\/\\\/fotos15.apinmo.com\\\/1045\\\/28359471\\\/20-35.jpg&quot;,&quot;alt&quot;:&quot;Casa pareada en levantina con magnificas vistas al mar y a sitges - imagenInmueble34&quot;},{&quot;image&quot;:&quot;https:\\\/\\\/fotos15.apinmo.com\\\/1045\\\/28359471\\\/20-36.jpg&quot;,&quot;alt&quot;:&quot;Casa pareada en levantina con magnificas vistas al mar y a sitges - imagenInmueble35&quot;},{&quot;image&quot;:&quot;https:\\\/\\\/fotos15.apinmo.com\\\/1045\\\/28359471\\\/20-37.jpg&quot;,&quot;alt&quot;:&quot;Casa pareada en levantina con magnificas vistas al mar y a sitges - imagenInmueble36&quot;},{&quot;image&quot;:&quot;https:\\\/\\\/fotos15.apinmo.com\\\/1045\\\/28359471\\\/20-38.jpg&quot;,&quot;alt&quot;:&quot;Casa pareada en levantina con magnificas vistas al mar y a sitges - imagenInmueble37&quot;},{&quot;image&quot;:&quot;https:\\\/\\\/fotos15.apinmo.com\\\/1045\\\/28359471\\\/20-39.jpg&quot;,&quot;alt&quot;:&quot;Casa pareada en levantina con magnificas vistas al mar y a sitges - imagenInmueble38&quot;},{&quot;image&quot;:&quot;https:\\\/\\\/fotos15.apinmo.com\\\/1045\\\/28359471\\\/20-40.jpg&quot;,&quot;alt&quot;:&quot;Casa pareada en levantina con magnificas vistas al mar y a sitges - imagenInmueble39&quot;},{&quot;image&quot;:&quot;https:\\\/\\\/fotos15.apinmo.com\\\/1045\\\/28359471\\\/20-41.jpg&quot;,&quot;alt&quot;:&quot;Casa pareada en levantina con magnificas vistas al mar y a sitges - imagenInmueble40&quot;},{&quot;image&quot;:&quot;https:\\\/\\\/fotos15.apinmo.com\\\/1045\\\/28359471\\\/20-42.jpg&quot;,&quot;alt&quot;:&quot;Casa pareada en levantina con magnificas vistas al mar y a sitges - imagenInmueble41&quot;},{&quot;image&quot;:&quot;https:\\\/\\\/fotos15.apinmo.com\\\/1045\\\/28359471\\\/20-43.jpg&quot;,&quot;alt&quot;:&quot;Casa pareada en levantina con magnificas vistas al mar y a sitges - imagenInmueble42&quot;},{&quot;image&quot;:&quot;https:\\\/\\\/fotos15.apinmo.com\\\/1045\\\/28359471\\\/20-44.jpg&quot;,&quot;alt&quot;:&quot;Casa pareada en levantina con magnificas vistas al mar y a sitges - imagenInmueble43&quot;},{&quot;image&quot;:&quot;https:\\\/\\\/fotos15.apinmo.com\\\/1045\\\/28359471\\\/20-45.jpg&quot;,&quot;alt&quot;:&quot;Casa pareada en levantina con magnificas vistas al mar y a sitges - imagenInmueble44&quot;},{&quot;image&quot;:&quot;https:\\\/\\\/fotos15.apinmo.com\\\/1045\\\/28359471\\\/20-46.jpg&quot;,&quot;alt&quot;:&quot;Casa pareada en levantina con magnificas vistas al mar y a sitges - imagenInmueble45&quot;},{&quot;image&quot;:&quot;https:\\\/\\\/fotos15.apinmo.com\\\/1045\\\/28359471\\\/20-47.jpg&quot;,&quot;alt&quot;:&quot;Casa pareada en levantina con magnificas vistas al mar y a sitges - imagenInmueble46&quot;},{&quot;image&quot;:&quot;https:\\\/\\\/fotos15.apinmo.com\\\/1045\\\/28359471\\\/20-48.jpg&quot;,&quot;alt&quot;:&quot;Casa pareada en levantina con magnificas vistas al mar y a sitges - imagenInmueble47&quot;},{&quot;image&quot;:&quot;https:\\\/\\\/fotos15.apinmo.com\\\/1045\\\/28359471\\\/20-49.jpg&quot;,&quot;alt&quot;:&quot;Casa pareada en levantina con magnificas vistas al mar y a sitges - imagenInmueble48&quot;}]\">\n\t<div class=\"item-wrap item-wrap-v1 item-wrap-no-frame h-100\">\n\t\t<div class=\"d-flex align-items-center h-100\">\n\t\t\t<div class=\"item-header\">\n\t\t\t\t\t\t\t\t<div class=\"labels-wrap labels-right\"> \n\n\t<a href=\"https:\/\/www.laclauelite.com\/ca\/status\/venda\/\" class=\"label-status label status-color-167\">\n\t\t\t\t\tvenda\n\t\t\t\t<\/a>       \n\n<\/div>\n\t\t\t\t<ul class=\"item-price-wrap hide-on-list\">\n\t<li class=\"item-price\">740,000\u20ac<\/li><\/ul>\t\t\t\t<ul class=\"item-tools\">\n\n        <li class=\"item-tool item-preview\">\n        <span class=\"hz-show-lightbox-js\" data-listid=\"1082123\" data-toggle=\"tooltip\" data-placement=\"top\" title=\"Preview\">\n                <i class=\"houzez-icon icon-expand-3\"><\/i>   \n        <\/span><!-- item-tool-favorite -->\n    <\/li><!-- item-tool -->\n        \n        <li class=\"item-tool item-favorite\">\n        <span class=\"add-favorite-js item-tool-favorite\" data-toggle=\"tooltip\" data-placement=\"top\" title=\"Favourite\" data-listid=\"1082123\">\n            <i class=\"houzez-icon icon-love-it \"><\/i> \n        <\/span><!-- item-tool-favorite -->\n    <\/li><!-- item-tool -->\n    \n        <li class=\"item-tool item-compare\">\n        <span class=\"houzez_compare compare-1082123 item-tool-compare show-compare-panel\" data-toggle=\"tooltip\" data-placement=\"top\" title=\"Add to Compare\" data-listing_id=\"1082123\" data-listing_image=\"https:\/\/fotos15.apinmo.com\/1045\/28359471\/20-1.jpg\">\n            <i class=\"houzez-icon icon-add-circle\"><\/i>\n        <\/span><!-- item-tool-compare -->\n    <\/li><!-- item-tool -->\n    <\/ul><!-- item-tools -->\n\t\t\t\t<div class=\"listing-image-wrap\">\n\t<div class=\"listing-thumb\">\n\t\t<a target=_self href=\"https:\/\/www.laclauelite.com\/ca\/property\/casa-pareada-en-levantina-con-magnificas-vistas-al-mar-y-a-sitges-11409-ca\/\" class=\"listing-featured-thumb hover-effect\">\n\t\t\t                                                                                                                                                                                    <img loading=\"lazy\" decoding=\"async\" width=\"850\" height=\"426\" src=\"https:\/\/fotos15.apinmo.com\/1045\/28359471\/20-1.jpg\" class=\"img-fluid wp-post-image\" alt=\"Casa pareada en levantina con magnificas vistas al mar y a sitges - imagenInmueble0\" srcset=\"https:\/\/fotos15.apinmo.com\/1045\/28359471\/20-1.jpg 850w, https:\/\/fotos15.apinmo.com\/1045\/28359471\/20-1.jpg 300w, https:\/\/fotos15.apinmo.com\/1045\/28359471\/20-1.jpg 768w, https:\/\/fotos15.apinmo.com\/1045\/28359471\/20-1s.jpg 150w, https:\/\/fotos15.apinmo.com\/1045\/28359471\/20-1.jpg 536w, https:\/\/fotos15.apinmo.com\/1045\/28359471\/20-1.jpg 770w\" sizes=\"(max-width: 850px) 100vw, 850px\" \/>\t\t<\/a><!-- hover-effect -->\n\t<\/div>\n<\/div>\n\t\t\t\t<div class=\"preview_loader\"><\/div>\n\t\t\t<\/div><!-- item-header -->\t\n\t\t\t<div class=\"item-body flex-grow-1\">\n\t\t\t\t<div class=\"labels-wrap labels-right\"> \n\n\t<a href=\"https:\/\/www.laclauelite.com\/ca\/status\/venda\/\" class=\"label-status label status-color-167\">\n\t\t\t\t\tvenda\n\t\t\t\t<\/a>       \n\n<\/div>\n\t\t\t\t<h2 class=\"item-title\">\n\t<a target=_self href=\"https:\/\/www.laclauelite.com\/ca\/property\/casa-pareada-en-levantina-con-magnificas-vistas-al-mar-y-a-sitges-11409-ca\/\">Casa pareada en Levantina con magnificas vistas al mar y a Sitges &#8211; 11409<\/a>\n<\/h2><!-- item-title -->\t\t\t\t<ul class=\"item-price-wrap hide-on-list\">\n\t<li class=\"item-price\">740,000\u20ac<\/li><\/ul>\t\t\t\t<address class=\"item-address\">Sitges,Barcelona,Spain<\/address>\t\t\t\t<ul class=\"item-amenities item-amenities-with-icons\">\n\t<li class=\"h-beds\"><i class=\"houzez-icon icon-hotel-double-bed-1 mr-1\"><\/i><span class=\"item-amenities-text\">Camas:<\/span> <span class=\"hz-figure\">4<\/span><\/li><li class=\"h-baths\"><i class=\"houzez-icon icon-bathroom-shower-1 mr-1\"><\/i><span class=\"item-amenities-text\">Ba\u00f1os:<\/span> <span class=\"hz-figure\">2<\/span><\/li><li class=\"h-area\"><i class=\"houzez-icon icon-ruler-triangle mr-1\"><\/i><span class=\"hz-figure\">201<\/span> <span class=\"hz-figure area_postfix\">m&sup2;<\/span><\/li><li class=\"h-type\"><span>adossat<\/span><\/li><\/ul>\t\t\t\t<a class=\"btn btn-primary btn-item \" target=_self href=\"https:\/\/www.laclauelite.com\/ca\/property\/casa-pareada-en-levantina-con-magnificas-vistas-al-mar-y-a-sitges-11409-ca\/\">\n\tDetalls<\/a><!-- btn-item -->\n\t\t\t\t<div class=\"item-author\">\n\t<i class=\"houzez-icon icon-single-neutral mr-1\"><\/i>\n\t<a href=\"https:\/\/www.laclauelite.com\/ca\/agent\/fincas-la-clau-elite\/\">Fincas La Clau Elite<\/a> <\/div><!-- item-author -->\n\t\t\t\t<div class=\"item-date\">\n\t<i class=\"houzez-icon icon-attachment mr-1\"><\/i>\n\t3 setmanes ago<\/div><!-- item-date -->\n\t\t\t<\/div><!-- item-body -->\n\n\t\t\t\t\t\t<div class=\"item-footer clearfix\">\n\t\t\t\t<div class=\"item-author\">\n\t<i class=\"houzez-icon icon-single-neutral mr-1\"><\/i>\n\t<a href=\"https:\/\/www.laclauelite.com\/ca\/agent\/fincas-la-clau-elite\/\">Fincas La Clau Elite<\/a> <\/div><!-- item-author -->\n\t\t\t\t<div class=\"item-date\">\n\t<i class=\"houzez-icon icon-attachment mr-1\"><\/i>\n\t3 setmanes ago<\/div><!-- item-date -->\n\t\t\t<\/div>\n\t\t\t\t\t<\/div><!-- d-flex -->\n\t<\/div><!-- item-wrap -->\n<\/div><!-- item-listing-wrap --><div class=\"item-listing-wrap hz-item-gallery-js card\" data-hz-id=\"hz-1082066\" data-images=\"[{&quot;image&quot;:&quot;https:\\\/\\\/fotos15.apinmo.com\\\/1045\\\/28355869\\\/12-1.jpg&quot;,&quot;alt&quot;:&quot;Fabulosa casa adosada en la zona de els ametllets, a solo unos minutos del centro. - imagenInmueble0&quot;},{&quot;image&quot;:&quot;https:\\\/\\\/fotos15.apinmo.com\\\/1045\\\/28355869\\\/12-1.jpg&quot;,&quot;alt&quot;:&quot;Fabulosa casa adosada en la zona de els ametllets, a solo unos minutos del centro. - imagenInmueble0&quot;},{&quot;image&quot;:&quot;https:\\\/\\\/fotos15.apinmo.com\\\/1045\\\/28355869\\\/12-2.jpg&quot;,&quot;alt&quot;:&quot;Fabulosa casa adosada en la zona de els ametllets, a solo unos minutos del centro. - imagenInmueble1&quot;},{&quot;image&quot;:&quot;https:\\\/\\\/fotos15.apinmo.com\\\/1045\\\/28355869\\\/12-3.jpg&quot;,&quot;alt&quot;:&quot;Fabulosa casa adosada en la zona de els ametllets, a solo unos minutos del centro. - imagenInmueble2&quot;},{&quot;image&quot;:&quot;https:\\\/\\\/fotos15.apinmo.com\\\/1045\\\/28355869\\\/12-4.jpg&quot;,&quot;alt&quot;:&quot;Fabulosa casa adosada en la zona de els ametllets, a solo unos minutos del centro. - imagenInmueble3&quot;},{&quot;image&quot;:&quot;https:\\\/\\\/fotos15.apinmo.com\\\/1045\\\/28355869\\\/12-5.jpg&quot;,&quot;alt&quot;:&quot;Fabulosa casa adosada en la zona de els ametllets, a solo unos minutos del centro. - imagenInmueble4&quot;},{&quot;image&quot;:&quot;https:\\\/\\\/fotos15.apinmo.com\\\/1045\\\/28355869\\\/12-6.jpg&quot;,&quot;alt&quot;:&quot;Fabulosa casa adosada en la zona de els ametllets, a solo unos minutos del centro. - imagenInmueble5&quot;},{&quot;image&quot;:&quot;https:\\\/\\\/fotos15.apinmo.com\\\/1045\\\/28355869\\\/12-7.jpg&quot;,&quot;alt&quot;:&quot;Fabulosa casa adosada en la zona de els ametllets, a solo unos minutos del centro. - imagenInmueble6&quot;},{&quot;image&quot;:&quot;https:\\\/\\\/fotos15.apinmo.com\\\/1045\\\/28355869\\\/12-8.jpg&quot;,&quot;alt&quot;:&quot;Fabulosa casa adosada en la zona de els ametllets, a solo unos minutos del centro. - imagenInmueble7&quot;},{&quot;image&quot;:&quot;https:\\\/\\\/fotos15.apinmo.com\\\/1045\\\/28355869\\\/12-9.jpg&quot;,&quot;alt&quot;:&quot;Fabulosa casa adosada en la zona de els ametllets, a solo unos minutos del centro. - imagenInmueble8&quot;},{&quot;image&quot;:&quot;https:\\\/\\\/fotos15.apinmo.com\\\/1045\\\/28355869\\\/12-10.jpg&quot;,&quot;alt&quot;:&quot;Fabulosa casa adosada en la zona de els ametllets, a solo unos minutos del centro. - imagenInmueble9&quot;},{&quot;image&quot;:&quot;https:\\\/\\\/fotos15.apinmo.com\\\/1045\\\/28355869\\\/12-11.jpg&quot;,&quot;alt&quot;:&quot;Fabulosa casa adosada en la zona de els ametllets, a solo unos minutos del centro. - imagenInmueble10&quot;},{&quot;image&quot;:&quot;https:\\\/\\\/fotos15.apinmo.com\\\/1045\\\/28355869\\\/12-12.jpg&quot;,&quot;alt&quot;:&quot;Fabulosa casa adosada en la zona de els ametllets, a solo unos minutos del centro. - imagenInmueble11&quot;},{&quot;image&quot;:&quot;https:\\\/\\\/fotos15.apinmo.com\\\/1045\\\/28355869\\\/12-13.jpg&quot;,&quot;alt&quot;:&quot;Fabulosa casa adosada en la zona de els ametllets, a solo unos minutos del centro. - imagenInmueble12&quot;},{&quot;image&quot;:&quot;https:\\\/\\\/fotos15.apinmo.com\\\/1045\\\/28355869\\\/12-14.jpg&quot;,&quot;alt&quot;:&quot;Fabulosa casa adosada en la zona de els ametllets, a solo unos minutos del centro. - imagenInmueble13&quot;},{&quot;image&quot;:&quot;https:\\\/\\\/fotos15.apinmo.com\\\/1045\\\/28355869\\\/12-15.jpg&quot;,&quot;alt&quot;:&quot;Fabulosa casa adosada en la zona de els ametllets, a solo unos minutos del centro. - imagenInmueble14&quot;},{&quot;image&quot;:&quot;https:\\\/\\\/fotos15.apinmo.com\\\/1045\\\/28355869\\\/12-16.jpg&quot;,&quot;alt&quot;:&quot;Fabulosa casa adosada en la zona de els ametllets, a solo unos minutos del centro. - imagenInmueble15&quot;},{&quot;image&quot;:&quot;https:\\\/\\\/fotos15.apinmo.com\\\/1045\\\/28355869\\\/12-17.jpg&quot;,&quot;alt&quot;:&quot;Fabulosa casa adosada en la zona de els ametllets, a solo unos minutos del centro. - imagenInmueble16&quot;},{&quot;image&quot;:&quot;https:\\\/\\\/fotos15.apinmo.com\\\/1045\\\/28355869\\\/12-18.jpg&quot;,&quot;alt&quot;:&quot;Fabulosa casa adosada en la zona de els ametllets, a solo unos minutos del centro. - imagenInmueble17&quot;},{&quot;image&quot;:&quot;https:\\\/\\\/fotos15.apinmo.com\\\/1045\\\/28355869\\\/12-19.jpg&quot;,&quot;alt&quot;:&quot;Fabulosa casa adosada en la zona de els ametllets, a solo unos minutos del centro. - imagenInmueble18&quot;},{&quot;image&quot;:&quot;https:\\\/\\\/fotos15.apinmo.com\\\/1045\\\/28355869\\\/12-20.jpg&quot;,&quot;alt&quot;:&quot;Fabulosa casa adosada en la zona de els ametllets, a solo unos minutos del centro. - imagenInmueble19&quot;},{&quot;image&quot;:&quot;https:\\\/\\\/fotos15.apinmo.com\\\/1045\\\/28355869\\\/12-21.jpg&quot;,&quot;alt&quot;:&quot;Fabulosa casa adosada en la zona de els ametllets, a solo unos minutos del centro. - imagenInmueble20&quot;},{&quot;image&quot;:&quot;https:\\\/\\\/fotos15.apinmo.com\\\/1045\\\/28355869\\\/12-22.jpg&quot;,&quot;alt&quot;:&quot;Fabulosa casa adosada en la zona de els ametllets, a solo unos minutos del centro. - imagenInmueble21&quot;},{&quot;image&quot;:&quot;https:\\\/\\\/fotos15.apinmo.com\\\/1045\\\/28355869\\\/12-23.jpg&quot;,&quot;alt&quot;:&quot;Fabulosa casa adosada en la zona de els ametllets, a solo unos minutos del centro. - imagenInmueble22&quot;},{&quot;image&quot;:&quot;https:\\\/\\\/fotos15.apinmo.com\\\/1045\\\/28355869\\\/12-24.jpg&quot;,&quot;alt&quot;:&quot;Fabulosa casa adosada en la zona de els ametllets, a solo unos minutos del centro. - imagenInmueble23&quot;},{&quot;image&quot;:&quot;https:\\\/\\\/fotos15.apinmo.com\\\/1045\\\/28355869\\\/12-25.jpg&quot;,&quot;alt&quot;:&quot;Fabulosa casa adosada en la zona de els ametllets, a solo unos minutos del centro. - imagenInmueble24&quot;},{&quot;image&quot;:&quot;https:\\\/\\\/fotos15.apinmo.com\\\/1045\\\/28355869\\\/12-26.jpg&quot;,&quot;alt&quot;:&quot;Fabulosa casa adosada en la zona de els ametllets, a solo unos minutos del centro. - imagenInmueble25&quot;},{&quot;image&quot;:&quot;https:\\\/\\\/fotos15.apinmo.com\\\/1045\\\/28355869\\\/12-27.jpg&quot;,&quot;alt&quot;:&quot;Fabulosa casa adosada en la zona de els ametllets, a solo unos minutos del centro. - imagenInmueble26&quot;},{&quot;image&quot;:&quot;https:\\\/\\\/fotos15.apinmo.com\\\/1045\\\/28355869\\\/12-28.jpg&quot;,&quot;alt&quot;:&quot;Fabulosa casa adosada en la zona de els ametllets, a solo unos minutos del centro. - imagenInmueble27&quot;},{&quot;image&quot;:&quot;https:\\\/\\\/fotos15.apinmo.com\\\/1045\\\/28355869\\\/12-29.jpg&quot;,&quot;alt&quot;:&quot;Fabulosa casa adosada en la zona de els ametllets, a solo unos minutos del centro. - imagenInmueble28&quot;},{&quot;image&quot;:&quot;https:\\\/\\\/fotos15.apinmo.com\\\/1045\\\/28355869\\\/12-30.jpg&quot;,&quot;alt&quot;:&quot;Fabulosa casa adosada en la zona de els ametllets, a solo unos minutos del centro. - imagenInmueble29&quot;},{&quot;image&quot;:&quot;https:\\\/\\\/fotos15.apinmo.com\\\/1045\\\/28355869\\\/12-31.jpg&quot;,&quot;alt&quot;:&quot;Fabulosa casa adosada en la zona de els ametllets, a solo unos minutos del centro. - imagenInmueble30&quot;},{&quot;image&quot;:&quot;https:\\\/\\\/fotos15.apinmo.com\\\/1045\\\/28355869\\\/12-32.jpg&quot;,&quot;alt&quot;:&quot;Fabulosa casa adosada en la zona de els ametllets, a solo unos minutos del centro. - imagenInmueble31&quot;},{&quot;image&quot;:&quot;https:\\\/\\\/fotos15.apinmo.com\\\/1045\\\/28355869\\\/12-33.jpg&quot;,&quot;alt&quot;:&quot;Fabulosa casa adosada en la zona de els ametllets, a solo unos minutos del centro. - imagenInmueble32&quot;},{&quot;image&quot;:&quot;https:\\\/\\\/fotos15.apinmo.com\\\/1045\\\/28355869\\\/12-34.jpg&quot;,&quot;alt&quot;:&quot;Fabulosa casa adosada en la zona de els ametllets, a solo unos minutos del centro. - imagenInmueble33&quot;},{&quot;image&quot;:&quot;https:\\\/\\\/fotos15.apinmo.com\\\/1045\\\/28355869\\\/12-35.jpg&quot;,&quot;alt&quot;:&quot;Fabulosa casa adosada en la zona de els ametllets, a solo unos minutos del centro. - imagenInmueble34&quot;},{&quot;image&quot;:&quot;https:\\\/\\\/fotos15.apinmo.com\\\/1045\\\/28355869\\\/12-36.jpg&quot;,&quot;alt&quot;:&quot;Fabulosa casa adosada en la zona de els ametllets, a solo unos minutos del centro. - imagenInmueble35&quot;},{&quot;image&quot;:&quot;https:\\\/\\\/fotos15.apinmo.com\\\/1045\\\/28355869\\\/12-37.jpg&quot;,&quot;alt&quot;:&quot;Fabulosa casa adosada en la zona de els ametllets, a solo unos minutos del centro. - imagenInmueble36&quot;},{&quot;image&quot;:&quot;https:\\\/\\\/fotos15.apinmo.com\\\/1045\\\/28355869\\\/12-38.jpg&quot;,&quot;alt&quot;:&quot;Fabulosa casa adosada en la zona de els ametllets, a solo unos minutos del centro. - imagenInmueble37&quot;},{&quot;image&quot;:&quot;https:\\\/\\\/fotos15.apinmo.com\\\/1045\\\/28355869\\\/12-39.jpg&quot;,&quot;alt&quot;:&quot;Fabulosa casa adosada en la zona de els ametllets, a solo unos minutos del centro. - imagenInmueble38&quot;},{&quot;image&quot;:&quot;https:\\\/\\\/fotos15.apinmo.com\\\/1045\\\/28355869\\\/12-40.jpg&quot;,&quot;alt&quot;:&quot;Fabulosa casa adosada en la zona de els ametllets, a solo unos minutos del centro. - imagenInmueble39&quot;},{&quot;image&quot;:&quot;https:\\\/\\\/fotos15.apinmo.com\\\/1045\\\/28355869\\\/12-41.jpg&quot;,&quot;alt&quot;:&quot;Fabulosa casa adosada en la zona de els ametllets, a solo unos minutos del centro. - imagenInmueble40&quot;},{&quot;image&quot;:&quot;https:\\\/\\\/fotos15.apinmo.com\\\/1045\\\/28355869\\\/12-42.jpg&quot;,&quot;alt&quot;:&quot;Fabulosa casa adosada en la zona de els ametllets, a solo unos minutos del centro. - imagenInmueble41&quot;},{&quot;image&quot;:&quot;https:\\\/\\\/fotos15.apinmo.com\\\/1045\\\/28355869\\\/12-43.jpg&quot;,&quot;alt&quot;:&quot;Fabulosa casa adosada en la zona de els ametllets, a solo unos minutos del centro. - imagenInmueble42&quot;},{&quot;image&quot;:&quot;https:\\\/\\\/fotos15.apinmo.com\\\/1045\\\/28355869\\\/12-44.jpg&quot;,&quot;alt&quot;:&quot;Fabulosa casa adosada en la zona de els ametllets, a solo unos minutos del centro. - imagenInmueble43&quot;},{&quot;image&quot;:&quot;https:\\\/\\\/fotos15.apinmo.com\\\/1045\\\/28355869\\\/12-45.jpg&quot;,&quot;alt&quot;:&quot;Fabulosa casa adosada en la zona de els ametllets, a solo unos minutos del centro. - imagenInmueble44&quot;},{&quot;image&quot;:&quot;https:\\\/\\\/fotos15.apinmo.com\\\/1045\\\/28355869\\\/12-46.jpg&quot;,&quot;alt&quot;:&quot;Fabulosa casa adosada en la zona de els ametllets, a solo unos minutos del centro. - imagenInmueble45&quot;},{&quot;image&quot;:&quot;https:\\\/\\\/fotos15.apinmo.com\\\/1045\\\/28355869\\\/12-47.jpg&quot;,&quot;alt&quot;:&quot;Fabulosa casa adosada en la zona de els ametllets, a solo unos minutos del centro. - imagenInmueble46&quot;},{&quot;image&quot;:&quot;https:\\\/\\\/fotos15.apinmo.com\\\/1045\\\/28355869\\\/12-48.jpg&quot;,&quot;alt&quot;:&quot;Fabulosa casa adosada en la zona de els ametllets, a solo unos minutos del centro. - imagenInmueble47&quot;},{&quot;image&quot;:&quot;https:\\\/\\\/fotos15.apinmo.com\\\/1045\\\/28355869\\\/12-49.jpg&quot;,&quot;alt&quot;:&quot;Fabulosa casa adosada en la zona de els ametllets, a solo unos minutos del centro. - imagenInmueble48&quot;},{&quot;image&quot;:&quot;https:\\\/\\\/fotos15.apinmo.com\\\/1045\\\/28355869\\\/12-50.jpg&quot;,&quot;alt&quot;:&quot;Fabulosa casa adosada en la zona de els ametllets, a solo unos minutos del centro. - imagenInmueble49&quot;},{&quot;image&quot;:&quot;https:\\\/\\\/fotos15.apinmo.com\\\/1045\\\/28355869\\\/12-51.jpg&quot;,&quot;alt&quot;:&quot;Fabulosa casa adosada en la zona de els ametllets, a solo unos minutos del centro. - imagenInmueble50&quot;},{&quot;image&quot;:&quot;https:\\\/\\\/fotos15.apinmo.com\\\/1045\\\/28355869\\\/12-52.jpg&quot;,&quot;alt&quot;:&quot;Fabulosa casa adosada en la zona de els ametllets, a solo unos minutos del centro. - imagenInmueble51&quot;}]\">\n\t<div class=\"item-wrap item-wrap-v1 item-wrap-no-frame h-100\">\n\t\t<div class=\"d-flex align-items-center h-100\">\n\t\t\t<div class=\"item-header\">\n\t\t\t\t\t\t\t\t<div class=\"labels-wrap labels-right\"> \n\n\t<a href=\"https:\/\/www.laclauelite.com\/ca\/status\/venda\/\" class=\"label-status label status-color-167\">\n\t\t\t\t\tvenda\n\t\t\t\t<\/a>       \n\n<\/div>\n\t\t\t\t<ul class=\"item-price-wrap hide-on-list\">\n\t<li class=\"item-price\">1,070,000\u20ac<\/li><\/ul>\t\t\t\t<ul class=\"item-tools\">\n\n        <li class=\"item-tool item-preview\">\n        <span class=\"hz-show-lightbox-js\" data-listid=\"1082066\" data-toggle=\"tooltip\" data-placement=\"top\" title=\"Preview\">\n                <i class=\"houzez-icon icon-expand-3\"><\/i>   \n        <\/span><!-- item-tool-favorite -->\n    <\/li><!-- item-tool -->\n        \n        <li class=\"item-tool item-favorite\">\n        <span class=\"add-favorite-js item-tool-favorite\" data-toggle=\"tooltip\" data-placement=\"top\" title=\"Favourite\" data-listid=\"1082066\">\n            <i class=\"houzez-icon icon-love-it \"><\/i> \n        <\/span><!-- item-tool-favorite -->\n    <\/li><!-- item-tool -->\n    \n        <li class=\"item-tool item-compare\">\n        <span class=\"houzez_compare compare-1082066 item-tool-compare show-compare-panel\" data-toggle=\"tooltip\" data-placement=\"top\" title=\"Add to Compare\" data-listing_id=\"1082066\" data-listing_image=\"https:\/\/fotos15.apinmo.com\/1045\/28355869\/12-1.jpg\">\n            <i class=\"houzez-icon icon-add-circle\"><\/i>\n        <\/span><!-- item-tool-compare -->\n    <\/li><!-- item-tool -->\n    <\/ul><!-- item-tools -->\n\t\t\t\t<div class=\"listing-image-wrap\">\n\t<div class=\"listing-thumb\">\n\t\t<a target=_self href=\"https:\/\/www.laclauelite.com\/ca\/property\/fabulosa-casa-adosada-en-la-zona-de-els-ametllets-a-solo-unos-minutos-del-centro-11408-ca\/\" class=\"listing-featured-thumb hover-effect\">\n\t\t\t                                                                                                                                                                                    <img loading=\"lazy\" decoding=\"async\" width=\"850\" height=\"426\" src=\"https:\/\/fotos15.apinmo.com\/1045\/28355869\/12-1.jpg\" class=\"img-fluid wp-post-image\" alt=\"Fabulosa casa adosada en la zona de els ametllets, a solo unos minutos del centro. - imagenInmueble0\" srcset=\"https:\/\/fotos15.apinmo.com\/1045\/28355869\/12-1.jpg 850w, https:\/\/fotos15.apinmo.com\/1045\/28355869\/12-1.jpg 300w, https:\/\/fotos15.apinmo.com\/1045\/28355869\/12-1.jpg 768w, https:\/\/fotos15.apinmo.com\/1045\/28355869\/12-1s.jpg 150w, https:\/\/fotos15.apinmo.com\/1045\/28355869\/12-1.jpg 536w, https:\/\/fotos15.apinmo.com\/1045\/28355869\/12-1.jpg 770w\" sizes=\"(max-width: 850px) 100vw, 850px\" \/>\t\t<\/a><!-- hover-effect -->\n\t<\/div>\n<\/div>\n\t\t\t\t<div class=\"preview_loader\"><\/div>\n\t\t\t<\/div><!-- item-header -->\t\n\t\t\t<div class=\"item-body flex-grow-1\">\n\t\t\t\t<div class=\"labels-wrap labels-right\"> \n\n\t<a href=\"https:\/\/www.laclauelite.com\/ca\/status\/venda\/\" class=\"label-status label status-color-167\">\n\t\t\t\t\tvenda\n\t\t\t\t<\/a>       \n\n<\/div>\n\t\t\t\t<h2 class=\"item-title\">\n\t<a target=_self href=\"https:\/\/www.laclauelite.com\/ca\/property\/fabulosa-casa-adosada-en-la-zona-de-els-ametllets-a-solo-unos-minutos-del-centro-11408-ca\/\">Fabulosa casa adosada en la zona de Els Ametllets, a solo unos minutos del centro. &#8211; 11408<\/a>\n<\/h2><!-- item-title -->\t\t\t\t<ul class=\"item-price-wrap hide-on-list\">\n\t<li class=\"item-price\">1,070,000\u20ac<\/li><\/ul>\t\t\t\t<address class=\"item-address\">Sitges,Barcelona,Spain<\/address>\t\t\t\t<ul class=\"item-amenities item-amenities-with-icons\">\n\t<li class=\"h-beds\"><i class=\"houzez-icon icon-hotel-double-bed-1 mr-1\"><\/i><span class=\"item-amenities-text\">Camas:<\/span> <span class=\"hz-figure\">5<\/span><\/li><li class=\"h-baths\"><i class=\"houzez-icon icon-bathroom-shower-1 mr-1\"><\/i><span class=\"item-amenities-text\">Ba\u00f1os:<\/span> <span class=\"hz-figure\">3<\/span><\/li><li class=\"h-area\"><i class=\"houzez-icon icon-ruler-triangle mr-1\"><\/i><span class=\"hz-figure\">225<\/span> <span class=\"hz-figure area_postfix\">m&sup2;<\/span><\/li><li class=\"h-type\"><span>adossat<\/span><\/li><\/ul>\t\t\t\t<a class=\"btn btn-primary btn-item \" target=_self href=\"https:\/\/www.laclauelite.com\/ca\/property\/fabulosa-casa-adosada-en-la-zona-de-els-ametllets-a-solo-unos-minutos-del-centro-11408-ca\/\">\n\tDetalls<\/a><!-- btn-item -->\n\t\t\t\t<div class=\"item-author\">\n\t<i class=\"houzez-icon icon-single-neutral mr-1\"><\/i>\n\t<a href=\"https:\/\/www.laclauelite.com\/ca\/agent\/fincas-la-clau-elite\/\">Fincas La Clau Elite<\/a> <\/div><!-- item-author -->\n\t\t\t\t<div class=\"item-date\">\n\t<i class=\"houzez-icon icon-attachment mr-1\"><\/i>\n\t3 setmanes ago<\/div><!-- item-date -->\n\t\t\t<\/div><!-- item-body -->\n\n\t\t\t\t\t\t<div class=\"item-footer clearfix\">\n\t\t\t\t<div class=\"item-author\">\n\t<i class=\"houzez-icon icon-single-neutral mr-1\"><\/i>\n\t<a href=\"https:\/\/www.laclauelite.com\/ca\/agent\/fincas-la-clau-elite\/\">Fincas La Clau Elite<\/a> <\/div><!-- item-author -->\n\t\t\t\t<div class=\"item-date\">\n\t<i class=\"houzez-icon icon-attachment mr-1\"><\/i>\n\t3 setmanes ago<\/div><!-- item-date -->\n\t\t\t<\/div>\n\t\t\t\t\t<\/div><!-- d-flex -->\n\t<\/div><!-- item-wrap -->\n<\/div><!-- item-listing-wrap --><div class=\"item-listing-wrap hz-item-gallery-js card\" data-hz-id=\"hz-1081955\" data-images=\"[{&quot;image&quot;:&quot;https:\\\/\\\/fotos15.apinmo.com\\\/1045\\\/17241821\\\/4-1.jpg&quot;,&quot;alt&quot;:&quot;Casa pareada obra nueva mas alba - imagenInmueble0&quot;},{&quot;image&quot;:&quot;https:\\\/\\\/fotos15.apinmo.com\\\/1045\\\/17241821\\\/4-1.jpg&quot;,&quot;alt&quot;:&quot;Casa pareada obra nueva mas alba - imagenInmueble0&quot;},{&quot;image&quot;:&quot;https:\\\/\\\/fotos15.apinmo.com\\\/1045\\\/17241821\\\/4-2.jpg&quot;,&quot;alt&quot;:&quot;Casa pareada obra nueva mas alba - imagenInmueble1&quot;},{&quot;image&quot;:&quot;https:\\\/\\\/fotos15.apinmo.com\\\/1045\\\/17241821\\\/4-3.jpg&quot;,&quot;alt&quot;:&quot;Casa pareada obra nueva mas alba - imagenInmueble2&quot;},{&quot;image&quot;:&quot;https:\\\/\\\/fotos15.apinmo.com\\\/1045\\\/17241821\\\/4-4.jpg&quot;,&quot;alt&quot;:&quot;Casa pareada obra nueva mas alba - imagenInmueble3&quot;},{&quot;image&quot;:&quot;https:\\\/\\\/fotos15.apinmo.com\\\/1045\\\/17241821\\\/4-5.jpg&quot;,&quot;alt&quot;:&quot;Casa pareada obra nueva mas alba - imagenInmueble4&quot;},{&quot;image&quot;:&quot;https:\\\/\\\/fotos15.apinmo.com\\\/1045\\\/17241821\\\/4-6.jpg&quot;,&quot;alt&quot;:&quot;Casa pareada obra nueva mas alba - imagenInmueble5&quot;},{&quot;image&quot;:&quot;https:\\\/\\\/fotos15.apinmo.com\\\/1045\\\/17241821\\\/4-7.jpg&quot;,&quot;alt&quot;:&quot;Casa pareada obra nueva mas alba - imagenInmueble6&quot;},{&quot;image&quot;:&quot;https:\\\/\\\/fotos15.apinmo.com\\\/1045\\\/17241821\\\/4-8.jpg&quot;,&quot;alt&quot;:&quot;Casa pareada obra nueva mas alba - imagenInmueble7&quot;},{&quot;image&quot;:&quot;https:\\\/\\\/fotos15.apinmo.com\\\/1045\\\/17241821\\\/4-9.jpg&quot;,&quot;alt&quot;:&quot;Casa pareada obra nueva mas alba - imagenInmueble8&quot;},{&quot;image&quot;:&quot;https:\\\/\\\/fotos15.apinmo.com\\\/1045\\\/17241821\\\/4-10.jpg&quot;,&quot;alt&quot;:&quot;Casa pareada obra nueva mas alba - imagenInmueble9&quot;},{&quot;image&quot;:&quot;https:\\\/\\\/fotos15.apinmo.com\\\/1045\\\/17241821\\\/4-11.jpg&quot;,&quot;alt&quot;:&quot;Casa pareada obra nueva mas alba - imagenInmueble10&quot;}]\">\n\t<div class=\"item-wrap item-wrap-v1 item-wrap-no-frame h-100\">\n\t\t<div class=\"d-flex align-items-center h-100\">\n\t\t\t<div class=\"item-header\">\n\t\t\t\t\t\t\t\t<div class=\"labels-wrap labels-right\"> \n\n\t<a href=\"https:\/\/www.laclauelite.com\/ca\/status\/venda\/\" class=\"label-status label status-color-167\">\n\t\t\t\t\tvenda\n\t\t\t\t<\/a><a href=\"https:\/\/www.laclauelite.com\/ca\/label\/obra-nova\/\" class=\"hz-label label label-color-516\">\n\t\t\t\t\tObra nova\n\t\t\t\t<\/a>       \n\n<\/div>\n\t\t\t\t<ul class=\"item-price-wrap hide-on-list\">\n\t<li class=\"item-price\">700,000\u20ac<\/li><\/ul>\t\t\t\t<ul class=\"item-tools\">\n\n        <li class=\"item-tool item-preview\">\n        <span class=\"hz-show-lightbox-js\" data-listid=\"1081955\" data-toggle=\"tooltip\" data-placement=\"top\" title=\"Preview\">\n                <i class=\"houzez-icon icon-expand-3\"><\/i>   \n        <\/span><!-- item-tool-favorite -->\n    <\/li><!-- item-tool -->\n        \n        <li class=\"item-tool item-favorite\">\n        <span class=\"add-favorite-js item-tool-favorite\" data-toggle=\"tooltip\" data-placement=\"top\" title=\"Favourite\" data-listid=\"1081955\">\n            <i class=\"houzez-icon icon-love-it \"><\/i> \n        <\/span><!-- item-tool-favorite -->\n    <\/li><!-- item-tool -->\n    \n        <li class=\"item-tool item-compare\">\n        <span class=\"houzez_compare compare-1081955 item-tool-compare show-compare-panel\" data-toggle=\"tooltip\" data-placement=\"top\" title=\"Add to Compare\" data-listing_id=\"1081955\" data-listing_image=\"https:\/\/fotos15.apinmo.com\/1045\/17241821\/4-1.jpg\">\n            <i class=\"houzez-icon icon-add-circle\"><\/i>\n        <\/span><!-- item-tool-compare -->\n    <\/li><!-- item-tool -->\n    <\/ul><!-- item-tools -->\n\t\t\t\t<div class=\"listing-image-wrap\">\n\t<div class=\"listing-thumb\">\n\t\t<a target=_self href=\"https:\/\/www.laclauelite.com\/ca\/property\/casa-pareada-obra-nueva-mas-alba-10730-ca\/\" class=\"listing-featured-thumb hover-effect\">\n\t\t\t                                                                                                                                                                                    <img loading=\"lazy\" decoding=\"async\" width=\"850\" height=\"426\" src=\"https:\/\/fotos15.apinmo.com\/1045\/17241821\/4-1.jpg\" class=\"img-fluid wp-post-image\" alt=\"Casa pareada obra nueva mas alba - imagenInmueble0\" srcset=\"https:\/\/fotos15.apinmo.com\/1045\/17241821\/4-1.jpg 850w, https:\/\/fotos15.apinmo.com\/1045\/17241821\/4-1.jpg 300w, https:\/\/fotos15.apinmo.com\/1045\/17241821\/4-1.jpg 768w, https:\/\/fotos15.apinmo.com\/1045\/17241821\/4-1s.jpg 150w, https:\/\/fotos15.apinmo.com\/1045\/17241821\/4-1.jpg 536w, https:\/\/fotos15.apinmo.com\/1045\/17241821\/4-1.jpg 770w\" sizes=\"(max-width: 850px) 100vw, 850px\" \/>\t\t<\/a><!-- hover-effect -->\n\t<\/div>\n<\/div>\n\t\t\t\t<div class=\"preview_loader\"><\/div>\n\t\t\t<\/div><!-- item-header -->\t\n\t\t\t<div class=\"item-body flex-grow-1\">\n\t\t\t\t<div class=\"labels-wrap labels-right\"> \n\n\t<a href=\"https:\/\/www.laclauelite.com\/ca\/status\/venda\/\" class=\"label-status label status-color-167\">\n\t\t\t\t\tvenda\n\t\t\t\t<\/a><a href=\"https:\/\/www.laclauelite.com\/ca\/label\/obra-nova\/\" class=\"hz-label label label-color-516\">\n\t\t\t\t\tObra nova\n\t\t\t\t<\/a>       \n\n<\/div>\n\t\t\t\t<h2 class=\"item-title\">\n\t<a target=_self href=\"https:\/\/www.laclauelite.com\/ca\/property\/casa-pareada-obra-nueva-mas-alba-10730-ca\/\">Casa Pareada obra nueva Mas Alba &#8211; 10730<\/a>\n<\/h2><!-- item-title -->\t\t\t\t<ul class=\"item-price-wrap hide-on-list\">\n\t<li class=\"item-price\">700,000\u20ac<\/li><\/ul>\t\t\t\t<address class=\"item-address\">Sant Pere de Ribes,Barcelona,Spain<\/address>\t\t\t\t<ul class=\"item-amenities item-amenities-with-icons\">\n\t<li class=\"h-beds\"><i class=\"houzez-icon icon-hotel-double-bed-1 mr-1\"><\/i><span class=\"item-amenities-text\">Camas:<\/span> <span class=\"hz-figure\">4<\/span><\/li><li class=\"h-baths\"><i class=\"houzez-icon icon-bathroom-shower-1 mr-1\"><\/i><span class=\"item-amenities-text\">Ba\u00f1os:<\/span> <span class=\"hz-figure\">2<\/span><\/li><li class=\"h-area\"><i class=\"houzez-icon icon-ruler-triangle mr-1\"><\/i><span class=\"hz-figure\">165<\/span> <span class=\"hz-figure area_postfix\">m&sup2;<\/span><\/li><li class=\"h-type\"><span>adossat<\/span><\/li><\/ul>\t\t\t\t<a class=\"btn btn-primary btn-item \" target=_self href=\"https:\/\/www.laclauelite.com\/ca\/property\/casa-pareada-obra-nueva-mas-alba-10730-ca\/\">\n\tDetalls<\/a><!-- btn-item -->\n\t\t\t\t<div class=\"item-author\">\n\t<i class=\"houzez-icon icon-single-neutral mr-1\"><\/i>\n\t<a href=\"https:\/\/www.laclauelite.com\/ca\/agent\/fincas-la-clau-elite\/\">Fincas La Clau Elite<\/a> <\/div><!-- item-author -->\n\t\t\t\t<div class=\"item-date\">\n\t<i class=\"houzez-icon icon-attachment mr-1\"><\/i>\n\t1 mes ago<\/div><!-- item-date -->\n\t\t\t<\/div><!-- item-body -->\n\n\t\t\t\t\t\t<div class=\"item-footer clearfix\">\n\t\t\t\t<div class=\"item-author\">\n\t<i class=\"houzez-icon icon-single-neutral mr-1\"><\/i>\n\t<a href=\"https:\/\/www.laclauelite.com\/ca\/agent\/fincas-la-clau-elite\/\">Fincas La Clau Elite<\/a> <\/div><!-- item-author -->\n\t\t\t\t<div class=\"item-date\">\n\t<i class=\"houzez-icon icon-attachment mr-1\"><\/i>\n\t1 mes ago<\/div><!-- item-date -->\n\t\t\t<\/div>\n\t\t\t\t\t<\/div><!-- d-flex -->\n\t<\/div><!-- item-wrap -->\n<\/div><!-- item-listing-wrap --><div class=\"item-listing-wrap hz-item-gallery-js card\" data-hz-id=\"hz-1081971\" data-images=\"[{&quot;image&quot;:&quot;https:\\\/\\\/fotos15.apinmo.com\\\/1045\\\/17241862\\\/2-1.jpg&quot;,&quot;alt&quot;:&quot;Casa pareada obra nueva mas alba - imagenInmueble0&quot;},{&quot;image&quot;:&quot;https:\\\/\\\/fotos15.apinmo.com\\\/1045\\\/17241862\\\/2-1.jpg&quot;,&quot;alt&quot;:&quot;Casa pareada obra nueva mas alba - imagenInmueble0&quot;},{&quot;image&quot;:&quot;https:\\\/\\\/fotos15.apinmo.com\\\/1045\\\/17241862\\\/2-2.jpg&quot;,&quot;alt&quot;:&quot;Casa pareada obra nueva mas alba - imagenInmueble1&quot;},{&quot;image&quot;:&quot;https:\\\/\\\/fotos15.apinmo.com\\\/1045\\\/17241862\\\/2-3.jpg&quot;,&quot;alt&quot;:&quot;Casa pareada obra nueva mas alba - imagenInmueble2&quot;},{&quot;image&quot;:&quot;https:\\\/\\\/fotos15.apinmo.com\\\/1045\\\/17241862\\\/2-4.jpg&quot;,&quot;alt&quot;:&quot;Casa pareada obra nueva mas alba - imagenInmueble3&quot;},{&quot;image&quot;:&quot;https:\\\/\\\/fotos15.apinmo.com\\\/1045\\\/17241862\\\/2-5.jpg&quot;,&quot;alt&quot;:&quot;Casa pareada obra nueva mas alba - imagenInmueble4&quot;},{&quot;image&quot;:&quot;https:\\\/\\\/fotos15.apinmo.com\\\/1045\\\/17241862\\\/2-6.jpg&quot;,&quot;alt&quot;:&quot;Casa pareada obra nueva mas alba - imagenInmueble5&quot;},{&quot;image&quot;:&quot;https:\\\/\\\/fotos15.apinmo.com\\\/1045\\\/17241862\\\/2-7.jpg&quot;,&quot;alt&quot;:&quot;Casa pareada obra nueva mas alba - imagenInmueble6&quot;},{&quot;image&quot;:&quot;https:\\\/\\\/fotos15.apinmo.com\\\/1045\\\/17241862\\\/2-8.jpg&quot;,&quot;alt&quot;:&quot;Casa pareada obra nueva mas alba - imagenInmueble7&quot;},{&quot;image&quot;:&quot;https:\\\/\\\/fotos15.apinmo.com\\\/1045\\\/17241862\\\/2-9.jpg&quot;,&quot;alt&quot;:&quot;Casa pareada obra nueva mas alba - imagenInmueble8&quot;},{&quot;image&quot;:&quot;https:\\\/\\\/fotos15.apinmo.com\\\/1045\\\/17241862\\\/2-10.jpg&quot;,&quot;alt&quot;:&quot;Casa pareada obra nueva mas alba - imagenInmueble9&quot;}]\">\n\t<div class=\"item-wrap item-wrap-v1 item-wrap-no-frame h-100\">\n\t\t<div class=\"d-flex align-items-center h-100\">\n\t\t\t<div class=\"item-header\">\n\t\t\t\t\t\t\t\t<div class=\"labels-wrap labels-right\"> \n\n\t<a href=\"https:\/\/www.laclauelite.com\/ca\/status\/venda\/\" class=\"label-status label status-color-167\">\n\t\t\t\t\tvenda\n\t\t\t\t<\/a><a href=\"https:\/\/www.laclauelite.com\/ca\/label\/obra-nova\/\" class=\"hz-label label label-color-516\">\n\t\t\t\t\tObra nova\n\t\t\t\t<\/a>       \n\n<\/div>\n\t\t\t\t<ul class=\"item-price-wrap hide-on-list\">\n\t<li class=\"item-price\">690,000\u20ac<\/li><\/ul>\t\t\t\t<ul class=\"item-tools\">\n\n        <li class=\"item-tool item-preview\">\n        <span class=\"hz-show-lightbox-js\" data-listid=\"1081971\" data-toggle=\"tooltip\" data-placement=\"top\" title=\"Preview\">\n                <i class=\"houzez-icon icon-expand-3\"><\/i>   \n        <\/span><!-- item-tool-favorite -->\n    <\/li><!-- item-tool -->\n        \n        <li class=\"item-tool item-favorite\">\n        <span class=\"add-favorite-js item-tool-favorite\" data-toggle=\"tooltip\" data-placement=\"top\" title=\"Favourite\" data-listid=\"1081971\">\n            <i class=\"houzez-icon icon-love-it \"><\/i> \n        <\/span><!-- item-tool-favorite -->\n    <\/li><!-- item-tool -->\n    \n        <li class=\"item-tool item-compare\">\n        <span class=\"houzez_compare compare-1081971 item-tool-compare show-compare-panel\" data-toggle=\"tooltip\" data-placement=\"top\" title=\"Add to Compare\" data-listing_id=\"1081971\" data-listing_image=\"https:\/\/fotos15.apinmo.com\/1045\/17241862\/2-1.jpg\">\n            <i class=\"houzez-icon icon-add-circle\"><\/i>\n        <\/span><!-- item-tool-compare -->\n    <\/li><!-- item-tool -->\n    <\/ul><!-- item-tools -->\n\t\t\t\t<div class=\"listing-image-wrap\">\n\t<div class=\"listing-thumb\">\n\t\t<a target=_self href=\"https:\/\/www.laclauelite.com\/ca\/property\/casa-pareada-obra-nueva-mas-alba-10728-ca\/\" class=\"listing-featured-thumb hover-effect\">\n\t\t\t                                                                                                                                                                                    <img loading=\"lazy\" decoding=\"async\" width=\"850\" height=\"426\" src=\"https:\/\/fotos15.apinmo.com\/1045\/17241862\/2-1.jpg\" class=\"img-fluid wp-post-image\" alt=\"Casa pareada obra nueva mas alba - imagenInmueble0\" srcset=\"https:\/\/fotos15.apinmo.com\/1045\/17241862\/2-1.jpg 850w, https:\/\/fotos15.apinmo.com\/1045\/17241862\/2-1.jpg 300w, https:\/\/fotos15.apinmo.com\/1045\/17241862\/2-1.jpg 768w, https:\/\/fotos15.apinmo.com\/1045\/17241862\/2-1s.jpg 150w, https:\/\/fotos15.apinmo.com\/1045\/17241862\/2-1.jpg 536w, https:\/\/fotos15.apinmo.com\/1045\/17241862\/2-1.jpg 770w\" sizes=\"(max-width: 850px) 100vw, 850px\" \/>\t\t<\/a><!-- hover-effect -->\n\t<\/div>\n<\/div>\n\t\t\t\t<div class=\"preview_loader\"><\/div>\n\t\t\t<\/div><!-- item-header -->\t\n\t\t\t<div class=\"item-body flex-grow-1\">\n\t\t\t\t<div class=\"labels-wrap labels-right\"> \n\n\t<a href=\"https:\/\/www.laclauelite.com\/ca\/status\/venda\/\" class=\"label-status label status-color-167\">\n\t\t\t\t\tvenda\n\t\t\t\t<\/a><a href=\"https:\/\/www.laclauelite.com\/ca\/label\/obra-nova\/\" class=\"hz-label label label-color-516\">\n\t\t\t\t\tObra nova\n\t\t\t\t<\/a>       \n\n<\/div>\n\t\t\t\t<h2 class=\"item-title\">\n\t<a target=_self href=\"https:\/\/www.laclauelite.com\/ca\/property\/casa-pareada-obra-nueva-mas-alba-10728-ca\/\">Casa Pareada obra nueva Mas Alba &#8211; 10728<\/a>\n<\/h2><!-- item-title -->\t\t\t\t<ul class=\"item-price-wrap hide-on-list\">\n\t<li class=\"item-price\">690,000\u20ac<\/li><\/ul>\t\t\t\t<address class=\"item-address\">Sant Pere de Ribes,Barcelona,Spain<\/address>\t\t\t\t<ul class=\"item-amenities item-amenities-with-icons\">\n\t<li class=\"h-beds\"><i class=\"houzez-icon icon-hotel-double-bed-1 mr-1\"><\/i><span class=\"item-amenities-text\">Camas:<\/span> <span class=\"hz-figure\">4<\/span><\/li><li class=\"h-baths\"><i class=\"houzez-icon icon-bathroom-shower-1 mr-1\"><\/i><span class=\"item-amenities-text\">Ba\u00f1os:<\/span> <span class=\"hz-figure\">2<\/span><\/li><li class=\"h-area\"><i class=\"houzez-icon icon-ruler-triangle mr-1\"><\/i><span class=\"hz-figure\">160<\/span> <span class=\"hz-figure area_postfix\">m&sup2;<\/span><\/li><li class=\"h-type\"><span>adossat<\/span><\/li><\/ul>\t\t\t\t<a class=\"btn btn-primary btn-item \" target=_self href=\"https:\/\/www.laclauelite.com\/ca\/property\/casa-pareada-obra-nueva-mas-alba-10728-ca\/\">\n\tDetalls<\/a><!-- btn-item -->\n\t\t\t\t<div class=\"item-author\">\n\t<i class=\"houzez-icon icon-single-neutral mr-1\"><\/i>\n\t<a href=\"https:\/\/www.laclauelite.com\/ca\/agent\/fincas-la-clau-elite\/\">Fincas La Clau Elite<\/a> <\/div><!-- item-author -->\n\t\t\t\t<div class=\"item-date\">\n\t<i class=\"houzez-icon icon-attachment mr-1\"><\/i>\n\t1 mes ago<\/div><!-- item-date -->\n\t\t\t<\/div><!-- item-body -->\n\n\t\t\t\t\t\t<div class=\"item-footer clearfix\">\n\t\t\t\t<div class=\"item-author\">\n\t<i class=\"houzez-icon icon-single-neutral mr-1\"><\/i>\n\t<a href=\"https:\/\/www.laclauelite.com\/ca\/agent\/fincas-la-clau-elite\/\">Fincas La Clau Elite<\/a> <\/div><!-- item-author -->\n\t\t\t\t<div class=\"item-date\">\n\t<i class=\"houzez-icon icon-attachment mr-1\"><\/i>\n\t1 mes ago<\/div><!-- item-date -->\n\t\t\t<\/div>\n\t\t\t\t\t<\/div><!-- d-flex -->\n\t<\/div><!-- item-wrap -->\n<\/div><!-- item-listing-wrap --><div class=\"item-listing-wrap hz-item-gallery-js card\" data-hz-id=\"hz-1082030\" data-images=\"[{&quot;image&quot;:&quot;https:\\\/\\\/fotos15.apinmo.com\\\/1045\\\/27301858\\\/18-1.jpg&quot;,&quot;alt&quot;:&quot;\\u00c1tico-d\\u00daplex en primera l\\u00ednea de mar en el centro de sitges - imagenInmueble0&quot;},{&quot;image&quot;:&quot;https:\\\/\\\/fotos15.apinmo.com\\\/1045\\\/27301858\\\/18-1.jpg&quot;,&quot;alt&quot;:&quot;\\u00c1tico-d\\u00daplex en primera l\\u00ednea de mar en el centro de sitges - imagenInmueble0&quot;},{&quot;image&quot;:&quot;https:\\\/\\\/fotos15.apinmo.com\\\/1045\\\/27301858\\\/18-2.jpg&quot;,&quot;alt&quot;:&quot;\\u00c1tico-d\\u00daplex en primera l\\u00ednea de mar en el centro de sitges - imagenInmueble1&quot;},{&quot;image&quot;:&quot;https:\\\/\\\/fotos15.apinmo.com\\\/1045\\\/27301858\\\/18-3.jpg&quot;,&quot;alt&quot;:&quot;\\u00c1tico-d\\u00daplex en primera l\\u00ednea de mar en el centro de sitges - imagenInmueble2&quot;},{&quot;image&quot;:&quot;https:\\\/\\\/fotos15.apinmo.com\\\/1045\\\/27301858\\\/18-4.jpg&quot;,&quot;alt&quot;:&quot;\\u00c1tico-d\\u00daplex en primera l\\u00ednea de mar en el centro de sitges - imagenInmueble3&quot;},{&quot;image&quot;:&quot;https:\\\/\\\/fotos15.apinmo.com\\\/1045\\\/27301858\\\/18-5.jpg&quot;,&quot;alt&quot;:&quot;\\u00c1tico-d\\u00daplex en primera l\\u00ednea de mar en el centro de sitges - imagenInmueble4&quot;},{&quot;image&quot;:&quot;https:\\\/\\\/fotos15.apinmo.com\\\/1045\\\/27301858\\\/18-6.jpg&quot;,&quot;alt&quot;:&quot;\\u00c1tico-d\\u00daplex en primera l\\u00ednea de mar en el centro de sitges - imagenInmueble5&quot;},{&quot;image&quot;:&quot;https:\\\/\\\/fotos15.apinmo.com\\\/1045\\\/27301858\\\/18-7.jpg&quot;,&quot;alt&quot;:&quot;\\u00c1tico-d\\u00daplex en primera l\\u00ednea de mar en el centro de sitges - imagenInmueble6&quot;},{&quot;image&quot;:&quot;https:\\\/\\\/fotos15.apinmo.com\\\/1045\\\/27301858\\\/18-8.jpg&quot;,&quot;alt&quot;:&quot;\\u00c1tico-d\\u00daplex en primera l\\u00ednea de mar en el centro de sitges - imagenInmueble7&quot;},{&quot;image&quot;:&quot;https:\\\/\\\/fotos15.apinmo.com\\\/1045\\\/27301858\\\/18-9.jpg&quot;,&quot;alt&quot;:&quot;\\u00c1tico-d\\u00daplex en primera l\\u00ednea de mar en el centro de sitges - imagenInmueble8&quot;},{&quot;image&quot;:&quot;https:\\\/\\\/fotos15.apinmo.com\\\/1045\\\/27301858\\\/18-10.jpg&quot;,&quot;alt&quot;:&quot;\\u00c1tico-d\\u00daplex en primera l\\u00ednea de mar en el centro de sitges - imagenInmueble9&quot;},{&quot;image&quot;:&quot;https:\\\/\\\/fotos15.apinmo.com\\\/1045\\\/27301858\\\/18-11.jpg&quot;,&quot;alt&quot;:&quot;\\u00c1tico-d\\u00daplex en primera l\\u00ednea de mar en el centro de sitges - imagenInmueble10&quot;},{&quot;image&quot;:&quot;https:\\\/\\\/fotos15.apinmo.com\\\/1045\\\/27301858\\\/18-12.jpg&quot;,&quot;alt&quot;:&quot;\\u00c1tico-d\\u00daplex en primera l\\u00ednea de mar en el centro de sitges - imagenInmueble11&quot;},{&quot;image&quot;:&quot;https:\\\/\\\/fotos15.apinmo.com\\\/1045\\\/27301858\\\/18-13.jpg&quot;,&quot;alt&quot;:&quot;\\u00c1tico-d\\u00daplex en primera l\\u00ednea de mar en el centro de sitges - imagenInmueble12&quot;},{&quot;image&quot;:&quot;https:\\\/\\\/fotos15.apinmo.com\\\/1045\\\/27301858\\\/18-14.jpg&quot;,&quot;alt&quot;:&quot;\\u00c1tico-d\\u00daplex en primera l\\u00ednea de mar en el centro de sitges - imagenInmueble13&quot;},{&quot;image&quot;:&quot;https:\\\/\\\/fotos15.apinmo.com\\\/1045\\\/27301858\\\/18-15.jpg&quot;,&quot;alt&quot;:&quot;\\u00c1tico-d\\u00daplex en primera l\\u00ednea de mar en el centro de sitges - imagenInmueble14&quot;},{&quot;image&quot;:&quot;https:\\\/\\\/fotos15.apinmo.com\\\/1045\\\/27301858\\\/18-16.jpg&quot;,&quot;alt&quot;:&quot;\\u00c1tico-d\\u00daplex en primera l\\u00ednea de mar en el centro de sitges - imagenInmueble15&quot;},{&quot;image&quot;:&quot;https:\\\/\\\/fotos15.apinmo.com\\\/1045\\\/27301858\\\/18-17.jpg&quot;,&quot;alt&quot;:&quot;\\u00c1tico-d\\u00daplex en primera l\\u00ednea de mar en el centro de sitges - imagenInmueble16&quot;},{&quot;image&quot;:&quot;https:\\\/\\\/fotos15.apinmo.com\\\/1045\\\/27301858\\\/18-18.jpg&quot;,&quot;alt&quot;:&quot;\\u00c1tico-d\\u00daplex en primera l\\u00ednea de mar en el centro de sitges - imagenInmueble17&quot;},{&quot;image&quot;:&quot;https:\\\/\\\/fotos15.apinmo.com\\\/1045\\\/27301858\\\/18-19.jpg&quot;,&quot;alt&quot;:&quot;\\u00c1tico-d\\u00daplex en primera l\\u00ednea de mar en el centro de sitges - imagenInmueble18&quot;},{&quot;image&quot;:&quot;https:\\\/\\\/fotos15.apinmo.com\\\/1045\\\/27301858\\\/18-20.jpg&quot;,&quot;alt&quot;:&quot;\\u00c1tico-d\\u00daplex en primera l\\u00ednea de mar en el centro de sitges - imagenInmueble19&quot;},{&quot;image&quot;:&quot;https:\\\/\\\/fotos15.apinmo.com\\\/1045\\\/27301858\\\/18-21.jpg&quot;,&quot;alt&quot;:&quot;\\u00c1tico-d\\u00daplex en primera l\\u00ednea de mar en el centro de sitges - imagenInmueble20&quot;},{&quot;image&quot;:&quot;https:\\\/\\\/fotos15.apinmo.com\\\/1045\\\/27301858\\\/18-22.jpg&quot;,&quot;alt&quot;:&quot;\\u00c1tico-d\\u00daplex en primera l\\u00ednea de mar en el centro de sitges - imagenInmueble21&quot;},{&quot;image&quot;:&quot;https:\\\/\\\/fotos15.apinmo.com\\\/1045\\\/27301858\\\/18-23.jpg&quot;,&quot;alt&quot;:&quot;\\u00c1tico-d\\u00daplex en primera l\\u00ednea de mar en el centro de sitges - imagenInmueble22&quot;},{&quot;image&quot;:&quot;https:\\\/\\\/fotos15.apinmo.com\\\/1045\\\/27301858\\\/18-24.jpg&quot;,&quot;alt&quot;:&quot;\\u00c1tico-d\\u00daplex en primera l\\u00ednea de mar en el centro de sitges - imagenInmueble23&quot;},{&quot;image&quot;:&quot;https:\\\/\\\/fotos15.apinmo.com\\\/1045\\\/27301858\\\/18-25.jpg&quot;,&quot;alt&quot;:&quot;\\u00c1tico-d\\u00daplex en primera l\\u00ednea de mar en el centro de sitges - imagenInmueble24&quot;},{&quot;image&quot;:&quot;https:\\\/\\\/fotos15.apinmo.com\\\/1045\\\/27301858\\\/18-26.jpg&quot;,&quot;alt&quot;:&quot;\\u00c1tico-d\\u00daplex en primera l\\u00ednea de mar en el centro de sitges - imagenInmueble25&quot;},{&quot;image&quot;:&quot;https:\\\/\\\/fotos15.apinmo.com\\\/1045\\\/27301858\\\/18-27.jpg&quot;,&quot;alt&quot;:&quot;\\u00c1tico-d\\u00daplex en primera l\\u00ednea de mar en el centro de sitges - imagenInmueble26&quot;},{&quot;image&quot;:&quot;https:\\\/\\\/fotos15.apinmo.com\\\/1045\\\/27301858\\\/18-28.jpg&quot;,&quot;alt&quot;:&quot;\\u00c1tico-d\\u00daplex en primera l\\u00ednea de mar en el centro de sitges - imagenInmueble27&quot;},{&quot;image&quot;:&quot;https:\\\/\\\/fotos15.apinmo.com\\\/1045\\\/27301858\\\/18-29.jpg&quot;,&quot;alt&quot;:&quot;\\u00c1tico-d\\u00daplex en primera l\\u00ednea de mar en el centro de sitges - imagenInmueble28&quot;},{&quot;image&quot;:&quot;https:\\\/\\\/fotos15.apinmo.com\\\/1045\\\/27301858\\\/18-30.jpg&quot;,&quot;alt&quot;:&quot;\\u00c1tico-d\\u00daplex en primera l\\u00ednea de mar en el centro de sitges - imagenInmueble29&quot;},{&quot;image&quot;:&quot;https:\\\/\\\/fotos15.apinmo.com\\\/1045\\\/27301858\\\/18-31.jpg&quot;,&quot;alt&quot;:&quot;\\u00c1tico-d\\u00daplex en primera l\\u00ednea de mar en el centro de sitges - imagenInmueble30&quot;}]\">\n\t<div class=\"item-wrap item-wrap-v1 item-wrap-no-frame h-100\">\n\t\t<div class=\"d-flex align-items-center h-100\">\n\t\t\t<div class=\"item-header\">\n\t\t\t\t\t\t\t\t<div class=\"labels-wrap labels-right\"> \n\n\t<a href=\"https:\/\/www.laclauelite.com\/ca\/status\/venda\/\" class=\"label-status label status-color-167\">\n\t\t\t\t\tvenda\n\t\t\t\t<\/a>       \n\n<\/div>\n\t\t\t\t<ul class=\"item-price-wrap hide-on-list\">\n\t<li class=\"item-price\">1,950,000\u20ac<\/li><\/ul>\t\t\t\t<ul class=\"item-tools\">\n\n        <li class=\"item-tool item-preview\">\n        <span class=\"hz-show-lightbox-js\" data-listid=\"1082030\" data-toggle=\"tooltip\" data-placement=\"top\" title=\"Preview\">\n                <i class=\"houzez-icon icon-expand-3\"><\/i>   \n        <\/span><!-- item-tool-favorite -->\n    <\/li><!-- item-tool -->\n        \n        <li class=\"item-tool item-favorite\">\n        <span class=\"add-favorite-js item-tool-favorite\" data-toggle=\"tooltip\" data-placement=\"top\" title=\"Favourite\" data-listid=\"1082030\">\n            <i class=\"houzez-icon icon-love-it \"><\/i> \n        <\/span><!-- item-tool-favorite -->\n    <\/li><!-- item-tool -->\n    \n        <li class=\"item-tool item-compare\">\n        <span class=\"houzez_compare compare-1082030 item-tool-compare show-compare-panel\" data-toggle=\"tooltip\" data-placement=\"top\" title=\"Add to Compare\" data-listing_id=\"1082030\" data-listing_image=\"https:\/\/fotos15.apinmo.com\/1045\/27301858\/18-1.jpg\">\n            <i class=\"houzez-icon icon-add-circle\"><\/i>\n        <\/span><!-- item-tool-compare -->\n    <\/li><!-- item-tool -->\n    <\/ul><!-- item-tools -->\n\t\t\t\t<div class=\"listing-image-wrap\">\n\t<div class=\"listing-thumb\">\n\t\t<a target=_self href=\"https:\/\/www.laclauelite.com\/ca\/property\/atico-duplex-en-primera-linea-de-mar-en-el-centro-de-sitges-11387-ca\/\" class=\"listing-featured-thumb hover-effect\">\n\t\t\t                                                                                                                                                                                    <img loading=\"lazy\" decoding=\"async\" width=\"850\" height=\"426\" src=\"https:\/\/fotos15.apinmo.com\/1045\/27301858\/18-1.jpg\" class=\"img-fluid wp-post-image\" alt=\"\u00c1tico-d\u00daplex en primera l\u00ednea de mar en el centro de sitges - imagenInmueble0\" srcset=\"https:\/\/fotos15.apinmo.com\/1045\/27301858\/18-1.jpg 850w, https:\/\/fotos15.apinmo.com\/1045\/27301858\/18-1.jpg 300w, https:\/\/fotos15.apinmo.com\/1045\/27301858\/18-1.jpg 768w, https:\/\/fotos15.apinmo.com\/1045\/27301858\/18-1s.jpg 150w, https:\/\/fotos15.apinmo.com\/1045\/27301858\/18-1.jpg 536w, https:\/\/fotos15.apinmo.com\/1045\/27301858\/18-1.jpg 770w\" sizes=\"(max-width: 850px) 100vw, 850px\" \/>\t\t<\/a><!-- hover-effect -->\n\t<\/div>\n<\/div>\n\t\t\t\t<div class=\"preview_loader\"><\/div>\n\t\t\t<\/div><!-- item-header -->\t\n\t\t\t<div class=\"item-body flex-grow-1\">\n\t\t\t\t<div class=\"labels-wrap labels-right\"> \n\n\t<a href=\"https:\/\/www.laclauelite.com\/ca\/status\/venda\/\" class=\"label-status label status-color-167\">\n\t\t\t\t\tvenda\n\t\t\t\t<\/a>       \n\n<\/div>\n\t\t\t\t<h2 class=\"item-title\">\n\t<a target=_self href=\"https:\/\/www.laclauelite.com\/ca\/property\/atico-duplex-en-primera-linea-de-mar-en-el-centro-de-sitges-11387-ca\/\">\u00c1TICO-D\u00daPLEX en primera l\u00ednea de mar en el centro de Sitges &#8211; 11387<\/a>\n<\/h2><!-- item-title -->\t\t\t\t<ul class=\"item-price-wrap hide-on-list\">\n\t<li class=\"item-price\">1,950,000\u20ac<\/li><\/ul>\t\t\t\t<address class=\"item-address\">Sitges,Barcelona,Spain<\/address>\t\t\t\t<ul class=\"item-amenities item-amenities-with-icons\">\n\t<li class=\"h-beds\"><i class=\"houzez-icon icon-hotel-double-bed-1 mr-1\"><\/i><span class=\"item-amenities-text\">Camas:<\/span> <span class=\"hz-figure\">3<\/span><\/li><li class=\"h-baths\"><i class=\"houzez-icon icon-bathroom-shower-1 mr-1\"><\/i><span class=\"item-amenities-text\">Ba\u00f1os:<\/span> <span class=\"hz-figure\">2<\/span><\/li><li class=\"h-area\"><i class=\"houzez-icon icon-ruler-triangle mr-1\"><\/i><span class=\"hz-figure\">130<\/span> <span class=\"hz-figure area_postfix\">m&sup2;<\/span><\/li><li class=\"h-type\"><span>\u00c0tic<\/span><\/li><\/ul>\t\t\t\t<a class=\"btn btn-primary btn-item \" target=_self href=\"https:\/\/www.laclauelite.com\/ca\/property\/atico-duplex-en-primera-linea-de-mar-en-el-centro-de-sitges-11387-ca\/\">\n\tDetalls<\/a><!-- btn-item -->\n\t\t\t\t<div class=\"item-author\">\n\t<i class=\"houzez-icon icon-single-neutral mr-1\"><\/i>\n\t<a href=\"https:\/\/www.laclauelite.com\/ca\/agent\/fincas-la-clau-elite\/\">Fincas La Clau Elite<\/a> <\/div><!-- item-author -->\n\t\t\t\t<div class=\"item-date\">\n\t<i class=\"houzez-icon icon-attachment mr-1\"><\/i>\n\t1 mes ago<\/div><!-- item-date -->\n\t\t\t<\/div><!-- item-body -->\n\n\t\t\t\t\t\t<div class=\"item-footer clearfix\">\n\t\t\t\t<div class=\"item-author\">\n\t<i class=\"houzez-icon icon-single-neutral mr-1\"><\/i>\n\t<a href=\"https:\/\/www.laclauelite.com\/ca\/agent\/fincas-la-clau-elite\/\">Fincas La Clau Elite<\/a> <\/div><!-- item-author -->\n\t\t\t\t<div class=\"item-date\">\n\t<i class=\"houzez-icon icon-attachment mr-1\"><\/i>\n\t1 mes ago<\/div><!-- item-date -->\n\t\t\t<\/div>\n\t\t\t\t\t<\/div><!-- d-flex -->\n\t<\/div><!-- item-wrap -->\n<\/div><!-- item-listing-wrap --><div class=\"item-listing-wrap hz-item-gallery-js card\" data-hz-id=\"hz-1081885\" data-images=\"[{&quot;image&quot;:&quot;https:\\\/\\\/fotos15.apinmo.com\\\/1045\\\/4782125\\\/17-1.jpg&quot;,&quot;alt&quot;:&quot;Casa en venta en sitges zona quint mar con espectaculares vistas panor\\u00e1micas al mar - imagenInmueble0&quot;},{&quot;image&quot;:&quot;https:\\\/\\\/fotos15.apinmo.com\\\/1045\\\/4782125\\\/17-1.jpg&quot;,&quot;alt&quot;:&quot;Casa en venta en sitges zona quint mar con espectaculares vistas panor\\u00e1micas al mar - imagenInmueble0&quot;},{&quot;image&quot;:&quot;https:\\\/\\\/fotos15.apinmo.com\\\/1045\\\/4782125\\\/17-2.jpg&quot;,&quot;alt&quot;:&quot;Casa en venta en sitges zona quint mar con espectaculares vistas panor\\u00e1micas al mar - imagenInmueble1&quot;},{&quot;image&quot;:&quot;https:\\\/\\\/fotos15.apinmo.com\\\/1045\\\/4782125\\\/17-3.jpg&quot;,&quot;alt&quot;:&quot;Casa en venta en sitges zona quint mar con espectaculares vistas panor\\u00e1micas al mar - imagenInmueble2&quot;},{&quot;image&quot;:&quot;https:\\\/\\\/fotos15.apinmo.com\\\/1045\\\/4782125\\\/17-4.jpg&quot;,&quot;alt&quot;:&quot;Casa en venta en sitges zona quint mar con espectaculares vistas panor\\u00e1micas al mar - imagenInmueble3&quot;},{&quot;image&quot;:&quot;https:\\\/\\\/fotos15.apinmo.com\\\/1045\\\/4782125\\\/17-5.jpg&quot;,&quot;alt&quot;:&quot;Casa en venta en sitges zona quint mar con espectaculares vistas panor\\u00e1micas al mar - imagenInmueble4&quot;},{&quot;image&quot;:&quot;https:\\\/\\\/fotos15.apinmo.com\\\/1045\\\/4782125\\\/17-6.jpg&quot;,&quot;alt&quot;:&quot;Casa en venta en sitges zona quint mar con espectaculares vistas panor\\u00e1micas al mar - imagenInmueble5&quot;},{&quot;image&quot;:&quot;https:\\\/\\\/fotos15.apinmo.com\\\/1045\\\/4782125\\\/17-7.jpg&quot;,&quot;alt&quot;:&quot;Casa en venta en sitges zona quint mar con espectaculares vistas panor\\u00e1micas al mar - imagenInmueble6&quot;},{&quot;image&quot;:&quot;https:\\\/\\\/fotos15.apinmo.com\\\/1045\\\/4782125\\\/17-8.jpg&quot;,&quot;alt&quot;:&quot;Casa en venta en sitges zona quint mar con espectaculares vistas panor\\u00e1micas al mar - imagenInmueble7&quot;},{&quot;image&quot;:&quot;https:\\\/\\\/fotos15.apinmo.com\\\/1045\\\/4782125\\\/17-9.jpg&quot;,&quot;alt&quot;:&quot;Casa en venta en sitges zona quint mar con espectaculares vistas panor\\u00e1micas al mar - imagenInmueble8&quot;},{&quot;image&quot;:&quot;https:\\\/\\\/fotos15.apinmo.com\\\/1045\\\/4782125\\\/17-10.jpg&quot;,&quot;alt&quot;:&quot;Casa en venta en sitges zona quint mar con espectaculares vistas panor\\u00e1micas al mar - imagenInmueble9&quot;},{&quot;image&quot;:&quot;https:\\\/\\\/fotos15.apinmo.com\\\/1045\\\/4782125\\\/17-11.jpg&quot;,&quot;alt&quot;:&quot;Casa en venta en sitges zona quint mar con espectaculares vistas panor\\u00e1micas al mar - imagenInmueble10&quot;},{&quot;image&quot;:&quot;https:\\\/\\\/fotos15.apinmo.com\\\/1045\\\/4782125\\\/17-12.jpg&quot;,&quot;alt&quot;:&quot;Casa en venta en sitges zona quint mar con espectaculares vistas panor\\u00e1micas al mar - imagenInmueble11&quot;},{&quot;image&quot;:&quot;https:\\\/\\\/fotos15.apinmo.com\\\/1045\\\/4782125\\\/17-13.jpg&quot;,&quot;alt&quot;:&quot;Casa en venta en sitges zona quint mar con espectaculares vistas panor\\u00e1micas al mar - imagenInmueble12&quot;},{&quot;image&quot;:&quot;https:\\\/\\\/fotos15.apinmo.com\\\/1045\\\/4782125\\\/17-14.jpg&quot;,&quot;alt&quot;:&quot;Casa en venta en sitges zona quint mar con espectaculares vistas panor\\u00e1micas al mar - imagenInmueble13&quot;},{&quot;image&quot;:&quot;https:\\\/\\\/fotos15.apinmo.com\\\/1045\\\/4782125\\\/17-15.jpg&quot;,&quot;alt&quot;:&quot;Casa en venta en sitges zona quint mar con espectaculares vistas panor\\u00e1micas al mar - imagenInmueble14&quot;},{&quot;image&quot;:&quot;https:\\\/\\\/fotos15.apinmo.com\\\/1045\\\/4782125\\\/17-16.jpg&quot;,&quot;alt&quot;:&quot;Casa en venta en sitges zona quint mar con espectaculares vistas panor\\u00e1micas al mar - imagenInmueble15&quot;},{&quot;image&quot;:&quot;https:\\\/\\\/fotos15.apinmo.com\\\/1045\\\/4782125\\\/17-17.jpg&quot;,&quot;alt&quot;:&quot;Casa en venta en sitges zona quint mar con espectaculares vistas panor\\u00e1micas al mar - imagenInmueble16&quot;},{&quot;image&quot;:&quot;https:\\\/\\\/fotos15.apinmo.com\\\/1045\\\/4782125\\\/17-18.jpg&quot;,&quot;alt&quot;:&quot;Casa en venta en sitges zona quint mar con espectaculares vistas panor\\u00e1micas al mar - imagenInmueble17&quot;},{&quot;image&quot;:&quot;https:\\\/\\\/fotos15.apinmo.com\\\/1045\\\/4782125\\\/17-19.jpg&quot;,&quot;alt&quot;:&quot;Casa en venta en sitges zona quint mar con espectaculares vistas panor\\u00e1micas al mar - imagenInmueble18&quot;},{&quot;image&quot;:&quot;https:\\\/\\\/fotos15.apinmo.com\\\/1045\\\/4782125\\\/17-20.jpg&quot;,&quot;alt&quot;:&quot;Casa en venta en sitges zona quint mar con espectaculares vistas panor\\u00e1micas al mar - imagenInmueble19&quot;}]\">\n\t<div class=\"item-wrap item-wrap-v1 item-wrap-no-frame h-100\">\n\t\t<div class=\"d-flex align-items-center h-100\">\n\t\t\t<div class=\"item-header\">\n\t\t\t\t\t\t\t\t<div class=\"labels-wrap labels-right\"> \n\n\t<a href=\"https:\/\/www.laclauelite.com\/ca\/status\/venda\/\" class=\"label-status label status-color-167\">\n\t\t\t\t\tvenda\n\t\t\t\t<\/a>       \n\n<\/div>\n\t\t\t\t<ul class=\"item-price-wrap hide-on-list\">\n\t<li class=\"item-price\">1,250,000\u20ac<\/li><\/ul>\t\t\t\t<ul class=\"item-tools\">\n\n        <li class=\"item-tool item-preview\">\n        <span class=\"hz-show-lightbox-js\" data-listid=\"1081885\" data-toggle=\"tooltip\" data-placement=\"top\" title=\"Preview\">\n                <i class=\"houzez-icon icon-expand-3\"><\/i>   \n        <\/span><!-- item-tool-favorite -->\n    <\/li><!-- item-tool -->\n        \n        <li class=\"item-tool item-favorite\">\n        <span class=\"add-favorite-js item-tool-favorite\" data-toggle=\"tooltip\" data-placement=\"top\" title=\"Favourite\" data-listid=\"1081885\">\n            <i class=\"houzez-icon icon-love-it \"><\/i> \n        <\/span><!-- item-tool-favorite -->\n    <\/li><!-- item-tool -->\n    \n        <li class=\"item-tool item-compare\">\n        <span class=\"houzez_compare compare-1081885 item-tool-compare show-compare-panel\" data-toggle=\"tooltip\" data-placement=\"top\" title=\"Add to Compare\" data-listing_id=\"1081885\" data-listing_image=\"https:\/\/fotos15.apinmo.com\/1045\/4782125\/17-1.jpg\">\n            <i class=\"houzez-icon icon-add-circle\"><\/i>\n        <\/span><!-- item-tool-compare -->\n    <\/li><!-- item-tool -->\n    <\/ul><!-- item-tools -->\n\t\t\t\t<div class=\"listing-image-wrap\">\n\t<div class=\"listing-thumb\">\n\t\t<a target=_self href=\"https:\/\/www.laclauelite.com\/ca\/property\/casa-en-venta-en-sitges-zona-quint-mar-con-espectaculares-vistas-panoramicas-al-mar-08123-ca\/\" class=\"listing-featured-thumb hover-effect\">\n\t\t\t                                                                                                                                                                                    <img loading=\"lazy\" decoding=\"async\" width=\"850\" height=\"426\" src=\"https:\/\/fotos15.apinmo.com\/1045\/4782125\/17-1.jpg\" class=\"img-fluid wp-post-image\" alt=\"Casa en venta en sitges zona quint mar con espectaculares vistas panor\u00e1micas al mar - imagenInmueble0\" srcset=\"https:\/\/fotos15.apinmo.com\/1045\/4782125\/17-1.jpg 850w, https:\/\/fotos15.apinmo.com\/1045\/4782125\/17-1.jpg 300w, https:\/\/fotos15.apinmo.com\/1045\/4782125\/17-1.jpg 768w, https:\/\/fotos15.apinmo.com\/1045\/4782125\/17-1s.jpg 150w, https:\/\/fotos15.apinmo.com\/1045\/4782125\/17-1.jpg 536w, https:\/\/fotos15.apinmo.com\/1045\/4782125\/17-1.jpg 770w\" sizes=\"(max-width: 850px) 100vw, 850px\" \/>\t\t<\/a><!-- hover-effect -->\n\t<\/div>\n<\/div>\n\t\t\t\t<div class=\"preview_loader\"><\/div>\n\t\t\t<\/div><!-- item-header -->\t\n\t\t\t<div class=\"item-body flex-grow-1\">\n\t\t\t\t<div class=\"labels-wrap labels-right\"> \n\n\t<a href=\"https:\/\/www.laclauelite.com\/ca\/status\/venda\/\" class=\"label-status label status-color-167\">\n\t\t\t\t\tvenda\n\t\t\t\t<\/a>       \n\n<\/div>\n\t\t\t\t<h2 class=\"item-title\">\n\t<a target=_self href=\"https:\/\/www.laclauelite.com\/ca\/property\/casa-en-venta-en-sitges-zona-quint-mar-con-espectaculares-vistas-panoramicas-al-mar-08123-ca\/\">Casa en venta en Sitges zona Quint Mar con espectaculares vistas panor\u00e1micas al mar &#8211; 08123<\/a>\n<\/h2><!-- item-title -->\t\t\t\t<ul class=\"item-price-wrap hide-on-list\">\n\t<li class=\"item-price\">1,250,000\u20ac<\/li><\/ul>\t\t\t\t<address class=\"item-address\">Sitges,Barcelona,Spain<\/address>\t\t\t\t<ul class=\"item-amenities item-amenities-with-icons\">\n\t<li class=\"h-beds\"><i class=\"houzez-icon icon-hotel-double-bed-1 mr-1\"><\/i><span class=\"item-amenities-text\">Camas:<\/span> <span class=\"hz-figure\">6<\/span><\/li><li class=\"h-baths\"><i class=\"houzez-icon icon-bathroom-shower-1 mr-1\"><\/i><span class=\"item-amenities-text\">Ba\u00f1os:<\/span> <span class=\"hz-figure\">5<\/span><\/li><li class=\"h-area\"><i class=\"houzez-icon icon-ruler-triangle mr-1\"><\/i><span class=\"hz-figure\">347<\/span> <span class=\"hz-figure area_postfix\">m&sup2;<\/span><\/li><li class=\"h-type\"><span>Casas<\/span><\/li><\/ul>\t\t\t\t<a class=\"btn btn-primary btn-item \" target=_self href=\"https:\/\/www.laclauelite.com\/ca\/property\/casa-en-venta-en-sitges-zona-quint-mar-con-espectaculares-vistas-panoramicas-al-mar-08123-ca\/\">\n\tDetalls<\/a><!-- btn-item -->\n\t\t\t\t<div class=\"item-author\">\n\t<i class=\"houzez-icon icon-single-neutral mr-1\"><\/i>\n\t<a href=\"https:\/\/www.laclauelite.com\/ca\/agent\/fincas-la-clau-elite\/\">Fincas La Clau Elite<\/a> <\/div><!-- item-author -->\n\t\t\t\t<div class=\"item-date\">\n\t<i class=\"houzez-icon icon-attachment mr-1\"><\/i>\n\t3 mesos ago<\/div><!-- item-date -->\n\t\t\t<\/div><!-- item-body -->\n\n\t\t\t\t\t\t<div class=\"item-footer clearfix\">\n\t\t\t\t<div class=\"item-author\">\n\t<i class=\"houzez-icon icon-single-neutral mr-1\"><\/i>\n\t<a href=\"https:\/\/www.laclauelite.com\/ca\/agent\/fincas-la-clau-elite\/\">Fincas La Clau Elite<\/a> <\/div><!-- item-author -->\n\t\t\t\t<div class=\"item-date\">\n\t<i class=\"houzez-icon icon-attachment mr-1\"><\/i>\n\t3 mesos ago<\/div><!-- item-date -->\n\t\t\t<\/div>\n\t\t\t\t\t<\/div><!-- d-flex -->\n\t<\/div><!-- item-wrap -->\n<\/div><!-- item-listing-wrap --><div class=\"item-listing-wrap hz-item-gallery-js card\" data-hz-id=\"hz-1081910\" data-images=\"[{&quot;image&quot;:&quot;https:\\\/\\\/fotos15.apinmo.com\\\/1045\\\/8039595\\\/25-1.jpg&quot;,&quot;alt&quot;:&quot;Finca r\\u00fastica con dos casas a cinco minutos de sitges. - imagenInmueble0&quot;},{&quot;image&quot;:&quot;https:\\\/\\\/fotos15.apinmo.com\\\/1045\\\/8039595\\\/25-1.jpg&quot;,&quot;alt&quot;:&quot;Finca r\\u00fastica con dos casas a cinco minutos de sitges. - imagenInmueble0&quot;},{&quot;image&quot;:&quot;https:\\\/\\\/fotos15.apinmo.com\\\/1045\\\/8039595\\\/25-2.jpg&quot;,&quot;alt&quot;:&quot;Finca r\\u00fastica con dos casas a cinco minutos de sitges. - imagenInmueble1&quot;},{&quot;image&quot;:&quot;https:\\\/\\\/fotos15.apinmo.com\\\/1045\\\/8039595\\\/25-3.jpg&quot;,&quot;alt&quot;:&quot;Finca r\\u00fastica con dos casas a cinco minutos de sitges. - imagenInmueble2&quot;},{&quot;image&quot;:&quot;https:\\\/\\\/fotos15.apinmo.com\\\/1045\\\/8039595\\\/25-4.jpg&quot;,&quot;alt&quot;:&quot;Finca r\\u00fastica con dos casas a cinco minutos de sitges. - imagenInmueble3&quot;},{&quot;image&quot;:&quot;https:\\\/\\\/fotos15.apinmo.com\\\/1045\\\/8039595\\\/25-5.jpg&quot;,&quot;alt&quot;:&quot;Finca r\\u00fastica con dos casas a cinco minutos de sitges. - imagenInmueble4&quot;},{&quot;image&quot;:&quot;https:\\\/\\\/fotos15.apinmo.com\\\/1045\\\/8039595\\\/25-6.jpg&quot;,&quot;alt&quot;:&quot;Finca r\\u00fastica con dos casas a cinco minutos de sitges. - imagenInmueble5&quot;},{&quot;image&quot;:&quot;https:\\\/\\\/fotos15.apinmo.com\\\/1045\\\/8039595\\\/25-7.jpg&quot;,&quot;alt&quot;:&quot;Finca r\\u00fastica con dos casas a cinco minutos de sitges. - imagenInmueble6&quot;},{&quot;image&quot;:&quot;https:\\\/\\\/fotos15.apinmo.com\\\/1045\\\/8039595\\\/25-8.jpg&quot;,&quot;alt&quot;:&quot;Finca r\\u00fastica con dos casas a cinco minutos de sitges. - imagenInmueble7&quot;},{&quot;image&quot;:&quot;https:\\\/\\\/fotos15.apinmo.com\\\/1045\\\/8039595\\\/25-9.jpg&quot;,&quot;alt&quot;:&quot;Finca r\\u00fastica con dos casas a cinco minutos de sitges. - imagenInmueble8&quot;},{&quot;image&quot;:&quot;https:\\\/\\\/fotos15.apinmo.com\\\/1045\\\/8039595\\\/25-10.jpg&quot;,&quot;alt&quot;:&quot;Finca r\\u00fastica con dos casas a cinco minutos de sitges. - imagenInmueble9&quot;},{&quot;image&quot;:&quot;https:\\\/\\\/fotos15.apinmo.com\\\/1045\\\/8039595\\\/25-11.jpg&quot;,&quot;alt&quot;:&quot;Finca r\\u00fastica con dos casas a cinco minutos de sitges. - imagenInmueble10&quot;},{&quot;image&quot;:&quot;https:\\\/\\\/fotos15.apinmo.com\\\/1045\\\/8039595\\\/25-12.jpg&quot;,&quot;alt&quot;:&quot;Finca r\\u00fastica con dos casas a cinco minutos de sitges. - imagenInmueble11&quot;},{&quot;image&quot;:&quot;https:\\\/\\\/fotos15.apinmo.com\\\/1045\\\/8039595\\\/25-13.jpg&quot;,&quot;alt&quot;:&quot;Finca r\\u00fastica con dos casas a cinco minutos de sitges. - imagenInmueble12&quot;},{&quot;image&quot;:&quot;https:\\\/\\\/fotos15.apinmo.com\\\/1045\\\/8039595\\\/25-14.jpg&quot;,&quot;alt&quot;:&quot;Finca r\\u00fastica con dos casas a cinco minutos de sitges. - imagenInmueble13&quot;},{&quot;image&quot;:&quot;https:\\\/\\\/fotos15.apinmo.com\\\/1045\\\/8039595\\\/25-15.jpg&quot;,&quot;alt&quot;:&quot;Finca r\\u00fastica con dos casas a cinco minutos de sitges. - imagenInmueble14&quot;},{&quot;image&quot;:&quot;https:\\\/\\\/fotos15.apinmo.com\\\/1045\\\/8039595\\\/25-16.jpg&quot;,&quot;alt&quot;:&quot;Finca r\\u00fastica con dos casas a cinco minutos de sitges. - imagenInmueble15&quot;},{&quot;image&quot;:&quot;https:\\\/\\\/fotos15.apinmo.com\\\/1045\\\/8039595\\\/25-17.jpg&quot;,&quot;alt&quot;:&quot;Finca r\\u00fastica con dos casas a cinco minutos de sitges. - imagenInmueble16&quot;},{&quot;image&quot;:&quot;https:\\\/\\\/fotos15.apinmo.com\\\/1045\\\/8039595\\\/25-18.jpg&quot;,&quot;alt&quot;:&quot;Finca r\\u00fastica con dos casas a cinco minutos de sitges. - imagenInmueble17&quot;},{&quot;image&quot;:&quot;https:\\\/\\\/fotos15.apinmo.com\\\/1045\\\/8039595\\\/25-19.jpg&quot;,&quot;alt&quot;:&quot;Finca r\\u00fastica con dos casas a cinco minutos de sitges. - imagenInmueble18&quot;},{&quot;image&quot;:&quot;https:\\\/\\\/fotos15.apinmo.com\\\/1045\\\/8039595\\\/25-20.jpg&quot;,&quot;alt&quot;:&quot;Finca r\\u00fastica con dos casas a cinco minutos de sitges. - imagenInmueble19&quot;},{&quot;image&quot;:&quot;https:\\\/\\\/fotos15.apinmo.com\\\/1045\\\/8039595\\\/25-21.jpg&quot;,&quot;alt&quot;:&quot;Finca r\\u00fastica con dos casas a cinco minutos de sitges. - imagenInmueble20&quot;},{&quot;image&quot;:&quot;https:\\\/\\\/fotos15.apinmo.com\\\/1045\\\/8039595\\\/25-22.jpg&quot;,&quot;alt&quot;:&quot;Finca r\\u00fastica con dos casas a cinco minutos de sitges. - imagenInmueble21&quot;},{&quot;image&quot;:&quot;https:\\\/\\\/fotos15.apinmo.com\\\/1045\\\/8039595\\\/25-23.jpg&quot;,&quot;alt&quot;:&quot;Finca r\\u00fastica con dos casas a cinco minutos de sitges. - imagenInmueble22&quot;},{&quot;image&quot;:&quot;https:\\\/\\\/fotos15.apinmo.com\\\/1045\\\/8039595\\\/25-24.jpg&quot;,&quot;alt&quot;:&quot;Finca r\\u00fastica con dos casas a cinco minutos de sitges. - imagenInmueble23&quot;},{&quot;image&quot;:&quot;https:\\\/\\\/fotos15.apinmo.com\\\/1045\\\/8039595\\\/25-25.jpg&quot;,&quot;alt&quot;:&quot;Finca r\\u00fastica con dos casas a cinco minutos de sitges. - imagenInmueble24&quot;},{&quot;image&quot;:&quot;https:\\\/\\\/fotos15.apinmo.com\\\/1045\\\/8039595\\\/25-26.jpg&quot;,&quot;alt&quot;:&quot;Finca r\\u00fastica con dos casas a cinco minutos de sitges. - imagenInmueble25&quot;},{&quot;image&quot;:&quot;https:\\\/\\\/fotos15.apinmo.com\\\/1045\\\/8039595\\\/25-27.jpg&quot;,&quot;alt&quot;:&quot;Finca r\\u00fastica con dos casas a cinco minutos de sitges. - imagenInmueble26&quot;},{&quot;image&quot;:&quot;https:\\\/\\\/fotos15.apinmo.com\\\/1045\\\/8039595\\\/25-28.jpg&quot;,&quot;alt&quot;:&quot;Finca r\\u00fastica con dos casas a cinco minutos de sitges. - imagenInmueble27&quot;},{&quot;image&quot;:&quot;https:\\\/\\\/fotos15.apinmo.com\\\/1045\\\/8039595\\\/25-29.jpg&quot;,&quot;alt&quot;:&quot;Finca r\\u00fastica con dos casas a cinco minutos de sitges. - imagenInmueble28&quot;},{&quot;image&quot;:&quot;https:\\\/\\\/fotos15.apinmo.com\\\/1045\\\/8039595\\\/25-30.jpg&quot;,&quot;alt&quot;:&quot;Finca r\\u00fastica con dos casas a cinco minutos de sitges. - imagenInmueble29&quot;},{&quot;image&quot;:&quot;https:\\\/\\\/fotos15.apinmo.com\\\/1045\\\/8039595\\\/25-31.jpg&quot;,&quot;alt&quot;:&quot;Finca r\\u00fastica con dos casas a cinco minutos de sitges. - imagenInmueble30&quot;},{&quot;image&quot;:&quot;https:\\\/\\\/fotos15.apinmo.com\\\/1045\\\/8039595\\\/25-32.jpg&quot;,&quot;alt&quot;:&quot;Finca r\\u00fastica con dos casas a cinco minutos de sitges. - imagenInmueble31&quot;},{&quot;image&quot;:&quot;https:\\\/\\\/fotos15.apinmo.com\\\/1045\\\/8039595\\\/25-33.jpg&quot;,&quot;alt&quot;:&quot;Finca r\\u00fastica con dos casas a cinco minutos de sitges. - imagenInmueble32&quot;},{&quot;image&quot;:&quot;https:\\\/\\\/fotos15.apinmo.com\\\/1045\\\/8039595\\\/25-34.jpg&quot;,&quot;alt&quot;:&quot;Finca r\\u00fastica con dos casas a cinco minutos de sitges. - imagenInmueble33&quot;},{&quot;image&quot;:&quot;https:\\\/\\\/fotos15.apinmo.com\\\/1045\\\/8039595\\\/25-35.jpg&quot;,&quot;alt&quot;:&quot;Finca r\\u00fastica con dos casas a cinco minutos de sitges. - imagenInmueble34&quot;},{&quot;image&quot;:&quot;https:\\\/\\\/fotos15.apinmo.com\\\/1045\\\/8039595\\\/25-36.jpg&quot;,&quot;alt&quot;:&quot;Finca r\\u00fastica con dos casas a cinco minutos de sitges. - imagenInmueble35&quot;},{&quot;image&quot;:&quot;https:\\\/\\\/fotos15.apinmo.com\\\/1045\\\/8039595\\\/25-37.jpg&quot;,&quot;alt&quot;:&quot;Finca r\\u00fastica con dos casas a cinco minutos de sitges. - imagenInmueble36&quot;},{&quot;image&quot;:&quot;https:\\\/\\\/fotos15.apinmo.com\\\/1045\\\/8039595\\\/25-38.jpg&quot;,&quot;alt&quot;:&quot;Finca r\\u00fastica con dos casas a cinco minutos de sitges. - imagenInmueble37&quot;},{&quot;image&quot;:&quot;https:\\\/\\\/fotos15.apinmo.com\\\/1045\\\/8039595\\\/25-39.jpg&quot;,&quot;alt&quot;:&quot;Finca r\\u00fastica con dos casas a cinco minutos de sitges. - imagenInmueble38&quot;},{&quot;image&quot;:&quot;https:\\\/\\\/fotos15.apinmo.com\\\/1045\\\/8039595\\\/25-40.jpg&quot;,&quot;alt&quot;:&quot;Finca r\\u00fastica con dos casas a cinco minutos de sitges. - imagenInmueble39&quot;}]\">\n\t<div class=\"item-wrap item-wrap-v1 item-wrap-no-frame h-100\">\n\t\t<div class=\"d-flex align-items-center h-100\">\n\t\t\t<div class=\"item-header\">\n\t\t\t\t\t\t\t\t<div class=\"labels-wrap labels-right\"> \n\n\t<a href=\"https:\/\/www.laclauelite.com\/ca\/status\/venda\/\" class=\"label-status label status-color-167\">\n\t\t\t\t\tvenda\n\t\t\t\t<\/a>       \n\n<\/div>\n\t\t\t\t<ul class=\"item-price-wrap hide-on-list\">\n\t<li class=\"item-price\">5,000,000\u20ac<\/li><\/ul>\t\t\t\t<ul class=\"item-tools\">\n\n        <li class=\"item-tool item-preview\">\n        <span class=\"hz-show-lightbox-js\" data-listid=\"1081910\" data-toggle=\"tooltip\" data-placement=\"top\" title=\"Preview\">\n                <i class=\"houzez-icon icon-expand-3\"><\/i>   \n        <\/span><!-- item-tool-favorite -->\n    <\/li><!-- item-tool -->\n        \n        <li class=\"item-tool item-favorite\">\n        <span class=\"add-favorite-js item-tool-favorite\" data-toggle=\"tooltip\" data-placement=\"top\" title=\"Favourite\" data-listid=\"1081910\">\n            <i class=\"houzez-icon icon-love-it \"><\/i> \n        <\/span><!-- item-tool-favorite -->\n    <\/li><!-- item-tool -->\n    \n        <li class=\"item-tool item-compare\">\n        <span class=\"houzez_compare compare-1081910 item-tool-compare show-compare-panel\" data-toggle=\"tooltip\" data-placement=\"top\" title=\"Add to Compare\" data-listing_id=\"1081910\" data-listing_image=\"https:\/\/fotos15.apinmo.com\/1045\/8039595\/25-1.jpg\">\n            <i class=\"houzez-icon icon-add-circle\"><\/i>\n        <\/span><!-- item-tool-compare -->\n    <\/li><!-- item-tool -->\n    <\/ul><!-- item-tools -->\n\t\t\t\t<div class=\"listing-image-wrap\">\n\t<div class=\"listing-thumb\">\n\t\t<a target=_self href=\"https:\/\/www.laclauelite.com\/ca\/property\/finca-rustica-con-dos-casas-a-cinco-minutos-de-sitges-09094-ca\/\" class=\"listing-featured-thumb hover-effect\">\n\t\t\t                                                                                                                                                                                    <img loading=\"lazy\" decoding=\"async\" width=\"850\" height=\"426\" src=\"https:\/\/fotos15.apinmo.com\/1045\/8039595\/25-1.jpg\" class=\"img-fluid wp-post-image\" alt=\"Finca r\u00fastica con dos casas a cinco minutos de sitges. - imagenInmueble0\" srcset=\"https:\/\/fotos15.apinmo.com\/1045\/8039595\/25-1.jpg 850w, https:\/\/fotos15.apinmo.com\/1045\/8039595\/25-1.jpg 300w, https:\/\/fotos15.apinmo.com\/1045\/8039595\/25-1.jpg 768w, https:\/\/fotos15.apinmo.com\/1045\/8039595\/25-1s.jpg 150w, https:\/\/fotos15.apinmo.com\/1045\/8039595\/25-1.jpg 536w, https:\/\/fotos15.apinmo.com\/1045\/8039595\/25-1.jpg 770w\" sizes=\"(max-width: 850px) 100vw, 850px\" \/>\t\t<\/a><!-- hover-effect -->\n\t<\/div>\n<\/div>\n\t\t\t\t<div class=\"preview_loader\"><\/div>\n\t\t\t<\/div><!-- item-header -->\t\n\t\t\t<div class=\"item-body flex-grow-1\">\n\t\t\t\t<div class=\"labels-wrap labels-right\"> \n\n\t<a href=\"https:\/\/www.laclauelite.com\/ca\/status\/venda\/\" class=\"label-status label status-color-167\">\n\t\t\t\t\tvenda\n\t\t\t\t<\/a>       \n\n<\/div>\n\t\t\t\t<h2 class=\"item-title\">\n\t<a target=_self href=\"https:\/\/www.laclauelite.com\/ca\/property\/finca-rustica-con-dos-casas-a-cinco-minutos-de-sitges-09094-ca\/\">Finca r\u00fastica con dos casas a cinco minutos de Sitges. &#8211; 09094<\/a>\n<\/h2><!-- item-title -->\t\t\t\t<ul class=\"item-price-wrap hide-on-list\">\n\t<li class=\"item-price\">5,000,000\u20ac<\/li><\/ul>\t\t\t\t<address class=\"item-address\">Sant Pere de Ribes,Barcelona,Spain<\/address>\t\t\t\t<ul class=\"item-amenities item-amenities-with-icons\">\n\t<li class=\"h-beds\"><i class=\"houzez-icon icon-hotel-double-bed-1 mr-1\"><\/i><span class=\"item-amenities-text\">Cama:<\/span> <span class=\"hz-figure\">0<\/span><\/li><li class=\"h-baths\"><i class=\"houzez-icon icon-bathroom-shower-1 mr-1\"><\/i><span class=\"item-amenities-text\">Ba\u00f1o:<\/span> <span class=\"hz-figure\">1<\/span><\/li><li class=\"h-area\"><i class=\"houzez-icon icon-ruler-triangle mr-1\"><\/i><span class=\"hz-figure\">1800<\/span> <span class=\"hz-figure area_postfix\">m&sup2;<\/span><\/li><li class=\"h-type\"><span>Casas<\/span><\/li><\/ul>\t\t\t\t<a class=\"btn btn-primary btn-item \" target=_self href=\"https:\/\/www.laclauelite.com\/ca\/property\/finca-rustica-con-dos-casas-a-cinco-minutos-de-sitges-09094-ca\/\">\n\tDetalls<\/a><!-- btn-item -->\n\t\t\t\t<div class=\"item-author\">\n\t<i class=\"houzez-icon icon-single-neutral mr-1\"><\/i>\n\t<a href=\"https:\/\/www.laclauelite.com\/ca\/agent\/fincas-la-clau-elite\/\">Fincas La Clau Elite<\/a> <\/div><!-- item-author -->\n\t\t\t\t<div class=\"item-date\">\n\t<i class=\"houzez-icon icon-attachment mr-1\"><\/i>\n\t2 anys ago<\/div><!-- item-date -->\n\t\t\t<\/div><!-- item-body -->\n\n\t\t\t\t\t\t<div class=\"item-footer clearfix\">\n\t\t\t\t<div class=\"item-author\">\n\t<i class=\"houzez-icon icon-single-neutral mr-1\"><\/i>\n\t<a href=\"https:\/\/www.laclauelite.com\/ca\/agent\/fincas-la-clau-elite\/\">Fincas La Clau Elite<\/a> <\/div><!-- item-author -->\n\t\t\t\t<div class=\"item-date\">\n\t<i class=\"houzez-icon icon-attachment mr-1\"><\/i>\n\t2 anys ago<\/div><!-- item-date -->\n\t\t\t<\/div>\n\t\t\t\t\t<\/div><!-- d-flex -->\n\t<\/div><!-- item-wrap -->\n<\/div><!-- item-listing-wrap -->\t\t\t\t<\/div><!-- testimonials-slider -->\r\n\t\t\t<\/div><!-- listing-view grid-view -->\r\n\t\t<\/div><!-- testimonials-module -->\r\n\r\n\t\t\t\t<\/div>\n\t\t\t\t<\/div>\n\t\t\t\t\t<\/div>\n\t\t<\/div>\n\t\t\t\t\t\t\t<\/div>\n\t\t<\/section>\n\t\t\t\t<section class=\"elementor-section elementor-top-section elementor-element elementor-element-f09d377 elementor-section-boxed elementor-section-height-default elementor-section-height-default\" data-id=\"f09d377\" data-element_type=\"section\">\n\t\t\t\t\t\t<div class=\"elementor-container elementor-column-gap-default\">\n\t\t\t\t\t<div class=\"elementor-column elementor-col-100 elementor-top-column elementor-element elementor-element-7cd1107\" data-id=\"7cd1107\" data-element_type=\"column\">\n\t\t\t<div class=\"elementor-widget-wrap elementor-element-populated\">\n\t\t\t\t\t\t\t\t<div class=\"elementor-element elementor-element-669a45d animated-slow elementor-invisible elementor-widget elementor-widget-heading\" data-id=\"669a45d\" data-element_type=\"widget\" data-settings=\"{&quot;_animation&quot;:&quot;fadeIn&quot;}\" data-widget_type=\"heading.default\">\n\t\t\t\t<div class=\"elementor-widget-container\">\n\t\t\t<h3 class=\"elementor-heading-title elementor-size-large\">Local Comercial<\/h3>\t\t<\/div>\n\t\t\t\t<\/div>\n\t\t\t\t\t<\/div>\n\t\t<\/div>\n\t\t\t\t\t\t\t<\/div>\n\t\t<\/section>\n\t\t\t\t<section class=\"elementor-section elementor-top-section elementor-element elementor-element-6a541b8 animated-slow elementor-section-boxed elementor-section-height-default elementor-section-height-default elementor-invisible\" data-id=\"6a541b8\" data-element_type=\"section\" data-settings=\"{&quot;animation&quot;:&quot;fadeIn&quot;,&quot;animation_delay&quot;:0}\">\n\t\t\t\t\t\t<div class=\"elementor-container elementor-column-gap-default\">\n\t\t\t\t\t<div class=\"elementor-column elementor-col-100 elementor-top-column elementor-element elementor-element-ad5d7c1\" data-id=\"ad5d7c1\" data-element_type=\"column\">\n\t\t\t<div class=\"elementor-widget-wrap elementor-element-populated\">\n\t\t\t\t\t\t\t\t<div class=\"elementor-element elementor-element-d3249a2 elementor-widget elementor-widget-houzez_elementor_properties_carousel_v2\" data-id=\"d3249a2\" data-element_type=\"widget\" data-widget_type=\"houzez_elementor_properties_carousel_v2.default\">\n\t\t\t\t<div class=\"elementor-widget-container\">\n\t\t\t\r\n\t\t<div class=\"property-carousel-module houzez-carousel-arrows-pzaxg houzez-carousel-cols-1 property-carousel-module-v2\">\r\n\r\n\t\t\t<div class=\"property-carousel-buttons-wrap\">\r\n\t\t\t\t\t\t\t\t<button type=\"button\" class=\"slick-prev-js-pzaxg slick-prev btn-primary-outlined\">Prev<\/button>\r\n\t\t\t\t<button type=\"button\" class=\"slick-next-js-pzaxg slick-next btn-primary-outlined\">Next<\/button>\r\n\t\t\t\t\t\t\t\t\t\t\t<\/div><!-- property-carousel-buttons-wrap -->\r\n\r\n\t\t\t<div class=\"listing-view grid-view\">\r\n\t\t\t\t\r\n\t\t\t\t<div id=\"houzez-properties-carousel-pzaxg\" data-token=\"pzaxg\" class=\"houzez-properties-carousel-js houzez-all-slider-wrap card-deck\">\r\n\t\t\t\t\t<div class=\"item-listing-wrap hz-item-gallery-js card\" data-hz-id=\"hz-1081986\" data-images=\"[{&quot;image&quot;:&quot;https:\\\/\\\/fotos15.apinmo.com\\\/1045\\\/20965375\\\/61-1.jpg&quot;,&quot;alt&quot;:&quot;Casa de pescadores en el centro de sitges - imagenInmueble0&quot;},{&quot;image&quot;:&quot;https:\\\/\\\/fotos15.apinmo.com\\\/1045\\\/20965375\\\/61-1.jpg&quot;,&quot;alt&quot;:&quot;Casa de pescadores en el centro de sitges - imagenInmueble0&quot;},{&quot;image&quot;:&quot;https:\\\/\\\/fotos15.apinmo.com\\\/1045\\\/20965375\\\/61-2.jpg&quot;,&quot;alt&quot;:&quot;Casa de pescadores en el centro de sitges - imagenInmueble1&quot;},{&quot;image&quot;:&quot;https:\\\/\\\/fotos15.apinmo.com\\\/1045\\\/20965375\\\/61-3.jpg&quot;,&quot;alt&quot;:&quot;Casa de pescadores en el centro de sitges - imagenInmueble2&quot;},{&quot;image&quot;:&quot;https:\\\/\\\/fotos15.apinmo.com\\\/1045\\\/20965375\\\/61-4.jpg&quot;,&quot;alt&quot;:&quot;Casa de pescadores en el centro de sitges - imagenInmueble3&quot;},{&quot;image&quot;:&quot;https:\\\/\\\/fotos15.apinmo.com\\\/1045\\\/20965375\\\/61-5.jpg&quot;,&quot;alt&quot;:&quot;Casa de pescadores en el centro de sitges - imagenInmueble4&quot;},{&quot;image&quot;:&quot;https:\\\/\\\/fotos15.apinmo.com\\\/1045\\\/20965375\\\/61-6.jpg&quot;,&quot;alt&quot;:&quot;Casa de pescadores en el centro de sitges - imagenInmueble5&quot;},{&quot;image&quot;:&quot;https:\\\/\\\/fotos15.apinmo.com\\\/1045\\\/20965375\\\/61-7.jpg&quot;,&quot;alt&quot;:&quot;Casa de pescadores en el centro de sitges - imagenInmueble6&quot;},{&quot;image&quot;:&quot;https:\\\/\\\/fotos15.apinmo.com\\\/1045\\\/20965375\\\/61-8.jpg&quot;,&quot;alt&quot;:&quot;Casa de pescadores en el centro de sitges - imagenInmueble7&quot;},{&quot;image&quot;:&quot;https:\\\/\\\/fotos15.apinmo.com\\\/1045\\\/20965375\\\/61-9.jpg&quot;,&quot;alt&quot;:&quot;Casa de pescadores en el centro de sitges - imagenInmueble8&quot;},{&quot;image&quot;:&quot;https:\\\/\\\/fotos15.apinmo.com\\\/1045\\\/20965375\\\/61-10.jpg&quot;,&quot;alt&quot;:&quot;Casa de pescadores en el centro de sitges - imagenInmueble9&quot;},{&quot;image&quot;:&quot;https:\\\/\\\/fotos15.apinmo.com\\\/1045\\\/20965375\\\/61-11.jpg&quot;,&quot;alt&quot;:&quot;Casa de pescadores en el centro de sitges - imagenInmueble10&quot;},{&quot;image&quot;:&quot;https:\\\/\\\/fotos15.apinmo.com\\\/1045\\\/20965375\\\/61-12.jpg&quot;,&quot;alt&quot;:&quot;Casa de pescadores en el centro de sitges - imagenInmueble11&quot;},{&quot;image&quot;:&quot;https:\\\/\\\/fotos15.apinmo.com\\\/1045\\\/20965375\\\/61-13.jpg&quot;,&quot;alt&quot;:&quot;Casa de pescadores en el centro de sitges - imagenInmueble12&quot;},{&quot;image&quot;:&quot;https:\\\/\\\/fotos15.apinmo.com\\\/1045\\\/20965375\\\/61-14.jpg&quot;,&quot;alt&quot;:&quot;Casa de pescadores en el centro de sitges - imagenInmueble13&quot;},{&quot;image&quot;:&quot;https:\\\/\\\/fotos15.apinmo.com\\\/1045\\\/20965375\\\/61-15.jpg&quot;,&quot;alt&quot;:&quot;Casa de pescadores en el centro de sitges - imagenInmueble14&quot;},{&quot;image&quot;:&quot;https:\\\/\\\/fotos15.apinmo.com\\\/1045\\\/20965375\\\/61-16.jpg&quot;,&quot;alt&quot;:&quot;Casa de pescadores en el centro de sitges - imagenInmueble15&quot;},{&quot;image&quot;:&quot;https:\\\/\\\/fotos15.apinmo.com\\\/1045\\\/20965375\\\/61-17.jpg&quot;,&quot;alt&quot;:&quot;Casa de pescadores en el centro de sitges - imagenInmueble16&quot;},{&quot;image&quot;:&quot;https:\\\/\\\/fotos15.apinmo.com\\\/1045\\\/20965375\\\/61-18.jpg&quot;,&quot;alt&quot;:&quot;Casa de pescadores en el centro de sitges - imagenInmueble17&quot;},{&quot;image&quot;:&quot;https:\\\/\\\/fotos15.apinmo.com\\\/1045\\\/20965375\\\/61-19.jpg&quot;,&quot;alt&quot;:&quot;Casa de pescadores en el centro de sitges - imagenInmueble18&quot;},{&quot;image&quot;:&quot;https:\\\/\\\/fotos15.apinmo.com\\\/1045\\\/20965375\\\/61-20.jpg&quot;,&quot;alt&quot;:&quot;Casa de pescadores en el centro de sitges - imagenInmueble19&quot;},{&quot;image&quot;:&quot;https:\\\/\\\/fotos15.apinmo.com\\\/1045\\\/20965375\\\/61-21.jpg&quot;,&quot;alt&quot;:&quot;Casa de pescadores en el centro de sitges - imagenInmueble20&quot;},{&quot;image&quot;:&quot;https:\\\/\\\/fotos15.apinmo.com\\\/1045\\\/20965375\\\/61-22.jpg&quot;,&quot;alt&quot;:&quot;Casa de pescadores en el centro de sitges - imagenInmueble21&quot;},{&quot;image&quot;:&quot;https:\\\/\\\/fotos15.apinmo.com\\\/1045\\\/20965375\\\/61-23.jpg&quot;,&quot;alt&quot;:&quot;Casa de pescadores en el centro de sitges - imagenInmueble22&quot;},{&quot;image&quot;:&quot;https:\\\/\\\/fotos15.apinmo.com\\\/1045\\\/20965375\\\/61-24.jpg&quot;,&quot;alt&quot;:&quot;Casa de pescadores en el centro de sitges - imagenInmueble23&quot;},{&quot;image&quot;:&quot;https:\\\/\\\/fotos15.apinmo.com\\\/1045\\\/20965375\\\/61-25.jpg&quot;,&quot;alt&quot;:&quot;Casa de pescadores en el centro de sitges - imagenInmueble24&quot;},{&quot;image&quot;:&quot;https:\\\/\\\/fotos15.apinmo.com\\\/1045\\\/20965375\\\/61-26.jpg&quot;,&quot;alt&quot;:&quot;Casa de pescadores en el centro de sitges - imagenInmueble25&quot;},{&quot;image&quot;:&quot;https:\\\/\\\/fotos15.apinmo.com\\\/1045\\\/20965375\\\/61-27.jpg&quot;,&quot;alt&quot;:&quot;Casa de pescadores en el centro de sitges - imagenInmueble26&quot;},{&quot;image&quot;:&quot;https:\\\/\\\/fotos15.apinmo.com\\\/1045\\\/20965375\\\/61-28.jpg&quot;,&quot;alt&quot;:&quot;Casa de pescadores en el centro de sitges - imagenInmueble27&quot;},{&quot;image&quot;:&quot;https:\\\/\\\/fotos15.apinmo.com\\\/1045\\\/20965375\\\/61-29.jpg&quot;,&quot;alt&quot;:&quot;Casa de pescadores en el centro de sitges - imagenInmueble28&quot;},{&quot;image&quot;:&quot;https:\\\/\\\/fotos15.apinmo.com\\\/1045\\\/20965375\\\/61-30.jpg&quot;,&quot;alt&quot;:&quot;Casa de pescadores en el centro de sitges - imagenInmueble29&quot;},{&quot;image&quot;:&quot;https:\\\/\\\/fotos15.apinmo.com\\\/1045\\\/20965375\\\/61-31.jpg&quot;,&quot;alt&quot;:&quot;Casa de pescadores en el centro de sitges - imagenInmueble30&quot;},{&quot;image&quot;:&quot;https:\\\/\\\/fotos15.apinmo.com\\\/1045\\\/20965375\\\/61-32.jpg&quot;,&quot;alt&quot;:&quot;Casa de pescadores en el centro de sitges - imagenInmueble31&quot;},{&quot;image&quot;:&quot;https:\\\/\\\/fotos15.apinmo.com\\\/1045\\\/20965375\\\/61-33.jpg&quot;,&quot;alt&quot;:&quot;Casa de pescadores en el centro de sitges - imagenInmueble32&quot;},{&quot;image&quot;:&quot;https:\\\/\\\/fotos15.apinmo.com\\\/1045\\\/20965375\\\/61-34.jpg&quot;,&quot;alt&quot;:&quot;Casa de pescadores en el centro de sitges - imagenInmueble33&quot;},{&quot;image&quot;:&quot;https:\\\/\\\/fotos15.apinmo.com\\\/1045\\\/20965375\\\/61-35.jpg&quot;,&quot;alt&quot;:&quot;Casa de pescadores en el centro de sitges - imagenInmueble34&quot;},{&quot;image&quot;:&quot;https:\\\/\\\/fotos15.apinmo.com\\\/1045\\\/20965375\\\/61-36.jpg&quot;,&quot;alt&quot;:&quot;Casa de pescadores en el centro de sitges - imagenInmueble35&quot;},{&quot;image&quot;:&quot;https:\\\/\\\/fotos15.apinmo.com\\\/1045\\\/20965375\\\/61-37.jpg&quot;,&quot;alt&quot;:&quot;Casa de pescadores en el centro de sitges - imagenInmueble36&quot;},{&quot;image&quot;:&quot;https:\\\/\\\/fotos15.apinmo.com\\\/1045\\\/20965375\\\/61-38.jpg&quot;,&quot;alt&quot;:&quot;Casa de pescadores en el centro de sitges - imagenInmueble37&quot;},{&quot;image&quot;:&quot;https:\\\/\\\/fotos15.apinmo.com\\\/1045\\\/20965375\\\/61-39.jpg&quot;,&quot;alt&quot;:&quot;Casa de pescadores en el centro de sitges - imagenInmueble38&quot;}]\">\n\t<div class=\"item-wrap item-wrap-v1 item-wrap-no-frame h-100\">\n\t\t<div class=\"d-flex align-items-center h-100\">\n\t\t\t<div class=\"item-header\">\n\t\t\t\t\t\t\t\t<div class=\"labels-wrap labels-right\"> \n\n\t<a href=\"https:\/\/www.laclauelite.com\/ca\/status\/venda\/\" class=\"label-status label status-color-167\">\n\t\t\t\t\tvenda\n\t\t\t\t<\/a>       \n\n<\/div>\n\t\t\t\t<ul class=\"item-price-wrap hide-on-list\">\n\t<li class=\"item-price\">995,000\u20ac<\/li><\/ul>\t\t\t\t<ul class=\"item-tools\">\n\n        <li class=\"item-tool item-preview\">\n        <span class=\"hz-show-lightbox-js\" data-listid=\"1081986\" data-toggle=\"tooltip\" data-placement=\"top\" title=\"Preview\">\n                <i class=\"houzez-icon icon-expand-3\"><\/i>   \n        <\/span><!-- item-tool-favorite -->\n    <\/li><!-- item-tool -->\n        \n        <li class=\"item-tool item-favorite\">\n        <span class=\"add-favorite-js item-tool-favorite\" data-toggle=\"tooltip\" data-placement=\"top\" title=\"Favourite\" data-listid=\"1081986\">\n            <i class=\"houzez-icon icon-love-it \"><\/i> \n        <\/span><!-- item-tool-favorite -->\n    <\/li><!-- item-tool -->\n    \n        <li class=\"item-tool item-compare\">\n        <span class=\"houzez_compare compare-1081986 item-tool-compare show-compare-panel\" data-toggle=\"tooltip\" data-placement=\"top\" title=\"Add to Compare\" data-listing_id=\"1081986\" data-listing_image=\"https:\/\/fotos15.apinmo.com\/1045\/20965375\/61-1.jpg\">\n            <i class=\"houzez-icon icon-add-circle\"><\/i>\n        <\/span><!-- item-tool-compare -->\n    <\/li><!-- item-tool -->\n    <\/ul><!-- item-tools -->\n\t\t\t\t<div class=\"listing-image-wrap\">\n\t<div class=\"listing-thumb\">\n\t\t<a target=_self href=\"https:\/\/www.laclauelite.com\/ca\/property\/casa-de-pescadores-en-el-centro-de-sitges-11086-ca\/\" class=\"listing-featured-thumb hover-effect\">\n\t\t\t                                                                                                                                                                                    <img loading=\"lazy\" decoding=\"async\" width=\"850\" height=\"426\" src=\"https:\/\/fotos15.apinmo.com\/1045\/20965375\/61-1.jpg\" class=\"img-fluid wp-post-image\" alt=\"Casa de pescadores en el centro de sitges - imagenInmueble0\" srcset=\"https:\/\/fotos15.apinmo.com\/1045\/20965375\/61-1.jpg 850w, https:\/\/fotos15.apinmo.com\/1045\/20965375\/61-1.jpg 300w, https:\/\/fotos15.apinmo.com\/1045\/20965375\/61-1.jpg 768w, https:\/\/fotos15.apinmo.com\/1045\/20965375\/61-1s.jpg 150w, https:\/\/fotos15.apinmo.com\/1045\/20965375\/61-1.jpg 536w, https:\/\/fotos15.apinmo.com\/1045\/20965375\/61-1.jpg 770w\" sizes=\"(max-width: 850px) 100vw, 850px\" \/>\t\t<\/a><!-- hover-effect -->\n\t<\/div>\n<\/div>\n\t\t\t\t<div class=\"preview_loader\"><\/div>\n\t\t\t<\/div><!-- item-header -->\t\n\t\t\t<div class=\"item-body flex-grow-1\">\n\t\t\t\t<div class=\"labels-wrap labels-right\"> \n\n\t<a href=\"https:\/\/www.laclauelite.com\/ca\/status\/venda\/\" class=\"label-status label status-color-167\">\n\t\t\t\t\tvenda\n\t\t\t\t<\/a>       \n\n<\/div>\n\t\t\t\t<h2 class=\"item-title\">\n\t<a target=_self href=\"https:\/\/www.laclauelite.com\/ca\/property\/casa-de-pescadores-en-el-centro-de-sitges-11086-ca\/\">Casa de pescadores en el centro de Sitges &#8211; 11086<\/a>\n<\/h2><!-- item-title -->\t\t\t\t<ul class=\"item-price-wrap hide-on-list\">\n\t<li class=\"item-price\">995,000\u20ac<\/li><\/ul>\t\t\t\t<address class=\"item-address\">Sitges,Barcelona,Spain<\/address>\t\t\t\t<ul class=\"item-amenities item-amenities-with-icons\">\n\t<li class=\"h-beds\"><i class=\"houzez-icon icon-hotel-double-bed-1 mr-1\"><\/i><span class=\"item-amenities-text\">Camas:<\/span> <span class=\"hz-figure\">3<\/span><\/li><li class=\"h-baths\"><i class=\"houzez-icon icon-bathroom-shower-1 mr-1\"><\/i><span class=\"item-amenities-text\">Ba\u00f1os:<\/span> <span class=\"hz-figure\">3<\/span><\/li><li class=\"h-area\"><i class=\"houzez-icon icon-ruler-triangle mr-1\"><\/i><span class=\"hz-figure\">160<\/span> <span class=\"hz-figure area_postfix\">m&sup2;<\/span><\/li><li class=\"h-type\"><span>Casas<\/span><\/li><\/ul>\t\t\t\t<a class=\"btn btn-primary btn-item \" target=_self href=\"https:\/\/www.laclauelite.com\/ca\/property\/casa-de-pescadores-en-el-centro-de-sitges-11086-ca\/\">\n\tDetalls<\/a><!-- btn-item -->\n\t\t\t\t<div class=\"item-author\">\n\t<i class=\"houzez-icon icon-single-neutral mr-1\"><\/i>\n\t<a href=\"https:\/\/www.laclauelite.com\/ca\/agent\/fincas-la-clau-elite\/\">Fincas La Clau Elite<\/a> <\/div><!-- item-author -->\n\t\t\t\t<div class=\"item-date\">\n\t<i class=\"houzez-icon icon-attachment mr-1\"><\/i>\n\t1 dia ago<\/div><!-- item-date -->\n\t\t\t<\/div><!-- item-body -->\n\n\t\t\t\t\t\t<div class=\"item-footer clearfix\">\n\t\t\t\t<div class=\"item-author\">\n\t<i class=\"houzez-icon icon-single-neutral mr-1\"><\/i>\n\t<a href=\"https:\/\/www.laclauelite.com\/ca\/agent\/fincas-la-clau-elite\/\">Fincas La Clau Elite<\/a> <\/div><!-- item-author -->\n\t\t\t\t<div class=\"item-date\">\n\t<i class=\"houzez-icon icon-attachment mr-1\"><\/i>\n\t1 dia ago<\/div><!-- item-date -->\n\t\t\t<\/div>\n\t\t\t\t\t<\/div><!-- d-flex -->\n\t<\/div><!-- item-wrap -->\n<\/div><!-- item-listing-wrap --><div class=\"item-listing-wrap hz-item-gallery-js card\" data-hz-id=\"hz-1082123\" data-images=\"[{&quot;image&quot;:&quot;https:\\\/\\\/fotos15.apinmo.com\\\/1045\\\/28359471\\\/20-1.jpg&quot;,&quot;alt&quot;:&quot;Casa pareada en levantina con magnificas vistas al mar y a sitges - imagenInmueble0&quot;},{&quot;image&quot;:&quot;https:\\\/\\\/fotos15.apinmo.com\\\/1045\\\/28359471\\\/20-1.jpg&quot;,&quot;alt&quot;:&quot;Casa pareada en levantina con magnificas vistas al mar y a sitges - imagenInmueble0&quot;},{&quot;image&quot;:&quot;https:\\\/\\\/fotos15.apinmo.com\\\/1045\\\/28359471\\\/20-2.jpg&quot;,&quot;alt&quot;:&quot;Casa pareada en levantina con magnificas vistas al mar y a sitges - imagenInmueble1&quot;},{&quot;image&quot;:&quot;https:\\\/\\\/fotos15.apinmo.com\\\/1045\\\/28359471\\\/20-3.jpg&quot;,&quot;alt&quot;:&quot;Casa pareada en levantina con magnificas vistas al mar y a sitges - imagenInmueble2&quot;},{&quot;image&quot;:&quot;https:\\\/\\\/fotos15.apinmo.com\\\/1045\\\/28359471\\\/20-4.jpg&quot;,&quot;alt&quot;:&quot;Casa pareada en levantina con magnificas vistas al mar y a sitges - imagenInmueble3&quot;},{&quot;image&quot;:&quot;https:\\\/\\\/fotos15.apinmo.com\\\/1045\\\/28359471\\\/20-5.jpg&quot;,&quot;alt&quot;:&quot;Casa pareada en levantina con magnificas vistas al mar y a sitges - imagenInmueble4&quot;},{&quot;image&quot;:&quot;https:\\\/\\\/fotos15.apinmo.com\\\/1045\\\/28359471\\\/20-6.jpg&quot;,&quot;alt&quot;:&quot;Casa pareada en levantina con magnificas vistas al mar y a sitges - imagenInmueble5&quot;},{&quot;image&quot;:&quot;https:\\\/\\\/fotos15.apinmo.com\\\/1045\\\/28359471\\\/20-7.jpg&quot;,&quot;alt&quot;:&quot;Casa pareada en levantina con magnificas vistas al mar y a sitges - imagenInmueble6&quot;},{&quot;image&quot;:&quot;https:\\\/\\\/fotos15.apinmo.com\\\/1045\\\/28359471\\\/20-8.jpg&quot;,&quot;alt&quot;:&quot;Casa pareada en levantina con magnificas vistas al mar y a sitges - imagenInmueble7&quot;},{&quot;image&quot;:&quot;https:\\\/\\\/fotos15.apinmo.com\\\/1045\\\/28359471\\\/20-9.jpg&quot;,&quot;alt&quot;:&quot;Casa pareada en levantina con magnificas vistas al mar y a sitges - imagenInmueble8&quot;},{&quot;image&quot;:&quot;https:\\\/\\\/fotos15.apinmo.com\\\/1045\\\/28359471\\\/20-10.jpg&quot;,&quot;alt&quot;:&quot;Casa pareada en levantina con magnificas vistas al mar y a sitges - imagenInmueble9&quot;},{&quot;image&quot;:&quot;https:\\\/\\\/fotos15.apinmo.com\\\/1045\\\/28359471\\\/20-11.jpg&quot;,&quot;alt&quot;:&quot;Casa pareada en levantina con magnificas vistas al mar y a sitges - imagenInmueble10&quot;},{&quot;image&quot;:&quot;https:\\\/\\\/fotos15.apinmo.com\\\/1045\\\/28359471\\\/20-12.jpg&quot;,&quot;alt&quot;:&quot;Casa pareada en levantina con magnificas vistas al mar y a sitges - imagenInmueble11&quot;},{&quot;image&quot;:&quot;https:\\\/\\\/fotos15.apinmo.com\\\/1045\\\/28359471\\\/20-13.jpg&quot;,&quot;alt&quot;:&quot;Casa pareada en levantina con magnificas vistas al mar y a sitges - imagenInmueble12&quot;},{&quot;image&quot;:&quot;https:\\\/\\\/fotos15.apinmo.com\\\/1045\\\/28359471\\\/20-14.jpg&quot;,&quot;alt&quot;:&quot;Casa pareada en levantina con magnificas vistas al mar y a sitges - imagenInmueble13&quot;},{&quot;image&quot;:&quot;https:\\\/\\\/fotos15.apinmo.com\\\/1045\\\/28359471\\\/20-15.jpg&quot;,&quot;alt&quot;:&quot;Casa pareada en levantina con magnificas vistas al mar y a sitges - imagenInmueble14&quot;},{&quot;image&quot;:&quot;https:\\\/\\\/fotos15.apinmo.com\\\/1045\\\/28359471\\\/20-16.jpg&quot;,&quot;alt&quot;:&quot;Casa pareada en levantina con magnificas vistas al mar y a sitges - imagenInmueble15&quot;},{&quot;image&quot;:&quot;https:\\\/\\\/fotos15.apinmo.com\\\/1045\\\/28359471\\\/20-17.jpg&quot;,&quot;alt&quot;:&quot;Casa pareada en levantina con magnificas vistas al mar y a sitges - imagenInmueble16&quot;},{&quot;image&quot;:&quot;https:\\\/\\\/fotos15.apinmo.com\\\/1045\\\/28359471\\\/20-18.jpg&quot;,&quot;alt&quot;:&quot;Casa pareada en levantina con magnificas vistas al mar y a sitges - imagenInmueble17&quot;},{&quot;image&quot;:&quot;https:\\\/\\\/fotos15.apinmo.com\\\/1045\\\/28359471\\\/20-19.jpg&quot;,&quot;alt&quot;:&quot;Casa pareada en levantina con magnificas vistas al mar y a sitges - imagenInmueble18&quot;},{&quot;image&quot;:&quot;https:\\\/\\\/fotos15.apinmo.com\\\/1045\\\/28359471\\\/20-20.jpg&quot;,&quot;alt&quot;:&quot;Casa pareada en levantina con magnificas vistas al mar y a sitges - imagenInmueble19&quot;},{&quot;image&quot;:&quot;https:\\\/\\\/fotos15.apinmo.com\\\/1045\\\/28359471\\\/20-21.jpg&quot;,&quot;alt&quot;:&quot;Casa pareada en levantina con magnificas vistas al mar y a sitges - imagenInmueble20&quot;},{&quot;image&quot;:&quot;https:\\\/\\\/fotos15.apinmo.com\\\/1045\\\/28359471\\\/20-22.jpg&quot;,&quot;alt&quot;:&quot;Casa pareada en levantina con magnificas vistas al mar y a sitges - imagenInmueble21&quot;},{&quot;image&quot;:&quot;https:\\\/\\\/fotos15.apinmo.com\\\/1045\\\/28359471\\\/20-23.jpg&quot;,&quot;alt&quot;:&quot;Casa pareada en levantina con magnificas vistas al mar y a sitges - imagenInmueble22&quot;},{&quot;image&quot;:&quot;https:\\\/\\\/fotos15.apinmo.com\\\/1045\\\/28359471\\\/20-24.jpg&quot;,&quot;alt&quot;:&quot;Casa pareada en levantina con magnificas vistas al mar y a sitges - imagenInmueble23&quot;},{&quot;image&quot;:&quot;https:\\\/\\\/fotos15.apinmo.com\\\/1045\\\/28359471\\\/20-25.jpg&quot;,&quot;alt&quot;:&quot;Casa pareada en levantina con magnificas vistas al mar y a sitges - imagenInmueble24&quot;},{&quot;image&quot;:&quot;https:\\\/\\\/fotos15.apinmo.com\\\/1045\\\/28359471\\\/20-26.jpg&quot;,&quot;alt&quot;:&quot;Casa pareada en levantina con magnificas vistas al mar y a sitges - imagenInmueble25&quot;},{&quot;image&quot;:&quot;https:\\\/\\\/fotos15.apinmo.com\\\/1045\\\/28359471\\\/20-27.jpg&quot;,&quot;alt&quot;:&quot;Casa pareada en levantina con magnificas vistas al mar y a sitges - imagenInmueble26&quot;},{&quot;image&quot;:&quot;https:\\\/\\\/fotos15.apinmo.com\\\/1045\\\/28359471\\\/20-28.jpg&quot;,&quot;alt&quot;:&quot;Casa pareada en levantina con magnificas vistas al mar y a sitges - imagenInmueble27&quot;},{&quot;image&quot;:&quot;https:\\\/\\\/fotos15.apinmo.com\\\/1045\\\/28359471\\\/20-29.jpg&quot;,&quot;alt&quot;:&quot;Casa pareada en levantina con magnificas vistas al mar y a sitges - imagenInmueble28&quot;},{&quot;image&quot;:&quot;https:\\\/\\\/fotos15.apinmo.com\\\/1045\\\/28359471\\\/20-30.jpg&quot;,&quot;alt&quot;:&quot;Casa pareada en levantina con magnificas vistas al mar y a sitges - imagenInmueble29&quot;},{&quot;image&quot;:&quot;https:\\\/\\\/fotos15.apinmo.com\\\/1045\\\/28359471\\\/20-31.jpg&quot;,&quot;alt&quot;:&quot;Casa pareada en levantina con magnificas vistas al mar y a sitges - imagenInmueble30&quot;},{&quot;image&quot;:&quot;https:\\\/\\\/fotos15.apinmo.com\\\/1045\\\/28359471\\\/20-32.jpg&quot;,&quot;alt&quot;:&quot;Casa pareada en levantina con magnificas vistas al mar y a sitges - imagenInmueble31&quot;},{&quot;image&quot;:&quot;https:\\\/\\\/fotos15.apinmo.com\\\/1045\\\/28359471\\\/20-33.jpg&quot;,&quot;alt&quot;:&quot;Casa pareada en levantina con magnificas vistas al mar y a sitges - imagenInmueble32&quot;},{&quot;image&quot;:&quot;https:\\\/\\\/fotos15.apinmo.com\\\/1045\\\/28359471\\\/20-34.jpg&quot;,&quot;alt&quot;:&quot;Casa pareada en levantina con magnificas vistas al mar y a sitges - imagenInmueble33&quot;},{&quot;image&quot;:&quot;https:\\\/\\\/fotos15.apinmo.com\\\/1045\\\/28359471\\\/20-35.jpg&quot;,&quot;alt&quot;:&quot;Casa pareada en levantina con magnificas vistas al mar y a sitges - imagenInmueble34&quot;},{&quot;image&quot;:&quot;https:\\\/\\\/fotos15.apinmo.com\\\/1045\\\/28359471\\\/20-36.jpg&quot;,&quot;alt&quot;:&quot;Casa pareada en levantina con magnificas vistas al mar y a sitges - imagenInmueble35&quot;},{&quot;image&quot;:&quot;https:\\\/\\\/fotos15.apinmo.com\\\/1045\\\/28359471\\\/20-37.jpg&quot;,&quot;alt&quot;:&quot;Casa pareada en levantina con magnificas vistas al mar y a sitges - imagenInmueble36&quot;},{&quot;image&quot;:&quot;https:\\\/\\\/fotos15.apinmo.com\\\/1045\\\/28359471\\\/20-38.jpg&quot;,&quot;alt&quot;:&quot;Casa pareada en levantina con magnificas vistas al mar y a sitges - imagenInmueble37&quot;},{&quot;image&quot;:&quot;https:\\\/\\\/fotos15.apinmo.com\\\/1045\\\/28359471\\\/20-39.jpg&quot;,&quot;alt&quot;:&quot;Casa pareada en levantina con magnificas vistas al mar y a sitges - imagenInmueble38&quot;},{&quot;image&quot;:&quot;https:\\\/\\\/fotos15.apinmo.com\\\/1045\\\/28359471\\\/20-40.jpg&quot;,&quot;alt&quot;:&quot;Casa pareada en levantina con magnificas vistas al mar y a sitges - imagenInmueble39&quot;},{&quot;image&quot;:&quot;https:\\\/\\\/fotos15.apinmo.com\\\/1045\\\/28359471\\\/20-41.jpg&quot;,&quot;alt&quot;:&quot;Casa pareada en levantina con magnificas vistas al mar y a sitges - imagenInmueble40&quot;},{&quot;image&quot;:&quot;https:\\\/\\\/fotos15.apinmo.com\\\/1045\\\/28359471\\\/20-42.jpg&quot;,&quot;alt&quot;:&quot;Casa pareada en levantina con magnificas vistas al mar y a sitges - imagenInmueble41&quot;},{&quot;image&quot;:&quot;https:\\\/\\\/fotos15.apinmo.com\\\/1045\\\/28359471\\\/20-43.jpg&quot;,&quot;alt&quot;:&quot;Casa pareada en levantina con magnificas vistas al mar y a sitges - imagenInmueble42&quot;},{&quot;image&quot;:&quot;https:\\\/\\\/fotos15.apinmo.com\\\/1045\\\/28359471\\\/20-44.jpg&quot;,&quot;alt&quot;:&quot;Casa pareada en levantina con magnificas vistas al mar y a sitges - imagenInmueble43&quot;},{&quot;image&quot;:&quot;https:\\\/\\\/fotos15.apinmo.com\\\/1045\\\/28359471\\\/20-45.jpg&quot;,&quot;alt&quot;:&quot;Casa pareada en levantina con magnificas vistas al mar y a sitges - imagenInmueble44&quot;},{&quot;image&quot;:&quot;https:\\\/\\\/fotos15.apinmo.com\\\/1045\\\/28359471\\\/20-46.jpg&quot;,&quot;alt&quot;:&quot;Casa pareada en levantina con magnificas vistas al mar y a sitges - imagenInmueble45&quot;},{&quot;image&quot;:&quot;https:\\\/\\\/fotos15.apinmo.com\\\/1045\\\/28359471\\\/20-47.jpg&quot;,&quot;alt&quot;:&quot;Casa pareada en levantina con magnificas vistas al mar y a sitges - imagenInmueble46&quot;},{&quot;image&quot;:&quot;https:\\\/\\\/fotos15.apinmo.com\\\/1045\\\/28359471\\\/20-48.jpg&quot;,&quot;alt&quot;:&quot;Casa pareada en levantina con magnificas vistas al mar y a sitges - imagenInmueble47&quot;},{&quot;image&quot;:&quot;https:\\\/\\\/fotos15.apinmo.com\\\/1045\\\/28359471\\\/20-49.jpg&quot;,&quot;alt&quot;:&quot;Casa pareada en levantina con magnificas vistas al mar y a sitges - imagenInmueble48&quot;}]\">\n\t<div class=\"item-wrap item-wrap-v1 item-wrap-no-frame h-100\">\n\t\t<div class=\"d-flex align-items-center h-100\">\n\t\t\t<div class=\"item-header\">\n\t\t\t\t\t\t\t\t<div class=\"labels-wrap labels-right\"> \n\n\t<a href=\"https:\/\/www.laclauelite.com\/ca\/status\/venda\/\" class=\"label-status label status-color-167\">\n\t\t\t\t\tvenda\n\t\t\t\t<\/a>       \n\n<\/div>\n\t\t\t\t<ul class=\"item-price-wrap hide-on-list\">\n\t<li class=\"item-price\">740,000\u20ac<\/li><\/ul>\t\t\t\t<ul class=\"item-tools\">\n\n        <li class=\"item-tool item-preview\">\n        <span class=\"hz-show-lightbox-js\" data-listid=\"1082123\" data-toggle=\"tooltip\" data-placement=\"top\" title=\"Preview\">\n                <i class=\"houzez-icon icon-expand-3\"><\/i>   \n        <\/span><!-- item-tool-favorite -->\n    <\/li><!-- item-tool -->\n        \n        <li class=\"item-tool item-favorite\">\n        <span class=\"add-favorite-js item-tool-favorite\" data-toggle=\"tooltip\" data-placement=\"top\" title=\"Favourite\" data-listid=\"1082123\">\n            <i class=\"houzez-icon icon-love-it \"><\/i> \n        <\/span><!-- item-tool-favorite -->\n    <\/li><!-- item-tool -->\n    \n        <li class=\"item-tool item-compare\">\n        <span class=\"houzez_compare compare-1082123 item-tool-compare show-compare-panel\" data-toggle=\"tooltip\" data-placement=\"top\" title=\"Add to Compare\" data-listing_id=\"1082123\" data-listing_image=\"https:\/\/fotos15.apinmo.com\/1045\/28359471\/20-1.jpg\">\n            <i class=\"houzez-icon icon-add-circle\"><\/i>\n        <\/span><!-- item-tool-compare -->\n    <\/li><!-- item-tool -->\n    <\/ul><!-- item-tools -->\n\t\t\t\t<div class=\"listing-image-wrap\">\n\t<div class=\"listing-thumb\">\n\t\t<a target=_self href=\"https:\/\/www.laclauelite.com\/ca\/property\/casa-pareada-en-levantina-con-magnificas-vistas-al-mar-y-a-sitges-11409-ca\/\" class=\"listing-featured-thumb hover-effect\">\n\t\t\t                                                                                                                                                                                    <img loading=\"lazy\" decoding=\"async\" width=\"850\" height=\"426\" src=\"https:\/\/fotos15.apinmo.com\/1045\/28359471\/20-1.jpg\" class=\"img-fluid wp-post-image\" alt=\"Casa pareada en levantina con magnificas vistas al mar y a sitges - imagenInmueble0\" srcset=\"https:\/\/fotos15.apinmo.com\/1045\/28359471\/20-1.jpg 850w, https:\/\/fotos15.apinmo.com\/1045\/28359471\/20-1.jpg 300w, https:\/\/fotos15.apinmo.com\/1045\/28359471\/20-1.jpg 768w, https:\/\/fotos15.apinmo.com\/1045\/28359471\/20-1s.jpg 150w, https:\/\/fotos15.apinmo.com\/1045\/28359471\/20-1.jpg 536w, https:\/\/fotos15.apinmo.com\/1045\/28359471\/20-1.jpg 770w\" sizes=\"(max-width: 850px) 100vw, 850px\" \/>\t\t<\/a><!-- hover-effect -->\n\t<\/div>\n<\/div>\n\t\t\t\t<div class=\"preview_loader\"><\/div>\n\t\t\t<\/div><!-- item-header -->\t\n\t\t\t<div class=\"item-body flex-grow-1\">\n\t\t\t\t<div class=\"labels-wrap labels-right\"> \n\n\t<a href=\"https:\/\/www.laclauelite.com\/ca\/status\/venda\/\" class=\"label-status label status-color-167\">\n\t\t\t\t\tvenda\n\t\t\t\t<\/a>       \n\n<\/div>\n\t\t\t\t<h2 class=\"item-title\">\n\t<a target=_self href=\"https:\/\/www.laclauelite.com\/ca\/property\/casa-pareada-en-levantina-con-magnificas-vistas-al-mar-y-a-sitges-11409-ca\/\">Casa pareada en Levantina con magnificas vistas al mar y a Sitges &#8211; 11409<\/a>\n<\/h2><!-- item-title -->\t\t\t\t<ul class=\"item-price-wrap hide-on-list\">\n\t<li class=\"item-price\">740,000\u20ac<\/li><\/ul>\t\t\t\t<address class=\"item-address\">Sitges,Barcelona,Spain<\/address>\t\t\t\t<ul class=\"item-amenities item-amenities-with-icons\">\n\t<li class=\"h-beds\"><i class=\"houzez-icon icon-hotel-double-bed-1 mr-1\"><\/i><span class=\"item-amenities-text\">Camas:<\/span> <span class=\"hz-figure\">4<\/span><\/li><li class=\"h-baths\"><i class=\"houzez-icon icon-bathroom-shower-1 mr-1\"><\/i><span class=\"item-amenities-text\">Ba\u00f1os:<\/span> <span class=\"hz-figure\">2<\/span><\/li><li class=\"h-area\"><i class=\"houzez-icon icon-ruler-triangle mr-1\"><\/i><span class=\"hz-figure\">201<\/span> <span class=\"hz-figure area_postfix\">m&sup2;<\/span><\/li><li class=\"h-type\"><span>adossat<\/span><\/li><\/ul>\t\t\t\t<a class=\"btn btn-primary btn-item \" target=_self href=\"https:\/\/www.laclauelite.com\/ca\/property\/casa-pareada-en-levantina-con-magnificas-vistas-al-mar-y-a-sitges-11409-ca\/\">\n\tDetalls<\/a><!-- btn-item -->\n\t\t\t\t<div class=\"item-author\">\n\t<i class=\"houzez-icon icon-single-neutral mr-1\"><\/i>\n\t<a href=\"https:\/\/www.laclauelite.com\/ca\/agent\/fincas-la-clau-elite\/\">Fincas La Clau Elite<\/a> <\/div><!-- item-author -->\n\t\t\t\t<div class=\"item-date\">\n\t<i class=\"houzez-icon icon-attachment mr-1\"><\/i>\n\t3 setmanes ago<\/div><!-- item-date -->\n\t\t\t<\/div><!-- item-body -->\n\n\t\t\t\t\t\t<div class=\"item-footer clearfix\">\n\t\t\t\t<div class=\"item-author\">\n\t<i class=\"houzez-icon icon-single-neutral mr-1\"><\/i>\n\t<a href=\"https:\/\/www.laclauelite.com\/ca\/agent\/fincas-la-clau-elite\/\">Fincas La Clau Elite<\/a> <\/div><!-- item-author -->\n\t\t\t\t<div class=\"item-date\">\n\t<i class=\"houzez-icon icon-attachment mr-1\"><\/i>\n\t3 setmanes ago<\/div><!-- item-date -->\n\t\t\t<\/div>\n\t\t\t\t\t<\/div><!-- d-flex -->\n\t<\/div><!-- item-wrap -->\n<\/div><!-- item-listing-wrap --><div class=\"item-listing-wrap hz-item-gallery-js card\" data-hz-id=\"hz-1082066\" data-images=\"[{&quot;image&quot;:&quot;https:\\\/\\\/fotos15.apinmo.com\\\/1045\\\/28355869\\\/12-1.jpg&quot;,&quot;alt&quot;:&quot;Fabulosa casa adosada en la zona de els ametllets, a solo unos minutos del centro. - imagenInmueble0&quot;},{&quot;image&quot;:&quot;https:\\\/\\\/fotos15.apinmo.com\\\/1045\\\/28355869\\\/12-1.jpg&quot;,&quot;alt&quot;:&quot;Fabulosa casa adosada en la zona de els ametllets, a solo unos minutos del centro. - imagenInmueble0&quot;},{&quot;image&quot;:&quot;https:\\\/\\\/fotos15.apinmo.com\\\/1045\\\/28355869\\\/12-2.jpg&quot;,&quot;alt&quot;:&quot;Fabulosa casa adosada en la zona de els ametllets, a solo unos minutos del centro. - imagenInmueble1&quot;},{&quot;image&quot;:&quot;https:\\\/\\\/fotos15.apinmo.com\\\/1045\\\/28355869\\\/12-3.jpg&quot;,&quot;alt&quot;:&quot;Fabulosa casa adosada en la zona de els ametllets, a solo unos minutos del centro. - imagenInmueble2&quot;},{&quot;image&quot;:&quot;https:\\\/\\\/fotos15.apinmo.com\\\/1045\\\/28355869\\\/12-4.jpg&quot;,&quot;alt&quot;:&quot;Fabulosa casa adosada en la zona de els ametllets, a solo unos minutos del centro. - imagenInmueble3&quot;},{&quot;image&quot;:&quot;https:\\\/\\\/fotos15.apinmo.com\\\/1045\\\/28355869\\\/12-5.jpg&quot;,&quot;alt&quot;:&quot;Fabulosa casa adosada en la zona de els ametllets, a solo unos minutos del centro. - imagenInmueble4&quot;},{&quot;image&quot;:&quot;https:\\\/\\\/fotos15.apinmo.com\\\/1045\\\/28355869\\\/12-6.jpg&quot;,&quot;alt&quot;:&quot;Fabulosa casa adosada en la zona de els ametllets, a solo unos minutos del centro. - imagenInmueble5&quot;},{&quot;image&quot;:&quot;https:\\\/\\\/fotos15.apinmo.com\\\/1045\\\/28355869\\\/12-7.jpg&quot;,&quot;alt&quot;:&quot;Fabulosa casa adosada en la zona de els ametllets, a solo unos minutos del centro. - imagenInmueble6&quot;},{&quot;image&quot;:&quot;https:\\\/\\\/fotos15.apinmo.com\\\/1045\\\/28355869\\\/12-8.jpg&quot;,&quot;alt&quot;:&quot;Fabulosa casa adosada en la zona de els ametllets, a solo unos minutos del centro. - imagenInmueble7&quot;},{&quot;image&quot;:&quot;https:\\\/\\\/fotos15.apinmo.com\\\/1045\\\/28355869\\\/12-9.jpg&quot;,&quot;alt&quot;:&quot;Fabulosa casa adosada en la zona de els ametllets, a solo unos minutos del centro. - imagenInmueble8&quot;},{&quot;image&quot;:&quot;https:\\\/\\\/fotos15.apinmo.com\\\/1045\\\/28355869\\\/12-10.jpg&quot;,&quot;alt&quot;:&quot;Fabulosa casa adosada en la zona de els ametllets, a solo unos minutos del centro. - imagenInmueble9&quot;},{&quot;image&quot;:&quot;https:\\\/\\\/fotos15.apinmo.com\\\/1045\\\/28355869\\\/12-11.jpg&quot;,&quot;alt&quot;:&quot;Fabulosa casa adosada en la zona de els ametllets, a solo unos minutos del centro. - imagenInmueble10&quot;},{&quot;image&quot;:&quot;https:\\\/\\\/fotos15.apinmo.com\\\/1045\\\/28355869\\\/12-12.jpg&quot;,&quot;alt&quot;:&quot;Fabulosa casa adosada en la zona de els ametllets, a solo unos minutos del centro. - imagenInmueble11&quot;},{&quot;image&quot;:&quot;https:\\\/\\\/fotos15.apinmo.com\\\/1045\\\/28355869\\\/12-13.jpg&quot;,&quot;alt&quot;:&quot;Fabulosa casa adosada en la zona de els ametllets, a solo unos minutos del centro. - imagenInmueble12&quot;},{&quot;image&quot;:&quot;https:\\\/\\\/fotos15.apinmo.com\\\/1045\\\/28355869\\\/12-14.jpg&quot;,&quot;alt&quot;:&quot;Fabulosa casa adosada en la zona de els ametllets, a solo unos minutos del centro. - imagenInmueble13&quot;},{&quot;image&quot;:&quot;https:\\\/\\\/fotos15.apinmo.com\\\/1045\\\/28355869\\\/12-15.jpg&quot;,&quot;alt&quot;:&quot;Fabulosa casa adosada en la zona de els ametllets, a solo unos minutos del centro. - imagenInmueble14&quot;},{&quot;image&quot;:&quot;https:\\\/\\\/fotos15.apinmo.com\\\/1045\\\/28355869\\\/12-16.jpg&quot;,&quot;alt&quot;:&quot;Fabulosa casa adosada en la zona de els ametllets, a solo unos minutos del centro. - imagenInmueble15&quot;},{&quot;image&quot;:&quot;https:\\\/\\\/fotos15.apinmo.com\\\/1045\\\/28355869\\\/12-17.jpg&quot;,&quot;alt&quot;:&quot;Fabulosa casa adosada en la zona de els ametllets, a solo unos minutos del centro. - imagenInmueble16&quot;},{&quot;image&quot;:&quot;https:\\\/\\\/fotos15.apinmo.com\\\/1045\\\/28355869\\\/12-18.jpg&quot;,&quot;alt&quot;:&quot;Fabulosa casa adosada en la zona de els ametllets, a solo unos minutos del centro. - imagenInmueble17&quot;},{&quot;image&quot;:&quot;https:\\\/\\\/fotos15.apinmo.com\\\/1045\\\/28355869\\\/12-19.jpg&quot;,&quot;alt&quot;:&quot;Fabulosa casa adosada en la zona de els ametllets, a solo unos minutos del centro. - imagenInmueble18&quot;},{&quot;image&quot;:&quot;https:\\\/\\\/fotos15.apinmo.com\\\/1045\\\/28355869\\\/12-20.jpg&quot;,&quot;alt&quot;:&quot;Fabulosa casa adosada en la zona de els ametllets, a solo unos minutos del centro. - imagenInmueble19&quot;},{&quot;image&quot;:&quot;https:\\\/\\\/fotos15.apinmo.com\\\/1045\\\/28355869\\\/12-21.jpg&quot;,&quot;alt&quot;:&quot;Fabulosa casa adosada en la zona de els ametllets, a solo unos minutos del centro. - imagenInmueble20&quot;},{&quot;image&quot;:&quot;https:\\\/\\\/fotos15.apinmo.com\\\/1045\\\/28355869\\\/12-22.jpg&quot;,&quot;alt&quot;:&quot;Fabulosa casa adosada en la zona de els ametllets, a solo unos minutos del centro. - imagenInmueble21&quot;},{&quot;image&quot;:&quot;https:\\\/\\\/fotos15.apinmo.com\\\/1045\\\/28355869\\\/12-23.jpg&quot;,&quot;alt&quot;:&quot;Fabulosa casa adosada en la zona de els ametllets, a solo unos minutos del centro. - imagenInmueble22&quot;},{&quot;image&quot;:&quot;https:\\\/\\\/fotos15.apinmo.com\\\/1045\\\/28355869\\\/12-24.jpg&quot;,&quot;alt&quot;:&quot;Fabulosa casa adosada en la zona de els ametllets, a solo unos minutos del centro. - imagenInmueble23&quot;},{&quot;image&quot;:&quot;https:\\\/\\\/fotos15.apinmo.com\\\/1045\\\/28355869\\\/12-25.jpg&quot;,&quot;alt&quot;:&quot;Fabulosa casa adosada en la zona de els ametllets, a solo unos minutos del centro. - imagenInmueble24&quot;},{&quot;image&quot;:&quot;https:\\\/\\\/fotos15.apinmo.com\\\/1045\\\/28355869\\\/12-26.jpg&quot;,&quot;alt&quot;:&quot;Fabulosa casa adosada en la zona de els ametllets, a solo unos minutos del centro. - imagenInmueble25&quot;},{&quot;image&quot;:&quot;https:\\\/\\\/fotos15.apinmo.com\\\/1045\\\/28355869\\\/12-27.jpg&quot;,&quot;alt&quot;:&quot;Fabulosa casa adosada en la zona de els ametllets, a solo unos minutos del centro. - imagenInmueble26&quot;},{&quot;image&quot;:&quot;https:\\\/\\\/fotos15.apinmo.com\\\/1045\\\/28355869\\\/12-28.jpg&quot;,&quot;alt&quot;:&quot;Fabulosa casa adosada en la zona de els ametllets, a solo unos minutos del centro. - imagenInmueble27&quot;},{&quot;image&quot;:&quot;https:\\\/\\\/fotos15.apinmo.com\\\/1045\\\/28355869\\\/12-29.jpg&quot;,&quot;alt&quot;:&quot;Fabulosa casa adosada en la zona de els ametllets, a solo unos minutos del centro. - imagenInmueble28&quot;},{&quot;image&quot;:&quot;https:\\\/\\\/fotos15.apinmo.com\\\/1045\\\/28355869\\\/12-30.jpg&quot;,&quot;alt&quot;:&quot;Fabulosa casa adosada en la zona de els ametllets, a solo unos minutos del centro. - imagenInmueble29&quot;},{&quot;image&quot;:&quot;https:\\\/\\\/fotos15.apinmo.com\\\/1045\\\/28355869\\\/12-31.jpg&quot;,&quot;alt&quot;:&quot;Fabulosa casa adosada en la zona de els ametllets, a solo unos minutos del centro. - imagenInmueble30&quot;},{&quot;image&quot;:&quot;https:\\\/\\\/fotos15.apinmo.com\\\/1045\\\/28355869\\\/12-32.jpg&quot;,&quot;alt&quot;:&quot;Fabulosa casa adosada en la zona de els ametllets, a solo unos minutos del centro. - imagenInmueble31&quot;},{&quot;image&quot;:&quot;https:\\\/\\\/fotos15.apinmo.com\\\/1045\\\/28355869\\\/12-33.jpg&quot;,&quot;alt&quot;:&quot;Fabulosa casa adosada en la zona de els ametllets, a solo unos minutos del centro. - imagenInmueble32&quot;},{&quot;image&quot;:&quot;https:\\\/\\\/fotos15.apinmo.com\\\/1045\\\/28355869\\\/12-34.jpg&quot;,&quot;alt&quot;:&quot;Fabulosa casa adosada en la zona de els ametllets, a solo unos minutos del centro. - imagenInmueble33&quot;},{&quot;image&quot;:&quot;https:\\\/\\\/fotos15.apinmo.com\\\/1045\\\/28355869\\\/12-35.jpg&quot;,&quot;alt&quot;:&quot;Fabulosa casa adosada en la zona de els ametllets, a solo unos minutos del centro. - imagenInmueble34&quot;},{&quot;image&quot;:&quot;https:\\\/\\\/fotos15.apinmo.com\\\/1045\\\/28355869\\\/12-36.jpg&quot;,&quot;alt&quot;:&quot;Fabulosa casa adosada en la zona de els ametllets, a solo unos minutos del centro. - imagenInmueble35&quot;},{&quot;image&quot;:&quot;https:\\\/\\\/fotos15.apinmo.com\\\/1045\\\/28355869\\\/12-37.jpg&quot;,&quot;alt&quot;:&quot;Fabulosa casa adosada en la zona de els ametllets, a solo unos minutos del centro. - imagenInmueble36&quot;},{&quot;image&quot;:&quot;https:\\\/\\\/fotos15.apinmo.com\\\/1045\\\/28355869\\\/12-38.jpg&quot;,&quot;alt&quot;:&quot;Fabulosa casa adosada en la zona de els ametllets, a solo unos minutos del centro. - imagenInmueble37&quot;},{&quot;image&quot;:&quot;https:\\\/\\\/fotos15.apinmo.com\\\/1045\\\/28355869\\\/12-39.jpg&quot;,&quot;alt&quot;:&quot;Fabulosa casa adosada en la zona de els ametllets, a solo unos minutos del centro. - imagenInmueble38&quot;},{&quot;image&quot;:&quot;https:\\\/\\\/fotos15.apinmo.com\\\/1045\\\/28355869\\\/12-40.jpg&quot;,&quot;alt&quot;:&quot;Fabulosa casa adosada en la zona de els ametllets, a solo unos minutos del centro. - imagenInmueble39&quot;},{&quot;image&quot;:&quot;https:\\\/\\\/fotos15.apinmo.com\\\/1045\\\/28355869\\\/12-41.jpg&quot;,&quot;alt&quot;:&quot;Fabulosa casa adosada en la zona de els ametllets, a solo unos minutos del centro. - imagenInmueble40&quot;},{&quot;image&quot;:&quot;https:\\\/\\\/fotos15.apinmo.com\\\/1045\\\/28355869\\\/12-42.jpg&quot;,&quot;alt&quot;:&quot;Fabulosa casa adosada en la zona de els ametllets, a solo unos minutos del centro. - imagenInmueble41&quot;},{&quot;image&quot;:&quot;https:\\\/\\\/fotos15.apinmo.com\\\/1045\\\/28355869\\\/12-43.jpg&quot;,&quot;alt&quot;:&quot;Fabulosa casa adosada en la zona de els ametllets, a solo unos minutos del centro. - imagenInmueble42&quot;},{&quot;image&quot;:&quot;https:\\\/\\\/fotos15.apinmo.com\\\/1045\\\/28355869\\\/12-44.jpg&quot;,&quot;alt&quot;:&quot;Fabulosa casa adosada en la zona de els ametllets, a solo unos minutos del centro. - imagenInmueble43&quot;},{&quot;image&quot;:&quot;https:\\\/\\\/fotos15.apinmo.com\\\/1045\\\/28355869\\\/12-45.jpg&quot;,&quot;alt&quot;:&quot;Fabulosa casa adosada en la zona de els ametllets, a solo unos minutos del centro. - imagenInmueble44&quot;},{&quot;image&quot;:&quot;https:\\\/\\\/fotos15.apinmo.com\\\/1045\\\/28355869\\\/12-46.jpg&quot;,&quot;alt&quot;:&quot;Fabulosa casa adosada en la zona de els ametllets, a solo unos minutos del centro. - imagenInmueble45&quot;},{&quot;image&quot;:&quot;https:\\\/\\\/fotos15.apinmo.com\\\/1045\\\/28355869\\\/12-47.jpg&quot;,&quot;alt&quot;:&quot;Fabulosa casa adosada en la zona de els ametllets, a solo unos minutos del centro. - imagenInmueble46&quot;},{&quot;image&quot;:&quot;https:\\\/\\\/fotos15.apinmo.com\\\/1045\\\/28355869\\\/12-48.jpg&quot;,&quot;alt&quot;:&quot;Fabulosa casa adosada en la zona de els ametllets, a solo unos minutos del centro. - imagenInmueble47&quot;},{&quot;image&quot;:&quot;https:\\\/\\\/fotos15.apinmo.com\\\/1045\\\/28355869\\\/12-49.jpg&quot;,&quot;alt&quot;:&quot;Fabulosa casa adosada en la zona de els ametllets, a solo unos minutos del centro. - imagenInmueble48&quot;},{&quot;image&quot;:&quot;https:\\\/\\\/fotos15.apinmo.com\\\/1045\\\/28355869\\\/12-50.jpg&quot;,&quot;alt&quot;:&quot;Fabulosa casa adosada en la zona de els ametllets, a solo unos minutos del centro. - imagenInmueble49&quot;},{&quot;image&quot;:&quot;https:\\\/\\\/fotos15.apinmo.com\\\/1045\\\/28355869\\\/12-51.jpg&quot;,&quot;alt&quot;:&quot;Fabulosa casa adosada en la zona de els ametllets, a solo unos minutos del centro. - imagenInmueble50&quot;},{&quot;image&quot;:&quot;https:\\\/\\\/fotos15.apinmo.com\\\/1045\\\/28355869\\\/12-52.jpg&quot;,&quot;alt&quot;:&quot;Fabulosa casa adosada en la zona de els ametllets, a solo unos minutos del centro. - imagenInmueble51&quot;}]\">\n\t<div class=\"item-wrap item-wrap-v1 item-wrap-no-frame h-100\">\n\t\t<div class=\"d-flex align-items-center h-100\">\n\t\t\t<div class=\"item-header\">\n\t\t\t\t\t\t\t\t<div class=\"labels-wrap labels-right\"> \n\n\t<a href=\"https:\/\/www.laclauelite.com\/ca\/status\/venda\/\" class=\"label-status label status-color-167\">\n\t\t\t\t\tvenda\n\t\t\t\t<\/a>       \n\n<\/div>\n\t\t\t\t<ul class=\"item-price-wrap hide-on-list\">\n\t<li class=\"item-price\">1,070,000\u20ac<\/li><\/ul>\t\t\t\t<ul class=\"item-tools\">\n\n        <li class=\"item-tool item-preview\">\n        <span class=\"hz-show-lightbox-js\" data-listid=\"1082066\" data-toggle=\"tooltip\" data-placement=\"top\" title=\"Preview\">\n                <i class=\"houzez-icon icon-expand-3\"><\/i>   \n        <\/span><!-- item-tool-favorite -->\n    <\/li><!-- item-tool -->\n        \n        <li class=\"item-tool item-favorite\">\n        <span class=\"add-favorite-js item-tool-favorite\" data-toggle=\"tooltip\" data-placement=\"top\" title=\"Favourite\" data-listid=\"1082066\">\n            <i class=\"houzez-icon icon-love-it \"><\/i> \n        <\/span><!-- item-tool-favorite -->\n    <\/li><!-- item-tool -->\n    \n        <li class=\"item-tool item-compare\">\n        <span class=\"houzez_compare compare-1082066 item-tool-compare show-compare-panel\" data-toggle=\"tooltip\" data-placement=\"top\" title=\"Add to Compare\" data-listing_id=\"1082066\" data-listing_image=\"https:\/\/fotos15.apinmo.com\/1045\/28355869\/12-1.jpg\">\n            <i class=\"houzez-icon icon-add-circle\"><\/i>\n        <\/span><!-- item-tool-compare -->\n    <\/li><!-- item-tool -->\n    <\/ul><!-- item-tools -->\n\t\t\t\t<div class=\"listing-image-wrap\">\n\t<div class=\"listing-thumb\">\n\t\t<a target=_self href=\"https:\/\/www.laclauelite.com\/ca\/property\/fabulosa-casa-adosada-en-la-zona-de-els-ametllets-a-solo-unos-minutos-del-centro-11408-ca\/\" class=\"listing-featured-thumb hover-effect\">\n\t\t\t                                                                                                                                                                                    <img loading=\"lazy\" decoding=\"async\" width=\"850\" height=\"426\" src=\"https:\/\/fotos15.apinmo.com\/1045\/28355869\/12-1.jpg\" class=\"img-fluid wp-post-image\" alt=\"Fabulosa casa adosada en la zona de els ametllets, a solo unos minutos del centro. - imagenInmueble0\" srcset=\"https:\/\/fotos15.apinmo.com\/1045\/28355869\/12-1.jpg 850w, https:\/\/fotos15.apinmo.com\/1045\/28355869\/12-1.jpg 300w, https:\/\/fotos15.apinmo.com\/1045\/28355869\/12-1.jpg 768w, https:\/\/fotos15.apinmo.com\/1045\/28355869\/12-1s.jpg 150w, https:\/\/fotos15.apinmo.com\/1045\/28355869\/12-1.jpg 536w, https:\/\/fotos15.apinmo.com\/1045\/28355869\/12-1.jpg 770w\" sizes=\"(max-width: 850px) 100vw, 850px\" \/>\t\t<\/a><!-- hover-effect -->\n\t<\/div>\n<\/div>\n\t\t\t\t<div class=\"preview_loader\"><\/div>\n\t\t\t<\/div><!-- item-header -->\t\n\t\t\t<div class=\"item-body flex-grow-1\">\n\t\t\t\t<div class=\"labels-wrap labels-right\"> \n\n\t<a href=\"https:\/\/www.laclauelite.com\/ca\/status\/venda\/\" class=\"label-status label status-color-167\">\n\t\t\t\t\tvenda\n\t\t\t\t<\/a>       \n\n<\/div>\n\t\t\t\t<h2 class=\"item-title\">\n\t<a target=_self href=\"https:\/\/www.laclauelite.com\/ca\/property\/fabulosa-casa-adosada-en-la-zona-de-els-ametllets-a-solo-unos-minutos-del-centro-11408-ca\/\">Fabulosa casa adosada en la zona de Els Ametllets, a solo unos minutos del centro. &#8211; 11408<\/a>\n<\/h2><!-- item-title -->\t\t\t\t<ul class=\"item-price-wrap hide-on-list\">\n\t<li class=\"item-price\">1,070,000\u20ac<\/li><\/ul>\t\t\t\t<address class=\"item-address\">Sitges,Barcelona,Spain<\/address>\t\t\t\t<ul class=\"item-amenities item-amenities-with-icons\">\n\t<li class=\"h-beds\"><i class=\"houzez-icon icon-hotel-double-bed-1 mr-1\"><\/i><span class=\"item-amenities-text\">Camas:<\/span> <span class=\"hz-figure\">5<\/span><\/li><li class=\"h-baths\"><i class=\"houzez-icon icon-bathroom-shower-1 mr-1\"><\/i><span class=\"item-amenities-text\">Ba\u00f1os:<\/span> <span class=\"hz-figure\">3<\/span><\/li><li class=\"h-area\"><i class=\"houzez-icon icon-ruler-triangle mr-1\"><\/i><span class=\"hz-figure\">225<\/span> <span class=\"hz-figure area_postfix\">m&sup2;<\/span><\/li><li class=\"h-type\"><span>adossat<\/span><\/li><\/ul>\t\t\t\t<a class=\"btn btn-primary btn-item \" target=_self href=\"https:\/\/www.laclauelite.com\/ca\/property\/fabulosa-casa-adosada-en-la-zona-de-els-ametllets-a-solo-unos-minutos-del-centro-11408-ca\/\">\n\tDetalls<\/a><!-- btn-item -->\n\t\t\t\t<div class=\"item-author\">\n\t<i class=\"houzez-icon icon-single-neutral mr-1\"><\/i>\n\t<a href=\"https:\/\/www.laclauelite.com\/ca\/agent\/fincas-la-clau-elite\/\">Fincas La Clau Elite<\/a> <\/div><!-- item-author -->\n\t\t\t\t<div class=\"item-date\">\n\t<i class=\"houzez-icon icon-attachment mr-1\"><\/i>\n\t3 setmanes ago<\/div><!-- item-date -->\n\t\t\t<\/div><!-- item-body -->\n\n\t\t\t\t\t\t<div class=\"item-footer clearfix\">\n\t\t\t\t<div class=\"item-author\">\n\t<i class=\"houzez-icon icon-single-neutral mr-1\"><\/i>\n\t<a href=\"https:\/\/www.laclauelite.com\/ca\/agent\/fincas-la-clau-elite\/\">Fincas La Clau Elite<\/a> <\/div><!-- item-author -->\n\t\t\t\t<div class=\"item-date\">\n\t<i class=\"houzez-icon icon-attachment mr-1\"><\/i>\n\t3 setmanes ago<\/div><!-- item-date -->\n\t\t\t<\/div>\n\t\t\t\t\t<\/div><!-- d-flex -->\n\t<\/div><!-- item-wrap -->\n<\/div><!-- item-listing-wrap --><div class=\"item-listing-wrap hz-item-gallery-js card\" data-hz-id=\"hz-1081955\" data-images=\"[{&quot;image&quot;:&quot;https:\\\/\\\/fotos15.apinmo.com\\\/1045\\\/17241821\\\/4-1.jpg&quot;,&quot;alt&quot;:&quot;Casa pareada obra nueva mas alba - imagenInmueble0&quot;},{&quot;image&quot;:&quot;https:\\\/\\\/fotos15.apinmo.com\\\/1045\\\/17241821\\\/4-1.jpg&quot;,&quot;alt&quot;:&quot;Casa pareada obra nueva mas alba - imagenInmueble0&quot;},{&quot;image&quot;:&quot;https:\\\/\\\/fotos15.apinmo.com\\\/1045\\\/17241821\\\/4-2.jpg&quot;,&quot;alt&quot;:&quot;Casa pareada obra nueva mas alba - imagenInmueble1&quot;},{&quot;image&quot;:&quot;https:\\\/\\\/fotos15.apinmo.com\\\/1045\\\/17241821\\\/4-3.jpg&quot;,&quot;alt&quot;:&quot;Casa pareada obra nueva mas alba - imagenInmueble2&quot;},{&quot;image&quot;:&quot;https:\\\/\\\/fotos15.apinmo.com\\\/1045\\\/17241821\\\/4-4.jpg&quot;,&quot;alt&quot;:&quot;Casa pareada obra nueva mas alba - imagenInmueble3&quot;},{&quot;image&quot;:&quot;https:\\\/\\\/fotos15.apinmo.com\\\/1045\\\/17241821\\\/4-5.jpg&quot;,&quot;alt&quot;:&quot;Casa pareada obra nueva mas alba - imagenInmueble4&quot;},{&quot;image&quot;:&quot;https:\\\/\\\/fotos15.apinmo.com\\\/1045\\\/17241821\\\/4-6.jpg&quot;,&quot;alt&quot;:&quot;Casa pareada obra nueva mas alba - imagenInmueble5&quot;},{&quot;image&quot;:&quot;https:\\\/\\\/fotos15.apinmo.com\\\/1045\\\/17241821\\\/4-7.jpg&quot;,&quot;alt&quot;:&quot;Casa pareada obra nueva mas alba - imagenInmueble6&quot;},{&quot;image&quot;:&quot;https:\\\/\\\/fotos15.apinmo.com\\\/1045\\\/17241821\\\/4-8.jpg&quot;,&quot;alt&quot;:&quot;Casa pareada obra nueva mas alba - imagenInmueble7&quot;},{&quot;image&quot;:&quot;https:\\\/\\\/fotos15.apinmo.com\\\/1045\\\/17241821\\\/4-9.jpg&quot;,&quot;alt&quot;:&quot;Casa pareada obra nueva mas alba - imagenInmueble8&quot;},{&quot;image&quot;:&quot;https:\\\/\\\/fotos15.apinmo.com\\\/1045\\\/17241821\\\/4-10.jpg&quot;,&quot;alt&quot;:&quot;Casa pareada obra nueva mas alba - imagenInmueble9&quot;},{&quot;image&quot;:&quot;https:\\\/\\\/fotos15.apinmo.com\\\/1045\\\/17241821\\\/4-11.jpg&quot;,&quot;alt&quot;:&quot;Casa pareada obra nueva mas alba - imagenInmueble10&quot;}]\">\n\t<div class=\"item-wrap item-wrap-v1 item-wrap-no-frame h-100\">\n\t\t<div class=\"d-flex align-items-center h-100\">\n\t\t\t<div class=\"item-header\">\n\t\t\t\t\t\t\t\t<div class=\"labels-wrap labels-right\"> \n\n\t<a href=\"https:\/\/www.laclauelite.com\/ca\/status\/venda\/\" class=\"label-status label status-color-167\">\n\t\t\t\t\tvenda\n\t\t\t\t<\/a><a href=\"https:\/\/www.laclauelite.com\/ca\/label\/obra-nova\/\" class=\"hz-label label label-color-516\">\n\t\t\t\t\tObra nova\n\t\t\t\t<\/a>       \n\n<\/div>\n\t\t\t\t<ul class=\"item-price-wrap hide-on-list\">\n\t<li class=\"item-price\">700,000\u20ac<\/li><\/ul>\t\t\t\t<ul class=\"item-tools\">\n\n        <li class=\"item-tool item-preview\">\n        <span class=\"hz-show-lightbox-js\" data-listid=\"1081955\" data-toggle=\"tooltip\" data-placement=\"top\" title=\"Preview\">\n                <i class=\"houzez-icon icon-expand-3\"><\/i>   \n        <\/span><!-- item-tool-favorite -->\n    <\/li><!-- item-tool -->\n        \n        <li class=\"item-tool item-favorite\">\n        <span class=\"add-favorite-js item-tool-favorite\" data-toggle=\"tooltip\" data-placement=\"top\" title=\"Favourite\" data-listid=\"1081955\">\n            <i class=\"houzez-icon icon-love-it \"><\/i> \n        <\/span><!-- item-tool-favorite -->\n    <\/li><!-- item-tool -->\n    \n        <li class=\"item-tool item-compare\">\n        <span class=\"houzez_compare compare-1081955 item-tool-compare show-compare-panel\" data-toggle=\"tooltip\" data-placement=\"top\" title=\"Add to Compare\" data-listing_id=\"1081955\" data-listing_image=\"https:\/\/fotos15.apinmo.com\/1045\/17241821\/4-1.jpg\">\n            <i class=\"houzez-icon icon-add-circle\"><\/i>\n        <\/span><!-- item-tool-compare -->\n    <\/li><!-- item-tool -->\n    <\/ul><!-- item-tools -->\n\t\t\t\t<div class=\"listing-image-wrap\">\n\t<div class=\"listing-thumb\">\n\t\t<a target=_self href=\"https:\/\/www.laclauelite.com\/ca\/property\/casa-pareada-obra-nueva-mas-alba-10730-ca\/\" class=\"listing-featured-thumb hover-effect\">\n\t\t\t                                                                                                                                                                                    <img loading=\"lazy\" decoding=\"async\" width=\"850\" height=\"426\" src=\"https:\/\/fotos15.apinmo.com\/1045\/17241821\/4-1.jpg\" class=\"img-fluid wp-post-image\" alt=\"Casa pareada obra nueva mas alba - imagenInmueble0\" srcset=\"https:\/\/fotos15.apinmo.com\/1045\/17241821\/4-1.jpg 850w, https:\/\/fotos15.apinmo.com\/1045\/17241821\/4-1.jpg 300w, https:\/\/fotos15.apinmo.com\/1045\/17241821\/4-1.jpg 768w, https:\/\/fotos15.apinmo.com\/1045\/17241821\/4-1s.jpg 150w, https:\/\/fotos15.apinmo.com\/1045\/17241821\/4-1.jpg 536w, https:\/\/fotos15.apinmo.com\/1045\/17241821\/4-1.jpg 770w\" sizes=\"(max-width: 850px) 100vw, 850px\" \/>\t\t<\/a><!-- hover-effect -->\n\t<\/div>\n<\/div>\n\t\t\t\t<div class=\"preview_loader\"><\/div>\n\t\t\t<\/div><!-- item-header -->\t\n\t\t\t<div class=\"item-body flex-grow-1\">\n\t\t\t\t<div class=\"labels-wrap labels-right\"> \n\n\t<a href=\"https:\/\/www.laclauelite.com\/ca\/status\/venda\/\" class=\"label-status label status-color-167\">\n\t\t\t\t\tvenda\n\t\t\t\t<\/a><a href=\"https:\/\/www.laclauelite.com\/ca\/label\/obra-nova\/\" class=\"hz-label label label-color-516\">\n\t\t\t\t\tObra nova\n\t\t\t\t<\/a>       \n\n<\/div>\n\t\t\t\t<h2 class=\"item-title\">\n\t<a target=_self href=\"https:\/\/www.laclauelite.com\/ca\/property\/casa-pareada-obra-nueva-mas-alba-10730-ca\/\">Casa Pareada obra nueva Mas Alba &#8211; 10730<\/a>\n<\/h2><!-- item-title -->\t\t\t\t<ul class=\"item-price-wrap hide-on-list\">\n\t<li class=\"item-price\">700,000\u20ac<\/li><\/ul>\t\t\t\t<address class=\"item-address\">Sant Pere de Ribes,Barcelona,Spain<\/address>\t\t\t\t<ul class=\"item-amenities item-amenities-with-icons\">\n\t<li class=\"h-beds\"><i class=\"houzez-icon icon-hotel-double-bed-1 mr-1\"><\/i><span class=\"item-amenities-text\">Camas:<\/span> <span class=\"hz-figure\">4<\/span><\/li><li class=\"h-baths\"><i class=\"houzez-icon icon-bathroom-shower-1 mr-1\"><\/i><span class=\"item-amenities-text\">Ba\u00f1os:<\/span> <span class=\"hz-figure\">2<\/span><\/li><li class=\"h-area\"><i class=\"houzez-icon icon-ruler-triangle mr-1\"><\/i><span class=\"hz-figure\">165<\/span> <span class=\"hz-figure area_postfix\">m&sup2;<\/span><\/li><li class=\"h-type\"><span>adossat<\/span><\/li><\/ul>\t\t\t\t<a class=\"btn btn-primary btn-item \" target=_self href=\"https:\/\/www.laclauelite.com\/ca\/property\/casa-pareada-obra-nueva-mas-alba-10730-ca\/\">\n\tDetalls<\/a><!-- btn-item -->\n\t\t\t\t<div class=\"item-author\">\n\t<i class=\"houzez-icon icon-single-neutral mr-1\"><\/i>\n\t<a href=\"https:\/\/www.laclauelite.com\/ca\/agent\/fincas-la-clau-elite\/\">Fincas La Clau Elite<\/a> <\/div><!-- item-author -->\n\t\t\t\t<div class=\"item-date\">\n\t<i class=\"houzez-icon icon-attachment mr-1\"><\/i>\n\t1 mes ago<\/div><!-- item-date -->\n\t\t\t<\/div><!-- item-body -->\n\n\t\t\t\t\t\t<div class=\"item-footer clearfix\">\n\t\t\t\t<div class=\"item-author\">\n\t<i class=\"houzez-icon icon-single-neutral mr-1\"><\/i>\n\t<a href=\"https:\/\/www.laclauelite.com\/ca\/agent\/fincas-la-clau-elite\/\">Fincas La Clau Elite<\/a> <\/div><!-- item-author -->\n\t\t\t\t<div class=\"item-date\">\n\t<i class=\"houzez-icon icon-attachment mr-1\"><\/i>\n\t1 mes ago<\/div><!-- item-date -->\n\t\t\t<\/div>\n\t\t\t\t\t<\/div><!-- d-flex -->\n\t<\/div><!-- item-wrap -->\n<\/div><!-- item-listing-wrap --><div class=\"item-listing-wrap hz-item-gallery-js card\" data-hz-id=\"hz-1081971\" data-images=\"[{&quot;image&quot;:&quot;https:\\\/\\\/fotos15.apinmo.com\\\/1045\\\/17241862\\\/2-1.jpg&quot;,&quot;alt&quot;:&quot;Casa pareada obra nueva mas alba - imagenInmueble0&quot;},{&quot;image&quot;:&quot;https:\\\/\\\/fotos15.apinmo.com\\\/1045\\\/17241862\\\/2-1.jpg&quot;,&quot;alt&quot;:&quot;Casa pareada obra nueva mas alba - imagenInmueble0&quot;},{&quot;image&quot;:&quot;https:\\\/\\\/fotos15.apinmo.com\\\/1045\\\/17241862\\\/2-2.jpg&quot;,&quot;alt&quot;:&quot;Casa pareada obra nueva mas alba - imagenInmueble1&quot;},{&quot;image&quot;:&quot;https:\\\/\\\/fotos15.apinmo.com\\\/1045\\\/17241862\\\/2-3.jpg&quot;,&quot;alt&quot;:&quot;Casa pareada obra nueva mas alba - imagenInmueble2&quot;},{&quot;image&quot;:&quot;https:\\\/\\\/fotos15.apinmo.com\\\/1045\\\/17241862\\\/2-4.jpg&quot;,&quot;alt&quot;:&quot;Casa pareada obra nueva mas alba - imagenInmueble3&quot;},{&quot;image&quot;:&quot;https:\\\/\\\/fotos15.apinmo.com\\\/1045\\\/17241862\\\/2-5.jpg&quot;,&quot;alt&quot;:&quot;Casa pareada obra nueva mas alba - imagenInmueble4&quot;},{&quot;image&quot;:&quot;https:\\\/\\\/fotos15.apinmo.com\\\/1045\\\/17241862\\\/2-6.jpg&quot;,&quot;alt&quot;:&quot;Casa pareada obra nueva mas alba - imagenInmueble5&quot;},{&quot;image&quot;:&quot;https:\\\/\\\/fotos15.apinmo.com\\\/1045\\\/17241862\\\/2-7.jpg&quot;,&quot;alt&quot;:&quot;Casa pareada obra nueva mas alba - imagenInmueble6&quot;},{&quot;image&quot;:&quot;https:\\\/\\\/fotos15.apinmo.com\\\/1045\\\/17241862\\\/2-8.jpg&quot;,&quot;alt&quot;:&quot;Casa pareada obra nueva mas alba - imagenInmueble7&quot;},{&quot;image&quot;:&quot;https:\\\/\\\/fotos15.apinmo.com\\\/1045\\\/17241862\\\/2-9.jpg&quot;,&quot;alt&quot;:&quot;Casa pareada obra nueva mas alba - imagenInmueble8&quot;},{&quot;image&quot;:&quot;https:\\\/\\\/fotos15.apinmo.com\\\/1045\\\/17241862\\\/2-10.jpg&quot;,&quot;alt&quot;:&quot;Casa pareada obra nueva mas alba - imagenInmueble9&quot;}]\">\n\t<div class=\"item-wrap item-wrap-v1 item-wrap-no-frame h-100\">\n\t\t<div class=\"d-flex align-items-center h-100\">\n\t\t\t<div class=\"item-header\">\n\t\t\t\t\t\t\t\t<div class=\"labels-wrap labels-right\"> \n\n\t<a href=\"https:\/\/www.laclauelite.com\/ca\/status\/venda\/\" class=\"label-status label status-color-167\">\n\t\t\t\t\tvenda\n\t\t\t\t<\/a><a href=\"https:\/\/www.laclauelite.com\/ca\/label\/obra-nova\/\" class=\"hz-label label label-color-516\">\n\t\t\t\t\tObra nova\n\t\t\t\t<\/a>       \n\n<\/div>\n\t\t\t\t<ul class=\"item-price-wrap hide-on-list\">\n\t<li class=\"item-price\">690,000\u20ac<\/li><\/ul>\t\t\t\t<ul class=\"item-tools\">\n\n        <li class=\"item-tool item-preview\">\n        <span class=\"hz-show-lightbox-js\" data-listid=\"1081971\" data-toggle=\"tooltip\" data-placement=\"top\" title=\"Preview\">\n                <i class=\"houzez-icon icon-expand-3\"><\/i>   \n        <\/span><!-- item-tool-favorite -->\n    <\/li><!-- item-tool -->\n        \n        <li class=\"item-tool item-favorite\">\n        <span class=\"add-favorite-js item-tool-favorite\" data-toggle=\"tooltip\" data-placement=\"top\" title=\"Favourite\" data-listid=\"1081971\">\n            <i class=\"houzez-icon icon-love-it \"><\/i> \n        <\/span><!-- item-tool-favorite -->\n    <\/li><!-- item-tool -->\n    \n        <li class=\"item-tool item-compare\">\n        <span class=\"houzez_compare compare-1081971 item-tool-compare show-compare-panel\" data-toggle=\"tooltip\" data-placement=\"top\" title=\"Add to Compare\" data-listing_id=\"1081971\" data-listing_image=\"https:\/\/fotos15.apinmo.com\/1045\/17241862\/2-1.jpg\">\n            <i class=\"houzez-icon icon-add-circle\"><\/i>\n        <\/span><!-- item-tool-compare -->\n    <\/li><!-- item-tool -->\n    <\/ul><!-- item-tools -->\n\t\t\t\t<div class=\"listing-image-wrap\">\n\t<div class=\"listing-thumb\">\n\t\t<a target=_self href=\"https:\/\/www.laclauelite.com\/ca\/property\/casa-pareada-obra-nueva-mas-alba-10728-ca\/\" class=\"listing-featured-thumb hover-effect\">\n\t\t\t                                                                                                                                                                                    <img loading=\"lazy\" decoding=\"async\" width=\"850\" height=\"426\" src=\"https:\/\/fotos15.apinmo.com\/1045\/17241862\/2-1.jpg\" class=\"img-fluid wp-post-image\" alt=\"Casa pareada obra nueva mas alba - imagenInmueble0\" srcset=\"https:\/\/fotos15.apinmo.com\/1045\/17241862\/2-1.jpg 850w, https:\/\/fotos15.apinmo.com\/1045\/17241862\/2-1.jpg 300w, https:\/\/fotos15.apinmo.com\/1045\/17241862\/2-1.jpg 768w, https:\/\/fotos15.apinmo.com\/1045\/17241862\/2-1s.jpg 150w, https:\/\/fotos15.apinmo.com\/1045\/17241862\/2-1.jpg 536w, https:\/\/fotos15.apinmo.com\/1045\/17241862\/2-1.jpg 770w\" sizes=\"(max-width: 850px) 100vw, 850px\" \/>\t\t<\/a><!-- hover-effect -->\n\t<\/div>\n<\/div>\n\t\t\t\t<div class=\"preview_loader\"><\/div>\n\t\t\t<\/div><!-- item-header -->\t\n\t\t\t<div class=\"item-body flex-grow-1\">\n\t\t\t\t<div class=\"labels-wrap labels-right\"> \n\n\t<a href=\"https:\/\/www.laclauelite.com\/ca\/status\/venda\/\" class=\"label-status label status-color-167\">\n\t\t\t\t\tvenda\n\t\t\t\t<\/a><a href=\"https:\/\/www.laclauelite.com\/ca\/label\/obra-nova\/\" class=\"hz-label label label-color-516\">\n\t\t\t\t\tObra nova\n\t\t\t\t<\/a>       \n\n<\/div>\n\t\t\t\t<h2 class=\"item-title\">\n\t<a target=_self href=\"https:\/\/www.laclauelite.com\/ca\/property\/casa-pareada-obra-nueva-mas-alba-10728-ca\/\">Casa Pareada obra nueva Mas Alba &#8211; 10728<\/a>\n<\/h2><!-- item-title -->\t\t\t\t<ul class=\"item-price-wrap hide-on-list\">\n\t<li class=\"item-price\">690,000\u20ac<\/li><\/ul>\t\t\t\t<address class=\"item-address\">Sant Pere de Ribes,Barcelona,Spain<\/address>\t\t\t\t<ul class=\"item-amenities item-amenities-with-icons\">\n\t<li class=\"h-beds\"><i class=\"houzez-icon icon-hotel-double-bed-1 mr-1\"><\/i><span class=\"item-amenities-text\">Camas:<\/span> <span class=\"hz-figure\">4<\/span><\/li><li class=\"h-baths\"><i class=\"houzez-icon icon-bathroom-shower-1 mr-1\"><\/i><span class=\"item-amenities-text\">Ba\u00f1os:<\/span> <span class=\"hz-figure\">2<\/span><\/li><li class=\"h-area\"><i class=\"houzez-icon icon-ruler-triangle mr-1\"><\/i><span class=\"hz-figure\">160<\/span> <span class=\"hz-figure area_postfix\">m&sup2;<\/span><\/li><li class=\"h-type\"><span>adossat<\/span><\/li><\/ul>\t\t\t\t<a class=\"btn btn-primary btn-item \" target=_self href=\"https:\/\/www.laclauelite.com\/ca\/property\/casa-pareada-obra-nueva-mas-alba-10728-ca\/\">\n\tDetalls<\/a><!-- btn-item -->\n\t\t\t\t<div class=\"item-author\">\n\t<i class=\"houzez-icon icon-single-neutral mr-1\"><\/i>\n\t<a href=\"https:\/\/www.laclauelite.com\/ca\/agent\/fincas-la-clau-elite\/\">Fincas La Clau Elite<\/a> <\/div><!-- item-author -->\n\t\t\t\t<div class=\"item-date\">\n\t<i class=\"houzez-icon icon-attachment mr-1\"><\/i>\n\t1 mes ago<\/div><!-- item-date -->\n\t\t\t<\/div><!-- item-body -->\n\n\t\t\t\t\t\t<div class=\"item-footer clearfix\">\n\t\t\t\t<div class=\"item-author\">\n\t<i class=\"houzez-icon icon-single-neutral mr-1\"><\/i>\n\t<a href=\"https:\/\/www.laclauelite.com\/ca\/agent\/fincas-la-clau-elite\/\">Fincas La Clau Elite<\/a> <\/div><!-- item-author -->\n\t\t\t\t<div class=\"item-date\">\n\t<i class=\"houzez-icon icon-attachment mr-1\"><\/i>\n\t1 mes ago<\/div><!-- item-date -->\n\t\t\t<\/div>\n\t\t\t\t\t<\/div><!-- d-flex -->\n\t<\/div><!-- item-wrap -->\n<\/div><!-- item-listing-wrap --><div class=\"item-listing-wrap hz-item-gallery-js card\" data-hz-id=\"hz-1082030\" data-images=\"[{&quot;image&quot;:&quot;https:\\\/\\\/fotos15.apinmo.com\\\/1045\\\/27301858\\\/18-1.jpg&quot;,&quot;alt&quot;:&quot;\\u00c1tico-d\\u00daplex en primera l\\u00ednea de mar en el centro de sitges - imagenInmueble0&quot;},{&quot;image&quot;:&quot;https:\\\/\\\/fotos15.apinmo.com\\\/1045\\\/27301858\\\/18-1.jpg&quot;,&quot;alt&quot;:&quot;\\u00c1tico-d\\u00daplex en primera l\\u00ednea de mar en el centro de sitges - imagenInmueble0&quot;},{&quot;image&quot;:&quot;https:\\\/\\\/fotos15.apinmo.com\\\/1045\\\/27301858\\\/18-2.jpg&quot;,&quot;alt&quot;:&quot;\\u00c1tico-d\\u00daplex en primera l\\u00ednea de mar en el centro de sitges - imagenInmueble1&quot;},{&quot;image&quot;:&quot;https:\\\/\\\/fotos15.apinmo.com\\\/1045\\\/27301858\\\/18-3.jpg&quot;,&quot;alt&quot;:&quot;\\u00c1tico-d\\u00daplex en primera l\\u00ednea de mar en el centro de sitges - imagenInmueble2&quot;},{&quot;image&quot;:&quot;https:\\\/\\\/fotos15.apinmo.com\\\/1045\\\/27301858\\\/18-4.jpg&quot;,&quot;alt&quot;:&quot;\\u00c1tico-d\\u00daplex en primera l\\u00ednea de mar en el centro de sitges - imagenInmueble3&quot;},{&quot;image&quot;:&quot;https:\\\/\\\/fotos15.apinmo.com\\\/1045\\\/27301858\\\/18-5.jpg&quot;,&quot;alt&quot;:&quot;\\u00c1tico-d\\u00daplex en primera l\\u00ednea de mar en el centro de sitges - imagenInmueble4&quot;},{&quot;image&quot;:&quot;https:\\\/\\\/fotos15.apinmo.com\\\/1045\\\/27301858\\\/18-6.jpg&quot;,&quot;alt&quot;:&quot;\\u00c1tico-d\\u00daplex en primera l\\u00ednea de mar en el centro de sitges - imagenInmueble5&quot;},{&quot;image&quot;:&quot;https:\\\/\\\/fotos15.apinmo.com\\\/1045\\\/27301858\\\/18-7.jpg&quot;,&quot;alt&quot;:&quot;\\u00c1tico-d\\u00daplex en primera l\\u00ednea de mar en el centro de sitges - imagenInmueble6&quot;},{&quot;image&quot;:&quot;https:\\\/\\\/fotos15.apinmo.com\\\/1045\\\/27301858\\\/18-8.jpg&quot;,&quot;alt&quot;:&quot;\\u00c1tico-d\\u00daplex en primera l\\u00ednea de mar en el centro de sitges - imagenInmueble7&quot;},{&quot;image&quot;:&quot;https:\\\/\\\/fotos15.apinmo.com\\\/1045\\\/27301858\\\/18-9.jpg&quot;,&quot;alt&quot;:&quot;\\u00c1tico-d\\u00daplex en primera l\\u00ednea de mar en el centro de sitges - imagenInmueble8&quot;},{&quot;image&quot;:&quot;https:\\\/\\\/fotos15.apinmo.com\\\/1045\\\/27301858\\\/18-10.jpg&quot;,&quot;alt&quot;:&quot;\\u00c1tico-d\\u00daplex en primera l\\u00ednea de mar en el centro de sitges - imagenInmueble9&quot;},{&quot;image&quot;:&quot;https:\\\/\\\/fotos15.apinmo.com\\\/1045\\\/27301858\\\/18-11.jpg&quot;,&quot;alt&quot;:&quot;\\u00c1tico-d\\u00daplex en primera l\\u00ednea de mar en el centro de sitges - imagenInmueble10&quot;},{&quot;image&quot;:&quot;https:\\\/\\\/fotos15.apinmo.com\\\/1045\\\/27301858\\\/18-12.jpg&quot;,&quot;alt&quot;:&quot;\\u00c1tico-d\\u00daplex en primera l\\u00ednea de mar en el centro de sitges - imagenInmueble11&quot;},{&quot;image&quot;:&quot;https:\\\/\\\/fotos15.apinmo.com\\\/1045\\\/27301858\\\/18-13.jpg&quot;,&quot;alt&quot;:&quot;\\u00c1tico-d\\u00daplex en primera l\\u00ednea de mar en el centro de sitges - imagenInmueble12&quot;},{&quot;image&quot;:&quot;https:\\\/\\\/fotos15.apinmo.com\\\/1045\\\/27301858\\\/18-14.jpg&quot;,&quot;alt&quot;:&quot;\\u00c1tico-d\\u00daplex en primera l\\u00ednea de mar en el centro de sitges - imagenInmueble13&quot;},{&quot;image&quot;:&quot;https:\\\/\\\/fotos15.apinmo.com\\\/1045\\\/27301858\\\/18-15.jpg&quot;,&quot;alt&quot;:&quot;\\u00c1tico-d\\u00daplex en primera l\\u00ednea de mar en el centro de sitges - imagenInmueble14&quot;},{&quot;image&quot;:&quot;https:\\\/\\\/fotos15.apinmo.com\\\/1045\\\/27301858\\\/18-16.jpg&quot;,&quot;alt&quot;:&quot;\\u00c1tico-d\\u00daplex en primera l\\u00ednea de mar en el centro de sitges - imagenInmueble15&quot;},{&quot;image&quot;:&quot;https:\\\/\\\/fotos15.apinmo.com\\\/1045\\\/27301858\\\/18-17.jpg&quot;,&quot;alt&quot;:&quot;\\u00c1tico-d\\u00daplex en primera l\\u00ednea de mar en el centro de sitges - imagenInmueble16&quot;},{&quot;image&quot;:&quot;https:\\\/\\\/fotos15.apinmo.com\\\/1045\\\/27301858\\\/18-18.jpg&quot;,&quot;alt&quot;:&quot;\\u00c1tico-d\\u00daplex en primera l\\u00ednea de mar en el centro de sitges - imagenInmueble17&quot;},{&quot;image&quot;:&quot;https:\\\/\\\/fotos15.apinmo.com\\\/1045\\\/27301858\\\/18-19.jpg&quot;,&quot;alt&quot;:&quot;\\u00c1tico-d\\u00daplex en primera l\\u00ednea de mar en el centro de sitges - imagenInmueble18&quot;},{&quot;image&quot;:&quot;https:\\\/\\\/fotos15.apinmo.com\\\/1045\\\/27301858\\\/18-20.jpg&quot;,&quot;alt&quot;:&quot;\\u00c1tico-d\\u00daplex en primera l\\u00ednea de mar en el centro de sitges - imagenInmueble19&quot;},{&quot;image&quot;:&quot;https:\\\/\\\/fotos15.apinmo.com\\\/1045\\\/27301858\\\/18-21.jpg&quot;,&quot;alt&quot;:&quot;\\u00c1tico-d\\u00daplex en primera l\\u00ednea de mar en el centro de sitges - imagenInmueble20&quot;},{&quot;image&quot;:&quot;https:\\\/\\\/fotos15.apinmo.com\\\/1045\\\/27301858\\\/18-22.jpg&quot;,&quot;alt&quot;:&quot;\\u00c1tico-d\\u00daplex en primera l\\u00ednea de mar en el centro de sitges - imagenInmueble21&quot;},{&quot;image&quot;:&quot;https:\\\/\\\/fotos15.apinmo.com\\\/1045\\\/27301858\\\/18-23.jpg&quot;,&quot;alt&quot;:&quot;\\u00c1tico-d\\u00daplex en primera l\\u00ednea de mar en el centro de sitges - imagenInmueble22&quot;},{&quot;image&quot;:&quot;https:\\\/\\\/fotos15.apinmo.com\\\/1045\\\/27301858\\\/18-24.jpg&quot;,&quot;alt&quot;:&quot;\\u00c1tico-d\\u00daplex en primera l\\u00ednea de mar en el centro de sitges - imagenInmueble23&quot;},{&quot;image&quot;:&quot;https:\\\/\\\/fotos15.apinmo.com\\\/1045\\\/27301858\\\/18-25.jpg&quot;,&quot;alt&quot;:&quot;\\u00c1tico-d\\u00daplex en primera l\\u00ednea de mar en el centro de sitges - imagenInmueble24&quot;},{&quot;image&quot;:&quot;https:\\\/\\\/fotos15.apinmo.com\\\/1045\\\/27301858\\\/18-26.jpg&quot;,&quot;alt&quot;:&quot;\\u00c1tico-d\\u00daplex en primera l\\u00ednea de mar en el centro de sitges - imagenInmueble25&quot;},{&quot;image&quot;:&quot;https:\\\/\\\/fotos15.apinmo.com\\\/1045\\\/27301858\\\/18-27.jpg&quot;,&quot;alt&quot;:&quot;\\u00c1tico-d\\u00daplex en primera l\\u00ednea de mar en el centro de sitges - imagenInmueble26&quot;},{&quot;image&quot;:&quot;https:\\\/\\\/fotos15.apinmo.com\\\/1045\\\/27301858\\\/18-28.jpg&quot;,&quot;alt&quot;:&quot;\\u00c1tico-d\\u00daplex en primera l\\u00ednea de mar en el centro de sitges - imagenInmueble27&quot;},{&quot;image&quot;:&quot;https:\\\/\\\/fotos15.apinmo.com\\\/1045\\\/27301858\\\/18-29.jpg&quot;,&quot;alt&quot;:&quot;\\u00c1tico-d\\u00daplex en primera l\\u00ednea de mar en el centro de sitges - imagenInmueble28&quot;},{&quot;image&quot;:&quot;https:\\\/\\\/fotos15.apinmo.com\\\/1045\\\/27301858\\\/18-30.jpg&quot;,&quot;alt&quot;:&quot;\\u00c1tico-d\\u00daplex en primera l\\u00ednea de mar en el centro de sitges - imagenInmueble29&quot;},{&quot;image&quot;:&quot;https:\\\/\\\/fotos15.apinmo.com\\\/1045\\\/27301858\\\/18-31.jpg&quot;,&quot;alt&quot;:&quot;\\u00c1tico-d\\u00daplex en primera l\\u00ednea de mar en el centro de sitges - imagenInmueble30&quot;}]\">\n\t<div class=\"item-wrap item-wrap-v1 item-wrap-no-frame h-100\">\n\t\t<div class=\"d-flex align-items-center h-100\">\n\t\t\t<div class=\"item-header\">\n\t\t\t\t\t\t\t\t<div class=\"labels-wrap labels-right\"> \n\n\t<a href=\"https:\/\/www.laclauelite.com\/ca\/status\/venda\/\" class=\"label-status label status-color-167\">\n\t\t\t\t\tvenda\n\t\t\t\t<\/a>       \n\n<\/div>\n\t\t\t\t<ul class=\"item-price-wrap hide-on-list\">\n\t<li class=\"item-price\">1,950,000\u20ac<\/li><\/ul>\t\t\t\t<ul class=\"item-tools\">\n\n        <li class=\"item-tool item-preview\">\n        <span class=\"hz-show-lightbox-js\" data-listid=\"1082030\" data-toggle=\"tooltip\" data-placement=\"top\" title=\"Preview\">\n                <i class=\"houzez-icon icon-expand-3\"><\/i>   \n        <\/span><!-- item-tool-favorite -->\n    <\/li><!-- item-tool -->\n        \n        <li class=\"item-tool item-favorite\">\n        <span class=\"add-favorite-js item-tool-favorite\" data-toggle=\"tooltip\" data-placement=\"top\" title=\"Favourite\" data-listid=\"1082030\">\n            <i class=\"houzez-icon icon-love-it \"><\/i> \n        <\/span><!-- item-tool-favorite -->\n    <\/li><!-- item-tool -->\n    \n        <li class=\"item-tool item-compare\">\n        <span class=\"houzez_compare compare-1082030 item-tool-compare show-compare-panel\" data-toggle=\"tooltip\" data-placement=\"top\" title=\"Add to Compare\" data-listing_id=\"1082030\" data-listing_image=\"https:\/\/fotos15.apinmo.com\/1045\/27301858\/18-1.jpg\">\n            <i class=\"houzez-icon icon-add-circle\"><\/i>\n        <\/span><!-- item-tool-compare -->\n    <\/li><!-- item-tool -->\n    <\/ul><!-- item-tools -->\n\t\t\t\t<div class=\"listing-image-wrap\">\n\t<div class=\"listing-thumb\">\n\t\t<a target=_self href=\"https:\/\/www.laclauelite.com\/ca\/property\/atico-duplex-en-primera-linea-de-mar-en-el-centro-de-sitges-11387-ca\/\" class=\"listing-featured-thumb hover-effect\">\n\t\t\t                                                                                                                                                                                    <img loading=\"lazy\" decoding=\"async\" width=\"850\" height=\"426\" src=\"https:\/\/fotos15.apinmo.com\/1045\/27301858\/18-1.jpg\" class=\"img-fluid wp-post-image\" alt=\"\u00c1tico-d\u00daplex en primera l\u00ednea de mar en el centro de sitges - imagenInmueble0\" srcset=\"https:\/\/fotos15.apinmo.com\/1045\/27301858\/18-1.jpg 850w, https:\/\/fotos15.apinmo.com\/1045\/27301858\/18-1.jpg 300w, https:\/\/fotos15.apinmo.com\/1045\/27301858\/18-1.jpg 768w, https:\/\/fotos15.apinmo.com\/1045\/27301858\/18-1s.jpg 150w, https:\/\/fotos15.apinmo.com\/1045\/27301858\/18-1.jpg 536w, https:\/\/fotos15.apinmo.com\/1045\/27301858\/18-1.jpg 770w\" sizes=\"(max-width: 850px) 100vw, 850px\" \/>\t\t<\/a><!-- hover-effect -->\n\t<\/div>\n<\/div>\n\t\t\t\t<div class=\"preview_loader\"><\/div>\n\t\t\t<\/div><!-- item-header -->\t\n\t\t\t<div class=\"item-body flex-grow-1\">\n\t\t\t\t<div class=\"labels-wrap labels-right\"> \n\n\t<a href=\"https:\/\/www.laclauelite.com\/ca\/status\/venda\/\" class=\"label-status label status-color-167\">\n\t\t\t\t\tvenda\n\t\t\t\t<\/a>       \n\n<\/div>\n\t\t\t\t<h2 class=\"item-title\">\n\t<a target=_self href=\"https:\/\/www.laclauelite.com\/ca\/property\/atico-duplex-en-primera-linea-de-mar-en-el-centro-de-sitges-11387-ca\/\">\u00c1TICO-D\u00daPLEX en primera l\u00ednea de mar en el centro de Sitges &#8211; 11387<\/a>\n<\/h2><!-- item-title -->\t\t\t\t<ul class=\"item-price-wrap hide-on-list\">\n\t<li class=\"item-price\">1,950,000\u20ac<\/li><\/ul>\t\t\t\t<address class=\"item-address\">Sitges,Barcelona,Spain<\/address>\t\t\t\t<ul class=\"item-amenities item-amenities-with-icons\">\n\t<li class=\"h-beds\"><i class=\"houzez-icon icon-hotel-double-bed-1 mr-1\"><\/i><span class=\"item-amenities-text\">Camas:<\/span> <span class=\"hz-figure\">3<\/span><\/li><li class=\"h-baths\"><i class=\"houzez-icon icon-bathroom-shower-1 mr-1\"><\/i><span class=\"item-amenities-text\">Ba\u00f1os:<\/span> <span class=\"hz-figure\">2<\/span><\/li><li class=\"h-area\"><i class=\"houzez-icon icon-ruler-triangle mr-1\"><\/i><span class=\"hz-figure\">130<\/span> <span class=\"hz-figure area_postfix\">m&sup2;<\/span><\/li><li class=\"h-type\"><span>\u00c0tic<\/span><\/li><\/ul>\t\t\t\t<a class=\"btn btn-primary btn-item \" target=_self href=\"https:\/\/www.laclauelite.com\/ca\/property\/atico-duplex-en-primera-linea-de-mar-en-el-centro-de-sitges-11387-ca\/\">\n\tDetalls<\/a><!-- btn-item -->\n\t\t\t\t<div class=\"item-author\">\n\t<i class=\"houzez-icon icon-single-neutral mr-1\"><\/i>\n\t<a href=\"https:\/\/www.laclauelite.com\/ca\/agent\/fincas-la-clau-elite\/\">Fincas La Clau Elite<\/a> <\/div><!-- item-author -->\n\t\t\t\t<div class=\"item-date\">\n\t<i class=\"houzez-icon icon-attachment mr-1\"><\/i>\n\t1 mes ago<\/div><!-- item-date -->\n\t\t\t<\/div><!-- item-body -->\n\n\t\t\t\t\t\t<div class=\"item-footer clearfix\">\n\t\t\t\t<div class=\"item-author\">\n\t<i class=\"houzez-icon icon-single-neutral mr-1\"><\/i>\n\t<a href=\"https:\/\/www.laclauelite.com\/ca\/agent\/fincas-la-clau-elite\/\">Fincas La Clau Elite<\/a> <\/div><!-- item-author -->\n\t\t\t\t<div class=\"item-date\">\n\t<i class=\"houzez-icon icon-attachment mr-1\"><\/i>\n\t1 mes ago<\/div><!-- item-date -->\n\t\t\t<\/div>\n\t\t\t\t\t<\/div><!-- d-flex -->\n\t<\/div><!-- item-wrap -->\n<\/div><!-- item-listing-wrap --><div class=\"item-listing-wrap hz-item-gallery-js card\" data-hz-id=\"hz-1081885\" data-images=\"[{&quot;image&quot;:&quot;https:\\\/\\\/fotos15.apinmo.com\\\/1045\\\/4782125\\\/17-1.jpg&quot;,&quot;alt&quot;:&quot;Casa en venta en sitges zona quint mar con espectaculares vistas panor\\u00e1micas al mar - imagenInmueble0&quot;},{&quot;image&quot;:&quot;https:\\\/\\\/fotos15.apinmo.com\\\/1045\\\/4782125\\\/17-1.jpg&quot;,&quot;alt&quot;:&quot;Casa en venta en sitges zona quint mar con espectaculares vistas panor\\u00e1micas al mar - imagenInmueble0&quot;},{&quot;image&quot;:&quot;https:\\\/\\\/fotos15.apinmo.com\\\/1045\\\/4782125\\\/17-2.jpg&quot;,&quot;alt&quot;:&quot;Casa en venta en sitges zona quint mar con espectaculares vistas panor\\u00e1micas al mar - imagenInmueble1&quot;},{&quot;image&quot;:&quot;https:\\\/\\\/fotos15.apinmo.com\\\/1045\\\/4782125\\\/17-3.jpg&quot;,&quot;alt&quot;:&quot;Casa en venta en sitges zona quint mar con espectaculares vistas panor\\u00e1micas al mar - imagenInmueble2&quot;},{&quot;image&quot;:&quot;https:\\\/\\\/fotos15.apinmo.com\\\/1045\\\/4782125\\\/17-4.jpg&quot;,&quot;alt&quot;:&quot;Casa en venta en sitges zona quint mar con espectaculares vistas panor\\u00e1micas al mar - imagenInmueble3&quot;},{&quot;image&quot;:&quot;https:\\\/\\\/fotos15.apinmo.com\\\/1045\\\/4782125\\\/17-5.jpg&quot;,&quot;alt&quot;:&quot;Casa en venta en sitges zona quint mar con espectaculares vistas panor\\u00e1micas al mar - imagenInmueble4&quot;},{&quot;image&quot;:&quot;https:\\\/\\\/fotos15.apinmo.com\\\/1045\\\/4782125\\\/17-6.jpg&quot;,&quot;alt&quot;:&quot;Casa en venta en sitges zona quint mar con espectaculares vistas panor\\u00e1micas al mar - imagenInmueble5&quot;},{&quot;image&quot;:&quot;https:\\\/\\\/fotos15.apinmo.com\\\/1045\\\/4782125\\\/17-7.jpg&quot;,&quot;alt&quot;:&quot;Casa en venta en sitges zona quint mar con espectaculares vistas panor\\u00e1micas al mar - imagenInmueble6&quot;},{&quot;image&quot;:&quot;https:\\\/\\\/fotos15.apinmo.com\\\/1045\\\/4782125\\\/17-8.jpg&quot;,&quot;alt&quot;:&quot;Casa en venta en sitges zona quint mar con espectaculares vistas panor\\u00e1micas al mar - imagenInmueble7&quot;},{&quot;image&quot;:&quot;https:\\\/\\\/fotos15.apinmo.com\\\/1045\\\/4782125\\\/17-9.jpg&quot;,&quot;alt&quot;:&quot;Casa en venta en sitges zona quint mar con espectaculares vistas panor\\u00e1micas al mar - imagenInmueble8&quot;},{&quot;image&quot;:&quot;https:\\\/\\\/fotos15.apinmo.com\\\/1045\\\/4782125\\\/17-10.jpg&quot;,&quot;alt&quot;:&quot;Casa en venta en sitges zona quint mar con espectaculares vistas panor\\u00e1micas al mar - imagenInmueble9&quot;},{&quot;image&quot;:&quot;https:\\\/\\\/fotos15.apinmo.com\\\/1045\\\/4782125\\\/17-11.jpg&quot;,&quot;alt&quot;:&quot;Casa en venta en sitges zona quint mar con espectaculares vistas panor\\u00e1micas al mar - imagenInmueble10&quot;},{&quot;image&quot;:&quot;https:\\\/\\\/fotos15.apinmo.com\\\/1045\\\/4782125\\\/17-12.jpg&quot;,&quot;alt&quot;:&quot;Casa en venta en sitges zona quint mar con espectaculares vistas panor\\u00e1micas al mar - imagenInmueble11&quot;},{&quot;image&quot;:&quot;https:\\\/\\\/fotos15.apinmo.com\\\/1045\\\/4782125\\\/17-13.jpg&quot;,&quot;alt&quot;:&quot;Casa en venta en sitges zona quint mar con espectaculares vistas panor\\u00e1micas al mar - imagenInmueble12&quot;},{&quot;image&quot;:&quot;https:\\\/\\\/fotos15.apinmo.com\\\/1045\\\/4782125\\\/17-14.jpg&quot;,&quot;alt&quot;:&quot;Casa en venta en sitges zona quint mar con espectaculares vistas panor\\u00e1micas al mar - imagenInmueble13&quot;},{&quot;image&quot;:&quot;https:\\\/\\\/fotos15.apinmo.com\\\/1045\\\/4782125\\\/17-15.jpg&quot;,&quot;alt&quot;:&quot;Casa en venta en sitges zona quint mar con espectaculares vistas panor\\u00e1micas al mar - imagenInmueble14&quot;},{&quot;image&quot;:&quot;https:\\\/\\\/fotos15.apinmo.com\\\/1045\\\/4782125\\\/17-16.jpg&quot;,&quot;alt&quot;:&quot;Casa en venta en sitges zona quint mar con espectaculares vistas panor\\u00e1micas al mar - imagenInmueble15&quot;},{&quot;image&quot;:&quot;https:\\\/\\\/fotos15.apinmo.com\\\/1045\\\/4782125\\\/17-17.jpg&quot;,&quot;alt&quot;:&quot;Casa en venta en sitges zona quint mar con espectaculares vistas panor\\u00e1micas al mar - imagenInmueble16&quot;},{&quot;image&quot;:&quot;https:\\\/\\\/fotos15.apinmo.com\\\/1045\\\/4782125\\\/17-18.jpg&quot;,&quot;alt&quot;:&quot;Casa en venta en sitges zona quint mar con espectaculares vistas panor\\u00e1micas al mar - imagenInmueble17&quot;},{&quot;image&quot;:&quot;https:\\\/\\\/fotos15.apinmo.com\\\/1045\\\/4782125\\\/17-19.jpg&quot;,&quot;alt&quot;:&quot;Casa en venta en sitges zona quint mar con espectaculares vistas panor\\u00e1micas al mar - imagenInmueble18&quot;},{&quot;image&quot;:&quot;https:\\\/\\\/fotos15.apinmo.com\\\/1045\\\/4782125\\\/17-20.jpg&quot;,&quot;alt&quot;:&quot;Casa en venta en sitges zona quint mar con espectaculares vistas panor\\u00e1micas al mar - imagenInmueble19&quot;}]\">\n\t<div class=\"item-wrap item-wrap-v1 item-wrap-no-frame h-100\">\n\t\t<div class=\"d-flex align-items-center h-100\">\n\t\t\t<div class=\"item-header\">\n\t\t\t\t\t\t\t\t<div class=\"labels-wrap labels-right\"> \n\n\t<a href=\"https:\/\/www.laclauelite.com\/ca\/status\/venda\/\" class=\"label-status label status-color-167\">\n\t\t\t\t\tvenda\n\t\t\t\t<\/a>       \n\n<\/div>\n\t\t\t\t<ul class=\"item-price-wrap hide-on-list\">\n\t<li class=\"item-price\">1,250,000\u20ac<\/li><\/ul>\t\t\t\t<ul class=\"item-tools\">\n\n        <li class=\"item-tool item-preview\">\n        <span class=\"hz-show-lightbox-js\" data-listid=\"1081885\" data-toggle=\"tooltip\" data-placement=\"top\" title=\"Preview\">\n                <i class=\"houzez-icon icon-expand-3\"><\/i>   \n        <\/span><!-- item-tool-favorite -->\n    <\/li><!-- item-tool -->\n        \n        <li class=\"item-tool item-favorite\">\n        <span class=\"add-favorite-js item-tool-favorite\" data-toggle=\"tooltip\" data-placement=\"top\" title=\"Favourite\" data-listid=\"1081885\">\n            <i class=\"houzez-icon icon-love-it \"><\/i> \n        <\/span><!-- item-tool-favorite -->\n    <\/li><!-- item-tool -->\n    \n        <li class=\"item-tool item-compare\">\n        <span class=\"houzez_compare compare-1081885 item-tool-compare show-compare-panel\" data-toggle=\"tooltip\" data-placement=\"top\" title=\"Add to Compare\" data-listing_id=\"1081885\" data-listing_image=\"https:\/\/fotos15.apinmo.com\/1045\/4782125\/17-1.jpg\">\n            <i class=\"houzez-icon icon-add-circle\"><\/i>\n        <\/span><!-- item-tool-compare -->\n    <\/li><!-- item-tool -->\n    <\/ul><!-- item-tools -->\n\t\t\t\t<div class=\"listing-image-wrap\">\n\t<div class=\"listing-thumb\">\n\t\t<a target=_self href=\"https:\/\/www.laclauelite.com\/ca\/property\/casa-en-venta-en-sitges-zona-quint-mar-con-espectaculares-vistas-panoramicas-al-mar-08123-ca\/\" class=\"listing-featured-thumb hover-effect\">\n\t\t\t                                                                                                                                                                                    <img loading=\"lazy\" decoding=\"async\" width=\"850\" height=\"426\" src=\"https:\/\/fotos15.apinmo.com\/1045\/4782125\/17-1.jpg\" class=\"img-fluid wp-post-image\" alt=\"Casa en venta en sitges zona quint mar con espectaculares vistas panor\u00e1micas al mar - imagenInmueble0\" srcset=\"https:\/\/fotos15.apinmo.com\/1045\/4782125\/17-1.jpg 850w, https:\/\/fotos15.apinmo.com\/1045\/4782125\/17-1.jpg 300w, https:\/\/fotos15.apinmo.com\/1045\/4782125\/17-1.jpg 768w, https:\/\/fotos15.apinmo.com\/1045\/4782125\/17-1s.jpg 150w, https:\/\/fotos15.apinmo.com\/1045\/4782125\/17-1.jpg 536w, https:\/\/fotos15.apinmo.com\/1045\/4782125\/17-1.jpg 770w\" sizes=\"(max-width: 850px) 100vw, 850px\" \/>\t\t<\/a><!-- hover-effect -->\n\t<\/div>\n<\/div>\n\t\t\t\t<div class=\"preview_loader\"><\/div>\n\t\t\t<\/div><!-- item-header -->\t\n\t\t\t<div class=\"item-body flex-grow-1\">\n\t\t\t\t<div class=\"labels-wrap labels-right\"> \n\n\t<a href=\"https:\/\/www.laclauelite.com\/ca\/status\/venda\/\" class=\"label-status label status-color-167\">\n\t\t\t\t\tvenda\n\t\t\t\t<\/a>       \n\n<\/div>\n\t\t\t\t<h2 class=\"item-title\">\n\t<a target=_self href=\"https:\/\/www.laclauelite.com\/ca\/property\/casa-en-venta-en-sitges-zona-quint-mar-con-espectaculares-vistas-panoramicas-al-mar-08123-ca\/\">Casa en venta en Sitges zona Quint Mar con espectaculares vistas panor\u00e1micas al mar &#8211; 08123<\/a>\n<\/h2><!-- item-title -->\t\t\t\t<ul class=\"item-price-wrap hide-on-list\">\n\t<li class=\"item-price\">1,250,000\u20ac<\/li><\/ul>\t\t\t\t<address class=\"item-address\">Sitges,Barcelona,Spain<\/address>\t\t\t\t<ul class=\"item-amenities item-amenities-with-icons\">\n\t<li class=\"h-beds\"><i class=\"houzez-icon icon-hotel-double-bed-1 mr-1\"><\/i><span class=\"item-amenities-text\">Camas:<\/span> <span class=\"hz-figure\">6<\/span><\/li><li class=\"h-baths\"><i class=\"houzez-icon icon-bathroom-shower-1 mr-1\"><\/i><span class=\"item-amenities-text\">Ba\u00f1os:<\/span> <span class=\"hz-figure\">5<\/span><\/li><li class=\"h-area\"><i class=\"houzez-icon icon-ruler-triangle mr-1\"><\/i><span class=\"hz-figure\">347<\/span> <span class=\"hz-figure area_postfix\">m&sup2;<\/span><\/li><li class=\"h-type\"><span>Casas<\/span><\/li><\/ul>\t\t\t\t<a class=\"btn btn-primary btn-item \" target=_self href=\"https:\/\/www.laclauelite.com\/ca\/property\/casa-en-venta-en-sitges-zona-quint-mar-con-espectaculares-vistas-panoramicas-al-mar-08123-ca\/\">\n\tDetalls<\/a><!-- btn-item -->\n\t\t\t\t<div class=\"item-author\">\n\t<i class=\"houzez-icon icon-single-neutral mr-1\"><\/i>\n\t<a href=\"https:\/\/www.laclauelite.com\/ca\/agent\/fincas-la-clau-elite\/\">Fincas La Clau Elite<\/a> <\/div><!-- item-author -->\n\t\t\t\t<div class=\"item-date\">\n\t<i class=\"houzez-icon icon-attachment mr-1\"><\/i>\n\t3 mesos ago<\/div><!-- item-date -->\n\t\t\t<\/div><!-- item-body -->\n\n\t\t\t\t\t\t<div class=\"item-footer clearfix\">\n\t\t\t\t<div class=\"item-author\">\n\t<i class=\"houzez-icon icon-single-neutral mr-1\"><\/i>\n\t<a href=\"https:\/\/www.laclauelite.com\/ca\/agent\/fincas-la-clau-elite\/\">Fincas La Clau Elite<\/a> <\/div><!-- item-author -->\n\t\t\t\t<div class=\"item-date\">\n\t<i class=\"houzez-icon icon-attachment mr-1\"><\/i>\n\t3 mesos ago<\/div><!-- item-date -->\n\t\t\t<\/div>\n\t\t\t\t\t<\/div><!-- d-flex -->\n\t<\/div><!-- item-wrap -->\n<\/div><!-- item-listing-wrap --><div class=\"item-listing-wrap hz-item-gallery-js card\" data-hz-id=\"hz-1081910\" data-images=\"[{&quot;image&quot;:&quot;https:\\\/\\\/fotos15.apinmo.com\\\/1045\\\/8039595\\\/25-1.jpg&quot;,&quot;alt&quot;:&quot;Finca r\\u00fastica con dos casas a cinco minutos de sitges. - imagenInmueble0&quot;},{&quot;image&quot;:&quot;https:\\\/\\\/fotos15.apinmo.com\\\/1045\\\/8039595\\\/25-1.jpg&quot;,&quot;alt&quot;:&quot;Finca r\\u00fastica con dos casas a cinco minutos de sitges. - imagenInmueble0&quot;},{&quot;image&quot;:&quot;https:\\\/\\\/fotos15.apinmo.com\\\/1045\\\/8039595\\\/25-2.jpg&quot;,&quot;alt&quot;:&quot;Finca r\\u00fastica con dos casas a cinco minutos de sitges. - imagenInmueble1&quot;},{&quot;image&quot;:&quot;https:\\\/\\\/fotos15.apinmo.com\\\/1045\\\/8039595\\\/25-3.jpg&quot;,&quot;alt&quot;:&quot;Finca r\\u00fastica con dos casas a cinco minutos de sitges. - imagenInmueble2&quot;},{&quot;image&quot;:&quot;https:\\\/\\\/fotos15.apinmo.com\\\/1045\\\/8039595\\\/25-4.jpg&quot;,&quot;alt&quot;:&quot;Finca r\\u00fastica con dos casas a cinco minutos de sitges. - imagenInmueble3&quot;},{&quot;image&quot;:&quot;https:\\\/\\\/fotos15.apinmo.com\\\/1045\\\/8039595\\\/25-5.jpg&quot;,&quot;alt&quot;:&quot;Finca r\\u00fastica con dos casas a cinco minutos de sitges. - imagenInmueble4&quot;},{&quot;image&quot;:&quot;https:\\\/\\\/fotos15.apinmo.com\\\/1045\\\/8039595\\\/25-6.jpg&quot;,&quot;alt&quot;:&quot;Finca r\\u00fastica con dos casas a cinco minutos de sitges. - imagenInmueble5&quot;},{&quot;image&quot;:&quot;https:\\\/\\\/fotos15.apinmo.com\\\/1045\\\/8039595\\\/25-7.jpg&quot;,&quot;alt&quot;:&quot;Finca r\\u00fastica con dos casas a cinco minutos de sitges. - imagenInmueble6&quot;},{&quot;image&quot;:&quot;https:\\\/\\\/fotos15.apinmo.com\\\/1045\\\/8039595\\\/25-8.jpg&quot;,&quot;alt&quot;:&quot;Finca r\\u00fastica con dos casas a cinco minutos de sitges. - imagenInmueble7&quot;},{&quot;image&quot;:&quot;https:\\\/\\\/fotos15.apinmo.com\\\/1045\\\/8039595\\\/25-9.jpg&quot;,&quot;alt&quot;:&quot;Finca r\\u00fastica con dos casas a cinco minutos de sitges. - imagenInmueble8&quot;},{&quot;image&quot;:&quot;https:\\\/\\\/fotos15.apinmo.com\\\/1045\\\/8039595\\\/25-10.jpg&quot;,&quot;alt&quot;:&quot;Finca r\\u00fastica con dos casas a cinco minutos de sitges. - imagenInmueble9&quot;},{&quot;image&quot;:&quot;https:\\\/\\\/fotos15.apinmo.com\\\/1045\\\/8039595\\\/25-11.jpg&quot;,&quot;alt&quot;:&quot;Finca r\\u00fastica con dos casas a cinco minutos de sitges. - imagenInmueble10&quot;},{&quot;image&quot;:&quot;https:\\\/\\\/fotos15.apinmo.com\\\/1045\\\/8039595\\\/25-12.jpg&quot;,&quot;alt&quot;:&quot;Finca r\\u00fastica con dos casas a cinco minutos de sitges. - imagenInmueble11&quot;},{&quot;image&quot;:&quot;https:\\\/\\\/fotos15.apinmo.com\\\/1045\\\/8039595\\\/25-13.jpg&quot;,&quot;alt&quot;:&quot;Finca r\\u00fastica con dos casas a cinco minutos de sitges. - imagenInmueble12&quot;},{&quot;image&quot;:&quot;https:\\\/\\\/fotos15.apinmo.com\\\/1045\\\/8039595\\\/25-14.jpg&quot;,&quot;alt&quot;:&quot;Finca r\\u00fastica con dos casas a cinco minutos de sitges. - imagenInmueble13&quot;},{&quot;image&quot;:&quot;https:\\\/\\\/fotos15.apinmo.com\\\/1045\\\/8039595\\\/25-15.jpg&quot;,&quot;alt&quot;:&quot;Finca r\\u00fastica con dos casas a cinco minutos de sitges. - imagenInmueble14&quot;},{&quot;image&quot;:&quot;https:\\\/\\\/fotos15.apinmo.com\\\/1045\\\/8039595\\\/25-16.jpg&quot;,&quot;alt&quot;:&quot;Finca r\\u00fastica con dos casas a cinco minutos de sitges. - imagenInmueble15&quot;},{&quot;image&quot;:&quot;https:\\\/\\\/fotos15.apinmo.com\\\/1045\\\/8039595\\\/25-17.jpg&quot;,&quot;alt&quot;:&quot;Finca r\\u00fastica con dos casas a cinco minutos de sitges. - imagenInmueble16&quot;},{&quot;image&quot;:&quot;https:\\\/\\\/fotos15.apinmo.com\\\/1045\\\/8039595\\\/25-18.jpg&quot;,&quot;alt&quot;:&quot;Finca r\\u00fastica con dos casas a cinco minutos de sitges. - imagenInmueble17&quot;},{&quot;image&quot;:&quot;https:\\\/\\\/fotos15.apinmo.com\\\/1045\\\/8039595\\\/25-19.jpg&quot;,&quot;alt&quot;:&quot;Finca r\\u00fastica con dos casas a cinco minutos de sitges. - imagenInmueble18&quot;},{&quot;image&quot;:&quot;https:\\\/\\\/fotos15.apinmo.com\\\/1045\\\/8039595\\\/25-20.jpg&quot;,&quot;alt&quot;:&quot;Finca r\\u00fastica con dos casas a cinco minutos de sitges. - imagenInmueble19&quot;},{&quot;image&quot;:&quot;https:\\\/\\\/fotos15.apinmo.com\\\/1045\\\/8039595\\\/25-21.jpg&quot;,&quot;alt&quot;:&quot;Finca r\\u00fastica con dos casas a cinco minutos de sitges. - imagenInmueble20&quot;},{&quot;image&quot;:&quot;https:\\\/\\\/fotos15.apinmo.com\\\/1045\\\/8039595\\\/25-22.jpg&quot;,&quot;alt&quot;:&quot;Finca r\\u00fastica con dos casas a cinco minutos de sitges. - imagenInmueble21&quot;},{&quot;image&quot;:&quot;https:\\\/\\\/fotos15.apinmo.com\\\/1045\\\/8039595\\\/25-23.jpg&quot;,&quot;alt&quot;:&quot;Finca r\\u00fastica con dos casas a cinco minutos de sitges. - imagenInmueble22&quot;},{&quot;image&quot;:&quot;https:\\\/\\\/fotos15.apinmo.com\\\/1045\\\/8039595\\\/25-24.jpg&quot;,&quot;alt&quot;:&quot;Finca r\\u00fastica con dos casas a cinco minutos de sitges. - imagenInmueble23&quot;},{&quot;image&quot;:&quot;https:\\\/\\\/fotos15.apinmo.com\\\/1045\\\/8039595\\\/25-25.jpg&quot;,&quot;alt&quot;:&quot;Finca r\\u00fastica con dos casas a cinco minutos de sitges. - imagenInmueble24&quot;},{&quot;image&quot;:&quot;https:\\\/\\\/fotos15.apinmo.com\\\/1045\\\/8039595\\\/25-26.jpg&quot;,&quot;alt&quot;:&quot;Finca r\\u00fastica con dos casas a cinco minutos de sitges. - imagenInmueble25&quot;},{&quot;image&quot;:&quot;https:\\\/\\\/fotos15.apinmo.com\\\/1045\\\/8039595\\\/25-27.jpg&quot;,&quot;alt&quot;:&quot;Finca r\\u00fastica con dos casas a cinco minutos de sitges. - imagenInmueble26&quot;},{&quot;image&quot;:&quot;https:\\\/\\\/fotos15.apinmo.com\\\/1045\\\/8039595\\\/25-28.jpg&quot;,&quot;alt&quot;:&quot;Finca r\\u00fastica con dos casas a cinco minutos de sitges. - imagenInmueble27&quot;},{&quot;image&quot;:&quot;https:\\\/\\\/fotos15.apinmo.com\\\/1045\\\/8039595\\\/25-29.jpg&quot;,&quot;alt&quot;:&quot;Finca r\\u00fastica con dos casas a cinco minutos de sitges. - imagenInmueble28&quot;},{&quot;image&quot;:&quot;https:\\\/\\\/fotos15.apinmo.com\\\/1045\\\/8039595\\\/25-30.jpg&quot;,&quot;alt&quot;:&quot;Finca r\\u00fastica con dos casas a cinco minutos de sitges. - imagenInmueble29&quot;},{&quot;image&quot;:&quot;https:\\\/\\\/fotos15.apinmo.com\\\/1045\\\/8039595\\\/25-31.jpg&quot;,&quot;alt&quot;:&quot;Finca r\\u00fastica con dos casas a cinco minutos de sitges. - imagenInmueble30&quot;},{&quot;image&quot;:&quot;https:\\\/\\\/fotos15.apinmo.com\\\/1045\\\/8039595\\\/25-32.jpg&quot;,&quot;alt&quot;:&quot;Finca r\\u00fastica con dos casas a cinco minutos de sitges. - imagenInmueble31&quot;},{&quot;image&quot;:&quot;https:\\\/\\\/fotos15.apinmo.com\\\/1045\\\/8039595\\\/25-33.jpg&quot;,&quot;alt&quot;:&quot;Finca r\\u00fastica con dos casas a cinco minutos de sitges. - imagenInmueble32&quot;},{&quot;image&quot;:&quot;https:\\\/\\\/fotos15.apinmo.com\\\/1045\\\/8039595\\\/25-34.jpg&quot;,&quot;alt&quot;:&quot;Finca r\\u00fastica con dos casas a cinco minutos de sitges. - imagenInmueble33&quot;},{&quot;image&quot;:&quot;https:\\\/\\\/fotos15.apinmo.com\\\/1045\\\/8039595\\\/25-35.jpg&quot;,&quot;alt&quot;:&quot;Finca r\\u00fastica con dos casas a cinco minutos de sitges. - imagenInmueble34&quot;},{&quot;image&quot;:&quot;https:\\\/\\\/fotos15.apinmo.com\\\/1045\\\/8039595\\\/25-36.jpg&quot;,&quot;alt&quot;:&quot;Finca r\\u00fastica con dos casas a cinco minutos de sitges. - imagenInmueble35&quot;},{&quot;image&quot;:&quot;https:\\\/\\\/fotos15.apinmo.com\\\/1045\\\/8039595\\\/25-37.jpg&quot;,&quot;alt&quot;:&quot;Finca r\\u00fastica con dos casas a cinco minutos de sitges. - imagenInmueble36&quot;},{&quot;image&quot;:&quot;https:\\\/\\\/fotos15.apinmo.com\\\/1045\\\/8039595\\\/25-38.jpg&quot;,&quot;alt&quot;:&quot;Finca r\\u00fastica con dos casas a cinco minutos de sitges. - imagenInmueble37&quot;},{&quot;image&quot;:&quot;https:\\\/\\\/fotos15.apinmo.com\\\/1045\\\/8039595\\\/25-39.jpg&quot;,&quot;alt&quot;:&quot;Finca r\\u00fastica con dos casas a cinco minutos de sitges. - imagenInmueble38&quot;},{&quot;image&quot;:&quot;https:\\\/\\\/fotos15.apinmo.com\\\/1045\\\/8039595\\\/25-40.jpg&quot;,&quot;alt&quot;:&quot;Finca r\\u00fastica con dos casas a cinco minutos de sitges. - imagenInmueble39&quot;}]\">\n\t<div class=\"item-wrap item-wrap-v1 item-wrap-no-frame h-100\">\n\t\t<div class=\"d-flex align-items-center h-100\">\n\t\t\t<div class=\"item-header\">\n\t\t\t\t\t\t\t\t<div class=\"labels-wrap labels-right\"> \n\n\t<a href=\"https:\/\/www.laclauelite.com\/ca\/status\/venda\/\" class=\"label-status label status-color-167\">\n\t\t\t\t\tvenda\n\t\t\t\t<\/a>       \n\n<\/div>\n\t\t\t\t<ul class=\"item-price-wrap hide-on-list\">\n\t<li class=\"item-price\">5,000,000\u20ac<\/li><\/ul>\t\t\t\t<ul class=\"item-tools\">\n\n        <li class=\"item-tool item-preview\">\n        <span class=\"hz-show-lightbox-js\" data-listid=\"1081910\" data-toggle=\"tooltip\" data-placement=\"top\" title=\"Preview\">\n                <i class=\"houzez-icon icon-expand-3\"><\/i>   \n        <\/span><!-- item-tool-favorite -->\n    <\/li><!-- item-tool -->\n        \n        <li class=\"item-tool item-favorite\">\n        <span class=\"add-favorite-js item-tool-favorite\" data-toggle=\"tooltip\" data-placement=\"top\" title=\"Favourite\" data-listid=\"1081910\">\n            <i class=\"houzez-icon icon-love-it \"><\/i> \n        <\/span><!-- item-tool-favorite -->\n    <\/li><!-- item-tool -->\n    \n        <li class=\"item-tool item-compare\">\n        <span class=\"houzez_compare compare-1081910 item-tool-compare show-compare-panel\" data-toggle=\"tooltip\" data-placement=\"top\" title=\"Add to Compare\" data-listing_id=\"1081910\" data-listing_image=\"https:\/\/fotos15.apinmo.com\/1045\/8039595\/25-1.jpg\">\n            <i class=\"houzez-icon icon-add-circle\"><\/i>\n        <\/span><!-- item-tool-compare -->\n    <\/li><!-- item-tool -->\n    <\/ul><!-- item-tools -->\n\t\t\t\t<div class=\"listing-image-wrap\">\n\t<div class=\"listing-thumb\">\n\t\t<a target=_self href=\"https:\/\/www.laclauelite.com\/ca\/property\/finca-rustica-con-dos-casas-a-cinco-minutos-de-sitges-09094-ca\/\" class=\"listing-featured-thumb hover-effect\">\n\t\t\t                                                                                                                                                                                    <img loading=\"lazy\" decoding=\"async\" width=\"850\" height=\"426\" src=\"https:\/\/fotos15.apinmo.com\/1045\/8039595\/25-1.jpg\" class=\"img-fluid wp-post-image\" alt=\"Finca r\u00fastica con dos casas a cinco minutos de sitges. - imagenInmueble0\" srcset=\"https:\/\/fotos15.apinmo.com\/1045\/8039595\/25-1.jpg 850w, https:\/\/fotos15.apinmo.com\/1045\/8039595\/25-1.jpg 300w, https:\/\/fotos15.apinmo.com\/1045\/8039595\/25-1.jpg 768w, https:\/\/fotos15.apinmo.com\/1045\/8039595\/25-1s.jpg 150w, https:\/\/fotos15.apinmo.com\/1045\/8039595\/25-1.jpg 536w, https:\/\/fotos15.apinmo.com\/1045\/8039595\/25-1.jpg 770w\" sizes=\"(max-width: 850px) 100vw, 850px\" \/>\t\t<\/a><!-- hover-effect -->\n\t<\/div>\n<\/div>\n\t\t\t\t<div class=\"preview_loader\"><\/div>\n\t\t\t<\/div><!-- item-header -->\t\n\t\t\t<div class=\"item-body flex-grow-1\">\n\t\t\t\t<div class=\"labels-wrap labels-right\"> \n\n\t<a href=\"https:\/\/www.laclauelite.com\/ca\/status\/venda\/\" class=\"label-status label status-color-167\">\n\t\t\t\t\tvenda\n\t\t\t\t<\/a>       \n\n<\/div>\n\t\t\t\t<h2 class=\"item-title\">\n\t<a target=_self href=\"https:\/\/www.laclauelite.com\/ca\/property\/finca-rustica-con-dos-casas-a-cinco-minutos-de-sitges-09094-ca\/\">Finca r\u00fastica con dos casas a cinco minutos de Sitges. &#8211; 09094<\/a>\n<\/h2><!-- item-title -->\t\t\t\t<ul class=\"item-price-wrap hide-on-list\">\n\t<li class=\"item-price\">5,000,000\u20ac<\/li><\/ul>\t\t\t\t<address class=\"item-address\">Sant Pere de Ribes,Barcelona,Spain<\/address>\t\t\t\t<ul class=\"item-amenities item-amenities-with-icons\">\n\t<li class=\"h-beds\"><i class=\"houzez-icon icon-hotel-double-bed-1 mr-1\"><\/i><span class=\"item-amenities-text\">Cama:<\/span> <span class=\"hz-figure\">0<\/span><\/li><li class=\"h-baths\"><i class=\"houzez-icon icon-bathroom-shower-1 mr-1\"><\/i><span class=\"item-amenities-text\">Ba\u00f1o:<\/span> <span class=\"hz-figure\">1<\/span><\/li><li class=\"h-area\"><i class=\"houzez-icon icon-ruler-triangle mr-1\"><\/i><span class=\"hz-figure\">1800<\/span> <span class=\"hz-figure area_postfix\">m&sup2;<\/span><\/li><li class=\"h-type\"><span>Casas<\/span><\/li><\/ul>\t\t\t\t<a class=\"btn btn-primary btn-item \" target=_self href=\"https:\/\/www.laclauelite.com\/ca\/property\/finca-rustica-con-dos-casas-a-cinco-minutos-de-sitges-09094-ca\/\">\n\tDetalls<\/a><!-- btn-item -->\n\t\t\t\t<div class=\"item-author\">\n\t<i class=\"houzez-icon icon-single-neutral mr-1\"><\/i>\n\t<a href=\"https:\/\/www.laclauelite.com\/ca\/agent\/fincas-la-clau-elite\/\">Fincas La Clau Elite<\/a> <\/div><!-- item-author -->\n\t\t\t\t<div class=\"item-date\">\n\t<i class=\"houzez-icon icon-attachment mr-1\"><\/i>\n\t2 anys ago<\/div><!-- item-date -->\n\t\t\t<\/div><!-- item-body -->\n\n\t\t\t\t\t\t<div class=\"item-footer clearfix\">\n\t\t\t\t<div class=\"item-author\">\n\t<i class=\"houzez-icon icon-single-neutral mr-1\"><\/i>\n\t<a href=\"https:\/\/www.laclauelite.com\/ca\/agent\/fincas-la-clau-elite\/\">Fincas La Clau Elite<\/a> <\/div><!-- item-author -->\n\t\t\t\t<div class=\"item-date\">\n\t<i class=\"houzez-icon icon-attachment mr-1\"><\/i>\n\t2 anys ago<\/div><!-- item-date -->\n\t\t\t<\/div>\n\t\t\t\t\t<\/div><!-- d-flex -->\n\t<\/div><!-- item-wrap -->\n<\/div><!-- item-listing-wrap -->\t\t\t\t<\/div><!-- testimonials-slider -->\r\n\t\t\t<\/div><!-- listing-view grid-view -->\r\n\t\t<\/div><!-- testimonials-module -->\r\n\r\n\t\t\t\t<\/div>\n\t\t\t\t<\/div>\n\t\t\t\t\t<\/div>\n\t\t<\/div>\n\t\t\t\t\t\t\t<\/div>\n\t\t<\/section>\n\t\t\t\t<section class=\"elementor-section elementor-top-section elementor-element elementor-element-a229fee elementor-section-boxed elementor-section-height-default elementor-section-height-default\" data-id=\"a229fee\" data-element_type=\"section\">\n\t\t\t\t\t\t<div class=\"elementor-container elementor-column-gap-default\">\n\t\t\t\t\t<div class=\"elementor-column elementor-col-100 elementor-top-column elementor-element elementor-element-8da9225\" data-id=\"8da9225\" data-element_type=\"column\">\n\t\t\t<div class=\"elementor-widget-wrap elementor-element-populated\">\n\t\t\t\t\t\t\t\t<div class=\"elementor-element elementor-element-0cda384 animated-slow elementor-invisible elementor-widget elementor-widget-heading\" data-id=\"0cda384\" data-element_type=\"widget\" data-settings=\"{&quot;_animation&quot;:&quot;fadeIn&quot;}\" data-widget_type=\"heading.default\">\n\t\t\t\t<div class=\"elementor-widget-container\">\n\t\t\t<h3 class=\"elementor-heading-title elementor-size-large\">Vacances<\/h3>\t\t<\/div>\n\t\t\t\t<\/div>\n\t\t\t\t\t<\/div>\n\t\t<\/div>\n\t\t\t\t\t\t\t<\/div>\n\t\t<\/section>\n\t\t\t\t<section class=\"elementor-section elementor-top-section elementor-element elementor-element-b74b037 animated-slow elementor-section-boxed elementor-section-height-default elementor-section-height-default elementor-invisible\" data-id=\"b74b037\" data-element_type=\"section\" data-settings=\"{&quot;animation&quot;:&quot;fadeIn&quot;,&quot;animation_delay&quot;:0}\">\n\t\t\t\t\t\t<div class=\"elementor-container elementor-column-gap-default\">\n\t\t\t\t\t<div class=\"elementor-column elementor-col-100 elementor-top-column elementor-element elementor-element-20b5892\" data-id=\"20b5892\" data-element_type=\"column\">\n\t\t\t<div class=\"elementor-widget-wrap elementor-element-populated\">\n\t\t\t\t\t\t\t\t<div class=\"elementor-element elementor-element-657077e elementor-widget elementor-widget-houzez_elementor_properties_carousel_v2\" data-id=\"657077e\" data-element_type=\"widget\" data-widget_type=\"houzez_elementor_properties_carousel_v2.default\">\n\t\t\t\t<div class=\"elementor-widget-container\">\n\t\t\t\r\n\t\t<div class=\"property-carousel-module houzez-carousel-arrows-mOYsM houzez-carousel-cols-1 property-carousel-module-v2\">\r\n\r\n\t\t\t<div class=\"property-carousel-buttons-wrap\">\r\n\t\t\t\t\t\t\t\t<button type=\"button\" class=\"slick-prev-js-mOYsM slick-prev btn-primary-outlined\">Prev<\/button>\r\n\t\t\t\t<button type=\"button\" class=\"slick-next-js-mOYsM slick-next btn-primary-outlined\">Next<\/button>\r\n\t\t\t\t\t\t\t\t\t\t\t<\/div><!-- property-carousel-buttons-wrap -->\r\n\r\n\t\t\t<div class=\"listing-view grid-view\">\r\n\t\t\t\t\r\n\t\t\t\t<div id=\"houzez-properties-carousel-mOYsM\" data-token=\"mOYsM\" class=\"houzez-properties-carousel-js houzez-all-slider-wrap card-deck\">\r\n\t\t\t\t\t<div class=\"item-listing-wrap hz-item-gallery-js card\" data-hz-id=\"hz-1081986\" data-images=\"[{&quot;image&quot;:&quot;https:\\\/\\\/fotos15.apinmo.com\\\/1045\\\/20965375\\\/61-1.jpg&quot;,&quot;alt&quot;:&quot;Casa de pescadores en el centro de sitges - imagenInmueble0&quot;},{&quot;image&quot;:&quot;https:\\\/\\\/fotos15.apinmo.com\\\/1045\\\/20965375\\\/61-1.jpg&quot;,&quot;alt&quot;:&quot;Casa de pescadores en el centro de sitges - imagenInmueble0&quot;},{&quot;image&quot;:&quot;https:\\\/\\\/fotos15.apinmo.com\\\/1045\\\/20965375\\\/61-2.jpg&quot;,&quot;alt&quot;:&quot;Casa de pescadores en el centro de sitges - imagenInmueble1&quot;},{&quot;image&quot;:&quot;https:\\\/\\\/fotos15.apinmo.com\\\/1045\\\/20965375\\\/61-3.jpg&quot;,&quot;alt&quot;:&quot;Casa de pescadores en el centro de sitges - imagenInmueble2&quot;},{&quot;image&quot;:&quot;https:\\\/\\\/fotos15.apinmo.com\\\/1045\\\/20965375\\\/61-4.jpg&quot;,&quot;alt&quot;:&quot;Casa de pescadores en el centro de sitges - imagenInmueble3&quot;},{&quot;image&quot;:&quot;https:\\\/\\\/fotos15.apinmo.com\\\/1045\\\/20965375\\\/61-5.jpg&quot;,&quot;alt&quot;:&quot;Casa de pescadores en el centro de sitges - imagenInmueble4&quot;},{&quot;image&quot;:&quot;https:\\\/\\\/fotos15.apinmo.com\\\/1045\\\/20965375\\\/61-6.jpg&quot;,&quot;alt&quot;:&quot;Casa de pescadores en el centro de sitges - imagenInmueble5&quot;},{&quot;image&quot;:&quot;https:\\\/\\\/fotos15.apinmo.com\\\/1045\\\/20965375\\\/61-7.jpg&quot;,&quot;alt&quot;:&quot;Casa de pescadores en el centro de sitges - imagenInmueble6&quot;},{&quot;image&quot;:&quot;https:\\\/\\\/fotos15.apinmo.com\\\/1045\\\/20965375\\\/61-8.jpg&quot;,&quot;alt&quot;:&quot;Casa de pescadores en el centro de sitges - imagenInmueble7&quot;},{&quot;image&quot;:&quot;https:\\\/\\\/fotos15.apinmo.com\\\/1045\\\/20965375\\\/61-9.jpg&quot;,&quot;alt&quot;:&quot;Casa de pescadores en el centro de sitges - imagenInmueble8&quot;},{&quot;image&quot;:&quot;https:\\\/\\\/fotos15.apinmo.com\\\/1045\\\/20965375\\\/61-10.jpg&quot;,&quot;alt&quot;:&quot;Casa de pescadores en el centro de sitges - imagenInmueble9&quot;},{&quot;image&quot;:&quot;https:\\\/\\\/fotos15.apinmo.com\\\/1045\\\/20965375\\\/61-11.jpg&quot;,&quot;alt&quot;:&quot;Casa de pescadores en el centro de sitges - imagenInmueble10&quot;},{&quot;image&quot;:&quot;https:\\\/\\\/fotos15.apinmo.com\\\/1045\\\/20965375\\\/61-12.jpg&quot;,&quot;alt&quot;:&quot;Casa de pescadores en el centro de sitges - imagenInmueble11&quot;},{&quot;image&quot;:&quot;https:\\\/\\\/fotos15.apinmo.com\\\/1045\\\/20965375\\\/61-13.jpg&quot;,&quot;alt&quot;:&quot;Casa de pescadores en el centro de sitges - imagenInmueble12&quot;},{&quot;image&quot;:&quot;https:\\\/\\\/fotos15.apinmo.com\\\/1045\\\/20965375\\\/61-14.jpg&quot;,&quot;alt&quot;:&quot;Casa de pescadores en el centro de sitges - imagenInmueble13&quot;},{&quot;image&quot;:&quot;https:\\\/\\\/fotos15.apinmo.com\\\/1045\\\/20965375\\\/61-15.jpg&quot;,&quot;alt&quot;:&quot;Casa de pescadores en el centro de sitges - imagenInmueble14&quot;},{&quot;image&quot;:&quot;https:\\\/\\\/fotos15.apinmo.com\\\/1045\\\/20965375\\\/61-16.jpg&quot;,&quot;alt&quot;:&quot;Casa de pescadores en el centro de sitges - imagenInmueble15&quot;},{&quot;image&quot;:&quot;https:\\\/\\\/fotos15.apinmo.com\\\/1045\\\/20965375\\\/61-17.jpg&quot;,&quot;alt&quot;:&quot;Casa de pescadores en el centro de sitges - imagenInmueble16&quot;},{&quot;image&quot;:&quot;https:\\\/\\\/fotos15.apinmo.com\\\/1045\\\/20965375\\\/61-18.jpg&quot;,&quot;alt&quot;:&quot;Casa de pescadores en el centro de sitges - imagenInmueble17&quot;},{&quot;image&quot;:&quot;https:\\\/\\\/fotos15.apinmo.com\\\/1045\\\/20965375\\\/61-19.jpg&quot;,&quot;alt&quot;:&quot;Casa de pescadores en el centro de sitges - imagenInmueble18&quot;},{&quot;image&quot;:&quot;https:\\\/\\\/fotos15.apinmo.com\\\/1045\\\/20965375\\\/61-20.jpg&quot;,&quot;alt&quot;:&quot;Casa de pescadores en el centro de sitges - imagenInmueble19&quot;},{&quot;image&quot;:&quot;https:\\\/\\\/fotos15.apinmo.com\\\/1045\\\/20965375\\\/61-21.jpg&quot;,&quot;alt&quot;:&quot;Casa de pescadores en el centro de sitges - imagenInmueble20&quot;},{&quot;image&quot;:&quot;https:\\\/\\\/fotos15.apinmo.com\\\/1045\\\/20965375\\\/61-22.jpg&quot;,&quot;alt&quot;:&quot;Casa de pescadores en el centro de sitges - imagenInmueble21&quot;},{&quot;image&quot;:&quot;https:\\\/\\\/fotos15.apinmo.com\\\/1045\\\/20965375\\\/61-23.jpg&quot;,&quot;alt&quot;:&quot;Casa de pescadores en el centro de sitges - imagenInmueble22&quot;},{&quot;image&quot;:&quot;https:\\\/\\\/fotos15.apinmo.com\\\/1045\\\/20965375\\\/61-24.jpg&quot;,&quot;alt&quot;:&quot;Casa de pescadores en el centro de sitges - imagenInmueble23&quot;},{&quot;image&quot;:&quot;https:\\\/\\\/fotos15.apinmo.com\\\/1045\\\/20965375\\\/61-25.jpg&quot;,&quot;alt&quot;:&quot;Casa de pescadores en el centro de sitges - imagenInmueble24&quot;},{&quot;image&quot;:&quot;https:\\\/\\\/fotos15.apinmo.com\\\/1045\\\/20965375\\\/61-26.jpg&quot;,&quot;alt&quot;:&quot;Casa de pescadores en el centro de sitges - imagenInmueble25&quot;},{&quot;image&quot;:&quot;https:\\\/\\\/fotos15.apinmo.com\\\/1045\\\/20965375\\\/61-27.jpg&quot;,&quot;alt&quot;:&quot;Casa de pescadores en el centro de sitges - imagenInmueble26&quot;},{&quot;image&quot;:&quot;https:\\\/\\\/fotos15.apinmo.com\\\/1045\\\/20965375\\\/61-28.jpg&quot;,&quot;alt&quot;:&quot;Casa de pescadores en el centro de sitges - imagenInmueble27&quot;},{&quot;image&quot;:&quot;https:\\\/\\\/fotos15.apinmo.com\\\/1045\\\/20965375\\\/61-29.jpg&quot;,&quot;alt&quot;:&quot;Casa de pescadores en el centro de sitges - imagenInmueble28&quot;},{&quot;image&quot;:&quot;https:\\\/\\\/fotos15.apinmo.com\\\/1045\\\/20965375\\\/61-30.jpg&quot;,&quot;alt&quot;:&quot;Casa de pescadores en el centro de sitges - imagenInmueble29&quot;},{&quot;image&quot;:&quot;https:\\\/\\\/fotos15.apinmo.com\\\/1045\\\/20965375\\\/61-31.jpg&quot;,&quot;alt&quot;:&quot;Casa de pescadores en el centro de sitges - imagenInmueble30&quot;},{&quot;image&quot;:&quot;https:\\\/\\\/fotos15.apinmo.com\\\/1045\\\/20965375\\\/61-32.jpg&quot;,&quot;alt&quot;:&quot;Casa de pescadores en el centro de sitges - imagenInmueble31&quot;},{&quot;image&quot;:&quot;https:\\\/\\\/fotos15.apinmo.com\\\/1045\\\/20965375\\\/61-33.jpg&quot;,&quot;alt&quot;:&quot;Casa de pescadores en el centro de sitges - imagenInmueble32&quot;},{&quot;image&quot;:&quot;https:\\\/\\\/fotos15.apinmo.com\\\/1045\\\/20965375\\\/61-34.jpg&quot;,&quot;alt&quot;:&quot;Casa de pescadores en el centro de sitges - imagenInmueble33&quot;},{&quot;image&quot;:&quot;https:\\\/\\\/fotos15.apinmo.com\\\/1045\\\/20965375\\\/61-35.jpg&quot;,&quot;alt&quot;:&quot;Casa de pescadores en el centro de sitges - imagenInmueble34&quot;},{&quot;image&quot;:&quot;https:\\\/\\\/fotos15.apinmo.com\\\/1045\\\/20965375\\\/61-36.jpg&quot;,&quot;alt&quot;:&quot;Casa de pescadores en el centro de sitges - imagenInmueble35&quot;},{&quot;image&quot;:&quot;https:\\\/\\\/fotos15.apinmo.com\\\/1045\\\/20965375\\\/61-37.jpg&quot;,&quot;alt&quot;:&quot;Casa de pescadores en el centro de sitges - imagenInmueble36&quot;},{&quot;image&quot;:&quot;https:\\\/\\\/fotos15.apinmo.com\\\/1045\\\/20965375\\\/61-38.jpg&quot;,&quot;alt&quot;:&quot;Casa de pescadores en el centro de sitges - imagenInmueble37&quot;},{&quot;image&quot;:&quot;https:\\\/\\\/fotos15.apinmo.com\\\/1045\\\/20965375\\\/61-39.jpg&quot;,&quot;alt&quot;:&quot;Casa de pescadores en el centro de sitges - imagenInmueble38&quot;}]\">\n\t<div class=\"item-wrap item-wrap-v1 item-wrap-no-frame h-100\">\n\t\t<div class=\"d-flex align-items-center h-100\">\n\t\t\t<div class=\"item-header\">\n\t\t\t\t\t\t\t\t<div class=\"labels-wrap labels-right\"> \n\n\t<a href=\"https:\/\/www.laclauelite.com\/ca\/status\/venda\/\" class=\"label-status label status-color-167\">\n\t\t\t\t\tvenda\n\t\t\t\t<\/a>       \n\n<\/div>\n\t\t\t\t<ul class=\"item-price-wrap hide-on-list\">\n\t<li class=\"item-price\">995,000\u20ac<\/li><\/ul>\t\t\t\t<ul class=\"item-tools\">\n\n        <li class=\"item-tool item-preview\">\n        <span class=\"hz-show-lightbox-js\" data-listid=\"1081986\" data-toggle=\"tooltip\" data-placement=\"top\" title=\"Preview\">\n                <i class=\"houzez-icon icon-expand-3\"><\/i>   \n        <\/span><!-- item-tool-favorite -->\n    <\/li><!-- item-tool -->\n        \n        <li class=\"item-tool item-favorite\">\n        <span class=\"add-favorite-js item-tool-favorite\" data-toggle=\"tooltip\" data-placement=\"top\" title=\"Favourite\" data-listid=\"1081986\">\n            <i class=\"houzez-icon icon-love-it \"><\/i> \n        <\/span><!-- item-tool-favorite -->\n    <\/li><!-- item-tool -->\n    \n        <li class=\"item-tool item-compare\">\n        <span class=\"houzez_compare compare-1081986 item-tool-compare show-compare-panel\" data-toggle=\"tooltip\" data-placement=\"top\" title=\"Add to Compare\" data-listing_id=\"1081986\" data-listing_image=\"https:\/\/fotos15.apinmo.com\/1045\/20965375\/61-1.jpg\">\n            <i class=\"houzez-icon icon-add-circle\"><\/i>\n        <\/span><!-- item-tool-compare -->\n    <\/li><!-- item-tool -->\n    <\/ul><!-- item-tools -->\n\t\t\t\t<div class=\"listing-image-wrap\">\n\t<div class=\"listing-thumb\">\n\t\t<a target=_self href=\"https:\/\/www.laclauelite.com\/ca\/property\/casa-de-pescadores-en-el-centro-de-sitges-11086-ca\/\" class=\"listing-featured-thumb hover-effect\">\n\t\t\t                                                                                                                                                                                    <img loading=\"lazy\" decoding=\"async\" width=\"850\" height=\"426\" src=\"https:\/\/fotos15.apinmo.com\/1045\/20965375\/61-1.jpg\" class=\"img-fluid wp-post-image\" alt=\"Casa de pescadores en el centro de sitges - imagenInmueble0\" srcset=\"https:\/\/fotos15.apinmo.com\/1045\/20965375\/61-1.jpg 850w, https:\/\/fotos15.apinmo.com\/1045\/20965375\/61-1.jpg 300w, https:\/\/fotos15.apinmo.com\/1045\/20965375\/61-1.jpg 768w, https:\/\/fotos15.apinmo.com\/1045\/20965375\/61-1s.jpg 150w, https:\/\/fotos15.apinmo.com\/1045\/20965375\/61-1.jpg 536w, https:\/\/fotos15.apinmo.com\/1045\/20965375\/61-1.jpg 770w\" sizes=\"(max-width: 850px) 100vw, 850px\" \/>\t\t<\/a><!-- hover-effect -->\n\t<\/div>\n<\/div>\n\t\t\t\t<div class=\"preview_loader\"><\/div>\n\t\t\t<\/div><!-- item-header -->\t\n\t\t\t<div class=\"item-body flex-grow-1\">\n\t\t\t\t<div class=\"labels-wrap labels-right\"> \n\n\t<a href=\"https:\/\/www.laclauelite.com\/ca\/status\/venda\/\" class=\"label-status label status-color-167\">\n\t\t\t\t\tvenda\n\t\t\t\t<\/a>       \n\n<\/div>\n\t\t\t\t<h2 class=\"item-title\">\n\t<a target=_self href=\"https:\/\/www.laclauelite.com\/ca\/property\/casa-de-pescadores-en-el-centro-de-sitges-11086-ca\/\">Casa de pescadores en el centro de Sitges &#8211; 11086<\/a>\n<\/h2><!-- item-title -->\t\t\t\t<ul class=\"item-price-wrap hide-on-list\">\n\t<li class=\"item-price\">995,000\u20ac<\/li><\/ul>\t\t\t\t<address class=\"item-address\">Sitges,Barcelona,Spain<\/address>\t\t\t\t<ul class=\"item-amenities item-amenities-with-icons\">\n\t<li class=\"h-beds\"><i class=\"houzez-icon icon-hotel-double-bed-1 mr-1\"><\/i><span class=\"item-amenities-text\">Camas:<\/span> <span class=\"hz-figure\">3<\/span><\/li><li class=\"h-baths\"><i class=\"houzez-icon icon-bathroom-shower-1 mr-1\"><\/i><span class=\"item-amenities-text\">Ba\u00f1os:<\/span> <span class=\"hz-figure\">3<\/span><\/li><li class=\"h-area\"><i class=\"houzez-icon icon-ruler-triangle mr-1\"><\/i><span class=\"hz-figure\">160<\/span> <span class=\"hz-figure area_postfix\">m&sup2;<\/span><\/li><li class=\"h-type\"><span>Casas<\/span><\/li><\/ul>\t\t\t\t<a class=\"btn btn-primary btn-item \" target=_self href=\"https:\/\/www.laclauelite.com\/ca\/property\/casa-de-pescadores-en-el-centro-de-sitges-11086-ca\/\">\n\tDetalls<\/a><!-- btn-item -->\n\t\t\t\t<div class=\"item-author\">\n\t<i class=\"houzez-icon icon-single-neutral mr-1\"><\/i>\n\t<a href=\"https:\/\/www.laclauelite.com\/ca\/agent\/fincas-la-clau-elite\/\">Fincas La Clau Elite<\/a> <\/div><!-- item-author -->\n\t\t\t\t<div class=\"item-date\">\n\t<i class=\"houzez-icon icon-attachment mr-1\"><\/i>\n\t1 dia ago<\/div><!-- item-date -->\n\t\t\t<\/div><!-- item-body -->\n\n\t\t\t\t\t\t<div class=\"item-footer clearfix\">\n\t\t\t\t<div class=\"item-author\">\n\t<i class=\"houzez-icon icon-single-neutral mr-1\"><\/i>\n\t<a href=\"https:\/\/www.laclauelite.com\/ca\/agent\/fincas-la-clau-elite\/\">Fincas La Clau Elite<\/a> <\/div><!-- item-author -->\n\t\t\t\t<div class=\"item-date\">\n\t<i class=\"houzez-icon icon-attachment mr-1\"><\/i>\n\t1 dia ago<\/div><!-- item-date -->\n\t\t\t<\/div>\n\t\t\t\t\t<\/div><!-- d-flex -->\n\t<\/div><!-- item-wrap -->\n<\/div><!-- item-listing-wrap --><div class=\"item-listing-wrap hz-item-gallery-js card\" data-hz-id=\"hz-1082123\" data-images=\"[{&quot;image&quot;:&quot;https:\\\/\\\/fotos15.apinmo.com\\\/1045\\\/28359471\\\/20-1.jpg&quot;,&quot;alt&quot;:&quot;Casa pareada en levantina con magnificas vistas al mar y a sitges - imagenInmueble0&quot;},{&quot;image&quot;:&quot;https:\\\/\\\/fotos15.apinmo.com\\\/1045\\\/28359471\\\/20-1.jpg&quot;,&quot;alt&quot;:&quot;Casa pareada en levantina con magnificas vistas al mar y a sitges - imagenInmueble0&quot;},{&quot;image&quot;:&quot;https:\\\/\\\/fotos15.apinmo.com\\\/1045\\\/28359471\\\/20-2.jpg&quot;,&quot;alt&quot;:&quot;Casa pareada en levantina con magnificas vistas al mar y a sitges - imagenInmueble1&quot;},{&quot;image&quot;:&quot;https:\\\/\\\/fotos15.apinmo.com\\\/1045\\\/28359471\\\/20-3.jpg&quot;,&quot;alt&quot;:&quot;Casa pareada en levantina con magnificas vistas al mar y a sitges - imagenInmueble2&quot;},{&quot;image&quot;:&quot;https:\\\/\\\/fotos15.apinmo.com\\\/1045\\\/28359471\\\/20-4.jpg&quot;,&quot;alt&quot;:&quot;Casa pareada en levantina con magnificas vistas al mar y a sitges - imagenInmueble3&quot;},{&quot;image&quot;:&quot;https:\\\/\\\/fotos15.apinmo.com\\\/1045\\\/28359471\\\/20-5.jpg&quot;,&quot;alt&quot;:&quot;Casa pareada en levantina con magnificas vistas al mar y a sitges - imagenInmueble4&quot;},{&quot;image&quot;:&quot;https:\\\/\\\/fotos15.apinmo.com\\\/1045\\\/28359471\\\/20-6.jpg&quot;,&quot;alt&quot;:&quot;Casa pareada en levantina con magnificas vistas al mar y a sitges - imagenInmueble5&quot;},{&quot;image&quot;:&quot;https:\\\/\\\/fotos15.apinmo.com\\\/1045\\\/28359471\\\/20-7.jpg&quot;,&quot;alt&quot;:&quot;Casa pareada en levantina con magnificas vistas al mar y a sitges - imagenInmueble6&quot;},{&quot;image&quot;:&quot;https:\\\/\\\/fotos15.apinmo.com\\\/1045\\\/28359471\\\/20-8.jpg&quot;,&quot;alt&quot;:&quot;Casa pareada en levantina con magnificas vistas al mar y a sitges - imagenInmueble7&quot;},{&quot;image&quot;:&quot;https:\\\/\\\/fotos15.apinmo.com\\\/1045\\\/28359471\\\/20-9.jpg&quot;,&quot;alt&quot;:&quot;Casa pareada en levantina con magnificas vistas al mar y a sitges - imagenInmueble8&quot;},{&quot;image&quot;:&quot;https:\\\/\\\/fotos15.apinmo.com\\\/1045\\\/28359471\\\/20-10.jpg&quot;,&quot;alt&quot;:&quot;Casa pareada en levantina con magnificas vistas al mar y a sitges - imagenInmueble9&quot;},{&quot;image&quot;:&quot;https:\\\/\\\/fotos15.apinmo.com\\\/1045\\\/28359471\\\/20-11.jpg&quot;,&quot;alt&quot;:&quot;Casa pareada en levantina con magnificas vistas al mar y a sitges - imagenInmueble10&quot;},{&quot;image&quot;:&quot;https:\\\/\\\/fotos15.apinmo.com\\\/1045\\\/28359471\\\/20-12.jpg&quot;,&quot;alt&quot;:&quot;Casa pareada en levantina con magnificas vistas al mar y a sitges - imagenInmueble11&quot;},{&quot;image&quot;:&quot;https:\\\/\\\/fotos15.apinmo.com\\\/1045\\\/28359471\\\/20-13.jpg&quot;,&quot;alt&quot;:&quot;Casa pareada en levantina con magnificas vistas al mar y a sitges - imagenInmueble12&quot;},{&quot;image&quot;:&quot;https:\\\/\\\/fotos15.apinmo.com\\\/1045\\\/28359471\\\/20-14.jpg&quot;,&quot;alt&quot;:&quot;Casa pareada en levantina con magnificas vistas al mar y a sitges - imagenInmueble13&quot;},{&quot;image&quot;:&quot;https:\\\/\\\/fotos15.apinmo.com\\\/1045\\\/28359471\\\/20-15.jpg&quot;,&quot;alt&quot;:&quot;Casa pareada en levantina con magnificas vistas al mar y a sitges - imagenInmueble14&quot;},{&quot;image&quot;:&quot;https:\\\/\\\/fotos15.apinmo.com\\\/1045\\\/28359471\\\/20-16.jpg&quot;,&quot;alt&quot;:&quot;Casa pareada en levantina con magnificas vistas al mar y a sitges - imagenInmueble15&quot;},{&quot;image&quot;:&quot;https:\\\/\\\/fotos15.apinmo.com\\\/1045\\\/28359471\\\/20-17.jpg&quot;,&quot;alt&quot;:&quot;Casa pareada en levantina con magnificas vistas al mar y a sitges - imagenInmueble16&quot;},{&quot;image&quot;:&quot;https:\\\/\\\/fotos15.apinmo.com\\\/1045\\\/28359471\\\/20-18.jpg&quot;,&quot;alt&quot;:&quot;Casa pareada en levantina con magnificas vistas al mar y a sitges - imagenInmueble17&quot;},{&quot;image&quot;:&quot;https:\\\/\\\/fotos15.apinmo.com\\\/1045\\\/28359471\\\/20-19.jpg&quot;,&quot;alt&quot;:&quot;Casa pareada en levantina con magnificas vistas al mar y a sitges - imagenInmueble18&quot;},{&quot;image&quot;:&quot;https:\\\/\\\/fotos15.apinmo.com\\\/1045\\\/28359471\\\/20-20.jpg&quot;,&quot;alt&quot;:&quot;Casa pareada en levantina con magnificas vistas al mar y a sitges - imagenInmueble19&quot;},{&quot;image&quot;:&quot;https:\\\/\\\/fotos15.apinmo.com\\\/1045\\\/28359471\\\/20-21.jpg&quot;,&quot;alt&quot;:&quot;Casa pareada en levantina con magnificas vistas al mar y a sitges - imagenInmueble20&quot;},{&quot;image&quot;:&quot;https:\\\/\\\/fotos15.apinmo.com\\\/1045\\\/28359471\\\/20-22.jpg&quot;,&quot;alt&quot;:&quot;Casa pareada en levantina con magnificas vistas al mar y a sitges - imagenInmueble21&quot;},{&quot;image&quot;:&quot;https:\\\/\\\/fotos15.apinmo.com\\\/1045\\\/28359471\\\/20-23.jpg&quot;,&quot;alt&quot;:&quot;Casa pareada en levantina con magnificas vistas al mar y a sitges - imagenInmueble22&quot;},{&quot;image&quot;:&quot;https:\\\/\\\/fotos15.apinmo.com\\\/1045\\\/28359471\\\/20-24.jpg&quot;,&quot;alt&quot;:&quot;Casa pareada en levantina con magnificas vistas al mar y a sitges - imagenInmueble23&quot;},{&quot;image&quot;:&quot;https:\\\/\\\/fotos15.apinmo.com\\\/1045\\\/28359471\\\/20-25.jpg&quot;,&quot;alt&quot;:&quot;Casa pareada en levantina con magnificas vistas al mar y a sitges - imagenInmueble24&quot;},{&quot;image&quot;:&quot;https:\\\/\\\/fotos15.apinmo.com\\\/1045\\\/28359471\\\/20-26.jpg&quot;,&quot;alt&quot;:&quot;Casa pareada en levantina con magnificas vistas al mar y a sitges - imagenInmueble25&quot;},{&quot;image&quot;:&quot;https:\\\/\\\/fotos15.apinmo.com\\\/1045\\\/28359471\\\/20-27.jpg&quot;,&quot;alt&quot;:&quot;Casa pareada en levantina con magnificas vistas al mar y a sitges - imagenInmueble26&quot;},{&quot;image&quot;:&quot;https:\\\/\\\/fotos15.apinmo.com\\\/1045\\\/28359471\\\/20-28.jpg&quot;,&quot;alt&quot;:&quot;Casa pareada en levantina con magnificas vistas al mar y a sitges - imagenInmueble27&quot;},{&quot;image&quot;:&quot;https:\\\/\\\/fotos15.apinmo.com\\\/1045\\\/28359471\\\/20-29.jpg&quot;,&quot;alt&quot;:&quot;Casa pareada en levantina con magnificas vistas al mar y a sitges - imagenInmueble28&quot;},{&quot;image&quot;:&quot;https:\\\/\\\/fotos15.apinmo.com\\\/1045\\\/28359471\\\/20-30.jpg&quot;,&quot;alt&quot;:&quot;Casa pareada en levantina con magnificas vistas al mar y a sitges - imagenInmueble29&quot;},{&quot;image&quot;:&quot;https:\\\/\\\/fotos15.apinmo.com\\\/1045\\\/28359471\\\/20-31.jpg&quot;,&quot;alt&quot;:&quot;Casa pareada en levantina con magnificas vistas al mar y a sitges - imagenInmueble30&quot;},{&quot;image&quot;:&quot;https:\\\/\\\/fotos15.apinmo.com\\\/1045\\\/28359471\\\/20-32.jpg&quot;,&quot;alt&quot;:&quot;Casa pareada en levantina con magnificas vistas al mar y a sitges - imagenInmueble31&quot;},{&quot;image&quot;:&quot;https:\\\/\\\/fotos15.apinmo.com\\\/1045\\\/28359471\\\/20-33.jpg&quot;,&quot;alt&quot;:&quot;Casa pareada en levantina con magnificas vistas al mar y a sitges - imagenInmueble32&quot;},{&quot;image&quot;:&quot;https:\\\/\\\/fotos15.apinmo.com\\\/1045\\\/28359471\\\/20-34.jpg&quot;,&quot;alt&quot;:&quot;Casa pareada en levantina con magnificas vistas al mar y a sitges - imagenInmueble33&quot;},{&quot;image&quot;:&quot;https:\\\/\\\/fotos15.apinmo.com\\\/1045\\\/28359471\\\/20-35.jpg&quot;,&quot;alt&quot;:&quot;Casa pareada en levantina con magnificas vistas al mar y a sitges - imagenInmueble34&quot;},{&quot;image&quot;:&quot;https:\\\/\\\/fotos15.apinmo.com\\\/1045\\\/28359471\\\/20-36.jpg&quot;,&quot;alt&quot;:&quot;Casa pareada en levantina con magnificas vistas al mar y a sitges - imagenInmueble35&quot;},{&quot;image&quot;:&quot;https:\\\/\\\/fotos15.apinmo.com\\\/1045\\\/28359471\\\/20-37.jpg&quot;,&quot;alt&quot;:&quot;Casa pareada en levantina con magnificas vistas al mar y a sitges - imagenInmueble36&quot;},{&quot;image&quot;:&quot;https:\\\/\\\/fotos15.apinmo.com\\\/1045\\\/28359471\\\/20-38.jpg&quot;,&quot;alt&quot;:&quot;Casa pareada en levantina con magnificas vistas al mar y a sitges - imagenInmueble37&quot;},{&quot;image&quot;:&quot;https:\\\/\\\/fotos15.apinmo.com\\\/1045\\\/28359471\\\/20-39.jpg&quot;,&quot;alt&quot;:&quot;Casa pareada en levantina con magnificas vistas al mar y a sitges - imagenInmueble38&quot;},{&quot;image&quot;:&quot;https:\\\/\\\/fotos15.apinmo.com\\\/1045\\\/28359471\\\/20-40.jpg&quot;,&quot;alt&quot;:&quot;Casa pareada en levantina con magnificas vistas al mar y a sitges - imagenInmueble39&quot;},{&quot;image&quot;:&quot;https:\\\/\\\/fotos15.apinmo.com\\\/1045\\\/28359471\\\/20-41.jpg&quot;,&quot;alt&quot;:&quot;Casa pareada en levantina con magnificas vistas al mar y a sitges - imagenInmueble40&quot;},{&quot;image&quot;:&quot;https:\\\/\\\/fotos15.apinmo.com\\\/1045\\\/28359471\\\/20-42.jpg&quot;,&quot;alt&quot;:&quot;Casa pareada en levantina con magnificas vistas al mar y a sitges - imagenInmueble41&quot;},{&quot;image&quot;:&quot;https:\\\/\\\/fotos15.apinmo.com\\\/1045\\\/28359471\\\/20-43.jpg&quot;,&quot;alt&quot;:&quot;Casa pareada en levantina con magnificas vistas al mar y a sitges - imagenInmueble42&quot;},{&quot;image&quot;:&quot;https:\\\/\\\/fotos15.apinmo.com\\\/1045\\\/28359471\\\/20-44.jpg&quot;,&quot;alt&quot;:&quot;Casa pareada en levantina con magnificas vistas al mar y a sitges - imagenInmueble43&quot;},{&quot;image&quot;:&quot;https:\\\/\\\/fotos15.apinmo.com\\\/1045\\\/28359471\\\/20-45.jpg&quot;,&quot;alt&quot;:&quot;Casa pareada en levantina con magnificas vistas al mar y a sitges - imagenInmueble44&quot;},{&quot;image&quot;:&quot;https:\\\/\\\/fotos15.apinmo.com\\\/1045\\\/28359471\\\/20-46.jpg&quot;,&quot;alt&quot;:&quot;Casa pareada en levantina con magnificas vistas al mar y a sitges - imagenInmueble45&quot;},{&quot;image&quot;:&quot;https:\\\/\\\/fotos15.apinmo.com\\\/1045\\\/28359471\\\/20-47.jpg&quot;,&quot;alt&quot;:&quot;Casa pareada en levantina con magnificas vistas al mar y a sitges - imagenInmueble46&quot;},{&quot;image&quot;:&quot;https:\\\/\\\/fotos15.apinmo.com\\\/1045\\\/28359471\\\/20-48.jpg&quot;,&quot;alt&quot;:&quot;Casa pareada en levantina con magnificas vistas al mar y a sitges - imagenInmueble47&quot;},{&quot;image&quot;:&quot;https:\\\/\\\/fotos15.apinmo.com\\\/1045\\\/28359471\\\/20-49.jpg&quot;,&quot;alt&quot;:&quot;Casa pareada en levantina con magnificas vistas al mar y a sitges - imagenInmueble48&quot;}]\">\n\t<div class=\"item-wrap item-wrap-v1 item-wrap-no-frame h-100\">\n\t\t<div class=\"d-flex align-items-center h-100\">\n\t\t\t<div class=\"item-header\">\n\t\t\t\t\t\t\t\t<div class=\"labels-wrap labels-right\"> \n\n\t<a href=\"https:\/\/www.laclauelite.com\/ca\/status\/venda\/\" class=\"label-status label status-color-167\">\n\t\t\t\t\tvenda\n\t\t\t\t<\/a>       \n\n<\/div>\n\t\t\t\t<ul class=\"item-price-wrap hide-on-list\">\n\t<li class=\"item-price\">740,000\u20ac<\/li><\/ul>\t\t\t\t<ul class=\"item-tools\">\n\n        <li class=\"item-tool item-preview\">\n        <span class=\"hz-show-lightbox-js\" data-listid=\"1082123\" data-toggle=\"tooltip\" data-placement=\"top\" title=\"Preview\">\n                <i class=\"houzez-icon icon-expand-3\"><\/i>   \n        <\/span><!-- item-tool-favorite -->\n    <\/li><!-- item-tool -->\n        \n        <li class=\"item-tool item-favorite\">\n        <span class=\"add-favorite-js item-tool-favorite\" data-toggle=\"tooltip\" data-placement=\"top\" title=\"Favourite\" data-listid=\"1082123\">\n            <i class=\"houzez-icon icon-love-it \"><\/i> \n        <\/span><!-- item-tool-favorite -->\n    <\/li><!-- item-tool -->\n    \n        <li class=\"item-tool item-compare\">\n        <span class=\"houzez_compare compare-1082123 item-tool-compare show-compare-panel\" data-toggle=\"tooltip\" data-placement=\"top\" title=\"Add to Compare\" data-listing_id=\"1082123\" data-listing_image=\"https:\/\/fotos15.apinmo.com\/1045\/28359471\/20-1.jpg\">\n            <i class=\"houzez-icon icon-add-circle\"><\/i>\n        <\/span><!-- item-tool-compare -->\n    <\/li><!-- item-tool -->\n    <\/ul><!-- item-tools -->\n\t\t\t\t<div class=\"listing-image-wrap\">\n\t<div class=\"listing-thumb\">\n\t\t<a target=_self href=\"https:\/\/www.laclauelite.com\/ca\/property\/casa-pareada-en-levantina-con-magnificas-vistas-al-mar-y-a-sitges-11409-ca\/\" class=\"listing-featured-thumb hover-effect\">\n\t\t\t                                                                                                                                                                                    <img loading=\"lazy\" decoding=\"async\" width=\"850\" height=\"426\" src=\"https:\/\/fotos15.apinmo.com\/1045\/28359471\/20-1.jpg\" class=\"img-fluid wp-post-image\" alt=\"Casa pareada en levantina con magnificas vistas al mar y a sitges - imagenInmueble0\" srcset=\"https:\/\/fotos15.apinmo.com\/1045\/28359471\/20-1.jpg 850w, https:\/\/fotos15.apinmo.com\/1045\/28359471\/20-1.jpg 300w, https:\/\/fotos15.apinmo.com\/1045\/28359471\/20-1.jpg 768w, https:\/\/fotos15.apinmo.com\/1045\/28359471\/20-1s.jpg 150w, https:\/\/fotos15.apinmo.com\/1045\/28359471\/20-1.jpg 536w, https:\/\/fotos15.apinmo.com\/1045\/28359471\/20-1.jpg 770w\" sizes=\"(max-width: 850px) 100vw, 850px\" \/>\t\t<\/a><!-- hover-effect -->\n\t<\/div>\n<\/div>\n\t\t\t\t<div class=\"preview_loader\"><\/div>\n\t\t\t<\/div><!-- item-header -->\t\n\t\t\t<div class=\"item-body flex-grow-1\">\n\t\t\t\t<div class=\"labels-wrap labels-right\"> \n\n\t<a href=\"https:\/\/www.laclauelite.com\/ca\/status\/venda\/\" class=\"label-status label status-color-167\">\n\t\t\t\t\tvenda\n\t\t\t\t<\/a>       \n\n<\/div>\n\t\t\t\t<h2 class=\"item-title\">\n\t<a target=_self href=\"https:\/\/www.laclauelite.com\/ca\/property\/casa-pareada-en-levantina-con-magnificas-vistas-al-mar-y-a-sitges-11409-ca\/\">Casa pareada en Levantina con magnificas vistas al mar y a Sitges &#8211; 11409<\/a>\n<\/h2><!-- item-title -->\t\t\t\t<ul class=\"item-price-wrap hide-on-list\">\n\t<li class=\"item-price\">740,000\u20ac<\/li><\/ul>\t\t\t\t<address class=\"item-address\">Sitges,Barcelona,Spain<\/address>\t\t\t\t<ul class=\"item-amenities item-amenities-with-icons\">\n\t<li class=\"h-beds\"><i class=\"houzez-icon icon-hotel-double-bed-1 mr-1\"><\/i><span class=\"item-amenities-text\">Camas:<\/span> <span class=\"hz-figure\">4<\/span><\/li><li class=\"h-baths\"><i class=\"houzez-icon icon-bathroom-shower-1 mr-1\"><\/i><span class=\"item-amenities-text\">Ba\u00f1os:<\/span> <span class=\"hz-figure\">2<\/span><\/li><li class=\"h-area\"><i class=\"houzez-icon icon-ruler-triangle mr-1\"><\/i><span class=\"hz-figure\">201<\/span> <span class=\"hz-figure area_postfix\">m&sup2;<\/span><\/li><li class=\"h-type\"><span>adossat<\/span><\/li><\/ul>\t\t\t\t<a class=\"btn btn-primary btn-item \" target=_self href=\"https:\/\/www.laclauelite.com\/ca\/property\/casa-pareada-en-levantina-con-magnificas-vistas-al-mar-y-a-sitges-11409-ca\/\">\n\tDetalls<\/a><!-- btn-item -->\n\t\t\t\t<div class=\"item-author\">\n\t<i class=\"houzez-icon icon-single-neutral mr-1\"><\/i>\n\t<a href=\"https:\/\/www.laclauelite.com\/ca\/agent\/fincas-la-clau-elite\/\">Fincas La Clau Elite<\/a> <\/div><!-- item-author -->\n\t\t\t\t<div class=\"item-date\">\n\t<i class=\"houzez-icon icon-attachment mr-1\"><\/i>\n\t3 setmanes ago<\/div><!-- item-date -->\n\t\t\t<\/div><!-- item-body -->\n\n\t\t\t\t\t\t<div class=\"item-footer clearfix\">\n\t\t\t\t<div class=\"item-author\">\n\t<i class=\"houzez-icon icon-single-neutral mr-1\"><\/i>\n\t<a href=\"https:\/\/www.laclauelite.com\/ca\/agent\/fincas-la-clau-elite\/\">Fincas La Clau Elite<\/a> <\/div><!-- item-author -->\n\t\t\t\t<div class=\"item-date\">\n\t<i class=\"houzez-icon icon-attachment mr-1\"><\/i>\n\t3 setmanes ago<\/div><!-- item-date -->\n\t\t\t<\/div>\n\t\t\t\t\t<\/div><!-- d-flex -->\n\t<\/div><!-- item-wrap -->\n<\/div><!-- item-listing-wrap --><div class=\"item-listing-wrap hz-item-gallery-js card\" data-hz-id=\"hz-1082066\" data-images=\"[{&quot;image&quot;:&quot;https:\\\/\\\/fotos15.apinmo.com\\\/1045\\\/28355869\\\/12-1.jpg&quot;,&quot;alt&quot;:&quot;Fabulosa casa adosada en la zona de els ametllets, a solo unos minutos del centro. - imagenInmueble0&quot;},{&quot;image&quot;:&quot;https:\\\/\\\/fotos15.apinmo.com\\\/1045\\\/28355869\\\/12-1.jpg&quot;,&quot;alt&quot;:&quot;Fabulosa casa adosada en la zona de els ametllets, a solo unos minutos del centro. - imagenInmueble0&quot;},{&quot;image&quot;:&quot;https:\\\/\\\/fotos15.apinmo.com\\\/1045\\\/28355869\\\/12-2.jpg&quot;,&quot;alt&quot;:&quot;Fabulosa casa adosada en la zona de els ametllets, a solo unos minutos del centro. - imagenInmueble1&quot;},{&quot;image&quot;:&quot;https:\\\/\\\/fotos15.apinmo.com\\\/1045\\\/28355869\\\/12-3.jpg&quot;,&quot;alt&quot;:&quot;Fabulosa casa adosada en la zona de els ametllets, a solo unos minutos del centro. - imagenInmueble2&quot;},{&quot;image&quot;:&quot;https:\\\/\\\/fotos15.apinmo.com\\\/1045\\\/28355869\\\/12-4.jpg&quot;,&quot;alt&quot;:&quot;Fabulosa casa adosada en la zona de els ametllets, a solo unos minutos del centro. - imagenInmueble3&quot;},{&quot;image&quot;:&quot;https:\\\/\\\/fotos15.apinmo.com\\\/1045\\\/28355869\\\/12-5.jpg&quot;,&quot;alt&quot;:&quot;Fabulosa casa adosada en la zona de els ametllets, a solo unos minutos del centro. - imagenInmueble4&quot;},{&quot;image&quot;:&quot;https:\\\/\\\/fotos15.apinmo.com\\\/1045\\\/28355869\\\/12-6.jpg&quot;,&quot;alt&quot;:&quot;Fabulosa casa adosada en la zona de els ametllets, a solo unos minutos del centro. - imagenInmueble5&quot;},{&quot;image&quot;:&quot;https:\\\/\\\/fotos15.apinmo.com\\\/1045\\\/28355869\\\/12-7.jpg&quot;,&quot;alt&quot;:&quot;Fabulosa casa adosada en la zona de els ametllets, a solo unos minutos del centro. - imagenInmueble6&quot;},{&quot;image&quot;:&quot;https:\\\/\\\/fotos15.apinmo.com\\\/1045\\\/28355869\\\/12-8.jpg&quot;,&quot;alt&quot;:&quot;Fabulosa casa adosada en la zona de els ametllets, a solo unos minutos del centro. - imagenInmueble7&quot;},{&quot;image&quot;:&quot;https:\\\/\\\/fotos15.apinmo.com\\\/1045\\\/28355869\\\/12-9.jpg&quot;,&quot;alt&quot;:&quot;Fabulosa casa adosada en la zona de els ametllets, a solo unos minutos del centro. - imagenInmueble8&quot;},{&quot;image&quot;:&quot;https:\\\/\\\/fotos15.apinmo.com\\\/1045\\\/28355869\\\/12-10.jpg&quot;,&quot;alt&quot;:&quot;Fabulosa casa adosada en la zona de els ametllets, a solo unos minutos del centro. - imagenInmueble9&quot;},{&quot;image&quot;:&quot;https:\\\/\\\/fotos15.apinmo.com\\\/1045\\\/28355869\\\/12-11.jpg&quot;,&quot;alt&quot;:&quot;Fabulosa casa adosada en la zona de els ametllets, a solo unos minutos del centro. - imagenInmueble10&quot;},{&quot;image&quot;:&quot;https:\\\/\\\/fotos15.apinmo.com\\\/1045\\\/28355869\\\/12-12.jpg&quot;,&quot;alt&quot;:&quot;Fabulosa casa adosada en la zona de els ametllets, a solo unos minutos del centro. - imagenInmueble11&quot;},{&quot;image&quot;:&quot;https:\\\/\\\/fotos15.apinmo.com\\\/1045\\\/28355869\\\/12-13.jpg&quot;,&quot;alt&quot;:&quot;Fabulosa casa adosada en la zona de els ametllets, a solo unos minutos del centro. - imagenInmueble12&quot;},{&quot;image&quot;:&quot;https:\\\/\\\/fotos15.apinmo.com\\\/1045\\\/28355869\\\/12-14.jpg&quot;,&quot;alt&quot;:&quot;Fabulosa casa adosada en la zona de els ametllets, a solo unos minutos del centro. - imagenInmueble13&quot;},{&quot;image&quot;:&quot;https:\\\/\\\/fotos15.apinmo.com\\\/1045\\\/28355869\\\/12-15.jpg&quot;,&quot;alt&quot;:&quot;Fabulosa casa adosada en la zona de els ametllets, a solo unos minutos del centro. - imagenInmueble14&quot;},{&quot;image&quot;:&quot;https:\\\/\\\/fotos15.apinmo.com\\\/1045\\\/28355869\\\/12-16.jpg&quot;,&quot;alt&quot;:&quot;Fabulosa casa adosada en la zona de els ametllets, a solo unos minutos del centro. - imagenInmueble15&quot;},{&quot;image&quot;:&quot;https:\\\/\\\/fotos15.apinmo.com\\\/1045\\\/28355869\\\/12-17.jpg&quot;,&quot;alt&quot;:&quot;Fabulosa casa adosada en la zona de els ametllets, a solo unos minutos del centro. - imagenInmueble16&quot;},{&quot;image&quot;:&quot;https:\\\/\\\/fotos15.apinmo.com\\\/1045\\\/28355869\\\/12-18.jpg&quot;,&quot;alt&quot;:&quot;Fabulosa casa adosada en la zona de els ametllets, a solo unos minutos del centro. - imagenInmueble17&quot;},{&quot;image&quot;:&quot;https:\\\/\\\/fotos15.apinmo.com\\\/1045\\\/28355869\\\/12-19.jpg&quot;,&quot;alt&quot;:&quot;Fabulosa casa adosada en la zona de els ametllets, a solo unos minutos del centro. - imagenInmueble18&quot;},{&quot;image&quot;:&quot;https:\\\/\\\/fotos15.apinmo.com\\\/1045\\\/28355869\\\/12-20.jpg&quot;,&quot;alt&quot;:&quot;Fabulosa casa adosada en la zona de els ametllets, a solo unos minutos del centro. - imagenInmueble19&quot;},{&quot;image&quot;:&quot;https:\\\/\\\/fotos15.apinmo.com\\\/1045\\\/28355869\\\/12-21.jpg&quot;,&quot;alt&quot;:&quot;Fabulosa casa adosada en la zona de els ametllets, a solo unos minutos del centro. - imagenInmueble20&quot;},{&quot;image&quot;:&quot;https:\\\/\\\/fotos15.apinmo.com\\\/1045\\\/28355869\\\/12-22.jpg&quot;,&quot;alt&quot;:&quot;Fabulosa casa adosada en la zona de els ametllets, a solo unos minutos del centro. - imagenInmueble21&quot;},{&quot;image&quot;:&quot;https:\\\/\\\/fotos15.apinmo.com\\\/1045\\\/28355869\\\/12-23.jpg&quot;,&quot;alt&quot;:&quot;Fabulosa casa adosada en la zona de els ametllets, a solo unos minutos del centro. - imagenInmueble22&quot;},{&quot;image&quot;:&quot;https:\\\/\\\/fotos15.apinmo.com\\\/1045\\\/28355869\\\/12-24.jpg&quot;,&quot;alt&quot;:&quot;Fabulosa casa adosada en la zona de els ametllets, a solo unos minutos del centro. - imagenInmueble23&quot;},{&quot;image&quot;:&quot;https:\\\/\\\/fotos15.apinmo.com\\\/1045\\\/28355869\\\/12-25.jpg&quot;,&quot;alt&quot;:&quot;Fabulosa casa adosada en la zona de els ametllets, a solo unos minutos del centro. - imagenInmueble24&quot;},{&quot;image&quot;:&quot;https:\\\/\\\/fotos15.apinmo.com\\\/1045\\\/28355869\\\/12-26.jpg&quot;,&quot;alt&quot;:&quot;Fabulosa casa adosada en la zona de els ametllets, a solo unos minutos del centro. - imagenInmueble25&quot;},{&quot;image&quot;:&quot;https:\\\/\\\/fotos15.apinmo.com\\\/1045\\\/28355869\\\/12-27.jpg&quot;,&quot;alt&quot;:&quot;Fabulosa casa adosada en la zona de els ametllets, a solo unos minutos del centro. - imagenInmueble26&quot;},{&quot;image&quot;:&quot;https:\\\/\\\/fotos15.apinmo.com\\\/1045\\\/28355869\\\/12-28.jpg&quot;,&quot;alt&quot;:&quot;Fabulosa casa adosada en la zona de els ametllets, a solo unos minutos del centro. - imagenInmueble27&quot;},{&quot;image&quot;:&quot;https:\\\/\\\/fotos15.apinmo.com\\\/1045\\\/28355869\\\/12-29.jpg&quot;,&quot;alt&quot;:&quot;Fabulosa casa adosada en la zona de els ametllets, a solo unos minutos del centro. - imagenInmueble28&quot;},{&quot;image&quot;:&quot;https:\\\/\\\/fotos15.apinmo.com\\\/1045\\\/28355869\\\/12-30.jpg&quot;,&quot;alt&quot;:&quot;Fabulosa casa adosada en la zona de els ametllets, a solo unos minutos del centro. - imagenInmueble29&quot;},{&quot;image&quot;:&quot;https:\\\/\\\/fotos15.apinmo.com\\\/1045\\\/28355869\\\/12-31.jpg&quot;,&quot;alt&quot;:&quot;Fabulosa casa adosada en la zona de els ametllets, a solo unos minutos del centro. - imagenInmueble30&quot;},{&quot;image&quot;:&quot;https:\\\/\\\/fotos15.apinmo.com\\\/1045\\\/28355869\\\/12-32.jpg&quot;,&quot;alt&quot;:&quot;Fabulosa casa adosada en la zona de els ametllets, a solo unos minutos del centro. - imagenInmueble31&quot;},{&quot;image&quot;:&quot;https:\\\/\\\/fotos15.apinmo.com\\\/1045\\\/28355869\\\/12-33.jpg&quot;,&quot;alt&quot;:&quot;Fabulosa casa adosada en la zona de els ametllets, a solo unos minutos del centro. - imagenInmueble32&quot;},{&quot;image&quot;:&quot;https:\\\/\\\/fotos15.apinmo.com\\\/1045\\\/28355869\\\/12-34.jpg&quot;,&quot;alt&quot;:&quot;Fabulosa casa adosada en la zona de els ametllets, a solo unos minutos del centro. - imagenInmueble33&quot;},{&quot;image&quot;:&quot;https:\\\/\\\/fotos15.apinmo.com\\\/1045\\\/28355869\\\/12-35.jpg&quot;,&quot;alt&quot;:&quot;Fabulosa casa adosada en la zona de els ametllets, a solo unos minutos del centro. - imagenInmueble34&quot;},{&quot;image&quot;:&quot;https:\\\/\\\/fotos15.apinmo.com\\\/1045\\\/28355869\\\/12-36.jpg&quot;,&quot;alt&quot;:&quot;Fabulosa casa adosada en la zona de els ametllets, a solo unos minutos del centro. - imagenInmueble35&quot;},{&quot;image&quot;:&quot;https:\\\/\\\/fotos15.apinmo.com\\\/1045\\\/28355869\\\/12-37.jpg&quot;,&quot;alt&quot;:&quot;Fabulosa casa adosada en la zona de els ametllets, a solo unos minutos del centro. - imagenInmueble36&quot;},{&quot;image&quot;:&quot;https:\\\/\\\/fotos15.apinmo.com\\\/1045\\\/28355869\\\/12-38.jpg&quot;,&quot;alt&quot;:&quot;Fabulosa casa adosada en la zona de els ametllets, a solo unos minutos del centro. - imagenInmueble37&quot;},{&quot;image&quot;:&quot;https:\\\/\\\/fotos15.apinmo.com\\\/1045\\\/28355869\\\/12-39.jpg&quot;,&quot;alt&quot;:&quot;Fabulosa casa adosada en la zona de els ametllets, a solo unos minutos del centro. - imagenInmueble38&quot;},{&quot;image&quot;:&quot;https:\\\/\\\/fotos15.apinmo.com\\\/1045\\\/28355869\\\/12-40.jpg&quot;,&quot;alt&quot;:&quot;Fabulosa casa adosada en la zona de els ametllets, a solo unos minutos del centro. - imagenInmueble39&quot;},{&quot;image&quot;:&quot;https:\\\/\\\/fotos15.apinmo.com\\\/1045\\\/28355869\\\/12-41.jpg&quot;,&quot;alt&quot;:&quot;Fabulosa casa adosada en la zona de els ametllets, a solo unos minutos del centro. - imagenInmueble40&quot;},{&quot;image&quot;:&quot;https:\\\/\\\/fotos15.apinmo.com\\\/1045\\\/28355869\\\/12-42.jpg&quot;,&quot;alt&quot;:&quot;Fabulosa casa adosada en la zona de els ametllets, a solo unos minutos del centro. - imagenInmueble41&quot;},{&quot;image&quot;:&quot;https:\\\/\\\/fotos15.apinmo.com\\\/1045\\\/28355869\\\/12-43.jpg&quot;,&quot;alt&quot;:&quot;Fabulosa casa adosada en la zona de els ametllets, a solo unos minutos del centro. - imagenInmueble42&quot;},{&quot;image&quot;:&quot;https:\\\/\\\/fotos15.apinmo.com\\\/1045\\\/28355869\\\/12-44.jpg&quot;,&quot;alt&quot;:&quot;Fabulosa casa adosada en la zona de els ametllets, a solo unos minutos del centro. - imagenInmueble43&quot;},{&quot;image&quot;:&quot;https:\\\/\\\/fotos15.apinmo.com\\\/1045\\\/28355869\\\/12-45.jpg&quot;,&quot;alt&quot;:&quot;Fabulosa casa adosada en la zona de els ametllets, a solo unos minutos del centro. - imagenInmueble44&quot;},{&quot;image&quot;:&quot;https:\\\/\\\/fotos15.apinmo.com\\\/1045\\\/28355869\\\/12-46.jpg&quot;,&quot;alt&quot;:&quot;Fabulosa casa adosada en la zona de els ametllets, a solo unos minutos del centro. - imagenInmueble45&quot;},{&quot;image&quot;:&quot;https:\\\/\\\/fotos15.apinmo.com\\\/1045\\\/28355869\\\/12-47.jpg&quot;,&quot;alt&quot;:&quot;Fabulosa casa adosada en la zona de els ametllets, a solo unos minutos del centro. - imagenInmueble46&quot;},{&quot;image&quot;:&quot;https:\\\/\\\/fotos15.apinmo.com\\\/1045\\\/28355869\\\/12-48.jpg&quot;,&quot;alt&quot;:&quot;Fabulosa casa adosada en la zona de els ametllets, a solo unos minutos del centro. - imagenInmueble47&quot;},{&quot;image&quot;:&quot;https:\\\/\\\/fotos15.apinmo.com\\\/1045\\\/28355869\\\/12-49.jpg&quot;,&quot;alt&quot;:&quot;Fabulosa casa adosada en la zona de els ametllets, a solo unos minutos del centro. - imagenInmueble48&quot;},{&quot;image&quot;:&quot;https:\\\/\\\/fotos15.apinmo.com\\\/1045\\\/28355869\\\/12-50.jpg&quot;,&quot;alt&quot;:&quot;Fabulosa casa adosada en la zona de els ametllets, a solo unos minutos del centro. - imagenInmueble49&quot;},{&quot;image&quot;:&quot;https:\\\/\\\/fotos15.apinmo.com\\\/1045\\\/28355869\\\/12-51.jpg&quot;,&quot;alt&quot;:&quot;Fabulosa casa adosada en la zona de els ametllets, a solo unos minutos del centro. - imagenInmueble50&quot;},{&quot;image&quot;:&quot;https:\\\/\\\/fotos15.apinmo.com\\\/1045\\\/28355869\\\/12-52.jpg&quot;,&quot;alt&quot;:&quot;Fabulosa casa adosada en la zona de els ametllets, a solo unos minutos del centro. - imagenInmueble51&quot;}]\">\n\t<div class=\"item-wrap item-wrap-v1 item-wrap-no-frame h-100\">\n\t\t<div class=\"d-flex align-items-center h-100\">\n\t\t\t<div class=\"item-header\">\n\t\t\t\t\t\t\t\t<div class=\"labels-wrap labels-right\"> \n\n\t<a href=\"https:\/\/www.laclauelite.com\/ca\/status\/venda\/\" class=\"label-status label status-color-167\">\n\t\t\t\t\tvenda\n\t\t\t\t<\/a>       \n\n<\/div>\n\t\t\t\t<ul class=\"item-price-wrap hide-on-list\">\n\t<li class=\"item-price\">1,070,000\u20ac<\/li><\/ul>\t\t\t\t<ul class=\"item-tools\">\n\n        <li class=\"item-tool item-preview\">\n        <span class=\"hz-show-lightbox-js\" data-listid=\"1082066\" data-toggle=\"tooltip\" data-placement=\"top\" title=\"Preview\">\n                <i class=\"houzez-icon icon-expand-3\"><\/i>   \n        <\/span><!-- item-tool-favorite -->\n    <\/li><!-- item-tool -->\n        \n        <li class=\"item-tool item-favorite\">\n        <span class=\"add-favorite-js item-tool-favorite\" data-toggle=\"tooltip\" data-placement=\"top\" title=\"Favourite\" data-listid=\"1082066\">\n            <i class=\"houzez-icon icon-love-it \"><\/i> \n        <\/span><!-- item-tool-favorite -->\n    <\/li><!-- item-tool -->\n    \n        <li class=\"item-tool item-compare\">\n        <span class=\"houzez_compare compare-1082066 item-tool-compare show-compare-panel\" data-toggle=\"tooltip\" data-placement=\"top\" title=\"Add to Compare\" data-listing_id=\"1082066\" data-listing_image=\"https:\/\/fotos15.apinmo.com\/1045\/28355869\/12-1.jpg\">\n            <i class=\"houzez-icon icon-add-circle\"><\/i>\n        <\/span><!-- item-tool-compare -->\n    <\/li><!-- item-tool -->\n    <\/ul><!-- item-tools -->\n\t\t\t\t<div class=\"listing-image-wrap\">\n\t<div class=\"listing-thumb\">\n\t\t<a target=_self href=\"https:\/\/www.laclauelite.com\/ca\/property\/fabulosa-casa-adosada-en-la-zona-de-els-ametllets-a-solo-unos-minutos-del-centro-11408-ca\/\" class=\"listing-featured-thumb hover-effect\">\n\t\t\t                                                                                                                                                                                    <img loading=\"lazy\" decoding=\"async\" width=\"850\" height=\"426\" src=\"https:\/\/fotos15.apinmo.com\/1045\/28355869\/12-1.jpg\" class=\"img-fluid wp-post-image\" alt=\"Fabulosa casa adosada en la zona de els ametllets, a solo unos minutos del centro. - imagenInmueble0\" srcset=\"https:\/\/fotos15.apinmo.com\/1045\/28355869\/12-1.jpg 850w, https:\/\/fotos15.apinmo.com\/1045\/28355869\/12-1.jpg 300w, https:\/\/fotos15.apinmo.com\/1045\/28355869\/12-1.jpg 768w, https:\/\/fotos15.apinmo.com\/1045\/28355869\/12-1s.jpg 150w, https:\/\/fotos15.apinmo.com\/1045\/28355869\/12-1.jpg 536w, https:\/\/fotos15.apinmo.com\/1045\/28355869\/12-1.jpg 770w\" sizes=\"(max-width: 850px) 100vw, 850px\" \/>\t\t<\/a><!-- hover-effect -->\n\t<\/div>\n<\/div>\n\t\t\t\t<div class=\"preview_loader\"><\/div>\n\t\t\t<\/div><!-- item-header -->\t\n\t\t\t<div class=\"item-body flex-grow-1\">\n\t\t\t\t<div class=\"labels-wrap labels-right\"> \n\n\t<a href=\"https:\/\/www.laclauelite.com\/ca\/status\/venda\/\" class=\"label-status label status-color-167\">\n\t\t\t\t\tvenda\n\t\t\t\t<\/a>       \n\n<\/div>\n\t\t\t\t<h2 class=\"item-title\">\n\t<a target=_self href=\"https:\/\/www.laclauelite.com\/ca\/property\/fabulosa-casa-adosada-en-la-zona-de-els-ametllets-a-solo-unos-minutos-del-centro-11408-ca\/\">Fabulosa casa adosada en la zona de Els Ametllets, a solo unos minutos del centro. &#8211; 11408<\/a>\n<\/h2><!-- item-title -->\t\t\t\t<ul class=\"item-price-wrap hide-on-list\">\n\t<li class=\"item-price\">1,070,000\u20ac<\/li><\/ul>\t\t\t\t<address class=\"item-address\">Sitges,Barcelona,Spain<\/address>\t\t\t\t<ul class=\"item-amenities item-amenities-with-icons\">\n\t<li class=\"h-beds\"><i class=\"houzez-icon icon-hotel-double-bed-1 mr-1\"><\/i><span class=\"item-amenities-text\">Camas:<\/span> <span class=\"hz-figure\">5<\/span><\/li><li class=\"h-baths\"><i class=\"houzez-icon icon-bathroom-shower-1 mr-1\"><\/i><span class=\"item-amenities-text\">Ba\u00f1os:<\/span> <span class=\"hz-figure\">3<\/span><\/li><li class=\"h-area\"><i class=\"houzez-icon icon-ruler-triangle mr-1\"><\/i><span class=\"hz-figure\">225<\/span> <span class=\"hz-figure area_postfix\">m&sup2;<\/span><\/li><li class=\"h-type\"><span>adossat<\/span><\/li><\/ul>\t\t\t\t<a class=\"btn btn-primary btn-item \" target=_self href=\"https:\/\/www.laclauelite.com\/ca\/property\/fabulosa-casa-adosada-en-la-zona-de-els-ametllets-a-solo-unos-minutos-del-centro-11408-ca\/\">\n\tDetalls<\/a><!-- btn-item -->\n\t\t\t\t<div class=\"item-author\">\n\t<i class=\"houzez-icon icon-single-neutral mr-1\"><\/i>\n\t<a href=\"https:\/\/www.laclauelite.com\/ca\/agent\/fincas-la-clau-elite\/\">Fincas La Clau Elite<\/a> <\/div><!-- item-author -->\n\t\t\t\t<div class=\"item-date\">\n\t<i class=\"houzez-icon icon-attachment mr-1\"><\/i>\n\t3 setmanes ago<\/div><!-- item-date -->\n\t\t\t<\/div><!-- item-body -->\n\n\t\t\t\t\t\t<div class=\"item-footer clearfix\">\n\t\t\t\t<div class=\"item-author\">\n\t<i class=\"houzez-icon icon-single-neutral mr-1\"><\/i>\n\t<a href=\"https:\/\/www.laclauelite.com\/ca\/agent\/fincas-la-clau-elite\/\">Fincas La Clau Elite<\/a> <\/div><!-- item-author -->\n\t\t\t\t<div class=\"item-date\">\n\t<i class=\"houzez-icon icon-attachment mr-1\"><\/i>\n\t3 setmanes ago<\/div><!-- item-date -->\n\t\t\t<\/div>\n\t\t\t\t\t<\/div><!-- d-flex -->\n\t<\/div><!-- item-wrap -->\n<\/div><!-- item-listing-wrap --><div class=\"item-listing-wrap hz-item-gallery-js card\" data-hz-id=\"hz-1081955\" data-images=\"[{&quot;image&quot;:&quot;https:\\\/\\\/fotos15.apinmo.com\\\/1045\\\/17241821\\\/4-1.jpg&quot;,&quot;alt&quot;:&quot;Casa pareada obra nueva mas alba - imagenInmueble0&quot;},{&quot;image&quot;:&quot;https:\\\/\\\/fotos15.apinmo.com\\\/1045\\\/17241821\\\/4-1.jpg&quot;,&quot;alt&quot;:&quot;Casa pareada obra nueva mas alba - imagenInmueble0&quot;},{&quot;image&quot;:&quot;https:\\\/\\\/fotos15.apinmo.com\\\/1045\\\/17241821\\\/4-2.jpg&quot;,&quot;alt&quot;:&quot;Casa pareada obra nueva mas alba - imagenInmueble1&quot;},{&quot;image&quot;:&quot;https:\\\/\\\/fotos15.apinmo.com\\\/1045\\\/17241821\\\/4-3.jpg&quot;,&quot;alt&quot;:&quot;Casa pareada obra nueva mas alba - imagenInmueble2&quot;},{&quot;image&quot;:&quot;https:\\\/\\\/fotos15.apinmo.com\\\/1045\\\/17241821\\\/4-4.jpg&quot;,&quot;alt&quot;:&quot;Casa pareada obra nueva mas alba - imagenInmueble3&quot;},{&quot;image&quot;:&quot;https:\\\/\\\/fotos15.apinmo.com\\\/1045\\\/17241821\\\/4-5.jpg&quot;,&quot;alt&quot;:&quot;Casa pareada obra nueva mas alba - imagenInmueble4&quot;},{&quot;image&quot;:&quot;https:\\\/\\\/fotos15.apinmo.com\\\/1045\\\/17241821\\\/4-6.jpg&quot;,&quot;alt&quot;:&quot;Casa pareada obra nueva mas alba - imagenInmueble5&quot;},{&quot;image&quot;:&quot;https:\\\/\\\/fotos15.apinmo.com\\\/1045\\\/17241821\\\/4-7.jpg&quot;,&quot;alt&quot;:&quot;Casa pareada obra nueva mas alba - imagenInmueble6&quot;},{&quot;image&quot;:&quot;https:\\\/\\\/fotos15.apinmo.com\\\/1045\\\/17241821\\\/4-8.jpg&quot;,&quot;alt&quot;:&quot;Casa pareada obra nueva mas alba - imagenInmueble7&quot;},{&quot;image&quot;:&quot;https:\\\/\\\/fotos15.apinmo.com\\\/1045\\\/17241821\\\/4-9.jpg&quot;,&quot;alt&quot;:&quot;Casa pareada obra nueva mas alba - imagenInmueble8&quot;},{&quot;image&quot;:&quot;https:\\\/\\\/fotos15.apinmo.com\\\/1045\\\/17241821\\\/4-10.jpg&quot;,&quot;alt&quot;:&quot;Casa pareada obra nueva mas alba - imagenInmueble9&quot;},{&quot;image&quot;:&quot;https:\\\/\\\/fotos15.apinmo.com\\\/1045\\\/17241821\\\/4-11.jpg&quot;,&quot;alt&quot;:&quot;Casa pareada obra nueva mas alba - imagenInmueble10&quot;}]\">\n\t<div class=\"item-wrap item-wrap-v1 item-wrap-no-frame h-100\">\n\t\t<div class=\"d-flex align-items-center h-100\">\n\t\t\t<div class=\"item-header\">\n\t\t\t\t\t\t\t\t<div class=\"labels-wrap labels-right\"> \n\n\t<a href=\"https:\/\/www.laclauelite.com\/ca\/status\/venda\/\" class=\"label-status label status-color-167\">\n\t\t\t\t\tvenda\n\t\t\t\t<\/a><a href=\"https:\/\/www.laclauelite.com\/ca\/label\/obra-nova\/\" class=\"hz-label label label-color-516\">\n\t\t\t\t\tObra nova\n\t\t\t\t<\/a>       \n\n<\/div>\n\t\t\t\t<ul class=\"item-price-wrap hide-on-list\">\n\t<li class=\"item-price\">700,000\u20ac<\/li><\/ul>\t\t\t\t<ul class=\"item-tools\">\n\n        <li class=\"item-tool item-preview\">\n        <span class=\"hz-show-lightbox-js\" data-listid=\"1081955\" data-toggle=\"tooltip\" data-placement=\"top\" title=\"Preview\">\n                <i class=\"houzez-icon icon-expand-3\"><\/i>   \n        <\/span><!-- item-tool-favorite -->\n    <\/li><!-- item-tool -->\n        \n        <li class=\"item-tool item-favorite\">\n        <span class=\"add-favorite-js item-tool-favorite\" data-toggle=\"tooltip\" data-placement=\"top\" title=\"Favourite\" data-listid=\"1081955\">\n            <i class=\"houzez-icon icon-love-it \"><\/i> \n        <\/span><!-- item-tool-favorite -->\n    <\/li><!-- item-tool -->\n    \n        <li class=\"item-tool item-compare\">\n        <span class=\"houzez_compare compare-1081955 item-tool-compare show-compare-panel\" data-toggle=\"tooltip\" data-placement=\"top\" title=\"Add to Compare\" data-listing_id=\"1081955\" data-listing_image=\"https:\/\/fotos15.apinmo.com\/1045\/17241821\/4-1.jpg\">\n            <i class=\"houzez-icon icon-add-circle\"><\/i>\n        <\/span><!-- item-tool-compare -->\n    <\/li><!-- item-tool -->\n    <\/ul><!-- item-tools -->\n\t\t\t\t<div class=\"listing-image-wrap\">\n\t<div class=\"listing-thumb\">\n\t\t<a target=_self href=\"https:\/\/www.laclauelite.com\/ca\/property\/casa-pareada-obra-nueva-mas-alba-10730-ca\/\" class=\"listing-featured-thumb hover-effect\">\n\t\t\t                                                                                                                                                                                    <img loading=\"lazy\" decoding=\"async\" width=\"850\" height=\"426\" src=\"https:\/\/fotos15.apinmo.com\/1045\/17241821\/4-1.jpg\" class=\"img-fluid wp-post-image\" alt=\"Casa pareada obra nueva mas alba - imagenInmueble0\" srcset=\"https:\/\/fotos15.apinmo.com\/1045\/17241821\/4-1.jpg 850w, https:\/\/fotos15.apinmo.com\/1045\/17241821\/4-1.jpg 300w, https:\/\/fotos15.apinmo.com\/1045\/17241821\/4-1.jpg 768w, https:\/\/fotos15.apinmo.com\/1045\/17241821\/4-1s.jpg 150w, https:\/\/fotos15.apinmo.com\/1045\/17241821\/4-1.jpg 536w, https:\/\/fotos15.apinmo.com\/1045\/17241821\/4-1.jpg 770w\" sizes=\"(max-width: 850px) 100vw, 850px\" \/>\t\t<\/a><!-- hover-effect -->\n\t<\/div>\n<\/div>\n\t\t\t\t<div class=\"preview_loader\"><\/div>\n\t\t\t<\/div><!-- item-header -->\t\n\t\t\t<div class=\"item-body flex-grow-1\">\n\t\t\t\t<div class=\"labels-wrap labels-right\"> \n\n\t<a href=\"https:\/\/www.laclauelite.com\/ca\/status\/venda\/\" class=\"label-status label status-color-167\">\n\t\t\t\t\tvenda\n\t\t\t\t<\/a><a href=\"https:\/\/www.laclauelite.com\/ca\/label\/obra-nova\/\" class=\"hz-label label label-color-516\">\n\t\t\t\t\tObra nova\n\t\t\t\t<\/a>       \n\n<\/div>\n\t\t\t\t<h2 class=\"item-title\">\n\t<a target=_self href=\"https:\/\/www.laclauelite.com\/ca\/property\/casa-pareada-obra-nueva-mas-alba-10730-ca\/\">Casa Pareada obra nueva Mas Alba &#8211; 10730<\/a>\n<\/h2><!-- item-title -->\t\t\t\t<ul class=\"item-price-wrap hide-on-list\">\n\t<li class=\"item-price\">700,000\u20ac<\/li><\/ul>\t\t\t\t<address class=\"item-address\">Sant Pere de Ribes,Barcelona,Spain<\/address>\t\t\t\t<ul class=\"item-amenities item-amenities-with-icons\">\n\t<li class=\"h-beds\"><i class=\"houzez-icon icon-hotel-double-bed-1 mr-1\"><\/i><span class=\"item-amenities-text\">Camas:<\/span> <span class=\"hz-figure\">4<\/span><\/li><li class=\"h-baths\"><i class=\"houzez-icon icon-bathroom-shower-1 mr-1\"><\/i><span class=\"item-amenities-text\">Ba\u00f1os:<\/span> <span class=\"hz-figure\">2<\/span><\/li><li class=\"h-area\"><i class=\"houzez-icon icon-ruler-triangle mr-1\"><\/i><span class=\"hz-figure\">165<\/span> <span class=\"hz-figure area_postfix\">m&sup2;<\/span><\/li><li class=\"h-type\"><span>adossat<\/span><\/li><\/ul>\t\t\t\t<a class=\"btn btn-primary btn-item \" target=_self href=\"https:\/\/www.laclauelite.com\/ca\/property\/casa-pareada-obra-nueva-mas-alba-10730-ca\/\">\n\tDetalls<\/a><!-- btn-item -->\n\t\t\t\t<div class=\"item-author\">\n\t<i class=\"houzez-icon icon-single-neutral mr-1\"><\/i>\n\t<a href=\"https:\/\/www.laclauelite.com\/ca\/agent\/fincas-la-clau-elite\/\">Fincas La Clau Elite<\/a> <\/div><!-- item-author -->\n\t\t\t\t<div class=\"item-date\">\n\t<i class=\"houzez-icon icon-attachment mr-1\"><\/i>\n\t1 mes ago<\/div><!-- item-date -->\n\t\t\t<\/div><!-- item-body -->\n\n\t\t\t\t\t\t<div class=\"item-footer clearfix\">\n\t\t\t\t<div class=\"item-author\">\n\t<i class=\"houzez-icon icon-single-neutral mr-1\"><\/i>\n\t<a href=\"https:\/\/www.laclauelite.com\/ca\/agent\/fincas-la-clau-elite\/\">Fincas La Clau Elite<\/a> <\/div><!-- item-author -->\n\t\t\t\t<div class=\"item-date\">\n\t<i class=\"houzez-icon icon-attachment mr-1\"><\/i>\n\t1 mes ago<\/div><!-- item-date -->\n\t\t\t<\/div>\n\t\t\t\t\t<\/div><!-- d-flex -->\n\t<\/div><!-- item-wrap -->\n<\/div><!-- item-listing-wrap --><div class=\"item-listing-wrap hz-item-gallery-js card\" data-hz-id=\"hz-1081971\" data-images=\"[{&quot;image&quot;:&quot;https:\\\/\\\/fotos15.apinmo.com\\\/1045\\\/17241862\\\/2-1.jpg&quot;,&quot;alt&quot;:&quot;Casa pareada obra nueva mas alba - imagenInmueble0&quot;},{&quot;image&quot;:&quot;https:\\\/\\\/fotos15.apinmo.com\\\/1045\\\/17241862\\\/2-1.jpg&quot;,&quot;alt&quot;:&quot;Casa pareada obra nueva mas alba - imagenInmueble0&quot;},{&quot;image&quot;:&quot;https:\\\/\\\/fotos15.apinmo.com\\\/1045\\\/17241862\\\/2-2.jpg&quot;,&quot;alt&quot;:&quot;Casa pareada obra nueva mas alba - imagenInmueble1&quot;},{&quot;image&quot;:&quot;https:\\\/\\\/fotos15.apinmo.com\\\/1045\\\/17241862\\\/2-3.jpg&quot;,&quot;alt&quot;:&quot;Casa pareada obra nueva mas alba - imagenInmueble2&quot;},{&quot;image&quot;:&quot;https:\\\/\\\/fotos15.apinmo.com\\\/1045\\\/17241862\\\/2-4.jpg&quot;,&quot;alt&quot;:&quot;Casa pareada obra nueva mas alba - imagenInmueble3&quot;},{&quot;image&quot;:&quot;https:\\\/\\\/fotos15.apinmo.com\\\/1045\\\/17241862\\\/2-5.jpg&quot;,&quot;alt&quot;:&quot;Casa pareada obra nueva mas alba - imagenInmueble4&quot;},{&quot;image&quot;:&quot;https:\\\/\\\/fotos15.apinmo.com\\\/1045\\\/17241862\\\/2-6.jpg&quot;,&quot;alt&quot;:&quot;Casa pareada obra nueva mas alba - imagenInmueble5&quot;},{&quot;image&quot;:&quot;https:\\\/\\\/fotos15.apinmo.com\\\/1045\\\/17241862\\\/2-7.jpg&quot;,&quot;alt&quot;:&quot;Casa pareada obra nueva mas alba - imagenInmueble6&quot;},{&quot;image&quot;:&quot;https:\\\/\\\/fotos15.apinmo.com\\\/1045\\\/17241862\\\/2-8.jpg&quot;,&quot;alt&quot;:&quot;Casa pareada obra nueva mas alba - imagenInmueble7&quot;},{&quot;image&quot;:&quot;https:\\\/\\\/fotos15.apinmo.com\\\/1045\\\/17241862\\\/2-9.jpg&quot;,&quot;alt&quot;:&quot;Casa pareada obra nueva mas alba - imagenInmueble8&quot;},{&quot;image&quot;:&quot;https:\\\/\\\/fotos15.apinmo.com\\\/1045\\\/17241862\\\/2-10.jpg&quot;,&quot;alt&quot;:&quot;Casa pareada obra nueva mas alba - imagenInmueble9&quot;}]\">\n\t<div class=\"item-wrap item-wrap-v1 item-wrap-no-frame h-100\">\n\t\t<div class=\"d-flex align-items-center h-100\">\n\t\t\t<div class=\"item-header\">\n\t\t\t\t\t\t\t\t<div class=\"labels-wrap labels-right\"> \n\n\t<a href=\"https:\/\/www.laclauelite.com\/ca\/status\/venda\/\" class=\"label-status label status-color-167\">\n\t\t\t\t\tvenda\n\t\t\t\t<\/a><a href=\"https:\/\/www.laclauelite.com\/ca\/label\/obra-nova\/\" class=\"hz-label label label-color-516\">\n\t\t\t\t\tObra nova\n\t\t\t\t<\/a>       \n\n<\/div>\n\t\t\t\t<ul class=\"item-price-wrap hide-on-list\">\n\t<li class=\"item-price\">690,000\u20ac<\/li><\/ul>\t\t\t\t<ul class=\"item-tools\">\n\n        <li class=\"item-tool item-preview\">\n        <span class=\"hz-show-lightbox-js\" data-listid=\"1081971\" data-toggle=\"tooltip\" data-placement=\"top\" title=\"Preview\">\n                <i class=\"houzez-icon icon-expand-3\"><\/i>   \n        <\/span><!-- item-tool-favorite -->\n    <\/li><!-- item-tool -->\n        \n        <li class=\"item-tool item-favorite\">\n        <span class=\"add-favorite-js item-tool-favorite\" data-toggle=\"tooltip\" data-placement=\"top\" title=\"Favourite\" data-listid=\"1081971\">\n            <i class=\"houzez-icon icon-love-it \"><\/i> \n        <\/span><!-- item-tool-favorite -->\n    <\/li><!-- item-tool -->\n    \n        <li class=\"item-tool item-compare\">\n        <span class=\"houzez_compare compare-1081971 item-tool-compare show-compare-panel\" data-toggle=\"tooltip\" data-placement=\"top\" title=\"Add to Compare\" data-listing_id=\"1081971\" data-listing_image=\"https:\/\/fotos15.apinmo.com\/1045\/17241862\/2-1.jpg\">\n            <i class=\"houzez-icon icon-add-circle\"><\/i>\n        <\/span><!-- item-tool-compare -->\n    <\/li><!-- item-tool -->\n    <\/ul><!-- item-tools -->\n\t\t\t\t<div class=\"listing-image-wrap\">\n\t<div class=\"listing-thumb\">\n\t\t<a target=_self href=\"https:\/\/www.laclauelite.com\/ca\/property\/casa-pareada-obra-nueva-mas-alba-10728-ca\/\" class=\"listing-featured-thumb hover-effect\">\n\t\t\t                                                                                                                                                                                    <img loading=\"lazy\" decoding=\"async\" width=\"850\" height=\"426\" src=\"https:\/\/fotos15.apinmo.com\/1045\/17241862\/2-1.jpg\" class=\"img-fluid wp-post-image\" alt=\"Casa pareada obra nueva mas alba - imagenInmueble0\" srcset=\"https:\/\/fotos15.apinmo.com\/1045\/17241862\/2-1.jpg 850w, https:\/\/fotos15.apinmo.com\/1045\/17241862\/2-1.jpg 300w, https:\/\/fotos15.apinmo.com\/1045\/17241862\/2-1.jpg 768w, https:\/\/fotos15.apinmo.com\/1045\/17241862\/2-1s.jpg 150w, https:\/\/fotos15.apinmo.com\/1045\/17241862\/2-1.jpg 536w, https:\/\/fotos15.apinmo.com\/1045\/17241862\/2-1.jpg 770w\" sizes=\"(max-width: 850px) 100vw, 850px\" \/>\t\t<\/a><!-- hover-effect -->\n\t<\/div>\n<\/div>\n\t\t\t\t<div class=\"preview_loader\"><\/div>\n\t\t\t<\/div><!-- item-header -->\t\n\t\t\t<div class=\"item-body flex-grow-1\">\n\t\t\t\t<div class=\"labels-wrap labels-right\"> \n\n\t<a href=\"https:\/\/www.laclauelite.com\/ca\/status\/venda\/\" class=\"label-status label status-color-167\">\n\t\t\t\t\tvenda\n\t\t\t\t<\/a><a href=\"https:\/\/www.laclauelite.com\/ca\/label\/obra-nova\/\" class=\"hz-label label label-color-516\">\n\t\t\t\t\tObra nova\n\t\t\t\t<\/a>       \n\n<\/div>\n\t\t\t\t<h2 class=\"item-title\">\n\t<a target=_self href=\"https:\/\/www.laclauelite.com\/ca\/property\/casa-pareada-obra-nueva-mas-alba-10728-ca\/\">Casa Pareada obra nueva Mas Alba &#8211; 10728<\/a>\n<\/h2><!-- item-title -->\t\t\t\t<ul class=\"item-price-wrap hide-on-list\">\n\t<li class=\"item-price\">690,000\u20ac<\/li><\/ul>\t\t\t\t<address class=\"item-address\">Sant Pere de Ribes,Barcelona,Spain<\/address>\t\t\t\t<ul class=\"item-amenities item-amenities-with-icons\">\n\t<li class=\"h-beds\"><i class=\"houzez-icon icon-hotel-double-bed-1 mr-1\"><\/i><span class=\"item-amenities-text\">Camas:<\/span> <span class=\"hz-figure\">4<\/span><\/li><li class=\"h-baths\"><i class=\"houzez-icon icon-bathroom-shower-1 mr-1\"><\/i><span class=\"item-amenities-text\">Ba\u00f1os:<\/span> <span class=\"hz-figure\">2<\/span><\/li><li class=\"h-area\"><i class=\"houzez-icon icon-ruler-triangle mr-1\"><\/i><span class=\"hz-figure\">160<\/span> <span class=\"hz-figure area_postfix\">m&sup2;<\/span><\/li><li class=\"h-type\"><span>adossat<\/span><\/li><\/ul>\t\t\t\t<a class=\"btn btn-primary btn-item \" target=_self href=\"https:\/\/www.laclauelite.com\/ca\/property\/casa-pareada-obra-nueva-mas-alba-10728-ca\/\">\n\tDetalls<\/a><!-- btn-item -->\n\t\t\t\t<div class=\"item-author\">\n\t<i class=\"houzez-icon icon-single-neutral mr-1\"><\/i>\n\t<a href=\"https:\/\/www.laclauelite.com\/ca\/agent\/fincas-la-clau-elite\/\">Fincas La Clau Elite<\/a> <\/div><!-- item-author -->\n\t\t\t\t<div class=\"item-date\">\n\t<i class=\"houzez-icon icon-attachment mr-1\"><\/i>\n\t1 mes ago<\/div><!-- item-date -->\n\t\t\t<\/div><!-- item-body -->\n\n\t\t\t\t\t\t<div class=\"item-footer clearfix\">\n\t\t\t\t<div class=\"item-author\">\n\t<i class=\"houzez-icon icon-single-neutral mr-1\"><\/i>\n\t<a href=\"https:\/\/www.laclauelite.com\/ca\/agent\/fincas-la-clau-elite\/\">Fincas La Clau Elite<\/a> <\/div><!-- item-author -->\n\t\t\t\t<div class=\"item-date\">\n\t<i class=\"houzez-icon icon-attachment mr-1\"><\/i>\n\t1 mes ago<\/div><!-- item-date -->\n\t\t\t<\/div>\n\t\t\t\t\t<\/div><!-- d-flex -->\n\t<\/div><!-- item-wrap -->\n<\/div><!-- item-listing-wrap --><div class=\"item-listing-wrap hz-item-gallery-js card\" data-hz-id=\"hz-1082030\" data-images=\"[{&quot;image&quot;:&quot;https:\\\/\\\/fotos15.apinmo.com\\\/1045\\\/27301858\\\/18-1.jpg&quot;,&quot;alt&quot;:&quot;\\u00c1tico-d\\u00daplex en primera l\\u00ednea de mar en el centro de sitges - imagenInmueble0&quot;},{&quot;image&quot;:&quot;https:\\\/\\\/fotos15.apinmo.com\\\/1045\\\/27301858\\\/18-1.jpg&quot;,&quot;alt&quot;:&quot;\\u00c1tico-d\\u00daplex en primera l\\u00ednea de mar en el centro de sitges - imagenInmueble0&quot;},{&quot;image&quot;:&quot;https:\\\/\\\/fotos15.apinmo.com\\\/1045\\\/27301858\\\/18-2.jpg&quot;,&quot;alt&quot;:&quot;\\u00c1tico-d\\u00daplex en primera l\\u00ednea de mar en el centro de sitges - imagenInmueble1&quot;},{&quot;image&quot;:&quot;https:\\\/\\\/fotos15.apinmo.com\\\/1045\\\/27301858\\\/18-3.jpg&quot;,&quot;alt&quot;:&quot;\\u00c1tico-d\\u00daplex en primera l\\u00ednea de mar en el centro de sitges - imagenInmueble2&quot;},{&quot;image&quot;:&quot;https:\\\/\\\/fotos15.apinmo.com\\\/1045\\\/27301858\\\/18-4.jpg&quot;,&quot;alt&quot;:&quot;\\u00c1tico-d\\u00daplex en primera l\\u00ednea de mar en el centro de sitges - imagenInmueble3&quot;},{&quot;image&quot;:&quot;https:\\\/\\\/fotos15.apinmo.com\\\/1045\\\/27301858\\\/18-5.jpg&quot;,&quot;alt&quot;:&quot;\\u00c1tico-d\\u00daplex en primera l\\u00ednea de mar en el centro de sitges - imagenInmueble4&quot;},{&quot;image&quot;:&quot;https:\\\/\\\/fotos15.apinmo.com\\\/1045\\\/27301858\\\/18-6.jpg&quot;,&quot;alt&quot;:&quot;\\u00c1tico-d\\u00daplex en primera l\\u00ednea de mar en el centro de sitges - imagenInmueble5&quot;},{&quot;image&quot;:&quot;https:\\\/\\\/fotos15.apinmo.com\\\/1045\\\/27301858\\\/18-7.jpg&quot;,&quot;alt&quot;:&quot;\\u00c1tico-d\\u00daplex en primera l\\u00ednea de mar en el centro de sitges - imagenInmueble6&quot;},{&quot;image&quot;:&quot;https:\\\/\\\/fotos15.apinmo.com\\\/1045\\\/27301858\\\/18-8.jpg&quot;,&quot;alt&quot;:&quot;\\u00c1tico-d\\u00daplex en primera l\\u00ednea de mar en el centro de sitges - imagenInmueble7&quot;},{&quot;image&quot;:&quot;https:\\\/\\\/fotos15.apinmo.com\\\/1045\\\/27301858\\\/18-9.jpg&quot;,&quot;alt&quot;:&quot;\\u00c1tico-d\\u00daplex en primera l\\u00ednea de mar en el centro de sitges - imagenInmueble8&quot;},{&quot;image&quot;:&quot;https:\\\/\\\/fotos15.apinmo.com\\\/1045\\\/27301858\\\/18-10.jpg&quot;,&quot;alt&quot;:&quot;\\u00c1tico-d\\u00daplex en primera l\\u00ednea de mar en el centro de sitges - imagenInmueble9&quot;},{&quot;image&quot;:&quot;https:\\\/\\\/fotos15.apinmo.com\\\/1045\\\/27301858\\\/18-11.jpg&quot;,&quot;alt&quot;:&quot;\\u00c1tico-d\\u00daplex en primera l\\u00ednea de mar en el centro de sitges - imagenInmueble10&quot;},{&quot;image&quot;:&quot;https:\\\/\\\/fotos15.apinmo.com\\\/1045\\\/27301858\\\/18-12.jpg&quot;,&quot;alt&quot;:&quot;\\u00c1tico-d\\u00daplex en primera l\\u00ednea de mar en el centro de sitges - imagenInmueble11&quot;},{&quot;image&quot;:&quot;https:\\\/\\\/fotos15.apinmo.com\\\/1045\\\/27301858\\\/18-13.jpg&quot;,&quot;alt&quot;:&quot;\\u00c1tico-d\\u00daplex en primera l\\u00ednea de mar en el centro de sitges - imagenInmueble12&quot;},{&quot;image&quot;:&quot;https:\\\/\\\/fotos15.apinmo.com\\\/1045\\\/27301858\\\/18-14.jpg&quot;,&quot;alt&quot;:&quot;\\u00c1tico-d\\u00daplex en primera l\\u00ednea de mar en el centro de sitges - imagenInmueble13&quot;},{&quot;image&quot;:&quot;https:\\\/\\\/fotos15.apinmo.com\\\/1045\\\/27301858\\\/18-15.jpg&quot;,&quot;alt&quot;:&quot;\\u00c1tico-d\\u00daplex en primera l\\u00ednea de mar en el centro de sitges - imagenInmueble14&quot;},{&quot;image&quot;:&quot;https:\\\/\\\/fotos15.apinmo.com\\\/1045\\\/27301858\\\/18-16.jpg&quot;,&quot;alt&quot;:&quot;\\u00c1tico-d\\u00daplex en primera l\\u00ednea de mar en el centro de sitges - imagenInmueble15&quot;},{&quot;image&quot;:&quot;https:\\\/\\\/fotos15.apinmo.com\\\/1045\\\/27301858\\\/18-17.jpg&quot;,&quot;alt&quot;:&quot;\\u00c1tico-d\\u00daplex en primera l\\u00ednea de mar en el centro de sitges - imagenInmueble16&quot;},{&quot;image&quot;:&quot;https:\\\/\\\/fotos15.apinmo.com\\\/1045\\\/27301858\\\/18-18.jpg&quot;,&quot;alt&quot;:&quot;\\u00c1tico-d\\u00daplex en primera l\\u00ednea de mar en el centro de sitges - imagenInmueble17&quot;},{&quot;image&quot;:&quot;https:\\\/\\\/fotos15.apinmo.com\\\/1045\\\/27301858\\\/18-19.jpg&quot;,&quot;alt&quot;:&quot;\\u00c1tico-d\\u00daplex en primera l\\u00ednea de mar en el centro de sitges - imagenInmueble18&quot;},{&quot;image&quot;:&quot;https:\\\/\\\/fotos15.apinmo.com\\\/1045\\\/27301858\\\/18-20.jpg&quot;,&quot;alt&quot;:&quot;\\u00c1tico-d\\u00daplex en primera l\\u00ednea de mar en el centro de sitges - imagenInmueble19&quot;},{&quot;image&quot;:&quot;https:\\\/\\\/fotos15.apinmo.com\\\/1045\\\/27301858\\\/18-21.jpg&quot;,&quot;alt&quot;:&quot;\\u00c1tico-d\\u00daplex en primera l\\u00ednea de mar en el centro de sitges - imagenInmueble20&quot;},{&quot;image&quot;:&quot;https:\\\/\\\/fotos15.apinmo.com\\\/1045\\\/27301858\\\/18-22.jpg&quot;,&quot;alt&quot;:&quot;\\u00c1tico-d\\u00daplex en primera l\\u00ednea de mar en el centro de sitges - imagenInmueble21&quot;},{&quot;image&quot;:&quot;https:\\\/\\\/fotos15.apinmo.com\\\/1045\\\/27301858\\\/18-23.jpg&quot;,&quot;alt&quot;:&quot;\\u00c1tico-d\\u00daplex en primera l\\u00ednea de mar en el centro de sitges - imagenInmueble22&quot;},{&quot;image&quot;:&quot;https:\\\/\\\/fotos15.apinmo.com\\\/1045\\\/27301858\\\/18-24.jpg&quot;,&quot;alt&quot;:&quot;\\u00c1tico-d\\u00daplex en primera l\\u00ednea de mar en el centro de sitges - imagenInmueble23&quot;},{&quot;image&quot;:&quot;https:\\\/\\\/fotos15.apinmo.com\\\/1045\\\/27301858\\\/18-25.jpg&quot;,&quot;alt&quot;:&quot;\\u00c1tico-d\\u00daplex en primera l\\u00ednea de mar en el centro de sitges - imagenInmueble24&quot;},{&quot;image&quot;:&quot;https:\\\/\\\/fotos15.apinmo.com\\\/1045\\\/27301858\\\/18-26.jpg&quot;,&quot;alt&quot;:&quot;\\u00c1tico-d\\u00daplex en primera l\\u00ednea de mar en el centro de sitges - imagenInmueble25&quot;},{&quot;image&quot;:&quot;https:\\\/\\\/fotos15.apinmo.com\\\/1045\\\/27301858\\\/18-27.jpg&quot;,&quot;alt&quot;:&quot;\\u00c1tico-d\\u00daplex en primera l\\u00ednea de mar en el centro de sitges - imagenInmueble26&quot;},{&quot;image&quot;:&quot;https:\\\/\\\/fotos15.apinmo.com\\\/1045\\\/27301858\\\/18-28.jpg&quot;,&quot;alt&quot;:&quot;\\u00c1tico-d\\u00daplex en primera l\\u00ednea de mar en el centro de sitges - imagenInmueble27&quot;},{&quot;image&quot;:&quot;https:\\\/\\\/fotos15.apinmo.com\\\/1045\\\/27301858\\\/18-29.jpg&quot;,&quot;alt&quot;:&quot;\\u00c1tico-d\\u00daplex en primera l\\u00ednea de mar en el centro de sitges - imagenInmueble28&quot;},{&quot;image&quot;:&quot;https:\\\/\\\/fotos15.apinmo.com\\\/1045\\\/27301858\\\/18-30.jpg&quot;,&quot;alt&quot;:&quot;\\u00c1tico-d\\u00daplex en primera l\\u00ednea de mar en el centro de sitges - imagenInmueble29&quot;},{&quot;image&quot;:&quot;https:\\\/\\\/fotos15.apinmo.com\\\/1045\\\/27301858\\\/18-31.jpg&quot;,&quot;alt&quot;:&quot;\\u00c1tico-d\\u00daplex en primera l\\u00ednea de mar en el centro de sitges - imagenInmueble30&quot;}]\">\n\t<div class=\"item-wrap item-wrap-v1 item-wrap-no-frame h-100\">\n\t\t<div class=\"d-flex align-items-center h-100\">\n\t\t\t<div class=\"item-header\">\n\t\t\t\t\t\t\t\t<div class=\"labels-wrap labels-right\"> \n\n\t<a href=\"https:\/\/www.laclauelite.com\/ca\/status\/venda\/\" class=\"label-status label status-color-167\">\n\t\t\t\t\tvenda\n\t\t\t\t<\/a>       \n\n<\/div>\n\t\t\t\t<ul class=\"item-price-wrap hide-on-list\">\n\t<li class=\"item-price\">1,950,000\u20ac<\/li><\/ul>\t\t\t\t<ul class=\"item-tools\">\n\n        <li class=\"item-tool item-preview\">\n        <span class=\"hz-show-lightbox-js\" data-listid=\"1082030\" data-toggle=\"tooltip\" data-placement=\"top\" title=\"Preview\">\n                <i class=\"houzez-icon icon-expand-3\"><\/i>   \n        <\/span><!-- item-tool-favorite -->\n    <\/li><!-- item-tool -->\n        \n        <li class=\"item-tool item-favorite\">\n        <span class=\"add-favorite-js item-tool-favorite\" data-toggle=\"tooltip\" data-placement=\"top\" title=\"Favourite\" data-listid=\"1082030\">\n            <i class=\"houzez-icon icon-love-it \"><\/i> \n        <\/span><!-- item-tool-favorite -->\n    <\/li><!-- item-tool -->\n    \n        <li class=\"item-tool item-compare\">\n        <span class=\"houzez_compare compare-1082030 item-tool-compare show-compare-panel\" data-toggle=\"tooltip\" data-placement=\"top\" title=\"Add to Compare\" data-listing_id=\"1082030\" data-listing_image=\"https:\/\/fotos15.apinmo.com\/1045\/27301858\/18-1.jpg\">\n            <i class=\"houzez-icon icon-add-circle\"><\/i>\n        <\/span><!-- item-tool-compare -->\n    <\/li><!-- item-tool -->\n    <\/ul><!-- item-tools -->\n\t\t\t\t<div class=\"listing-image-wrap\">\n\t<div class=\"listing-thumb\">\n\t\t<a target=_self href=\"https:\/\/www.laclauelite.com\/ca\/property\/atico-duplex-en-primera-linea-de-mar-en-el-centro-de-sitges-11387-ca\/\" class=\"listing-featured-thumb hover-effect\">\n\t\t\t                                                                                                                                                                                    <img loading=\"lazy\" decoding=\"async\" width=\"850\" height=\"426\" src=\"https:\/\/fotos15.apinmo.com\/1045\/27301858\/18-1.jpg\" class=\"img-fluid wp-post-image\" alt=\"\u00c1tico-d\u00daplex en primera l\u00ednea de mar en el centro de sitges - imagenInmueble0\" srcset=\"https:\/\/fotos15.apinmo.com\/1045\/27301858\/18-1.jpg 850w, https:\/\/fotos15.apinmo.com\/1045\/27301858\/18-1.jpg 300w, https:\/\/fotos15.apinmo.com\/1045\/27301858\/18-1.jpg 768w, https:\/\/fotos15.apinmo.com\/1045\/27301858\/18-1s.jpg 150w, https:\/\/fotos15.apinmo.com\/1045\/27301858\/18-1.jpg 536w, https:\/\/fotos15.apinmo.com\/1045\/27301858\/18-1.jpg 770w\" sizes=\"(max-width: 850px) 100vw, 850px\" \/>\t\t<\/a><!-- hover-effect -->\n\t<\/div>\n<\/div>\n\t\t\t\t<div class=\"preview_loader\"><\/div>\n\t\t\t<\/div><!-- item-header -->\t\n\t\t\t<div class=\"item-body flex-grow-1\">\n\t\t\t\t<div class=\"labels-wrap labels-right\"> \n\n\t<a href=\"https:\/\/www.laclauelite.com\/ca\/status\/venda\/\" class=\"label-status label status-color-167\">\n\t\t\t\t\tvenda\n\t\t\t\t<\/a>       \n\n<\/div>\n\t\t\t\t<h2 class=\"item-title\">\n\t<a target=_self href=\"https:\/\/www.laclauelite.com\/ca\/property\/atico-duplex-en-primera-linea-de-mar-en-el-centro-de-sitges-11387-ca\/\">\u00c1TICO-D\u00daPLEX en primera l\u00ednea de mar en el centro de Sitges &#8211; 11387<\/a>\n<\/h2><!-- item-title -->\t\t\t\t<ul class=\"item-price-wrap hide-on-list\">\n\t<li class=\"item-price\">1,950,000\u20ac<\/li><\/ul>\t\t\t\t<address class=\"item-address\">Sitges,Barcelona,Spain<\/address>\t\t\t\t<ul class=\"item-amenities item-amenities-with-icons\">\n\t<li class=\"h-beds\"><i class=\"houzez-icon icon-hotel-double-bed-1 mr-1\"><\/i><span class=\"item-amenities-text\">Camas:<\/span> <span class=\"hz-figure\">3<\/span><\/li><li class=\"h-baths\"><i class=\"houzez-icon icon-bathroom-shower-1 mr-1\"><\/i><span class=\"item-amenities-text\">Ba\u00f1os:<\/span> <span class=\"hz-figure\">2<\/span><\/li><li class=\"h-area\"><i class=\"houzez-icon icon-ruler-triangle mr-1\"><\/i><span class=\"hz-figure\">130<\/span> <span class=\"hz-figure area_postfix\">m&sup2;<\/span><\/li><li class=\"h-type\"><span>\u00c0tic<\/span><\/li><\/ul>\t\t\t\t<a class=\"btn btn-primary btn-item \" target=_self href=\"https:\/\/www.laclauelite.com\/ca\/property\/atico-duplex-en-primera-linea-de-mar-en-el-centro-de-sitges-11387-ca\/\">\n\tDetalls<\/a><!-- btn-item -->\n\t\t\t\t<div class=\"item-author\">\n\t<i class=\"houzez-icon icon-single-neutral mr-1\"><\/i>\n\t<a href=\"https:\/\/www.laclauelite.com\/ca\/agent\/fincas-la-clau-elite\/\">Fincas La Clau Elite<\/a> <\/div><!-- item-author -->\n\t\t\t\t<div class=\"item-date\">\n\t<i class=\"houzez-icon icon-attachment mr-1\"><\/i>\n\t1 mes ago<\/div><!-- item-date -->\n\t\t\t<\/div><!-- item-body -->\n\n\t\t\t\t\t\t<div class=\"item-footer clearfix\">\n\t\t\t\t<div class=\"item-author\">\n\t<i class=\"houzez-icon icon-single-neutral mr-1\"><\/i>\n\t<a href=\"https:\/\/www.laclauelite.com\/ca\/agent\/fincas-la-clau-elite\/\">Fincas La Clau Elite<\/a> <\/div><!-- item-author -->\n\t\t\t\t<div class=\"item-date\">\n\t<i class=\"houzez-icon icon-attachment mr-1\"><\/i>\n\t1 mes ago<\/div><!-- item-date -->\n\t\t\t<\/div>\n\t\t\t\t\t<\/div><!-- d-flex -->\n\t<\/div><!-- item-wrap -->\n<\/div><!-- item-listing-wrap --><div class=\"item-listing-wrap hz-item-gallery-js card\" data-hz-id=\"hz-1081885\" data-images=\"[{&quot;image&quot;:&quot;https:\\\/\\\/fotos15.apinmo.com\\\/1045\\\/4782125\\\/17-1.jpg&quot;,&quot;alt&quot;:&quot;Casa en venta en sitges zona quint mar con espectaculares vistas panor\\u00e1micas al mar - imagenInmueble0&quot;},{&quot;image&quot;:&quot;https:\\\/\\\/fotos15.apinmo.com\\\/1045\\\/4782125\\\/17-1.jpg&quot;,&quot;alt&quot;:&quot;Casa en venta en sitges zona quint mar con espectaculares vistas panor\\u00e1micas al mar - imagenInmueble0&quot;},{&quot;image&quot;:&quot;https:\\\/\\\/fotos15.apinmo.com\\\/1045\\\/4782125\\\/17-2.jpg&quot;,&quot;alt&quot;:&quot;Casa en venta en sitges zona quint mar con espectaculares vistas panor\\u00e1micas al mar - imagenInmueble1&quot;},{&quot;image&quot;:&quot;https:\\\/\\\/fotos15.apinmo.com\\\/1045\\\/4782125\\\/17-3.jpg&quot;,&quot;alt&quot;:&quot;Casa en venta en sitges zona quint mar con espectaculares vistas panor\\u00e1micas al mar - imagenInmueble2&quot;},{&quot;image&quot;:&quot;https:\\\/\\\/fotos15.apinmo.com\\\/1045\\\/4782125\\\/17-4.jpg&quot;,&quot;alt&quot;:&quot;Casa en venta en sitges zona quint mar con espectaculares vistas panor\\u00e1micas al mar - imagenInmueble3&quot;},{&quot;image&quot;:&quot;https:\\\/\\\/fotos15.apinmo.com\\\/1045\\\/4782125\\\/17-5.jpg&quot;,&quot;alt&quot;:&quot;Casa en venta en sitges zona quint mar con espectaculares vistas panor\\u00e1micas al mar - imagenInmueble4&quot;},{&quot;image&quot;:&quot;https:\\\/\\\/fotos15.apinmo.com\\\/1045\\\/4782125\\\/17-6.jpg&quot;,&quot;alt&quot;:&quot;Casa en venta en sitges zona quint mar con espectaculares vistas panor\\u00e1micas al mar - imagenInmueble5&quot;},{&quot;image&quot;:&quot;https:\\\/\\\/fotos15.apinmo.com\\\/1045\\\/4782125\\\/17-7.jpg&quot;,&quot;alt&quot;:&quot;Casa en venta en sitges zona quint mar con espectaculares vistas panor\\u00e1micas al mar - imagenInmueble6&quot;},{&quot;image&quot;:&quot;https:\\\/\\\/fotos15.apinmo.com\\\/1045\\\/4782125\\\/17-8.jpg&quot;,&quot;alt&quot;:&quot;Casa en venta en sitges zona quint mar con espectaculares vistas panor\\u00e1micas al mar - imagenInmueble7&quot;},{&quot;image&quot;:&quot;https:\\\/\\\/fotos15.apinmo.com\\\/1045\\\/4782125\\\/17-9.jpg&quot;,&quot;alt&quot;:&quot;Casa en venta en sitges zona quint mar con espectaculares vistas panor\\u00e1micas al mar - imagenInmueble8&quot;},{&quot;image&quot;:&quot;https:\\\/\\\/fotos15.apinmo.com\\\/1045\\\/4782125\\\/17-10.jpg&quot;,&quot;alt&quot;:&quot;Casa en venta en sitges zona quint mar con espectaculares vistas panor\\u00e1micas al mar - imagenInmueble9&quot;},{&quot;image&quot;:&quot;https:\\\/\\\/fotos15.apinmo.com\\\/1045\\\/4782125\\\/17-11.jpg&quot;,&quot;alt&quot;:&quot;Casa en venta en sitges zona quint mar con espectaculares vistas panor\\u00e1micas al mar - imagenInmueble10&quot;},{&quot;image&quot;:&quot;https:\\\/\\\/fotos15.apinmo.com\\\/1045\\\/4782125\\\/17-12.jpg&quot;,&quot;alt&quot;:&quot;Casa en venta en sitges zona quint mar con espectaculares vistas panor\\u00e1micas al mar - imagenInmueble11&quot;},{&quot;image&quot;:&quot;https:\\\/\\\/fotos15.apinmo.com\\\/1045\\\/4782125\\\/17-13.jpg&quot;,&quot;alt&quot;:&quot;Casa en venta en sitges zona quint mar con espectaculares vistas panor\\u00e1micas al mar - imagenInmueble12&quot;},{&quot;image&quot;:&quot;https:\\\/\\\/fotos15.apinmo.com\\\/1045\\\/4782125\\\/17-14.jpg&quot;,&quot;alt&quot;:&quot;Casa en venta en sitges zona quint mar con espectaculares vistas panor\\u00e1micas al mar - imagenInmueble13&quot;},{&quot;image&quot;:&quot;https:\\\/\\\/fotos15.apinmo.com\\\/1045\\\/4782125\\\/17-15.jpg&quot;,&quot;alt&quot;:&quot;Casa en venta en sitges zona quint mar con espectaculares vistas panor\\u00e1micas al mar - imagenInmueble14&quot;},{&quot;image&quot;:&quot;https:\\\/\\\/fotos15.apinmo.com\\\/1045\\\/4782125\\\/17-16.jpg&quot;,&quot;alt&quot;:&quot;Casa en venta en sitges zona quint mar con espectaculares vistas panor\\u00e1micas al mar - imagenInmueble15&quot;},{&quot;image&quot;:&quot;https:\\\/\\\/fotos15.apinmo.com\\\/1045\\\/4782125\\\/17-17.jpg&quot;,&quot;alt&quot;:&quot;Casa en venta en sitges zona quint mar con espectaculares vistas panor\\u00e1micas al mar - imagenInmueble16&quot;},{&quot;image&quot;:&quot;https:\\\/\\\/fotos15.apinmo.com\\\/1045\\\/4782125\\\/17-18.jpg&quot;,&quot;alt&quot;:&quot;Casa en venta en sitges zona quint mar con espectaculares vistas panor\\u00e1micas al mar - imagenInmueble17&quot;},{&quot;image&quot;:&quot;https:\\\/\\\/fotos15.apinmo.com\\\/1045\\\/4782125\\\/17-19.jpg&quot;,&quot;alt&quot;:&quot;Casa en venta en sitges zona quint mar con espectaculares vistas panor\\u00e1micas al mar - imagenInmueble18&quot;},{&quot;image&quot;:&quot;https:\\\/\\\/fotos15.apinmo.com\\\/1045\\\/4782125\\\/17-20.jpg&quot;,&quot;alt&quot;:&quot;Casa en venta en sitges zona quint mar con espectaculares vistas panor\\u00e1micas al mar - imagenInmueble19&quot;}]\">\n\t<div class=\"item-wrap item-wrap-v1 item-wrap-no-frame h-100\">\n\t\t<div class=\"d-flex align-items-center h-100\">\n\t\t\t<div class=\"item-header\">\n\t\t\t\t\t\t\t\t<div class=\"labels-wrap labels-right\"> \n\n\t<a href=\"https:\/\/www.laclauelite.com\/ca\/status\/venda\/\" class=\"label-status label status-color-167\">\n\t\t\t\t\tvenda\n\t\t\t\t<\/a>       \n\n<\/div>\n\t\t\t\t<ul class=\"item-price-wrap hide-on-list\">\n\t<li class=\"item-price\">1,250,000\u20ac<\/li><\/ul>\t\t\t\t<ul class=\"item-tools\">\n\n        <li class=\"item-tool item-preview\">\n        <span class=\"hz-show-lightbox-js\" data-listid=\"1081885\" data-toggle=\"tooltip\" data-placement=\"top\" title=\"Preview\">\n                <i class=\"houzez-icon icon-expand-3\"><\/i>   \n        <\/span><!-- item-tool-favorite -->\n    <\/li><!-- item-tool -->\n        \n        <li class=\"item-tool item-favorite\">\n        <span class=\"add-favorite-js item-tool-favorite\" data-toggle=\"tooltip\" data-placement=\"top\" title=\"Favourite\" data-listid=\"1081885\">\n            <i class=\"houzez-icon icon-love-it \"><\/i> \n        <\/span><!-- item-tool-favorite -->\n    <\/li><!-- item-tool -->\n    \n        <li class=\"item-tool item-compare\">\n        <span class=\"houzez_compare compare-1081885 item-tool-compare show-compare-panel\" data-toggle=\"tooltip\" data-placement=\"top\" title=\"Add to Compare\" data-listing_id=\"1081885\" data-listing_image=\"https:\/\/fotos15.apinmo.com\/1045\/4782125\/17-1.jpg\">\n            <i class=\"houzez-icon icon-add-circle\"><\/i>\n        <\/span><!-- item-tool-compare -->\n    <\/li><!-- item-tool -->\n    <\/ul><!-- item-tools -->\n\t\t\t\t<div class=\"listing-image-wrap\">\n\t<div class=\"listing-thumb\">\n\t\t<a target=_self href=\"https:\/\/www.laclauelite.com\/ca\/property\/casa-en-venta-en-sitges-zona-quint-mar-con-espectaculares-vistas-panoramicas-al-mar-08123-ca\/\" class=\"listing-featured-thumb hover-effect\">\n\t\t\t                                                                                                                                                                                    <img loading=\"lazy\" decoding=\"async\" width=\"850\" height=\"426\" src=\"https:\/\/fotos15.apinmo.com\/1045\/4782125\/17-1.jpg\" class=\"img-fluid wp-post-image\" alt=\"Casa en venta en sitges zona quint mar con espectaculares vistas panor\u00e1micas al mar - imagenInmueble0\" srcset=\"https:\/\/fotos15.apinmo.com\/1045\/4782125\/17-1.jpg 850w, https:\/\/fotos15.apinmo.com\/1045\/4782125\/17-1.jpg 300w, https:\/\/fotos15.apinmo.com\/1045\/4782125\/17-1.jpg 768w, https:\/\/fotos15.apinmo.com\/1045\/4782125\/17-1s.jpg 150w, https:\/\/fotos15.apinmo.com\/1045\/4782125\/17-1.jpg 536w, https:\/\/fotos15.apinmo.com\/1045\/4782125\/17-1.jpg 770w\" sizes=\"(max-width: 850px) 100vw, 850px\" \/>\t\t<\/a><!-- hover-effect -->\n\t<\/div>\n<\/div>\n\t\t\t\t<div class=\"preview_loader\"><\/div>\n\t\t\t<\/div><!-- item-header -->\t\n\t\t\t<div class=\"item-body flex-grow-1\">\n\t\t\t\t<div class=\"labels-wrap labels-right\"> \n\n\t<a href=\"https:\/\/www.laclauelite.com\/ca\/status\/venda\/\" class=\"label-status label status-color-167\">\n\t\t\t\t\tvenda\n\t\t\t\t<\/a>       \n\n<\/div>\n\t\t\t\t<h2 class=\"item-title\">\n\t<a target=_self href=\"https:\/\/www.laclauelite.com\/ca\/property\/casa-en-venta-en-sitges-zona-quint-mar-con-espectaculares-vistas-panoramicas-al-mar-08123-ca\/\">Casa en venta en Sitges zona Quint Mar con espectaculares vistas panor\u00e1micas al mar &#8211; 08123<\/a>\n<\/h2><!-- item-title -->\t\t\t\t<ul class=\"item-price-wrap hide-on-list\">\n\t<li class=\"item-price\">1,250,000\u20ac<\/li><\/ul>\t\t\t\t<address class=\"item-address\">Sitges,Barcelona,Spain<\/address>\t\t\t\t<ul class=\"item-amenities item-amenities-with-icons\">\n\t<li class=\"h-beds\"><i class=\"houzez-icon icon-hotel-double-bed-1 mr-1\"><\/i><span class=\"item-amenities-text\">Camas:<\/span> <span class=\"hz-figure\">6<\/span><\/li><li class=\"h-baths\"><i class=\"houzez-icon icon-bathroom-shower-1 mr-1\"><\/i><span class=\"item-amenities-text\">Ba\u00f1os:<\/span> <span class=\"hz-figure\">5<\/span><\/li><li class=\"h-area\"><i class=\"houzez-icon icon-ruler-triangle mr-1\"><\/i><span class=\"hz-figure\">347<\/span> <span class=\"hz-figure area_postfix\">m&sup2;<\/span><\/li><li class=\"h-type\"><span>Casas<\/span><\/li><\/ul>\t\t\t\t<a class=\"btn btn-primary btn-item \" target=_self href=\"https:\/\/www.laclauelite.com\/ca\/property\/casa-en-venta-en-sitges-zona-quint-mar-con-espectaculares-vistas-panoramicas-al-mar-08123-ca\/\">\n\tDetalls<\/a><!-- btn-item -->\n\t\t\t\t<div class=\"item-author\">\n\t<i class=\"houzez-icon icon-single-neutral mr-1\"><\/i>\n\t<a href=\"https:\/\/www.laclauelite.com\/ca\/agent\/fincas-la-clau-elite\/\">Fincas La Clau Elite<\/a> <\/div><!-- item-author -->\n\t\t\t\t<div class=\"item-date\">\n\t<i class=\"houzez-icon icon-attachment mr-1\"><\/i>\n\t3 mesos ago<\/div><!-- item-date -->\n\t\t\t<\/div><!-- item-body -->\n\n\t\t\t\t\t\t<div class=\"item-footer clearfix\">\n\t\t\t\t<div class=\"item-author\">\n\t<i class=\"houzez-icon icon-single-neutral mr-1\"><\/i>\n\t<a href=\"https:\/\/www.laclauelite.com\/ca\/agent\/fincas-la-clau-elite\/\">Fincas La Clau Elite<\/a> <\/div><!-- item-author -->\n\t\t\t\t<div class=\"item-date\">\n\t<i class=\"houzez-icon icon-attachment mr-1\"><\/i>\n\t3 mesos ago<\/div><!-- item-date -->\n\t\t\t<\/div>\n\t\t\t\t\t<\/div><!-- d-flex -->\n\t<\/div><!-- item-wrap -->\n<\/div><!-- item-listing-wrap --><div class=\"item-listing-wrap hz-item-gallery-js card\" data-hz-id=\"hz-1081910\" data-images=\"[{&quot;image&quot;:&quot;https:\\\/\\\/fotos15.apinmo.com\\\/1045\\\/8039595\\\/25-1.jpg&quot;,&quot;alt&quot;:&quot;Finca r\\u00fastica con dos casas a cinco minutos de sitges. - imagenInmueble0&quot;},{&quot;image&quot;:&quot;https:\\\/\\\/fotos15.apinmo.com\\\/1045\\\/8039595\\\/25-1.jpg&quot;,&quot;alt&quot;:&quot;Finca r\\u00fastica con dos casas a cinco minutos de sitges. - imagenInmueble0&quot;},{&quot;image&quot;:&quot;https:\\\/\\\/fotos15.apinmo.com\\\/1045\\\/8039595\\\/25-2.jpg&quot;,&quot;alt&quot;:&quot;Finca r\\u00fastica con dos casas a cinco minutos de sitges. - imagenInmueble1&quot;},{&quot;image&quot;:&quot;https:\\\/\\\/fotos15.apinmo.com\\\/1045\\\/8039595\\\/25-3.jpg&quot;,&quot;alt&quot;:&quot;Finca r\\u00fastica con dos casas a cinco minutos de sitges. - imagenInmueble2&quot;},{&quot;image&quot;:&quot;https:\\\/\\\/fotos15.apinmo.com\\\/1045\\\/8039595\\\/25-4.jpg&quot;,&quot;alt&quot;:&quot;Finca r\\u00fastica con dos casas a cinco minutos de sitges. - imagenInmueble3&quot;},{&quot;image&quot;:&quot;https:\\\/\\\/fotos15.apinmo.com\\\/1045\\\/8039595\\\/25-5.jpg&quot;,&quot;alt&quot;:&quot;Finca r\\u00fastica con dos casas a cinco minutos de sitges. - imagenInmueble4&quot;},{&quot;image&quot;:&quot;https:\\\/\\\/fotos15.apinmo.com\\\/1045\\\/8039595\\\/25-6.jpg&quot;,&quot;alt&quot;:&quot;Finca r\\u00fastica con dos casas a cinco minutos de sitges. - imagenInmueble5&quot;},{&quot;image&quot;:&quot;https:\\\/\\\/fotos15.apinmo.com\\\/1045\\\/8039595\\\/25-7.jpg&quot;,&quot;alt&quot;:&quot;Finca r\\u00fastica con dos casas a cinco minutos de sitges. - imagenInmueble6&quot;},{&quot;image&quot;:&quot;https:\\\/\\\/fotos15.apinmo.com\\\/1045\\\/8039595\\\/25-8.jpg&quot;,&quot;alt&quot;:&quot;Finca r\\u00fastica con dos casas a cinco minutos de sitges. - imagenInmueble7&quot;},{&quot;image&quot;:&quot;https:\\\/\\\/fotos15.apinmo.com\\\/1045\\\/8039595\\\/25-9.jpg&quot;,&quot;alt&quot;:&quot;Finca r\\u00fastica con dos casas a cinco minutos de sitges. - imagenInmueble8&quot;},{&quot;image&quot;:&quot;https:\\\/\\\/fotos15.apinmo.com\\\/1045\\\/8039595\\\/25-10.jpg&quot;,&quot;alt&quot;:&quot;Finca r\\u00fastica con dos casas a cinco minutos de sitges. - imagenInmueble9&quot;},{&quot;image&quot;:&quot;https:\\\/\\\/fotos15.apinmo.com\\\/1045\\\/8039595\\\/25-11.jpg&quot;,&quot;alt&quot;:&quot;Finca r\\u00fastica con dos casas a cinco minutos de sitges. - imagenInmueble10&quot;},{&quot;image&quot;:&quot;https:\\\/\\\/fotos15.apinmo.com\\\/1045\\\/8039595\\\/25-12.jpg&quot;,&quot;alt&quot;:&quot;Finca r\\u00fastica con dos casas a cinco minutos de sitges. - imagenInmueble11&quot;},{&quot;image&quot;:&quot;https:\\\/\\\/fotos15.apinmo.com\\\/1045\\\/8039595\\\/25-13.jpg&quot;,&quot;alt&quot;:&quot;Finca r\\u00fastica con dos casas a cinco minutos de sitges. - imagenInmueble12&quot;},{&quot;image&quot;:&quot;https:\\\/\\\/fotos15.apinmo.com\\\/1045\\\/8039595\\\/25-14.jpg&quot;,&quot;alt&quot;:&quot;Finca r\\u00fastica con dos casas a cinco minutos de sitges. - imagenInmueble13&quot;},{&quot;image&quot;:&quot;https:\\\/\\\/fotos15.apinmo.com\\\/1045\\\/8039595\\\/25-15.jpg&quot;,&quot;alt&quot;:&quot;Finca r\\u00fastica con dos casas a cinco minutos de sitges. - imagenInmueble14&quot;},{&quot;image&quot;:&quot;https:\\\/\\\/fotos15.apinmo.com\\\/1045\\\/8039595\\\/25-16.jpg&quot;,&quot;alt&quot;:&quot;Finca r\\u00fastica con dos casas a cinco minutos de sitges. - imagenInmueble15&quot;},{&quot;image&quot;:&quot;https:\\\/\\\/fotos15.apinmo.com\\\/1045\\\/8039595\\\/25-17.jpg&quot;,&quot;alt&quot;:&quot;Finca r\\u00fastica con dos casas a cinco minutos de sitges. - imagenInmueble16&quot;},{&quot;image&quot;:&quot;https:\\\/\\\/fotos15.apinmo.com\\\/1045\\\/8039595\\\/25-18.jpg&quot;,&quot;alt&quot;:&quot;Finca r\\u00fastica con dos casas a cinco minutos de sitges. - imagenInmueble17&quot;},{&quot;image&quot;:&quot;https:\\\/\\\/fotos15.apinmo.com\\\/1045\\\/8039595\\\/25-19.jpg&quot;,&quot;alt&quot;:&quot;Finca r\\u00fastica con dos casas a cinco minutos de sitges. - imagenInmueble18&quot;},{&quot;image&quot;:&quot;https:\\\/\\\/fotos15.apinmo.com\\\/1045\\\/8039595\\\/25-20.jpg&quot;,&quot;alt&quot;:&quot;Finca r\\u00fastica con dos casas a cinco minutos de sitges. - imagenInmueble19&quot;},{&quot;image&quot;:&quot;https:\\\/\\\/fotos15.apinmo.com\\\/1045\\\/8039595\\\/25-21.jpg&quot;,&quot;alt&quot;:&quot;Finca r\\u00fastica con dos casas a cinco minutos de sitges. - imagenInmueble20&quot;},{&quot;image&quot;:&quot;https:\\\/\\\/fotos15.apinmo.com\\\/1045\\\/8039595\\\/25-22.jpg&quot;,&quot;alt&quot;:&quot;Finca r\\u00fastica con dos casas a cinco minutos de sitges. - imagenInmueble21&quot;},{&quot;image&quot;:&quot;https:\\\/\\\/fotos15.apinmo.com\\\/1045\\\/8039595\\\/25-23.jpg&quot;,&quot;alt&quot;:&quot;Finca r\\u00fastica con dos casas a cinco minutos de sitges. - imagenInmueble22&quot;},{&quot;image&quot;:&quot;https:\\\/\\\/fotos15.apinmo.com\\\/1045\\\/8039595\\\/25-24.jpg&quot;,&quot;alt&quot;:&quot;Finca r\\u00fastica con dos casas a cinco minutos de sitges. - imagenInmueble23&quot;},{&quot;image&quot;:&quot;https:\\\/\\\/fotos15.apinmo.com\\\/1045\\\/8039595\\\/25-25.jpg&quot;,&quot;alt&quot;:&quot;Finca r\\u00fastica con dos casas a cinco minutos de sitges. - imagenInmueble24&quot;},{&quot;image&quot;:&quot;https:\\\/\\\/fotos15.apinmo.com\\\/1045\\\/8039595\\\/25-26.jpg&quot;,&quot;alt&quot;:&quot;Finca r\\u00fastica con dos casas a cinco minutos de sitges. - imagenInmueble25&quot;},{&quot;image&quot;:&quot;https:\\\/\\\/fotos15.apinmo.com\\\/1045\\\/8039595\\\/25-27.jpg&quot;,&quot;alt&quot;:&quot;Finca r\\u00fastica con dos casas a cinco minutos de sitges. - imagenInmueble26&quot;},{&quot;image&quot;:&quot;https:\\\/\\\/fotos15.apinmo.com\\\/1045\\\/8039595\\\/25-28.jpg&quot;,&quot;alt&quot;:&quot;Finca r\\u00fastica con dos casas a cinco minutos de sitges. - imagenInmueble27&quot;},{&quot;image&quot;:&quot;https:\\\/\\\/fotos15.apinmo.com\\\/1045\\\/8039595\\\/25-29.jpg&quot;,&quot;alt&quot;:&quot;Finca r\\u00fastica con dos casas a cinco minutos de sitges. - imagenInmueble28&quot;},{&quot;image&quot;:&quot;https:\\\/\\\/fotos15.apinmo.com\\\/1045\\\/8039595\\\/25-30.jpg&quot;,&quot;alt&quot;:&quot;Finca r\\u00fastica con dos casas a cinco minutos de sitges. - imagenInmueble29&quot;},{&quot;image&quot;:&quot;https:\\\/\\\/fotos15.apinmo.com\\\/1045\\\/8039595\\\/25-31.jpg&quot;,&quot;alt&quot;:&quot;Finca r\\u00fastica con dos casas a cinco minutos de sitges. - imagenInmueble30&quot;},{&quot;image&quot;:&quot;https:\\\/\\\/fotos15.apinmo.com\\\/1045\\\/8039595\\\/25-32.jpg&quot;,&quot;alt&quot;:&quot;Finca r\\u00fastica con dos casas a cinco minutos de sitges. - imagenInmueble31&quot;},{&quot;image&quot;:&quot;https:\\\/\\\/fotos15.apinmo.com\\\/1045\\\/8039595\\\/25-33.jpg&quot;,&quot;alt&quot;:&quot;Finca r\\u00fastica con dos casas a cinco minutos de sitges. - imagenInmueble32&quot;},{&quot;image&quot;:&quot;https:\\\/\\\/fotos15.apinmo.com\\\/1045\\\/8039595\\\/25-34.jpg&quot;,&quot;alt&quot;:&quot;Finca r\\u00fastica con dos casas a cinco minutos de sitges. - imagenInmueble33&quot;},{&quot;image&quot;:&quot;https:\\\/\\\/fotos15.apinmo.com\\\/1045\\\/8039595\\\/25-35.jpg&quot;,&quot;alt&quot;:&quot;Finca r\\u00fastica con dos casas a cinco minutos de sitges. - imagenInmueble34&quot;},{&quot;image&quot;:&quot;https:\\\/\\\/fotos15.apinmo.com\\\/1045\\\/8039595\\\/25-36.jpg&quot;,&quot;alt&quot;:&quot;Finca r\\u00fastica con dos casas a cinco minutos de sitges. - imagenInmueble35&quot;},{&quot;image&quot;:&quot;https:\\\/\\\/fotos15.apinmo.com\\\/1045\\\/8039595\\\/25-37.jpg&quot;,&quot;alt&quot;:&quot;Finca r\\u00fastica con dos casas a cinco minutos de sitges. - imagenInmueble36&quot;},{&quot;image&quot;:&quot;https:\\\/\\\/fotos15.apinmo.com\\\/1045\\\/8039595\\\/25-38.jpg&quot;,&quot;alt&quot;:&quot;Finca r\\u00fastica con dos casas a cinco minutos de sitges. - imagenInmueble37&quot;},{&quot;image&quot;:&quot;https:\\\/\\\/fotos15.apinmo.com\\\/1045\\\/8039595\\\/25-39.jpg&quot;,&quot;alt&quot;:&quot;Finca r\\u00fastica con dos casas a cinco minutos de sitges. - imagenInmueble38&quot;},{&quot;image&quot;:&quot;https:\\\/\\\/fotos15.apinmo.com\\\/1045\\\/8039595\\\/25-40.jpg&quot;,&quot;alt&quot;:&quot;Finca r\\u00fastica con dos casas a cinco minutos de sitges. - imagenInmueble39&quot;}]\">\n\t<div class=\"item-wrap item-wrap-v1 item-wrap-no-frame h-100\">\n\t\t<div class=\"d-flex align-items-center h-100\">\n\t\t\t<div class=\"item-header\">\n\t\t\t\t\t\t\t\t<div class=\"labels-wrap labels-right\"> \n\n\t<a href=\"https:\/\/www.laclauelite.com\/ca\/status\/venda\/\" class=\"label-status label status-color-167\">\n\t\t\t\t\tvenda\n\t\t\t\t<\/a>       \n\n<\/div>\n\t\t\t\t<ul class=\"item-price-wrap hide-on-list\">\n\t<li class=\"item-price\">5,000,000\u20ac<\/li><\/ul>\t\t\t\t<ul class=\"item-tools\">\n\n        <li class=\"item-tool item-preview\">\n        <span class=\"hz-show-lightbox-js\" data-listid=\"1081910\" data-toggle=\"tooltip\" data-placement=\"top\" title=\"Preview\">\n                <i class=\"houzez-icon icon-expand-3\"><\/i>   \n        <\/span><!-- item-tool-favorite -->\n    <\/li><!-- item-tool -->\n        \n        <li class=\"item-tool item-favorite\">\n        <span class=\"add-favorite-js item-tool-favorite\" data-toggle=\"tooltip\" data-placement=\"top\" title=\"Favourite\" data-listid=\"1081910\">\n            <i class=\"houzez-icon icon-love-it \"><\/i> \n        <\/span><!-- item-tool-favorite -->\n    <\/li><!-- item-tool -->\n    \n        <li class=\"item-tool item-compare\">\n        <span class=\"houzez_compare compare-1081910 item-tool-compare show-compare-panel\" data-toggle=\"tooltip\" data-placement=\"top\" title=\"Add to Compare\" data-listing_id=\"1081910\" data-listing_image=\"https:\/\/fotos15.apinmo.com\/1045\/8039595\/25-1.jpg\">\n            <i class=\"houzez-icon icon-add-circle\"><\/i>\n        <\/span><!-- item-tool-compare -->\n    <\/li><!-- item-tool -->\n    <\/ul><!-- item-tools -->\n\t\t\t\t<div class=\"listing-image-wrap\">\n\t<div class=\"listing-thumb\">\n\t\t<a target=_self href=\"https:\/\/www.laclauelite.com\/ca\/property\/finca-rustica-con-dos-casas-a-cinco-minutos-de-sitges-09094-ca\/\" class=\"listing-featured-thumb hover-effect\">\n\t\t\t                                                                                                                                                                                    <img loading=\"lazy\" decoding=\"async\" width=\"850\" height=\"426\" src=\"https:\/\/fotos15.apinmo.com\/1045\/8039595\/25-1.jpg\" class=\"img-fluid wp-post-image\" alt=\"Finca r\u00fastica con dos casas a cinco minutos de sitges. - imagenInmueble0\" srcset=\"https:\/\/fotos15.apinmo.com\/1045\/8039595\/25-1.jpg 850w, https:\/\/fotos15.apinmo.com\/1045\/8039595\/25-1.jpg 300w, https:\/\/fotos15.apinmo.com\/1045\/8039595\/25-1.jpg 768w, https:\/\/fotos15.apinmo.com\/1045\/8039595\/25-1s.jpg 150w, https:\/\/fotos15.apinmo.com\/1045\/8039595\/25-1.jpg 536w, https:\/\/fotos15.apinmo.com\/1045\/8039595\/25-1.jpg 770w\" sizes=\"(max-width: 850px) 100vw, 850px\" \/>\t\t<\/a><!-- hover-effect -->\n\t<\/div>\n<\/div>\n\t\t\t\t<div class=\"preview_loader\"><\/div>\n\t\t\t<\/div><!-- item-header -->\t\n\t\t\t<div class=\"item-body flex-grow-1\">\n\t\t\t\t<div class=\"labels-wrap labels-right\"> \n\n\t<a href=\"https:\/\/www.laclauelite.com\/ca\/status\/venda\/\" class=\"label-status label status-color-167\">\n\t\t\t\t\tvenda\n\t\t\t\t<\/a>       \n\n<\/div>\n\t\t\t\t<h2 class=\"item-title\">\n\t<a target=_self href=\"https:\/\/www.laclauelite.com\/ca\/property\/finca-rustica-con-dos-casas-a-cinco-minutos-de-sitges-09094-ca\/\">Finca r\u00fastica con dos casas a cinco minutos de Sitges. &#8211; 09094<\/a>\n<\/h2><!-- item-title -->\t\t\t\t<ul class=\"item-price-wrap hide-on-list\">\n\t<li class=\"item-price\">5,000,000\u20ac<\/li><\/ul>\t\t\t\t<address class=\"item-address\">Sant Pere de Ribes,Barcelona,Spain<\/address>\t\t\t\t<ul class=\"item-amenities item-amenities-with-icons\">\n\t<li class=\"h-beds\"><i class=\"houzez-icon icon-hotel-double-bed-1 mr-1\"><\/i><span class=\"item-amenities-text\">Cama:<\/span> <span class=\"hz-figure\">0<\/span><\/li><li class=\"h-baths\"><i class=\"houzez-icon icon-bathroom-shower-1 mr-1\"><\/i><span class=\"item-amenities-text\">Ba\u00f1o:<\/span> <span class=\"hz-figure\">1<\/span><\/li><li class=\"h-area\"><i class=\"houzez-icon icon-ruler-triangle mr-1\"><\/i><span class=\"hz-figure\">1800<\/span> <span class=\"hz-figure area_postfix\">m&sup2;<\/span><\/li><li class=\"h-type\"><span>Casas<\/span><\/li><\/ul>\t\t\t\t<a class=\"btn btn-primary btn-item \" target=_self href=\"https:\/\/www.laclauelite.com\/ca\/property\/finca-rustica-con-dos-casas-a-cinco-minutos-de-sitges-09094-ca\/\">\n\tDetalls<\/a><!-- btn-item -->\n\t\t\t\t<div class=\"item-author\">\n\t<i class=\"houzez-icon icon-single-neutral mr-1\"><\/i>\n\t<a href=\"https:\/\/www.laclauelite.com\/ca\/agent\/fincas-la-clau-elite\/\">Fincas La Clau Elite<\/a> <\/div><!-- item-author -->\n\t\t\t\t<div class=\"item-date\">\n\t<i class=\"houzez-icon icon-attachment mr-1\"><\/i>\n\t2 anys ago<\/div><!-- item-date -->\n\t\t\t<\/div><!-- item-body -->\n\n\t\t\t\t\t\t<div class=\"item-footer clearfix\">\n\t\t\t\t<div class=\"item-author\">\n\t<i class=\"houzez-icon icon-single-neutral mr-1\"><\/i>\n\t<a href=\"https:\/\/www.laclauelite.com\/ca\/agent\/fincas-la-clau-elite\/\">Fincas La Clau Elite<\/a> <\/div><!-- item-author -->\n\t\t\t\t<div class=\"item-date\">\n\t<i class=\"houzez-icon icon-attachment mr-1\"><\/i>\n\t2 anys ago<\/div><!-- item-date -->\n\t\t\t<\/div>\n\t\t\t\t\t<\/div><!-- d-flex -->\n\t<\/div><!-- item-wrap -->\n<\/div><!-- item-listing-wrap -->\t\t\t\t<\/div><!-- testimonials-slider -->\r\n\t\t\t<\/div><!-- listing-view grid-view -->\r\n\t\t<\/div><!-- testimonials-module -->\r\n\r\n\t\t\t\t<\/div>\n\t\t\t\t<\/div>\n\t\t\t\t\t<\/div>\n\t\t<\/div>\n\t\t\t\t\t\t\t<\/div>\n\t\t<\/section>\n\t\t\t\t<section class=\"elementor-section elementor-top-section elementor-element elementor-element-86377b4 elementor-section-boxed elementor-section-height-default elementor-section-height-default\" data-id=\"86377b4\" data-element_type=\"section\">\n\t\t\t\t\t\t<div class=\"elementor-container elementor-column-gap-default\">\n\t\t\t\t\t<div class=\"elementor-column elementor-col-100 elementor-top-column elementor-element elementor-element-b521e4e\" data-id=\"b521e4e\" data-element_type=\"column\">\n\t\t\t<div class=\"elementor-widget-wrap elementor-element-populated\">\n\t\t\t\t\t\t\t\t<div class=\"elementor-element elementor-element-e6b619a animated-slow elementor-invisible elementor-widget elementor-widget-heading\" data-id=\"e6b619a\" data-element_type=\"widget\" data-settings=\"{&quot;_animation&quot;:&quot;fadeIn&quot;}\" data-widget_type=\"heading.default\">\n\t\t\t\t<div class=\"elementor-widget-container\">\n\t\t\t<h3 class=\"elementor-heading-title elementor-size-large\">Hotel<\/h3>\t\t<\/div>\n\t\t\t\t<\/div>\n\t\t\t\t\t<\/div>\n\t\t<\/div>\n\t\t\t\t\t\t\t<\/div>\n\t\t<\/section>\n\t\t\t\t<section class=\"elementor-section elementor-top-section elementor-element elementor-element-47faaa9 animated-slow elementor-section-boxed elementor-section-height-default elementor-section-height-default elementor-invisible\" data-id=\"47faaa9\" data-element_type=\"section\" data-settings=\"{&quot;animation&quot;:&quot;fadeIn&quot;,&quot;animation_delay&quot;:0}\">\n\t\t\t\t\t\t<div class=\"elementor-container elementor-column-gap-default\">\n\t\t\t\t\t<div class=\"elementor-column elementor-col-100 elementor-top-column elementor-element elementor-element-0136cb5\" data-id=\"0136cb5\" data-element_type=\"column\">\n\t\t\t<div class=\"elementor-widget-wrap elementor-element-populated\">\n\t\t\t\t\t\t\t\t<div class=\"elementor-element elementor-element-b20173e elementor-widget elementor-widget-houzez_elementor_properties_carousel_v2\" data-id=\"b20173e\" data-element_type=\"widget\" data-widget_type=\"houzez_elementor_properties_carousel_v2.default\">\n\t\t\t\t<div class=\"elementor-widget-container\">\n\t\t\t\r\n\t\t<div class=\"property-carousel-module houzez-carousel-arrows-UvuDV houzez-carousel-cols-1 property-carousel-module-v2\">\r\n\r\n\t\t\t<div class=\"property-carousel-buttons-wrap\">\r\n\t\t\t\t\t\t\t\t<button type=\"button\" class=\"slick-prev-js-UvuDV slick-prev btn-primary-outlined\">Prev<\/button>\r\n\t\t\t\t<button type=\"button\" class=\"slick-next-js-UvuDV slick-next btn-primary-outlined\">Next<\/button>\r\n\t\t\t\t\t\t\t\t\t\t\t<\/div><!-- property-carousel-buttons-wrap -->\r\n\r\n\t\t\t<div class=\"listing-view grid-view\">\r\n\t\t\t\t\r\n\t\t\t\t<div id=\"houzez-properties-carousel-UvuDV\" data-token=\"UvuDV\" class=\"houzez-properties-carousel-js houzez-all-slider-wrap card-deck\">\r\n\t\t\t\t\t\t\t\t\t<\/div><!-- testimonials-slider -->\r\n\t\t\t<\/div><!-- listing-view grid-view -->\r\n\t\t<\/div><!-- testimonials-module -->\r\n\r\n\t\t\t\t<\/div>\n\t\t\t\t<\/div>\n\t\t\t\t\t<\/div>\n\t\t<\/div>\n\t\t\t\t\t\t\t<\/div>\n\t\t<\/section>\n\t\t\t\t\t\t\t<\/div>\n\t\t","protected":false},"excerpt":{"rendered":"<p>Lloguer de vacances a Sitges El millor Cercador d\u00b4immobles Contacte estret amb el mercat cases apartaments local comercial hotel vacances La llave del \u00e9xito Sea cual sea su proyecto, tenemos la llave de su \u00e9xito. Tanto si busca un alquiler vacacional en Sitges, como si lo que quiere es sacarle partido a su vivienda, nosotros [&hellip;]<\/p>\n","protected":false},"author":1,"featured_media":0,"parent":488,"menu_order":0,"comment_status":"open","ping_status":"closed","template":"template\/template-homepage.php","meta":{"footnotes":""},"yoast_head":"<!-- This site is optimized with the Yoast SEO plugin v21.6 - https:\/\/yoast.com\/wordpress\/plugins\/seo\/ -->\n<title>Lloguer vacacional a sitges-Finques La Clau Elite.<\/title>\n<meta name=\"description\" content=\"Est\u00e0 buscant un lloguer vacacional a Sitges ?. A La Clau Elite disposem d&#039;una gran varietat de xalets, cases, \u00e0tics i altres immobles singulars.\" \/>\n<meta name=\"robots\" content=\"index, follow, max-snippet:-1, max-image-preview:large, max-video-preview:-1\" \/>\n<link rel=\"canonical\" href=\"https:\/\/www.laclauelite.com\/ca\/serveis\/lloguer-vacacional-a-sitges\/\" \/>\n<meta property=\"og:locale\" content=\"ca_ES\" \/>\n<meta property=\"og:type\" content=\"article\" \/>\n<meta property=\"og:title\" content=\"Lloguer vacacional a sitges-Finques La Clau Elite.\" \/>\n<meta property=\"og:description\" content=\"Est\u00e0 buscant un lloguer vacacional a Sitges ?. A La Clau Elite disposem d&#039;una gran varietat de xalets, cases, \u00e0tics i altres immobles singulars.\" \/>\n<meta property=\"og:url\" content=\"https:\/\/www.laclauelite.com\/ca\/serveis\/lloguer-vacacional-a-sitges\/\" \/>\n<meta property=\"og:site_name\" content=\"La Clau Elite\" \/>\n<meta property=\"article:modified_time\" content=\"2022-08-31T02:16:16+00:00\" \/>\n<meta property=\"og:image\" content=\"https:\/\/www.laclauelite.com\/wp-content\/uploads\/2021\/09\/05-1024x683.jpg\" \/>\n<meta name=\"twitter:label1\" content=\"Temps estimat de lectura\" \/>\n\t<meta name=\"twitter:data1\" content=\"6 minuts\" \/>\n<script type=\"application\/ld+json\" class=\"yoast-schema-graph\">{\"@context\":\"https:\/\/schema.org\",\"@graph\":[{\"@type\":\"WebPage\",\"@id\":\"https:\/\/www.laclauelite.com\/ca\/serveis\/lloguer-vacacional-a-sitges\/\",\"url\":\"https:\/\/www.laclauelite.com\/ca\/serveis\/lloguer-vacacional-a-sitges\/\",\"name\":\"Lloguer vacacional a sitges-Finques La Clau Elite.\",\"isPartOf\":{\"@id\":\"https:\/\/www.laclauelite.com\/#website\"},\"datePublished\":\"2014-07-08T09:08:09+00:00\",\"dateModified\":\"2022-08-31T02:16:16+00:00\",\"description\":\"Est\u00e0 buscant un lloguer vacacional a Sitges ?. A La Clau Elite disposem d'una gran varietat de xalets, cases, \u00e0tics i altres immobles singulars.\",\"breadcrumb\":{\"@id\":\"https:\/\/www.laclauelite.com\/ca\/serveis\/lloguer-vacacional-a-sitges\/#breadcrumb\"},\"inLanguage\":\"ca\",\"potentialAction\":[{\"@type\":\"ReadAction\",\"target\":[\"https:\/\/www.laclauelite.com\/ca\/serveis\/lloguer-vacacional-a-sitges\/\"]}]},{\"@type\":\"BreadcrumbList\",\"@id\":\"https:\/\/www.laclauelite.com\/ca\/serveis\/lloguer-vacacional-a-sitges\/#breadcrumb\",\"itemListElement\":[{\"@type\":\"ListItem\",\"position\":1,\"name\":\"Portada\",\"item\":\"https:\/\/www.laclauelite.com\/\"},{\"@type\":\"ListItem\",\"position\":2,\"name\":\"Serveis La Clau Elite\",\"item\":\"https:\/\/www.laclauelite.com\/ca\/serveis\/\"},{\"@type\":\"ListItem\",\"position\":3,\"name\":\"Lloguer vacacional a Sitges\"}]},{\"@type\":\"WebSite\",\"@id\":\"https:\/\/www.laclauelite.com\/#website\",\"url\":\"https:\/\/www.laclauelite.com\/\",\"name\":\"La Clau Elite\",\"description\":\"\",\"potentialAction\":[{\"@type\":\"SearchAction\",\"target\":{\"@type\":\"EntryPoint\",\"urlTemplate\":\"https:\/\/www.laclauelite.com\/?s={search_term_string}\"},\"query-input\":\"required name=search_term_string\"}],\"inLanguage\":\"ca\"}]}<\/script>\n<!-- \/ Yoast SEO plugin. -->","yoast_head_json":{"title":"Lloguer vacacional a sitges-Finques La Clau Elite.","description":"Est\u00e0 buscant un lloguer vacacional a Sitges ?. A La Clau Elite disposem d'una gran varietat de xalets, cases, \u00e0tics i altres immobles singulars.","robots":{"index":"index","follow":"follow","max-snippet":"max-snippet:-1","max-image-preview":"max-image-preview:large","max-video-preview":"max-video-preview:-1"},"canonical":"https:\/\/www.laclauelite.com\/ca\/serveis\/lloguer-vacacional-a-sitges\/","og_locale":"ca_ES","og_type":"article","og_title":"Lloguer vacacional a sitges-Finques La Clau Elite.","og_description":"Est\u00e0 buscant un lloguer vacacional a Sitges ?. A La Clau Elite disposem d'una gran varietat de xalets, cases, \u00e0tics i altres immobles singulars.","og_url":"https:\/\/www.laclauelite.com\/ca\/serveis\/lloguer-vacacional-a-sitges\/","og_site_name":"La Clau Elite","article_modified_time":"2022-08-31T02:16:16+00:00","og_image":[{"url":"https:\/\/www.laclauelite.com\/wp-content\/uploads\/2021\/09\/05-1024x683.jpg"}],"twitter_misc":{"Temps estimat de lectura":"6 minuts"},"schema":{"@context":"https:\/\/schema.org","@graph":[{"@type":"WebPage","@id":"https:\/\/www.laclauelite.com\/ca\/serveis\/lloguer-vacacional-a-sitges\/","url":"https:\/\/www.laclauelite.com\/ca\/serveis\/lloguer-vacacional-a-sitges\/","name":"Lloguer vacacional a sitges-Finques La Clau Elite.","isPartOf":{"@id":"https:\/\/www.laclauelite.com\/#website"},"datePublished":"2014-07-08T09:08:09+00:00","dateModified":"2022-08-31T02:16:16+00:00","description":"Est\u00e0 buscant un lloguer vacacional a Sitges ?. A La Clau Elite disposem d'una gran varietat de xalets, cases, \u00e0tics i altres immobles singulars.","breadcrumb":{"@id":"https:\/\/www.laclauelite.com\/ca\/serveis\/lloguer-vacacional-a-sitges\/#breadcrumb"},"inLanguage":"ca","potentialAction":[{"@type":"ReadAction","target":["https:\/\/www.laclauelite.com\/ca\/serveis\/lloguer-vacacional-a-sitges\/"]}]},{"@type":"BreadcrumbList","@id":"https:\/\/www.laclauelite.com\/ca\/serveis\/lloguer-vacacional-a-sitges\/#breadcrumb","itemListElement":[{"@type":"ListItem","position":1,"name":"Portada","item":"https:\/\/www.laclauelite.com\/"},{"@type":"ListItem","position":2,"name":"Serveis La Clau Elite","item":"https:\/\/www.laclauelite.com\/ca\/serveis\/"},{"@type":"ListItem","position":3,"name":"Lloguer vacacional a Sitges"}]},{"@type":"WebSite","@id":"https:\/\/www.laclauelite.com\/#website","url":"https:\/\/www.laclauelite.com\/","name":"La Clau Elite","description":"","potentialAction":[{"@type":"SearchAction","target":{"@type":"EntryPoint","urlTemplate":"https:\/\/www.laclauelite.com\/?s={search_term_string}"},"query-input":"required name=search_term_string"}],"inLanguage":"ca"}]}},"_links":{"self":[{"href":"https:\/\/www.laclauelite.com\/ca\/wp-json\/wp\/v2\/pages\/594"}],"collection":[{"href":"https:\/\/www.laclauelite.com\/ca\/wp-json\/wp\/v2\/pages"}],"about":[{"href":"https:\/\/www.laclauelite.com\/ca\/wp-json\/wp\/v2\/types\/page"}],"author":[{"embeddable":true,"href":"https:\/\/www.laclauelite.com\/ca\/wp-json\/wp\/v2\/users\/1"}],"replies":[{"embeddable":true,"href":"https:\/\/www.laclauelite.com\/ca\/wp-json\/wp\/v2\/comments?post=594"}],"version-history":[{"count":32,"href":"https:\/\/www.laclauelite.com\/ca\/wp-json\/wp\/v2\/pages\/594\/revisions"}],"predecessor-version":[{"id":38595,"href":"https:\/\/www.laclauelite.com\/ca\/wp-json\/wp\/v2\/pages\/594\/revisions\/38595"}],"up":[{"embeddable":true,"href":"https:\/\/www.laclauelite.com\/ca\/wp-json\/wp\/v2\/pages\/488"}],"wp:attachment":[{"href":"https:\/\/www.laclauelite.com\/ca\/wp-json\/wp\/v2\/media?parent=594"}],"curies":[{"name":"wp","href":"https:\/\/api.w.org\/{rel}","templated":true}]}}