{"id":592,"date":"2014-07-08T09:08:09","date_gmt":"2014-07-08T09:08:09","guid":{"rendered":"https:\/\/www.laclauelite.com\/coach-inmobiliario-2\/"},"modified":"2022-08-31T02:11:00","modified_gmt":"2022-08-31T02:11:00","slug":"locations-de-vacances-a-sitges","status":"publish","type":"page","link":"https:\/\/www.laclauelite.com\/fr\/services\/locations-de-vacances-a-sitges\/","title":{"rendered":"Locations de vacances \u00e0 Sitges"},"content":{"rendered":"\t\t<div data-elementor-type=\"wp-page\" data-elementor-id=\"592\" class=\"elementor elementor-592 elementor-589\">\n\t\t\t\t\t\t\t\t\t<section class=\"elementor-section elementor-top-section elementor-element elementor-element-657e7fa elementor-section-full_width elementor-section-height-min-height elementor-section-stretched elementor-section-height-default elementor-section-items-middle\" data-id=\"657e7fa\" data-element_type=\"section\" data-settings=\"{&quot;stretch_section&quot;:&quot;section-stretched&quot;,&quot;background_background&quot;:&quot;classic&quot;}\">\n\t\t\t\t\t\t\t<div class=\"elementor-background-overlay\"><\/div>\n\t\t\t\t\t\t\t<div class=\"elementor-container elementor-column-gap-default\">\n\t\t\t\t\t<div class=\"elementor-column elementor-col-100 elementor-top-column elementor-element elementor-element-3ea3dd2\" data-id=\"3ea3dd2\" data-element_type=\"column\">\n\t\t\t<div class=\"elementor-widget-wrap elementor-element-populated\">\n\t\t\t\t\t\t\t\t<div class=\"elementor-element elementor-element-fb49274 elementor-widget elementor-widget-spacer\" data-id=\"fb49274\" data-element_type=\"widget\" data-widget_type=\"spacer.default\">\n\t\t\t\t<div class=\"elementor-widget-container\">\n\t\t\t<style>\/*! elementor - v3.18.0 - 04-12-2023 *\/\n.elementor-column .elementor-spacer-inner{height:var(--spacer-size)}.e-con{--container-widget-width:100%}.e-con-inner>.elementor-widget-spacer,.e-con>.elementor-widget-spacer{width:var(--container-widget-width,var(--spacer-size));--align-self:var(--container-widget-align-self,initial);--flex-shrink:0}.e-con-inner>.elementor-widget-spacer>.elementor-widget-container,.e-con>.elementor-widget-spacer>.elementor-widget-container{height:100%;width:100%}.e-con-inner>.elementor-widget-spacer>.elementor-widget-container>.elementor-spacer,.e-con>.elementor-widget-spacer>.elementor-widget-container>.elementor-spacer{height:100%}.e-con-inner>.elementor-widget-spacer>.elementor-widget-container>.elementor-spacer>.elementor-spacer-inner,.e-con>.elementor-widget-spacer>.elementor-widget-container>.elementor-spacer>.elementor-spacer-inner{height:var(--container-widget-height,var(--spacer-size))}.e-con-inner>.elementor-widget-spacer.elementor-widget-empty,.e-con>.elementor-widget-spacer.elementor-widget-empty{position:relative;min-height:22px;min-width:22px}.e-con-inner>.elementor-widget-spacer.elementor-widget-empty .elementor-widget-empty-icon,.e-con>.elementor-widget-spacer.elementor-widget-empty .elementor-widget-empty-icon{position:absolute;top:0;bottom:0;left:0;right:0;margin:auto;padding:0;width:22px;height:22px}<\/style>\t\t<div class=\"elementor-spacer\">\n\t\t\t<div class=\"elementor-spacer-inner\"><\/div>\n\t\t<\/div>\n\t\t\t\t<\/div>\n\t\t\t\t<\/div>\n\t\t\t\t<div class=\"elementor-element elementor-element-ab58f8d animated-fast elementor-invisible elementor-widget elementor-widget-heading\" data-id=\"ab58f8d\" data-element_type=\"widget\" data-settings=\"{&quot;_animation&quot;:&quot;fadeInDown&quot;}\" data-widget_type=\"heading.default\">\n\t\t\t\t<div class=\"elementor-widget-container\">\n\t\t\t<style>\/*! elementor - v3.18.0 - 04-12-2023 *\/\n.elementor-heading-title{padding:0;margin:0;line-height:1}.elementor-widget-heading .elementor-heading-title[class*=elementor-size-]>a{color:inherit;font-size:inherit;line-height:inherit}.elementor-widget-heading .elementor-heading-title.elementor-size-small{font-size:15px}.elementor-widget-heading .elementor-heading-title.elementor-size-medium{font-size:19px}.elementor-widget-heading .elementor-heading-title.elementor-size-large{font-size:29px}.elementor-widget-heading .elementor-heading-title.elementor-size-xl{font-size:39px}.elementor-widget-heading .elementor-heading-title.elementor-size-xxl{font-size:59px}<\/style><h2 class=\"elementor-heading-title elementor-size-default\">Locations de vacances \u00e0<\/h2>\t\t<\/div>\n\t\t\t\t<\/div>\n\t\t\t\t<div class=\"elementor-element elementor-element-e357cf6 animated-fast elementor-invisible elementor-widget elementor-widget-heading\" data-id=\"e357cf6\" data-element_type=\"widget\" data-settings=\"{&quot;_animation&quot;:&quot;fadeInDown&quot;}\" data-widget_type=\"heading.default\">\n\t\t\t\t<div class=\"elementor-widget-container\">\n\t\t\t<h2 class=\"elementor-heading-title elementor-size-default\">Sitges<\/h2>\t\t<\/div>\n\t\t\t\t<\/div>\n\t\t\t\t<div class=\"elementor-element elementor-element-bc5113e elementor-align-center animated-slow elementor-invisible elementor-widget elementor-widget-button\" data-id=\"bc5113e\" data-element_type=\"widget\" data-settings=\"{&quot;_animation&quot;:&quot;fadeInUp&quot;,&quot;_animation_delay&quot;:600}\" data-widget_type=\"button.default\">\n\t\t\t\t<div class=\"elementor-widget-container\">\n\t\t\t\t\t<div class=\"elementor-button-wrapper\">\n\t\t\t<a class=\"elementor-button elementor-size-sm\" role=\"button\">\n\t\t\t\t\t\t<span class=\"elementor-button-content-wrapper\">\n\t\t\t\t\t\t<span class=\"elementor-button-text\">Le meilleur moteur de recherche immobilier<\/span>\n\t\t<\/span>\n\t\t\t\t\t<\/a>\n\t\t<\/div>\n\t\t\t\t<\/div>\n\t\t\t\t<\/div>\n\t\t\t\t<div class=\"elementor-element elementor-element-e165217 animated-slow elementor-widget-divider--view-line elementor-invisible elementor-widget elementor-widget-divider\" data-id=\"e165217\" data-element_type=\"widget\" data-settings=\"{&quot;_animation&quot;:&quot;fadeInUp&quot;,&quot;_animation_delay&quot;:600}\" data-widget_type=\"divider.default\">\n\t\t\t\t<div class=\"elementor-widget-container\">\n\t\t\t<style>\/*! elementor - v3.18.0 - 04-12-2023 *\/\n.elementor-widget-divider{--divider-border-style:none;--divider-border-width:1px;--divider-color:#0c0d0e;--divider-icon-size:20px;--divider-element-spacing:10px;--divider-pattern-height:24px;--divider-pattern-size:20px;--divider-pattern-url:none;--divider-pattern-repeat:repeat-x}.elementor-widget-divider .elementor-divider{display:flex}.elementor-widget-divider .elementor-divider__text{font-size:15px;line-height:1;max-width:95%}.elementor-widget-divider .elementor-divider__element{margin:0 var(--divider-element-spacing);flex-shrink:0}.elementor-widget-divider .elementor-icon{font-size:var(--divider-icon-size)}.elementor-widget-divider .elementor-divider-separator{display:flex;margin:0;direction:ltr}.elementor-widget-divider--view-line_icon .elementor-divider-separator,.elementor-widget-divider--view-line_text .elementor-divider-separator{align-items:center}.elementor-widget-divider--view-line_icon .elementor-divider-separator:after,.elementor-widget-divider--view-line_icon .elementor-divider-separator:before,.elementor-widget-divider--view-line_text .elementor-divider-separator:after,.elementor-widget-divider--view-line_text .elementor-divider-separator:before{display:block;content:\"\";border-bottom:0;flex-grow:1;border-top:var(--divider-border-width) var(--divider-border-style) var(--divider-color)}.elementor-widget-divider--element-align-left .elementor-divider .elementor-divider-separator>.elementor-divider__svg:first-of-type{flex-grow:0;flex-shrink:100}.elementor-widget-divider--element-align-left .elementor-divider-separator:before{content:none}.elementor-widget-divider--element-align-left .elementor-divider__element{margin-left:0}.elementor-widget-divider--element-align-right .elementor-divider .elementor-divider-separator>.elementor-divider__svg:last-of-type{flex-grow:0;flex-shrink:100}.elementor-widget-divider--element-align-right .elementor-divider-separator:after{content:none}.elementor-widget-divider--element-align-right .elementor-divider__element{margin-right:0}.elementor-widget-divider:not(.elementor-widget-divider--view-line_text):not(.elementor-widget-divider--view-line_icon) .elementor-divider-separator{border-top:var(--divider-border-width) var(--divider-border-style) var(--divider-color)}.elementor-widget-divider--separator-type-pattern{--divider-border-style:none}.elementor-widget-divider--separator-type-pattern.elementor-widget-divider--view-line .elementor-divider-separator,.elementor-widget-divider--separator-type-pattern:not(.elementor-widget-divider--view-line) .elementor-divider-separator:after,.elementor-widget-divider--separator-type-pattern:not(.elementor-widget-divider--view-line) .elementor-divider-separator:before,.elementor-widget-divider--separator-type-pattern:not([class*=elementor-widget-divider--view]) .elementor-divider-separator{width:100%;min-height:var(--divider-pattern-height);-webkit-mask-size:var(--divider-pattern-size) 100%;mask-size:var(--divider-pattern-size) 100%;-webkit-mask-repeat:var(--divider-pattern-repeat);mask-repeat:var(--divider-pattern-repeat);background-color:var(--divider-color);-webkit-mask-image:var(--divider-pattern-url);mask-image:var(--divider-pattern-url)}.elementor-widget-divider--no-spacing{--divider-pattern-size:auto}.elementor-widget-divider--bg-round{--divider-pattern-repeat:round}.rtl .elementor-widget-divider .elementor-divider__text{direction:rtl}.e-con-inner>.elementor-widget-divider,.e-con>.elementor-widget-divider{width:var(--container-widget-width,100%);--flex-grow:var(--container-widget-flex-grow)}<\/style>\t\t<div class=\"elementor-divider\">\n\t\t\t<span class=\"elementor-divider-separator\">\n\t\t\t\t\t\t<\/span>\n\t\t<\/div>\n\t\t\t\t<\/div>\n\t\t\t\t<\/div>\n\t\t\t\t<div class=\"elementor-element elementor-element-8d39a7a elementor-widget elementor-widget-spacer\" data-id=\"8d39a7a\" data-element_type=\"widget\" data-widget_type=\"spacer.default\">\n\t\t\t\t<div class=\"elementor-widget-container\">\n\t\t\t\t\t<div class=\"elementor-spacer\">\n\t\t\t<div class=\"elementor-spacer-inner\"><\/div>\n\t\t<\/div>\n\t\t\t\t<\/div>\n\t\t\t\t<\/div>\n\t\t\t\t\t<\/div>\n\t\t<\/div>\n\t\t\t\t\t\t\t<\/div>\n\t\t<\/section>\n\t\t\t\t<section class=\"elementor-section elementor-top-section elementor-element elementor-element-194be9f elementor-section-content-middle elementor-section-full_width elementor-section-stretched elementor-section-height-default elementor-section-height-default\" data-id=\"194be9f\" data-element_type=\"section\" data-settings=\"{&quot;stretch_section&quot;:&quot;section-stretched&quot;}\">\n\t\t\t\t\t\t<div class=\"elementor-container elementor-column-gap-no\">\n\t\t\t\t\t<div class=\"elementor-column elementor-col-100 elementor-top-column elementor-element elementor-element-9e88bb8\" data-id=\"9e88bb8\" data-element_type=\"column\">\n\t\t\t<div class=\"elementor-widget-wrap elementor-element-populated\">\n\t\t\t\t\t\t\t\t<div class=\"elementor-element elementor-element-d67216a animated-slow elementor-invisible elementor-widget elementor-widget-heading\" data-id=\"d67216a\" data-element_type=\"widget\" data-settings=\"{&quot;_animation&quot;:&quot;fadeIn&quot;}\" data-widget_type=\"heading.default\">\n\t\t\t\t<div class=\"elementor-widget-container\">\n\t\t\t<h2 class=\"elementor-heading-title elementor-size-default\">Contact \u00e9troit avec le march\u00e9<\/h2>\t\t<\/div>\n\t\t\t\t<\/div>\n\t\t\t\t<div class=\"elementor-element elementor-element-9abb5fa animated-slow elementor-widget-divider--view-line elementor-invisible elementor-widget elementor-widget-divider\" data-id=\"9abb5fa\" data-element_type=\"widget\" data-settings=\"{&quot;_animation&quot;:&quot;fadeInUp&quot;}\" data-widget_type=\"divider.default\">\n\t\t\t\t<div class=\"elementor-widget-container\">\n\t\t\t\t\t<div class=\"elementor-divider\">\n\t\t\t<span class=\"elementor-divider-separator\">\n\t\t\t\t\t\t<\/span>\n\t\t<\/div>\n\t\t\t\t<\/div>\n\t\t\t\t<\/div>\n\t\t\t\t<section class=\"elementor-section elementor-inner-section elementor-element elementor-element-4548c41 elementor-section-boxed elementor-section-height-default elementor-section-height-default\" data-id=\"4548c41\" data-element_type=\"section\">\n\t\t\t\t\t\t<div class=\"elementor-container elementor-column-gap-default\">\n\t\t\t\t\t<div class=\"elementor-column elementor-col-20 elementor-inner-column elementor-element elementor-element-9e81868\" data-id=\"9e81868\" data-element_type=\"column\">\n\t\t\t<div class=\"elementor-widget-wrap elementor-element-populated\">\n\t\t\t\t\t\t\t\t<div class=\"elementor-element elementor-element-851bd2b elementor-align-center animated-slow elementor-invisible elementor-widget elementor-widget-button\" data-id=\"851bd2b\" data-element_type=\"widget\" data-settings=\"{&quot;_animation&quot;:&quot;fadeInUp&quot;,&quot;_animation_delay&quot;:600}\" data-widget_type=\"button.default\">\n\t\t\t\t<div class=\"elementor-widget-container\">\n\t\t\t\t\t<div class=\"elementor-button-wrapper\">\n\t\t\t<a class=\"elementor-button elementor-button-link elementor-size-sm\" href=\"#casas\">\n\t\t\t\t\t\t<span class=\"elementor-button-content-wrapper\">\n\t\t\t\t\t\t<span class=\"elementor-button-text\">Maisons<\/span>\n\t\t<\/span>\n\t\t\t\t\t<\/a>\n\t\t<\/div>\n\t\t\t\t<\/div>\n\t\t\t\t<\/div>\n\t\t\t\t\t<\/div>\n\t\t<\/div>\n\t\t\t\t<div class=\"elementor-column elementor-col-20 elementor-inner-column elementor-element elementor-element-25e9187\" data-id=\"25e9187\" data-element_type=\"column\">\n\t\t\t<div class=\"elementor-widget-wrap elementor-element-populated\">\n\t\t\t\t\t\t\t\t<div class=\"elementor-element elementor-element-715629a elementor-align-center animated-slow elementor-invisible elementor-widget elementor-widget-button\" data-id=\"715629a\" data-element_type=\"widget\" data-settings=\"{&quot;_animation&quot;:&quot;fadeInUp&quot;,&quot;_animation_delay&quot;:600}\" data-widget_type=\"button.default\">\n\t\t\t\t<div class=\"elementor-widget-container\">\n\t\t\t\t\t<div class=\"elementor-button-wrapper\">\n\t\t\t<a class=\"elementor-button elementor-button-link elementor-size-sm\" href=\"#apartamento\">\n\t\t\t\t\t\t<span class=\"elementor-button-content-wrapper\">\n\t\t\t\t\t\t<span class=\"elementor-button-text\">appartement<\/span>\n\t\t<\/span>\n\t\t\t\t\t<\/a>\n\t\t<\/div>\n\t\t\t\t<\/div>\n\t\t\t\t<\/div>\n\t\t\t\t\t<\/div>\n\t\t<\/div>\n\t\t\t\t<div class=\"elementor-column elementor-col-20 elementor-inner-column elementor-element elementor-element-d0bc0b0\" data-id=\"d0bc0b0\" data-element_type=\"column\">\n\t\t\t<div class=\"elementor-widget-wrap elementor-element-populated\">\n\t\t\t\t\t\t\t\t<div class=\"elementor-element elementor-element-ac4eca1 elementor-align-center animated-slow elementor-invisible elementor-widget elementor-widget-button\" data-id=\"ac4eca1\" data-element_type=\"widget\" data-settings=\"{&quot;_animation&quot;:&quot;fadeInUp&quot;,&quot;_animation_delay&quot;:600}\" data-widget_type=\"button.default\">\n\t\t\t\t<div class=\"elementor-widget-container\">\n\t\t\t\t\t<div class=\"elementor-button-wrapper\">\n\t\t\t<a class=\"elementor-button elementor-button-link elementor-size-sm\" href=\"#localcomercial\">\n\t\t\t\t\t\t<span class=\"elementor-button-content-wrapper\">\n\t\t\t\t\t\t<span class=\"elementor-button-text\">local commerciel<\/span>\n\t\t<\/span>\n\t\t\t\t\t<\/a>\n\t\t<\/div>\n\t\t\t\t<\/div>\n\t\t\t\t<\/div>\n\t\t\t\t\t<\/div>\n\t\t<\/div>\n\t\t\t\t<div class=\"elementor-column elementor-col-20 elementor-inner-column elementor-element elementor-element-2b0f5ea\" data-id=\"2b0f5ea\" data-element_type=\"column\">\n\t\t\t<div class=\"elementor-widget-wrap elementor-element-populated\">\n\t\t\t\t\t\t\t\t<div class=\"elementor-element elementor-element-fe5a22f elementor-align-center animated-slow elementor-invisible elementor-widget elementor-widget-button\" data-id=\"fe5a22f\" data-element_type=\"widget\" data-settings=\"{&quot;_animation&quot;:&quot;fadeInUp&quot;,&quot;_animation_delay&quot;:600}\" data-widget_type=\"button.default\">\n\t\t\t\t<div class=\"elementor-widget-container\">\n\t\t\t\t\t<div class=\"elementor-button-wrapper\">\n\t\t\t<a class=\"elementor-button elementor-button-link elementor-size-sm\" href=\"#hotel\">\n\t\t\t\t\t\t<span class=\"elementor-button-content-wrapper\">\n\t\t\t\t\t\t<span class=\"elementor-button-text\">hotel<\/span>\n\t\t<\/span>\n\t\t\t\t\t<\/a>\n\t\t<\/div>\n\t\t\t\t<\/div>\n\t\t\t\t<\/div>\n\t\t\t\t\t<\/div>\n\t\t<\/div>\n\t\t\t\t<div class=\"elementor-column elementor-col-20 elementor-inner-column elementor-element elementor-element-850cb4a\" data-id=\"850cb4a\" data-element_type=\"column\">\n\t\t\t<div class=\"elementor-widget-wrap elementor-element-populated\">\n\t\t\t\t\t\t\t\t<div class=\"elementor-element elementor-element-0d3e9ce elementor-align-center animated-slow elementor-invisible elementor-widget elementor-widget-button\" data-id=\"0d3e9ce\" data-element_type=\"widget\" data-settings=\"{&quot;_animation&quot;:&quot;fadeInUp&quot;,&quot;_animation_delay&quot;:600}\" data-widget_type=\"button.default\">\n\t\t\t\t<div class=\"elementor-widget-container\">\n\t\t\t\t\t<div class=\"elementor-button-wrapper\">\n\t\t\t<a class=\"elementor-button elementor-button-link elementor-size-sm\" href=\"#vacacional\">\n\t\t\t\t\t\t<span class=\"elementor-button-content-wrapper\">\n\t\t\t\t\t\t<span class=\"elementor-button-text\">vacances<\/span>\n\t\t<\/span>\n\t\t\t\t\t<\/a>\n\t\t<\/div>\n\t\t\t\t<\/div>\n\t\t\t\t<\/div>\n\t\t\t\t\t<\/div>\n\t\t<\/div>\n\t\t\t\t\t\t\t<\/div>\n\t\t<\/section>\n\t\t\t\t<section class=\"elementor-section elementor-inner-section elementor-element elementor-element-00b6ff1 elementor-section-content-middle animated-slow elementor-hidden-desktop elementor-hidden-tablet elementor-hidden-mobile elementor-section-boxed elementor-section-height-default elementor-section-height-default elementor-invisible\" data-id=\"00b6ff1\" data-element_type=\"section\" data-settings=\"{&quot;animation&quot;:&quot;fadeInUp&quot;,&quot;animation_delay&quot;:200}\">\n\t\t\t\t\t\t<div class=\"elementor-container elementor-column-gap-no\">\n\t\t\t\t\t<div class=\"elementor-column elementor-col-33 elementor-inner-column elementor-element elementor-element-611e50d\" data-id=\"611e50d\" data-element_type=\"column\">\n\t\t\t<div class=\"elementor-widget-wrap elementor-element-populated\">\n\t\t\t\t\t\t\t\t<div class=\"elementor-element elementor-element-387b72b elementor-widget elementor-widget-image\" data-id=\"387b72b\" data-element_type=\"widget\" data-widget_type=\"image.default\">\n\t\t\t\t<div class=\"elementor-widget-container\">\n\t\t\t<style>\/*! elementor - v3.18.0 - 04-12-2023 *\/\n.elementor-widget-image{text-align:center}.elementor-widget-image a{display:inline-block}.elementor-widget-image a img[src$=\".svg\"]{width:48px}.elementor-widget-image img{vertical-align:middle;display:inline-block}<\/style>\t\t\t\t\t\t\t\t\t\t\t\t<img fetchpriority=\"high\" decoding=\"async\" width=\"1024\" height=\"683\" src=\"https:\/\/www.laclauelite.com\/wp-content\/uploads\/2021\/09\/05-1024x683.jpg\" class=\"attachment-large size-large wp-image-9939\" alt=\"\" srcset=\"https:\/\/www.laclauelite.com\/wp-content\/uploads\/2021\/09\/05-1024x683.jpg 1024w, https:\/\/www.laclauelite.com\/wp-content\/uploads\/2021\/09\/05-300x200.jpg 300w, https:\/\/www.laclauelite.com\/wp-content\/uploads\/2021\/09\/05-768x512.jpg 768w, https:\/\/www.laclauelite.com\/wp-content\/uploads\/2021\/09\/05-1536x1025.jpg 1536w, https:\/\/www.laclauelite.com\/wp-content\/uploads\/2021\/09\/05-900x600.jpg 900w, https:\/\/www.laclauelite.com\/wp-content\/uploads\/2021\/09\/05-496x331.jpg 496w, https:\/\/www.laclauelite.com\/wp-content\/uploads\/2021\/09\/05.jpg 2000w\" sizes=\"(max-width: 1024px) 100vw, 1024px\" \/>\t\t\t\t\t\t\t\t\t\t\t\t\t\t\t<\/div>\n\t\t\t\t<\/div>\n\t\t\t\t\t<\/div>\n\t\t<\/div>\n\t\t\t\t<div class=\"elementor-column elementor-col-33 elementor-inner-column elementor-element elementor-element-f0a6cd5\" data-id=\"f0a6cd5\" data-element_type=\"column\">\n\t\t\t<div class=\"elementor-widget-wrap elementor-element-populated\">\n\t\t\t\t\t\t\t\t<div class=\"elementor-element elementor-element-811ec09 elementor-widget elementor-widget-heading\" data-id=\"811ec09\" data-element_type=\"widget\" data-widget_type=\"heading.default\">\n\t\t\t\t<div class=\"elementor-widget-container\">\n\t\t\t<h2 class=\"elementor-heading-title elementor-size-default\">La llave del \u00e9xito<\/h2>\t\t<\/div>\n\t\t\t\t<\/div>\n\t\t\t\t<div class=\"elementor-element elementor-element-3f463a9 elementor-widget elementor-widget-text-editor\" data-id=\"3f463a9\" data-element_type=\"widget\" data-widget_type=\"text-editor.default\">\n\t\t\t\t<div class=\"elementor-widget-container\">\n\t\t\t<style>\/*! elementor - v3.18.0 - 04-12-2023 *\/\n.elementor-widget-text-editor.elementor-drop-cap-view-stacked .elementor-drop-cap{background-color:#69727d;color:#fff}.elementor-widget-text-editor.elementor-drop-cap-view-framed .elementor-drop-cap{color:#69727d;border:3px solid;background-color:transparent}.elementor-widget-text-editor:not(.elementor-drop-cap-view-default) .elementor-drop-cap{margin-top:8px}.elementor-widget-text-editor:not(.elementor-drop-cap-view-default) .elementor-drop-cap-letter{width:1em;height:1em}.elementor-widget-text-editor .elementor-drop-cap{float:left;text-align:center;line-height:1;font-size:50px}.elementor-widget-text-editor .elementor-drop-cap-letter{display:inline-block}<\/style>\t\t\t\t<p><span style=\"color: #696a6a;\">Sea cual sea su proyecto, tenemos la llave de su \u00e9xito. Tanto si busca un alquiler vacacional en Sitges, como si lo que quiere es sacarle partido a su vivienda, nosotros nos ocuparemos de todo.<\/span><\/p>\t\t\t\t\t\t<\/div>\n\t\t\t\t<\/div>\n\t\t\t\t\t<\/div>\n\t\t<\/div>\n\t\t\t\t<div class=\"elementor-column elementor-col-33 elementor-inner-column elementor-element elementor-element-7e3cbd8\" data-id=\"7e3cbd8\" data-element_type=\"column\">\n\t\t\t<div class=\"elementor-widget-wrap elementor-element-populated\">\n\t\t\t\t\t\t\t\t<div class=\"elementor-element elementor-element-3dd148f elementor-widget elementor-widget-image\" data-id=\"3dd148f\" data-element_type=\"widget\" data-widget_type=\"image.default\">\n\t\t\t\t<div class=\"elementor-widget-container\">\n\t\t\t\t\t\t\t\t\t\t\t\t\t\t\t<img decoding=\"async\" width=\"1024\" height=\"683\" src=\"https:\/\/www.laclauelite.com\/wp-content\/uploads\/2021\/09\/108-1024x683.jpg\" class=\"attachment-large size-large wp-image-9950\" alt=\"\" srcset=\"https:\/\/www.laclauelite.com\/wp-content\/uploads\/2021\/09\/108-1024x683.jpg 1024w, https:\/\/www.laclauelite.com\/wp-content\/uploads\/2021\/09\/108-300x200.jpg 300w, https:\/\/www.laclauelite.com\/wp-content\/uploads\/2021\/09\/108-768x512.jpg 768w, https:\/\/www.laclauelite.com\/wp-content\/uploads\/2021\/09\/108-1536x1024.jpg 1536w, https:\/\/www.laclauelite.com\/wp-content\/uploads\/2021\/09\/108-900x600.jpg 900w, https:\/\/www.laclauelite.com\/wp-content\/uploads\/2021\/09\/108-496x331.jpg 496w, https:\/\/www.laclauelite.com\/wp-content\/uploads\/2021\/09\/108.jpg 1620w\" sizes=\"(max-width: 1024px) 100vw, 1024px\" \/>\t\t\t\t\t\t\t\t\t\t\t\t\t\t\t<\/div>\n\t\t\t\t<\/div>\n\t\t\t\t\t<\/div>\n\t\t<\/div>\n\t\t\t\t\t\t\t<\/div>\n\t\t<\/section>\n\t\t\t\t<section class=\"elementor-section elementor-inner-section elementor-element elementor-element-7980ea7 elementor-section-content-middle elementor-hidden-desktop elementor-hidden-tablet elementor-hidden-mobile elementor-section-boxed elementor-section-height-default elementor-section-height-default elementor-invisible\" data-id=\"7980ea7\" data-element_type=\"section\" data-settings=\"{&quot;animation&quot;:&quot;fadeInUp&quot;}\">\n\t\t\t\t\t\t<div class=\"elementor-container elementor-column-gap-no\">\n\t\t\t\t\t<div class=\"elementor-column elementor-col-33 elementor-inner-column elementor-element elementor-element-0200228\" data-id=\"0200228\" data-element_type=\"column\">\n\t\t\t<div class=\"elementor-widget-wrap elementor-element-populated\">\n\t\t\t\t\t\t\t\t<div class=\"elementor-element elementor-element-bed4238 elementor-widget elementor-widget-heading\" data-id=\"bed4238\" data-element_type=\"widget\" data-widget_type=\"heading.default\">\n\t\t\t\t<div class=\"elementor-widget-container\">\n\t\t\t<h2 class=\"elementor-heading-title elementor-size-default\">Contacto con el mercado<\/h2>\t\t<\/div>\n\t\t\t\t<\/div>\n\t\t\t\t<div class=\"elementor-element elementor-element-156cbf5 elementor-widget elementor-widget-text-editor\" data-id=\"156cbf5\" data-element_type=\"widget\" data-widget_type=\"text-editor.default\">\n\t\t\t\t<div class=\"elementor-widget-container\">\n\t\t\t\t\t\t\t<p><strong>Estamos en contacto estrecho con el mercado y con nuestros clientes desde hace m\u00e1s de 30 a\u00f1os.<\/strong><\/p><p style=\"text-align: justify;\"><span style=\"color: #696a6a;\"> Dominamos cualquier oficio relacionado con nuestro \u00e1mbito.<\/span><\/p>\t\t\t\t\t\t<\/div>\n\t\t\t\t<\/div>\n\t\t\t\t\t<\/div>\n\t\t<\/div>\n\t\t\t\t<div class=\"elementor-column elementor-col-33 elementor-inner-column elementor-element elementor-element-9361a87\" data-id=\"9361a87\" data-element_type=\"column\">\n\t\t\t<div class=\"elementor-widget-wrap elementor-element-populated\">\n\t\t\t\t\t\t\t\t<div class=\"elementor-element elementor-element-a7b9a04 elementor-widget elementor-widget-image\" data-id=\"a7b9a04\" data-element_type=\"widget\" data-widget_type=\"image.default\">\n\t\t\t\t<div class=\"elementor-widget-container\">\n\t\t\t\t\t\t\t\t\t\t\t\t\t\t\t<img decoding=\"async\" width=\"758\" height=\"564\" src=\"https:\/\/www.laclauelite.com\/wp-content\/uploads\/2021\/09\/14-1-758x564-1.jpg\" class=\"attachment-large size-large wp-image-9955\" alt=\"\" srcset=\"https:\/\/www.laclauelite.com\/wp-content\/uploads\/2021\/09\/14-1-758x564-1.jpg 758w, https:\/\/www.laclauelite.com\/wp-content\/uploads\/2021\/09\/14-1-758x564-1-300x223.jpg 300w, https:\/\/www.laclauelite.com\/wp-content\/uploads\/2021\/09\/14-1-758x564-1-120x90.jpg 120w, https:\/\/www.laclauelite.com\/wp-content\/uploads\/2021\/09\/14-1-758x564-1-496x369.jpg 496w\" sizes=\"(max-width: 758px) 100vw, 758px\" \/>\t\t\t\t\t\t\t\t\t\t\t\t\t\t\t<\/div>\n\t\t\t\t<\/div>\n\t\t\t\t\t<\/div>\n\t\t<\/div>\n\t\t\t\t<div class=\"elementor-column elementor-col-33 elementor-inner-column elementor-element elementor-element-3881c2e\" data-id=\"3881c2e\" data-element_type=\"column\">\n\t\t\t<div class=\"elementor-widget-wrap elementor-element-populated\">\n\t\t\t\t\t\t\t\t<div class=\"elementor-element elementor-element-3d30499 elementor-widget elementor-widget-heading\" data-id=\"3d30499\" data-element_type=\"widget\" data-widget_type=\"heading.default\">\n\t\t\t\t<div class=\"elementor-widget-container\">\n\t\t\t<h2 class=\"elementor-heading-title elementor-size-default\">\u00bfBusca alquiler vacacional?<\/h2>\t\t<\/div>\n\t\t\t\t<\/div>\n\t\t\t\t<div class=\"elementor-element elementor-element-1148402 elementor-widget elementor-widget-text-editor\" data-id=\"1148402\" data-element_type=\"widget\" data-widget_type=\"text-editor.default\">\n\t\t\t\t<div class=\"elementor-widget-container\">\n\t\t\t\t\t\t\t<p><span style=\"color: #696a6a;\"><a title=\"Siguiendo este enlace acceder\u00e1s a la oficina de turismo de Sitges.\" href=\"http:\/\/www.sitgestur.cat\/?l=es\" target=\"_blank\" rel=\"noopener\">Sitges<\/a> tiene una marca tur\u00edstica propia muy bien posicionada, tanto en el mercado nacional como en el internacional, es una regi\u00f3n de bellos paisajes naturales que combina el parque natural del Garraf con una fant\u00e1stica costa.<\/span><\/p>\t\t\t\t\t\t<\/div>\n\t\t\t\t<\/div>\n\t\t\t\t\t<\/div>\n\t\t<\/div>\n\t\t\t\t\t\t\t<\/div>\n\t\t<\/section>\n\t\t\t\t\t<\/div>\n\t\t<\/div>\n\t\t\t\t\t\t\t<\/div>\n\t\t<\/section>\n\t\t\t\t<section class=\"elementor-section elementor-top-section elementor-element elementor-element-9d53288 elementor-section-content-middle elementor-section-full_width elementor-section-stretched elementor-section-height-default elementor-section-height-default\" data-id=\"9d53288\" data-element_type=\"section\" data-settings=\"{&quot;background_background&quot;:&quot;classic&quot;,&quot;stretch_section&quot;:&quot;section-stretched&quot;}\">\n\t\t\t\t\t\t<div class=\"elementor-container elementor-column-gap-no\">\n\t\t\t\t\t<div class=\"elementor-column elementor-col-33 elementor-top-column elementor-element elementor-element-d8be551 animated-fast elementor-invisible\" data-id=\"d8be551\" data-element_type=\"column\" data-settings=\"{&quot;background_background&quot;:&quot;classic&quot;,&quot;animation&quot;:&quot;fadeIn&quot;}\">\n\t\t\t<div class=\"elementor-widget-wrap elementor-element-populated\">\n\t\t\t\t\t<div class=\"elementor-background-overlay\"><\/div>\n\t\t\t\t\t\t\t\t<section class=\"elementor-section elementor-inner-section elementor-element elementor-element-46df120 elementor-section-content-middle elementor-section-height-min-height animated-fast elementor-section-boxed elementor-section-height-default elementor-invisible\" data-id=\"46df120\" data-element_type=\"section\" data-settings=\"{&quot;background_background&quot;:&quot;classic&quot;,&quot;animation_delay&quot;:300,&quot;animation&quot;:&quot;fadeInLeft&quot;}\">\n\t\t\t\t\t\t<div class=\"elementor-container elementor-column-gap-no\">\n\t\t\t\t\t<div class=\"elementor-column elementor-col-100 elementor-inner-column elementor-element elementor-element-f19c9ed\" data-id=\"f19c9ed\" data-element_type=\"column\">\n\t\t\t<div class=\"elementor-widget-wrap elementor-element-populated\">\n\t\t\t\t\t\t\t\t<div class=\"elementor-element elementor-element-a2334e2 elementor-widget elementor-widget-heading\" data-id=\"a2334e2\" data-element_type=\"widget\" data-widget_type=\"heading.default\">\n\t\t\t\t<div class=\"elementor-widget-container\">\n\t\t\t<h3 class=\"elementor-heading-title elementor-size-default\">La cl\u00e9 du succ\u00e8s<\/h3>\t\t<\/div>\n\t\t\t\t<\/div>\n\t\t\t\t<div class=\"elementor-element elementor-element-bc601dd elementor-widget elementor-widget-text-editor\" data-id=\"bc601dd\" data-element_type=\"widget\" data-widget_type=\"text-editor.default\">\n\t\t\t\t<div class=\"elementor-widget-container\">\n\t\t\t\t\t\t\tQuel que soit votre projet, nous avons la cl\u00e9 de votre r\u00e9ussite. Que vous recherchiez une location de vacances \u00e0 Sitges ou que vous souhaitiez profiter au maximum de votre maison, nous nous occupons de tout.<\/span><\/pre>\t\t\t\t\t\t<\/div>\n\t\t\t\t<\/div>\n\t\t\t\t\t<\/div>\n\t\t<\/div>\n\t\t\t\t\t\t\t<\/div>\n\t\t<\/section>\n\t\t\t\t\t<\/div>\n\t\t<\/div>\n\t\t\t\t<div class=\"elementor-column elementor-col-33 elementor-top-column elementor-element elementor-element-1edd9e0 animated-fast elementor-invisible\" data-id=\"1edd9e0\" data-element_type=\"column\" data-settings=\"{&quot;background_background&quot;:&quot;classic&quot;,&quot;animation&quot;:&quot;fadeIn&quot;}\">\n\t\t\t<div class=\"elementor-widget-wrap elementor-element-populated\">\n\t\t\t\t\t<div class=\"elementor-background-overlay\"><\/div>\n\t\t\t\t\t\t\t\t<section class=\"elementor-section elementor-inner-section elementor-element elementor-element-e95f669 elementor-section-content-middle elementor-section-height-min-height animated-fast elementor-section-boxed elementor-section-height-default elementor-invisible\" data-id=\"e95f669\" data-element_type=\"section\" data-settings=\"{&quot;background_background&quot;:&quot;classic&quot;,&quot;animation_delay&quot;:300,&quot;animation&quot;:&quot;fadeInLeft&quot;}\">\n\t\t\t\t\t\t<div class=\"elementor-container elementor-column-gap-no\">\n\t\t\t\t\t<div class=\"elementor-column elementor-col-100 elementor-inner-column elementor-element elementor-element-e0afc22\" data-id=\"e0afc22\" data-element_type=\"column\">\n\t\t\t<div class=\"elementor-widget-wrap elementor-element-populated\">\n\t\t\t\t\t\t\t\t<div class=\"elementor-element elementor-element-82a5731 elementor-widget elementor-widget-heading\" data-id=\"82a5731\" data-element_type=\"widget\" data-widget_type=\"heading.default\">\n\t\t\t\t<div class=\"elementor-widget-container\">\n\t\t\t<h3 class=\"elementor-heading-title elementor-size-default\">Contact avec le march\u00e9<\/h3>\t\t<\/div>\n\t\t\t\t<\/div>\n\t\t\t\t<div class=\"elementor-element elementor-element-e88f3b1 elementor-widget elementor-widget-text-editor\" data-id=\"e88f3b1\" data-element_type=\"widget\" data-widget_type=\"text-editor.default\">\n\t\t\t\t<div class=\"elementor-widget-container\">\n\t\t\t\t\t\t\t<p>Nous sommes en contact \u00e9troit avec le march\u00e9 et avec nos clients depuis plus de 40 ans.<br \/><br \/><\/p><p>Nous ma\u00eetrisons tous les domaines li\u00e9s au monde de l\u2019immobilier.<\/p>\t\t\t\t\t\t<\/div>\n\t\t\t\t<\/div>\n\t\t\t\t\t<\/div>\n\t\t<\/div>\n\t\t\t\t\t\t\t<\/div>\n\t\t<\/section>\n\t\t\t\t\t<\/div>\n\t\t<\/div>\n\t\t\t\t<div class=\"elementor-column elementor-col-33 elementor-top-column elementor-element elementor-element-e93b790 animated-fast elementor-invisible\" data-id=\"e93b790\" data-element_type=\"column\" data-settings=\"{&quot;background_background&quot;:&quot;classic&quot;,&quot;animation&quot;:&quot;fadeIn&quot;}\">\n\t\t\t<div class=\"elementor-widget-wrap elementor-element-populated\">\n\t\t\t\t\t<div class=\"elementor-background-overlay\"><\/div>\n\t\t\t\t\t\t\t\t<section class=\"elementor-section elementor-inner-section elementor-element elementor-element-11e86e2 elementor-section-content-middle elementor-section-height-min-height animated-fast elementor-section-boxed elementor-section-height-default elementor-invisible\" data-id=\"11e86e2\" data-element_type=\"section\" data-settings=\"{&quot;background_background&quot;:&quot;classic&quot;,&quot;animation_delay&quot;:300,&quot;animation&quot;:&quot;fadeInLeft&quot;}\">\n\t\t\t\t\t\t<div class=\"elementor-container elementor-column-gap-no\">\n\t\t\t\t\t<div class=\"elementor-column elementor-col-100 elementor-inner-column elementor-element elementor-element-a97f5ca\" data-id=\"a97f5ca\" data-element_type=\"column\">\n\t\t\t<div class=\"elementor-widget-wrap elementor-element-populated\">\n\t\t\t\t\t\t\t\t<div class=\"elementor-element elementor-element-df4d26c elementor-widget elementor-widget-heading\" data-id=\"df4d26c\" data-element_type=\"widget\" data-widget_type=\"heading.default\">\n\t\t\t\t<div class=\"elementor-widget-container\">\n\t\t\t<h3 class=\"elementor-heading-title elementor-size-default\">A la recherche d'une location de vacances?<\/h3>\t\t<\/div>\n\t\t\t\t<\/div>\n\t\t\t\t<div class=\"elementor-element elementor-element-1afc8ad elementor-widget elementor-widget-text-editor\" data-id=\"1afc8ad\" data-element_type=\"widget\" data-widget_type=\"text-editor.default\">\n\t\t\t\t<div class=\"elementor-widget-container\">\n\t\t\t\t\t\t\t<p>Sitges a sa propre marque touristique tr\u00e8s bien positionn\u00e9e, \u00e0 la fois sur les march\u00e9s nationaux et internationaux, c&#8217;est une r\u00e9gion de beaux paysages naturels qui combine le parc naturel du Garraf avec un littoral fantastique.<\/p>\t\t\t\t\t\t<\/div>\n\t\t\t\t<\/div>\n\t\t\t\t\t<\/div>\n\t\t<\/div>\n\t\t\t\t\t\t\t<\/div>\n\t\t<\/section>\n\t\t\t\t\t<\/div>\n\t\t<\/div>\n\t\t\t\t\t\t\t<\/div>\n\t\t<\/section>\n\t\t\t\t<section class=\"elementor-section elementor-top-section elementor-element elementor-element-67cd5d4 elementor-section-boxed elementor-section-height-default elementor-section-height-default\" data-id=\"67cd5d4\" data-element_type=\"section\">\n\t\t\t\t\t\t<div class=\"elementor-container elementor-column-gap-default\">\n\t\t\t\t\t<div class=\"elementor-column elementor-col-100 elementor-top-column elementor-element elementor-element-951a785\" data-id=\"951a785\" data-element_type=\"column\">\n\t\t\t<div class=\"elementor-widget-wrap elementor-element-populated\">\n\t\t\t\t\t\t\t\t<div class=\"elementor-element elementor-element-67074b2 animated-slow elementor-invisible elementor-widget elementor-widget-heading\" data-id=\"67074b2\" data-element_type=\"widget\" data-settings=\"{&quot;_animation&quot;:&quot;fadeIn&quot;}\" data-widget_type=\"heading.default\">\n\t\t\t\t<div class=\"elementor-widget-container\">\n\t\t\t<h3 class=\"elementor-heading-title elementor-size-large\">Maisons<\/h3>\t\t<\/div>\n\t\t\t\t<\/div>\n\t\t\t\t\t<\/div>\n\t\t<\/div>\n\t\t\t\t\t\t\t<\/div>\n\t\t<\/section>\n\t\t\t\t<section class=\"elementor-section elementor-top-section elementor-element elementor-element-d4862e7 animated-slow elementor-section-boxed elementor-section-height-default elementor-section-height-default elementor-invisible\" data-id=\"d4862e7\" data-element_type=\"section\" data-settings=\"{&quot;animation&quot;:&quot;fadeIn&quot;,&quot;animation_delay&quot;:0}\">\n\t\t\t\t\t\t<div class=\"elementor-container elementor-column-gap-default\">\n\t\t\t\t\t<div class=\"elementor-column elementor-col-100 elementor-top-column elementor-element elementor-element-bef1a5c\" data-id=\"bef1a5c\" data-element_type=\"column\">\n\t\t\t<div class=\"elementor-widget-wrap elementor-element-populated\">\n\t\t\t\t\t\t\t\t<div class=\"elementor-element elementor-element-09b5d4c elementor-widget elementor-widget-houzez_elementor_properties_carousel_v2\" data-id=\"09b5d4c\" data-element_type=\"widget\" data-widget_type=\"houzez_elementor_properties_carousel_v2.default\">\n\t\t\t\t<div class=\"elementor-widget-container\">\n\t\t\t\r\n\t\t<div class=\"property-carousel-module houzez-carousel-arrows-x2gLQ houzez-carousel-cols-1 property-carousel-module-v2\">\r\n\r\n\t\t\t<div class=\"property-carousel-buttons-wrap\">\r\n\t\t\t\t\t\t\t\t<button type=\"button\" class=\"slick-prev-js-x2gLQ slick-prev btn-primary-outlined\">Prev<\/button>\r\n\t\t\t\t<button type=\"button\" class=\"slick-next-js-x2gLQ slick-next btn-primary-outlined\">Prochain<\/button>\r\n\t\t\t\t\t\t\t\t\t\t\t<\/div><!-- property-carousel-buttons-wrap -->\r\n\r\n\t\t\t<div class=\"listing-view grid-view\">\r\n\t\t\t\t\r\n\t\t\t\t<div id=\"houzez-properties-carousel-x2gLQ\" data-token=\"x2gLQ\" class=\"houzez-properties-carousel-js houzez-all-slider-wrap card-deck\">\r\n\t\t\t\t\t<div class=\"item-listing-wrap hz-item-gallery-js card\" data-hz-id=\"hz-1081984\" data-images=\"[{&quot;image&quot;:&quot;https:\\\/\\\/fotos15.apinmo.com\\\/1045\\\/20965375\\\/61-1.jpg&quot;,&quot;alt&quot;:&quot;Casa de pescadores en el centro de sitges - imagenInmueble0&quot;},{&quot;image&quot;:&quot;https:\\\/\\\/fotos15.apinmo.com\\\/1045\\\/20965375\\\/61-1.jpg&quot;,&quot;alt&quot;:&quot;Casa de pescadores en el centro de sitges - imagenInmueble0&quot;},{&quot;image&quot;:&quot;https:\\\/\\\/fotos15.apinmo.com\\\/1045\\\/20965375\\\/61-2.jpg&quot;,&quot;alt&quot;:&quot;Casa de pescadores en el centro de sitges - imagenInmueble1&quot;},{&quot;image&quot;:&quot;https:\\\/\\\/fotos15.apinmo.com\\\/1045\\\/20965375\\\/61-3.jpg&quot;,&quot;alt&quot;:&quot;Casa de pescadores en el centro de sitges - imagenInmueble2&quot;},{&quot;image&quot;:&quot;https:\\\/\\\/fotos15.apinmo.com\\\/1045\\\/20965375\\\/61-4.jpg&quot;,&quot;alt&quot;:&quot;Casa de pescadores en el centro de sitges - imagenInmueble3&quot;},{&quot;image&quot;:&quot;https:\\\/\\\/fotos15.apinmo.com\\\/1045\\\/20965375\\\/61-5.jpg&quot;,&quot;alt&quot;:&quot;Casa de pescadores en el centro de sitges - imagenInmueble4&quot;},{&quot;image&quot;:&quot;https:\\\/\\\/fotos15.apinmo.com\\\/1045\\\/20965375\\\/61-6.jpg&quot;,&quot;alt&quot;:&quot;Casa de pescadores en el centro de sitges - imagenInmueble5&quot;},{&quot;image&quot;:&quot;https:\\\/\\\/fotos15.apinmo.com\\\/1045\\\/20965375\\\/61-7.jpg&quot;,&quot;alt&quot;:&quot;Casa de pescadores en el centro de sitges - imagenInmueble6&quot;},{&quot;image&quot;:&quot;https:\\\/\\\/fotos15.apinmo.com\\\/1045\\\/20965375\\\/61-8.jpg&quot;,&quot;alt&quot;:&quot;Casa de pescadores en el centro de sitges - imagenInmueble7&quot;},{&quot;image&quot;:&quot;https:\\\/\\\/fotos15.apinmo.com\\\/1045\\\/20965375\\\/61-9.jpg&quot;,&quot;alt&quot;:&quot;Casa de pescadores en el centro de sitges - imagenInmueble8&quot;},{&quot;image&quot;:&quot;https:\\\/\\\/fotos15.apinmo.com\\\/1045\\\/20965375\\\/61-10.jpg&quot;,&quot;alt&quot;:&quot;Casa de pescadores en el centro de sitges - imagenInmueble9&quot;},{&quot;image&quot;:&quot;https:\\\/\\\/fotos15.apinmo.com\\\/1045\\\/20965375\\\/61-11.jpg&quot;,&quot;alt&quot;:&quot;Casa de pescadores en el centro de sitges - imagenInmueble10&quot;},{&quot;image&quot;:&quot;https:\\\/\\\/fotos15.apinmo.com\\\/1045\\\/20965375\\\/61-12.jpg&quot;,&quot;alt&quot;:&quot;Casa de pescadores en el centro de sitges - imagenInmueble11&quot;},{&quot;image&quot;:&quot;https:\\\/\\\/fotos15.apinmo.com\\\/1045\\\/20965375\\\/61-13.jpg&quot;,&quot;alt&quot;:&quot;Casa de pescadores en el centro de sitges - imagenInmueble12&quot;},{&quot;image&quot;:&quot;https:\\\/\\\/fotos15.apinmo.com\\\/1045\\\/20965375\\\/61-14.jpg&quot;,&quot;alt&quot;:&quot;Casa de pescadores en el centro de sitges - imagenInmueble13&quot;},{&quot;image&quot;:&quot;https:\\\/\\\/fotos15.apinmo.com\\\/1045\\\/20965375\\\/61-15.jpg&quot;,&quot;alt&quot;:&quot;Casa de pescadores en el centro de sitges - imagenInmueble14&quot;},{&quot;image&quot;:&quot;https:\\\/\\\/fotos15.apinmo.com\\\/1045\\\/20965375\\\/61-16.jpg&quot;,&quot;alt&quot;:&quot;Casa de pescadores en el centro de sitges - imagenInmueble15&quot;},{&quot;image&quot;:&quot;https:\\\/\\\/fotos15.apinmo.com\\\/1045\\\/20965375\\\/61-17.jpg&quot;,&quot;alt&quot;:&quot;Casa de pescadores en el centro de sitges - imagenInmueble16&quot;},{&quot;image&quot;:&quot;https:\\\/\\\/fotos15.apinmo.com\\\/1045\\\/20965375\\\/61-18.jpg&quot;,&quot;alt&quot;:&quot;Casa de pescadores en el centro de sitges - imagenInmueble17&quot;},{&quot;image&quot;:&quot;https:\\\/\\\/fotos15.apinmo.com\\\/1045\\\/20965375\\\/61-19.jpg&quot;,&quot;alt&quot;:&quot;Casa de pescadores en el centro de sitges - imagenInmueble18&quot;},{&quot;image&quot;:&quot;https:\\\/\\\/fotos15.apinmo.com\\\/1045\\\/20965375\\\/61-20.jpg&quot;,&quot;alt&quot;:&quot;Casa de pescadores en el centro de sitges - imagenInmueble19&quot;},{&quot;image&quot;:&quot;https:\\\/\\\/fotos15.apinmo.com\\\/1045\\\/20965375\\\/61-21.jpg&quot;,&quot;alt&quot;:&quot;Casa de pescadores en el centro de sitges - imagenInmueble20&quot;},{&quot;image&quot;:&quot;https:\\\/\\\/fotos15.apinmo.com\\\/1045\\\/20965375\\\/61-22.jpg&quot;,&quot;alt&quot;:&quot;Casa de pescadores en el centro de sitges - imagenInmueble21&quot;},{&quot;image&quot;:&quot;https:\\\/\\\/fotos15.apinmo.com\\\/1045\\\/20965375\\\/61-23.jpg&quot;,&quot;alt&quot;:&quot;Casa de pescadores en el centro de sitges - imagenInmueble22&quot;},{&quot;image&quot;:&quot;https:\\\/\\\/fotos15.apinmo.com\\\/1045\\\/20965375\\\/61-24.jpg&quot;,&quot;alt&quot;:&quot;Casa de pescadores en el centro de sitges - imagenInmueble23&quot;},{&quot;image&quot;:&quot;https:\\\/\\\/fotos15.apinmo.com\\\/1045\\\/20965375\\\/61-25.jpg&quot;,&quot;alt&quot;:&quot;Casa de pescadores en el centro de sitges - imagenInmueble24&quot;},{&quot;image&quot;:&quot;https:\\\/\\\/fotos15.apinmo.com\\\/1045\\\/20965375\\\/61-26.jpg&quot;,&quot;alt&quot;:&quot;Casa de pescadores en el centro de sitges - imagenInmueble25&quot;},{&quot;image&quot;:&quot;https:\\\/\\\/fotos15.apinmo.com\\\/1045\\\/20965375\\\/61-27.jpg&quot;,&quot;alt&quot;:&quot;Casa de pescadores en el centro de sitges - imagenInmueble26&quot;},{&quot;image&quot;:&quot;https:\\\/\\\/fotos15.apinmo.com\\\/1045\\\/20965375\\\/61-28.jpg&quot;,&quot;alt&quot;:&quot;Casa de pescadores en el centro de sitges - imagenInmueble27&quot;},{&quot;image&quot;:&quot;https:\\\/\\\/fotos15.apinmo.com\\\/1045\\\/20965375\\\/61-29.jpg&quot;,&quot;alt&quot;:&quot;Casa de pescadores en el centro de sitges - imagenInmueble28&quot;},{&quot;image&quot;:&quot;https:\\\/\\\/fotos15.apinmo.com\\\/1045\\\/20965375\\\/61-30.jpg&quot;,&quot;alt&quot;:&quot;Casa de pescadores en el centro de sitges - imagenInmueble29&quot;},{&quot;image&quot;:&quot;https:\\\/\\\/fotos15.apinmo.com\\\/1045\\\/20965375\\\/61-31.jpg&quot;,&quot;alt&quot;:&quot;Casa de pescadores en el centro de sitges - imagenInmueble30&quot;},{&quot;image&quot;:&quot;https:\\\/\\\/fotos15.apinmo.com\\\/1045\\\/20965375\\\/61-32.jpg&quot;,&quot;alt&quot;:&quot;Casa de pescadores en el centro de sitges - imagenInmueble31&quot;},{&quot;image&quot;:&quot;https:\\\/\\\/fotos15.apinmo.com\\\/1045\\\/20965375\\\/61-33.jpg&quot;,&quot;alt&quot;:&quot;Casa de pescadores en el centro de sitges - imagenInmueble32&quot;},{&quot;image&quot;:&quot;https:\\\/\\\/fotos15.apinmo.com\\\/1045\\\/20965375\\\/61-34.jpg&quot;,&quot;alt&quot;:&quot;Casa de pescadores en el centro de sitges - imagenInmueble33&quot;},{&quot;image&quot;:&quot;https:\\\/\\\/fotos15.apinmo.com\\\/1045\\\/20965375\\\/61-35.jpg&quot;,&quot;alt&quot;:&quot;Casa de pescadores en el centro de sitges - imagenInmueble34&quot;},{&quot;image&quot;:&quot;https:\\\/\\\/fotos15.apinmo.com\\\/1045\\\/20965375\\\/61-36.jpg&quot;,&quot;alt&quot;:&quot;Casa de pescadores en el centro de sitges - imagenInmueble35&quot;},{&quot;image&quot;:&quot;https:\\\/\\\/fotos15.apinmo.com\\\/1045\\\/20965375\\\/61-37.jpg&quot;,&quot;alt&quot;:&quot;Casa de pescadores en el centro de sitges - imagenInmueble36&quot;},{&quot;image&quot;:&quot;https:\\\/\\\/fotos15.apinmo.com\\\/1045\\\/20965375\\\/61-38.jpg&quot;,&quot;alt&quot;:&quot;Casa de pescadores en el centro de sitges - imagenInmueble37&quot;},{&quot;image&quot;:&quot;https:\\\/\\\/fotos15.apinmo.com\\\/1045\\\/20965375\\\/61-39.jpg&quot;,&quot;alt&quot;:&quot;Casa de pescadores en el centro de sitges - imagenInmueble38&quot;}]\">\n\t<div class=\"item-wrap item-wrap-v1 item-wrap-no-frame h-100\">\n\t\t<div class=\"d-flex align-items-center h-100\">\n\t\t\t<div class=\"item-header\">\n\t\t\t\t\t\t\t\t<div class=\"labels-wrap labels-right\"> \n\n\t<a href=\"https:\/\/www.laclauelite.com\/fr\/status\/vente\/\" class=\"label-status label status-color-165\">\n\t\t\t\t\tVente\n\t\t\t\t<\/a>       \n\n<\/div>\n\t\t\t\t<ul class=\"item-price-wrap hide-on-list\">\n\t<li class=\"item-price\">995,000\u20ac<\/li><\/ul>\t\t\t\t<ul class=\"item-tools\">\n\n        <li class=\"item-tool item-preview\">\n        <span class=\"hz-show-lightbox-js\" data-listid=\"1081984\" data-toggle=\"tooltip\" data-placement=\"top\" title=\"Preview\">\n                <i class=\"houzez-icon icon-expand-3\"><\/i>   \n        <\/span><!-- item-tool-favorite -->\n    <\/li><!-- item-tool -->\n        \n        <li class=\"item-tool item-favorite\">\n        <span class=\"add-favorite-js item-tool-favorite\" data-toggle=\"tooltip\" data-placement=\"top\" title=\"Favourite\" data-listid=\"1081984\">\n            <i class=\"houzez-icon icon-love-it \"><\/i> \n        <\/span><!-- item-tool-favorite -->\n    <\/li><!-- item-tool -->\n    \n        <li class=\"item-tool item-compare\">\n        <span class=\"houzez_compare compare-1081984 item-tool-compare show-compare-panel\" data-toggle=\"tooltip\" data-placement=\"top\" title=\"Add to Compare\" data-listing_id=\"1081984\" data-listing_image=\"https:\/\/fotos15.apinmo.com\/1045\/20965375\/61-1.jpg\">\n            <i class=\"houzez-icon icon-add-circle\"><\/i>\n        <\/span><!-- item-tool-compare -->\n    <\/li><!-- item-tool -->\n    <\/ul><!-- item-tools -->\n\t\t\t\t<div class=\"listing-image-wrap\">\n\t<div class=\"listing-thumb\">\n\t\t<a target=_self href=\"https:\/\/www.laclauelite.com\/fr\/property\/casa-de-pescadores-en-el-centro-de-sitges-11086-fr\/\" class=\"listing-featured-thumb hover-effect\">\n\t\t\t                                                                                                                                                                                    <img loading=\"lazy\" decoding=\"async\" width=\"850\" height=\"426\" src=\"https:\/\/fotos15.apinmo.com\/1045\/20965375\/61-1.jpg\" class=\"img-fluid wp-post-image\" alt=\"Casa de pescadores en el centro de sitges - imagenInmueble0\" srcset=\"https:\/\/fotos15.apinmo.com\/1045\/20965375\/61-1.jpg 850w, https:\/\/fotos15.apinmo.com\/1045\/20965375\/61-1.jpg 300w, https:\/\/fotos15.apinmo.com\/1045\/20965375\/61-1.jpg 768w, https:\/\/fotos15.apinmo.com\/1045\/20965375\/61-1s.jpg 150w, https:\/\/fotos15.apinmo.com\/1045\/20965375\/61-1.jpg 536w, https:\/\/fotos15.apinmo.com\/1045\/20965375\/61-1.jpg 770w\" sizes=\"(max-width: 850px) 100vw, 850px\" \/>\t\t<\/a><!-- hover-effect -->\n\t<\/div>\n<\/div>\n\t\t\t\t<div class=\"preview_loader\"><\/div>\n\t\t\t<\/div><!-- item-header -->\t\n\t\t\t<div class=\"item-body flex-grow-1\">\n\t\t\t\t<div class=\"labels-wrap labels-right\"> \n\n\t<a href=\"https:\/\/www.laclauelite.com\/fr\/status\/vente\/\" class=\"label-status label status-color-165\">\n\t\t\t\t\tVente\n\t\t\t\t<\/a>       \n\n<\/div>\n\t\t\t\t<h2 class=\"item-title\">\n\t<a target=_self href=\"https:\/\/www.laclauelite.com\/fr\/property\/casa-de-pescadores-en-el-centro-de-sitges-11086-fr\/\">Casa de pescadores en el centro de Sitges &#8211; 11086<\/a>\n<\/h2><!-- item-title -->\t\t\t\t<ul class=\"item-price-wrap hide-on-list\">\n\t<li class=\"item-price\">995,000\u20ac<\/li><\/ul>\t\t\t\t<address class=\"item-address\">Sitges,Barcelona,Spain<\/address>\t\t\t\t<ul class=\"item-amenities item-amenities-with-icons\">\n\t<li class=\"h-beds\"><i class=\"houzez-icon icon-hotel-double-bed-1 mr-1\"><\/i><span class=\"item-amenities-text\">Camas:<\/span> <span class=\"hz-figure\">3<\/span><\/li><li class=\"h-baths\"><i class=\"houzez-icon icon-bathroom-shower-1 mr-1\"><\/i><span class=\"item-amenities-text\">Ba\u00f1os:<\/span> <span class=\"hz-figure\">3<\/span><\/li><li class=\"h-area\"><i class=\"houzez-icon icon-ruler-triangle mr-1\"><\/i><span class=\"hz-figure\">160<\/span> <span class=\"hz-figure area_postfix\">m&sup2;<\/span><\/li><li class=\"h-type\"><span>Houses<\/span><\/li><\/ul>\t\t\t\t<a class=\"btn btn-primary btn-item \" target=_self href=\"https:\/\/www.laclauelite.com\/fr\/property\/casa-de-pescadores-en-el-centro-de-sitges-11086-fr\/\">\n\tD\u00e9tails<\/a><!-- btn-item -->\n\t\t\t\t<div class=\"item-author\">\n\t<i class=\"houzez-icon icon-single-neutral mr-1\"><\/i>\n\t<a href=\"https:\/\/www.laclauelite.com\/fr\/agent\/fincas-la-clau-elite\/\">Fincas La Clau Elite<\/a> <\/div><!-- item-author -->\n\t\t\t\t<div class=\"item-date\">\n\t<i class=\"houzez-icon icon-attachment mr-1\"><\/i>\n\til y a2 jours<\/div><!-- item-date -->\n\t\t\t<\/div><!-- item-body -->\n\n\t\t\t\t\t\t<div class=\"item-footer clearfix\">\n\t\t\t\t<div class=\"item-author\">\n\t<i class=\"houzez-icon icon-single-neutral mr-1\"><\/i>\n\t<a href=\"https:\/\/www.laclauelite.com\/fr\/agent\/fincas-la-clau-elite\/\">Fincas La Clau Elite<\/a> <\/div><!-- item-author -->\n\t\t\t\t<div class=\"item-date\">\n\t<i class=\"houzez-icon icon-attachment mr-1\"><\/i>\n\til y a2 jours<\/div><!-- item-date -->\n\t\t\t<\/div>\n\t\t\t\t\t<\/div><!-- d-flex -->\n\t<\/div><!-- item-wrap -->\n<\/div><!-- item-listing-wrap --><div class=\"item-listing-wrap hz-item-gallery-js card\" data-hz-id=\"hz-1082121\" data-images=\"[{&quot;image&quot;:&quot;https:\\\/\\\/fotos15.apinmo.com\\\/1045\\\/28359471\\\/20-1.jpg&quot;,&quot;alt&quot;:&quot;Casa pareada en levantina con magnificas vistas al mar y a sitges - imagenInmueble0&quot;},{&quot;image&quot;:&quot;https:\\\/\\\/fotos15.apinmo.com\\\/1045\\\/28359471\\\/20-1.jpg&quot;,&quot;alt&quot;:&quot;Casa pareada en levantina con magnificas vistas al mar y a sitges - imagenInmueble0&quot;},{&quot;image&quot;:&quot;https:\\\/\\\/fotos15.apinmo.com\\\/1045\\\/28359471\\\/20-2.jpg&quot;,&quot;alt&quot;:&quot;Casa pareada en levantina con magnificas vistas al mar y a sitges - imagenInmueble1&quot;},{&quot;image&quot;:&quot;https:\\\/\\\/fotos15.apinmo.com\\\/1045\\\/28359471\\\/20-3.jpg&quot;,&quot;alt&quot;:&quot;Casa pareada en levantina con magnificas vistas al mar y a sitges - imagenInmueble2&quot;},{&quot;image&quot;:&quot;https:\\\/\\\/fotos15.apinmo.com\\\/1045\\\/28359471\\\/20-4.jpg&quot;,&quot;alt&quot;:&quot;Casa pareada en levantina con magnificas vistas al mar y a sitges - imagenInmueble3&quot;},{&quot;image&quot;:&quot;https:\\\/\\\/fotos15.apinmo.com\\\/1045\\\/28359471\\\/20-5.jpg&quot;,&quot;alt&quot;:&quot;Casa pareada en levantina con magnificas vistas al mar y a sitges - imagenInmueble4&quot;},{&quot;image&quot;:&quot;https:\\\/\\\/fotos15.apinmo.com\\\/1045\\\/28359471\\\/20-6.jpg&quot;,&quot;alt&quot;:&quot;Casa pareada en levantina con magnificas vistas al mar y a sitges - imagenInmueble5&quot;},{&quot;image&quot;:&quot;https:\\\/\\\/fotos15.apinmo.com\\\/1045\\\/28359471\\\/20-7.jpg&quot;,&quot;alt&quot;:&quot;Casa pareada en levantina con magnificas vistas al mar y a sitges - imagenInmueble6&quot;},{&quot;image&quot;:&quot;https:\\\/\\\/fotos15.apinmo.com\\\/1045\\\/28359471\\\/20-8.jpg&quot;,&quot;alt&quot;:&quot;Casa pareada en levantina con magnificas vistas al mar y a sitges - imagenInmueble7&quot;},{&quot;image&quot;:&quot;https:\\\/\\\/fotos15.apinmo.com\\\/1045\\\/28359471\\\/20-9.jpg&quot;,&quot;alt&quot;:&quot;Casa pareada en levantina con magnificas vistas al mar y a sitges - imagenInmueble8&quot;},{&quot;image&quot;:&quot;https:\\\/\\\/fotos15.apinmo.com\\\/1045\\\/28359471\\\/20-10.jpg&quot;,&quot;alt&quot;:&quot;Casa pareada en levantina con magnificas vistas al mar y a sitges - imagenInmueble9&quot;},{&quot;image&quot;:&quot;https:\\\/\\\/fotos15.apinmo.com\\\/1045\\\/28359471\\\/20-11.jpg&quot;,&quot;alt&quot;:&quot;Casa pareada en levantina con magnificas vistas al mar y a sitges - imagenInmueble10&quot;},{&quot;image&quot;:&quot;https:\\\/\\\/fotos15.apinmo.com\\\/1045\\\/28359471\\\/20-12.jpg&quot;,&quot;alt&quot;:&quot;Casa pareada en levantina con magnificas vistas al mar y a sitges - imagenInmueble11&quot;},{&quot;image&quot;:&quot;https:\\\/\\\/fotos15.apinmo.com\\\/1045\\\/28359471\\\/20-13.jpg&quot;,&quot;alt&quot;:&quot;Casa pareada en levantina con magnificas vistas al mar y a sitges - imagenInmueble12&quot;},{&quot;image&quot;:&quot;https:\\\/\\\/fotos15.apinmo.com\\\/1045\\\/28359471\\\/20-14.jpg&quot;,&quot;alt&quot;:&quot;Casa pareada en levantina con magnificas vistas al mar y a sitges - imagenInmueble13&quot;},{&quot;image&quot;:&quot;https:\\\/\\\/fotos15.apinmo.com\\\/1045\\\/28359471\\\/20-15.jpg&quot;,&quot;alt&quot;:&quot;Casa pareada en levantina con magnificas vistas al mar y a sitges - imagenInmueble14&quot;},{&quot;image&quot;:&quot;https:\\\/\\\/fotos15.apinmo.com\\\/1045\\\/28359471\\\/20-16.jpg&quot;,&quot;alt&quot;:&quot;Casa pareada en levantina con magnificas vistas al mar y a sitges - imagenInmueble15&quot;},{&quot;image&quot;:&quot;https:\\\/\\\/fotos15.apinmo.com\\\/1045\\\/28359471\\\/20-17.jpg&quot;,&quot;alt&quot;:&quot;Casa pareada en levantina con magnificas vistas al mar y a sitges - imagenInmueble16&quot;},{&quot;image&quot;:&quot;https:\\\/\\\/fotos15.apinmo.com\\\/1045\\\/28359471\\\/20-18.jpg&quot;,&quot;alt&quot;:&quot;Casa pareada en levantina con magnificas vistas al mar y a sitges - imagenInmueble17&quot;},{&quot;image&quot;:&quot;https:\\\/\\\/fotos15.apinmo.com\\\/1045\\\/28359471\\\/20-19.jpg&quot;,&quot;alt&quot;:&quot;Casa pareada en levantina con magnificas vistas al mar y a sitges - imagenInmueble18&quot;},{&quot;image&quot;:&quot;https:\\\/\\\/fotos15.apinmo.com\\\/1045\\\/28359471\\\/20-20.jpg&quot;,&quot;alt&quot;:&quot;Casa pareada en levantina con magnificas vistas al mar y a sitges - imagenInmueble19&quot;},{&quot;image&quot;:&quot;https:\\\/\\\/fotos15.apinmo.com\\\/1045\\\/28359471\\\/20-21.jpg&quot;,&quot;alt&quot;:&quot;Casa pareada en levantina con magnificas vistas al mar y a sitges - imagenInmueble20&quot;},{&quot;image&quot;:&quot;https:\\\/\\\/fotos15.apinmo.com\\\/1045\\\/28359471\\\/20-22.jpg&quot;,&quot;alt&quot;:&quot;Casa pareada en levantina con magnificas vistas al mar y a sitges - imagenInmueble21&quot;},{&quot;image&quot;:&quot;https:\\\/\\\/fotos15.apinmo.com\\\/1045\\\/28359471\\\/20-23.jpg&quot;,&quot;alt&quot;:&quot;Casa pareada en levantina con magnificas vistas al mar y a sitges - imagenInmueble22&quot;},{&quot;image&quot;:&quot;https:\\\/\\\/fotos15.apinmo.com\\\/1045\\\/28359471\\\/20-24.jpg&quot;,&quot;alt&quot;:&quot;Casa pareada en levantina con magnificas vistas al mar y a sitges - imagenInmueble23&quot;},{&quot;image&quot;:&quot;https:\\\/\\\/fotos15.apinmo.com\\\/1045\\\/28359471\\\/20-25.jpg&quot;,&quot;alt&quot;:&quot;Casa pareada en levantina con magnificas vistas al mar y a sitges - imagenInmueble24&quot;},{&quot;image&quot;:&quot;https:\\\/\\\/fotos15.apinmo.com\\\/1045\\\/28359471\\\/20-26.jpg&quot;,&quot;alt&quot;:&quot;Casa pareada en levantina con magnificas vistas al mar y a sitges - imagenInmueble25&quot;},{&quot;image&quot;:&quot;https:\\\/\\\/fotos15.apinmo.com\\\/1045\\\/28359471\\\/20-27.jpg&quot;,&quot;alt&quot;:&quot;Casa pareada en levantina con magnificas vistas al mar y a sitges - imagenInmueble26&quot;},{&quot;image&quot;:&quot;https:\\\/\\\/fotos15.apinmo.com\\\/1045\\\/28359471\\\/20-28.jpg&quot;,&quot;alt&quot;:&quot;Casa pareada en levantina con magnificas vistas al mar y a sitges - imagenInmueble27&quot;},{&quot;image&quot;:&quot;https:\\\/\\\/fotos15.apinmo.com\\\/1045\\\/28359471\\\/20-29.jpg&quot;,&quot;alt&quot;:&quot;Casa pareada en levantina con magnificas vistas al mar y a sitges - imagenInmueble28&quot;},{&quot;image&quot;:&quot;https:\\\/\\\/fotos15.apinmo.com\\\/1045\\\/28359471\\\/20-30.jpg&quot;,&quot;alt&quot;:&quot;Casa pareada en levantina con magnificas vistas al mar y a sitges - imagenInmueble29&quot;},{&quot;image&quot;:&quot;https:\\\/\\\/fotos15.apinmo.com\\\/1045\\\/28359471\\\/20-31.jpg&quot;,&quot;alt&quot;:&quot;Casa pareada en levantina con magnificas vistas al mar y a sitges - imagenInmueble30&quot;},{&quot;image&quot;:&quot;https:\\\/\\\/fotos15.apinmo.com\\\/1045\\\/28359471\\\/20-32.jpg&quot;,&quot;alt&quot;:&quot;Casa pareada en levantina con magnificas vistas al mar y a sitges - imagenInmueble31&quot;},{&quot;image&quot;:&quot;https:\\\/\\\/fotos15.apinmo.com\\\/1045\\\/28359471\\\/20-33.jpg&quot;,&quot;alt&quot;:&quot;Casa pareada en levantina con magnificas vistas al mar y a sitges - imagenInmueble32&quot;},{&quot;image&quot;:&quot;https:\\\/\\\/fotos15.apinmo.com\\\/1045\\\/28359471\\\/20-34.jpg&quot;,&quot;alt&quot;:&quot;Casa pareada en levantina con magnificas vistas al mar y a sitges - imagenInmueble33&quot;},{&quot;image&quot;:&quot;https:\\\/\\\/fotos15.apinmo.com\\\/1045\\\/28359471\\\/20-35.jpg&quot;,&quot;alt&quot;:&quot;Casa pareada en levantina con magnificas vistas al mar y a sitges - imagenInmueble34&quot;},{&quot;image&quot;:&quot;https:\\\/\\\/fotos15.apinmo.com\\\/1045\\\/28359471\\\/20-36.jpg&quot;,&quot;alt&quot;:&quot;Casa pareada en levantina con magnificas vistas al mar y a sitges - imagenInmueble35&quot;},{&quot;image&quot;:&quot;https:\\\/\\\/fotos15.apinmo.com\\\/1045\\\/28359471\\\/20-37.jpg&quot;,&quot;alt&quot;:&quot;Casa pareada en levantina con magnificas vistas al mar y a sitges - imagenInmueble36&quot;},{&quot;image&quot;:&quot;https:\\\/\\\/fotos15.apinmo.com\\\/1045\\\/28359471\\\/20-38.jpg&quot;,&quot;alt&quot;:&quot;Casa pareada en levantina con magnificas vistas al mar y a sitges - imagenInmueble37&quot;},{&quot;image&quot;:&quot;https:\\\/\\\/fotos15.apinmo.com\\\/1045\\\/28359471\\\/20-39.jpg&quot;,&quot;alt&quot;:&quot;Casa pareada en levantina con magnificas vistas al mar y a sitges - imagenInmueble38&quot;},{&quot;image&quot;:&quot;https:\\\/\\\/fotos15.apinmo.com\\\/1045\\\/28359471\\\/20-40.jpg&quot;,&quot;alt&quot;:&quot;Casa pareada en levantina con magnificas vistas al mar y a sitges - imagenInmueble39&quot;},{&quot;image&quot;:&quot;https:\\\/\\\/fotos15.apinmo.com\\\/1045\\\/28359471\\\/20-41.jpg&quot;,&quot;alt&quot;:&quot;Casa pareada en levantina con magnificas vistas al mar y a sitges - imagenInmueble40&quot;},{&quot;image&quot;:&quot;https:\\\/\\\/fotos15.apinmo.com\\\/1045\\\/28359471\\\/20-42.jpg&quot;,&quot;alt&quot;:&quot;Casa pareada en levantina con magnificas vistas al mar y a sitges - imagenInmueble41&quot;},{&quot;image&quot;:&quot;https:\\\/\\\/fotos15.apinmo.com\\\/1045\\\/28359471\\\/20-43.jpg&quot;,&quot;alt&quot;:&quot;Casa pareada en levantina con magnificas vistas al mar y a sitges - imagenInmueble42&quot;},{&quot;image&quot;:&quot;https:\\\/\\\/fotos15.apinmo.com\\\/1045\\\/28359471\\\/20-44.jpg&quot;,&quot;alt&quot;:&quot;Casa pareada en levantina con magnificas vistas al mar y a sitges - imagenInmueble43&quot;},{&quot;image&quot;:&quot;https:\\\/\\\/fotos15.apinmo.com\\\/1045\\\/28359471\\\/20-45.jpg&quot;,&quot;alt&quot;:&quot;Casa pareada en levantina con magnificas vistas al mar y a sitges - imagenInmueble44&quot;},{&quot;image&quot;:&quot;https:\\\/\\\/fotos15.apinmo.com\\\/1045\\\/28359471\\\/20-46.jpg&quot;,&quot;alt&quot;:&quot;Casa pareada en levantina con magnificas vistas al mar y a sitges - imagenInmueble45&quot;},{&quot;image&quot;:&quot;https:\\\/\\\/fotos15.apinmo.com\\\/1045\\\/28359471\\\/20-47.jpg&quot;,&quot;alt&quot;:&quot;Casa pareada en levantina con magnificas vistas al mar y a sitges - imagenInmueble46&quot;},{&quot;image&quot;:&quot;https:\\\/\\\/fotos15.apinmo.com\\\/1045\\\/28359471\\\/20-48.jpg&quot;,&quot;alt&quot;:&quot;Casa pareada en levantina con magnificas vistas al mar y a sitges - imagenInmueble47&quot;},{&quot;image&quot;:&quot;https:\\\/\\\/fotos15.apinmo.com\\\/1045\\\/28359471\\\/20-49.jpg&quot;,&quot;alt&quot;:&quot;Casa pareada en levantina con magnificas vistas al mar y a sitges - imagenInmueble48&quot;}]\">\n\t<div class=\"item-wrap item-wrap-v1 item-wrap-no-frame h-100\">\n\t\t<div class=\"d-flex align-items-center h-100\">\n\t\t\t<div class=\"item-header\">\n\t\t\t\t\t\t\t\t<div class=\"labels-wrap labels-right\"> \n\n\t<a href=\"https:\/\/www.laclauelite.com\/fr\/status\/vente\/\" class=\"label-status label status-color-165\">\n\t\t\t\t\tVente\n\t\t\t\t<\/a>       \n\n<\/div>\n\t\t\t\t<ul class=\"item-price-wrap hide-on-list\">\n\t<li class=\"item-price\">740,000\u20ac<\/li><\/ul>\t\t\t\t<ul class=\"item-tools\">\n\n        <li class=\"item-tool item-preview\">\n        <span class=\"hz-show-lightbox-js\" data-listid=\"1082121\" data-toggle=\"tooltip\" data-placement=\"top\" title=\"Preview\">\n                <i class=\"houzez-icon icon-expand-3\"><\/i>   \n        <\/span><!-- item-tool-favorite -->\n    <\/li><!-- item-tool -->\n        \n        <li class=\"item-tool item-favorite\">\n        <span class=\"add-favorite-js item-tool-favorite\" data-toggle=\"tooltip\" data-placement=\"top\" title=\"Favourite\" data-listid=\"1082121\">\n            <i class=\"houzez-icon icon-love-it \"><\/i> \n        <\/span><!-- item-tool-favorite -->\n    <\/li><!-- item-tool -->\n    \n        <li class=\"item-tool item-compare\">\n        <span class=\"houzez_compare compare-1082121 item-tool-compare show-compare-panel\" data-toggle=\"tooltip\" data-placement=\"top\" title=\"Add to Compare\" data-listing_id=\"1082121\" data-listing_image=\"https:\/\/fotos15.apinmo.com\/1045\/28359471\/20-1.jpg\">\n            <i class=\"houzez-icon icon-add-circle\"><\/i>\n        <\/span><!-- item-tool-compare -->\n    <\/li><!-- item-tool -->\n    <\/ul><!-- item-tools -->\n\t\t\t\t<div class=\"listing-image-wrap\">\n\t<div class=\"listing-thumb\">\n\t\t<a target=_self href=\"https:\/\/www.laclauelite.com\/fr\/property\/casa-pareada-en-levantina-con-magnificas-vistas-al-mar-y-a-sitges-11409-fr\/\" class=\"listing-featured-thumb hover-effect\">\n\t\t\t                                                                                                                                                                                    <img loading=\"lazy\" decoding=\"async\" width=\"850\" height=\"426\" src=\"https:\/\/fotos15.apinmo.com\/1045\/28359471\/20-1.jpg\" class=\"img-fluid wp-post-image\" alt=\"Casa pareada en levantina con magnificas vistas al mar y a sitges - imagenInmueble0\" srcset=\"https:\/\/fotos15.apinmo.com\/1045\/28359471\/20-1.jpg 850w, https:\/\/fotos15.apinmo.com\/1045\/28359471\/20-1.jpg 300w, https:\/\/fotos15.apinmo.com\/1045\/28359471\/20-1.jpg 768w, https:\/\/fotos15.apinmo.com\/1045\/28359471\/20-1s.jpg 150w, https:\/\/fotos15.apinmo.com\/1045\/28359471\/20-1.jpg 536w, https:\/\/fotos15.apinmo.com\/1045\/28359471\/20-1.jpg 770w\" sizes=\"(max-width: 850px) 100vw, 850px\" \/>\t\t<\/a><!-- hover-effect -->\n\t<\/div>\n<\/div>\n\t\t\t\t<div class=\"preview_loader\"><\/div>\n\t\t\t<\/div><!-- item-header -->\t\n\t\t\t<div class=\"item-body flex-grow-1\">\n\t\t\t\t<div class=\"labels-wrap labels-right\"> \n\n\t<a href=\"https:\/\/www.laclauelite.com\/fr\/status\/vente\/\" class=\"label-status label status-color-165\">\n\t\t\t\t\tVente\n\t\t\t\t<\/a>       \n\n<\/div>\n\t\t\t\t<h2 class=\"item-title\">\n\t<a target=_self href=\"https:\/\/www.laclauelite.com\/fr\/property\/casa-pareada-en-levantina-con-magnificas-vistas-al-mar-y-a-sitges-11409-fr\/\">Casa pareada en Levantina con magnificas vistas al mar y a Sitges &#8211; 11409<\/a>\n<\/h2><!-- item-title -->\t\t\t\t<ul class=\"item-price-wrap hide-on-list\">\n\t<li class=\"item-price\">740,000\u20ac<\/li><\/ul>\t\t\t\t<address class=\"item-address\">Sitges,Barcelona,Spain<\/address>\t\t\t\t<ul class=\"item-amenities item-amenities-with-icons\">\n\t<li class=\"h-beds\"><i class=\"houzez-icon icon-hotel-double-bed-1 mr-1\"><\/i><span class=\"item-amenities-text\">Camas:<\/span> <span class=\"hz-figure\">4<\/span><\/li><li class=\"h-baths\"><i class=\"houzez-icon icon-bathroom-shower-1 mr-1\"><\/i><span class=\"item-amenities-text\">Ba\u00f1os:<\/span> <span class=\"hz-figure\">2<\/span><\/li><li class=\"h-area\"><i class=\"houzez-icon icon-ruler-triangle mr-1\"><\/i><span class=\"hz-figure\">201<\/span> <span class=\"hz-figure area_postfix\">m&sup2;<\/span><\/li><li class=\"h-type\"><span>pench\u00e9<\/span><\/li><\/ul>\t\t\t\t<a class=\"btn btn-primary btn-item \" target=_self href=\"https:\/\/www.laclauelite.com\/fr\/property\/casa-pareada-en-levantina-con-magnificas-vistas-al-mar-y-a-sitges-11409-fr\/\">\n\tD\u00e9tails<\/a><!-- btn-item -->\n\t\t\t\t<div class=\"item-author\">\n\t<i class=\"houzez-icon icon-single-neutral mr-1\"><\/i>\n\t<a href=\"https:\/\/www.laclauelite.com\/fr\/agent\/fincas-la-clau-elite\/\">Fincas La Clau Elite<\/a> <\/div><!-- item-author -->\n\t\t\t\t<div class=\"item-date\">\n\t<i class=\"houzez-icon icon-attachment mr-1\"><\/i>\n\til y a3 semaines<\/div><!-- item-date -->\n\t\t\t<\/div><!-- item-body -->\n\n\t\t\t\t\t\t<div class=\"item-footer clearfix\">\n\t\t\t\t<div class=\"item-author\">\n\t<i class=\"houzez-icon icon-single-neutral mr-1\"><\/i>\n\t<a href=\"https:\/\/www.laclauelite.com\/fr\/agent\/fincas-la-clau-elite\/\">Fincas La Clau Elite<\/a> <\/div><!-- item-author -->\n\t\t\t\t<div class=\"item-date\">\n\t<i class=\"houzez-icon icon-attachment mr-1\"><\/i>\n\til y a3 semaines<\/div><!-- item-date -->\n\t\t\t<\/div>\n\t\t\t\t\t<\/div><!-- d-flex -->\n\t<\/div><!-- item-wrap -->\n<\/div><!-- item-listing-wrap --><div class=\"item-listing-wrap hz-item-gallery-js card\" data-hz-id=\"hz-1082064\" data-images=\"[{&quot;image&quot;:&quot;https:\\\/\\\/fotos15.apinmo.com\\\/1045\\\/28355869\\\/12-1.jpg&quot;,&quot;alt&quot;:&quot;Fabulosa casa adosada en la zona de els ametllets, a solo unos minutos del centro. - imagenInmueble0&quot;},{&quot;image&quot;:&quot;https:\\\/\\\/fotos15.apinmo.com\\\/1045\\\/28355869\\\/12-1.jpg&quot;,&quot;alt&quot;:&quot;Fabulosa casa adosada en la zona de els ametllets, a solo unos minutos del centro. - imagenInmueble0&quot;},{&quot;image&quot;:&quot;https:\\\/\\\/fotos15.apinmo.com\\\/1045\\\/28355869\\\/12-2.jpg&quot;,&quot;alt&quot;:&quot;Fabulosa casa adosada en la zona de els ametllets, a solo unos minutos del centro. - imagenInmueble1&quot;},{&quot;image&quot;:&quot;https:\\\/\\\/fotos15.apinmo.com\\\/1045\\\/28355869\\\/12-3.jpg&quot;,&quot;alt&quot;:&quot;Fabulosa casa adosada en la zona de els ametllets, a solo unos minutos del centro. - imagenInmueble2&quot;},{&quot;image&quot;:&quot;https:\\\/\\\/fotos15.apinmo.com\\\/1045\\\/28355869\\\/12-4.jpg&quot;,&quot;alt&quot;:&quot;Fabulosa casa adosada en la zona de els ametllets, a solo unos minutos del centro. - imagenInmueble3&quot;},{&quot;image&quot;:&quot;https:\\\/\\\/fotos15.apinmo.com\\\/1045\\\/28355869\\\/12-5.jpg&quot;,&quot;alt&quot;:&quot;Fabulosa casa adosada en la zona de els ametllets, a solo unos minutos del centro. - imagenInmueble4&quot;},{&quot;image&quot;:&quot;https:\\\/\\\/fotos15.apinmo.com\\\/1045\\\/28355869\\\/12-6.jpg&quot;,&quot;alt&quot;:&quot;Fabulosa casa adosada en la zona de els ametllets, a solo unos minutos del centro. - imagenInmueble5&quot;},{&quot;image&quot;:&quot;https:\\\/\\\/fotos15.apinmo.com\\\/1045\\\/28355869\\\/12-7.jpg&quot;,&quot;alt&quot;:&quot;Fabulosa casa adosada en la zona de els ametllets, a solo unos minutos del centro. - imagenInmueble6&quot;},{&quot;image&quot;:&quot;https:\\\/\\\/fotos15.apinmo.com\\\/1045\\\/28355869\\\/12-8.jpg&quot;,&quot;alt&quot;:&quot;Fabulosa casa adosada en la zona de els ametllets, a solo unos minutos del centro. - imagenInmueble7&quot;},{&quot;image&quot;:&quot;https:\\\/\\\/fotos15.apinmo.com\\\/1045\\\/28355869\\\/12-9.jpg&quot;,&quot;alt&quot;:&quot;Fabulosa casa adosada en la zona de els ametllets, a solo unos minutos del centro. - imagenInmueble8&quot;},{&quot;image&quot;:&quot;https:\\\/\\\/fotos15.apinmo.com\\\/1045\\\/28355869\\\/12-10.jpg&quot;,&quot;alt&quot;:&quot;Fabulosa casa adosada en la zona de els ametllets, a solo unos minutos del centro. - imagenInmueble9&quot;},{&quot;image&quot;:&quot;https:\\\/\\\/fotos15.apinmo.com\\\/1045\\\/28355869\\\/12-11.jpg&quot;,&quot;alt&quot;:&quot;Fabulosa casa adosada en la zona de els ametllets, a solo unos minutos del centro. - imagenInmueble10&quot;},{&quot;image&quot;:&quot;https:\\\/\\\/fotos15.apinmo.com\\\/1045\\\/28355869\\\/12-12.jpg&quot;,&quot;alt&quot;:&quot;Fabulosa casa adosada en la zona de els ametllets, a solo unos minutos del centro. - imagenInmueble11&quot;},{&quot;image&quot;:&quot;https:\\\/\\\/fotos15.apinmo.com\\\/1045\\\/28355869\\\/12-13.jpg&quot;,&quot;alt&quot;:&quot;Fabulosa casa adosada en la zona de els ametllets, a solo unos minutos del centro. - imagenInmueble12&quot;},{&quot;image&quot;:&quot;https:\\\/\\\/fotos15.apinmo.com\\\/1045\\\/28355869\\\/12-14.jpg&quot;,&quot;alt&quot;:&quot;Fabulosa casa adosada en la zona de els ametllets, a solo unos minutos del centro. - imagenInmueble13&quot;},{&quot;image&quot;:&quot;https:\\\/\\\/fotos15.apinmo.com\\\/1045\\\/28355869\\\/12-15.jpg&quot;,&quot;alt&quot;:&quot;Fabulosa casa adosada en la zona de els ametllets, a solo unos minutos del centro. - imagenInmueble14&quot;},{&quot;image&quot;:&quot;https:\\\/\\\/fotos15.apinmo.com\\\/1045\\\/28355869\\\/12-16.jpg&quot;,&quot;alt&quot;:&quot;Fabulosa casa adosada en la zona de els ametllets, a solo unos minutos del centro. - imagenInmueble15&quot;},{&quot;image&quot;:&quot;https:\\\/\\\/fotos15.apinmo.com\\\/1045\\\/28355869\\\/12-17.jpg&quot;,&quot;alt&quot;:&quot;Fabulosa casa adosada en la zona de els ametllets, a solo unos minutos del centro. - imagenInmueble16&quot;},{&quot;image&quot;:&quot;https:\\\/\\\/fotos15.apinmo.com\\\/1045\\\/28355869\\\/12-18.jpg&quot;,&quot;alt&quot;:&quot;Fabulosa casa adosada en la zona de els ametllets, a solo unos minutos del centro. - imagenInmueble17&quot;},{&quot;image&quot;:&quot;https:\\\/\\\/fotos15.apinmo.com\\\/1045\\\/28355869\\\/12-19.jpg&quot;,&quot;alt&quot;:&quot;Fabulosa casa adosada en la zona de els ametllets, a solo unos minutos del centro. - imagenInmueble18&quot;},{&quot;image&quot;:&quot;https:\\\/\\\/fotos15.apinmo.com\\\/1045\\\/28355869\\\/12-20.jpg&quot;,&quot;alt&quot;:&quot;Fabulosa casa adosada en la zona de els ametllets, a solo unos minutos del centro. - imagenInmueble19&quot;},{&quot;image&quot;:&quot;https:\\\/\\\/fotos15.apinmo.com\\\/1045\\\/28355869\\\/12-21.jpg&quot;,&quot;alt&quot;:&quot;Fabulosa casa adosada en la zona de els ametllets, a solo unos minutos del centro. - imagenInmueble20&quot;},{&quot;image&quot;:&quot;https:\\\/\\\/fotos15.apinmo.com\\\/1045\\\/28355869\\\/12-22.jpg&quot;,&quot;alt&quot;:&quot;Fabulosa casa adosada en la zona de els ametllets, a solo unos minutos del centro. - imagenInmueble21&quot;},{&quot;image&quot;:&quot;https:\\\/\\\/fotos15.apinmo.com\\\/1045\\\/28355869\\\/12-23.jpg&quot;,&quot;alt&quot;:&quot;Fabulosa casa adosada en la zona de els ametllets, a solo unos minutos del centro. - imagenInmueble22&quot;},{&quot;image&quot;:&quot;https:\\\/\\\/fotos15.apinmo.com\\\/1045\\\/28355869\\\/12-24.jpg&quot;,&quot;alt&quot;:&quot;Fabulosa casa adosada en la zona de els ametllets, a solo unos minutos del centro. - imagenInmueble23&quot;},{&quot;image&quot;:&quot;https:\\\/\\\/fotos15.apinmo.com\\\/1045\\\/28355869\\\/12-25.jpg&quot;,&quot;alt&quot;:&quot;Fabulosa casa adosada en la zona de els ametllets, a solo unos minutos del centro. - imagenInmueble24&quot;},{&quot;image&quot;:&quot;https:\\\/\\\/fotos15.apinmo.com\\\/1045\\\/28355869\\\/12-26.jpg&quot;,&quot;alt&quot;:&quot;Fabulosa casa adosada en la zona de els ametllets, a solo unos minutos del centro. - imagenInmueble25&quot;},{&quot;image&quot;:&quot;https:\\\/\\\/fotos15.apinmo.com\\\/1045\\\/28355869\\\/12-27.jpg&quot;,&quot;alt&quot;:&quot;Fabulosa casa adosada en la zona de els ametllets, a solo unos minutos del centro. - imagenInmueble26&quot;},{&quot;image&quot;:&quot;https:\\\/\\\/fotos15.apinmo.com\\\/1045\\\/28355869\\\/12-28.jpg&quot;,&quot;alt&quot;:&quot;Fabulosa casa adosada en la zona de els ametllets, a solo unos minutos del centro. - imagenInmueble27&quot;},{&quot;image&quot;:&quot;https:\\\/\\\/fotos15.apinmo.com\\\/1045\\\/28355869\\\/12-29.jpg&quot;,&quot;alt&quot;:&quot;Fabulosa casa adosada en la zona de els ametllets, a solo unos minutos del centro. - imagenInmueble28&quot;},{&quot;image&quot;:&quot;https:\\\/\\\/fotos15.apinmo.com\\\/1045\\\/28355869\\\/12-30.jpg&quot;,&quot;alt&quot;:&quot;Fabulosa casa adosada en la zona de els ametllets, a solo unos minutos del centro. - imagenInmueble29&quot;},{&quot;image&quot;:&quot;https:\\\/\\\/fotos15.apinmo.com\\\/1045\\\/28355869\\\/12-31.jpg&quot;,&quot;alt&quot;:&quot;Fabulosa casa adosada en la zona de els ametllets, a solo unos minutos del centro. - imagenInmueble30&quot;},{&quot;image&quot;:&quot;https:\\\/\\\/fotos15.apinmo.com\\\/1045\\\/28355869\\\/12-32.jpg&quot;,&quot;alt&quot;:&quot;Fabulosa casa adosada en la zona de els ametllets, a solo unos minutos del centro. - imagenInmueble31&quot;},{&quot;image&quot;:&quot;https:\\\/\\\/fotos15.apinmo.com\\\/1045\\\/28355869\\\/12-33.jpg&quot;,&quot;alt&quot;:&quot;Fabulosa casa adosada en la zona de els ametllets, a solo unos minutos del centro. - imagenInmueble32&quot;},{&quot;image&quot;:&quot;https:\\\/\\\/fotos15.apinmo.com\\\/1045\\\/28355869\\\/12-34.jpg&quot;,&quot;alt&quot;:&quot;Fabulosa casa adosada en la zona de els ametllets, a solo unos minutos del centro. - imagenInmueble33&quot;},{&quot;image&quot;:&quot;https:\\\/\\\/fotos15.apinmo.com\\\/1045\\\/28355869\\\/12-35.jpg&quot;,&quot;alt&quot;:&quot;Fabulosa casa adosada en la zona de els ametllets, a solo unos minutos del centro. - imagenInmueble34&quot;},{&quot;image&quot;:&quot;https:\\\/\\\/fotos15.apinmo.com\\\/1045\\\/28355869\\\/12-36.jpg&quot;,&quot;alt&quot;:&quot;Fabulosa casa adosada en la zona de els ametllets, a solo unos minutos del centro. - imagenInmueble35&quot;},{&quot;image&quot;:&quot;https:\\\/\\\/fotos15.apinmo.com\\\/1045\\\/28355869\\\/12-37.jpg&quot;,&quot;alt&quot;:&quot;Fabulosa casa adosada en la zona de els ametllets, a solo unos minutos del centro. - imagenInmueble36&quot;},{&quot;image&quot;:&quot;https:\\\/\\\/fotos15.apinmo.com\\\/1045\\\/28355869\\\/12-38.jpg&quot;,&quot;alt&quot;:&quot;Fabulosa casa adosada en la zona de els ametllets, a solo unos minutos del centro. - imagenInmueble37&quot;},{&quot;image&quot;:&quot;https:\\\/\\\/fotos15.apinmo.com\\\/1045\\\/28355869\\\/12-39.jpg&quot;,&quot;alt&quot;:&quot;Fabulosa casa adosada en la zona de els ametllets, a solo unos minutos del centro. - imagenInmueble38&quot;},{&quot;image&quot;:&quot;https:\\\/\\\/fotos15.apinmo.com\\\/1045\\\/28355869\\\/12-40.jpg&quot;,&quot;alt&quot;:&quot;Fabulosa casa adosada en la zona de els ametllets, a solo unos minutos del centro. - imagenInmueble39&quot;},{&quot;image&quot;:&quot;https:\\\/\\\/fotos15.apinmo.com\\\/1045\\\/28355869\\\/12-41.jpg&quot;,&quot;alt&quot;:&quot;Fabulosa casa adosada en la zona de els ametllets, a solo unos minutos del centro. - imagenInmueble40&quot;},{&quot;image&quot;:&quot;https:\\\/\\\/fotos15.apinmo.com\\\/1045\\\/28355869\\\/12-42.jpg&quot;,&quot;alt&quot;:&quot;Fabulosa casa adosada en la zona de els ametllets, a solo unos minutos del centro. - imagenInmueble41&quot;},{&quot;image&quot;:&quot;https:\\\/\\\/fotos15.apinmo.com\\\/1045\\\/28355869\\\/12-43.jpg&quot;,&quot;alt&quot;:&quot;Fabulosa casa adosada en la zona de els ametllets, a solo unos minutos del centro. - imagenInmueble42&quot;},{&quot;image&quot;:&quot;https:\\\/\\\/fotos15.apinmo.com\\\/1045\\\/28355869\\\/12-44.jpg&quot;,&quot;alt&quot;:&quot;Fabulosa casa adosada en la zona de els ametllets, a solo unos minutos del centro. - imagenInmueble43&quot;},{&quot;image&quot;:&quot;https:\\\/\\\/fotos15.apinmo.com\\\/1045\\\/28355869\\\/12-45.jpg&quot;,&quot;alt&quot;:&quot;Fabulosa casa adosada en la zona de els ametllets, a solo unos minutos del centro. - imagenInmueble44&quot;},{&quot;image&quot;:&quot;https:\\\/\\\/fotos15.apinmo.com\\\/1045\\\/28355869\\\/12-46.jpg&quot;,&quot;alt&quot;:&quot;Fabulosa casa adosada en la zona de els ametllets, a solo unos minutos del centro. - imagenInmueble45&quot;},{&quot;image&quot;:&quot;https:\\\/\\\/fotos15.apinmo.com\\\/1045\\\/28355869\\\/12-47.jpg&quot;,&quot;alt&quot;:&quot;Fabulosa casa adosada en la zona de els ametllets, a solo unos minutos del centro. - imagenInmueble46&quot;},{&quot;image&quot;:&quot;https:\\\/\\\/fotos15.apinmo.com\\\/1045\\\/28355869\\\/12-48.jpg&quot;,&quot;alt&quot;:&quot;Fabulosa casa adosada en la zona de els ametllets, a solo unos minutos del centro. - imagenInmueble47&quot;},{&quot;image&quot;:&quot;https:\\\/\\\/fotos15.apinmo.com\\\/1045\\\/28355869\\\/12-49.jpg&quot;,&quot;alt&quot;:&quot;Fabulosa casa adosada en la zona de els ametllets, a solo unos minutos del centro. - imagenInmueble48&quot;},{&quot;image&quot;:&quot;https:\\\/\\\/fotos15.apinmo.com\\\/1045\\\/28355869\\\/12-50.jpg&quot;,&quot;alt&quot;:&quot;Fabulosa casa adosada en la zona de els ametllets, a solo unos minutos del centro. - imagenInmueble49&quot;},{&quot;image&quot;:&quot;https:\\\/\\\/fotos15.apinmo.com\\\/1045\\\/28355869\\\/12-51.jpg&quot;,&quot;alt&quot;:&quot;Fabulosa casa adosada en la zona de els ametllets, a solo unos minutos del centro. - imagenInmueble50&quot;},{&quot;image&quot;:&quot;https:\\\/\\\/fotos15.apinmo.com\\\/1045\\\/28355869\\\/12-52.jpg&quot;,&quot;alt&quot;:&quot;Fabulosa casa adosada en la zona de els ametllets, a solo unos minutos del centro. - imagenInmueble51&quot;}]\">\n\t<div class=\"item-wrap item-wrap-v1 item-wrap-no-frame h-100\">\n\t\t<div class=\"d-flex align-items-center h-100\">\n\t\t\t<div class=\"item-header\">\n\t\t\t\t\t\t\t\t<div class=\"labels-wrap labels-right\"> \n\n\t<a href=\"https:\/\/www.laclauelite.com\/fr\/status\/vente\/\" class=\"label-status label status-color-165\">\n\t\t\t\t\tVente\n\t\t\t\t<\/a>       \n\n<\/div>\n\t\t\t\t<ul class=\"item-price-wrap hide-on-list\">\n\t<li class=\"item-price\">1,070,000\u20ac<\/li><\/ul>\t\t\t\t<ul class=\"item-tools\">\n\n        <li class=\"item-tool item-preview\">\n        <span class=\"hz-show-lightbox-js\" data-listid=\"1082064\" data-toggle=\"tooltip\" data-placement=\"top\" title=\"Preview\">\n                <i class=\"houzez-icon icon-expand-3\"><\/i>   \n        <\/span><!-- item-tool-favorite -->\n    <\/li><!-- item-tool -->\n        \n        <li class=\"item-tool item-favorite\">\n        <span class=\"add-favorite-js item-tool-favorite\" data-toggle=\"tooltip\" data-placement=\"top\" title=\"Favourite\" data-listid=\"1082064\">\n            <i class=\"houzez-icon icon-love-it \"><\/i> \n        <\/span><!-- item-tool-favorite -->\n    <\/li><!-- item-tool -->\n    \n        <li class=\"item-tool item-compare\">\n        <span class=\"houzez_compare compare-1082064 item-tool-compare show-compare-panel\" data-toggle=\"tooltip\" data-placement=\"top\" title=\"Add to Compare\" data-listing_id=\"1082064\" data-listing_image=\"https:\/\/fotos15.apinmo.com\/1045\/28355869\/12-1.jpg\">\n            <i class=\"houzez-icon icon-add-circle\"><\/i>\n        <\/span><!-- item-tool-compare -->\n    <\/li><!-- item-tool -->\n    <\/ul><!-- item-tools -->\n\t\t\t\t<div class=\"listing-image-wrap\">\n\t<div class=\"listing-thumb\">\n\t\t<a target=_self href=\"https:\/\/www.laclauelite.com\/fr\/property\/fabulosa-casa-adosada-en-la-zona-de-els-ametllets-a-solo-unos-minutos-del-centro-11408-fr\/\" class=\"listing-featured-thumb hover-effect\">\n\t\t\t                                                                                                                                                                                    <img loading=\"lazy\" decoding=\"async\" width=\"850\" height=\"426\" src=\"https:\/\/fotos15.apinmo.com\/1045\/28355869\/12-1.jpg\" class=\"img-fluid wp-post-image\" alt=\"Fabulosa casa adosada en la zona de els ametllets, a solo unos minutos del centro. - imagenInmueble0\" srcset=\"https:\/\/fotos15.apinmo.com\/1045\/28355869\/12-1.jpg 850w, https:\/\/fotos15.apinmo.com\/1045\/28355869\/12-1.jpg 300w, https:\/\/fotos15.apinmo.com\/1045\/28355869\/12-1.jpg 768w, https:\/\/fotos15.apinmo.com\/1045\/28355869\/12-1s.jpg 150w, https:\/\/fotos15.apinmo.com\/1045\/28355869\/12-1.jpg 536w, https:\/\/fotos15.apinmo.com\/1045\/28355869\/12-1.jpg 770w\" sizes=\"(max-width: 850px) 100vw, 850px\" \/>\t\t<\/a><!-- hover-effect -->\n\t<\/div>\n<\/div>\n\t\t\t\t<div class=\"preview_loader\"><\/div>\n\t\t\t<\/div><!-- item-header -->\t\n\t\t\t<div class=\"item-body flex-grow-1\">\n\t\t\t\t<div class=\"labels-wrap labels-right\"> \n\n\t<a href=\"https:\/\/www.laclauelite.com\/fr\/status\/vente\/\" class=\"label-status label status-color-165\">\n\t\t\t\t\tVente\n\t\t\t\t<\/a>       \n\n<\/div>\n\t\t\t\t<h2 class=\"item-title\">\n\t<a target=_self href=\"https:\/\/www.laclauelite.com\/fr\/property\/fabulosa-casa-adosada-en-la-zona-de-els-ametllets-a-solo-unos-minutos-del-centro-11408-fr\/\">Fabulosa casa adosada en la zona de Els Ametllets, a solo unos minutos del centro. &#8211; 11408<\/a>\n<\/h2><!-- item-title -->\t\t\t\t<ul class=\"item-price-wrap hide-on-list\">\n\t<li class=\"item-price\">1,070,000\u20ac<\/li><\/ul>\t\t\t\t<address class=\"item-address\">Sitges,Barcelona,Spain<\/address>\t\t\t\t<ul class=\"item-amenities item-amenities-with-icons\">\n\t<li class=\"h-beds\"><i class=\"houzez-icon icon-hotel-double-bed-1 mr-1\"><\/i><span class=\"item-amenities-text\">Camas:<\/span> <span class=\"hz-figure\">5<\/span><\/li><li class=\"h-baths\"><i class=\"houzez-icon icon-bathroom-shower-1 mr-1\"><\/i><span class=\"item-amenities-text\">Ba\u00f1os:<\/span> <span class=\"hz-figure\">3<\/span><\/li><li class=\"h-area\"><i class=\"houzez-icon icon-ruler-triangle mr-1\"><\/i><span class=\"hz-figure\">225<\/span> <span class=\"hz-figure area_postfix\">m&sup2;<\/span><\/li><li class=\"h-type\"><span>pench\u00e9<\/span><\/li><\/ul>\t\t\t\t<a class=\"btn btn-primary btn-item \" target=_self href=\"https:\/\/www.laclauelite.com\/fr\/property\/fabulosa-casa-adosada-en-la-zona-de-els-ametllets-a-solo-unos-minutos-del-centro-11408-fr\/\">\n\tD\u00e9tails<\/a><!-- btn-item -->\n\t\t\t\t<div class=\"item-author\">\n\t<i class=\"houzez-icon icon-single-neutral mr-1\"><\/i>\n\t<a href=\"https:\/\/www.laclauelite.com\/fr\/agent\/fincas-la-clau-elite\/\">Fincas La Clau Elite<\/a> <\/div><!-- item-author -->\n\t\t\t\t<div class=\"item-date\">\n\t<i class=\"houzez-icon icon-attachment mr-1\"><\/i>\n\til y a3 semaines<\/div><!-- item-date -->\n\t\t\t<\/div><!-- item-body -->\n\n\t\t\t\t\t\t<div class=\"item-footer clearfix\">\n\t\t\t\t<div class=\"item-author\">\n\t<i class=\"houzez-icon icon-single-neutral mr-1\"><\/i>\n\t<a href=\"https:\/\/www.laclauelite.com\/fr\/agent\/fincas-la-clau-elite\/\">Fincas La Clau Elite<\/a> <\/div><!-- item-author -->\n\t\t\t\t<div class=\"item-date\">\n\t<i class=\"houzez-icon icon-attachment mr-1\"><\/i>\n\til y a3 semaines<\/div><!-- item-date -->\n\t\t\t<\/div>\n\t\t\t\t\t<\/div><!-- d-flex -->\n\t<\/div><!-- item-wrap -->\n<\/div><!-- item-listing-wrap --><div class=\"item-listing-wrap hz-item-gallery-js card\" data-hz-id=\"hz-1081953\" data-images=\"[{&quot;image&quot;:&quot;https:\\\/\\\/fotos15.apinmo.com\\\/1045\\\/17241821\\\/4-1.jpg&quot;,&quot;alt&quot;:&quot;Casa pareada obra nueva mas alba - imagenInmueble0&quot;},{&quot;image&quot;:&quot;https:\\\/\\\/fotos15.apinmo.com\\\/1045\\\/17241821\\\/4-1.jpg&quot;,&quot;alt&quot;:&quot;Casa pareada obra nueva mas alba - imagenInmueble0&quot;},{&quot;image&quot;:&quot;https:\\\/\\\/fotos15.apinmo.com\\\/1045\\\/17241821\\\/4-2.jpg&quot;,&quot;alt&quot;:&quot;Casa pareada obra nueva mas alba - imagenInmueble1&quot;},{&quot;image&quot;:&quot;https:\\\/\\\/fotos15.apinmo.com\\\/1045\\\/17241821\\\/4-3.jpg&quot;,&quot;alt&quot;:&quot;Casa pareada obra nueva mas alba - imagenInmueble2&quot;},{&quot;image&quot;:&quot;https:\\\/\\\/fotos15.apinmo.com\\\/1045\\\/17241821\\\/4-4.jpg&quot;,&quot;alt&quot;:&quot;Casa pareada obra nueva mas alba - imagenInmueble3&quot;},{&quot;image&quot;:&quot;https:\\\/\\\/fotos15.apinmo.com\\\/1045\\\/17241821\\\/4-5.jpg&quot;,&quot;alt&quot;:&quot;Casa pareada obra nueva mas alba - imagenInmueble4&quot;},{&quot;image&quot;:&quot;https:\\\/\\\/fotos15.apinmo.com\\\/1045\\\/17241821\\\/4-6.jpg&quot;,&quot;alt&quot;:&quot;Casa pareada obra nueva mas alba - imagenInmueble5&quot;},{&quot;image&quot;:&quot;https:\\\/\\\/fotos15.apinmo.com\\\/1045\\\/17241821\\\/4-7.jpg&quot;,&quot;alt&quot;:&quot;Casa pareada obra nueva mas alba - imagenInmueble6&quot;},{&quot;image&quot;:&quot;https:\\\/\\\/fotos15.apinmo.com\\\/1045\\\/17241821\\\/4-8.jpg&quot;,&quot;alt&quot;:&quot;Casa pareada obra nueva mas alba - imagenInmueble7&quot;},{&quot;image&quot;:&quot;https:\\\/\\\/fotos15.apinmo.com\\\/1045\\\/17241821\\\/4-9.jpg&quot;,&quot;alt&quot;:&quot;Casa pareada obra nueva mas alba - imagenInmueble8&quot;},{&quot;image&quot;:&quot;https:\\\/\\\/fotos15.apinmo.com\\\/1045\\\/17241821\\\/4-10.jpg&quot;,&quot;alt&quot;:&quot;Casa pareada obra nueva mas alba - imagenInmueble9&quot;},{&quot;image&quot;:&quot;https:\\\/\\\/fotos15.apinmo.com\\\/1045\\\/17241821\\\/4-11.jpg&quot;,&quot;alt&quot;:&quot;Casa pareada obra nueva mas alba - imagenInmueble10&quot;}]\">\n\t<div class=\"item-wrap item-wrap-v1 item-wrap-no-frame h-100\">\n\t\t<div class=\"d-flex align-items-center h-100\">\n\t\t\t<div class=\"item-header\">\n\t\t\t\t\t\t\t\t<div class=\"labels-wrap labels-right\"> \n\n\t<a href=\"https:\/\/www.laclauelite.com\/fr\/status\/vente\/\" class=\"label-status label status-color-165\">\n\t\t\t\t\tVente\n\t\t\t\t<\/a><a href=\"https:\/\/www.laclauelite.com\/fr\/label\/\" class=\"hz-label label label-color-514\">\n\t\t\t\t\t\n\t\t\t\t<\/a>       \n\n<\/div>\n\t\t\t\t<ul class=\"item-price-wrap hide-on-list\">\n\t<li class=\"item-price\">700,000\u20ac<\/li><\/ul>\t\t\t\t<ul class=\"item-tools\">\n\n        <li class=\"item-tool item-preview\">\n        <span class=\"hz-show-lightbox-js\" data-listid=\"1081953\" data-toggle=\"tooltip\" data-placement=\"top\" title=\"Preview\">\n                <i class=\"houzez-icon icon-expand-3\"><\/i>   \n        <\/span><!-- item-tool-favorite -->\n    <\/li><!-- item-tool -->\n        \n        <li class=\"item-tool item-favorite\">\n        <span class=\"add-favorite-js item-tool-favorite\" data-toggle=\"tooltip\" data-placement=\"top\" title=\"Favourite\" data-listid=\"1081953\">\n            <i class=\"houzez-icon icon-love-it \"><\/i> \n        <\/span><!-- item-tool-favorite -->\n    <\/li><!-- item-tool -->\n    \n        <li class=\"item-tool item-compare\">\n        <span class=\"houzez_compare compare-1081953 item-tool-compare show-compare-panel\" data-toggle=\"tooltip\" data-placement=\"top\" title=\"Add to Compare\" data-listing_id=\"1081953\" data-listing_image=\"https:\/\/fotos15.apinmo.com\/1045\/17241821\/4-1.jpg\">\n            <i class=\"houzez-icon icon-add-circle\"><\/i>\n        <\/span><!-- item-tool-compare -->\n    <\/li><!-- item-tool -->\n    <\/ul><!-- item-tools -->\n\t\t\t\t<div class=\"listing-image-wrap\">\n\t<div class=\"listing-thumb\">\n\t\t<a target=_self href=\"https:\/\/www.laclauelite.com\/fr\/property\/casa-pareada-obra-nueva-mas-alba-10730-fr\/\" class=\"listing-featured-thumb hover-effect\">\n\t\t\t                                                                                                                                                                                    <img loading=\"lazy\" decoding=\"async\" width=\"850\" height=\"426\" src=\"https:\/\/fotos15.apinmo.com\/1045\/17241821\/4-1.jpg\" class=\"img-fluid wp-post-image\" alt=\"Casa pareada obra nueva mas alba - imagenInmueble0\" srcset=\"https:\/\/fotos15.apinmo.com\/1045\/17241821\/4-1.jpg 850w, https:\/\/fotos15.apinmo.com\/1045\/17241821\/4-1.jpg 300w, https:\/\/fotos15.apinmo.com\/1045\/17241821\/4-1.jpg 768w, https:\/\/fotos15.apinmo.com\/1045\/17241821\/4-1s.jpg 150w, https:\/\/fotos15.apinmo.com\/1045\/17241821\/4-1.jpg 536w, https:\/\/fotos15.apinmo.com\/1045\/17241821\/4-1.jpg 770w\" sizes=\"(max-width: 850px) 100vw, 850px\" \/>\t\t<\/a><!-- hover-effect -->\n\t<\/div>\n<\/div>\n\t\t\t\t<div class=\"preview_loader\"><\/div>\n\t\t\t<\/div><!-- item-header -->\t\n\t\t\t<div class=\"item-body flex-grow-1\">\n\t\t\t\t<div class=\"labels-wrap labels-right\"> \n\n\t<a href=\"https:\/\/www.laclauelite.com\/fr\/status\/vente\/\" class=\"label-status label status-color-165\">\n\t\t\t\t\tVente\n\t\t\t\t<\/a><a href=\"https:\/\/www.laclauelite.com\/fr\/label\/\" class=\"hz-label label label-color-514\">\n\t\t\t\t\t\n\t\t\t\t<\/a>       \n\n<\/div>\n\t\t\t\t<h2 class=\"item-title\">\n\t<a target=_self href=\"https:\/\/www.laclauelite.com\/fr\/property\/casa-pareada-obra-nueva-mas-alba-10730-fr\/\">Casa Pareada obra nueva Mas Alba &#8211; 10730<\/a>\n<\/h2><!-- item-title -->\t\t\t\t<ul class=\"item-price-wrap hide-on-list\">\n\t<li class=\"item-price\">700,000\u20ac<\/li><\/ul>\t\t\t\t<address class=\"item-address\">Sant Pere de Ribes,Barcelona,Spain<\/address>\t\t\t\t<ul class=\"item-amenities item-amenities-with-icons\">\n\t<li class=\"h-beds\"><i class=\"houzez-icon icon-hotel-double-bed-1 mr-1\"><\/i><span class=\"item-amenities-text\">Camas:<\/span> <span class=\"hz-figure\">4<\/span><\/li><li class=\"h-baths\"><i class=\"houzez-icon icon-bathroom-shower-1 mr-1\"><\/i><span class=\"item-amenities-text\">Ba\u00f1os:<\/span> <span class=\"hz-figure\">2<\/span><\/li><li class=\"h-area\"><i class=\"houzez-icon icon-ruler-triangle mr-1\"><\/i><span class=\"hz-figure\">165<\/span> <span class=\"hz-figure area_postfix\">m&sup2;<\/span><\/li><li class=\"h-type\"><span>pench\u00e9<\/span><\/li><\/ul>\t\t\t\t<a class=\"btn btn-primary btn-item \" target=_self href=\"https:\/\/www.laclauelite.com\/fr\/property\/casa-pareada-obra-nueva-mas-alba-10730-fr\/\">\n\tD\u00e9tails<\/a><!-- btn-item -->\n\t\t\t\t<div class=\"item-author\">\n\t<i class=\"houzez-icon icon-single-neutral mr-1\"><\/i>\n\t<a href=\"https:\/\/www.laclauelite.com\/fr\/agent\/fincas-la-clau-elite\/\">Fincas La Clau Elite<\/a> <\/div><!-- item-author -->\n\t\t\t\t<div class=\"item-date\">\n\t<i class=\"houzez-icon icon-attachment mr-1\"><\/i>\n\til y a1 mois<\/div><!-- item-date -->\n\t\t\t<\/div><!-- item-body -->\n\n\t\t\t\t\t\t<div class=\"item-footer clearfix\">\n\t\t\t\t<div class=\"item-author\">\n\t<i class=\"houzez-icon icon-single-neutral mr-1\"><\/i>\n\t<a href=\"https:\/\/www.laclauelite.com\/fr\/agent\/fincas-la-clau-elite\/\">Fincas La Clau Elite<\/a> <\/div><!-- item-author -->\n\t\t\t\t<div class=\"item-date\">\n\t<i class=\"houzez-icon icon-attachment mr-1\"><\/i>\n\til y a1 mois<\/div><!-- item-date -->\n\t\t\t<\/div>\n\t\t\t\t\t<\/div><!-- d-flex -->\n\t<\/div><!-- item-wrap -->\n<\/div><!-- item-listing-wrap --><div class=\"item-listing-wrap hz-item-gallery-js card\" data-hz-id=\"hz-1081969\" data-images=\"[{&quot;image&quot;:&quot;https:\\\/\\\/fotos15.apinmo.com\\\/1045\\\/17241862\\\/2-1.jpg&quot;,&quot;alt&quot;:&quot;Casa pareada obra nueva mas alba - imagenInmueble0&quot;},{&quot;image&quot;:&quot;https:\\\/\\\/fotos15.apinmo.com\\\/1045\\\/17241862\\\/2-1.jpg&quot;,&quot;alt&quot;:&quot;Casa pareada obra nueva mas alba - imagenInmueble0&quot;},{&quot;image&quot;:&quot;https:\\\/\\\/fotos15.apinmo.com\\\/1045\\\/17241862\\\/2-2.jpg&quot;,&quot;alt&quot;:&quot;Casa pareada obra nueva mas alba - imagenInmueble1&quot;},{&quot;image&quot;:&quot;https:\\\/\\\/fotos15.apinmo.com\\\/1045\\\/17241862\\\/2-3.jpg&quot;,&quot;alt&quot;:&quot;Casa pareada obra nueva mas alba - imagenInmueble2&quot;},{&quot;image&quot;:&quot;https:\\\/\\\/fotos15.apinmo.com\\\/1045\\\/17241862\\\/2-4.jpg&quot;,&quot;alt&quot;:&quot;Casa pareada obra nueva mas alba - imagenInmueble3&quot;},{&quot;image&quot;:&quot;https:\\\/\\\/fotos15.apinmo.com\\\/1045\\\/17241862\\\/2-5.jpg&quot;,&quot;alt&quot;:&quot;Casa pareada obra nueva mas alba - imagenInmueble4&quot;},{&quot;image&quot;:&quot;https:\\\/\\\/fotos15.apinmo.com\\\/1045\\\/17241862\\\/2-6.jpg&quot;,&quot;alt&quot;:&quot;Casa pareada obra nueva mas alba - imagenInmueble5&quot;},{&quot;image&quot;:&quot;https:\\\/\\\/fotos15.apinmo.com\\\/1045\\\/17241862\\\/2-7.jpg&quot;,&quot;alt&quot;:&quot;Casa pareada obra nueva mas alba - imagenInmueble6&quot;},{&quot;image&quot;:&quot;https:\\\/\\\/fotos15.apinmo.com\\\/1045\\\/17241862\\\/2-8.jpg&quot;,&quot;alt&quot;:&quot;Casa pareada obra nueva mas alba - imagenInmueble7&quot;},{&quot;image&quot;:&quot;https:\\\/\\\/fotos15.apinmo.com\\\/1045\\\/17241862\\\/2-9.jpg&quot;,&quot;alt&quot;:&quot;Casa pareada obra nueva mas alba - imagenInmueble8&quot;},{&quot;image&quot;:&quot;https:\\\/\\\/fotos15.apinmo.com\\\/1045\\\/17241862\\\/2-10.jpg&quot;,&quot;alt&quot;:&quot;Casa pareada obra nueva mas alba - imagenInmueble9&quot;}]\">\n\t<div class=\"item-wrap item-wrap-v1 item-wrap-no-frame h-100\">\n\t\t<div class=\"d-flex align-items-center h-100\">\n\t\t\t<div class=\"item-header\">\n\t\t\t\t\t\t\t\t<div class=\"labels-wrap labels-right\"> \n\n\t<a href=\"https:\/\/www.laclauelite.com\/fr\/status\/vente\/\" class=\"label-status label status-color-165\">\n\t\t\t\t\tVente\n\t\t\t\t<\/a><a href=\"https:\/\/www.laclauelite.com\/fr\/label\/\" class=\"hz-label label label-color-514\">\n\t\t\t\t\t\n\t\t\t\t<\/a>       \n\n<\/div>\n\t\t\t\t<ul class=\"item-price-wrap hide-on-list\">\n\t<li class=\"item-price\">690,000\u20ac<\/li><\/ul>\t\t\t\t<ul class=\"item-tools\">\n\n        <li class=\"item-tool item-preview\">\n        <span class=\"hz-show-lightbox-js\" data-listid=\"1081969\" data-toggle=\"tooltip\" data-placement=\"top\" title=\"Preview\">\n                <i class=\"houzez-icon icon-expand-3\"><\/i>   \n        <\/span><!-- item-tool-favorite -->\n    <\/li><!-- item-tool -->\n        \n        <li class=\"item-tool item-favorite\">\n        <span class=\"add-favorite-js item-tool-favorite\" data-toggle=\"tooltip\" data-placement=\"top\" title=\"Favourite\" data-listid=\"1081969\">\n            <i class=\"houzez-icon icon-love-it \"><\/i> \n        <\/span><!-- item-tool-favorite -->\n    <\/li><!-- item-tool -->\n    \n        <li class=\"item-tool item-compare\">\n        <span class=\"houzez_compare compare-1081969 item-tool-compare show-compare-panel\" data-toggle=\"tooltip\" data-placement=\"top\" title=\"Add to Compare\" data-listing_id=\"1081969\" data-listing_image=\"https:\/\/fotos15.apinmo.com\/1045\/17241862\/2-1.jpg\">\n            <i class=\"houzez-icon icon-add-circle\"><\/i>\n        <\/span><!-- item-tool-compare -->\n    <\/li><!-- item-tool -->\n    <\/ul><!-- item-tools -->\n\t\t\t\t<div class=\"listing-image-wrap\">\n\t<div class=\"listing-thumb\">\n\t\t<a target=_self href=\"https:\/\/www.laclauelite.com\/fr\/property\/casa-pareada-obra-nueva-mas-alba-10728-fr\/\" class=\"listing-featured-thumb hover-effect\">\n\t\t\t                                                                                                                                                                                    <img loading=\"lazy\" decoding=\"async\" width=\"850\" height=\"426\" src=\"https:\/\/fotos15.apinmo.com\/1045\/17241862\/2-1.jpg\" class=\"img-fluid wp-post-image\" alt=\"Casa pareada obra nueva mas alba - imagenInmueble0\" srcset=\"https:\/\/fotos15.apinmo.com\/1045\/17241862\/2-1.jpg 850w, https:\/\/fotos15.apinmo.com\/1045\/17241862\/2-1.jpg 300w, https:\/\/fotos15.apinmo.com\/1045\/17241862\/2-1.jpg 768w, https:\/\/fotos15.apinmo.com\/1045\/17241862\/2-1s.jpg 150w, https:\/\/fotos15.apinmo.com\/1045\/17241862\/2-1.jpg 536w, https:\/\/fotos15.apinmo.com\/1045\/17241862\/2-1.jpg 770w\" sizes=\"(max-width: 850px) 100vw, 850px\" \/>\t\t<\/a><!-- hover-effect -->\n\t<\/div>\n<\/div>\n\t\t\t\t<div class=\"preview_loader\"><\/div>\n\t\t\t<\/div><!-- item-header -->\t\n\t\t\t<div class=\"item-body flex-grow-1\">\n\t\t\t\t<div class=\"labels-wrap labels-right\"> \n\n\t<a href=\"https:\/\/www.laclauelite.com\/fr\/status\/vente\/\" class=\"label-status label status-color-165\">\n\t\t\t\t\tVente\n\t\t\t\t<\/a><a href=\"https:\/\/www.laclauelite.com\/fr\/label\/\" class=\"hz-label label label-color-514\">\n\t\t\t\t\t\n\t\t\t\t<\/a>       \n\n<\/div>\n\t\t\t\t<h2 class=\"item-title\">\n\t<a target=_self href=\"https:\/\/www.laclauelite.com\/fr\/property\/casa-pareada-obra-nueva-mas-alba-10728-fr\/\">Casa Pareada obra nueva Mas Alba &#8211; 10728<\/a>\n<\/h2><!-- item-title -->\t\t\t\t<ul class=\"item-price-wrap hide-on-list\">\n\t<li class=\"item-price\">690,000\u20ac<\/li><\/ul>\t\t\t\t<address class=\"item-address\">Sant Pere de Ribes,Barcelona,Spain<\/address>\t\t\t\t<ul class=\"item-amenities item-amenities-with-icons\">\n\t<li class=\"h-beds\"><i class=\"houzez-icon icon-hotel-double-bed-1 mr-1\"><\/i><span class=\"item-amenities-text\">Camas:<\/span> <span class=\"hz-figure\">4<\/span><\/li><li class=\"h-baths\"><i class=\"houzez-icon icon-bathroom-shower-1 mr-1\"><\/i><span class=\"item-amenities-text\">Ba\u00f1os:<\/span> <span class=\"hz-figure\">2<\/span><\/li><li class=\"h-area\"><i class=\"houzez-icon icon-ruler-triangle mr-1\"><\/i><span class=\"hz-figure\">160<\/span> <span class=\"hz-figure area_postfix\">m&sup2;<\/span><\/li><li class=\"h-type\"><span>pench\u00e9<\/span><\/li><\/ul>\t\t\t\t<a class=\"btn btn-primary btn-item \" target=_self href=\"https:\/\/www.laclauelite.com\/fr\/property\/casa-pareada-obra-nueva-mas-alba-10728-fr\/\">\n\tD\u00e9tails<\/a><!-- btn-item -->\n\t\t\t\t<div class=\"item-author\">\n\t<i class=\"houzez-icon icon-single-neutral mr-1\"><\/i>\n\t<a href=\"https:\/\/www.laclauelite.com\/fr\/agent\/fincas-la-clau-elite\/\">Fincas La Clau Elite<\/a> <\/div><!-- item-author -->\n\t\t\t\t<div class=\"item-date\">\n\t<i class=\"houzez-icon icon-attachment mr-1\"><\/i>\n\til y a1 mois<\/div><!-- item-date -->\n\t\t\t<\/div><!-- item-body -->\n\n\t\t\t\t\t\t<div class=\"item-footer clearfix\">\n\t\t\t\t<div class=\"item-author\">\n\t<i class=\"houzez-icon icon-single-neutral mr-1\"><\/i>\n\t<a href=\"https:\/\/www.laclauelite.com\/fr\/agent\/fincas-la-clau-elite\/\">Fincas La Clau Elite<\/a> <\/div><!-- item-author -->\n\t\t\t\t<div class=\"item-date\">\n\t<i class=\"houzez-icon icon-attachment mr-1\"><\/i>\n\til y a1 mois<\/div><!-- item-date -->\n\t\t\t<\/div>\n\t\t\t\t\t<\/div><!-- d-flex -->\n\t<\/div><!-- item-wrap -->\n<\/div><!-- item-listing-wrap --><div class=\"item-listing-wrap hz-item-gallery-js card\" data-hz-id=\"hz-1082028\" data-images=\"[{&quot;image&quot;:&quot;https:\\\/\\\/fotos15.apinmo.com\\\/1045\\\/27301858\\\/18-1.jpg&quot;,&quot;alt&quot;:&quot;\\u00c1tico-d\\u00daplex en primera l\\u00ednea de mar en el centro de sitges - imagenInmueble0&quot;},{&quot;image&quot;:&quot;https:\\\/\\\/fotos15.apinmo.com\\\/1045\\\/27301858\\\/18-1.jpg&quot;,&quot;alt&quot;:&quot;\\u00c1tico-d\\u00daplex en primera l\\u00ednea de mar en el centro de sitges - imagenInmueble0&quot;},{&quot;image&quot;:&quot;https:\\\/\\\/fotos15.apinmo.com\\\/1045\\\/27301858\\\/18-2.jpg&quot;,&quot;alt&quot;:&quot;\\u00c1tico-d\\u00daplex en primera l\\u00ednea de mar en el centro de sitges - imagenInmueble1&quot;},{&quot;image&quot;:&quot;https:\\\/\\\/fotos15.apinmo.com\\\/1045\\\/27301858\\\/18-3.jpg&quot;,&quot;alt&quot;:&quot;\\u00c1tico-d\\u00daplex en primera l\\u00ednea de mar en el centro de sitges - imagenInmueble2&quot;},{&quot;image&quot;:&quot;https:\\\/\\\/fotos15.apinmo.com\\\/1045\\\/27301858\\\/18-4.jpg&quot;,&quot;alt&quot;:&quot;\\u00c1tico-d\\u00daplex en primera l\\u00ednea de mar en el centro de sitges - imagenInmueble3&quot;},{&quot;image&quot;:&quot;https:\\\/\\\/fotos15.apinmo.com\\\/1045\\\/27301858\\\/18-5.jpg&quot;,&quot;alt&quot;:&quot;\\u00c1tico-d\\u00daplex en primera l\\u00ednea de mar en el centro de sitges - imagenInmueble4&quot;},{&quot;image&quot;:&quot;https:\\\/\\\/fotos15.apinmo.com\\\/1045\\\/27301858\\\/18-6.jpg&quot;,&quot;alt&quot;:&quot;\\u00c1tico-d\\u00daplex en primera l\\u00ednea de mar en el centro de sitges - imagenInmueble5&quot;},{&quot;image&quot;:&quot;https:\\\/\\\/fotos15.apinmo.com\\\/1045\\\/27301858\\\/18-7.jpg&quot;,&quot;alt&quot;:&quot;\\u00c1tico-d\\u00daplex en primera l\\u00ednea de mar en el centro de sitges - imagenInmueble6&quot;},{&quot;image&quot;:&quot;https:\\\/\\\/fotos15.apinmo.com\\\/1045\\\/27301858\\\/18-8.jpg&quot;,&quot;alt&quot;:&quot;\\u00c1tico-d\\u00daplex en primera l\\u00ednea de mar en el centro de sitges - imagenInmueble7&quot;},{&quot;image&quot;:&quot;https:\\\/\\\/fotos15.apinmo.com\\\/1045\\\/27301858\\\/18-9.jpg&quot;,&quot;alt&quot;:&quot;\\u00c1tico-d\\u00daplex en primera l\\u00ednea de mar en el centro de sitges - imagenInmueble8&quot;},{&quot;image&quot;:&quot;https:\\\/\\\/fotos15.apinmo.com\\\/1045\\\/27301858\\\/18-10.jpg&quot;,&quot;alt&quot;:&quot;\\u00c1tico-d\\u00daplex en primera l\\u00ednea de mar en el centro de sitges - imagenInmueble9&quot;},{&quot;image&quot;:&quot;https:\\\/\\\/fotos15.apinmo.com\\\/1045\\\/27301858\\\/18-11.jpg&quot;,&quot;alt&quot;:&quot;\\u00c1tico-d\\u00daplex en primera l\\u00ednea de mar en el centro de sitges - imagenInmueble10&quot;},{&quot;image&quot;:&quot;https:\\\/\\\/fotos15.apinmo.com\\\/1045\\\/27301858\\\/18-12.jpg&quot;,&quot;alt&quot;:&quot;\\u00c1tico-d\\u00daplex en primera l\\u00ednea de mar en el centro de sitges - imagenInmueble11&quot;},{&quot;image&quot;:&quot;https:\\\/\\\/fotos15.apinmo.com\\\/1045\\\/27301858\\\/18-13.jpg&quot;,&quot;alt&quot;:&quot;\\u00c1tico-d\\u00daplex en primera l\\u00ednea de mar en el centro de sitges - imagenInmueble12&quot;},{&quot;image&quot;:&quot;https:\\\/\\\/fotos15.apinmo.com\\\/1045\\\/27301858\\\/18-14.jpg&quot;,&quot;alt&quot;:&quot;\\u00c1tico-d\\u00daplex en primera l\\u00ednea de mar en el centro de sitges - imagenInmueble13&quot;},{&quot;image&quot;:&quot;https:\\\/\\\/fotos15.apinmo.com\\\/1045\\\/27301858\\\/18-15.jpg&quot;,&quot;alt&quot;:&quot;\\u00c1tico-d\\u00daplex en primera l\\u00ednea de mar en el centro de sitges - imagenInmueble14&quot;},{&quot;image&quot;:&quot;https:\\\/\\\/fotos15.apinmo.com\\\/1045\\\/27301858\\\/18-16.jpg&quot;,&quot;alt&quot;:&quot;\\u00c1tico-d\\u00daplex en primera l\\u00ednea de mar en el centro de sitges - imagenInmueble15&quot;},{&quot;image&quot;:&quot;https:\\\/\\\/fotos15.apinmo.com\\\/1045\\\/27301858\\\/18-17.jpg&quot;,&quot;alt&quot;:&quot;\\u00c1tico-d\\u00daplex en primera l\\u00ednea de mar en el centro de sitges - imagenInmueble16&quot;},{&quot;image&quot;:&quot;https:\\\/\\\/fotos15.apinmo.com\\\/1045\\\/27301858\\\/18-18.jpg&quot;,&quot;alt&quot;:&quot;\\u00c1tico-d\\u00daplex en primera l\\u00ednea de mar en el centro de sitges - imagenInmueble17&quot;},{&quot;image&quot;:&quot;https:\\\/\\\/fotos15.apinmo.com\\\/1045\\\/27301858\\\/18-19.jpg&quot;,&quot;alt&quot;:&quot;\\u00c1tico-d\\u00daplex en primera l\\u00ednea de mar en el centro de sitges - imagenInmueble18&quot;},{&quot;image&quot;:&quot;https:\\\/\\\/fotos15.apinmo.com\\\/1045\\\/27301858\\\/18-20.jpg&quot;,&quot;alt&quot;:&quot;\\u00c1tico-d\\u00daplex en primera l\\u00ednea de mar en el centro de sitges - imagenInmueble19&quot;},{&quot;image&quot;:&quot;https:\\\/\\\/fotos15.apinmo.com\\\/1045\\\/27301858\\\/18-21.jpg&quot;,&quot;alt&quot;:&quot;\\u00c1tico-d\\u00daplex en primera l\\u00ednea de mar en el centro de sitges - imagenInmueble20&quot;},{&quot;image&quot;:&quot;https:\\\/\\\/fotos15.apinmo.com\\\/1045\\\/27301858\\\/18-22.jpg&quot;,&quot;alt&quot;:&quot;\\u00c1tico-d\\u00daplex en primera l\\u00ednea de mar en el centro de sitges - imagenInmueble21&quot;},{&quot;image&quot;:&quot;https:\\\/\\\/fotos15.apinmo.com\\\/1045\\\/27301858\\\/18-23.jpg&quot;,&quot;alt&quot;:&quot;\\u00c1tico-d\\u00daplex en primera l\\u00ednea de mar en el centro de sitges - imagenInmueble22&quot;},{&quot;image&quot;:&quot;https:\\\/\\\/fotos15.apinmo.com\\\/1045\\\/27301858\\\/18-24.jpg&quot;,&quot;alt&quot;:&quot;\\u00c1tico-d\\u00daplex en primera l\\u00ednea de mar en el centro de sitges - imagenInmueble23&quot;},{&quot;image&quot;:&quot;https:\\\/\\\/fotos15.apinmo.com\\\/1045\\\/27301858\\\/18-25.jpg&quot;,&quot;alt&quot;:&quot;\\u00c1tico-d\\u00daplex en primera l\\u00ednea de mar en el centro de sitges - imagenInmueble24&quot;},{&quot;image&quot;:&quot;https:\\\/\\\/fotos15.apinmo.com\\\/1045\\\/27301858\\\/18-26.jpg&quot;,&quot;alt&quot;:&quot;\\u00c1tico-d\\u00daplex en primera l\\u00ednea de mar en el centro de sitges - imagenInmueble25&quot;},{&quot;image&quot;:&quot;https:\\\/\\\/fotos15.apinmo.com\\\/1045\\\/27301858\\\/18-27.jpg&quot;,&quot;alt&quot;:&quot;\\u00c1tico-d\\u00daplex en primera l\\u00ednea de mar en el centro de sitges - imagenInmueble26&quot;},{&quot;image&quot;:&quot;https:\\\/\\\/fotos15.apinmo.com\\\/1045\\\/27301858\\\/18-28.jpg&quot;,&quot;alt&quot;:&quot;\\u00c1tico-d\\u00daplex en primera l\\u00ednea de mar en el centro de sitges - imagenInmueble27&quot;},{&quot;image&quot;:&quot;https:\\\/\\\/fotos15.apinmo.com\\\/1045\\\/27301858\\\/18-29.jpg&quot;,&quot;alt&quot;:&quot;\\u00c1tico-d\\u00daplex en primera l\\u00ednea de mar en el centro de sitges - imagenInmueble28&quot;},{&quot;image&quot;:&quot;https:\\\/\\\/fotos15.apinmo.com\\\/1045\\\/27301858\\\/18-30.jpg&quot;,&quot;alt&quot;:&quot;\\u00c1tico-d\\u00daplex en primera l\\u00ednea de mar en el centro de sitges - imagenInmueble29&quot;},{&quot;image&quot;:&quot;https:\\\/\\\/fotos15.apinmo.com\\\/1045\\\/27301858\\\/18-31.jpg&quot;,&quot;alt&quot;:&quot;\\u00c1tico-d\\u00daplex en primera l\\u00ednea de mar en el centro de sitges - imagenInmueble30&quot;}]\">\n\t<div class=\"item-wrap item-wrap-v1 item-wrap-no-frame h-100\">\n\t\t<div class=\"d-flex align-items-center h-100\">\n\t\t\t<div class=\"item-header\">\n\t\t\t\t\t\t\t\t<div class=\"labels-wrap labels-right\"> \n\n\t<a href=\"https:\/\/www.laclauelite.com\/fr\/status\/vente\/\" class=\"label-status label status-color-165\">\n\t\t\t\t\tVente\n\t\t\t\t<\/a>       \n\n<\/div>\n\t\t\t\t<ul class=\"item-price-wrap hide-on-list\">\n\t<li class=\"item-price\">1,950,000\u20ac<\/li><\/ul>\t\t\t\t<ul class=\"item-tools\">\n\n        <li class=\"item-tool item-preview\">\n        <span class=\"hz-show-lightbox-js\" data-listid=\"1082028\" data-toggle=\"tooltip\" data-placement=\"top\" title=\"Preview\">\n                <i class=\"houzez-icon icon-expand-3\"><\/i>   \n        <\/span><!-- item-tool-favorite -->\n    <\/li><!-- item-tool -->\n        \n        <li class=\"item-tool item-favorite\">\n        <span class=\"add-favorite-js item-tool-favorite\" data-toggle=\"tooltip\" data-placement=\"top\" title=\"Favourite\" data-listid=\"1082028\">\n            <i class=\"houzez-icon icon-love-it \"><\/i> \n        <\/span><!-- item-tool-favorite -->\n    <\/li><!-- item-tool -->\n    \n        <li class=\"item-tool item-compare\">\n        <span class=\"houzez_compare compare-1082028 item-tool-compare show-compare-panel\" data-toggle=\"tooltip\" data-placement=\"top\" title=\"Add to Compare\" data-listing_id=\"1082028\" data-listing_image=\"https:\/\/fotos15.apinmo.com\/1045\/27301858\/18-1.jpg\">\n            <i class=\"houzez-icon icon-add-circle\"><\/i>\n        <\/span><!-- item-tool-compare -->\n    <\/li><!-- item-tool -->\n    <\/ul><!-- item-tools -->\n\t\t\t\t<div class=\"listing-image-wrap\">\n\t<div class=\"listing-thumb\">\n\t\t<a target=_self href=\"https:\/\/www.laclauelite.com\/fr\/property\/atico-duplex-en-primera-linea-de-mar-en-el-centro-de-sitges-11387-fr\/\" class=\"listing-featured-thumb hover-effect\">\n\t\t\t                                                                                                                                                                                    <img loading=\"lazy\" decoding=\"async\" width=\"850\" height=\"426\" src=\"https:\/\/fotos15.apinmo.com\/1045\/27301858\/18-1.jpg\" class=\"img-fluid wp-post-image\" alt=\"\u00c1tico-d\u00daplex en primera l\u00ednea de mar en el centro de sitges - imagenInmueble0\" srcset=\"https:\/\/fotos15.apinmo.com\/1045\/27301858\/18-1.jpg 850w, https:\/\/fotos15.apinmo.com\/1045\/27301858\/18-1.jpg 300w, https:\/\/fotos15.apinmo.com\/1045\/27301858\/18-1.jpg 768w, https:\/\/fotos15.apinmo.com\/1045\/27301858\/18-1s.jpg 150w, https:\/\/fotos15.apinmo.com\/1045\/27301858\/18-1.jpg 536w, https:\/\/fotos15.apinmo.com\/1045\/27301858\/18-1.jpg 770w\" sizes=\"(max-width: 850px) 100vw, 850px\" \/>\t\t<\/a><!-- hover-effect -->\n\t<\/div>\n<\/div>\n\t\t\t\t<div class=\"preview_loader\"><\/div>\n\t\t\t<\/div><!-- item-header -->\t\n\t\t\t<div class=\"item-body flex-grow-1\">\n\t\t\t\t<div class=\"labels-wrap labels-right\"> \n\n\t<a href=\"https:\/\/www.laclauelite.com\/fr\/status\/vente\/\" class=\"label-status label status-color-165\">\n\t\t\t\t\tVente\n\t\t\t\t<\/a>       \n\n<\/div>\n\t\t\t\t<h2 class=\"item-title\">\n\t<a target=_self href=\"https:\/\/www.laclauelite.com\/fr\/property\/atico-duplex-en-primera-linea-de-mar-en-el-centro-de-sitges-11387-fr\/\">\u00c1TICO-D\u00daPLEX en primera l\u00ednea de mar en el centro de Sitges &#8211; 11387<\/a>\n<\/h2><!-- item-title -->\t\t\t\t<ul class=\"item-price-wrap hide-on-list\">\n\t<li class=\"item-price\">1,950,000\u20ac<\/li><\/ul>\t\t\t\t<address class=\"item-address\">Sitges,Barcelona,Spain<\/address>\t\t\t\t<ul class=\"item-amenities item-amenities-with-icons\">\n\t<li class=\"h-beds\"><i class=\"houzez-icon icon-hotel-double-bed-1 mr-1\"><\/i><span class=\"item-amenities-text\">Camas:<\/span> <span class=\"hz-figure\">3<\/span><\/li><li class=\"h-baths\"><i class=\"houzez-icon icon-bathroom-shower-1 mr-1\"><\/i><span class=\"item-amenities-text\">Ba\u00f1os:<\/span> <span class=\"hz-figure\">2<\/span><\/li><li class=\"h-area\"><i class=\"houzez-icon icon-ruler-triangle mr-1\"><\/i><span class=\"hz-figure\">130<\/span> <span class=\"hz-figure area_postfix\">m&sup2;<\/span><\/li><li class=\"h-type\"><span>Penthouses<\/span><\/li><\/ul>\t\t\t\t<a class=\"btn btn-primary btn-item \" target=_self href=\"https:\/\/www.laclauelite.com\/fr\/property\/atico-duplex-en-primera-linea-de-mar-en-el-centro-de-sitges-11387-fr\/\">\n\tD\u00e9tails<\/a><!-- btn-item -->\n\t\t\t\t<div class=\"item-author\">\n\t<i class=\"houzez-icon icon-single-neutral mr-1\"><\/i>\n\t<a href=\"https:\/\/www.laclauelite.com\/fr\/agent\/fincas-la-clau-elite\/\">Fincas La Clau Elite<\/a> <\/div><!-- item-author -->\n\t\t\t\t<div class=\"item-date\">\n\t<i class=\"houzez-icon icon-attachment mr-1\"><\/i>\n\til y a1 mois<\/div><!-- item-date -->\n\t\t\t<\/div><!-- item-body -->\n\n\t\t\t\t\t\t<div class=\"item-footer clearfix\">\n\t\t\t\t<div class=\"item-author\">\n\t<i class=\"houzez-icon icon-single-neutral mr-1\"><\/i>\n\t<a href=\"https:\/\/www.laclauelite.com\/fr\/agent\/fincas-la-clau-elite\/\">Fincas La Clau Elite<\/a> <\/div><!-- item-author -->\n\t\t\t\t<div class=\"item-date\">\n\t<i class=\"houzez-icon icon-attachment mr-1\"><\/i>\n\til y a1 mois<\/div><!-- item-date -->\n\t\t\t<\/div>\n\t\t\t\t\t<\/div><!-- d-flex -->\n\t<\/div><!-- item-wrap -->\n<\/div><!-- item-listing-wrap --><div class=\"item-listing-wrap hz-item-gallery-js card\" data-hz-id=\"hz-1081883\" data-images=\"[{&quot;image&quot;:&quot;https:\\\/\\\/fotos15.apinmo.com\\\/1045\\\/4782125\\\/17-1.jpg&quot;,&quot;alt&quot;:&quot;Casa en venta en sitges zona quint mar con espectaculares vistas panor\\u00e1micas al mar - imagenInmueble0&quot;},{&quot;image&quot;:&quot;https:\\\/\\\/fotos15.apinmo.com\\\/1045\\\/4782125\\\/17-1.jpg&quot;,&quot;alt&quot;:&quot;Casa en venta en sitges zona quint mar con espectaculares vistas panor\\u00e1micas al mar - imagenInmueble0&quot;},{&quot;image&quot;:&quot;https:\\\/\\\/fotos15.apinmo.com\\\/1045\\\/4782125\\\/17-2.jpg&quot;,&quot;alt&quot;:&quot;Casa en venta en sitges zona quint mar con espectaculares vistas panor\\u00e1micas al mar - imagenInmueble1&quot;},{&quot;image&quot;:&quot;https:\\\/\\\/fotos15.apinmo.com\\\/1045\\\/4782125\\\/17-3.jpg&quot;,&quot;alt&quot;:&quot;Casa en venta en sitges zona quint mar con espectaculares vistas panor\\u00e1micas al mar - imagenInmueble2&quot;},{&quot;image&quot;:&quot;https:\\\/\\\/fotos15.apinmo.com\\\/1045\\\/4782125\\\/17-4.jpg&quot;,&quot;alt&quot;:&quot;Casa en venta en sitges zona quint mar con espectaculares vistas panor\\u00e1micas al mar - imagenInmueble3&quot;},{&quot;image&quot;:&quot;https:\\\/\\\/fotos15.apinmo.com\\\/1045\\\/4782125\\\/17-5.jpg&quot;,&quot;alt&quot;:&quot;Casa en venta en sitges zona quint mar con espectaculares vistas panor\\u00e1micas al mar - imagenInmueble4&quot;},{&quot;image&quot;:&quot;https:\\\/\\\/fotos15.apinmo.com\\\/1045\\\/4782125\\\/17-6.jpg&quot;,&quot;alt&quot;:&quot;Casa en venta en sitges zona quint mar con espectaculares vistas panor\\u00e1micas al mar - imagenInmueble5&quot;},{&quot;image&quot;:&quot;https:\\\/\\\/fotos15.apinmo.com\\\/1045\\\/4782125\\\/17-7.jpg&quot;,&quot;alt&quot;:&quot;Casa en venta en sitges zona quint mar con espectaculares vistas panor\\u00e1micas al mar - imagenInmueble6&quot;},{&quot;image&quot;:&quot;https:\\\/\\\/fotos15.apinmo.com\\\/1045\\\/4782125\\\/17-8.jpg&quot;,&quot;alt&quot;:&quot;Casa en venta en sitges zona quint mar con espectaculares vistas panor\\u00e1micas al mar - imagenInmueble7&quot;},{&quot;image&quot;:&quot;https:\\\/\\\/fotos15.apinmo.com\\\/1045\\\/4782125\\\/17-9.jpg&quot;,&quot;alt&quot;:&quot;Casa en venta en sitges zona quint mar con espectaculares vistas panor\\u00e1micas al mar - imagenInmueble8&quot;},{&quot;image&quot;:&quot;https:\\\/\\\/fotos15.apinmo.com\\\/1045\\\/4782125\\\/17-10.jpg&quot;,&quot;alt&quot;:&quot;Casa en venta en sitges zona quint mar con espectaculares vistas panor\\u00e1micas al mar - imagenInmueble9&quot;},{&quot;image&quot;:&quot;https:\\\/\\\/fotos15.apinmo.com\\\/1045\\\/4782125\\\/17-11.jpg&quot;,&quot;alt&quot;:&quot;Casa en venta en sitges zona quint mar con espectaculares vistas panor\\u00e1micas al mar - imagenInmueble10&quot;},{&quot;image&quot;:&quot;https:\\\/\\\/fotos15.apinmo.com\\\/1045\\\/4782125\\\/17-12.jpg&quot;,&quot;alt&quot;:&quot;Casa en venta en sitges zona quint mar con espectaculares vistas panor\\u00e1micas al mar - imagenInmueble11&quot;},{&quot;image&quot;:&quot;https:\\\/\\\/fotos15.apinmo.com\\\/1045\\\/4782125\\\/17-13.jpg&quot;,&quot;alt&quot;:&quot;Casa en venta en sitges zona quint mar con espectaculares vistas panor\\u00e1micas al mar - imagenInmueble12&quot;},{&quot;image&quot;:&quot;https:\\\/\\\/fotos15.apinmo.com\\\/1045\\\/4782125\\\/17-14.jpg&quot;,&quot;alt&quot;:&quot;Casa en venta en sitges zona quint mar con espectaculares vistas panor\\u00e1micas al mar - imagenInmueble13&quot;},{&quot;image&quot;:&quot;https:\\\/\\\/fotos15.apinmo.com\\\/1045\\\/4782125\\\/17-15.jpg&quot;,&quot;alt&quot;:&quot;Casa en venta en sitges zona quint mar con espectaculares vistas panor\\u00e1micas al mar - imagenInmueble14&quot;},{&quot;image&quot;:&quot;https:\\\/\\\/fotos15.apinmo.com\\\/1045\\\/4782125\\\/17-16.jpg&quot;,&quot;alt&quot;:&quot;Casa en venta en sitges zona quint mar con espectaculares vistas panor\\u00e1micas al mar - imagenInmueble15&quot;},{&quot;image&quot;:&quot;https:\\\/\\\/fotos15.apinmo.com\\\/1045\\\/4782125\\\/17-17.jpg&quot;,&quot;alt&quot;:&quot;Casa en venta en sitges zona quint mar con espectaculares vistas panor\\u00e1micas al mar - imagenInmueble16&quot;},{&quot;image&quot;:&quot;https:\\\/\\\/fotos15.apinmo.com\\\/1045\\\/4782125\\\/17-18.jpg&quot;,&quot;alt&quot;:&quot;Casa en venta en sitges zona quint mar con espectaculares vistas panor\\u00e1micas al mar - imagenInmueble17&quot;},{&quot;image&quot;:&quot;https:\\\/\\\/fotos15.apinmo.com\\\/1045\\\/4782125\\\/17-19.jpg&quot;,&quot;alt&quot;:&quot;Casa en venta en sitges zona quint mar con espectaculares vistas panor\\u00e1micas al mar - imagenInmueble18&quot;},{&quot;image&quot;:&quot;https:\\\/\\\/fotos15.apinmo.com\\\/1045\\\/4782125\\\/17-20.jpg&quot;,&quot;alt&quot;:&quot;Casa en venta en sitges zona quint mar con espectaculares vistas panor\\u00e1micas al mar - imagenInmueble19&quot;}]\">\n\t<div class=\"item-wrap item-wrap-v1 item-wrap-no-frame h-100\">\n\t\t<div class=\"d-flex align-items-center h-100\">\n\t\t\t<div class=\"item-header\">\n\t\t\t\t\t\t\t\t<div class=\"labels-wrap labels-right\"> \n\n\t<a href=\"https:\/\/www.laclauelite.com\/fr\/status\/vente\/\" class=\"label-status label status-color-165\">\n\t\t\t\t\tVente\n\t\t\t\t<\/a>       \n\n<\/div>\n\t\t\t\t<ul class=\"item-price-wrap hide-on-list\">\n\t<li class=\"item-price\">1,250,000\u20ac<\/li><\/ul>\t\t\t\t<ul class=\"item-tools\">\n\n        <li class=\"item-tool item-preview\">\n        <span class=\"hz-show-lightbox-js\" data-listid=\"1081883\" data-toggle=\"tooltip\" data-placement=\"top\" title=\"Preview\">\n                <i class=\"houzez-icon icon-expand-3\"><\/i>   \n        <\/span><!-- item-tool-favorite -->\n    <\/li><!-- item-tool -->\n        \n        <li class=\"item-tool item-favorite\">\n        <span class=\"add-favorite-js item-tool-favorite\" data-toggle=\"tooltip\" data-placement=\"top\" title=\"Favourite\" data-listid=\"1081883\">\n            <i class=\"houzez-icon icon-love-it \"><\/i> \n        <\/span><!-- item-tool-favorite -->\n    <\/li><!-- item-tool -->\n    \n        <li class=\"item-tool item-compare\">\n        <span class=\"houzez_compare compare-1081883 item-tool-compare show-compare-panel\" data-toggle=\"tooltip\" data-placement=\"top\" title=\"Add to Compare\" data-listing_id=\"1081883\" data-listing_image=\"https:\/\/fotos15.apinmo.com\/1045\/4782125\/17-1.jpg\">\n            <i class=\"houzez-icon icon-add-circle\"><\/i>\n        <\/span><!-- item-tool-compare -->\n    <\/li><!-- item-tool -->\n    <\/ul><!-- item-tools -->\n\t\t\t\t<div class=\"listing-image-wrap\">\n\t<div class=\"listing-thumb\">\n\t\t<a target=_self href=\"https:\/\/www.laclauelite.com\/fr\/property\/casa-en-venta-en-sitges-zona-quint-mar-con-espectaculares-vistas-panoramicas-al-mar-08123-fr\/\" class=\"listing-featured-thumb hover-effect\">\n\t\t\t                                                                                                                                                                                    <img loading=\"lazy\" decoding=\"async\" width=\"850\" height=\"426\" src=\"https:\/\/fotos15.apinmo.com\/1045\/4782125\/17-1.jpg\" class=\"img-fluid wp-post-image\" alt=\"Casa en venta en sitges zona quint mar con espectaculares vistas panor\u00e1micas al mar - imagenInmueble0\" srcset=\"https:\/\/fotos15.apinmo.com\/1045\/4782125\/17-1.jpg 850w, https:\/\/fotos15.apinmo.com\/1045\/4782125\/17-1.jpg 300w, https:\/\/fotos15.apinmo.com\/1045\/4782125\/17-1.jpg 768w, https:\/\/fotos15.apinmo.com\/1045\/4782125\/17-1s.jpg 150w, https:\/\/fotos15.apinmo.com\/1045\/4782125\/17-1.jpg 536w, https:\/\/fotos15.apinmo.com\/1045\/4782125\/17-1.jpg 770w\" sizes=\"(max-width: 850px) 100vw, 850px\" \/>\t\t<\/a><!-- hover-effect -->\n\t<\/div>\n<\/div>\n\t\t\t\t<div class=\"preview_loader\"><\/div>\n\t\t\t<\/div><!-- item-header -->\t\n\t\t\t<div class=\"item-body flex-grow-1\">\n\t\t\t\t<div class=\"labels-wrap labels-right\"> \n\n\t<a href=\"https:\/\/www.laclauelite.com\/fr\/status\/vente\/\" class=\"label-status label status-color-165\">\n\t\t\t\t\tVente\n\t\t\t\t<\/a>       \n\n<\/div>\n\t\t\t\t<h2 class=\"item-title\">\n\t<a target=_self href=\"https:\/\/www.laclauelite.com\/fr\/property\/casa-en-venta-en-sitges-zona-quint-mar-con-espectaculares-vistas-panoramicas-al-mar-08123-fr\/\">Casa en venta en Sitges zona Quint Mar con espectaculares vistas panor\u00e1micas al mar &#8211; 08123<\/a>\n<\/h2><!-- item-title -->\t\t\t\t<ul class=\"item-price-wrap hide-on-list\">\n\t<li class=\"item-price\">1,250,000\u20ac<\/li><\/ul>\t\t\t\t<address class=\"item-address\">Sitges,Barcelona,Spain<\/address>\t\t\t\t<ul class=\"item-amenities item-amenities-with-icons\">\n\t<li class=\"h-beds\"><i class=\"houzez-icon icon-hotel-double-bed-1 mr-1\"><\/i><span class=\"item-amenities-text\">Camas:<\/span> <span class=\"hz-figure\">6<\/span><\/li><li class=\"h-baths\"><i class=\"houzez-icon icon-bathroom-shower-1 mr-1\"><\/i><span class=\"item-amenities-text\">Ba\u00f1os:<\/span> <span class=\"hz-figure\">5<\/span><\/li><li class=\"h-area\"><i class=\"houzez-icon icon-ruler-triangle mr-1\"><\/i><span class=\"hz-figure\">347<\/span> <span class=\"hz-figure area_postfix\">m&sup2;<\/span><\/li><li class=\"h-type\"><span>Houses<\/span><\/li><\/ul>\t\t\t\t<a class=\"btn btn-primary btn-item \" target=_self href=\"https:\/\/www.laclauelite.com\/fr\/property\/casa-en-venta-en-sitges-zona-quint-mar-con-espectaculares-vistas-panoramicas-al-mar-08123-fr\/\">\n\tD\u00e9tails<\/a><!-- btn-item -->\n\t\t\t\t<div class=\"item-author\">\n\t<i class=\"houzez-icon icon-single-neutral mr-1\"><\/i>\n\t<a href=\"https:\/\/www.laclauelite.com\/fr\/agent\/fincas-la-clau-elite\/\">Fincas La Clau Elite<\/a> <\/div><!-- item-author -->\n\t\t\t\t<div class=\"item-date\">\n\t<i class=\"houzez-icon icon-attachment mr-1\"><\/i>\n\til y a3 mois<\/div><!-- item-date -->\n\t\t\t<\/div><!-- item-body -->\n\n\t\t\t\t\t\t<div class=\"item-footer clearfix\">\n\t\t\t\t<div class=\"item-author\">\n\t<i class=\"houzez-icon icon-single-neutral mr-1\"><\/i>\n\t<a href=\"https:\/\/www.laclauelite.com\/fr\/agent\/fincas-la-clau-elite\/\">Fincas La Clau Elite<\/a> <\/div><!-- item-author -->\n\t\t\t\t<div class=\"item-date\">\n\t<i class=\"houzez-icon icon-attachment mr-1\"><\/i>\n\til y a3 mois<\/div><!-- item-date -->\n\t\t\t<\/div>\n\t\t\t\t\t<\/div><!-- d-flex -->\n\t<\/div><!-- item-wrap -->\n<\/div><!-- item-listing-wrap --><div class=\"item-listing-wrap hz-item-gallery-js card\" data-hz-id=\"hz-1081908\" data-images=\"[{&quot;image&quot;:&quot;https:\\\/\\\/fotos15.apinmo.com\\\/1045\\\/8039595\\\/25-1.jpg&quot;,&quot;alt&quot;:&quot;Finca r\\u00fastica con dos casas a cinco minutos de sitges. - imagenInmueble0&quot;},{&quot;image&quot;:&quot;https:\\\/\\\/fotos15.apinmo.com\\\/1045\\\/8039595\\\/25-1.jpg&quot;,&quot;alt&quot;:&quot;Finca r\\u00fastica con dos casas a cinco minutos de sitges. - imagenInmueble0&quot;},{&quot;image&quot;:&quot;https:\\\/\\\/fotos15.apinmo.com\\\/1045\\\/8039595\\\/25-2.jpg&quot;,&quot;alt&quot;:&quot;Finca r\\u00fastica con dos casas a cinco minutos de sitges. - imagenInmueble1&quot;},{&quot;image&quot;:&quot;https:\\\/\\\/fotos15.apinmo.com\\\/1045\\\/8039595\\\/25-3.jpg&quot;,&quot;alt&quot;:&quot;Finca r\\u00fastica con dos casas a cinco minutos de sitges. - imagenInmueble2&quot;},{&quot;image&quot;:&quot;https:\\\/\\\/fotos15.apinmo.com\\\/1045\\\/8039595\\\/25-4.jpg&quot;,&quot;alt&quot;:&quot;Finca r\\u00fastica con dos casas a cinco minutos de sitges. - imagenInmueble3&quot;},{&quot;image&quot;:&quot;https:\\\/\\\/fotos15.apinmo.com\\\/1045\\\/8039595\\\/25-5.jpg&quot;,&quot;alt&quot;:&quot;Finca r\\u00fastica con dos casas a cinco minutos de sitges. - imagenInmueble4&quot;},{&quot;image&quot;:&quot;https:\\\/\\\/fotos15.apinmo.com\\\/1045\\\/8039595\\\/25-6.jpg&quot;,&quot;alt&quot;:&quot;Finca r\\u00fastica con dos casas a cinco minutos de sitges. - imagenInmueble5&quot;},{&quot;image&quot;:&quot;https:\\\/\\\/fotos15.apinmo.com\\\/1045\\\/8039595\\\/25-7.jpg&quot;,&quot;alt&quot;:&quot;Finca r\\u00fastica con dos casas a cinco minutos de sitges. - imagenInmueble6&quot;},{&quot;image&quot;:&quot;https:\\\/\\\/fotos15.apinmo.com\\\/1045\\\/8039595\\\/25-8.jpg&quot;,&quot;alt&quot;:&quot;Finca r\\u00fastica con dos casas a cinco minutos de sitges. - imagenInmueble7&quot;},{&quot;image&quot;:&quot;https:\\\/\\\/fotos15.apinmo.com\\\/1045\\\/8039595\\\/25-9.jpg&quot;,&quot;alt&quot;:&quot;Finca r\\u00fastica con dos casas a cinco minutos de sitges. - imagenInmueble8&quot;},{&quot;image&quot;:&quot;https:\\\/\\\/fotos15.apinmo.com\\\/1045\\\/8039595\\\/25-10.jpg&quot;,&quot;alt&quot;:&quot;Finca r\\u00fastica con dos casas a cinco minutos de sitges. - imagenInmueble9&quot;},{&quot;image&quot;:&quot;https:\\\/\\\/fotos15.apinmo.com\\\/1045\\\/8039595\\\/25-11.jpg&quot;,&quot;alt&quot;:&quot;Finca r\\u00fastica con dos casas a cinco minutos de sitges. - imagenInmueble10&quot;},{&quot;image&quot;:&quot;https:\\\/\\\/fotos15.apinmo.com\\\/1045\\\/8039595\\\/25-12.jpg&quot;,&quot;alt&quot;:&quot;Finca r\\u00fastica con dos casas a cinco minutos de sitges. - imagenInmueble11&quot;},{&quot;image&quot;:&quot;https:\\\/\\\/fotos15.apinmo.com\\\/1045\\\/8039595\\\/25-13.jpg&quot;,&quot;alt&quot;:&quot;Finca r\\u00fastica con dos casas a cinco minutos de sitges. - imagenInmueble12&quot;},{&quot;image&quot;:&quot;https:\\\/\\\/fotos15.apinmo.com\\\/1045\\\/8039595\\\/25-14.jpg&quot;,&quot;alt&quot;:&quot;Finca r\\u00fastica con dos casas a cinco minutos de sitges. - imagenInmueble13&quot;},{&quot;image&quot;:&quot;https:\\\/\\\/fotos15.apinmo.com\\\/1045\\\/8039595\\\/25-15.jpg&quot;,&quot;alt&quot;:&quot;Finca r\\u00fastica con dos casas a cinco minutos de sitges. - imagenInmueble14&quot;},{&quot;image&quot;:&quot;https:\\\/\\\/fotos15.apinmo.com\\\/1045\\\/8039595\\\/25-16.jpg&quot;,&quot;alt&quot;:&quot;Finca r\\u00fastica con dos casas a cinco minutos de sitges. - imagenInmueble15&quot;},{&quot;image&quot;:&quot;https:\\\/\\\/fotos15.apinmo.com\\\/1045\\\/8039595\\\/25-17.jpg&quot;,&quot;alt&quot;:&quot;Finca r\\u00fastica con dos casas a cinco minutos de sitges. - imagenInmueble16&quot;},{&quot;image&quot;:&quot;https:\\\/\\\/fotos15.apinmo.com\\\/1045\\\/8039595\\\/25-18.jpg&quot;,&quot;alt&quot;:&quot;Finca r\\u00fastica con dos casas a cinco minutos de sitges. - imagenInmueble17&quot;},{&quot;image&quot;:&quot;https:\\\/\\\/fotos15.apinmo.com\\\/1045\\\/8039595\\\/25-19.jpg&quot;,&quot;alt&quot;:&quot;Finca r\\u00fastica con dos casas a cinco minutos de sitges. - imagenInmueble18&quot;},{&quot;image&quot;:&quot;https:\\\/\\\/fotos15.apinmo.com\\\/1045\\\/8039595\\\/25-20.jpg&quot;,&quot;alt&quot;:&quot;Finca r\\u00fastica con dos casas a cinco minutos de sitges. - imagenInmueble19&quot;},{&quot;image&quot;:&quot;https:\\\/\\\/fotos15.apinmo.com\\\/1045\\\/8039595\\\/25-21.jpg&quot;,&quot;alt&quot;:&quot;Finca r\\u00fastica con dos casas a cinco minutos de sitges. - imagenInmueble20&quot;},{&quot;image&quot;:&quot;https:\\\/\\\/fotos15.apinmo.com\\\/1045\\\/8039595\\\/25-22.jpg&quot;,&quot;alt&quot;:&quot;Finca r\\u00fastica con dos casas a cinco minutos de sitges. - imagenInmueble21&quot;},{&quot;image&quot;:&quot;https:\\\/\\\/fotos15.apinmo.com\\\/1045\\\/8039595\\\/25-23.jpg&quot;,&quot;alt&quot;:&quot;Finca r\\u00fastica con dos casas a cinco minutos de sitges. - imagenInmueble22&quot;},{&quot;image&quot;:&quot;https:\\\/\\\/fotos15.apinmo.com\\\/1045\\\/8039595\\\/25-24.jpg&quot;,&quot;alt&quot;:&quot;Finca r\\u00fastica con dos casas a cinco minutos de sitges. - imagenInmueble23&quot;},{&quot;image&quot;:&quot;https:\\\/\\\/fotos15.apinmo.com\\\/1045\\\/8039595\\\/25-25.jpg&quot;,&quot;alt&quot;:&quot;Finca r\\u00fastica con dos casas a cinco minutos de sitges. - imagenInmueble24&quot;},{&quot;image&quot;:&quot;https:\\\/\\\/fotos15.apinmo.com\\\/1045\\\/8039595\\\/25-26.jpg&quot;,&quot;alt&quot;:&quot;Finca r\\u00fastica con dos casas a cinco minutos de sitges. - imagenInmueble25&quot;},{&quot;image&quot;:&quot;https:\\\/\\\/fotos15.apinmo.com\\\/1045\\\/8039595\\\/25-27.jpg&quot;,&quot;alt&quot;:&quot;Finca r\\u00fastica con dos casas a cinco minutos de sitges. - imagenInmueble26&quot;},{&quot;image&quot;:&quot;https:\\\/\\\/fotos15.apinmo.com\\\/1045\\\/8039595\\\/25-28.jpg&quot;,&quot;alt&quot;:&quot;Finca r\\u00fastica con dos casas a cinco minutos de sitges. - imagenInmueble27&quot;},{&quot;image&quot;:&quot;https:\\\/\\\/fotos15.apinmo.com\\\/1045\\\/8039595\\\/25-29.jpg&quot;,&quot;alt&quot;:&quot;Finca r\\u00fastica con dos casas a cinco minutos de sitges. - imagenInmueble28&quot;},{&quot;image&quot;:&quot;https:\\\/\\\/fotos15.apinmo.com\\\/1045\\\/8039595\\\/25-30.jpg&quot;,&quot;alt&quot;:&quot;Finca r\\u00fastica con dos casas a cinco minutos de sitges. - imagenInmueble29&quot;},{&quot;image&quot;:&quot;https:\\\/\\\/fotos15.apinmo.com\\\/1045\\\/8039595\\\/25-31.jpg&quot;,&quot;alt&quot;:&quot;Finca r\\u00fastica con dos casas a cinco minutos de sitges. - imagenInmueble30&quot;},{&quot;image&quot;:&quot;https:\\\/\\\/fotos15.apinmo.com\\\/1045\\\/8039595\\\/25-32.jpg&quot;,&quot;alt&quot;:&quot;Finca r\\u00fastica con dos casas a cinco minutos de sitges. - imagenInmueble31&quot;},{&quot;image&quot;:&quot;https:\\\/\\\/fotos15.apinmo.com\\\/1045\\\/8039595\\\/25-33.jpg&quot;,&quot;alt&quot;:&quot;Finca r\\u00fastica con dos casas a cinco minutos de sitges. - imagenInmueble32&quot;},{&quot;image&quot;:&quot;https:\\\/\\\/fotos15.apinmo.com\\\/1045\\\/8039595\\\/25-34.jpg&quot;,&quot;alt&quot;:&quot;Finca r\\u00fastica con dos casas a cinco minutos de sitges. - imagenInmueble33&quot;},{&quot;image&quot;:&quot;https:\\\/\\\/fotos15.apinmo.com\\\/1045\\\/8039595\\\/25-35.jpg&quot;,&quot;alt&quot;:&quot;Finca r\\u00fastica con dos casas a cinco minutos de sitges. - imagenInmueble34&quot;},{&quot;image&quot;:&quot;https:\\\/\\\/fotos15.apinmo.com\\\/1045\\\/8039595\\\/25-36.jpg&quot;,&quot;alt&quot;:&quot;Finca r\\u00fastica con dos casas a cinco minutos de sitges. - imagenInmueble35&quot;},{&quot;image&quot;:&quot;https:\\\/\\\/fotos15.apinmo.com\\\/1045\\\/8039595\\\/25-37.jpg&quot;,&quot;alt&quot;:&quot;Finca r\\u00fastica con dos casas a cinco minutos de sitges. - imagenInmueble36&quot;},{&quot;image&quot;:&quot;https:\\\/\\\/fotos15.apinmo.com\\\/1045\\\/8039595\\\/25-38.jpg&quot;,&quot;alt&quot;:&quot;Finca r\\u00fastica con dos casas a cinco minutos de sitges. - imagenInmueble37&quot;},{&quot;image&quot;:&quot;https:\\\/\\\/fotos15.apinmo.com\\\/1045\\\/8039595\\\/25-39.jpg&quot;,&quot;alt&quot;:&quot;Finca r\\u00fastica con dos casas a cinco minutos de sitges. - imagenInmueble38&quot;},{&quot;image&quot;:&quot;https:\\\/\\\/fotos15.apinmo.com\\\/1045\\\/8039595\\\/25-40.jpg&quot;,&quot;alt&quot;:&quot;Finca r\\u00fastica con dos casas a cinco minutos de sitges. - imagenInmueble39&quot;}]\">\n\t<div class=\"item-wrap item-wrap-v1 item-wrap-no-frame h-100\">\n\t\t<div class=\"d-flex align-items-center h-100\">\n\t\t\t<div class=\"item-header\">\n\t\t\t\t\t\t\t\t<div class=\"labels-wrap labels-right\"> \n\n\t<a href=\"https:\/\/www.laclauelite.com\/fr\/status\/vente\/\" class=\"label-status label status-color-165\">\n\t\t\t\t\tVente\n\t\t\t\t<\/a>       \n\n<\/div>\n\t\t\t\t<ul class=\"item-price-wrap hide-on-list\">\n\t<li class=\"item-price\">5,000,000\u20ac<\/li><\/ul>\t\t\t\t<ul class=\"item-tools\">\n\n        <li class=\"item-tool item-preview\">\n        <span class=\"hz-show-lightbox-js\" data-listid=\"1081908\" data-toggle=\"tooltip\" data-placement=\"top\" title=\"Preview\">\n                <i class=\"houzez-icon icon-expand-3\"><\/i>   \n        <\/span><!-- item-tool-favorite -->\n    <\/li><!-- item-tool -->\n        \n        <li class=\"item-tool item-favorite\">\n        <span class=\"add-favorite-js item-tool-favorite\" data-toggle=\"tooltip\" data-placement=\"top\" title=\"Favourite\" data-listid=\"1081908\">\n            <i class=\"houzez-icon icon-love-it \"><\/i> \n        <\/span><!-- item-tool-favorite -->\n    <\/li><!-- item-tool -->\n    \n        <li class=\"item-tool item-compare\">\n        <span class=\"houzez_compare compare-1081908 item-tool-compare show-compare-panel\" data-toggle=\"tooltip\" data-placement=\"top\" title=\"Add to Compare\" data-listing_id=\"1081908\" data-listing_image=\"https:\/\/fotos15.apinmo.com\/1045\/8039595\/25-1.jpg\">\n            <i class=\"houzez-icon icon-add-circle\"><\/i>\n        <\/span><!-- item-tool-compare -->\n    <\/li><!-- item-tool -->\n    <\/ul><!-- item-tools -->\n\t\t\t\t<div class=\"listing-image-wrap\">\n\t<div class=\"listing-thumb\">\n\t\t<a target=_self href=\"https:\/\/www.laclauelite.com\/fr\/property\/finca-rustica-con-dos-casas-a-cinco-minutos-de-sitges-09094-fr\/\" class=\"listing-featured-thumb hover-effect\">\n\t\t\t                                                                                                                                                                                    <img loading=\"lazy\" decoding=\"async\" width=\"850\" height=\"426\" src=\"https:\/\/fotos15.apinmo.com\/1045\/8039595\/25-1.jpg\" class=\"img-fluid wp-post-image\" alt=\"Finca r\u00fastica con dos casas a cinco minutos de sitges. - imagenInmueble0\" srcset=\"https:\/\/fotos15.apinmo.com\/1045\/8039595\/25-1.jpg 850w, https:\/\/fotos15.apinmo.com\/1045\/8039595\/25-1.jpg 300w, https:\/\/fotos15.apinmo.com\/1045\/8039595\/25-1.jpg 768w, https:\/\/fotos15.apinmo.com\/1045\/8039595\/25-1s.jpg 150w, https:\/\/fotos15.apinmo.com\/1045\/8039595\/25-1.jpg 536w, https:\/\/fotos15.apinmo.com\/1045\/8039595\/25-1.jpg 770w\" sizes=\"(max-width: 850px) 100vw, 850px\" \/>\t\t<\/a><!-- hover-effect -->\n\t<\/div>\n<\/div>\n\t\t\t\t<div class=\"preview_loader\"><\/div>\n\t\t\t<\/div><!-- item-header -->\t\n\t\t\t<div class=\"item-body flex-grow-1\">\n\t\t\t\t<div class=\"labels-wrap labels-right\"> \n\n\t<a href=\"https:\/\/www.laclauelite.com\/fr\/status\/vente\/\" class=\"label-status label status-color-165\">\n\t\t\t\t\tVente\n\t\t\t\t<\/a>       \n\n<\/div>\n\t\t\t\t<h2 class=\"item-title\">\n\t<a target=_self href=\"https:\/\/www.laclauelite.com\/fr\/property\/finca-rustica-con-dos-casas-a-cinco-minutos-de-sitges-09094-fr\/\">Finca r\u00fastica con dos casas a cinco minutos de Sitges. &#8211; 09094<\/a>\n<\/h2><!-- item-title -->\t\t\t\t<ul class=\"item-price-wrap hide-on-list\">\n\t<li class=\"item-price\">5,000,000\u20ac<\/li><\/ul>\t\t\t\t<address class=\"item-address\">Sant Pere de Ribes,Barcelona,Spain<\/address>\t\t\t\t<ul class=\"item-amenities item-amenities-with-icons\">\n\t<li class=\"h-beds\"><i class=\"houzez-icon icon-hotel-double-bed-1 mr-1\"><\/i><span class=\"item-amenities-text\">Cama:<\/span> <span class=\"hz-figure\">0<\/span><\/li><li class=\"h-baths\"><i class=\"houzez-icon icon-bathroom-shower-1 mr-1\"><\/i><span class=\"item-amenities-text\">Ba\u00f1o:<\/span> <span class=\"hz-figure\">1<\/span><\/li><li class=\"h-area\"><i class=\"houzez-icon icon-ruler-triangle mr-1\"><\/i><span class=\"hz-figure\">1800<\/span> <span class=\"hz-figure area_postfix\">m&sup2;<\/span><\/li><li class=\"h-type\"><span>Houses<\/span><\/li><\/ul>\t\t\t\t<a class=\"btn btn-primary btn-item \" target=_self href=\"https:\/\/www.laclauelite.com\/fr\/property\/finca-rustica-con-dos-casas-a-cinco-minutos-de-sitges-09094-fr\/\">\n\tD\u00e9tails<\/a><!-- btn-item -->\n\t\t\t\t<div class=\"item-author\">\n\t<i class=\"houzez-icon icon-single-neutral mr-1\"><\/i>\n\t<a href=\"https:\/\/www.laclauelite.com\/fr\/agent\/fincas-la-clau-elite\/\">Fincas La Clau Elite<\/a> <\/div><!-- item-author -->\n\t\t\t\t<div class=\"item-date\">\n\t<i class=\"houzez-icon icon-attachment mr-1\"><\/i>\n\til y a2 ans<\/div><!-- item-date -->\n\t\t\t<\/div><!-- item-body -->\n\n\t\t\t\t\t\t<div class=\"item-footer clearfix\">\n\t\t\t\t<div class=\"item-author\">\n\t<i class=\"houzez-icon icon-single-neutral mr-1\"><\/i>\n\t<a href=\"https:\/\/www.laclauelite.com\/fr\/agent\/fincas-la-clau-elite\/\">Fincas La Clau Elite<\/a> <\/div><!-- item-author -->\n\t\t\t\t<div class=\"item-date\">\n\t<i class=\"houzez-icon icon-attachment mr-1\"><\/i>\n\til y a2 ans<\/div><!-- item-date -->\n\t\t\t<\/div>\n\t\t\t\t\t<\/div><!-- d-flex -->\n\t<\/div><!-- item-wrap -->\n<\/div><!-- item-listing-wrap -->\t\t\t\t<\/div><!-- testimonials-slider -->\r\n\t\t\t<\/div><!-- listing-view grid-view -->\r\n\t\t<\/div><!-- testimonials-module -->\r\n\r\n\t\t\t\t<\/div>\n\t\t\t\t<\/div>\n\t\t\t\t\t<\/div>\n\t\t<\/div>\n\t\t\t\t\t\t\t<\/div>\n\t\t<\/section>\n\t\t\t\t<section class=\"elementor-section elementor-top-section elementor-element elementor-element-67015c1 elementor-section-boxed elementor-section-height-default elementor-section-height-default\" data-id=\"67015c1\" data-element_type=\"section\">\n\t\t\t\t\t\t<div class=\"elementor-container elementor-column-gap-default\">\n\t\t\t\t\t<div class=\"elementor-column elementor-col-100 elementor-top-column elementor-element elementor-element-16e2e22\" data-id=\"16e2e22\" data-element_type=\"column\">\n\t\t\t<div class=\"elementor-widget-wrap elementor-element-populated\">\n\t\t\t\t\t\t\t\t<div class=\"elementor-element elementor-element-b3dc698 animated-slow elementor-invisible elementor-widget elementor-widget-heading\" data-id=\"b3dc698\" data-element_type=\"widget\" data-settings=\"{&quot;_animation&quot;:&quot;fadeIn&quot;}\" data-widget_type=\"heading.default\">\n\t\t\t\t<div class=\"elementor-widget-container\">\n\t\t\t<h3 class=\"elementor-heading-title elementor-size-large\">Appartement<\/h3>\t\t<\/div>\n\t\t\t\t<\/div>\n\t\t\t\t\t<\/div>\n\t\t<\/div>\n\t\t\t\t\t\t\t<\/div>\n\t\t<\/section>\n\t\t\t\t<section class=\"elementor-section elementor-top-section elementor-element elementor-element-b30be12 animated-slow elementor-section-boxed elementor-section-height-default elementor-section-height-default elementor-invisible\" data-id=\"b30be12\" data-element_type=\"section\" data-settings=\"{&quot;animation&quot;:&quot;fadeIn&quot;,&quot;animation_delay&quot;:0}\">\n\t\t\t\t\t\t<div class=\"elementor-container elementor-column-gap-default\">\n\t\t\t\t\t<div class=\"elementor-column elementor-col-100 elementor-top-column elementor-element elementor-element-dc58a5f\" data-id=\"dc58a5f\" data-element_type=\"column\">\n\t\t\t<div class=\"elementor-widget-wrap elementor-element-populated\">\n\t\t\t\t\t\t\t\t<div class=\"elementor-element elementor-element-a8b83b8 elementor-widget elementor-widget-houzez_elementor_properties_carousel_v2\" data-id=\"a8b83b8\" data-element_type=\"widget\" data-widget_type=\"houzez_elementor_properties_carousel_v2.default\">\n\t\t\t\t<div class=\"elementor-widget-container\">\n\t\t\t\r\n\t\t<div class=\"property-carousel-module houzez-carousel-arrows-8geSl houzez-carousel-cols-1 property-carousel-module-v2\">\r\n\r\n\t\t\t<div class=\"property-carousel-buttons-wrap\">\r\n\t\t\t\t\t\t\t\t<button type=\"button\" class=\"slick-prev-js-8geSl slick-prev btn-primary-outlined\">Prev<\/button>\r\n\t\t\t\t<button type=\"button\" class=\"slick-next-js-8geSl slick-next btn-primary-outlined\">Prochain<\/button>\r\n\t\t\t\t\t\t\t\t\t\t\t<\/div><!-- property-carousel-buttons-wrap -->\r\n\r\n\t\t\t<div class=\"listing-view grid-view\">\r\n\t\t\t\t\r\n\t\t\t\t<div id=\"houzez-properties-carousel-8geSl\" data-token=\"8geSl\" class=\"houzez-properties-carousel-js houzez-all-slider-wrap card-deck\">\r\n\t\t\t\t\t<div class=\"item-listing-wrap hz-item-gallery-js card\" data-hz-id=\"hz-1081984\" data-images=\"[{&quot;image&quot;:&quot;https:\\\/\\\/fotos15.apinmo.com\\\/1045\\\/20965375\\\/61-1.jpg&quot;,&quot;alt&quot;:&quot;Casa de pescadores en el centro de sitges - imagenInmueble0&quot;},{&quot;image&quot;:&quot;https:\\\/\\\/fotos15.apinmo.com\\\/1045\\\/20965375\\\/61-1.jpg&quot;,&quot;alt&quot;:&quot;Casa de pescadores en el centro de sitges - imagenInmueble0&quot;},{&quot;image&quot;:&quot;https:\\\/\\\/fotos15.apinmo.com\\\/1045\\\/20965375\\\/61-2.jpg&quot;,&quot;alt&quot;:&quot;Casa de pescadores en el centro de sitges - imagenInmueble1&quot;},{&quot;image&quot;:&quot;https:\\\/\\\/fotos15.apinmo.com\\\/1045\\\/20965375\\\/61-3.jpg&quot;,&quot;alt&quot;:&quot;Casa de pescadores en el centro de sitges - imagenInmueble2&quot;},{&quot;image&quot;:&quot;https:\\\/\\\/fotos15.apinmo.com\\\/1045\\\/20965375\\\/61-4.jpg&quot;,&quot;alt&quot;:&quot;Casa de pescadores en el centro de sitges - imagenInmueble3&quot;},{&quot;image&quot;:&quot;https:\\\/\\\/fotos15.apinmo.com\\\/1045\\\/20965375\\\/61-5.jpg&quot;,&quot;alt&quot;:&quot;Casa de pescadores en el centro de sitges - imagenInmueble4&quot;},{&quot;image&quot;:&quot;https:\\\/\\\/fotos15.apinmo.com\\\/1045\\\/20965375\\\/61-6.jpg&quot;,&quot;alt&quot;:&quot;Casa de pescadores en el centro de sitges - imagenInmueble5&quot;},{&quot;image&quot;:&quot;https:\\\/\\\/fotos15.apinmo.com\\\/1045\\\/20965375\\\/61-7.jpg&quot;,&quot;alt&quot;:&quot;Casa de pescadores en el centro de sitges - imagenInmueble6&quot;},{&quot;image&quot;:&quot;https:\\\/\\\/fotos15.apinmo.com\\\/1045\\\/20965375\\\/61-8.jpg&quot;,&quot;alt&quot;:&quot;Casa de pescadores en el centro de sitges - imagenInmueble7&quot;},{&quot;image&quot;:&quot;https:\\\/\\\/fotos15.apinmo.com\\\/1045\\\/20965375\\\/61-9.jpg&quot;,&quot;alt&quot;:&quot;Casa de pescadores en el centro de sitges - imagenInmueble8&quot;},{&quot;image&quot;:&quot;https:\\\/\\\/fotos15.apinmo.com\\\/1045\\\/20965375\\\/61-10.jpg&quot;,&quot;alt&quot;:&quot;Casa de pescadores en el centro de sitges - imagenInmueble9&quot;},{&quot;image&quot;:&quot;https:\\\/\\\/fotos15.apinmo.com\\\/1045\\\/20965375\\\/61-11.jpg&quot;,&quot;alt&quot;:&quot;Casa de pescadores en el centro de sitges - imagenInmueble10&quot;},{&quot;image&quot;:&quot;https:\\\/\\\/fotos15.apinmo.com\\\/1045\\\/20965375\\\/61-12.jpg&quot;,&quot;alt&quot;:&quot;Casa de pescadores en el centro de sitges - imagenInmueble11&quot;},{&quot;image&quot;:&quot;https:\\\/\\\/fotos15.apinmo.com\\\/1045\\\/20965375\\\/61-13.jpg&quot;,&quot;alt&quot;:&quot;Casa de pescadores en el centro de sitges - imagenInmueble12&quot;},{&quot;image&quot;:&quot;https:\\\/\\\/fotos15.apinmo.com\\\/1045\\\/20965375\\\/61-14.jpg&quot;,&quot;alt&quot;:&quot;Casa de pescadores en el centro de sitges - imagenInmueble13&quot;},{&quot;image&quot;:&quot;https:\\\/\\\/fotos15.apinmo.com\\\/1045\\\/20965375\\\/61-15.jpg&quot;,&quot;alt&quot;:&quot;Casa de pescadores en el centro de sitges - imagenInmueble14&quot;},{&quot;image&quot;:&quot;https:\\\/\\\/fotos15.apinmo.com\\\/1045\\\/20965375\\\/61-16.jpg&quot;,&quot;alt&quot;:&quot;Casa de pescadores en el centro de sitges - imagenInmueble15&quot;},{&quot;image&quot;:&quot;https:\\\/\\\/fotos15.apinmo.com\\\/1045\\\/20965375\\\/61-17.jpg&quot;,&quot;alt&quot;:&quot;Casa de pescadores en el centro de sitges - imagenInmueble16&quot;},{&quot;image&quot;:&quot;https:\\\/\\\/fotos15.apinmo.com\\\/1045\\\/20965375\\\/61-18.jpg&quot;,&quot;alt&quot;:&quot;Casa de pescadores en el centro de sitges - imagenInmueble17&quot;},{&quot;image&quot;:&quot;https:\\\/\\\/fotos15.apinmo.com\\\/1045\\\/20965375\\\/61-19.jpg&quot;,&quot;alt&quot;:&quot;Casa de pescadores en el centro de sitges - imagenInmueble18&quot;},{&quot;image&quot;:&quot;https:\\\/\\\/fotos15.apinmo.com\\\/1045\\\/20965375\\\/61-20.jpg&quot;,&quot;alt&quot;:&quot;Casa de pescadores en el centro de sitges - imagenInmueble19&quot;},{&quot;image&quot;:&quot;https:\\\/\\\/fotos15.apinmo.com\\\/1045\\\/20965375\\\/61-21.jpg&quot;,&quot;alt&quot;:&quot;Casa de pescadores en el centro de sitges - imagenInmueble20&quot;},{&quot;image&quot;:&quot;https:\\\/\\\/fotos15.apinmo.com\\\/1045\\\/20965375\\\/61-22.jpg&quot;,&quot;alt&quot;:&quot;Casa de pescadores en el centro de sitges - imagenInmueble21&quot;},{&quot;image&quot;:&quot;https:\\\/\\\/fotos15.apinmo.com\\\/1045\\\/20965375\\\/61-23.jpg&quot;,&quot;alt&quot;:&quot;Casa de pescadores en el centro de sitges - imagenInmueble22&quot;},{&quot;image&quot;:&quot;https:\\\/\\\/fotos15.apinmo.com\\\/1045\\\/20965375\\\/61-24.jpg&quot;,&quot;alt&quot;:&quot;Casa de pescadores en el centro de sitges - imagenInmueble23&quot;},{&quot;image&quot;:&quot;https:\\\/\\\/fotos15.apinmo.com\\\/1045\\\/20965375\\\/61-25.jpg&quot;,&quot;alt&quot;:&quot;Casa de pescadores en el centro de sitges - imagenInmueble24&quot;},{&quot;image&quot;:&quot;https:\\\/\\\/fotos15.apinmo.com\\\/1045\\\/20965375\\\/61-26.jpg&quot;,&quot;alt&quot;:&quot;Casa de pescadores en el centro de sitges - imagenInmueble25&quot;},{&quot;image&quot;:&quot;https:\\\/\\\/fotos15.apinmo.com\\\/1045\\\/20965375\\\/61-27.jpg&quot;,&quot;alt&quot;:&quot;Casa de pescadores en el centro de sitges - imagenInmueble26&quot;},{&quot;image&quot;:&quot;https:\\\/\\\/fotos15.apinmo.com\\\/1045\\\/20965375\\\/61-28.jpg&quot;,&quot;alt&quot;:&quot;Casa de pescadores en el centro de sitges - imagenInmueble27&quot;},{&quot;image&quot;:&quot;https:\\\/\\\/fotos15.apinmo.com\\\/1045\\\/20965375\\\/61-29.jpg&quot;,&quot;alt&quot;:&quot;Casa de pescadores en el centro de sitges - imagenInmueble28&quot;},{&quot;image&quot;:&quot;https:\\\/\\\/fotos15.apinmo.com\\\/1045\\\/20965375\\\/61-30.jpg&quot;,&quot;alt&quot;:&quot;Casa de pescadores en el centro de sitges - imagenInmueble29&quot;},{&quot;image&quot;:&quot;https:\\\/\\\/fotos15.apinmo.com\\\/1045\\\/20965375\\\/61-31.jpg&quot;,&quot;alt&quot;:&quot;Casa de pescadores en el centro de sitges - imagenInmueble30&quot;},{&quot;image&quot;:&quot;https:\\\/\\\/fotos15.apinmo.com\\\/1045\\\/20965375\\\/61-32.jpg&quot;,&quot;alt&quot;:&quot;Casa de pescadores en el centro de sitges - imagenInmueble31&quot;},{&quot;image&quot;:&quot;https:\\\/\\\/fotos15.apinmo.com\\\/1045\\\/20965375\\\/61-33.jpg&quot;,&quot;alt&quot;:&quot;Casa de pescadores en el centro de sitges - imagenInmueble32&quot;},{&quot;image&quot;:&quot;https:\\\/\\\/fotos15.apinmo.com\\\/1045\\\/20965375\\\/61-34.jpg&quot;,&quot;alt&quot;:&quot;Casa de pescadores en el centro de sitges - imagenInmueble33&quot;},{&quot;image&quot;:&quot;https:\\\/\\\/fotos15.apinmo.com\\\/1045\\\/20965375\\\/61-35.jpg&quot;,&quot;alt&quot;:&quot;Casa de pescadores en el centro de sitges - imagenInmueble34&quot;},{&quot;image&quot;:&quot;https:\\\/\\\/fotos15.apinmo.com\\\/1045\\\/20965375\\\/61-36.jpg&quot;,&quot;alt&quot;:&quot;Casa de pescadores en el centro de sitges - imagenInmueble35&quot;},{&quot;image&quot;:&quot;https:\\\/\\\/fotos15.apinmo.com\\\/1045\\\/20965375\\\/61-37.jpg&quot;,&quot;alt&quot;:&quot;Casa de pescadores en el centro de sitges - imagenInmueble36&quot;},{&quot;image&quot;:&quot;https:\\\/\\\/fotos15.apinmo.com\\\/1045\\\/20965375\\\/61-38.jpg&quot;,&quot;alt&quot;:&quot;Casa de pescadores en el centro de sitges - imagenInmueble37&quot;},{&quot;image&quot;:&quot;https:\\\/\\\/fotos15.apinmo.com\\\/1045\\\/20965375\\\/61-39.jpg&quot;,&quot;alt&quot;:&quot;Casa de pescadores en el centro de sitges - imagenInmueble38&quot;}]\">\n\t<div class=\"item-wrap item-wrap-v1 item-wrap-no-frame h-100\">\n\t\t<div class=\"d-flex align-items-center h-100\">\n\t\t\t<div class=\"item-header\">\n\t\t\t\t\t\t\t\t<div class=\"labels-wrap labels-right\"> \n\n\t<a href=\"https:\/\/www.laclauelite.com\/fr\/status\/vente\/\" class=\"label-status label status-color-165\">\n\t\t\t\t\tVente\n\t\t\t\t<\/a>       \n\n<\/div>\n\t\t\t\t<ul class=\"item-price-wrap hide-on-list\">\n\t<li class=\"item-price\">995,000\u20ac<\/li><\/ul>\t\t\t\t<ul class=\"item-tools\">\n\n        <li class=\"item-tool item-preview\">\n        <span class=\"hz-show-lightbox-js\" data-listid=\"1081984\" data-toggle=\"tooltip\" data-placement=\"top\" title=\"Preview\">\n                <i class=\"houzez-icon icon-expand-3\"><\/i>   \n        <\/span><!-- item-tool-favorite -->\n    <\/li><!-- item-tool -->\n        \n        <li class=\"item-tool item-favorite\">\n        <span class=\"add-favorite-js item-tool-favorite\" data-toggle=\"tooltip\" data-placement=\"top\" title=\"Favourite\" data-listid=\"1081984\">\n            <i class=\"houzez-icon icon-love-it \"><\/i> \n        <\/span><!-- item-tool-favorite -->\n    <\/li><!-- item-tool -->\n    \n        <li class=\"item-tool item-compare\">\n        <span class=\"houzez_compare compare-1081984 item-tool-compare show-compare-panel\" data-toggle=\"tooltip\" data-placement=\"top\" title=\"Add to Compare\" data-listing_id=\"1081984\" data-listing_image=\"https:\/\/fotos15.apinmo.com\/1045\/20965375\/61-1.jpg\">\n            <i class=\"houzez-icon icon-add-circle\"><\/i>\n        <\/span><!-- item-tool-compare -->\n    <\/li><!-- item-tool -->\n    <\/ul><!-- item-tools -->\n\t\t\t\t<div class=\"listing-image-wrap\">\n\t<div class=\"listing-thumb\">\n\t\t<a target=_self href=\"https:\/\/www.laclauelite.com\/fr\/property\/casa-de-pescadores-en-el-centro-de-sitges-11086-fr\/\" class=\"listing-featured-thumb hover-effect\">\n\t\t\t                                                                                                                                                                                    <img loading=\"lazy\" decoding=\"async\" width=\"850\" height=\"426\" src=\"https:\/\/fotos15.apinmo.com\/1045\/20965375\/61-1.jpg\" class=\"img-fluid wp-post-image\" alt=\"Casa de pescadores en el centro de sitges - imagenInmueble0\" srcset=\"https:\/\/fotos15.apinmo.com\/1045\/20965375\/61-1.jpg 850w, https:\/\/fotos15.apinmo.com\/1045\/20965375\/61-1.jpg 300w, https:\/\/fotos15.apinmo.com\/1045\/20965375\/61-1.jpg 768w, https:\/\/fotos15.apinmo.com\/1045\/20965375\/61-1s.jpg 150w, https:\/\/fotos15.apinmo.com\/1045\/20965375\/61-1.jpg 536w, https:\/\/fotos15.apinmo.com\/1045\/20965375\/61-1.jpg 770w\" sizes=\"(max-width: 850px) 100vw, 850px\" \/>\t\t<\/a><!-- hover-effect -->\n\t<\/div>\n<\/div>\n\t\t\t\t<div class=\"preview_loader\"><\/div>\n\t\t\t<\/div><!-- item-header -->\t\n\t\t\t<div class=\"item-body flex-grow-1\">\n\t\t\t\t<div class=\"labels-wrap labels-right\"> \n\n\t<a href=\"https:\/\/www.laclauelite.com\/fr\/status\/vente\/\" class=\"label-status label status-color-165\">\n\t\t\t\t\tVente\n\t\t\t\t<\/a>       \n\n<\/div>\n\t\t\t\t<h2 class=\"item-title\">\n\t<a target=_self href=\"https:\/\/www.laclauelite.com\/fr\/property\/casa-de-pescadores-en-el-centro-de-sitges-11086-fr\/\">Casa de pescadores en el centro de Sitges &#8211; 11086<\/a>\n<\/h2><!-- item-title -->\t\t\t\t<ul class=\"item-price-wrap hide-on-list\">\n\t<li class=\"item-price\">995,000\u20ac<\/li><\/ul>\t\t\t\t<address class=\"item-address\">Sitges,Barcelona,Spain<\/address>\t\t\t\t<ul class=\"item-amenities item-amenities-with-icons\">\n\t<li class=\"h-beds\"><i class=\"houzez-icon icon-hotel-double-bed-1 mr-1\"><\/i><span class=\"item-amenities-text\">Camas:<\/span> <span class=\"hz-figure\">3<\/span><\/li><li class=\"h-baths\"><i class=\"houzez-icon icon-bathroom-shower-1 mr-1\"><\/i><span class=\"item-amenities-text\">Ba\u00f1os:<\/span> <span class=\"hz-figure\">3<\/span><\/li><li class=\"h-area\"><i class=\"houzez-icon icon-ruler-triangle mr-1\"><\/i><span class=\"hz-figure\">160<\/span> <span class=\"hz-figure area_postfix\">m&sup2;<\/span><\/li><li class=\"h-type\"><span>Houses<\/span><\/li><\/ul>\t\t\t\t<a class=\"btn btn-primary btn-item \" target=_self href=\"https:\/\/www.laclauelite.com\/fr\/property\/casa-de-pescadores-en-el-centro-de-sitges-11086-fr\/\">\n\tD\u00e9tails<\/a><!-- btn-item -->\n\t\t\t\t<div class=\"item-author\">\n\t<i class=\"houzez-icon icon-single-neutral mr-1\"><\/i>\n\t<a href=\"https:\/\/www.laclauelite.com\/fr\/agent\/fincas-la-clau-elite\/\">Fincas La Clau Elite<\/a> <\/div><!-- item-author -->\n\t\t\t\t<div class=\"item-date\">\n\t<i class=\"houzez-icon icon-attachment mr-1\"><\/i>\n\til y a2 jours<\/div><!-- item-date -->\n\t\t\t<\/div><!-- item-body -->\n\n\t\t\t\t\t\t<div class=\"item-footer clearfix\">\n\t\t\t\t<div class=\"item-author\">\n\t<i class=\"houzez-icon icon-single-neutral mr-1\"><\/i>\n\t<a href=\"https:\/\/www.laclauelite.com\/fr\/agent\/fincas-la-clau-elite\/\">Fincas La Clau Elite<\/a> <\/div><!-- item-author -->\n\t\t\t\t<div class=\"item-date\">\n\t<i class=\"houzez-icon icon-attachment mr-1\"><\/i>\n\til y a2 jours<\/div><!-- item-date -->\n\t\t\t<\/div>\n\t\t\t\t\t<\/div><!-- d-flex -->\n\t<\/div><!-- item-wrap -->\n<\/div><!-- item-listing-wrap --><div class=\"item-listing-wrap hz-item-gallery-js card\" data-hz-id=\"hz-1082121\" data-images=\"[{&quot;image&quot;:&quot;https:\\\/\\\/fotos15.apinmo.com\\\/1045\\\/28359471\\\/20-1.jpg&quot;,&quot;alt&quot;:&quot;Casa pareada en levantina con magnificas vistas al mar y a sitges - imagenInmueble0&quot;},{&quot;image&quot;:&quot;https:\\\/\\\/fotos15.apinmo.com\\\/1045\\\/28359471\\\/20-1.jpg&quot;,&quot;alt&quot;:&quot;Casa pareada en levantina con magnificas vistas al mar y a sitges - imagenInmueble0&quot;},{&quot;image&quot;:&quot;https:\\\/\\\/fotos15.apinmo.com\\\/1045\\\/28359471\\\/20-2.jpg&quot;,&quot;alt&quot;:&quot;Casa pareada en levantina con magnificas vistas al mar y a sitges - imagenInmueble1&quot;},{&quot;image&quot;:&quot;https:\\\/\\\/fotos15.apinmo.com\\\/1045\\\/28359471\\\/20-3.jpg&quot;,&quot;alt&quot;:&quot;Casa pareada en levantina con magnificas vistas al mar y a sitges - imagenInmueble2&quot;},{&quot;image&quot;:&quot;https:\\\/\\\/fotos15.apinmo.com\\\/1045\\\/28359471\\\/20-4.jpg&quot;,&quot;alt&quot;:&quot;Casa pareada en levantina con magnificas vistas al mar y a sitges - imagenInmueble3&quot;},{&quot;image&quot;:&quot;https:\\\/\\\/fotos15.apinmo.com\\\/1045\\\/28359471\\\/20-5.jpg&quot;,&quot;alt&quot;:&quot;Casa pareada en levantina con magnificas vistas al mar y a sitges - imagenInmueble4&quot;},{&quot;image&quot;:&quot;https:\\\/\\\/fotos15.apinmo.com\\\/1045\\\/28359471\\\/20-6.jpg&quot;,&quot;alt&quot;:&quot;Casa pareada en levantina con magnificas vistas al mar y a sitges - imagenInmueble5&quot;},{&quot;image&quot;:&quot;https:\\\/\\\/fotos15.apinmo.com\\\/1045\\\/28359471\\\/20-7.jpg&quot;,&quot;alt&quot;:&quot;Casa pareada en levantina con magnificas vistas al mar y a sitges - imagenInmueble6&quot;},{&quot;image&quot;:&quot;https:\\\/\\\/fotos15.apinmo.com\\\/1045\\\/28359471\\\/20-8.jpg&quot;,&quot;alt&quot;:&quot;Casa pareada en levantina con magnificas vistas al mar y a sitges - imagenInmueble7&quot;},{&quot;image&quot;:&quot;https:\\\/\\\/fotos15.apinmo.com\\\/1045\\\/28359471\\\/20-9.jpg&quot;,&quot;alt&quot;:&quot;Casa pareada en levantina con magnificas vistas al mar y a sitges - imagenInmueble8&quot;},{&quot;image&quot;:&quot;https:\\\/\\\/fotos15.apinmo.com\\\/1045\\\/28359471\\\/20-10.jpg&quot;,&quot;alt&quot;:&quot;Casa pareada en levantina con magnificas vistas al mar y a sitges - imagenInmueble9&quot;},{&quot;image&quot;:&quot;https:\\\/\\\/fotos15.apinmo.com\\\/1045\\\/28359471\\\/20-11.jpg&quot;,&quot;alt&quot;:&quot;Casa pareada en levantina con magnificas vistas al mar y a sitges - imagenInmueble10&quot;},{&quot;image&quot;:&quot;https:\\\/\\\/fotos15.apinmo.com\\\/1045\\\/28359471\\\/20-12.jpg&quot;,&quot;alt&quot;:&quot;Casa pareada en levantina con magnificas vistas al mar y a sitges - imagenInmueble11&quot;},{&quot;image&quot;:&quot;https:\\\/\\\/fotos15.apinmo.com\\\/1045\\\/28359471\\\/20-13.jpg&quot;,&quot;alt&quot;:&quot;Casa pareada en levantina con magnificas vistas al mar y a sitges - imagenInmueble12&quot;},{&quot;image&quot;:&quot;https:\\\/\\\/fotos15.apinmo.com\\\/1045\\\/28359471\\\/20-14.jpg&quot;,&quot;alt&quot;:&quot;Casa pareada en levantina con magnificas vistas al mar y a sitges - imagenInmueble13&quot;},{&quot;image&quot;:&quot;https:\\\/\\\/fotos15.apinmo.com\\\/1045\\\/28359471\\\/20-15.jpg&quot;,&quot;alt&quot;:&quot;Casa pareada en levantina con magnificas vistas al mar y a sitges - imagenInmueble14&quot;},{&quot;image&quot;:&quot;https:\\\/\\\/fotos15.apinmo.com\\\/1045\\\/28359471\\\/20-16.jpg&quot;,&quot;alt&quot;:&quot;Casa pareada en levantina con magnificas vistas al mar y a sitges - imagenInmueble15&quot;},{&quot;image&quot;:&quot;https:\\\/\\\/fotos15.apinmo.com\\\/1045\\\/28359471\\\/20-17.jpg&quot;,&quot;alt&quot;:&quot;Casa pareada en levantina con magnificas vistas al mar y a sitges - imagenInmueble16&quot;},{&quot;image&quot;:&quot;https:\\\/\\\/fotos15.apinmo.com\\\/1045\\\/28359471\\\/20-18.jpg&quot;,&quot;alt&quot;:&quot;Casa pareada en levantina con magnificas vistas al mar y a sitges - imagenInmueble17&quot;},{&quot;image&quot;:&quot;https:\\\/\\\/fotos15.apinmo.com\\\/1045\\\/28359471\\\/20-19.jpg&quot;,&quot;alt&quot;:&quot;Casa pareada en levantina con magnificas vistas al mar y a sitges - imagenInmueble18&quot;},{&quot;image&quot;:&quot;https:\\\/\\\/fotos15.apinmo.com\\\/1045\\\/28359471\\\/20-20.jpg&quot;,&quot;alt&quot;:&quot;Casa pareada en levantina con magnificas vistas al mar y a sitges - imagenInmueble19&quot;},{&quot;image&quot;:&quot;https:\\\/\\\/fotos15.apinmo.com\\\/1045\\\/28359471\\\/20-21.jpg&quot;,&quot;alt&quot;:&quot;Casa pareada en levantina con magnificas vistas al mar y a sitges - imagenInmueble20&quot;},{&quot;image&quot;:&quot;https:\\\/\\\/fotos15.apinmo.com\\\/1045\\\/28359471\\\/20-22.jpg&quot;,&quot;alt&quot;:&quot;Casa pareada en levantina con magnificas vistas al mar y a sitges - imagenInmueble21&quot;},{&quot;image&quot;:&quot;https:\\\/\\\/fotos15.apinmo.com\\\/1045\\\/28359471\\\/20-23.jpg&quot;,&quot;alt&quot;:&quot;Casa pareada en levantina con magnificas vistas al mar y a sitges - imagenInmueble22&quot;},{&quot;image&quot;:&quot;https:\\\/\\\/fotos15.apinmo.com\\\/1045\\\/28359471\\\/20-24.jpg&quot;,&quot;alt&quot;:&quot;Casa pareada en levantina con magnificas vistas al mar y a sitges - imagenInmueble23&quot;},{&quot;image&quot;:&quot;https:\\\/\\\/fotos15.apinmo.com\\\/1045\\\/28359471\\\/20-25.jpg&quot;,&quot;alt&quot;:&quot;Casa pareada en levantina con magnificas vistas al mar y a sitges - imagenInmueble24&quot;},{&quot;image&quot;:&quot;https:\\\/\\\/fotos15.apinmo.com\\\/1045\\\/28359471\\\/20-26.jpg&quot;,&quot;alt&quot;:&quot;Casa pareada en levantina con magnificas vistas al mar y a sitges - imagenInmueble25&quot;},{&quot;image&quot;:&quot;https:\\\/\\\/fotos15.apinmo.com\\\/1045\\\/28359471\\\/20-27.jpg&quot;,&quot;alt&quot;:&quot;Casa pareada en levantina con magnificas vistas al mar y a sitges - imagenInmueble26&quot;},{&quot;image&quot;:&quot;https:\\\/\\\/fotos15.apinmo.com\\\/1045\\\/28359471\\\/20-28.jpg&quot;,&quot;alt&quot;:&quot;Casa pareada en levantina con magnificas vistas al mar y a sitges - imagenInmueble27&quot;},{&quot;image&quot;:&quot;https:\\\/\\\/fotos15.apinmo.com\\\/1045\\\/28359471\\\/20-29.jpg&quot;,&quot;alt&quot;:&quot;Casa pareada en levantina con magnificas vistas al mar y a sitges - imagenInmueble28&quot;},{&quot;image&quot;:&quot;https:\\\/\\\/fotos15.apinmo.com\\\/1045\\\/28359471\\\/20-30.jpg&quot;,&quot;alt&quot;:&quot;Casa pareada en levantina con magnificas vistas al mar y a sitges - imagenInmueble29&quot;},{&quot;image&quot;:&quot;https:\\\/\\\/fotos15.apinmo.com\\\/1045\\\/28359471\\\/20-31.jpg&quot;,&quot;alt&quot;:&quot;Casa pareada en levantina con magnificas vistas al mar y a sitges - imagenInmueble30&quot;},{&quot;image&quot;:&quot;https:\\\/\\\/fotos15.apinmo.com\\\/1045\\\/28359471\\\/20-32.jpg&quot;,&quot;alt&quot;:&quot;Casa pareada en levantina con magnificas vistas al mar y a sitges - imagenInmueble31&quot;},{&quot;image&quot;:&quot;https:\\\/\\\/fotos15.apinmo.com\\\/1045\\\/28359471\\\/20-33.jpg&quot;,&quot;alt&quot;:&quot;Casa pareada en levantina con magnificas vistas al mar y a sitges - imagenInmueble32&quot;},{&quot;image&quot;:&quot;https:\\\/\\\/fotos15.apinmo.com\\\/1045\\\/28359471\\\/20-34.jpg&quot;,&quot;alt&quot;:&quot;Casa pareada en levantina con magnificas vistas al mar y a sitges - imagenInmueble33&quot;},{&quot;image&quot;:&quot;https:\\\/\\\/fotos15.apinmo.com\\\/1045\\\/28359471\\\/20-35.jpg&quot;,&quot;alt&quot;:&quot;Casa pareada en levantina con magnificas vistas al mar y a sitges - imagenInmueble34&quot;},{&quot;image&quot;:&quot;https:\\\/\\\/fotos15.apinmo.com\\\/1045\\\/28359471\\\/20-36.jpg&quot;,&quot;alt&quot;:&quot;Casa pareada en levantina con magnificas vistas al mar y a sitges - imagenInmueble35&quot;},{&quot;image&quot;:&quot;https:\\\/\\\/fotos15.apinmo.com\\\/1045\\\/28359471\\\/20-37.jpg&quot;,&quot;alt&quot;:&quot;Casa pareada en levantina con magnificas vistas al mar y a sitges - imagenInmueble36&quot;},{&quot;image&quot;:&quot;https:\\\/\\\/fotos15.apinmo.com\\\/1045\\\/28359471\\\/20-38.jpg&quot;,&quot;alt&quot;:&quot;Casa pareada en levantina con magnificas vistas al mar y a sitges - imagenInmueble37&quot;},{&quot;image&quot;:&quot;https:\\\/\\\/fotos15.apinmo.com\\\/1045\\\/28359471\\\/20-39.jpg&quot;,&quot;alt&quot;:&quot;Casa pareada en levantina con magnificas vistas al mar y a sitges - imagenInmueble38&quot;},{&quot;image&quot;:&quot;https:\\\/\\\/fotos15.apinmo.com\\\/1045\\\/28359471\\\/20-40.jpg&quot;,&quot;alt&quot;:&quot;Casa pareada en levantina con magnificas vistas al mar y a sitges - imagenInmueble39&quot;},{&quot;image&quot;:&quot;https:\\\/\\\/fotos15.apinmo.com\\\/1045\\\/28359471\\\/20-41.jpg&quot;,&quot;alt&quot;:&quot;Casa pareada en levantina con magnificas vistas al mar y a sitges - imagenInmueble40&quot;},{&quot;image&quot;:&quot;https:\\\/\\\/fotos15.apinmo.com\\\/1045\\\/28359471\\\/20-42.jpg&quot;,&quot;alt&quot;:&quot;Casa pareada en levantina con magnificas vistas al mar y a sitges - imagenInmueble41&quot;},{&quot;image&quot;:&quot;https:\\\/\\\/fotos15.apinmo.com\\\/1045\\\/28359471\\\/20-43.jpg&quot;,&quot;alt&quot;:&quot;Casa pareada en levantina con magnificas vistas al mar y a sitges - imagenInmueble42&quot;},{&quot;image&quot;:&quot;https:\\\/\\\/fotos15.apinmo.com\\\/1045\\\/28359471\\\/20-44.jpg&quot;,&quot;alt&quot;:&quot;Casa pareada en levantina con magnificas vistas al mar y a sitges - imagenInmueble43&quot;},{&quot;image&quot;:&quot;https:\\\/\\\/fotos15.apinmo.com\\\/1045\\\/28359471\\\/20-45.jpg&quot;,&quot;alt&quot;:&quot;Casa pareada en levantina con magnificas vistas al mar y a sitges - imagenInmueble44&quot;},{&quot;image&quot;:&quot;https:\\\/\\\/fotos15.apinmo.com\\\/1045\\\/28359471\\\/20-46.jpg&quot;,&quot;alt&quot;:&quot;Casa pareada en levantina con magnificas vistas al mar y a sitges - imagenInmueble45&quot;},{&quot;image&quot;:&quot;https:\\\/\\\/fotos15.apinmo.com\\\/1045\\\/28359471\\\/20-47.jpg&quot;,&quot;alt&quot;:&quot;Casa pareada en levantina con magnificas vistas al mar y a sitges - imagenInmueble46&quot;},{&quot;image&quot;:&quot;https:\\\/\\\/fotos15.apinmo.com\\\/1045\\\/28359471\\\/20-48.jpg&quot;,&quot;alt&quot;:&quot;Casa pareada en levantina con magnificas vistas al mar y a sitges - imagenInmueble47&quot;},{&quot;image&quot;:&quot;https:\\\/\\\/fotos15.apinmo.com\\\/1045\\\/28359471\\\/20-49.jpg&quot;,&quot;alt&quot;:&quot;Casa pareada en levantina con magnificas vistas al mar y a sitges - imagenInmueble48&quot;}]\">\n\t<div class=\"item-wrap item-wrap-v1 item-wrap-no-frame h-100\">\n\t\t<div class=\"d-flex align-items-center h-100\">\n\t\t\t<div class=\"item-header\">\n\t\t\t\t\t\t\t\t<div class=\"labels-wrap labels-right\"> \n\n\t<a href=\"https:\/\/www.laclauelite.com\/fr\/status\/vente\/\" class=\"label-status label status-color-165\">\n\t\t\t\t\tVente\n\t\t\t\t<\/a>       \n\n<\/div>\n\t\t\t\t<ul class=\"item-price-wrap hide-on-list\">\n\t<li class=\"item-price\">740,000\u20ac<\/li><\/ul>\t\t\t\t<ul class=\"item-tools\">\n\n        <li class=\"item-tool item-preview\">\n        <span class=\"hz-show-lightbox-js\" data-listid=\"1082121\" data-toggle=\"tooltip\" data-placement=\"top\" title=\"Preview\">\n                <i class=\"houzez-icon icon-expand-3\"><\/i>   \n        <\/span><!-- item-tool-favorite -->\n    <\/li><!-- item-tool -->\n        \n        <li class=\"item-tool item-favorite\">\n        <span class=\"add-favorite-js item-tool-favorite\" data-toggle=\"tooltip\" data-placement=\"top\" title=\"Favourite\" data-listid=\"1082121\">\n            <i class=\"houzez-icon icon-love-it \"><\/i> \n        <\/span><!-- item-tool-favorite -->\n    <\/li><!-- item-tool -->\n    \n        <li class=\"item-tool item-compare\">\n        <span class=\"houzez_compare compare-1082121 item-tool-compare show-compare-panel\" data-toggle=\"tooltip\" data-placement=\"top\" title=\"Add to Compare\" data-listing_id=\"1082121\" data-listing_image=\"https:\/\/fotos15.apinmo.com\/1045\/28359471\/20-1.jpg\">\n            <i class=\"houzez-icon icon-add-circle\"><\/i>\n        <\/span><!-- item-tool-compare -->\n    <\/li><!-- item-tool -->\n    <\/ul><!-- item-tools -->\n\t\t\t\t<div class=\"listing-image-wrap\">\n\t<div class=\"listing-thumb\">\n\t\t<a target=_self href=\"https:\/\/www.laclauelite.com\/fr\/property\/casa-pareada-en-levantina-con-magnificas-vistas-al-mar-y-a-sitges-11409-fr\/\" class=\"listing-featured-thumb hover-effect\">\n\t\t\t                                                                                                                                                                                    <img loading=\"lazy\" decoding=\"async\" width=\"850\" height=\"426\" src=\"https:\/\/fotos15.apinmo.com\/1045\/28359471\/20-1.jpg\" class=\"img-fluid wp-post-image\" alt=\"Casa pareada en levantina con magnificas vistas al mar y a sitges - imagenInmueble0\" srcset=\"https:\/\/fotos15.apinmo.com\/1045\/28359471\/20-1.jpg 850w, https:\/\/fotos15.apinmo.com\/1045\/28359471\/20-1.jpg 300w, https:\/\/fotos15.apinmo.com\/1045\/28359471\/20-1.jpg 768w, https:\/\/fotos15.apinmo.com\/1045\/28359471\/20-1s.jpg 150w, https:\/\/fotos15.apinmo.com\/1045\/28359471\/20-1.jpg 536w, https:\/\/fotos15.apinmo.com\/1045\/28359471\/20-1.jpg 770w\" sizes=\"(max-width: 850px) 100vw, 850px\" \/>\t\t<\/a><!-- hover-effect -->\n\t<\/div>\n<\/div>\n\t\t\t\t<div class=\"preview_loader\"><\/div>\n\t\t\t<\/div><!-- item-header -->\t\n\t\t\t<div class=\"item-body flex-grow-1\">\n\t\t\t\t<div class=\"labels-wrap labels-right\"> \n\n\t<a href=\"https:\/\/www.laclauelite.com\/fr\/status\/vente\/\" class=\"label-status label status-color-165\">\n\t\t\t\t\tVente\n\t\t\t\t<\/a>       \n\n<\/div>\n\t\t\t\t<h2 class=\"item-title\">\n\t<a target=_self href=\"https:\/\/www.laclauelite.com\/fr\/property\/casa-pareada-en-levantina-con-magnificas-vistas-al-mar-y-a-sitges-11409-fr\/\">Casa pareada en Levantina con magnificas vistas al mar y a Sitges &#8211; 11409<\/a>\n<\/h2><!-- item-title -->\t\t\t\t<ul class=\"item-price-wrap hide-on-list\">\n\t<li class=\"item-price\">740,000\u20ac<\/li><\/ul>\t\t\t\t<address class=\"item-address\">Sitges,Barcelona,Spain<\/address>\t\t\t\t<ul class=\"item-amenities item-amenities-with-icons\">\n\t<li class=\"h-beds\"><i class=\"houzez-icon icon-hotel-double-bed-1 mr-1\"><\/i><span class=\"item-amenities-text\">Camas:<\/span> <span class=\"hz-figure\">4<\/span><\/li><li class=\"h-baths\"><i class=\"houzez-icon icon-bathroom-shower-1 mr-1\"><\/i><span class=\"item-amenities-text\">Ba\u00f1os:<\/span> <span class=\"hz-figure\">2<\/span><\/li><li class=\"h-area\"><i class=\"houzez-icon icon-ruler-triangle mr-1\"><\/i><span class=\"hz-figure\">201<\/span> <span class=\"hz-figure area_postfix\">m&sup2;<\/span><\/li><li class=\"h-type\"><span>pench\u00e9<\/span><\/li><\/ul>\t\t\t\t<a class=\"btn btn-primary btn-item \" target=_self href=\"https:\/\/www.laclauelite.com\/fr\/property\/casa-pareada-en-levantina-con-magnificas-vistas-al-mar-y-a-sitges-11409-fr\/\">\n\tD\u00e9tails<\/a><!-- btn-item -->\n\t\t\t\t<div class=\"item-author\">\n\t<i class=\"houzez-icon icon-single-neutral mr-1\"><\/i>\n\t<a href=\"https:\/\/www.laclauelite.com\/fr\/agent\/fincas-la-clau-elite\/\">Fincas La Clau Elite<\/a> <\/div><!-- item-author -->\n\t\t\t\t<div class=\"item-date\">\n\t<i class=\"houzez-icon icon-attachment mr-1\"><\/i>\n\til y a3 semaines<\/div><!-- item-date -->\n\t\t\t<\/div><!-- item-body -->\n\n\t\t\t\t\t\t<div class=\"item-footer clearfix\">\n\t\t\t\t<div class=\"item-author\">\n\t<i class=\"houzez-icon icon-single-neutral mr-1\"><\/i>\n\t<a href=\"https:\/\/www.laclauelite.com\/fr\/agent\/fincas-la-clau-elite\/\">Fincas La Clau Elite<\/a> <\/div><!-- item-author -->\n\t\t\t\t<div class=\"item-date\">\n\t<i class=\"houzez-icon icon-attachment mr-1\"><\/i>\n\til y a3 semaines<\/div><!-- item-date -->\n\t\t\t<\/div>\n\t\t\t\t\t<\/div><!-- d-flex -->\n\t<\/div><!-- item-wrap -->\n<\/div><!-- item-listing-wrap --><div class=\"item-listing-wrap hz-item-gallery-js card\" data-hz-id=\"hz-1082064\" data-images=\"[{&quot;image&quot;:&quot;https:\\\/\\\/fotos15.apinmo.com\\\/1045\\\/28355869\\\/12-1.jpg&quot;,&quot;alt&quot;:&quot;Fabulosa casa adosada en la zona de els ametllets, a solo unos minutos del centro. - imagenInmueble0&quot;},{&quot;image&quot;:&quot;https:\\\/\\\/fotos15.apinmo.com\\\/1045\\\/28355869\\\/12-1.jpg&quot;,&quot;alt&quot;:&quot;Fabulosa casa adosada en la zona de els ametllets, a solo unos minutos del centro. - imagenInmueble0&quot;},{&quot;image&quot;:&quot;https:\\\/\\\/fotos15.apinmo.com\\\/1045\\\/28355869\\\/12-2.jpg&quot;,&quot;alt&quot;:&quot;Fabulosa casa adosada en la zona de els ametllets, a solo unos minutos del centro. - imagenInmueble1&quot;},{&quot;image&quot;:&quot;https:\\\/\\\/fotos15.apinmo.com\\\/1045\\\/28355869\\\/12-3.jpg&quot;,&quot;alt&quot;:&quot;Fabulosa casa adosada en la zona de els ametllets, a solo unos minutos del centro. - imagenInmueble2&quot;},{&quot;image&quot;:&quot;https:\\\/\\\/fotos15.apinmo.com\\\/1045\\\/28355869\\\/12-4.jpg&quot;,&quot;alt&quot;:&quot;Fabulosa casa adosada en la zona de els ametllets, a solo unos minutos del centro. - imagenInmueble3&quot;},{&quot;image&quot;:&quot;https:\\\/\\\/fotos15.apinmo.com\\\/1045\\\/28355869\\\/12-5.jpg&quot;,&quot;alt&quot;:&quot;Fabulosa casa adosada en la zona de els ametllets, a solo unos minutos del centro. - imagenInmueble4&quot;},{&quot;image&quot;:&quot;https:\\\/\\\/fotos15.apinmo.com\\\/1045\\\/28355869\\\/12-6.jpg&quot;,&quot;alt&quot;:&quot;Fabulosa casa adosada en la zona de els ametllets, a solo unos minutos del centro. - imagenInmueble5&quot;},{&quot;image&quot;:&quot;https:\\\/\\\/fotos15.apinmo.com\\\/1045\\\/28355869\\\/12-7.jpg&quot;,&quot;alt&quot;:&quot;Fabulosa casa adosada en la zona de els ametllets, a solo unos minutos del centro. - imagenInmueble6&quot;},{&quot;image&quot;:&quot;https:\\\/\\\/fotos15.apinmo.com\\\/1045\\\/28355869\\\/12-8.jpg&quot;,&quot;alt&quot;:&quot;Fabulosa casa adosada en la zona de els ametllets, a solo unos minutos del centro. - imagenInmueble7&quot;},{&quot;image&quot;:&quot;https:\\\/\\\/fotos15.apinmo.com\\\/1045\\\/28355869\\\/12-9.jpg&quot;,&quot;alt&quot;:&quot;Fabulosa casa adosada en la zona de els ametllets, a solo unos minutos del centro. - imagenInmueble8&quot;},{&quot;image&quot;:&quot;https:\\\/\\\/fotos15.apinmo.com\\\/1045\\\/28355869\\\/12-10.jpg&quot;,&quot;alt&quot;:&quot;Fabulosa casa adosada en la zona de els ametllets, a solo unos minutos del centro. - imagenInmueble9&quot;},{&quot;image&quot;:&quot;https:\\\/\\\/fotos15.apinmo.com\\\/1045\\\/28355869\\\/12-11.jpg&quot;,&quot;alt&quot;:&quot;Fabulosa casa adosada en la zona de els ametllets, a solo unos minutos del centro. - imagenInmueble10&quot;},{&quot;image&quot;:&quot;https:\\\/\\\/fotos15.apinmo.com\\\/1045\\\/28355869\\\/12-12.jpg&quot;,&quot;alt&quot;:&quot;Fabulosa casa adosada en la zona de els ametllets, a solo unos minutos del centro. - imagenInmueble11&quot;},{&quot;image&quot;:&quot;https:\\\/\\\/fotos15.apinmo.com\\\/1045\\\/28355869\\\/12-13.jpg&quot;,&quot;alt&quot;:&quot;Fabulosa casa adosada en la zona de els ametllets, a solo unos minutos del centro. - imagenInmueble12&quot;},{&quot;image&quot;:&quot;https:\\\/\\\/fotos15.apinmo.com\\\/1045\\\/28355869\\\/12-14.jpg&quot;,&quot;alt&quot;:&quot;Fabulosa casa adosada en la zona de els ametllets, a solo unos minutos del centro. - imagenInmueble13&quot;},{&quot;image&quot;:&quot;https:\\\/\\\/fotos15.apinmo.com\\\/1045\\\/28355869\\\/12-15.jpg&quot;,&quot;alt&quot;:&quot;Fabulosa casa adosada en la zona de els ametllets, a solo unos minutos del centro. - imagenInmueble14&quot;},{&quot;image&quot;:&quot;https:\\\/\\\/fotos15.apinmo.com\\\/1045\\\/28355869\\\/12-16.jpg&quot;,&quot;alt&quot;:&quot;Fabulosa casa adosada en la zona de els ametllets, a solo unos minutos del centro. - imagenInmueble15&quot;},{&quot;image&quot;:&quot;https:\\\/\\\/fotos15.apinmo.com\\\/1045\\\/28355869\\\/12-17.jpg&quot;,&quot;alt&quot;:&quot;Fabulosa casa adosada en la zona de els ametllets, a solo unos minutos del centro. - imagenInmueble16&quot;},{&quot;image&quot;:&quot;https:\\\/\\\/fotos15.apinmo.com\\\/1045\\\/28355869\\\/12-18.jpg&quot;,&quot;alt&quot;:&quot;Fabulosa casa adosada en la zona de els ametllets, a solo unos minutos del centro. - imagenInmueble17&quot;},{&quot;image&quot;:&quot;https:\\\/\\\/fotos15.apinmo.com\\\/1045\\\/28355869\\\/12-19.jpg&quot;,&quot;alt&quot;:&quot;Fabulosa casa adosada en la zona de els ametllets, a solo unos minutos del centro. - imagenInmueble18&quot;},{&quot;image&quot;:&quot;https:\\\/\\\/fotos15.apinmo.com\\\/1045\\\/28355869\\\/12-20.jpg&quot;,&quot;alt&quot;:&quot;Fabulosa casa adosada en la zona de els ametllets, a solo unos minutos del centro. - imagenInmueble19&quot;},{&quot;image&quot;:&quot;https:\\\/\\\/fotos15.apinmo.com\\\/1045\\\/28355869\\\/12-21.jpg&quot;,&quot;alt&quot;:&quot;Fabulosa casa adosada en la zona de els ametllets, a solo unos minutos del centro. - imagenInmueble20&quot;},{&quot;image&quot;:&quot;https:\\\/\\\/fotos15.apinmo.com\\\/1045\\\/28355869\\\/12-22.jpg&quot;,&quot;alt&quot;:&quot;Fabulosa casa adosada en la zona de els ametllets, a solo unos minutos del centro. - imagenInmueble21&quot;},{&quot;image&quot;:&quot;https:\\\/\\\/fotos15.apinmo.com\\\/1045\\\/28355869\\\/12-23.jpg&quot;,&quot;alt&quot;:&quot;Fabulosa casa adosada en la zona de els ametllets, a solo unos minutos del centro. - imagenInmueble22&quot;},{&quot;image&quot;:&quot;https:\\\/\\\/fotos15.apinmo.com\\\/1045\\\/28355869\\\/12-24.jpg&quot;,&quot;alt&quot;:&quot;Fabulosa casa adosada en la zona de els ametllets, a solo unos minutos del centro. - imagenInmueble23&quot;},{&quot;image&quot;:&quot;https:\\\/\\\/fotos15.apinmo.com\\\/1045\\\/28355869\\\/12-25.jpg&quot;,&quot;alt&quot;:&quot;Fabulosa casa adosada en la zona de els ametllets, a solo unos minutos del centro. - imagenInmueble24&quot;},{&quot;image&quot;:&quot;https:\\\/\\\/fotos15.apinmo.com\\\/1045\\\/28355869\\\/12-26.jpg&quot;,&quot;alt&quot;:&quot;Fabulosa casa adosada en la zona de els ametllets, a solo unos minutos del centro. - imagenInmueble25&quot;},{&quot;image&quot;:&quot;https:\\\/\\\/fotos15.apinmo.com\\\/1045\\\/28355869\\\/12-27.jpg&quot;,&quot;alt&quot;:&quot;Fabulosa casa adosada en la zona de els ametllets, a solo unos minutos del centro. - imagenInmueble26&quot;},{&quot;image&quot;:&quot;https:\\\/\\\/fotos15.apinmo.com\\\/1045\\\/28355869\\\/12-28.jpg&quot;,&quot;alt&quot;:&quot;Fabulosa casa adosada en la zona de els ametllets, a solo unos minutos del centro. - imagenInmueble27&quot;},{&quot;image&quot;:&quot;https:\\\/\\\/fotos15.apinmo.com\\\/1045\\\/28355869\\\/12-29.jpg&quot;,&quot;alt&quot;:&quot;Fabulosa casa adosada en la zona de els ametllets, a solo unos minutos del centro. - imagenInmueble28&quot;},{&quot;image&quot;:&quot;https:\\\/\\\/fotos15.apinmo.com\\\/1045\\\/28355869\\\/12-30.jpg&quot;,&quot;alt&quot;:&quot;Fabulosa casa adosada en la zona de els ametllets, a solo unos minutos del centro. - imagenInmueble29&quot;},{&quot;image&quot;:&quot;https:\\\/\\\/fotos15.apinmo.com\\\/1045\\\/28355869\\\/12-31.jpg&quot;,&quot;alt&quot;:&quot;Fabulosa casa adosada en la zona de els ametllets, a solo unos minutos del centro. - imagenInmueble30&quot;},{&quot;image&quot;:&quot;https:\\\/\\\/fotos15.apinmo.com\\\/1045\\\/28355869\\\/12-32.jpg&quot;,&quot;alt&quot;:&quot;Fabulosa casa adosada en la zona de els ametllets, a solo unos minutos del centro. - imagenInmueble31&quot;},{&quot;image&quot;:&quot;https:\\\/\\\/fotos15.apinmo.com\\\/1045\\\/28355869\\\/12-33.jpg&quot;,&quot;alt&quot;:&quot;Fabulosa casa adosada en la zona de els ametllets, a solo unos minutos del centro. - imagenInmueble32&quot;},{&quot;image&quot;:&quot;https:\\\/\\\/fotos15.apinmo.com\\\/1045\\\/28355869\\\/12-34.jpg&quot;,&quot;alt&quot;:&quot;Fabulosa casa adosada en la zona de els ametllets, a solo unos minutos del centro. - imagenInmueble33&quot;},{&quot;image&quot;:&quot;https:\\\/\\\/fotos15.apinmo.com\\\/1045\\\/28355869\\\/12-35.jpg&quot;,&quot;alt&quot;:&quot;Fabulosa casa adosada en la zona de els ametllets, a solo unos minutos del centro. - imagenInmueble34&quot;},{&quot;image&quot;:&quot;https:\\\/\\\/fotos15.apinmo.com\\\/1045\\\/28355869\\\/12-36.jpg&quot;,&quot;alt&quot;:&quot;Fabulosa casa adosada en la zona de els ametllets, a solo unos minutos del centro. - imagenInmueble35&quot;},{&quot;image&quot;:&quot;https:\\\/\\\/fotos15.apinmo.com\\\/1045\\\/28355869\\\/12-37.jpg&quot;,&quot;alt&quot;:&quot;Fabulosa casa adosada en la zona de els ametllets, a solo unos minutos del centro. - imagenInmueble36&quot;},{&quot;image&quot;:&quot;https:\\\/\\\/fotos15.apinmo.com\\\/1045\\\/28355869\\\/12-38.jpg&quot;,&quot;alt&quot;:&quot;Fabulosa casa adosada en la zona de els ametllets, a solo unos minutos del centro. - imagenInmueble37&quot;},{&quot;image&quot;:&quot;https:\\\/\\\/fotos15.apinmo.com\\\/1045\\\/28355869\\\/12-39.jpg&quot;,&quot;alt&quot;:&quot;Fabulosa casa adosada en la zona de els ametllets, a solo unos minutos del centro. - imagenInmueble38&quot;},{&quot;image&quot;:&quot;https:\\\/\\\/fotos15.apinmo.com\\\/1045\\\/28355869\\\/12-40.jpg&quot;,&quot;alt&quot;:&quot;Fabulosa casa adosada en la zona de els ametllets, a solo unos minutos del centro. - imagenInmueble39&quot;},{&quot;image&quot;:&quot;https:\\\/\\\/fotos15.apinmo.com\\\/1045\\\/28355869\\\/12-41.jpg&quot;,&quot;alt&quot;:&quot;Fabulosa casa adosada en la zona de els ametllets, a solo unos minutos del centro. - imagenInmueble40&quot;},{&quot;image&quot;:&quot;https:\\\/\\\/fotos15.apinmo.com\\\/1045\\\/28355869\\\/12-42.jpg&quot;,&quot;alt&quot;:&quot;Fabulosa casa adosada en la zona de els ametllets, a solo unos minutos del centro. - imagenInmueble41&quot;},{&quot;image&quot;:&quot;https:\\\/\\\/fotos15.apinmo.com\\\/1045\\\/28355869\\\/12-43.jpg&quot;,&quot;alt&quot;:&quot;Fabulosa casa adosada en la zona de els ametllets, a solo unos minutos del centro. - imagenInmueble42&quot;},{&quot;image&quot;:&quot;https:\\\/\\\/fotos15.apinmo.com\\\/1045\\\/28355869\\\/12-44.jpg&quot;,&quot;alt&quot;:&quot;Fabulosa casa adosada en la zona de els ametllets, a solo unos minutos del centro. - imagenInmueble43&quot;},{&quot;image&quot;:&quot;https:\\\/\\\/fotos15.apinmo.com\\\/1045\\\/28355869\\\/12-45.jpg&quot;,&quot;alt&quot;:&quot;Fabulosa casa adosada en la zona de els ametllets, a solo unos minutos del centro. - imagenInmueble44&quot;},{&quot;image&quot;:&quot;https:\\\/\\\/fotos15.apinmo.com\\\/1045\\\/28355869\\\/12-46.jpg&quot;,&quot;alt&quot;:&quot;Fabulosa casa adosada en la zona de els ametllets, a solo unos minutos del centro. - imagenInmueble45&quot;},{&quot;image&quot;:&quot;https:\\\/\\\/fotos15.apinmo.com\\\/1045\\\/28355869\\\/12-47.jpg&quot;,&quot;alt&quot;:&quot;Fabulosa casa adosada en la zona de els ametllets, a solo unos minutos del centro. - imagenInmueble46&quot;},{&quot;image&quot;:&quot;https:\\\/\\\/fotos15.apinmo.com\\\/1045\\\/28355869\\\/12-48.jpg&quot;,&quot;alt&quot;:&quot;Fabulosa casa adosada en la zona de els ametllets, a solo unos minutos del centro. - imagenInmueble47&quot;},{&quot;image&quot;:&quot;https:\\\/\\\/fotos15.apinmo.com\\\/1045\\\/28355869\\\/12-49.jpg&quot;,&quot;alt&quot;:&quot;Fabulosa casa adosada en la zona de els ametllets, a solo unos minutos del centro. - imagenInmueble48&quot;},{&quot;image&quot;:&quot;https:\\\/\\\/fotos15.apinmo.com\\\/1045\\\/28355869\\\/12-50.jpg&quot;,&quot;alt&quot;:&quot;Fabulosa casa adosada en la zona de els ametllets, a solo unos minutos del centro. - imagenInmueble49&quot;},{&quot;image&quot;:&quot;https:\\\/\\\/fotos15.apinmo.com\\\/1045\\\/28355869\\\/12-51.jpg&quot;,&quot;alt&quot;:&quot;Fabulosa casa adosada en la zona de els ametllets, a solo unos minutos del centro. - imagenInmueble50&quot;},{&quot;image&quot;:&quot;https:\\\/\\\/fotos15.apinmo.com\\\/1045\\\/28355869\\\/12-52.jpg&quot;,&quot;alt&quot;:&quot;Fabulosa casa adosada en la zona de els ametllets, a solo unos minutos del centro. - imagenInmueble51&quot;}]\">\n\t<div class=\"item-wrap item-wrap-v1 item-wrap-no-frame h-100\">\n\t\t<div class=\"d-flex align-items-center h-100\">\n\t\t\t<div class=\"item-header\">\n\t\t\t\t\t\t\t\t<div class=\"labels-wrap labels-right\"> \n\n\t<a href=\"https:\/\/www.laclauelite.com\/fr\/status\/vente\/\" class=\"label-status label status-color-165\">\n\t\t\t\t\tVente\n\t\t\t\t<\/a>       \n\n<\/div>\n\t\t\t\t<ul class=\"item-price-wrap hide-on-list\">\n\t<li class=\"item-price\">1,070,000\u20ac<\/li><\/ul>\t\t\t\t<ul class=\"item-tools\">\n\n        <li class=\"item-tool item-preview\">\n        <span class=\"hz-show-lightbox-js\" data-listid=\"1082064\" data-toggle=\"tooltip\" data-placement=\"top\" title=\"Preview\">\n                <i class=\"houzez-icon icon-expand-3\"><\/i>   \n        <\/span><!-- item-tool-favorite -->\n    <\/li><!-- item-tool -->\n        \n        <li class=\"item-tool item-favorite\">\n        <span class=\"add-favorite-js item-tool-favorite\" data-toggle=\"tooltip\" data-placement=\"top\" title=\"Favourite\" data-listid=\"1082064\">\n            <i class=\"houzez-icon icon-love-it \"><\/i> \n        <\/span><!-- item-tool-favorite -->\n    <\/li><!-- item-tool -->\n    \n        <li class=\"item-tool item-compare\">\n        <span class=\"houzez_compare compare-1082064 item-tool-compare show-compare-panel\" data-toggle=\"tooltip\" data-placement=\"top\" title=\"Add to Compare\" data-listing_id=\"1082064\" data-listing_image=\"https:\/\/fotos15.apinmo.com\/1045\/28355869\/12-1.jpg\">\n            <i class=\"houzez-icon icon-add-circle\"><\/i>\n        <\/span><!-- item-tool-compare -->\n    <\/li><!-- item-tool -->\n    <\/ul><!-- item-tools -->\n\t\t\t\t<div class=\"listing-image-wrap\">\n\t<div class=\"listing-thumb\">\n\t\t<a target=_self href=\"https:\/\/www.laclauelite.com\/fr\/property\/fabulosa-casa-adosada-en-la-zona-de-els-ametllets-a-solo-unos-minutos-del-centro-11408-fr\/\" class=\"listing-featured-thumb hover-effect\">\n\t\t\t                                                                                                                                                                                    <img loading=\"lazy\" decoding=\"async\" width=\"850\" height=\"426\" src=\"https:\/\/fotos15.apinmo.com\/1045\/28355869\/12-1.jpg\" class=\"img-fluid wp-post-image\" alt=\"Fabulosa casa adosada en la zona de els ametllets, a solo unos minutos del centro. - imagenInmueble0\" srcset=\"https:\/\/fotos15.apinmo.com\/1045\/28355869\/12-1.jpg 850w, https:\/\/fotos15.apinmo.com\/1045\/28355869\/12-1.jpg 300w, https:\/\/fotos15.apinmo.com\/1045\/28355869\/12-1.jpg 768w, https:\/\/fotos15.apinmo.com\/1045\/28355869\/12-1s.jpg 150w, https:\/\/fotos15.apinmo.com\/1045\/28355869\/12-1.jpg 536w, https:\/\/fotos15.apinmo.com\/1045\/28355869\/12-1.jpg 770w\" sizes=\"(max-width: 850px) 100vw, 850px\" \/>\t\t<\/a><!-- hover-effect -->\n\t<\/div>\n<\/div>\n\t\t\t\t<div class=\"preview_loader\"><\/div>\n\t\t\t<\/div><!-- item-header -->\t\n\t\t\t<div class=\"item-body flex-grow-1\">\n\t\t\t\t<div class=\"labels-wrap labels-right\"> \n\n\t<a href=\"https:\/\/www.laclauelite.com\/fr\/status\/vente\/\" class=\"label-status label status-color-165\">\n\t\t\t\t\tVente\n\t\t\t\t<\/a>       \n\n<\/div>\n\t\t\t\t<h2 class=\"item-title\">\n\t<a target=_self href=\"https:\/\/www.laclauelite.com\/fr\/property\/fabulosa-casa-adosada-en-la-zona-de-els-ametllets-a-solo-unos-minutos-del-centro-11408-fr\/\">Fabulosa casa adosada en la zona de Els Ametllets, a solo unos minutos del centro. &#8211; 11408<\/a>\n<\/h2><!-- item-title -->\t\t\t\t<ul class=\"item-price-wrap hide-on-list\">\n\t<li class=\"item-price\">1,070,000\u20ac<\/li><\/ul>\t\t\t\t<address class=\"item-address\">Sitges,Barcelona,Spain<\/address>\t\t\t\t<ul class=\"item-amenities item-amenities-with-icons\">\n\t<li class=\"h-beds\"><i class=\"houzez-icon icon-hotel-double-bed-1 mr-1\"><\/i><span class=\"item-amenities-text\">Camas:<\/span> <span class=\"hz-figure\">5<\/span><\/li><li class=\"h-baths\"><i class=\"houzez-icon icon-bathroom-shower-1 mr-1\"><\/i><span class=\"item-amenities-text\">Ba\u00f1os:<\/span> <span class=\"hz-figure\">3<\/span><\/li><li class=\"h-area\"><i class=\"houzez-icon icon-ruler-triangle mr-1\"><\/i><span class=\"hz-figure\">225<\/span> <span class=\"hz-figure area_postfix\">m&sup2;<\/span><\/li><li class=\"h-type\"><span>pench\u00e9<\/span><\/li><\/ul>\t\t\t\t<a class=\"btn btn-primary btn-item \" target=_self href=\"https:\/\/www.laclauelite.com\/fr\/property\/fabulosa-casa-adosada-en-la-zona-de-els-ametllets-a-solo-unos-minutos-del-centro-11408-fr\/\">\n\tD\u00e9tails<\/a><!-- btn-item -->\n\t\t\t\t<div class=\"item-author\">\n\t<i class=\"houzez-icon icon-single-neutral mr-1\"><\/i>\n\t<a href=\"https:\/\/www.laclauelite.com\/fr\/agent\/fincas-la-clau-elite\/\">Fincas La Clau Elite<\/a> <\/div><!-- item-author -->\n\t\t\t\t<div class=\"item-date\">\n\t<i class=\"houzez-icon icon-attachment mr-1\"><\/i>\n\til y a3 semaines<\/div><!-- item-date -->\n\t\t\t<\/div><!-- item-body -->\n\n\t\t\t\t\t\t<div class=\"item-footer clearfix\">\n\t\t\t\t<div class=\"item-author\">\n\t<i class=\"houzez-icon icon-single-neutral mr-1\"><\/i>\n\t<a href=\"https:\/\/www.laclauelite.com\/fr\/agent\/fincas-la-clau-elite\/\">Fincas La Clau Elite<\/a> <\/div><!-- item-author -->\n\t\t\t\t<div class=\"item-date\">\n\t<i class=\"houzez-icon icon-attachment mr-1\"><\/i>\n\til y a3 semaines<\/div><!-- item-date -->\n\t\t\t<\/div>\n\t\t\t\t\t<\/div><!-- d-flex -->\n\t<\/div><!-- item-wrap -->\n<\/div><!-- item-listing-wrap --><div class=\"item-listing-wrap hz-item-gallery-js card\" data-hz-id=\"hz-1081953\" data-images=\"[{&quot;image&quot;:&quot;https:\\\/\\\/fotos15.apinmo.com\\\/1045\\\/17241821\\\/4-1.jpg&quot;,&quot;alt&quot;:&quot;Casa pareada obra nueva mas alba - imagenInmueble0&quot;},{&quot;image&quot;:&quot;https:\\\/\\\/fotos15.apinmo.com\\\/1045\\\/17241821\\\/4-1.jpg&quot;,&quot;alt&quot;:&quot;Casa pareada obra nueva mas alba - imagenInmueble0&quot;},{&quot;image&quot;:&quot;https:\\\/\\\/fotos15.apinmo.com\\\/1045\\\/17241821\\\/4-2.jpg&quot;,&quot;alt&quot;:&quot;Casa pareada obra nueva mas alba - imagenInmueble1&quot;},{&quot;image&quot;:&quot;https:\\\/\\\/fotos15.apinmo.com\\\/1045\\\/17241821\\\/4-3.jpg&quot;,&quot;alt&quot;:&quot;Casa pareada obra nueva mas alba - imagenInmueble2&quot;},{&quot;image&quot;:&quot;https:\\\/\\\/fotos15.apinmo.com\\\/1045\\\/17241821\\\/4-4.jpg&quot;,&quot;alt&quot;:&quot;Casa pareada obra nueva mas alba - imagenInmueble3&quot;},{&quot;image&quot;:&quot;https:\\\/\\\/fotos15.apinmo.com\\\/1045\\\/17241821\\\/4-5.jpg&quot;,&quot;alt&quot;:&quot;Casa pareada obra nueva mas alba - imagenInmueble4&quot;},{&quot;image&quot;:&quot;https:\\\/\\\/fotos15.apinmo.com\\\/1045\\\/17241821\\\/4-6.jpg&quot;,&quot;alt&quot;:&quot;Casa pareada obra nueva mas alba - imagenInmueble5&quot;},{&quot;image&quot;:&quot;https:\\\/\\\/fotos15.apinmo.com\\\/1045\\\/17241821\\\/4-7.jpg&quot;,&quot;alt&quot;:&quot;Casa pareada obra nueva mas alba - imagenInmueble6&quot;},{&quot;image&quot;:&quot;https:\\\/\\\/fotos15.apinmo.com\\\/1045\\\/17241821\\\/4-8.jpg&quot;,&quot;alt&quot;:&quot;Casa pareada obra nueva mas alba - imagenInmueble7&quot;},{&quot;image&quot;:&quot;https:\\\/\\\/fotos15.apinmo.com\\\/1045\\\/17241821\\\/4-9.jpg&quot;,&quot;alt&quot;:&quot;Casa pareada obra nueva mas alba - imagenInmueble8&quot;},{&quot;image&quot;:&quot;https:\\\/\\\/fotos15.apinmo.com\\\/1045\\\/17241821\\\/4-10.jpg&quot;,&quot;alt&quot;:&quot;Casa pareada obra nueva mas alba - imagenInmueble9&quot;},{&quot;image&quot;:&quot;https:\\\/\\\/fotos15.apinmo.com\\\/1045\\\/17241821\\\/4-11.jpg&quot;,&quot;alt&quot;:&quot;Casa pareada obra nueva mas alba - imagenInmueble10&quot;}]\">\n\t<div class=\"item-wrap item-wrap-v1 item-wrap-no-frame h-100\">\n\t\t<div class=\"d-flex align-items-center h-100\">\n\t\t\t<div class=\"item-header\">\n\t\t\t\t\t\t\t\t<div class=\"labels-wrap labels-right\"> \n\n\t<a href=\"https:\/\/www.laclauelite.com\/fr\/status\/vente\/\" class=\"label-status label status-color-165\">\n\t\t\t\t\tVente\n\t\t\t\t<\/a><a href=\"https:\/\/www.laclauelite.com\/fr\/label\/\" class=\"hz-label label label-color-514\">\n\t\t\t\t\t\n\t\t\t\t<\/a>       \n\n<\/div>\n\t\t\t\t<ul class=\"item-price-wrap hide-on-list\">\n\t<li class=\"item-price\">700,000\u20ac<\/li><\/ul>\t\t\t\t<ul class=\"item-tools\">\n\n        <li class=\"item-tool item-preview\">\n        <span class=\"hz-show-lightbox-js\" data-listid=\"1081953\" data-toggle=\"tooltip\" data-placement=\"top\" title=\"Preview\">\n                <i class=\"houzez-icon icon-expand-3\"><\/i>   \n        <\/span><!-- item-tool-favorite -->\n    <\/li><!-- item-tool -->\n        \n        <li class=\"item-tool item-favorite\">\n        <span class=\"add-favorite-js item-tool-favorite\" data-toggle=\"tooltip\" data-placement=\"top\" title=\"Favourite\" data-listid=\"1081953\">\n            <i class=\"houzez-icon icon-love-it \"><\/i> \n        <\/span><!-- item-tool-favorite -->\n    <\/li><!-- item-tool -->\n    \n        <li class=\"item-tool item-compare\">\n        <span class=\"houzez_compare compare-1081953 item-tool-compare show-compare-panel\" data-toggle=\"tooltip\" data-placement=\"top\" title=\"Add to Compare\" data-listing_id=\"1081953\" data-listing_image=\"https:\/\/fotos15.apinmo.com\/1045\/17241821\/4-1.jpg\">\n            <i class=\"houzez-icon icon-add-circle\"><\/i>\n        <\/span><!-- item-tool-compare -->\n    <\/li><!-- item-tool -->\n    <\/ul><!-- item-tools -->\n\t\t\t\t<div class=\"listing-image-wrap\">\n\t<div class=\"listing-thumb\">\n\t\t<a target=_self href=\"https:\/\/www.laclauelite.com\/fr\/property\/casa-pareada-obra-nueva-mas-alba-10730-fr\/\" class=\"listing-featured-thumb hover-effect\">\n\t\t\t                                                                                                                                                                                    <img loading=\"lazy\" decoding=\"async\" width=\"850\" height=\"426\" src=\"https:\/\/fotos15.apinmo.com\/1045\/17241821\/4-1.jpg\" class=\"img-fluid wp-post-image\" alt=\"Casa pareada obra nueva mas alba - imagenInmueble0\" srcset=\"https:\/\/fotos15.apinmo.com\/1045\/17241821\/4-1.jpg 850w, https:\/\/fotos15.apinmo.com\/1045\/17241821\/4-1.jpg 300w, https:\/\/fotos15.apinmo.com\/1045\/17241821\/4-1.jpg 768w, https:\/\/fotos15.apinmo.com\/1045\/17241821\/4-1s.jpg 150w, https:\/\/fotos15.apinmo.com\/1045\/17241821\/4-1.jpg 536w, https:\/\/fotos15.apinmo.com\/1045\/17241821\/4-1.jpg 770w\" sizes=\"(max-width: 850px) 100vw, 850px\" \/>\t\t<\/a><!-- hover-effect -->\n\t<\/div>\n<\/div>\n\t\t\t\t<div class=\"preview_loader\"><\/div>\n\t\t\t<\/div><!-- item-header -->\t\n\t\t\t<div class=\"item-body flex-grow-1\">\n\t\t\t\t<div class=\"labels-wrap labels-right\"> \n\n\t<a href=\"https:\/\/www.laclauelite.com\/fr\/status\/vente\/\" class=\"label-status label status-color-165\">\n\t\t\t\t\tVente\n\t\t\t\t<\/a><a href=\"https:\/\/www.laclauelite.com\/fr\/label\/\" class=\"hz-label label label-color-514\">\n\t\t\t\t\t\n\t\t\t\t<\/a>       \n\n<\/div>\n\t\t\t\t<h2 class=\"item-title\">\n\t<a target=_self href=\"https:\/\/www.laclauelite.com\/fr\/property\/casa-pareada-obra-nueva-mas-alba-10730-fr\/\">Casa Pareada obra nueva Mas Alba &#8211; 10730<\/a>\n<\/h2><!-- item-title -->\t\t\t\t<ul class=\"item-price-wrap hide-on-list\">\n\t<li class=\"item-price\">700,000\u20ac<\/li><\/ul>\t\t\t\t<address class=\"item-address\">Sant Pere de Ribes,Barcelona,Spain<\/address>\t\t\t\t<ul class=\"item-amenities item-amenities-with-icons\">\n\t<li class=\"h-beds\"><i class=\"houzez-icon icon-hotel-double-bed-1 mr-1\"><\/i><span class=\"item-amenities-text\">Camas:<\/span> <span class=\"hz-figure\">4<\/span><\/li><li class=\"h-baths\"><i class=\"houzez-icon icon-bathroom-shower-1 mr-1\"><\/i><span class=\"item-amenities-text\">Ba\u00f1os:<\/span> <span class=\"hz-figure\">2<\/span><\/li><li class=\"h-area\"><i class=\"houzez-icon icon-ruler-triangle mr-1\"><\/i><span class=\"hz-figure\">165<\/span> <span class=\"hz-figure area_postfix\">m&sup2;<\/span><\/li><li class=\"h-type\"><span>pench\u00e9<\/span><\/li><\/ul>\t\t\t\t<a class=\"btn btn-primary btn-item \" target=_self href=\"https:\/\/www.laclauelite.com\/fr\/property\/casa-pareada-obra-nueva-mas-alba-10730-fr\/\">\n\tD\u00e9tails<\/a><!-- btn-item -->\n\t\t\t\t<div class=\"item-author\">\n\t<i class=\"houzez-icon icon-single-neutral mr-1\"><\/i>\n\t<a href=\"https:\/\/www.laclauelite.com\/fr\/agent\/fincas-la-clau-elite\/\">Fincas La Clau Elite<\/a> <\/div><!-- item-author -->\n\t\t\t\t<div class=\"item-date\">\n\t<i class=\"houzez-icon icon-attachment mr-1\"><\/i>\n\til y a1 mois<\/div><!-- item-date -->\n\t\t\t<\/div><!-- item-body -->\n\n\t\t\t\t\t\t<div class=\"item-footer clearfix\">\n\t\t\t\t<div class=\"item-author\">\n\t<i class=\"houzez-icon icon-single-neutral mr-1\"><\/i>\n\t<a href=\"https:\/\/www.laclauelite.com\/fr\/agent\/fincas-la-clau-elite\/\">Fincas La Clau Elite<\/a> <\/div><!-- item-author -->\n\t\t\t\t<div class=\"item-date\">\n\t<i class=\"houzez-icon icon-attachment mr-1\"><\/i>\n\til y a1 mois<\/div><!-- item-date -->\n\t\t\t<\/div>\n\t\t\t\t\t<\/div><!-- d-flex -->\n\t<\/div><!-- item-wrap -->\n<\/div><!-- item-listing-wrap --><div class=\"item-listing-wrap hz-item-gallery-js card\" data-hz-id=\"hz-1081969\" data-images=\"[{&quot;image&quot;:&quot;https:\\\/\\\/fotos15.apinmo.com\\\/1045\\\/17241862\\\/2-1.jpg&quot;,&quot;alt&quot;:&quot;Casa pareada obra nueva mas alba - imagenInmueble0&quot;},{&quot;image&quot;:&quot;https:\\\/\\\/fotos15.apinmo.com\\\/1045\\\/17241862\\\/2-1.jpg&quot;,&quot;alt&quot;:&quot;Casa pareada obra nueva mas alba - imagenInmueble0&quot;},{&quot;image&quot;:&quot;https:\\\/\\\/fotos15.apinmo.com\\\/1045\\\/17241862\\\/2-2.jpg&quot;,&quot;alt&quot;:&quot;Casa pareada obra nueva mas alba - imagenInmueble1&quot;},{&quot;image&quot;:&quot;https:\\\/\\\/fotos15.apinmo.com\\\/1045\\\/17241862\\\/2-3.jpg&quot;,&quot;alt&quot;:&quot;Casa pareada obra nueva mas alba - imagenInmueble2&quot;},{&quot;image&quot;:&quot;https:\\\/\\\/fotos15.apinmo.com\\\/1045\\\/17241862\\\/2-4.jpg&quot;,&quot;alt&quot;:&quot;Casa pareada obra nueva mas alba - imagenInmueble3&quot;},{&quot;image&quot;:&quot;https:\\\/\\\/fotos15.apinmo.com\\\/1045\\\/17241862\\\/2-5.jpg&quot;,&quot;alt&quot;:&quot;Casa pareada obra nueva mas alba - imagenInmueble4&quot;},{&quot;image&quot;:&quot;https:\\\/\\\/fotos15.apinmo.com\\\/1045\\\/17241862\\\/2-6.jpg&quot;,&quot;alt&quot;:&quot;Casa pareada obra nueva mas alba - imagenInmueble5&quot;},{&quot;image&quot;:&quot;https:\\\/\\\/fotos15.apinmo.com\\\/1045\\\/17241862\\\/2-7.jpg&quot;,&quot;alt&quot;:&quot;Casa pareada obra nueva mas alba - imagenInmueble6&quot;},{&quot;image&quot;:&quot;https:\\\/\\\/fotos15.apinmo.com\\\/1045\\\/17241862\\\/2-8.jpg&quot;,&quot;alt&quot;:&quot;Casa pareada obra nueva mas alba - imagenInmueble7&quot;},{&quot;image&quot;:&quot;https:\\\/\\\/fotos15.apinmo.com\\\/1045\\\/17241862\\\/2-9.jpg&quot;,&quot;alt&quot;:&quot;Casa pareada obra nueva mas alba - imagenInmueble8&quot;},{&quot;image&quot;:&quot;https:\\\/\\\/fotos15.apinmo.com\\\/1045\\\/17241862\\\/2-10.jpg&quot;,&quot;alt&quot;:&quot;Casa pareada obra nueva mas alba - imagenInmueble9&quot;}]\">\n\t<div class=\"item-wrap item-wrap-v1 item-wrap-no-frame h-100\">\n\t\t<div class=\"d-flex align-items-center h-100\">\n\t\t\t<div class=\"item-header\">\n\t\t\t\t\t\t\t\t<div class=\"labels-wrap labels-right\"> \n\n\t<a href=\"https:\/\/www.laclauelite.com\/fr\/status\/vente\/\" class=\"label-status label status-color-165\">\n\t\t\t\t\tVente\n\t\t\t\t<\/a><a href=\"https:\/\/www.laclauelite.com\/fr\/label\/\" class=\"hz-label label label-color-514\">\n\t\t\t\t\t\n\t\t\t\t<\/a>       \n\n<\/div>\n\t\t\t\t<ul class=\"item-price-wrap hide-on-list\">\n\t<li class=\"item-price\">690,000\u20ac<\/li><\/ul>\t\t\t\t<ul class=\"item-tools\">\n\n        <li class=\"item-tool item-preview\">\n        <span class=\"hz-show-lightbox-js\" data-listid=\"1081969\" data-toggle=\"tooltip\" data-placement=\"top\" title=\"Preview\">\n                <i class=\"houzez-icon icon-expand-3\"><\/i>   \n        <\/span><!-- item-tool-favorite -->\n    <\/li><!-- item-tool -->\n        \n        <li class=\"item-tool item-favorite\">\n        <span class=\"add-favorite-js item-tool-favorite\" data-toggle=\"tooltip\" data-placement=\"top\" title=\"Favourite\" data-listid=\"1081969\">\n            <i class=\"houzez-icon icon-love-it \"><\/i> \n        <\/span><!-- item-tool-favorite -->\n    <\/li><!-- item-tool -->\n    \n        <li class=\"item-tool item-compare\">\n        <span class=\"houzez_compare compare-1081969 item-tool-compare show-compare-panel\" data-toggle=\"tooltip\" data-placement=\"top\" title=\"Add to Compare\" data-listing_id=\"1081969\" data-listing_image=\"https:\/\/fotos15.apinmo.com\/1045\/17241862\/2-1.jpg\">\n            <i class=\"houzez-icon icon-add-circle\"><\/i>\n        <\/span><!-- item-tool-compare -->\n    <\/li><!-- item-tool -->\n    <\/ul><!-- item-tools -->\n\t\t\t\t<div class=\"listing-image-wrap\">\n\t<div class=\"listing-thumb\">\n\t\t<a target=_self href=\"https:\/\/www.laclauelite.com\/fr\/property\/casa-pareada-obra-nueva-mas-alba-10728-fr\/\" class=\"listing-featured-thumb hover-effect\">\n\t\t\t                                                                                                                                                                                    <img loading=\"lazy\" decoding=\"async\" width=\"850\" height=\"426\" src=\"https:\/\/fotos15.apinmo.com\/1045\/17241862\/2-1.jpg\" class=\"img-fluid wp-post-image\" alt=\"Casa pareada obra nueva mas alba - imagenInmueble0\" srcset=\"https:\/\/fotos15.apinmo.com\/1045\/17241862\/2-1.jpg 850w, https:\/\/fotos15.apinmo.com\/1045\/17241862\/2-1.jpg 300w, https:\/\/fotos15.apinmo.com\/1045\/17241862\/2-1.jpg 768w, https:\/\/fotos15.apinmo.com\/1045\/17241862\/2-1s.jpg 150w, https:\/\/fotos15.apinmo.com\/1045\/17241862\/2-1.jpg 536w, https:\/\/fotos15.apinmo.com\/1045\/17241862\/2-1.jpg 770w\" sizes=\"(max-width: 850px) 100vw, 850px\" \/>\t\t<\/a><!-- hover-effect -->\n\t<\/div>\n<\/div>\n\t\t\t\t<div class=\"preview_loader\"><\/div>\n\t\t\t<\/div><!-- item-header -->\t\n\t\t\t<div class=\"item-body flex-grow-1\">\n\t\t\t\t<div class=\"labels-wrap labels-right\"> \n\n\t<a href=\"https:\/\/www.laclauelite.com\/fr\/status\/vente\/\" class=\"label-status label status-color-165\">\n\t\t\t\t\tVente\n\t\t\t\t<\/a><a href=\"https:\/\/www.laclauelite.com\/fr\/label\/\" class=\"hz-label label label-color-514\">\n\t\t\t\t\t\n\t\t\t\t<\/a>       \n\n<\/div>\n\t\t\t\t<h2 class=\"item-title\">\n\t<a target=_self href=\"https:\/\/www.laclauelite.com\/fr\/property\/casa-pareada-obra-nueva-mas-alba-10728-fr\/\">Casa Pareada obra nueva Mas Alba &#8211; 10728<\/a>\n<\/h2><!-- item-title -->\t\t\t\t<ul class=\"item-price-wrap hide-on-list\">\n\t<li class=\"item-price\">690,000\u20ac<\/li><\/ul>\t\t\t\t<address class=\"item-address\">Sant Pere de Ribes,Barcelona,Spain<\/address>\t\t\t\t<ul class=\"item-amenities item-amenities-with-icons\">\n\t<li class=\"h-beds\"><i class=\"houzez-icon icon-hotel-double-bed-1 mr-1\"><\/i><span class=\"item-amenities-text\">Camas:<\/span> <span class=\"hz-figure\">4<\/span><\/li><li class=\"h-baths\"><i class=\"houzez-icon icon-bathroom-shower-1 mr-1\"><\/i><span class=\"item-amenities-text\">Ba\u00f1os:<\/span> <span class=\"hz-figure\">2<\/span><\/li><li class=\"h-area\"><i class=\"houzez-icon icon-ruler-triangle mr-1\"><\/i><span class=\"hz-figure\">160<\/span> <span class=\"hz-figure area_postfix\">m&sup2;<\/span><\/li><li class=\"h-type\"><span>pench\u00e9<\/span><\/li><\/ul>\t\t\t\t<a class=\"btn btn-primary btn-item \" target=_self href=\"https:\/\/www.laclauelite.com\/fr\/property\/casa-pareada-obra-nueva-mas-alba-10728-fr\/\">\n\tD\u00e9tails<\/a><!-- btn-item -->\n\t\t\t\t<div class=\"item-author\">\n\t<i class=\"houzez-icon icon-single-neutral mr-1\"><\/i>\n\t<a href=\"https:\/\/www.laclauelite.com\/fr\/agent\/fincas-la-clau-elite\/\">Fincas La Clau Elite<\/a> <\/div><!-- item-author -->\n\t\t\t\t<div class=\"item-date\">\n\t<i class=\"houzez-icon icon-attachment mr-1\"><\/i>\n\til y a1 mois<\/div><!-- item-date -->\n\t\t\t<\/div><!-- item-body -->\n\n\t\t\t\t\t\t<div class=\"item-footer clearfix\">\n\t\t\t\t<div class=\"item-author\">\n\t<i class=\"houzez-icon icon-single-neutral mr-1\"><\/i>\n\t<a href=\"https:\/\/www.laclauelite.com\/fr\/agent\/fincas-la-clau-elite\/\">Fincas La Clau Elite<\/a> <\/div><!-- item-author -->\n\t\t\t\t<div class=\"item-date\">\n\t<i class=\"houzez-icon icon-attachment mr-1\"><\/i>\n\til y a1 mois<\/div><!-- item-date -->\n\t\t\t<\/div>\n\t\t\t\t\t<\/div><!-- d-flex -->\n\t<\/div><!-- item-wrap -->\n<\/div><!-- item-listing-wrap --><div class=\"item-listing-wrap hz-item-gallery-js card\" data-hz-id=\"hz-1082028\" data-images=\"[{&quot;image&quot;:&quot;https:\\\/\\\/fotos15.apinmo.com\\\/1045\\\/27301858\\\/18-1.jpg&quot;,&quot;alt&quot;:&quot;\\u00c1tico-d\\u00daplex en primera l\\u00ednea de mar en el centro de sitges - imagenInmueble0&quot;},{&quot;image&quot;:&quot;https:\\\/\\\/fotos15.apinmo.com\\\/1045\\\/27301858\\\/18-1.jpg&quot;,&quot;alt&quot;:&quot;\\u00c1tico-d\\u00daplex en primera l\\u00ednea de mar en el centro de sitges - imagenInmueble0&quot;},{&quot;image&quot;:&quot;https:\\\/\\\/fotos15.apinmo.com\\\/1045\\\/27301858\\\/18-2.jpg&quot;,&quot;alt&quot;:&quot;\\u00c1tico-d\\u00daplex en primera l\\u00ednea de mar en el centro de sitges - imagenInmueble1&quot;},{&quot;image&quot;:&quot;https:\\\/\\\/fotos15.apinmo.com\\\/1045\\\/27301858\\\/18-3.jpg&quot;,&quot;alt&quot;:&quot;\\u00c1tico-d\\u00daplex en primera l\\u00ednea de mar en el centro de sitges - imagenInmueble2&quot;},{&quot;image&quot;:&quot;https:\\\/\\\/fotos15.apinmo.com\\\/1045\\\/27301858\\\/18-4.jpg&quot;,&quot;alt&quot;:&quot;\\u00c1tico-d\\u00daplex en primera l\\u00ednea de mar en el centro de sitges - imagenInmueble3&quot;},{&quot;image&quot;:&quot;https:\\\/\\\/fotos15.apinmo.com\\\/1045\\\/27301858\\\/18-5.jpg&quot;,&quot;alt&quot;:&quot;\\u00c1tico-d\\u00daplex en primera l\\u00ednea de mar en el centro de sitges - imagenInmueble4&quot;},{&quot;image&quot;:&quot;https:\\\/\\\/fotos15.apinmo.com\\\/1045\\\/27301858\\\/18-6.jpg&quot;,&quot;alt&quot;:&quot;\\u00c1tico-d\\u00daplex en primera l\\u00ednea de mar en el centro de sitges - imagenInmueble5&quot;},{&quot;image&quot;:&quot;https:\\\/\\\/fotos15.apinmo.com\\\/1045\\\/27301858\\\/18-7.jpg&quot;,&quot;alt&quot;:&quot;\\u00c1tico-d\\u00daplex en primera l\\u00ednea de mar en el centro de sitges - imagenInmueble6&quot;},{&quot;image&quot;:&quot;https:\\\/\\\/fotos15.apinmo.com\\\/1045\\\/27301858\\\/18-8.jpg&quot;,&quot;alt&quot;:&quot;\\u00c1tico-d\\u00daplex en primera l\\u00ednea de mar en el centro de sitges - imagenInmueble7&quot;},{&quot;image&quot;:&quot;https:\\\/\\\/fotos15.apinmo.com\\\/1045\\\/27301858\\\/18-9.jpg&quot;,&quot;alt&quot;:&quot;\\u00c1tico-d\\u00daplex en primera l\\u00ednea de mar en el centro de sitges - imagenInmueble8&quot;},{&quot;image&quot;:&quot;https:\\\/\\\/fotos15.apinmo.com\\\/1045\\\/27301858\\\/18-10.jpg&quot;,&quot;alt&quot;:&quot;\\u00c1tico-d\\u00daplex en primera l\\u00ednea de mar en el centro de sitges - imagenInmueble9&quot;},{&quot;image&quot;:&quot;https:\\\/\\\/fotos15.apinmo.com\\\/1045\\\/27301858\\\/18-11.jpg&quot;,&quot;alt&quot;:&quot;\\u00c1tico-d\\u00daplex en primera l\\u00ednea de mar en el centro de sitges - imagenInmueble10&quot;},{&quot;image&quot;:&quot;https:\\\/\\\/fotos15.apinmo.com\\\/1045\\\/27301858\\\/18-12.jpg&quot;,&quot;alt&quot;:&quot;\\u00c1tico-d\\u00daplex en primera l\\u00ednea de mar en el centro de sitges - imagenInmueble11&quot;},{&quot;image&quot;:&quot;https:\\\/\\\/fotos15.apinmo.com\\\/1045\\\/27301858\\\/18-13.jpg&quot;,&quot;alt&quot;:&quot;\\u00c1tico-d\\u00daplex en primera l\\u00ednea de mar en el centro de sitges - imagenInmueble12&quot;},{&quot;image&quot;:&quot;https:\\\/\\\/fotos15.apinmo.com\\\/1045\\\/27301858\\\/18-14.jpg&quot;,&quot;alt&quot;:&quot;\\u00c1tico-d\\u00daplex en primera l\\u00ednea de mar en el centro de sitges - imagenInmueble13&quot;},{&quot;image&quot;:&quot;https:\\\/\\\/fotos15.apinmo.com\\\/1045\\\/27301858\\\/18-15.jpg&quot;,&quot;alt&quot;:&quot;\\u00c1tico-d\\u00daplex en primera l\\u00ednea de mar en el centro de sitges - imagenInmueble14&quot;},{&quot;image&quot;:&quot;https:\\\/\\\/fotos15.apinmo.com\\\/1045\\\/27301858\\\/18-16.jpg&quot;,&quot;alt&quot;:&quot;\\u00c1tico-d\\u00daplex en primera l\\u00ednea de mar en el centro de sitges - imagenInmueble15&quot;},{&quot;image&quot;:&quot;https:\\\/\\\/fotos15.apinmo.com\\\/1045\\\/27301858\\\/18-17.jpg&quot;,&quot;alt&quot;:&quot;\\u00c1tico-d\\u00daplex en primera l\\u00ednea de mar en el centro de sitges - imagenInmueble16&quot;},{&quot;image&quot;:&quot;https:\\\/\\\/fotos15.apinmo.com\\\/1045\\\/27301858\\\/18-18.jpg&quot;,&quot;alt&quot;:&quot;\\u00c1tico-d\\u00daplex en primera l\\u00ednea de mar en el centro de sitges - imagenInmueble17&quot;},{&quot;image&quot;:&quot;https:\\\/\\\/fotos15.apinmo.com\\\/1045\\\/27301858\\\/18-19.jpg&quot;,&quot;alt&quot;:&quot;\\u00c1tico-d\\u00daplex en primera l\\u00ednea de mar en el centro de sitges - imagenInmueble18&quot;},{&quot;image&quot;:&quot;https:\\\/\\\/fotos15.apinmo.com\\\/1045\\\/27301858\\\/18-20.jpg&quot;,&quot;alt&quot;:&quot;\\u00c1tico-d\\u00daplex en primera l\\u00ednea de mar en el centro de sitges - imagenInmueble19&quot;},{&quot;image&quot;:&quot;https:\\\/\\\/fotos15.apinmo.com\\\/1045\\\/27301858\\\/18-21.jpg&quot;,&quot;alt&quot;:&quot;\\u00c1tico-d\\u00daplex en primera l\\u00ednea de mar en el centro de sitges - imagenInmueble20&quot;},{&quot;image&quot;:&quot;https:\\\/\\\/fotos15.apinmo.com\\\/1045\\\/27301858\\\/18-22.jpg&quot;,&quot;alt&quot;:&quot;\\u00c1tico-d\\u00daplex en primera l\\u00ednea de mar en el centro de sitges - imagenInmueble21&quot;},{&quot;image&quot;:&quot;https:\\\/\\\/fotos15.apinmo.com\\\/1045\\\/27301858\\\/18-23.jpg&quot;,&quot;alt&quot;:&quot;\\u00c1tico-d\\u00daplex en primera l\\u00ednea de mar en el centro de sitges - imagenInmueble22&quot;},{&quot;image&quot;:&quot;https:\\\/\\\/fotos15.apinmo.com\\\/1045\\\/27301858\\\/18-24.jpg&quot;,&quot;alt&quot;:&quot;\\u00c1tico-d\\u00daplex en primera l\\u00ednea de mar en el centro de sitges - imagenInmueble23&quot;},{&quot;image&quot;:&quot;https:\\\/\\\/fotos15.apinmo.com\\\/1045\\\/27301858\\\/18-25.jpg&quot;,&quot;alt&quot;:&quot;\\u00c1tico-d\\u00daplex en primera l\\u00ednea de mar en el centro de sitges - imagenInmueble24&quot;},{&quot;image&quot;:&quot;https:\\\/\\\/fotos15.apinmo.com\\\/1045\\\/27301858\\\/18-26.jpg&quot;,&quot;alt&quot;:&quot;\\u00c1tico-d\\u00daplex en primera l\\u00ednea de mar en el centro de sitges - imagenInmueble25&quot;},{&quot;image&quot;:&quot;https:\\\/\\\/fotos15.apinmo.com\\\/1045\\\/27301858\\\/18-27.jpg&quot;,&quot;alt&quot;:&quot;\\u00c1tico-d\\u00daplex en primera l\\u00ednea de mar en el centro de sitges - imagenInmueble26&quot;},{&quot;image&quot;:&quot;https:\\\/\\\/fotos15.apinmo.com\\\/1045\\\/27301858\\\/18-28.jpg&quot;,&quot;alt&quot;:&quot;\\u00c1tico-d\\u00daplex en primera l\\u00ednea de mar en el centro de sitges - imagenInmueble27&quot;},{&quot;image&quot;:&quot;https:\\\/\\\/fotos15.apinmo.com\\\/1045\\\/27301858\\\/18-29.jpg&quot;,&quot;alt&quot;:&quot;\\u00c1tico-d\\u00daplex en primera l\\u00ednea de mar en el centro de sitges - imagenInmueble28&quot;},{&quot;image&quot;:&quot;https:\\\/\\\/fotos15.apinmo.com\\\/1045\\\/27301858\\\/18-30.jpg&quot;,&quot;alt&quot;:&quot;\\u00c1tico-d\\u00daplex en primera l\\u00ednea de mar en el centro de sitges - imagenInmueble29&quot;},{&quot;image&quot;:&quot;https:\\\/\\\/fotos15.apinmo.com\\\/1045\\\/27301858\\\/18-31.jpg&quot;,&quot;alt&quot;:&quot;\\u00c1tico-d\\u00daplex en primera l\\u00ednea de mar en el centro de sitges - imagenInmueble30&quot;}]\">\n\t<div class=\"item-wrap item-wrap-v1 item-wrap-no-frame h-100\">\n\t\t<div class=\"d-flex align-items-center h-100\">\n\t\t\t<div class=\"item-header\">\n\t\t\t\t\t\t\t\t<div class=\"labels-wrap labels-right\"> \n\n\t<a href=\"https:\/\/www.laclauelite.com\/fr\/status\/vente\/\" class=\"label-status label status-color-165\">\n\t\t\t\t\tVente\n\t\t\t\t<\/a>       \n\n<\/div>\n\t\t\t\t<ul class=\"item-price-wrap hide-on-list\">\n\t<li class=\"item-price\">1,950,000\u20ac<\/li><\/ul>\t\t\t\t<ul class=\"item-tools\">\n\n        <li class=\"item-tool item-preview\">\n        <span class=\"hz-show-lightbox-js\" data-listid=\"1082028\" data-toggle=\"tooltip\" data-placement=\"top\" title=\"Preview\">\n                <i class=\"houzez-icon icon-expand-3\"><\/i>   \n        <\/span><!-- item-tool-favorite -->\n    <\/li><!-- item-tool -->\n        \n        <li class=\"item-tool item-favorite\">\n        <span class=\"add-favorite-js item-tool-favorite\" data-toggle=\"tooltip\" data-placement=\"top\" title=\"Favourite\" data-listid=\"1082028\">\n            <i class=\"houzez-icon icon-love-it \"><\/i> \n        <\/span><!-- item-tool-favorite -->\n    <\/li><!-- item-tool -->\n    \n        <li class=\"item-tool item-compare\">\n        <span class=\"houzez_compare compare-1082028 item-tool-compare show-compare-panel\" data-toggle=\"tooltip\" data-placement=\"top\" title=\"Add to Compare\" data-listing_id=\"1082028\" data-listing_image=\"https:\/\/fotos15.apinmo.com\/1045\/27301858\/18-1.jpg\">\n            <i class=\"houzez-icon icon-add-circle\"><\/i>\n        <\/span><!-- item-tool-compare -->\n    <\/li><!-- item-tool -->\n    <\/ul><!-- item-tools -->\n\t\t\t\t<div class=\"listing-image-wrap\">\n\t<div class=\"listing-thumb\">\n\t\t<a target=_self href=\"https:\/\/www.laclauelite.com\/fr\/property\/atico-duplex-en-primera-linea-de-mar-en-el-centro-de-sitges-11387-fr\/\" class=\"listing-featured-thumb hover-effect\">\n\t\t\t                                                                                                                                                                                    <img loading=\"lazy\" decoding=\"async\" width=\"850\" height=\"426\" src=\"https:\/\/fotos15.apinmo.com\/1045\/27301858\/18-1.jpg\" class=\"img-fluid wp-post-image\" alt=\"\u00c1tico-d\u00daplex en primera l\u00ednea de mar en el centro de sitges - imagenInmueble0\" srcset=\"https:\/\/fotos15.apinmo.com\/1045\/27301858\/18-1.jpg 850w, https:\/\/fotos15.apinmo.com\/1045\/27301858\/18-1.jpg 300w, https:\/\/fotos15.apinmo.com\/1045\/27301858\/18-1.jpg 768w, https:\/\/fotos15.apinmo.com\/1045\/27301858\/18-1s.jpg 150w, https:\/\/fotos15.apinmo.com\/1045\/27301858\/18-1.jpg 536w, https:\/\/fotos15.apinmo.com\/1045\/27301858\/18-1.jpg 770w\" sizes=\"(max-width: 850px) 100vw, 850px\" \/>\t\t<\/a><!-- hover-effect -->\n\t<\/div>\n<\/div>\n\t\t\t\t<div class=\"preview_loader\"><\/div>\n\t\t\t<\/div><!-- item-header -->\t\n\t\t\t<div class=\"item-body flex-grow-1\">\n\t\t\t\t<div class=\"labels-wrap labels-right\"> \n\n\t<a href=\"https:\/\/www.laclauelite.com\/fr\/status\/vente\/\" class=\"label-status label status-color-165\">\n\t\t\t\t\tVente\n\t\t\t\t<\/a>       \n\n<\/div>\n\t\t\t\t<h2 class=\"item-title\">\n\t<a target=_self href=\"https:\/\/www.laclauelite.com\/fr\/property\/atico-duplex-en-primera-linea-de-mar-en-el-centro-de-sitges-11387-fr\/\">\u00c1TICO-D\u00daPLEX en primera l\u00ednea de mar en el centro de Sitges &#8211; 11387<\/a>\n<\/h2><!-- item-title -->\t\t\t\t<ul class=\"item-price-wrap hide-on-list\">\n\t<li class=\"item-price\">1,950,000\u20ac<\/li><\/ul>\t\t\t\t<address class=\"item-address\">Sitges,Barcelona,Spain<\/address>\t\t\t\t<ul class=\"item-amenities item-amenities-with-icons\">\n\t<li class=\"h-beds\"><i class=\"houzez-icon icon-hotel-double-bed-1 mr-1\"><\/i><span class=\"item-amenities-text\">Camas:<\/span> <span class=\"hz-figure\">3<\/span><\/li><li class=\"h-baths\"><i class=\"houzez-icon icon-bathroom-shower-1 mr-1\"><\/i><span class=\"item-amenities-text\">Ba\u00f1os:<\/span> <span class=\"hz-figure\">2<\/span><\/li><li class=\"h-area\"><i class=\"houzez-icon icon-ruler-triangle mr-1\"><\/i><span class=\"hz-figure\">130<\/span> <span class=\"hz-figure area_postfix\">m&sup2;<\/span><\/li><li class=\"h-type\"><span>Penthouses<\/span><\/li><\/ul>\t\t\t\t<a class=\"btn btn-primary btn-item \" target=_self href=\"https:\/\/www.laclauelite.com\/fr\/property\/atico-duplex-en-primera-linea-de-mar-en-el-centro-de-sitges-11387-fr\/\">\n\tD\u00e9tails<\/a><!-- btn-item -->\n\t\t\t\t<div class=\"item-author\">\n\t<i class=\"houzez-icon icon-single-neutral mr-1\"><\/i>\n\t<a href=\"https:\/\/www.laclauelite.com\/fr\/agent\/fincas-la-clau-elite\/\">Fincas La Clau Elite<\/a> <\/div><!-- item-author -->\n\t\t\t\t<div class=\"item-date\">\n\t<i class=\"houzez-icon icon-attachment mr-1\"><\/i>\n\til y a1 mois<\/div><!-- item-date -->\n\t\t\t<\/div><!-- item-body -->\n\n\t\t\t\t\t\t<div class=\"item-footer clearfix\">\n\t\t\t\t<div class=\"item-author\">\n\t<i class=\"houzez-icon icon-single-neutral mr-1\"><\/i>\n\t<a href=\"https:\/\/www.laclauelite.com\/fr\/agent\/fincas-la-clau-elite\/\">Fincas La Clau Elite<\/a> <\/div><!-- item-author -->\n\t\t\t\t<div class=\"item-date\">\n\t<i class=\"houzez-icon icon-attachment mr-1\"><\/i>\n\til y a1 mois<\/div><!-- item-date -->\n\t\t\t<\/div>\n\t\t\t\t\t<\/div><!-- d-flex -->\n\t<\/div><!-- item-wrap -->\n<\/div><!-- item-listing-wrap --><div class=\"item-listing-wrap hz-item-gallery-js card\" data-hz-id=\"hz-1081883\" data-images=\"[{&quot;image&quot;:&quot;https:\\\/\\\/fotos15.apinmo.com\\\/1045\\\/4782125\\\/17-1.jpg&quot;,&quot;alt&quot;:&quot;Casa en venta en sitges zona quint mar con espectaculares vistas panor\\u00e1micas al mar - imagenInmueble0&quot;},{&quot;image&quot;:&quot;https:\\\/\\\/fotos15.apinmo.com\\\/1045\\\/4782125\\\/17-1.jpg&quot;,&quot;alt&quot;:&quot;Casa en venta en sitges zona quint mar con espectaculares vistas panor\\u00e1micas al mar - imagenInmueble0&quot;},{&quot;image&quot;:&quot;https:\\\/\\\/fotos15.apinmo.com\\\/1045\\\/4782125\\\/17-2.jpg&quot;,&quot;alt&quot;:&quot;Casa en venta en sitges zona quint mar con espectaculares vistas panor\\u00e1micas al mar - imagenInmueble1&quot;},{&quot;image&quot;:&quot;https:\\\/\\\/fotos15.apinmo.com\\\/1045\\\/4782125\\\/17-3.jpg&quot;,&quot;alt&quot;:&quot;Casa en venta en sitges zona quint mar con espectaculares vistas panor\\u00e1micas al mar - imagenInmueble2&quot;},{&quot;image&quot;:&quot;https:\\\/\\\/fotos15.apinmo.com\\\/1045\\\/4782125\\\/17-4.jpg&quot;,&quot;alt&quot;:&quot;Casa en venta en sitges zona quint mar con espectaculares vistas panor\\u00e1micas al mar - imagenInmueble3&quot;},{&quot;image&quot;:&quot;https:\\\/\\\/fotos15.apinmo.com\\\/1045\\\/4782125\\\/17-5.jpg&quot;,&quot;alt&quot;:&quot;Casa en venta en sitges zona quint mar con espectaculares vistas panor\\u00e1micas al mar - imagenInmueble4&quot;},{&quot;image&quot;:&quot;https:\\\/\\\/fotos15.apinmo.com\\\/1045\\\/4782125\\\/17-6.jpg&quot;,&quot;alt&quot;:&quot;Casa en venta en sitges zona quint mar con espectaculares vistas panor\\u00e1micas al mar - imagenInmueble5&quot;},{&quot;image&quot;:&quot;https:\\\/\\\/fotos15.apinmo.com\\\/1045\\\/4782125\\\/17-7.jpg&quot;,&quot;alt&quot;:&quot;Casa en venta en sitges zona quint mar con espectaculares vistas panor\\u00e1micas al mar - imagenInmueble6&quot;},{&quot;image&quot;:&quot;https:\\\/\\\/fotos15.apinmo.com\\\/1045\\\/4782125\\\/17-8.jpg&quot;,&quot;alt&quot;:&quot;Casa en venta en sitges zona quint mar con espectaculares vistas panor\\u00e1micas al mar - imagenInmueble7&quot;},{&quot;image&quot;:&quot;https:\\\/\\\/fotos15.apinmo.com\\\/1045\\\/4782125\\\/17-9.jpg&quot;,&quot;alt&quot;:&quot;Casa en venta en sitges zona quint mar con espectaculares vistas panor\\u00e1micas al mar - imagenInmueble8&quot;},{&quot;image&quot;:&quot;https:\\\/\\\/fotos15.apinmo.com\\\/1045\\\/4782125\\\/17-10.jpg&quot;,&quot;alt&quot;:&quot;Casa en venta en sitges zona quint mar con espectaculares vistas panor\\u00e1micas al mar - imagenInmueble9&quot;},{&quot;image&quot;:&quot;https:\\\/\\\/fotos15.apinmo.com\\\/1045\\\/4782125\\\/17-11.jpg&quot;,&quot;alt&quot;:&quot;Casa en venta en sitges zona quint mar con espectaculares vistas panor\\u00e1micas al mar - imagenInmueble10&quot;},{&quot;image&quot;:&quot;https:\\\/\\\/fotos15.apinmo.com\\\/1045\\\/4782125\\\/17-12.jpg&quot;,&quot;alt&quot;:&quot;Casa en venta en sitges zona quint mar con espectaculares vistas panor\\u00e1micas al mar - imagenInmueble11&quot;},{&quot;image&quot;:&quot;https:\\\/\\\/fotos15.apinmo.com\\\/1045\\\/4782125\\\/17-13.jpg&quot;,&quot;alt&quot;:&quot;Casa en venta en sitges zona quint mar con espectaculares vistas panor\\u00e1micas al mar - imagenInmueble12&quot;},{&quot;image&quot;:&quot;https:\\\/\\\/fotos15.apinmo.com\\\/1045\\\/4782125\\\/17-14.jpg&quot;,&quot;alt&quot;:&quot;Casa en venta en sitges zona quint mar con espectaculares vistas panor\\u00e1micas al mar - imagenInmueble13&quot;},{&quot;image&quot;:&quot;https:\\\/\\\/fotos15.apinmo.com\\\/1045\\\/4782125\\\/17-15.jpg&quot;,&quot;alt&quot;:&quot;Casa en venta en sitges zona quint mar con espectaculares vistas panor\\u00e1micas al mar - imagenInmueble14&quot;},{&quot;image&quot;:&quot;https:\\\/\\\/fotos15.apinmo.com\\\/1045\\\/4782125\\\/17-16.jpg&quot;,&quot;alt&quot;:&quot;Casa en venta en sitges zona quint mar con espectaculares vistas panor\\u00e1micas al mar - imagenInmueble15&quot;},{&quot;image&quot;:&quot;https:\\\/\\\/fotos15.apinmo.com\\\/1045\\\/4782125\\\/17-17.jpg&quot;,&quot;alt&quot;:&quot;Casa en venta en sitges zona quint mar con espectaculares vistas panor\\u00e1micas al mar - imagenInmueble16&quot;},{&quot;image&quot;:&quot;https:\\\/\\\/fotos15.apinmo.com\\\/1045\\\/4782125\\\/17-18.jpg&quot;,&quot;alt&quot;:&quot;Casa en venta en sitges zona quint mar con espectaculares vistas panor\\u00e1micas al mar - imagenInmueble17&quot;},{&quot;image&quot;:&quot;https:\\\/\\\/fotos15.apinmo.com\\\/1045\\\/4782125\\\/17-19.jpg&quot;,&quot;alt&quot;:&quot;Casa en venta en sitges zona quint mar con espectaculares vistas panor\\u00e1micas al mar - imagenInmueble18&quot;},{&quot;image&quot;:&quot;https:\\\/\\\/fotos15.apinmo.com\\\/1045\\\/4782125\\\/17-20.jpg&quot;,&quot;alt&quot;:&quot;Casa en venta en sitges zona quint mar con espectaculares vistas panor\\u00e1micas al mar - imagenInmueble19&quot;}]\">\n\t<div class=\"item-wrap item-wrap-v1 item-wrap-no-frame h-100\">\n\t\t<div class=\"d-flex align-items-center h-100\">\n\t\t\t<div class=\"item-header\">\n\t\t\t\t\t\t\t\t<div class=\"labels-wrap labels-right\"> \n\n\t<a href=\"https:\/\/www.laclauelite.com\/fr\/status\/vente\/\" class=\"label-status label status-color-165\">\n\t\t\t\t\tVente\n\t\t\t\t<\/a>       \n\n<\/div>\n\t\t\t\t<ul class=\"item-price-wrap hide-on-list\">\n\t<li class=\"item-price\">1,250,000\u20ac<\/li><\/ul>\t\t\t\t<ul class=\"item-tools\">\n\n        <li class=\"item-tool item-preview\">\n        <span class=\"hz-show-lightbox-js\" data-listid=\"1081883\" data-toggle=\"tooltip\" data-placement=\"top\" title=\"Preview\">\n                <i class=\"houzez-icon icon-expand-3\"><\/i>   \n        <\/span><!-- item-tool-favorite -->\n    <\/li><!-- item-tool -->\n        \n        <li class=\"item-tool item-favorite\">\n        <span class=\"add-favorite-js item-tool-favorite\" data-toggle=\"tooltip\" data-placement=\"top\" title=\"Favourite\" data-listid=\"1081883\">\n            <i class=\"houzez-icon icon-love-it \"><\/i> \n        <\/span><!-- item-tool-favorite -->\n    <\/li><!-- item-tool -->\n    \n        <li class=\"item-tool item-compare\">\n        <span class=\"houzez_compare compare-1081883 item-tool-compare show-compare-panel\" data-toggle=\"tooltip\" data-placement=\"top\" title=\"Add to Compare\" data-listing_id=\"1081883\" data-listing_image=\"https:\/\/fotos15.apinmo.com\/1045\/4782125\/17-1.jpg\">\n            <i class=\"houzez-icon icon-add-circle\"><\/i>\n        <\/span><!-- item-tool-compare -->\n    <\/li><!-- item-tool -->\n    <\/ul><!-- item-tools -->\n\t\t\t\t<div class=\"listing-image-wrap\">\n\t<div class=\"listing-thumb\">\n\t\t<a target=_self href=\"https:\/\/www.laclauelite.com\/fr\/property\/casa-en-venta-en-sitges-zona-quint-mar-con-espectaculares-vistas-panoramicas-al-mar-08123-fr\/\" class=\"listing-featured-thumb hover-effect\">\n\t\t\t                                                                                                                                                                                    <img loading=\"lazy\" decoding=\"async\" width=\"850\" height=\"426\" src=\"https:\/\/fotos15.apinmo.com\/1045\/4782125\/17-1.jpg\" class=\"img-fluid wp-post-image\" alt=\"Casa en venta en sitges zona quint mar con espectaculares vistas panor\u00e1micas al mar - imagenInmueble0\" srcset=\"https:\/\/fotos15.apinmo.com\/1045\/4782125\/17-1.jpg 850w, https:\/\/fotos15.apinmo.com\/1045\/4782125\/17-1.jpg 300w, https:\/\/fotos15.apinmo.com\/1045\/4782125\/17-1.jpg 768w, https:\/\/fotos15.apinmo.com\/1045\/4782125\/17-1s.jpg 150w, https:\/\/fotos15.apinmo.com\/1045\/4782125\/17-1.jpg 536w, https:\/\/fotos15.apinmo.com\/1045\/4782125\/17-1.jpg 770w\" sizes=\"(max-width: 850px) 100vw, 850px\" \/>\t\t<\/a><!-- hover-effect -->\n\t<\/div>\n<\/div>\n\t\t\t\t<div class=\"preview_loader\"><\/div>\n\t\t\t<\/div><!-- item-header -->\t\n\t\t\t<div class=\"item-body flex-grow-1\">\n\t\t\t\t<div class=\"labels-wrap labels-right\"> \n\n\t<a href=\"https:\/\/www.laclauelite.com\/fr\/status\/vente\/\" class=\"label-status label status-color-165\">\n\t\t\t\t\tVente\n\t\t\t\t<\/a>       \n\n<\/div>\n\t\t\t\t<h2 class=\"item-title\">\n\t<a target=_self href=\"https:\/\/www.laclauelite.com\/fr\/property\/casa-en-venta-en-sitges-zona-quint-mar-con-espectaculares-vistas-panoramicas-al-mar-08123-fr\/\">Casa en venta en Sitges zona Quint Mar con espectaculares vistas panor\u00e1micas al mar &#8211; 08123<\/a>\n<\/h2><!-- item-title -->\t\t\t\t<ul class=\"item-price-wrap hide-on-list\">\n\t<li class=\"item-price\">1,250,000\u20ac<\/li><\/ul>\t\t\t\t<address class=\"item-address\">Sitges,Barcelona,Spain<\/address>\t\t\t\t<ul class=\"item-amenities item-amenities-with-icons\">\n\t<li class=\"h-beds\"><i class=\"houzez-icon icon-hotel-double-bed-1 mr-1\"><\/i><span class=\"item-amenities-text\">Camas:<\/span> <span class=\"hz-figure\">6<\/span><\/li><li class=\"h-baths\"><i class=\"houzez-icon icon-bathroom-shower-1 mr-1\"><\/i><span class=\"item-amenities-text\">Ba\u00f1os:<\/span> <span class=\"hz-figure\">5<\/span><\/li><li class=\"h-area\"><i class=\"houzez-icon icon-ruler-triangle mr-1\"><\/i><span class=\"hz-figure\">347<\/span> <span class=\"hz-figure area_postfix\">m&sup2;<\/span><\/li><li class=\"h-type\"><span>Houses<\/span><\/li><\/ul>\t\t\t\t<a class=\"btn btn-primary btn-item \" target=_self href=\"https:\/\/www.laclauelite.com\/fr\/property\/casa-en-venta-en-sitges-zona-quint-mar-con-espectaculares-vistas-panoramicas-al-mar-08123-fr\/\">\n\tD\u00e9tails<\/a><!-- btn-item -->\n\t\t\t\t<div class=\"item-author\">\n\t<i class=\"houzez-icon icon-single-neutral mr-1\"><\/i>\n\t<a href=\"https:\/\/www.laclauelite.com\/fr\/agent\/fincas-la-clau-elite\/\">Fincas La Clau Elite<\/a> <\/div><!-- item-author -->\n\t\t\t\t<div class=\"item-date\">\n\t<i class=\"houzez-icon icon-attachment mr-1\"><\/i>\n\til y a3 mois<\/div><!-- item-date -->\n\t\t\t<\/div><!-- item-body -->\n\n\t\t\t\t\t\t<div class=\"item-footer clearfix\">\n\t\t\t\t<div class=\"item-author\">\n\t<i class=\"houzez-icon icon-single-neutral mr-1\"><\/i>\n\t<a href=\"https:\/\/www.laclauelite.com\/fr\/agent\/fincas-la-clau-elite\/\">Fincas La Clau Elite<\/a> <\/div><!-- item-author -->\n\t\t\t\t<div class=\"item-date\">\n\t<i class=\"houzez-icon icon-attachment mr-1\"><\/i>\n\til y a3 mois<\/div><!-- item-date -->\n\t\t\t<\/div>\n\t\t\t\t\t<\/div><!-- d-flex -->\n\t<\/div><!-- item-wrap -->\n<\/div><!-- item-listing-wrap --><div class=\"item-listing-wrap hz-item-gallery-js card\" data-hz-id=\"hz-1081908\" data-images=\"[{&quot;image&quot;:&quot;https:\\\/\\\/fotos15.apinmo.com\\\/1045\\\/8039595\\\/25-1.jpg&quot;,&quot;alt&quot;:&quot;Finca r\\u00fastica con dos casas a cinco minutos de sitges. - imagenInmueble0&quot;},{&quot;image&quot;:&quot;https:\\\/\\\/fotos15.apinmo.com\\\/1045\\\/8039595\\\/25-1.jpg&quot;,&quot;alt&quot;:&quot;Finca r\\u00fastica con dos casas a cinco minutos de sitges. - imagenInmueble0&quot;},{&quot;image&quot;:&quot;https:\\\/\\\/fotos15.apinmo.com\\\/1045\\\/8039595\\\/25-2.jpg&quot;,&quot;alt&quot;:&quot;Finca r\\u00fastica con dos casas a cinco minutos de sitges. - imagenInmueble1&quot;},{&quot;image&quot;:&quot;https:\\\/\\\/fotos15.apinmo.com\\\/1045\\\/8039595\\\/25-3.jpg&quot;,&quot;alt&quot;:&quot;Finca r\\u00fastica con dos casas a cinco minutos de sitges. - imagenInmueble2&quot;},{&quot;image&quot;:&quot;https:\\\/\\\/fotos15.apinmo.com\\\/1045\\\/8039595\\\/25-4.jpg&quot;,&quot;alt&quot;:&quot;Finca r\\u00fastica con dos casas a cinco minutos de sitges. - imagenInmueble3&quot;},{&quot;image&quot;:&quot;https:\\\/\\\/fotos15.apinmo.com\\\/1045\\\/8039595\\\/25-5.jpg&quot;,&quot;alt&quot;:&quot;Finca r\\u00fastica con dos casas a cinco minutos de sitges. - imagenInmueble4&quot;},{&quot;image&quot;:&quot;https:\\\/\\\/fotos15.apinmo.com\\\/1045\\\/8039595\\\/25-6.jpg&quot;,&quot;alt&quot;:&quot;Finca r\\u00fastica con dos casas a cinco minutos de sitges. - imagenInmueble5&quot;},{&quot;image&quot;:&quot;https:\\\/\\\/fotos15.apinmo.com\\\/1045\\\/8039595\\\/25-7.jpg&quot;,&quot;alt&quot;:&quot;Finca r\\u00fastica con dos casas a cinco minutos de sitges. - imagenInmueble6&quot;},{&quot;image&quot;:&quot;https:\\\/\\\/fotos15.apinmo.com\\\/1045\\\/8039595\\\/25-8.jpg&quot;,&quot;alt&quot;:&quot;Finca r\\u00fastica con dos casas a cinco minutos de sitges. - imagenInmueble7&quot;},{&quot;image&quot;:&quot;https:\\\/\\\/fotos15.apinmo.com\\\/1045\\\/8039595\\\/25-9.jpg&quot;,&quot;alt&quot;:&quot;Finca r\\u00fastica con dos casas a cinco minutos de sitges. - imagenInmueble8&quot;},{&quot;image&quot;:&quot;https:\\\/\\\/fotos15.apinmo.com\\\/1045\\\/8039595\\\/25-10.jpg&quot;,&quot;alt&quot;:&quot;Finca r\\u00fastica con dos casas a cinco minutos de sitges. - imagenInmueble9&quot;},{&quot;image&quot;:&quot;https:\\\/\\\/fotos15.apinmo.com\\\/1045\\\/8039595\\\/25-11.jpg&quot;,&quot;alt&quot;:&quot;Finca r\\u00fastica con dos casas a cinco minutos de sitges. - imagenInmueble10&quot;},{&quot;image&quot;:&quot;https:\\\/\\\/fotos15.apinmo.com\\\/1045\\\/8039595\\\/25-12.jpg&quot;,&quot;alt&quot;:&quot;Finca r\\u00fastica con dos casas a cinco minutos de sitges. - imagenInmueble11&quot;},{&quot;image&quot;:&quot;https:\\\/\\\/fotos15.apinmo.com\\\/1045\\\/8039595\\\/25-13.jpg&quot;,&quot;alt&quot;:&quot;Finca r\\u00fastica con dos casas a cinco minutos de sitges. - imagenInmueble12&quot;},{&quot;image&quot;:&quot;https:\\\/\\\/fotos15.apinmo.com\\\/1045\\\/8039595\\\/25-14.jpg&quot;,&quot;alt&quot;:&quot;Finca r\\u00fastica con dos casas a cinco minutos de sitges. - imagenInmueble13&quot;},{&quot;image&quot;:&quot;https:\\\/\\\/fotos15.apinmo.com\\\/1045\\\/8039595\\\/25-15.jpg&quot;,&quot;alt&quot;:&quot;Finca r\\u00fastica con dos casas a cinco minutos de sitges. - imagenInmueble14&quot;},{&quot;image&quot;:&quot;https:\\\/\\\/fotos15.apinmo.com\\\/1045\\\/8039595\\\/25-16.jpg&quot;,&quot;alt&quot;:&quot;Finca r\\u00fastica con dos casas a cinco minutos de sitges. - imagenInmueble15&quot;},{&quot;image&quot;:&quot;https:\\\/\\\/fotos15.apinmo.com\\\/1045\\\/8039595\\\/25-17.jpg&quot;,&quot;alt&quot;:&quot;Finca r\\u00fastica con dos casas a cinco minutos de sitges. - imagenInmueble16&quot;},{&quot;image&quot;:&quot;https:\\\/\\\/fotos15.apinmo.com\\\/1045\\\/8039595\\\/25-18.jpg&quot;,&quot;alt&quot;:&quot;Finca r\\u00fastica con dos casas a cinco minutos de sitges. - imagenInmueble17&quot;},{&quot;image&quot;:&quot;https:\\\/\\\/fotos15.apinmo.com\\\/1045\\\/8039595\\\/25-19.jpg&quot;,&quot;alt&quot;:&quot;Finca r\\u00fastica con dos casas a cinco minutos de sitges. - imagenInmueble18&quot;},{&quot;image&quot;:&quot;https:\\\/\\\/fotos15.apinmo.com\\\/1045\\\/8039595\\\/25-20.jpg&quot;,&quot;alt&quot;:&quot;Finca r\\u00fastica con dos casas a cinco minutos de sitges. - imagenInmueble19&quot;},{&quot;image&quot;:&quot;https:\\\/\\\/fotos15.apinmo.com\\\/1045\\\/8039595\\\/25-21.jpg&quot;,&quot;alt&quot;:&quot;Finca r\\u00fastica con dos casas a cinco minutos de sitges. - imagenInmueble20&quot;},{&quot;image&quot;:&quot;https:\\\/\\\/fotos15.apinmo.com\\\/1045\\\/8039595\\\/25-22.jpg&quot;,&quot;alt&quot;:&quot;Finca r\\u00fastica con dos casas a cinco minutos de sitges. - imagenInmueble21&quot;},{&quot;image&quot;:&quot;https:\\\/\\\/fotos15.apinmo.com\\\/1045\\\/8039595\\\/25-23.jpg&quot;,&quot;alt&quot;:&quot;Finca r\\u00fastica con dos casas a cinco minutos de sitges. - imagenInmueble22&quot;},{&quot;image&quot;:&quot;https:\\\/\\\/fotos15.apinmo.com\\\/1045\\\/8039595\\\/25-24.jpg&quot;,&quot;alt&quot;:&quot;Finca r\\u00fastica con dos casas a cinco minutos de sitges. - imagenInmueble23&quot;},{&quot;image&quot;:&quot;https:\\\/\\\/fotos15.apinmo.com\\\/1045\\\/8039595\\\/25-25.jpg&quot;,&quot;alt&quot;:&quot;Finca r\\u00fastica con dos casas a cinco minutos de sitges. - imagenInmueble24&quot;},{&quot;image&quot;:&quot;https:\\\/\\\/fotos15.apinmo.com\\\/1045\\\/8039595\\\/25-26.jpg&quot;,&quot;alt&quot;:&quot;Finca r\\u00fastica con dos casas a cinco minutos de sitges. - imagenInmueble25&quot;},{&quot;image&quot;:&quot;https:\\\/\\\/fotos15.apinmo.com\\\/1045\\\/8039595\\\/25-27.jpg&quot;,&quot;alt&quot;:&quot;Finca r\\u00fastica con dos casas a cinco minutos de sitges. - imagenInmueble26&quot;},{&quot;image&quot;:&quot;https:\\\/\\\/fotos15.apinmo.com\\\/1045\\\/8039595\\\/25-28.jpg&quot;,&quot;alt&quot;:&quot;Finca r\\u00fastica con dos casas a cinco minutos de sitges. - imagenInmueble27&quot;},{&quot;image&quot;:&quot;https:\\\/\\\/fotos15.apinmo.com\\\/1045\\\/8039595\\\/25-29.jpg&quot;,&quot;alt&quot;:&quot;Finca r\\u00fastica con dos casas a cinco minutos de sitges. - imagenInmueble28&quot;},{&quot;image&quot;:&quot;https:\\\/\\\/fotos15.apinmo.com\\\/1045\\\/8039595\\\/25-30.jpg&quot;,&quot;alt&quot;:&quot;Finca r\\u00fastica con dos casas a cinco minutos de sitges. - imagenInmueble29&quot;},{&quot;image&quot;:&quot;https:\\\/\\\/fotos15.apinmo.com\\\/1045\\\/8039595\\\/25-31.jpg&quot;,&quot;alt&quot;:&quot;Finca r\\u00fastica con dos casas a cinco minutos de sitges. - imagenInmueble30&quot;},{&quot;image&quot;:&quot;https:\\\/\\\/fotos15.apinmo.com\\\/1045\\\/8039595\\\/25-32.jpg&quot;,&quot;alt&quot;:&quot;Finca r\\u00fastica con dos casas a cinco minutos de sitges. - imagenInmueble31&quot;},{&quot;image&quot;:&quot;https:\\\/\\\/fotos15.apinmo.com\\\/1045\\\/8039595\\\/25-33.jpg&quot;,&quot;alt&quot;:&quot;Finca r\\u00fastica con dos casas a cinco minutos de sitges. - imagenInmueble32&quot;},{&quot;image&quot;:&quot;https:\\\/\\\/fotos15.apinmo.com\\\/1045\\\/8039595\\\/25-34.jpg&quot;,&quot;alt&quot;:&quot;Finca r\\u00fastica con dos casas a cinco minutos de sitges. - imagenInmueble33&quot;},{&quot;image&quot;:&quot;https:\\\/\\\/fotos15.apinmo.com\\\/1045\\\/8039595\\\/25-35.jpg&quot;,&quot;alt&quot;:&quot;Finca r\\u00fastica con dos casas a cinco minutos de sitges. - imagenInmueble34&quot;},{&quot;image&quot;:&quot;https:\\\/\\\/fotos15.apinmo.com\\\/1045\\\/8039595\\\/25-36.jpg&quot;,&quot;alt&quot;:&quot;Finca r\\u00fastica con dos casas a cinco minutos de sitges. - imagenInmueble35&quot;},{&quot;image&quot;:&quot;https:\\\/\\\/fotos15.apinmo.com\\\/1045\\\/8039595\\\/25-37.jpg&quot;,&quot;alt&quot;:&quot;Finca r\\u00fastica con dos casas a cinco minutos de sitges. - imagenInmueble36&quot;},{&quot;image&quot;:&quot;https:\\\/\\\/fotos15.apinmo.com\\\/1045\\\/8039595\\\/25-38.jpg&quot;,&quot;alt&quot;:&quot;Finca r\\u00fastica con dos casas a cinco minutos de sitges. - imagenInmueble37&quot;},{&quot;image&quot;:&quot;https:\\\/\\\/fotos15.apinmo.com\\\/1045\\\/8039595\\\/25-39.jpg&quot;,&quot;alt&quot;:&quot;Finca r\\u00fastica con dos casas a cinco minutos de sitges. - imagenInmueble38&quot;},{&quot;image&quot;:&quot;https:\\\/\\\/fotos15.apinmo.com\\\/1045\\\/8039595\\\/25-40.jpg&quot;,&quot;alt&quot;:&quot;Finca r\\u00fastica con dos casas a cinco minutos de sitges. - imagenInmueble39&quot;}]\">\n\t<div class=\"item-wrap item-wrap-v1 item-wrap-no-frame h-100\">\n\t\t<div class=\"d-flex align-items-center h-100\">\n\t\t\t<div class=\"item-header\">\n\t\t\t\t\t\t\t\t<div class=\"labels-wrap labels-right\"> \n\n\t<a href=\"https:\/\/www.laclauelite.com\/fr\/status\/vente\/\" class=\"label-status label status-color-165\">\n\t\t\t\t\tVente\n\t\t\t\t<\/a>       \n\n<\/div>\n\t\t\t\t<ul class=\"item-price-wrap hide-on-list\">\n\t<li class=\"item-price\">5,000,000\u20ac<\/li><\/ul>\t\t\t\t<ul class=\"item-tools\">\n\n        <li class=\"item-tool item-preview\">\n        <span class=\"hz-show-lightbox-js\" data-listid=\"1081908\" data-toggle=\"tooltip\" data-placement=\"top\" title=\"Preview\">\n                <i class=\"houzez-icon icon-expand-3\"><\/i>   \n        <\/span><!-- item-tool-favorite -->\n    <\/li><!-- item-tool -->\n        \n        <li class=\"item-tool item-favorite\">\n        <span class=\"add-favorite-js item-tool-favorite\" data-toggle=\"tooltip\" data-placement=\"top\" title=\"Favourite\" data-listid=\"1081908\">\n            <i class=\"houzez-icon icon-love-it \"><\/i> \n        <\/span><!-- item-tool-favorite -->\n    <\/li><!-- item-tool -->\n    \n        <li class=\"item-tool item-compare\">\n        <span class=\"houzez_compare compare-1081908 item-tool-compare show-compare-panel\" data-toggle=\"tooltip\" data-placement=\"top\" title=\"Add to Compare\" data-listing_id=\"1081908\" data-listing_image=\"https:\/\/fotos15.apinmo.com\/1045\/8039595\/25-1.jpg\">\n            <i class=\"houzez-icon icon-add-circle\"><\/i>\n        <\/span><!-- item-tool-compare -->\n    <\/li><!-- item-tool -->\n    <\/ul><!-- item-tools -->\n\t\t\t\t<div class=\"listing-image-wrap\">\n\t<div class=\"listing-thumb\">\n\t\t<a target=_self href=\"https:\/\/www.laclauelite.com\/fr\/property\/finca-rustica-con-dos-casas-a-cinco-minutos-de-sitges-09094-fr\/\" class=\"listing-featured-thumb hover-effect\">\n\t\t\t                                                                                                                                                                                    <img loading=\"lazy\" decoding=\"async\" width=\"850\" height=\"426\" src=\"https:\/\/fotos15.apinmo.com\/1045\/8039595\/25-1.jpg\" class=\"img-fluid wp-post-image\" alt=\"Finca r\u00fastica con dos casas a cinco minutos de sitges. - imagenInmueble0\" srcset=\"https:\/\/fotos15.apinmo.com\/1045\/8039595\/25-1.jpg 850w, https:\/\/fotos15.apinmo.com\/1045\/8039595\/25-1.jpg 300w, https:\/\/fotos15.apinmo.com\/1045\/8039595\/25-1.jpg 768w, https:\/\/fotos15.apinmo.com\/1045\/8039595\/25-1s.jpg 150w, https:\/\/fotos15.apinmo.com\/1045\/8039595\/25-1.jpg 536w, https:\/\/fotos15.apinmo.com\/1045\/8039595\/25-1.jpg 770w\" sizes=\"(max-width: 850px) 100vw, 850px\" \/>\t\t<\/a><!-- hover-effect -->\n\t<\/div>\n<\/div>\n\t\t\t\t<div class=\"preview_loader\"><\/div>\n\t\t\t<\/div><!-- item-header -->\t\n\t\t\t<div class=\"item-body flex-grow-1\">\n\t\t\t\t<div class=\"labels-wrap labels-right\"> \n\n\t<a href=\"https:\/\/www.laclauelite.com\/fr\/status\/vente\/\" class=\"label-status label status-color-165\">\n\t\t\t\t\tVente\n\t\t\t\t<\/a>       \n\n<\/div>\n\t\t\t\t<h2 class=\"item-title\">\n\t<a target=_self href=\"https:\/\/www.laclauelite.com\/fr\/property\/finca-rustica-con-dos-casas-a-cinco-minutos-de-sitges-09094-fr\/\">Finca r\u00fastica con dos casas a cinco minutos de Sitges. &#8211; 09094<\/a>\n<\/h2><!-- item-title -->\t\t\t\t<ul class=\"item-price-wrap hide-on-list\">\n\t<li class=\"item-price\">5,000,000\u20ac<\/li><\/ul>\t\t\t\t<address class=\"item-address\">Sant Pere de Ribes,Barcelona,Spain<\/address>\t\t\t\t<ul class=\"item-amenities item-amenities-with-icons\">\n\t<li class=\"h-beds\"><i class=\"houzez-icon icon-hotel-double-bed-1 mr-1\"><\/i><span class=\"item-amenities-text\">Cama:<\/span> <span class=\"hz-figure\">0<\/span><\/li><li class=\"h-baths\"><i class=\"houzez-icon icon-bathroom-shower-1 mr-1\"><\/i><span class=\"item-amenities-text\">Ba\u00f1o:<\/span> <span class=\"hz-figure\">1<\/span><\/li><li class=\"h-area\"><i class=\"houzez-icon icon-ruler-triangle mr-1\"><\/i><span class=\"hz-figure\">1800<\/span> <span class=\"hz-figure area_postfix\">m&sup2;<\/span><\/li><li class=\"h-type\"><span>Houses<\/span><\/li><\/ul>\t\t\t\t<a class=\"btn btn-primary btn-item \" target=_self href=\"https:\/\/www.laclauelite.com\/fr\/property\/finca-rustica-con-dos-casas-a-cinco-minutos-de-sitges-09094-fr\/\">\n\tD\u00e9tails<\/a><!-- btn-item -->\n\t\t\t\t<div class=\"item-author\">\n\t<i class=\"houzez-icon icon-single-neutral mr-1\"><\/i>\n\t<a href=\"https:\/\/www.laclauelite.com\/fr\/agent\/fincas-la-clau-elite\/\">Fincas La Clau Elite<\/a> <\/div><!-- item-author -->\n\t\t\t\t<div class=\"item-date\">\n\t<i class=\"houzez-icon icon-attachment mr-1\"><\/i>\n\til y a2 ans<\/div><!-- item-date -->\n\t\t\t<\/div><!-- item-body -->\n\n\t\t\t\t\t\t<div class=\"item-footer clearfix\">\n\t\t\t\t<div class=\"item-author\">\n\t<i class=\"houzez-icon icon-single-neutral mr-1\"><\/i>\n\t<a href=\"https:\/\/www.laclauelite.com\/fr\/agent\/fincas-la-clau-elite\/\">Fincas La Clau Elite<\/a> <\/div><!-- item-author -->\n\t\t\t\t<div class=\"item-date\">\n\t<i class=\"houzez-icon icon-attachment mr-1\"><\/i>\n\til y a2 ans<\/div><!-- item-date -->\n\t\t\t<\/div>\n\t\t\t\t\t<\/div><!-- d-flex -->\n\t<\/div><!-- item-wrap -->\n<\/div><!-- item-listing-wrap -->\t\t\t\t<\/div><!-- testimonials-slider -->\r\n\t\t\t<\/div><!-- listing-view grid-view -->\r\n\t\t<\/div><!-- testimonials-module -->\r\n\r\n\t\t\t\t<\/div>\n\t\t\t\t<\/div>\n\t\t\t\t\t<\/div>\n\t\t<\/div>\n\t\t\t\t\t\t\t<\/div>\n\t\t<\/section>\n\t\t\t\t<section class=\"elementor-section elementor-top-section elementor-element elementor-element-0db3b7e elementor-section-boxed elementor-section-height-default elementor-section-height-default\" data-id=\"0db3b7e\" data-element_type=\"section\">\n\t\t\t\t\t\t<div class=\"elementor-container elementor-column-gap-default\">\n\t\t\t\t\t<div class=\"elementor-column elementor-col-100 elementor-top-column elementor-element elementor-element-bd563fc\" data-id=\"bd563fc\" data-element_type=\"column\">\n\t\t\t<div class=\"elementor-widget-wrap elementor-element-populated\">\n\t\t\t\t\t\t\t\t<div class=\"elementor-element elementor-element-d4a51cc animated-slow elementor-invisible elementor-widget elementor-widget-heading\" data-id=\"d4a51cc\" data-element_type=\"widget\" data-settings=\"{&quot;_animation&quot;:&quot;fadeIn&quot;}\" data-widget_type=\"heading.default\">\n\t\t\t\t<div class=\"elementor-widget-container\">\n\t\t\t<h3 class=\"elementor-heading-title elementor-size-large\">Local Commerciel<\/h3>\t\t<\/div>\n\t\t\t\t<\/div>\n\t\t\t\t\t<\/div>\n\t\t<\/div>\n\t\t\t\t\t\t\t<\/div>\n\t\t<\/section>\n\t\t\t\t<section class=\"elementor-section elementor-top-section elementor-element elementor-element-99cd776 animated-slow elementor-section-boxed elementor-section-height-default elementor-section-height-default elementor-invisible\" data-id=\"99cd776\" data-element_type=\"section\" data-settings=\"{&quot;animation&quot;:&quot;fadeIn&quot;,&quot;animation_delay&quot;:0}\">\n\t\t\t\t\t\t<div class=\"elementor-container elementor-column-gap-default\">\n\t\t\t\t\t<div class=\"elementor-column elementor-col-100 elementor-top-column elementor-element elementor-element-929941e\" data-id=\"929941e\" data-element_type=\"column\">\n\t\t\t<div class=\"elementor-widget-wrap elementor-element-populated\">\n\t\t\t\t\t\t\t\t<div class=\"elementor-element elementor-element-0c28600 elementor-widget elementor-widget-houzez_elementor_properties_carousel_v2\" data-id=\"0c28600\" data-element_type=\"widget\" data-widget_type=\"houzez_elementor_properties_carousel_v2.default\">\n\t\t\t\t<div class=\"elementor-widget-container\">\n\t\t\t\r\n\t\t<div class=\"property-carousel-module houzez-carousel-arrows-vpb1c houzez-carousel-cols-1 property-carousel-module-v2\">\r\n\r\n\t\t\t<div class=\"property-carousel-buttons-wrap\">\r\n\t\t\t\t\t\t\t\t<button type=\"button\" class=\"slick-prev-js-vpb1c slick-prev btn-primary-outlined\">Prev<\/button>\r\n\t\t\t\t<button type=\"button\" class=\"slick-next-js-vpb1c slick-next btn-primary-outlined\">Prochain<\/button>\r\n\t\t\t\t\t\t\t\t\t\t\t<\/div><!-- property-carousel-buttons-wrap -->\r\n\r\n\t\t\t<div class=\"listing-view grid-view\">\r\n\t\t\t\t\r\n\t\t\t\t<div id=\"houzez-properties-carousel-vpb1c\" data-token=\"vpb1c\" class=\"houzez-properties-carousel-js houzez-all-slider-wrap card-deck\">\r\n\t\t\t\t\t<div class=\"item-listing-wrap hz-item-gallery-js card\" data-hz-id=\"hz-1081984\" data-images=\"[{&quot;image&quot;:&quot;https:\\\/\\\/fotos15.apinmo.com\\\/1045\\\/20965375\\\/61-1.jpg&quot;,&quot;alt&quot;:&quot;Casa de pescadores en el centro de sitges - imagenInmueble0&quot;},{&quot;image&quot;:&quot;https:\\\/\\\/fotos15.apinmo.com\\\/1045\\\/20965375\\\/61-1.jpg&quot;,&quot;alt&quot;:&quot;Casa de pescadores en el centro de sitges - imagenInmueble0&quot;},{&quot;image&quot;:&quot;https:\\\/\\\/fotos15.apinmo.com\\\/1045\\\/20965375\\\/61-2.jpg&quot;,&quot;alt&quot;:&quot;Casa de pescadores en el centro de sitges - imagenInmueble1&quot;},{&quot;image&quot;:&quot;https:\\\/\\\/fotos15.apinmo.com\\\/1045\\\/20965375\\\/61-3.jpg&quot;,&quot;alt&quot;:&quot;Casa de pescadores en el centro de sitges - imagenInmueble2&quot;},{&quot;image&quot;:&quot;https:\\\/\\\/fotos15.apinmo.com\\\/1045\\\/20965375\\\/61-4.jpg&quot;,&quot;alt&quot;:&quot;Casa de pescadores en el centro de sitges - imagenInmueble3&quot;},{&quot;image&quot;:&quot;https:\\\/\\\/fotos15.apinmo.com\\\/1045\\\/20965375\\\/61-5.jpg&quot;,&quot;alt&quot;:&quot;Casa de pescadores en el centro de sitges - imagenInmueble4&quot;},{&quot;image&quot;:&quot;https:\\\/\\\/fotos15.apinmo.com\\\/1045\\\/20965375\\\/61-6.jpg&quot;,&quot;alt&quot;:&quot;Casa de pescadores en el centro de sitges - imagenInmueble5&quot;},{&quot;image&quot;:&quot;https:\\\/\\\/fotos15.apinmo.com\\\/1045\\\/20965375\\\/61-7.jpg&quot;,&quot;alt&quot;:&quot;Casa de pescadores en el centro de sitges - imagenInmueble6&quot;},{&quot;image&quot;:&quot;https:\\\/\\\/fotos15.apinmo.com\\\/1045\\\/20965375\\\/61-8.jpg&quot;,&quot;alt&quot;:&quot;Casa de pescadores en el centro de sitges - imagenInmueble7&quot;},{&quot;image&quot;:&quot;https:\\\/\\\/fotos15.apinmo.com\\\/1045\\\/20965375\\\/61-9.jpg&quot;,&quot;alt&quot;:&quot;Casa de pescadores en el centro de sitges - imagenInmueble8&quot;},{&quot;image&quot;:&quot;https:\\\/\\\/fotos15.apinmo.com\\\/1045\\\/20965375\\\/61-10.jpg&quot;,&quot;alt&quot;:&quot;Casa de pescadores en el centro de sitges - imagenInmueble9&quot;},{&quot;image&quot;:&quot;https:\\\/\\\/fotos15.apinmo.com\\\/1045\\\/20965375\\\/61-11.jpg&quot;,&quot;alt&quot;:&quot;Casa de pescadores en el centro de sitges - imagenInmueble10&quot;},{&quot;image&quot;:&quot;https:\\\/\\\/fotos15.apinmo.com\\\/1045\\\/20965375\\\/61-12.jpg&quot;,&quot;alt&quot;:&quot;Casa de pescadores en el centro de sitges - imagenInmueble11&quot;},{&quot;image&quot;:&quot;https:\\\/\\\/fotos15.apinmo.com\\\/1045\\\/20965375\\\/61-13.jpg&quot;,&quot;alt&quot;:&quot;Casa de pescadores en el centro de sitges - imagenInmueble12&quot;},{&quot;image&quot;:&quot;https:\\\/\\\/fotos15.apinmo.com\\\/1045\\\/20965375\\\/61-14.jpg&quot;,&quot;alt&quot;:&quot;Casa de pescadores en el centro de sitges - imagenInmueble13&quot;},{&quot;image&quot;:&quot;https:\\\/\\\/fotos15.apinmo.com\\\/1045\\\/20965375\\\/61-15.jpg&quot;,&quot;alt&quot;:&quot;Casa de pescadores en el centro de sitges - imagenInmueble14&quot;},{&quot;image&quot;:&quot;https:\\\/\\\/fotos15.apinmo.com\\\/1045\\\/20965375\\\/61-16.jpg&quot;,&quot;alt&quot;:&quot;Casa de pescadores en el centro de sitges - imagenInmueble15&quot;},{&quot;image&quot;:&quot;https:\\\/\\\/fotos15.apinmo.com\\\/1045\\\/20965375\\\/61-17.jpg&quot;,&quot;alt&quot;:&quot;Casa de pescadores en el centro de sitges - imagenInmueble16&quot;},{&quot;image&quot;:&quot;https:\\\/\\\/fotos15.apinmo.com\\\/1045\\\/20965375\\\/61-18.jpg&quot;,&quot;alt&quot;:&quot;Casa de pescadores en el centro de sitges - imagenInmueble17&quot;},{&quot;image&quot;:&quot;https:\\\/\\\/fotos15.apinmo.com\\\/1045\\\/20965375\\\/61-19.jpg&quot;,&quot;alt&quot;:&quot;Casa de pescadores en el centro de sitges - imagenInmueble18&quot;},{&quot;image&quot;:&quot;https:\\\/\\\/fotos15.apinmo.com\\\/1045\\\/20965375\\\/61-20.jpg&quot;,&quot;alt&quot;:&quot;Casa de pescadores en el centro de sitges - imagenInmueble19&quot;},{&quot;image&quot;:&quot;https:\\\/\\\/fotos15.apinmo.com\\\/1045\\\/20965375\\\/61-21.jpg&quot;,&quot;alt&quot;:&quot;Casa de pescadores en el centro de sitges - imagenInmueble20&quot;},{&quot;image&quot;:&quot;https:\\\/\\\/fotos15.apinmo.com\\\/1045\\\/20965375\\\/61-22.jpg&quot;,&quot;alt&quot;:&quot;Casa de pescadores en el centro de sitges - imagenInmueble21&quot;},{&quot;image&quot;:&quot;https:\\\/\\\/fotos15.apinmo.com\\\/1045\\\/20965375\\\/61-23.jpg&quot;,&quot;alt&quot;:&quot;Casa de pescadores en el centro de sitges - imagenInmueble22&quot;},{&quot;image&quot;:&quot;https:\\\/\\\/fotos15.apinmo.com\\\/1045\\\/20965375\\\/61-24.jpg&quot;,&quot;alt&quot;:&quot;Casa de pescadores en el centro de sitges - imagenInmueble23&quot;},{&quot;image&quot;:&quot;https:\\\/\\\/fotos15.apinmo.com\\\/1045\\\/20965375\\\/61-25.jpg&quot;,&quot;alt&quot;:&quot;Casa de pescadores en el centro de sitges - imagenInmueble24&quot;},{&quot;image&quot;:&quot;https:\\\/\\\/fotos15.apinmo.com\\\/1045\\\/20965375\\\/61-26.jpg&quot;,&quot;alt&quot;:&quot;Casa de pescadores en el centro de sitges - imagenInmueble25&quot;},{&quot;image&quot;:&quot;https:\\\/\\\/fotos15.apinmo.com\\\/1045\\\/20965375\\\/61-27.jpg&quot;,&quot;alt&quot;:&quot;Casa de pescadores en el centro de sitges - imagenInmueble26&quot;},{&quot;image&quot;:&quot;https:\\\/\\\/fotos15.apinmo.com\\\/1045\\\/20965375\\\/61-28.jpg&quot;,&quot;alt&quot;:&quot;Casa de pescadores en el centro de sitges - imagenInmueble27&quot;},{&quot;image&quot;:&quot;https:\\\/\\\/fotos15.apinmo.com\\\/1045\\\/20965375\\\/61-29.jpg&quot;,&quot;alt&quot;:&quot;Casa de pescadores en el centro de sitges - imagenInmueble28&quot;},{&quot;image&quot;:&quot;https:\\\/\\\/fotos15.apinmo.com\\\/1045\\\/20965375\\\/61-30.jpg&quot;,&quot;alt&quot;:&quot;Casa de pescadores en el centro de sitges - imagenInmueble29&quot;},{&quot;image&quot;:&quot;https:\\\/\\\/fotos15.apinmo.com\\\/1045\\\/20965375\\\/61-31.jpg&quot;,&quot;alt&quot;:&quot;Casa de pescadores en el centro de sitges - imagenInmueble30&quot;},{&quot;image&quot;:&quot;https:\\\/\\\/fotos15.apinmo.com\\\/1045\\\/20965375\\\/61-32.jpg&quot;,&quot;alt&quot;:&quot;Casa de pescadores en el centro de sitges - imagenInmueble31&quot;},{&quot;image&quot;:&quot;https:\\\/\\\/fotos15.apinmo.com\\\/1045\\\/20965375\\\/61-33.jpg&quot;,&quot;alt&quot;:&quot;Casa de pescadores en el centro de sitges - imagenInmueble32&quot;},{&quot;image&quot;:&quot;https:\\\/\\\/fotos15.apinmo.com\\\/1045\\\/20965375\\\/61-34.jpg&quot;,&quot;alt&quot;:&quot;Casa de pescadores en el centro de sitges - imagenInmueble33&quot;},{&quot;image&quot;:&quot;https:\\\/\\\/fotos15.apinmo.com\\\/1045\\\/20965375\\\/61-35.jpg&quot;,&quot;alt&quot;:&quot;Casa de pescadores en el centro de sitges - imagenInmueble34&quot;},{&quot;image&quot;:&quot;https:\\\/\\\/fotos15.apinmo.com\\\/1045\\\/20965375\\\/61-36.jpg&quot;,&quot;alt&quot;:&quot;Casa de pescadores en el centro de sitges - imagenInmueble35&quot;},{&quot;image&quot;:&quot;https:\\\/\\\/fotos15.apinmo.com\\\/1045\\\/20965375\\\/61-37.jpg&quot;,&quot;alt&quot;:&quot;Casa de pescadores en el centro de sitges - imagenInmueble36&quot;},{&quot;image&quot;:&quot;https:\\\/\\\/fotos15.apinmo.com\\\/1045\\\/20965375\\\/61-38.jpg&quot;,&quot;alt&quot;:&quot;Casa de pescadores en el centro de sitges - imagenInmueble37&quot;},{&quot;image&quot;:&quot;https:\\\/\\\/fotos15.apinmo.com\\\/1045\\\/20965375\\\/61-39.jpg&quot;,&quot;alt&quot;:&quot;Casa de pescadores en el centro de sitges - imagenInmueble38&quot;}]\">\n\t<div class=\"item-wrap item-wrap-v1 item-wrap-no-frame h-100\">\n\t\t<div class=\"d-flex align-items-center h-100\">\n\t\t\t<div class=\"item-header\">\n\t\t\t\t\t\t\t\t<div class=\"labels-wrap labels-right\"> \n\n\t<a href=\"https:\/\/www.laclauelite.com\/fr\/status\/vente\/\" class=\"label-status label status-color-165\">\n\t\t\t\t\tVente\n\t\t\t\t<\/a>       \n\n<\/div>\n\t\t\t\t<ul class=\"item-price-wrap hide-on-list\">\n\t<li class=\"item-price\">995,000\u20ac<\/li><\/ul>\t\t\t\t<ul class=\"item-tools\">\n\n        <li class=\"item-tool item-preview\">\n        <span class=\"hz-show-lightbox-js\" data-listid=\"1081984\" data-toggle=\"tooltip\" data-placement=\"top\" title=\"Preview\">\n                <i class=\"houzez-icon icon-expand-3\"><\/i>   \n        <\/span><!-- item-tool-favorite -->\n    <\/li><!-- item-tool -->\n        \n        <li class=\"item-tool item-favorite\">\n        <span class=\"add-favorite-js item-tool-favorite\" data-toggle=\"tooltip\" data-placement=\"top\" title=\"Favourite\" data-listid=\"1081984\">\n            <i class=\"houzez-icon icon-love-it \"><\/i> \n        <\/span><!-- item-tool-favorite -->\n    <\/li><!-- item-tool -->\n    \n        <li class=\"item-tool item-compare\">\n        <span class=\"houzez_compare compare-1081984 item-tool-compare show-compare-panel\" data-toggle=\"tooltip\" data-placement=\"top\" title=\"Add to Compare\" data-listing_id=\"1081984\" data-listing_image=\"https:\/\/fotos15.apinmo.com\/1045\/20965375\/61-1.jpg\">\n            <i class=\"houzez-icon icon-add-circle\"><\/i>\n        <\/span><!-- item-tool-compare -->\n    <\/li><!-- item-tool -->\n    <\/ul><!-- item-tools -->\n\t\t\t\t<div class=\"listing-image-wrap\">\n\t<div class=\"listing-thumb\">\n\t\t<a target=_self href=\"https:\/\/www.laclauelite.com\/fr\/property\/casa-de-pescadores-en-el-centro-de-sitges-11086-fr\/\" class=\"listing-featured-thumb hover-effect\">\n\t\t\t                                                                                                                                                                                    <img loading=\"lazy\" decoding=\"async\" width=\"850\" height=\"426\" src=\"https:\/\/fotos15.apinmo.com\/1045\/20965375\/61-1.jpg\" class=\"img-fluid wp-post-image\" alt=\"Casa de pescadores en el centro de sitges - imagenInmueble0\" srcset=\"https:\/\/fotos15.apinmo.com\/1045\/20965375\/61-1.jpg 850w, https:\/\/fotos15.apinmo.com\/1045\/20965375\/61-1.jpg 300w, https:\/\/fotos15.apinmo.com\/1045\/20965375\/61-1.jpg 768w, https:\/\/fotos15.apinmo.com\/1045\/20965375\/61-1s.jpg 150w, https:\/\/fotos15.apinmo.com\/1045\/20965375\/61-1.jpg 536w, https:\/\/fotos15.apinmo.com\/1045\/20965375\/61-1.jpg 770w\" sizes=\"(max-width: 850px) 100vw, 850px\" \/>\t\t<\/a><!-- hover-effect -->\n\t<\/div>\n<\/div>\n\t\t\t\t<div class=\"preview_loader\"><\/div>\n\t\t\t<\/div><!-- item-header -->\t\n\t\t\t<div class=\"item-body flex-grow-1\">\n\t\t\t\t<div class=\"labels-wrap labels-right\"> \n\n\t<a href=\"https:\/\/www.laclauelite.com\/fr\/status\/vente\/\" class=\"label-status label status-color-165\">\n\t\t\t\t\tVente\n\t\t\t\t<\/a>       \n\n<\/div>\n\t\t\t\t<h2 class=\"item-title\">\n\t<a target=_self href=\"https:\/\/www.laclauelite.com\/fr\/property\/casa-de-pescadores-en-el-centro-de-sitges-11086-fr\/\">Casa de pescadores en el centro de Sitges &#8211; 11086<\/a>\n<\/h2><!-- item-title -->\t\t\t\t<ul class=\"item-price-wrap hide-on-list\">\n\t<li class=\"item-price\">995,000\u20ac<\/li><\/ul>\t\t\t\t<address class=\"item-address\">Sitges,Barcelona,Spain<\/address>\t\t\t\t<ul class=\"item-amenities item-amenities-with-icons\">\n\t<li class=\"h-beds\"><i class=\"houzez-icon icon-hotel-double-bed-1 mr-1\"><\/i><span class=\"item-amenities-text\">Camas:<\/span> <span class=\"hz-figure\">3<\/span><\/li><li class=\"h-baths\"><i class=\"houzez-icon icon-bathroom-shower-1 mr-1\"><\/i><span class=\"item-amenities-text\">Ba\u00f1os:<\/span> <span class=\"hz-figure\">3<\/span><\/li><li class=\"h-area\"><i class=\"houzez-icon icon-ruler-triangle mr-1\"><\/i><span class=\"hz-figure\">160<\/span> <span class=\"hz-figure area_postfix\">m&sup2;<\/span><\/li><li class=\"h-type\"><span>Houses<\/span><\/li><\/ul>\t\t\t\t<a class=\"btn btn-primary btn-item \" target=_self href=\"https:\/\/www.laclauelite.com\/fr\/property\/casa-de-pescadores-en-el-centro-de-sitges-11086-fr\/\">\n\tD\u00e9tails<\/a><!-- btn-item -->\n\t\t\t\t<div class=\"item-author\">\n\t<i class=\"houzez-icon icon-single-neutral mr-1\"><\/i>\n\t<a href=\"https:\/\/www.laclauelite.com\/fr\/agent\/fincas-la-clau-elite\/\">Fincas La Clau Elite<\/a> <\/div><!-- item-author -->\n\t\t\t\t<div class=\"item-date\">\n\t<i class=\"houzez-icon icon-attachment mr-1\"><\/i>\n\til y a2 jours<\/div><!-- item-date -->\n\t\t\t<\/div><!-- item-body -->\n\n\t\t\t\t\t\t<div class=\"item-footer clearfix\">\n\t\t\t\t<div class=\"item-author\">\n\t<i class=\"houzez-icon icon-single-neutral mr-1\"><\/i>\n\t<a href=\"https:\/\/www.laclauelite.com\/fr\/agent\/fincas-la-clau-elite\/\">Fincas La Clau Elite<\/a> <\/div><!-- item-author -->\n\t\t\t\t<div class=\"item-date\">\n\t<i class=\"houzez-icon icon-attachment mr-1\"><\/i>\n\til y a2 jours<\/div><!-- item-date -->\n\t\t\t<\/div>\n\t\t\t\t\t<\/div><!-- d-flex -->\n\t<\/div><!-- item-wrap -->\n<\/div><!-- item-listing-wrap --><div class=\"item-listing-wrap hz-item-gallery-js card\" data-hz-id=\"hz-1082121\" data-images=\"[{&quot;image&quot;:&quot;https:\\\/\\\/fotos15.apinmo.com\\\/1045\\\/28359471\\\/20-1.jpg&quot;,&quot;alt&quot;:&quot;Casa pareada en levantina con magnificas vistas al mar y a sitges - imagenInmueble0&quot;},{&quot;image&quot;:&quot;https:\\\/\\\/fotos15.apinmo.com\\\/1045\\\/28359471\\\/20-1.jpg&quot;,&quot;alt&quot;:&quot;Casa pareada en levantina con magnificas vistas al mar y a sitges - imagenInmueble0&quot;},{&quot;image&quot;:&quot;https:\\\/\\\/fotos15.apinmo.com\\\/1045\\\/28359471\\\/20-2.jpg&quot;,&quot;alt&quot;:&quot;Casa pareada en levantina con magnificas vistas al mar y a sitges - imagenInmueble1&quot;},{&quot;image&quot;:&quot;https:\\\/\\\/fotos15.apinmo.com\\\/1045\\\/28359471\\\/20-3.jpg&quot;,&quot;alt&quot;:&quot;Casa pareada en levantina con magnificas vistas al mar y a sitges - imagenInmueble2&quot;},{&quot;image&quot;:&quot;https:\\\/\\\/fotos15.apinmo.com\\\/1045\\\/28359471\\\/20-4.jpg&quot;,&quot;alt&quot;:&quot;Casa pareada en levantina con magnificas vistas al mar y a sitges - imagenInmueble3&quot;},{&quot;image&quot;:&quot;https:\\\/\\\/fotos15.apinmo.com\\\/1045\\\/28359471\\\/20-5.jpg&quot;,&quot;alt&quot;:&quot;Casa pareada en levantina con magnificas vistas al mar y a sitges - imagenInmueble4&quot;},{&quot;image&quot;:&quot;https:\\\/\\\/fotos15.apinmo.com\\\/1045\\\/28359471\\\/20-6.jpg&quot;,&quot;alt&quot;:&quot;Casa pareada en levantina con magnificas vistas al mar y a sitges - imagenInmueble5&quot;},{&quot;image&quot;:&quot;https:\\\/\\\/fotos15.apinmo.com\\\/1045\\\/28359471\\\/20-7.jpg&quot;,&quot;alt&quot;:&quot;Casa pareada en levantina con magnificas vistas al mar y a sitges - imagenInmueble6&quot;},{&quot;image&quot;:&quot;https:\\\/\\\/fotos15.apinmo.com\\\/1045\\\/28359471\\\/20-8.jpg&quot;,&quot;alt&quot;:&quot;Casa pareada en levantina con magnificas vistas al mar y a sitges - imagenInmueble7&quot;},{&quot;image&quot;:&quot;https:\\\/\\\/fotos15.apinmo.com\\\/1045\\\/28359471\\\/20-9.jpg&quot;,&quot;alt&quot;:&quot;Casa pareada en levantina con magnificas vistas al mar y a sitges - imagenInmueble8&quot;},{&quot;image&quot;:&quot;https:\\\/\\\/fotos15.apinmo.com\\\/1045\\\/28359471\\\/20-10.jpg&quot;,&quot;alt&quot;:&quot;Casa pareada en levantina con magnificas vistas al mar y a sitges - imagenInmueble9&quot;},{&quot;image&quot;:&quot;https:\\\/\\\/fotos15.apinmo.com\\\/1045\\\/28359471\\\/20-11.jpg&quot;,&quot;alt&quot;:&quot;Casa pareada en levantina con magnificas vistas al mar y a sitges - imagenInmueble10&quot;},{&quot;image&quot;:&quot;https:\\\/\\\/fotos15.apinmo.com\\\/1045\\\/28359471\\\/20-12.jpg&quot;,&quot;alt&quot;:&quot;Casa pareada en levantina con magnificas vistas al mar y a sitges - imagenInmueble11&quot;},{&quot;image&quot;:&quot;https:\\\/\\\/fotos15.apinmo.com\\\/1045\\\/28359471\\\/20-13.jpg&quot;,&quot;alt&quot;:&quot;Casa pareada en levantina con magnificas vistas al mar y a sitges - imagenInmueble12&quot;},{&quot;image&quot;:&quot;https:\\\/\\\/fotos15.apinmo.com\\\/1045\\\/28359471\\\/20-14.jpg&quot;,&quot;alt&quot;:&quot;Casa pareada en levantina con magnificas vistas al mar y a sitges - imagenInmueble13&quot;},{&quot;image&quot;:&quot;https:\\\/\\\/fotos15.apinmo.com\\\/1045\\\/28359471\\\/20-15.jpg&quot;,&quot;alt&quot;:&quot;Casa pareada en levantina con magnificas vistas al mar y a sitges - imagenInmueble14&quot;},{&quot;image&quot;:&quot;https:\\\/\\\/fotos15.apinmo.com\\\/1045\\\/28359471\\\/20-16.jpg&quot;,&quot;alt&quot;:&quot;Casa pareada en levantina con magnificas vistas al mar y a sitges - imagenInmueble15&quot;},{&quot;image&quot;:&quot;https:\\\/\\\/fotos15.apinmo.com\\\/1045\\\/28359471\\\/20-17.jpg&quot;,&quot;alt&quot;:&quot;Casa pareada en levantina con magnificas vistas al mar y a sitges - imagenInmueble16&quot;},{&quot;image&quot;:&quot;https:\\\/\\\/fotos15.apinmo.com\\\/1045\\\/28359471\\\/20-18.jpg&quot;,&quot;alt&quot;:&quot;Casa pareada en levantina con magnificas vistas al mar y a sitges - imagenInmueble17&quot;},{&quot;image&quot;:&quot;https:\\\/\\\/fotos15.apinmo.com\\\/1045\\\/28359471\\\/20-19.jpg&quot;,&quot;alt&quot;:&quot;Casa pareada en levantina con magnificas vistas al mar y a sitges - imagenInmueble18&quot;},{&quot;image&quot;:&quot;https:\\\/\\\/fotos15.apinmo.com\\\/1045\\\/28359471\\\/20-20.jpg&quot;,&quot;alt&quot;:&quot;Casa pareada en levantina con magnificas vistas al mar y a sitges - imagenInmueble19&quot;},{&quot;image&quot;:&quot;https:\\\/\\\/fotos15.apinmo.com\\\/1045\\\/28359471\\\/20-21.jpg&quot;,&quot;alt&quot;:&quot;Casa pareada en levantina con magnificas vistas al mar y a sitges - imagenInmueble20&quot;},{&quot;image&quot;:&quot;https:\\\/\\\/fotos15.apinmo.com\\\/1045\\\/28359471\\\/20-22.jpg&quot;,&quot;alt&quot;:&quot;Casa pareada en levantina con magnificas vistas al mar y a sitges - imagenInmueble21&quot;},{&quot;image&quot;:&quot;https:\\\/\\\/fotos15.apinmo.com\\\/1045\\\/28359471\\\/20-23.jpg&quot;,&quot;alt&quot;:&quot;Casa pareada en levantina con magnificas vistas al mar y a sitges - imagenInmueble22&quot;},{&quot;image&quot;:&quot;https:\\\/\\\/fotos15.apinmo.com\\\/1045\\\/28359471\\\/20-24.jpg&quot;,&quot;alt&quot;:&quot;Casa pareada en levantina con magnificas vistas al mar y a sitges - imagenInmueble23&quot;},{&quot;image&quot;:&quot;https:\\\/\\\/fotos15.apinmo.com\\\/1045\\\/28359471\\\/20-25.jpg&quot;,&quot;alt&quot;:&quot;Casa pareada en levantina con magnificas vistas al mar y a sitges - imagenInmueble24&quot;},{&quot;image&quot;:&quot;https:\\\/\\\/fotos15.apinmo.com\\\/1045\\\/28359471\\\/20-26.jpg&quot;,&quot;alt&quot;:&quot;Casa pareada en levantina con magnificas vistas al mar y a sitges - imagenInmueble25&quot;},{&quot;image&quot;:&quot;https:\\\/\\\/fotos15.apinmo.com\\\/1045\\\/28359471\\\/20-27.jpg&quot;,&quot;alt&quot;:&quot;Casa pareada en levantina con magnificas vistas al mar y a sitges - imagenInmueble26&quot;},{&quot;image&quot;:&quot;https:\\\/\\\/fotos15.apinmo.com\\\/1045\\\/28359471\\\/20-28.jpg&quot;,&quot;alt&quot;:&quot;Casa pareada en levantina con magnificas vistas al mar y a sitges - imagenInmueble27&quot;},{&quot;image&quot;:&quot;https:\\\/\\\/fotos15.apinmo.com\\\/1045\\\/28359471\\\/20-29.jpg&quot;,&quot;alt&quot;:&quot;Casa pareada en levantina con magnificas vistas al mar y a sitges - imagenInmueble28&quot;},{&quot;image&quot;:&quot;https:\\\/\\\/fotos15.apinmo.com\\\/1045\\\/28359471\\\/20-30.jpg&quot;,&quot;alt&quot;:&quot;Casa pareada en levantina con magnificas vistas al mar y a sitges - imagenInmueble29&quot;},{&quot;image&quot;:&quot;https:\\\/\\\/fotos15.apinmo.com\\\/1045\\\/28359471\\\/20-31.jpg&quot;,&quot;alt&quot;:&quot;Casa pareada en levantina con magnificas vistas al mar y a sitges - imagenInmueble30&quot;},{&quot;image&quot;:&quot;https:\\\/\\\/fotos15.apinmo.com\\\/1045\\\/28359471\\\/20-32.jpg&quot;,&quot;alt&quot;:&quot;Casa pareada en levantina con magnificas vistas al mar y a sitges - imagenInmueble31&quot;},{&quot;image&quot;:&quot;https:\\\/\\\/fotos15.apinmo.com\\\/1045\\\/28359471\\\/20-33.jpg&quot;,&quot;alt&quot;:&quot;Casa pareada en levantina con magnificas vistas al mar y a sitges - imagenInmueble32&quot;},{&quot;image&quot;:&quot;https:\\\/\\\/fotos15.apinmo.com\\\/1045\\\/28359471\\\/20-34.jpg&quot;,&quot;alt&quot;:&quot;Casa pareada en levantina con magnificas vistas al mar y a sitges - imagenInmueble33&quot;},{&quot;image&quot;:&quot;https:\\\/\\\/fotos15.apinmo.com\\\/1045\\\/28359471\\\/20-35.jpg&quot;,&quot;alt&quot;:&quot;Casa pareada en levantina con magnificas vistas al mar y a sitges - imagenInmueble34&quot;},{&quot;image&quot;:&quot;https:\\\/\\\/fotos15.apinmo.com\\\/1045\\\/28359471\\\/20-36.jpg&quot;,&quot;alt&quot;:&quot;Casa pareada en levantina con magnificas vistas al mar y a sitges - imagenInmueble35&quot;},{&quot;image&quot;:&quot;https:\\\/\\\/fotos15.apinmo.com\\\/1045\\\/28359471\\\/20-37.jpg&quot;,&quot;alt&quot;:&quot;Casa pareada en levantina con magnificas vistas al mar y a sitges - imagenInmueble36&quot;},{&quot;image&quot;:&quot;https:\\\/\\\/fotos15.apinmo.com\\\/1045\\\/28359471\\\/20-38.jpg&quot;,&quot;alt&quot;:&quot;Casa pareada en levantina con magnificas vistas al mar y a sitges - imagenInmueble37&quot;},{&quot;image&quot;:&quot;https:\\\/\\\/fotos15.apinmo.com\\\/1045\\\/28359471\\\/20-39.jpg&quot;,&quot;alt&quot;:&quot;Casa pareada en levantina con magnificas vistas al mar y a sitges - imagenInmueble38&quot;},{&quot;image&quot;:&quot;https:\\\/\\\/fotos15.apinmo.com\\\/1045\\\/28359471\\\/20-40.jpg&quot;,&quot;alt&quot;:&quot;Casa pareada en levantina con magnificas vistas al mar y a sitges - imagenInmueble39&quot;},{&quot;image&quot;:&quot;https:\\\/\\\/fotos15.apinmo.com\\\/1045\\\/28359471\\\/20-41.jpg&quot;,&quot;alt&quot;:&quot;Casa pareada en levantina con magnificas vistas al mar y a sitges - imagenInmueble40&quot;},{&quot;image&quot;:&quot;https:\\\/\\\/fotos15.apinmo.com\\\/1045\\\/28359471\\\/20-42.jpg&quot;,&quot;alt&quot;:&quot;Casa pareada en levantina con magnificas vistas al mar y a sitges - imagenInmueble41&quot;},{&quot;image&quot;:&quot;https:\\\/\\\/fotos15.apinmo.com\\\/1045\\\/28359471\\\/20-43.jpg&quot;,&quot;alt&quot;:&quot;Casa pareada en levantina con magnificas vistas al mar y a sitges - imagenInmueble42&quot;},{&quot;image&quot;:&quot;https:\\\/\\\/fotos15.apinmo.com\\\/1045\\\/28359471\\\/20-44.jpg&quot;,&quot;alt&quot;:&quot;Casa pareada en levantina con magnificas vistas al mar y a sitges - imagenInmueble43&quot;},{&quot;image&quot;:&quot;https:\\\/\\\/fotos15.apinmo.com\\\/1045\\\/28359471\\\/20-45.jpg&quot;,&quot;alt&quot;:&quot;Casa pareada en levantina con magnificas vistas al mar y a sitges - imagenInmueble44&quot;},{&quot;image&quot;:&quot;https:\\\/\\\/fotos15.apinmo.com\\\/1045\\\/28359471\\\/20-46.jpg&quot;,&quot;alt&quot;:&quot;Casa pareada en levantina con magnificas vistas al mar y a sitges - imagenInmueble45&quot;},{&quot;image&quot;:&quot;https:\\\/\\\/fotos15.apinmo.com\\\/1045\\\/28359471\\\/20-47.jpg&quot;,&quot;alt&quot;:&quot;Casa pareada en levantina con magnificas vistas al mar y a sitges - imagenInmueble46&quot;},{&quot;image&quot;:&quot;https:\\\/\\\/fotos15.apinmo.com\\\/1045\\\/28359471\\\/20-48.jpg&quot;,&quot;alt&quot;:&quot;Casa pareada en levantina con magnificas vistas al mar y a sitges - imagenInmueble47&quot;},{&quot;image&quot;:&quot;https:\\\/\\\/fotos15.apinmo.com\\\/1045\\\/28359471\\\/20-49.jpg&quot;,&quot;alt&quot;:&quot;Casa pareada en levantina con magnificas vistas al mar y a sitges - imagenInmueble48&quot;}]\">\n\t<div class=\"item-wrap item-wrap-v1 item-wrap-no-frame h-100\">\n\t\t<div class=\"d-flex align-items-center h-100\">\n\t\t\t<div class=\"item-header\">\n\t\t\t\t\t\t\t\t<div class=\"labels-wrap labels-right\"> \n\n\t<a href=\"https:\/\/www.laclauelite.com\/fr\/status\/vente\/\" class=\"label-status label status-color-165\">\n\t\t\t\t\tVente\n\t\t\t\t<\/a>       \n\n<\/div>\n\t\t\t\t<ul class=\"item-price-wrap hide-on-list\">\n\t<li class=\"item-price\">740,000\u20ac<\/li><\/ul>\t\t\t\t<ul class=\"item-tools\">\n\n        <li class=\"item-tool item-preview\">\n        <span class=\"hz-show-lightbox-js\" data-listid=\"1082121\" data-toggle=\"tooltip\" data-placement=\"top\" title=\"Preview\">\n                <i class=\"houzez-icon icon-expand-3\"><\/i>   \n        <\/span><!-- item-tool-favorite -->\n    <\/li><!-- item-tool -->\n        \n        <li class=\"item-tool item-favorite\">\n        <span class=\"add-favorite-js item-tool-favorite\" data-toggle=\"tooltip\" data-placement=\"top\" title=\"Favourite\" data-listid=\"1082121\">\n            <i class=\"houzez-icon icon-love-it \"><\/i> \n        <\/span><!-- item-tool-favorite -->\n    <\/li><!-- item-tool -->\n    \n        <li class=\"item-tool item-compare\">\n        <span class=\"houzez_compare compare-1082121 item-tool-compare show-compare-panel\" data-toggle=\"tooltip\" data-placement=\"top\" title=\"Add to Compare\" data-listing_id=\"1082121\" data-listing_image=\"https:\/\/fotos15.apinmo.com\/1045\/28359471\/20-1.jpg\">\n            <i class=\"houzez-icon icon-add-circle\"><\/i>\n        <\/span><!-- item-tool-compare -->\n    <\/li><!-- item-tool -->\n    <\/ul><!-- item-tools -->\n\t\t\t\t<div class=\"listing-image-wrap\">\n\t<div class=\"listing-thumb\">\n\t\t<a target=_self href=\"https:\/\/www.laclauelite.com\/fr\/property\/casa-pareada-en-levantina-con-magnificas-vistas-al-mar-y-a-sitges-11409-fr\/\" class=\"listing-featured-thumb hover-effect\">\n\t\t\t                                                                                                                                                                                    <img loading=\"lazy\" decoding=\"async\" width=\"850\" height=\"426\" src=\"https:\/\/fotos15.apinmo.com\/1045\/28359471\/20-1.jpg\" class=\"img-fluid wp-post-image\" alt=\"Casa pareada en levantina con magnificas vistas al mar y a sitges - imagenInmueble0\" srcset=\"https:\/\/fotos15.apinmo.com\/1045\/28359471\/20-1.jpg 850w, https:\/\/fotos15.apinmo.com\/1045\/28359471\/20-1.jpg 300w, https:\/\/fotos15.apinmo.com\/1045\/28359471\/20-1.jpg 768w, https:\/\/fotos15.apinmo.com\/1045\/28359471\/20-1s.jpg 150w, https:\/\/fotos15.apinmo.com\/1045\/28359471\/20-1.jpg 536w, https:\/\/fotos15.apinmo.com\/1045\/28359471\/20-1.jpg 770w\" sizes=\"(max-width: 850px) 100vw, 850px\" \/>\t\t<\/a><!-- hover-effect -->\n\t<\/div>\n<\/div>\n\t\t\t\t<div class=\"preview_loader\"><\/div>\n\t\t\t<\/div><!-- item-header -->\t\n\t\t\t<div class=\"item-body flex-grow-1\">\n\t\t\t\t<div class=\"labels-wrap labels-right\"> \n\n\t<a href=\"https:\/\/www.laclauelite.com\/fr\/status\/vente\/\" class=\"label-status label status-color-165\">\n\t\t\t\t\tVente\n\t\t\t\t<\/a>       \n\n<\/div>\n\t\t\t\t<h2 class=\"item-title\">\n\t<a target=_self href=\"https:\/\/www.laclauelite.com\/fr\/property\/casa-pareada-en-levantina-con-magnificas-vistas-al-mar-y-a-sitges-11409-fr\/\">Casa pareada en Levantina con magnificas vistas al mar y a Sitges &#8211; 11409<\/a>\n<\/h2><!-- item-title -->\t\t\t\t<ul class=\"item-price-wrap hide-on-list\">\n\t<li class=\"item-price\">740,000\u20ac<\/li><\/ul>\t\t\t\t<address class=\"item-address\">Sitges,Barcelona,Spain<\/address>\t\t\t\t<ul class=\"item-amenities item-amenities-with-icons\">\n\t<li class=\"h-beds\"><i class=\"houzez-icon icon-hotel-double-bed-1 mr-1\"><\/i><span class=\"item-amenities-text\">Camas:<\/span> <span class=\"hz-figure\">4<\/span><\/li><li class=\"h-baths\"><i class=\"houzez-icon icon-bathroom-shower-1 mr-1\"><\/i><span class=\"item-amenities-text\">Ba\u00f1os:<\/span> <span class=\"hz-figure\">2<\/span><\/li><li class=\"h-area\"><i class=\"houzez-icon icon-ruler-triangle mr-1\"><\/i><span class=\"hz-figure\">201<\/span> <span class=\"hz-figure area_postfix\">m&sup2;<\/span><\/li><li class=\"h-type\"><span>pench\u00e9<\/span><\/li><\/ul>\t\t\t\t<a class=\"btn btn-primary btn-item \" target=_self href=\"https:\/\/www.laclauelite.com\/fr\/property\/casa-pareada-en-levantina-con-magnificas-vistas-al-mar-y-a-sitges-11409-fr\/\">\n\tD\u00e9tails<\/a><!-- btn-item -->\n\t\t\t\t<div class=\"item-author\">\n\t<i class=\"houzez-icon icon-single-neutral mr-1\"><\/i>\n\t<a href=\"https:\/\/www.laclauelite.com\/fr\/agent\/fincas-la-clau-elite\/\">Fincas La Clau Elite<\/a> <\/div><!-- item-author -->\n\t\t\t\t<div class=\"item-date\">\n\t<i class=\"houzez-icon icon-attachment mr-1\"><\/i>\n\til y a3 semaines<\/div><!-- item-date -->\n\t\t\t<\/div><!-- item-body -->\n\n\t\t\t\t\t\t<div class=\"item-footer clearfix\">\n\t\t\t\t<div class=\"item-author\">\n\t<i class=\"houzez-icon icon-single-neutral mr-1\"><\/i>\n\t<a href=\"https:\/\/www.laclauelite.com\/fr\/agent\/fincas-la-clau-elite\/\">Fincas La Clau Elite<\/a> <\/div><!-- item-author -->\n\t\t\t\t<div class=\"item-date\">\n\t<i class=\"houzez-icon icon-attachment mr-1\"><\/i>\n\til y a3 semaines<\/div><!-- item-date -->\n\t\t\t<\/div>\n\t\t\t\t\t<\/div><!-- d-flex -->\n\t<\/div><!-- item-wrap -->\n<\/div><!-- item-listing-wrap --><div class=\"item-listing-wrap hz-item-gallery-js card\" data-hz-id=\"hz-1082064\" data-images=\"[{&quot;image&quot;:&quot;https:\\\/\\\/fotos15.apinmo.com\\\/1045\\\/28355869\\\/12-1.jpg&quot;,&quot;alt&quot;:&quot;Fabulosa casa adosada en la zona de els ametllets, a solo unos minutos del centro. - imagenInmueble0&quot;},{&quot;image&quot;:&quot;https:\\\/\\\/fotos15.apinmo.com\\\/1045\\\/28355869\\\/12-1.jpg&quot;,&quot;alt&quot;:&quot;Fabulosa casa adosada en la zona de els ametllets, a solo unos minutos del centro. - imagenInmueble0&quot;},{&quot;image&quot;:&quot;https:\\\/\\\/fotos15.apinmo.com\\\/1045\\\/28355869\\\/12-2.jpg&quot;,&quot;alt&quot;:&quot;Fabulosa casa adosada en la zona de els ametllets, a solo unos minutos del centro. - imagenInmueble1&quot;},{&quot;image&quot;:&quot;https:\\\/\\\/fotos15.apinmo.com\\\/1045\\\/28355869\\\/12-3.jpg&quot;,&quot;alt&quot;:&quot;Fabulosa casa adosada en la zona de els ametllets, a solo unos minutos del centro. - imagenInmueble2&quot;},{&quot;image&quot;:&quot;https:\\\/\\\/fotos15.apinmo.com\\\/1045\\\/28355869\\\/12-4.jpg&quot;,&quot;alt&quot;:&quot;Fabulosa casa adosada en la zona de els ametllets, a solo unos minutos del centro. - imagenInmueble3&quot;},{&quot;image&quot;:&quot;https:\\\/\\\/fotos15.apinmo.com\\\/1045\\\/28355869\\\/12-5.jpg&quot;,&quot;alt&quot;:&quot;Fabulosa casa adosada en la zona de els ametllets, a solo unos minutos del centro. - imagenInmueble4&quot;},{&quot;image&quot;:&quot;https:\\\/\\\/fotos15.apinmo.com\\\/1045\\\/28355869\\\/12-6.jpg&quot;,&quot;alt&quot;:&quot;Fabulosa casa adosada en la zona de els ametllets, a solo unos minutos del centro. - imagenInmueble5&quot;},{&quot;image&quot;:&quot;https:\\\/\\\/fotos15.apinmo.com\\\/1045\\\/28355869\\\/12-7.jpg&quot;,&quot;alt&quot;:&quot;Fabulosa casa adosada en la zona de els ametllets, a solo unos minutos del centro. - imagenInmueble6&quot;},{&quot;image&quot;:&quot;https:\\\/\\\/fotos15.apinmo.com\\\/1045\\\/28355869\\\/12-8.jpg&quot;,&quot;alt&quot;:&quot;Fabulosa casa adosada en la zona de els ametllets, a solo unos minutos del centro. - imagenInmueble7&quot;},{&quot;image&quot;:&quot;https:\\\/\\\/fotos15.apinmo.com\\\/1045\\\/28355869\\\/12-9.jpg&quot;,&quot;alt&quot;:&quot;Fabulosa casa adosada en la zona de els ametllets, a solo unos minutos del centro. - imagenInmueble8&quot;},{&quot;image&quot;:&quot;https:\\\/\\\/fotos15.apinmo.com\\\/1045\\\/28355869\\\/12-10.jpg&quot;,&quot;alt&quot;:&quot;Fabulosa casa adosada en la zona de els ametllets, a solo unos minutos del centro. - imagenInmueble9&quot;},{&quot;image&quot;:&quot;https:\\\/\\\/fotos15.apinmo.com\\\/1045\\\/28355869\\\/12-11.jpg&quot;,&quot;alt&quot;:&quot;Fabulosa casa adosada en la zona de els ametllets, a solo unos minutos del centro. - imagenInmueble10&quot;},{&quot;image&quot;:&quot;https:\\\/\\\/fotos15.apinmo.com\\\/1045\\\/28355869\\\/12-12.jpg&quot;,&quot;alt&quot;:&quot;Fabulosa casa adosada en la zona de els ametllets, a solo unos minutos del centro. - imagenInmueble11&quot;},{&quot;image&quot;:&quot;https:\\\/\\\/fotos15.apinmo.com\\\/1045\\\/28355869\\\/12-13.jpg&quot;,&quot;alt&quot;:&quot;Fabulosa casa adosada en la zona de els ametllets, a solo unos minutos del centro. - imagenInmueble12&quot;},{&quot;image&quot;:&quot;https:\\\/\\\/fotos15.apinmo.com\\\/1045\\\/28355869\\\/12-14.jpg&quot;,&quot;alt&quot;:&quot;Fabulosa casa adosada en la zona de els ametllets, a solo unos minutos del centro. - imagenInmueble13&quot;},{&quot;image&quot;:&quot;https:\\\/\\\/fotos15.apinmo.com\\\/1045\\\/28355869\\\/12-15.jpg&quot;,&quot;alt&quot;:&quot;Fabulosa casa adosada en la zona de els ametllets, a solo unos minutos del centro. - imagenInmueble14&quot;},{&quot;image&quot;:&quot;https:\\\/\\\/fotos15.apinmo.com\\\/1045\\\/28355869\\\/12-16.jpg&quot;,&quot;alt&quot;:&quot;Fabulosa casa adosada en la zona de els ametllets, a solo unos minutos del centro. - imagenInmueble15&quot;},{&quot;image&quot;:&quot;https:\\\/\\\/fotos15.apinmo.com\\\/1045\\\/28355869\\\/12-17.jpg&quot;,&quot;alt&quot;:&quot;Fabulosa casa adosada en la zona de els ametllets, a solo unos minutos del centro. - imagenInmueble16&quot;},{&quot;image&quot;:&quot;https:\\\/\\\/fotos15.apinmo.com\\\/1045\\\/28355869\\\/12-18.jpg&quot;,&quot;alt&quot;:&quot;Fabulosa casa adosada en la zona de els ametllets, a solo unos minutos del centro. - imagenInmueble17&quot;},{&quot;image&quot;:&quot;https:\\\/\\\/fotos15.apinmo.com\\\/1045\\\/28355869\\\/12-19.jpg&quot;,&quot;alt&quot;:&quot;Fabulosa casa adosada en la zona de els ametllets, a solo unos minutos del centro. - imagenInmueble18&quot;},{&quot;image&quot;:&quot;https:\\\/\\\/fotos15.apinmo.com\\\/1045\\\/28355869\\\/12-20.jpg&quot;,&quot;alt&quot;:&quot;Fabulosa casa adosada en la zona de els ametllets, a solo unos minutos del centro. - imagenInmueble19&quot;},{&quot;image&quot;:&quot;https:\\\/\\\/fotos15.apinmo.com\\\/1045\\\/28355869\\\/12-21.jpg&quot;,&quot;alt&quot;:&quot;Fabulosa casa adosada en la zona de els ametllets, a solo unos minutos del centro. - imagenInmueble20&quot;},{&quot;image&quot;:&quot;https:\\\/\\\/fotos15.apinmo.com\\\/1045\\\/28355869\\\/12-22.jpg&quot;,&quot;alt&quot;:&quot;Fabulosa casa adosada en la zona de els ametllets, a solo unos minutos del centro. - imagenInmueble21&quot;},{&quot;image&quot;:&quot;https:\\\/\\\/fotos15.apinmo.com\\\/1045\\\/28355869\\\/12-23.jpg&quot;,&quot;alt&quot;:&quot;Fabulosa casa adosada en la zona de els ametllets, a solo unos minutos del centro. - imagenInmueble22&quot;},{&quot;image&quot;:&quot;https:\\\/\\\/fotos15.apinmo.com\\\/1045\\\/28355869\\\/12-24.jpg&quot;,&quot;alt&quot;:&quot;Fabulosa casa adosada en la zona de els ametllets, a solo unos minutos del centro. - imagenInmueble23&quot;},{&quot;image&quot;:&quot;https:\\\/\\\/fotos15.apinmo.com\\\/1045\\\/28355869\\\/12-25.jpg&quot;,&quot;alt&quot;:&quot;Fabulosa casa adosada en la zona de els ametllets, a solo unos minutos del centro. - imagenInmueble24&quot;},{&quot;image&quot;:&quot;https:\\\/\\\/fotos15.apinmo.com\\\/1045\\\/28355869\\\/12-26.jpg&quot;,&quot;alt&quot;:&quot;Fabulosa casa adosada en la zona de els ametllets, a solo unos minutos del centro. - imagenInmueble25&quot;},{&quot;image&quot;:&quot;https:\\\/\\\/fotos15.apinmo.com\\\/1045\\\/28355869\\\/12-27.jpg&quot;,&quot;alt&quot;:&quot;Fabulosa casa adosada en la zona de els ametllets, a solo unos minutos del centro. - imagenInmueble26&quot;},{&quot;image&quot;:&quot;https:\\\/\\\/fotos15.apinmo.com\\\/1045\\\/28355869\\\/12-28.jpg&quot;,&quot;alt&quot;:&quot;Fabulosa casa adosada en la zona de els ametllets, a solo unos minutos del centro. - imagenInmueble27&quot;},{&quot;image&quot;:&quot;https:\\\/\\\/fotos15.apinmo.com\\\/1045\\\/28355869\\\/12-29.jpg&quot;,&quot;alt&quot;:&quot;Fabulosa casa adosada en la zona de els ametllets, a solo unos minutos del centro. - imagenInmueble28&quot;},{&quot;image&quot;:&quot;https:\\\/\\\/fotos15.apinmo.com\\\/1045\\\/28355869\\\/12-30.jpg&quot;,&quot;alt&quot;:&quot;Fabulosa casa adosada en la zona de els ametllets, a solo unos minutos del centro. - imagenInmueble29&quot;},{&quot;image&quot;:&quot;https:\\\/\\\/fotos15.apinmo.com\\\/1045\\\/28355869\\\/12-31.jpg&quot;,&quot;alt&quot;:&quot;Fabulosa casa adosada en la zona de els ametllets, a solo unos minutos del centro. - imagenInmueble30&quot;},{&quot;image&quot;:&quot;https:\\\/\\\/fotos15.apinmo.com\\\/1045\\\/28355869\\\/12-32.jpg&quot;,&quot;alt&quot;:&quot;Fabulosa casa adosada en la zona de els ametllets, a solo unos minutos del centro. - imagenInmueble31&quot;},{&quot;image&quot;:&quot;https:\\\/\\\/fotos15.apinmo.com\\\/1045\\\/28355869\\\/12-33.jpg&quot;,&quot;alt&quot;:&quot;Fabulosa casa adosada en la zona de els ametllets, a solo unos minutos del centro. - imagenInmueble32&quot;},{&quot;image&quot;:&quot;https:\\\/\\\/fotos15.apinmo.com\\\/1045\\\/28355869\\\/12-34.jpg&quot;,&quot;alt&quot;:&quot;Fabulosa casa adosada en la zona de els ametllets, a solo unos minutos del centro. - imagenInmueble33&quot;},{&quot;image&quot;:&quot;https:\\\/\\\/fotos15.apinmo.com\\\/1045\\\/28355869\\\/12-35.jpg&quot;,&quot;alt&quot;:&quot;Fabulosa casa adosada en la zona de els ametllets, a solo unos minutos del centro. - imagenInmueble34&quot;},{&quot;image&quot;:&quot;https:\\\/\\\/fotos15.apinmo.com\\\/1045\\\/28355869\\\/12-36.jpg&quot;,&quot;alt&quot;:&quot;Fabulosa casa adosada en la zona de els ametllets, a solo unos minutos del centro. - imagenInmueble35&quot;},{&quot;image&quot;:&quot;https:\\\/\\\/fotos15.apinmo.com\\\/1045\\\/28355869\\\/12-37.jpg&quot;,&quot;alt&quot;:&quot;Fabulosa casa adosada en la zona de els ametllets, a solo unos minutos del centro. - imagenInmueble36&quot;},{&quot;image&quot;:&quot;https:\\\/\\\/fotos15.apinmo.com\\\/1045\\\/28355869\\\/12-38.jpg&quot;,&quot;alt&quot;:&quot;Fabulosa casa adosada en la zona de els ametllets, a solo unos minutos del centro. - imagenInmueble37&quot;},{&quot;image&quot;:&quot;https:\\\/\\\/fotos15.apinmo.com\\\/1045\\\/28355869\\\/12-39.jpg&quot;,&quot;alt&quot;:&quot;Fabulosa casa adosada en la zona de els ametllets, a solo unos minutos del centro. - imagenInmueble38&quot;},{&quot;image&quot;:&quot;https:\\\/\\\/fotos15.apinmo.com\\\/1045\\\/28355869\\\/12-40.jpg&quot;,&quot;alt&quot;:&quot;Fabulosa casa adosada en la zona de els ametllets, a solo unos minutos del centro. - imagenInmueble39&quot;},{&quot;image&quot;:&quot;https:\\\/\\\/fotos15.apinmo.com\\\/1045\\\/28355869\\\/12-41.jpg&quot;,&quot;alt&quot;:&quot;Fabulosa casa adosada en la zona de els ametllets, a solo unos minutos del centro. - imagenInmueble40&quot;},{&quot;image&quot;:&quot;https:\\\/\\\/fotos15.apinmo.com\\\/1045\\\/28355869\\\/12-42.jpg&quot;,&quot;alt&quot;:&quot;Fabulosa casa adosada en la zona de els ametllets, a solo unos minutos del centro. - imagenInmueble41&quot;},{&quot;image&quot;:&quot;https:\\\/\\\/fotos15.apinmo.com\\\/1045\\\/28355869\\\/12-43.jpg&quot;,&quot;alt&quot;:&quot;Fabulosa casa adosada en la zona de els ametllets, a solo unos minutos del centro. - imagenInmueble42&quot;},{&quot;image&quot;:&quot;https:\\\/\\\/fotos15.apinmo.com\\\/1045\\\/28355869\\\/12-44.jpg&quot;,&quot;alt&quot;:&quot;Fabulosa casa adosada en la zona de els ametllets, a solo unos minutos del centro. - imagenInmueble43&quot;},{&quot;image&quot;:&quot;https:\\\/\\\/fotos15.apinmo.com\\\/1045\\\/28355869\\\/12-45.jpg&quot;,&quot;alt&quot;:&quot;Fabulosa casa adosada en la zona de els ametllets, a solo unos minutos del centro. - imagenInmueble44&quot;},{&quot;image&quot;:&quot;https:\\\/\\\/fotos15.apinmo.com\\\/1045\\\/28355869\\\/12-46.jpg&quot;,&quot;alt&quot;:&quot;Fabulosa casa adosada en la zona de els ametllets, a solo unos minutos del centro. - imagenInmueble45&quot;},{&quot;image&quot;:&quot;https:\\\/\\\/fotos15.apinmo.com\\\/1045\\\/28355869\\\/12-47.jpg&quot;,&quot;alt&quot;:&quot;Fabulosa casa adosada en la zona de els ametllets, a solo unos minutos del centro. - imagenInmueble46&quot;},{&quot;image&quot;:&quot;https:\\\/\\\/fotos15.apinmo.com\\\/1045\\\/28355869\\\/12-48.jpg&quot;,&quot;alt&quot;:&quot;Fabulosa casa adosada en la zona de els ametllets, a solo unos minutos del centro. - imagenInmueble47&quot;},{&quot;image&quot;:&quot;https:\\\/\\\/fotos15.apinmo.com\\\/1045\\\/28355869\\\/12-49.jpg&quot;,&quot;alt&quot;:&quot;Fabulosa casa adosada en la zona de els ametllets, a solo unos minutos del centro. - imagenInmueble48&quot;},{&quot;image&quot;:&quot;https:\\\/\\\/fotos15.apinmo.com\\\/1045\\\/28355869\\\/12-50.jpg&quot;,&quot;alt&quot;:&quot;Fabulosa casa adosada en la zona de els ametllets, a solo unos minutos del centro. - imagenInmueble49&quot;},{&quot;image&quot;:&quot;https:\\\/\\\/fotos15.apinmo.com\\\/1045\\\/28355869\\\/12-51.jpg&quot;,&quot;alt&quot;:&quot;Fabulosa casa adosada en la zona de els ametllets, a solo unos minutos del centro. - imagenInmueble50&quot;},{&quot;image&quot;:&quot;https:\\\/\\\/fotos15.apinmo.com\\\/1045\\\/28355869\\\/12-52.jpg&quot;,&quot;alt&quot;:&quot;Fabulosa casa adosada en la zona de els ametllets, a solo unos minutos del centro. - imagenInmueble51&quot;}]\">\n\t<div class=\"item-wrap item-wrap-v1 item-wrap-no-frame h-100\">\n\t\t<div class=\"d-flex align-items-center h-100\">\n\t\t\t<div class=\"item-header\">\n\t\t\t\t\t\t\t\t<div class=\"labels-wrap labels-right\"> \n\n\t<a href=\"https:\/\/www.laclauelite.com\/fr\/status\/vente\/\" class=\"label-status label status-color-165\">\n\t\t\t\t\tVente\n\t\t\t\t<\/a>       \n\n<\/div>\n\t\t\t\t<ul class=\"item-price-wrap hide-on-list\">\n\t<li class=\"item-price\">1,070,000\u20ac<\/li><\/ul>\t\t\t\t<ul class=\"item-tools\">\n\n        <li class=\"item-tool item-preview\">\n        <span class=\"hz-show-lightbox-js\" data-listid=\"1082064\" data-toggle=\"tooltip\" data-placement=\"top\" title=\"Preview\">\n                <i class=\"houzez-icon icon-expand-3\"><\/i>   \n        <\/span><!-- item-tool-favorite -->\n    <\/li><!-- item-tool -->\n        \n        <li class=\"item-tool item-favorite\">\n        <span class=\"add-favorite-js item-tool-favorite\" data-toggle=\"tooltip\" data-placement=\"top\" title=\"Favourite\" data-listid=\"1082064\">\n            <i class=\"houzez-icon icon-love-it \"><\/i> \n        <\/span><!-- item-tool-favorite -->\n    <\/li><!-- item-tool -->\n    \n        <li class=\"item-tool item-compare\">\n        <span class=\"houzez_compare compare-1082064 item-tool-compare show-compare-panel\" data-toggle=\"tooltip\" data-placement=\"top\" title=\"Add to Compare\" data-listing_id=\"1082064\" data-listing_image=\"https:\/\/fotos15.apinmo.com\/1045\/28355869\/12-1.jpg\">\n            <i class=\"houzez-icon icon-add-circle\"><\/i>\n        <\/span><!-- item-tool-compare -->\n    <\/li><!-- item-tool -->\n    <\/ul><!-- item-tools -->\n\t\t\t\t<div class=\"listing-image-wrap\">\n\t<div class=\"listing-thumb\">\n\t\t<a target=_self href=\"https:\/\/www.laclauelite.com\/fr\/property\/fabulosa-casa-adosada-en-la-zona-de-els-ametllets-a-solo-unos-minutos-del-centro-11408-fr\/\" class=\"listing-featured-thumb hover-effect\">\n\t\t\t                                                                                                                                                                                    <img loading=\"lazy\" decoding=\"async\" width=\"850\" height=\"426\" src=\"https:\/\/fotos15.apinmo.com\/1045\/28355869\/12-1.jpg\" class=\"img-fluid wp-post-image\" alt=\"Fabulosa casa adosada en la zona de els ametllets, a solo unos minutos del centro. - imagenInmueble0\" srcset=\"https:\/\/fotos15.apinmo.com\/1045\/28355869\/12-1.jpg 850w, https:\/\/fotos15.apinmo.com\/1045\/28355869\/12-1.jpg 300w, https:\/\/fotos15.apinmo.com\/1045\/28355869\/12-1.jpg 768w, https:\/\/fotos15.apinmo.com\/1045\/28355869\/12-1s.jpg 150w, https:\/\/fotos15.apinmo.com\/1045\/28355869\/12-1.jpg 536w, https:\/\/fotos15.apinmo.com\/1045\/28355869\/12-1.jpg 770w\" sizes=\"(max-width: 850px) 100vw, 850px\" \/>\t\t<\/a><!-- hover-effect -->\n\t<\/div>\n<\/div>\n\t\t\t\t<div class=\"preview_loader\"><\/div>\n\t\t\t<\/div><!-- item-header -->\t\n\t\t\t<div class=\"item-body flex-grow-1\">\n\t\t\t\t<div class=\"labels-wrap labels-right\"> \n\n\t<a href=\"https:\/\/www.laclauelite.com\/fr\/status\/vente\/\" class=\"label-status label status-color-165\">\n\t\t\t\t\tVente\n\t\t\t\t<\/a>       \n\n<\/div>\n\t\t\t\t<h2 class=\"item-title\">\n\t<a target=_self href=\"https:\/\/www.laclauelite.com\/fr\/property\/fabulosa-casa-adosada-en-la-zona-de-els-ametllets-a-solo-unos-minutos-del-centro-11408-fr\/\">Fabulosa casa adosada en la zona de Els Ametllets, a solo unos minutos del centro. &#8211; 11408<\/a>\n<\/h2><!-- item-title -->\t\t\t\t<ul class=\"item-price-wrap hide-on-list\">\n\t<li class=\"item-price\">1,070,000\u20ac<\/li><\/ul>\t\t\t\t<address class=\"item-address\">Sitges,Barcelona,Spain<\/address>\t\t\t\t<ul class=\"item-amenities item-amenities-with-icons\">\n\t<li class=\"h-beds\"><i class=\"houzez-icon icon-hotel-double-bed-1 mr-1\"><\/i><span class=\"item-amenities-text\">Camas:<\/span> <span class=\"hz-figure\">5<\/span><\/li><li class=\"h-baths\"><i class=\"houzez-icon icon-bathroom-shower-1 mr-1\"><\/i><span class=\"item-amenities-text\">Ba\u00f1os:<\/span> <span class=\"hz-figure\">3<\/span><\/li><li class=\"h-area\"><i class=\"houzez-icon icon-ruler-triangle mr-1\"><\/i><span class=\"hz-figure\">225<\/span> <span class=\"hz-figure area_postfix\">m&sup2;<\/span><\/li><li class=\"h-type\"><span>pench\u00e9<\/span><\/li><\/ul>\t\t\t\t<a class=\"btn btn-primary btn-item \" target=_self href=\"https:\/\/www.laclauelite.com\/fr\/property\/fabulosa-casa-adosada-en-la-zona-de-els-ametllets-a-solo-unos-minutos-del-centro-11408-fr\/\">\n\tD\u00e9tails<\/a><!-- btn-item -->\n\t\t\t\t<div class=\"item-author\">\n\t<i class=\"houzez-icon icon-single-neutral mr-1\"><\/i>\n\t<a href=\"https:\/\/www.laclauelite.com\/fr\/agent\/fincas-la-clau-elite\/\">Fincas La Clau Elite<\/a> <\/div><!-- item-author -->\n\t\t\t\t<div class=\"item-date\">\n\t<i class=\"houzez-icon icon-attachment mr-1\"><\/i>\n\til y a3 semaines<\/div><!-- item-date -->\n\t\t\t<\/div><!-- item-body -->\n\n\t\t\t\t\t\t<div class=\"item-footer clearfix\">\n\t\t\t\t<div class=\"item-author\">\n\t<i class=\"houzez-icon icon-single-neutral mr-1\"><\/i>\n\t<a href=\"https:\/\/www.laclauelite.com\/fr\/agent\/fincas-la-clau-elite\/\">Fincas La Clau Elite<\/a> <\/div><!-- item-author -->\n\t\t\t\t<div class=\"item-date\">\n\t<i class=\"houzez-icon icon-attachment mr-1\"><\/i>\n\til y a3 semaines<\/div><!-- item-date -->\n\t\t\t<\/div>\n\t\t\t\t\t<\/div><!-- d-flex -->\n\t<\/div><!-- item-wrap -->\n<\/div><!-- item-listing-wrap --><div class=\"item-listing-wrap hz-item-gallery-js card\" data-hz-id=\"hz-1081953\" data-images=\"[{&quot;image&quot;:&quot;https:\\\/\\\/fotos15.apinmo.com\\\/1045\\\/17241821\\\/4-1.jpg&quot;,&quot;alt&quot;:&quot;Casa pareada obra nueva mas alba - imagenInmueble0&quot;},{&quot;image&quot;:&quot;https:\\\/\\\/fotos15.apinmo.com\\\/1045\\\/17241821\\\/4-1.jpg&quot;,&quot;alt&quot;:&quot;Casa pareada obra nueva mas alba - imagenInmueble0&quot;},{&quot;image&quot;:&quot;https:\\\/\\\/fotos15.apinmo.com\\\/1045\\\/17241821\\\/4-2.jpg&quot;,&quot;alt&quot;:&quot;Casa pareada obra nueva mas alba - imagenInmueble1&quot;},{&quot;image&quot;:&quot;https:\\\/\\\/fotos15.apinmo.com\\\/1045\\\/17241821\\\/4-3.jpg&quot;,&quot;alt&quot;:&quot;Casa pareada obra nueva mas alba - imagenInmueble2&quot;},{&quot;image&quot;:&quot;https:\\\/\\\/fotos15.apinmo.com\\\/1045\\\/17241821\\\/4-4.jpg&quot;,&quot;alt&quot;:&quot;Casa pareada obra nueva mas alba - imagenInmueble3&quot;},{&quot;image&quot;:&quot;https:\\\/\\\/fotos15.apinmo.com\\\/1045\\\/17241821\\\/4-5.jpg&quot;,&quot;alt&quot;:&quot;Casa pareada obra nueva mas alba - imagenInmueble4&quot;},{&quot;image&quot;:&quot;https:\\\/\\\/fotos15.apinmo.com\\\/1045\\\/17241821\\\/4-6.jpg&quot;,&quot;alt&quot;:&quot;Casa pareada obra nueva mas alba - imagenInmueble5&quot;},{&quot;image&quot;:&quot;https:\\\/\\\/fotos15.apinmo.com\\\/1045\\\/17241821\\\/4-7.jpg&quot;,&quot;alt&quot;:&quot;Casa pareada obra nueva mas alba - imagenInmueble6&quot;},{&quot;image&quot;:&quot;https:\\\/\\\/fotos15.apinmo.com\\\/1045\\\/17241821\\\/4-8.jpg&quot;,&quot;alt&quot;:&quot;Casa pareada obra nueva mas alba - imagenInmueble7&quot;},{&quot;image&quot;:&quot;https:\\\/\\\/fotos15.apinmo.com\\\/1045\\\/17241821\\\/4-9.jpg&quot;,&quot;alt&quot;:&quot;Casa pareada obra nueva mas alba - imagenInmueble8&quot;},{&quot;image&quot;:&quot;https:\\\/\\\/fotos15.apinmo.com\\\/1045\\\/17241821\\\/4-10.jpg&quot;,&quot;alt&quot;:&quot;Casa pareada obra nueva mas alba - imagenInmueble9&quot;},{&quot;image&quot;:&quot;https:\\\/\\\/fotos15.apinmo.com\\\/1045\\\/17241821\\\/4-11.jpg&quot;,&quot;alt&quot;:&quot;Casa pareada obra nueva mas alba - imagenInmueble10&quot;}]\">\n\t<div class=\"item-wrap item-wrap-v1 item-wrap-no-frame h-100\">\n\t\t<div class=\"d-flex align-items-center h-100\">\n\t\t\t<div class=\"item-header\">\n\t\t\t\t\t\t\t\t<div class=\"labels-wrap labels-right\"> \n\n\t<a href=\"https:\/\/www.laclauelite.com\/fr\/status\/vente\/\" class=\"label-status label status-color-165\">\n\t\t\t\t\tVente\n\t\t\t\t<\/a><a href=\"https:\/\/www.laclauelite.com\/fr\/label\/\" class=\"hz-label label label-color-514\">\n\t\t\t\t\t\n\t\t\t\t<\/a>       \n\n<\/div>\n\t\t\t\t<ul class=\"item-price-wrap hide-on-list\">\n\t<li class=\"item-price\">700,000\u20ac<\/li><\/ul>\t\t\t\t<ul class=\"item-tools\">\n\n        <li class=\"item-tool item-preview\">\n        <span class=\"hz-show-lightbox-js\" data-listid=\"1081953\" data-toggle=\"tooltip\" data-placement=\"top\" title=\"Preview\">\n                <i class=\"houzez-icon icon-expand-3\"><\/i>   \n        <\/span><!-- item-tool-favorite -->\n    <\/li><!-- item-tool -->\n        \n        <li class=\"item-tool item-favorite\">\n        <span class=\"add-favorite-js item-tool-favorite\" data-toggle=\"tooltip\" data-placement=\"top\" title=\"Favourite\" data-listid=\"1081953\">\n            <i class=\"houzez-icon icon-love-it \"><\/i> \n        <\/span><!-- item-tool-favorite -->\n    <\/li><!-- item-tool -->\n    \n        <li class=\"item-tool item-compare\">\n        <span class=\"houzez_compare compare-1081953 item-tool-compare show-compare-panel\" data-toggle=\"tooltip\" data-placement=\"top\" title=\"Add to Compare\" data-listing_id=\"1081953\" data-listing_image=\"https:\/\/fotos15.apinmo.com\/1045\/17241821\/4-1.jpg\">\n            <i class=\"houzez-icon icon-add-circle\"><\/i>\n        <\/span><!-- item-tool-compare -->\n    <\/li><!-- item-tool -->\n    <\/ul><!-- item-tools -->\n\t\t\t\t<div class=\"listing-image-wrap\">\n\t<div class=\"listing-thumb\">\n\t\t<a target=_self href=\"https:\/\/www.laclauelite.com\/fr\/property\/casa-pareada-obra-nueva-mas-alba-10730-fr\/\" class=\"listing-featured-thumb hover-effect\">\n\t\t\t                                                                                                                                                                                    <img loading=\"lazy\" decoding=\"async\" width=\"850\" height=\"426\" src=\"https:\/\/fotos15.apinmo.com\/1045\/17241821\/4-1.jpg\" class=\"img-fluid wp-post-image\" alt=\"Casa pareada obra nueva mas alba - imagenInmueble0\" srcset=\"https:\/\/fotos15.apinmo.com\/1045\/17241821\/4-1.jpg 850w, https:\/\/fotos15.apinmo.com\/1045\/17241821\/4-1.jpg 300w, https:\/\/fotos15.apinmo.com\/1045\/17241821\/4-1.jpg 768w, https:\/\/fotos15.apinmo.com\/1045\/17241821\/4-1s.jpg 150w, https:\/\/fotos15.apinmo.com\/1045\/17241821\/4-1.jpg 536w, https:\/\/fotos15.apinmo.com\/1045\/17241821\/4-1.jpg 770w\" sizes=\"(max-width: 850px) 100vw, 850px\" \/>\t\t<\/a><!-- hover-effect -->\n\t<\/div>\n<\/div>\n\t\t\t\t<div class=\"preview_loader\"><\/div>\n\t\t\t<\/div><!-- item-header -->\t\n\t\t\t<div class=\"item-body flex-grow-1\">\n\t\t\t\t<div class=\"labels-wrap labels-right\"> \n\n\t<a href=\"https:\/\/www.laclauelite.com\/fr\/status\/vente\/\" class=\"label-status label status-color-165\">\n\t\t\t\t\tVente\n\t\t\t\t<\/a><a href=\"https:\/\/www.laclauelite.com\/fr\/label\/\" class=\"hz-label label label-color-514\">\n\t\t\t\t\t\n\t\t\t\t<\/a>       \n\n<\/div>\n\t\t\t\t<h2 class=\"item-title\">\n\t<a target=_self href=\"https:\/\/www.laclauelite.com\/fr\/property\/casa-pareada-obra-nueva-mas-alba-10730-fr\/\">Casa Pareada obra nueva Mas Alba &#8211; 10730<\/a>\n<\/h2><!-- item-title -->\t\t\t\t<ul class=\"item-price-wrap hide-on-list\">\n\t<li class=\"item-price\">700,000\u20ac<\/li><\/ul>\t\t\t\t<address class=\"item-address\">Sant Pere de Ribes,Barcelona,Spain<\/address>\t\t\t\t<ul class=\"item-amenities item-amenities-with-icons\">\n\t<li class=\"h-beds\"><i class=\"houzez-icon icon-hotel-double-bed-1 mr-1\"><\/i><span class=\"item-amenities-text\">Camas:<\/span> <span class=\"hz-figure\">4<\/span><\/li><li class=\"h-baths\"><i class=\"houzez-icon icon-bathroom-shower-1 mr-1\"><\/i><span class=\"item-amenities-text\">Ba\u00f1os:<\/span> <span class=\"hz-figure\">2<\/span><\/li><li class=\"h-area\"><i class=\"houzez-icon icon-ruler-triangle mr-1\"><\/i><span class=\"hz-figure\">165<\/span> <span class=\"hz-figure area_postfix\">m&sup2;<\/span><\/li><li class=\"h-type\"><span>pench\u00e9<\/span><\/li><\/ul>\t\t\t\t<a class=\"btn btn-primary btn-item \" target=_self href=\"https:\/\/www.laclauelite.com\/fr\/property\/casa-pareada-obra-nueva-mas-alba-10730-fr\/\">\n\tD\u00e9tails<\/a><!-- btn-item -->\n\t\t\t\t<div class=\"item-author\">\n\t<i class=\"houzez-icon icon-single-neutral mr-1\"><\/i>\n\t<a href=\"https:\/\/www.laclauelite.com\/fr\/agent\/fincas-la-clau-elite\/\">Fincas La Clau Elite<\/a> <\/div><!-- item-author -->\n\t\t\t\t<div class=\"item-date\">\n\t<i class=\"houzez-icon icon-attachment mr-1\"><\/i>\n\til y a1 mois<\/div><!-- item-date -->\n\t\t\t<\/div><!-- item-body -->\n\n\t\t\t\t\t\t<div class=\"item-footer clearfix\">\n\t\t\t\t<div class=\"item-author\">\n\t<i class=\"houzez-icon icon-single-neutral mr-1\"><\/i>\n\t<a href=\"https:\/\/www.laclauelite.com\/fr\/agent\/fincas-la-clau-elite\/\">Fincas La Clau Elite<\/a> <\/div><!-- item-author -->\n\t\t\t\t<div class=\"item-date\">\n\t<i class=\"houzez-icon icon-attachment mr-1\"><\/i>\n\til y a1 mois<\/div><!-- item-date -->\n\t\t\t<\/div>\n\t\t\t\t\t<\/div><!-- d-flex -->\n\t<\/div><!-- item-wrap -->\n<\/div><!-- item-listing-wrap --><div class=\"item-listing-wrap hz-item-gallery-js card\" data-hz-id=\"hz-1081969\" data-images=\"[{&quot;image&quot;:&quot;https:\\\/\\\/fotos15.apinmo.com\\\/1045\\\/17241862\\\/2-1.jpg&quot;,&quot;alt&quot;:&quot;Casa pareada obra nueva mas alba - imagenInmueble0&quot;},{&quot;image&quot;:&quot;https:\\\/\\\/fotos15.apinmo.com\\\/1045\\\/17241862\\\/2-1.jpg&quot;,&quot;alt&quot;:&quot;Casa pareada obra nueva mas alba - imagenInmueble0&quot;},{&quot;image&quot;:&quot;https:\\\/\\\/fotos15.apinmo.com\\\/1045\\\/17241862\\\/2-2.jpg&quot;,&quot;alt&quot;:&quot;Casa pareada obra nueva mas alba - imagenInmueble1&quot;},{&quot;image&quot;:&quot;https:\\\/\\\/fotos15.apinmo.com\\\/1045\\\/17241862\\\/2-3.jpg&quot;,&quot;alt&quot;:&quot;Casa pareada obra nueva mas alba - imagenInmueble2&quot;},{&quot;image&quot;:&quot;https:\\\/\\\/fotos15.apinmo.com\\\/1045\\\/17241862\\\/2-4.jpg&quot;,&quot;alt&quot;:&quot;Casa pareada obra nueva mas alba - imagenInmueble3&quot;},{&quot;image&quot;:&quot;https:\\\/\\\/fotos15.apinmo.com\\\/1045\\\/17241862\\\/2-5.jpg&quot;,&quot;alt&quot;:&quot;Casa pareada obra nueva mas alba - imagenInmueble4&quot;},{&quot;image&quot;:&quot;https:\\\/\\\/fotos15.apinmo.com\\\/1045\\\/17241862\\\/2-6.jpg&quot;,&quot;alt&quot;:&quot;Casa pareada obra nueva mas alba - imagenInmueble5&quot;},{&quot;image&quot;:&quot;https:\\\/\\\/fotos15.apinmo.com\\\/1045\\\/17241862\\\/2-7.jpg&quot;,&quot;alt&quot;:&quot;Casa pareada obra nueva mas alba - imagenInmueble6&quot;},{&quot;image&quot;:&quot;https:\\\/\\\/fotos15.apinmo.com\\\/1045\\\/17241862\\\/2-8.jpg&quot;,&quot;alt&quot;:&quot;Casa pareada obra nueva mas alba - imagenInmueble7&quot;},{&quot;image&quot;:&quot;https:\\\/\\\/fotos15.apinmo.com\\\/1045\\\/17241862\\\/2-9.jpg&quot;,&quot;alt&quot;:&quot;Casa pareada obra nueva mas alba - imagenInmueble8&quot;},{&quot;image&quot;:&quot;https:\\\/\\\/fotos15.apinmo.com\\\/1045\\\/17241862\\\/2-10.jpg&quot;,&quot;alt&quot;:&quot;Casa pareada obra nueva mas alba - imagenInmueble9&quot;}]\">\n\t<div class=\"item-wrap item-wrap-v1 item-wrap-no-frame h-100\">\n\t\t<div class=\"d-flex align-items-center h-100\">\n\t\t\t<div class=\"item-header\">\n\t\t\t\t\t\t\t\t<div class=\"labels-wrap labels-right\"> \n\n\t<a href=\"https:\/\/www.laclauelite.com\/fr\/status\/vente\/\" class=\"label-status label status-color-165\">\n\t\t\t\t\tVente\n\t\t\t\t<\/a><a href=\"https:\/\/www.laclauelite.com\/fr\/label\/\" class=\"hz-label label label-color-514\">\n\t\t\t\t\t\n\t\t\t\t<\/a>       \n\n<\/div>\n\t\t\t\t<ul class=\"item-price-wrap hide-on-list\">\n\t<li class=\"item-price\">690,000\u20ac<\/li><\/ul>\t\t\t\t<ul class=\"item-tools\">\n\n        <li class=\"item-tool item-preview\">\n        <span class=\"hz-show-lightbox-js\" data-listid=\"1081969\" data-toggle=\"tooltip\" data-placement=\"top\" title=\"Preview\">\n                <i class=\"houzez-icon icon-expand-3\"><\/i>   \n        <\/span><!-- item-tool-favorite -->\n    <\/li><!-- item-tool -->\n        \n        <li class=\"item-tool item-favorite\">\n        <span class=\"add-favorite-js item-tool-favorite\" data-toggle=\"tooltip\" data-placement=\"top\" title=\"Favourite\" data-listid=\"1081969\">\n            <i class=\"houzez-icon icon-love-it \"><\/i> \n        <\/span><!-- item-tool-favorite -->\n    <\/li><!-- item-tool -->\n    \n        <li class=\"item-tool item-compare\">\n        <span class=\"houzez_compare compare-1081969 item-tool-compare show-compare-panel\" data-toggle=\"tooltip\" data-placement=\"top\" title=\"Add to Compare\" data-listing_id=\"1081969\" data-listing_image=\"https:\/\/fotos15.apinmo.com\/1045\/17241862\/2-1.jpg\">\n            <i class=\"houzez-icon icon-add-circle\"><\/i>\n        <\/span><!-- item-tool-compare -->\n    <\/li><!-- item-tool -->\n    <\/ul><!-- item-tools -->\n\t\t\t\t<div class=\"listing-image-wrap\">\n\t<div class=\"listing-thumb\">\n\t\t<a target=_self href=\"https:\/\/www.laclauelite.com\/fr\/property\/casa-pareada-obra-nueva-mas-alba-10728-fr\/\" class=\"listing-featured-thumb hover-effect\">\n\t\t\t                                                                                                                                                                                    <img loading=\"lazy\" decoding=\"async\" width=\"850\" height=\"426\" src=\"https:\/\/fotos15.apinmo.com\/1045\/17241862\/2-1.jpg\" class=\"img-fluid wp-post-image\" alt=\"Casa pareada obra nueva mas alba - imagenInmueble0\" srcset=\"https:\/\/fotos15.apinmo.com\/1045\/17241862\/2-1.jpg 850w, https:\/\/fotos15.apinmo.com\/1045\/17241862\/2-1.jpg 300w, https:\/\/fotos15.apinmo.com\/1045\/17241862\/2-1.jpg 768w, https:\/\/fotos15.apinmo.com\/1045\/17241862\/2-1s.jpg 150w, https:\/\/fotos15.apinmo.com\/1045\/17241862\/2-1.jpg 536w, https:\/\/fotos15.apinmo.com\/1045\/17241862\/2-1.jpg 770w\" sizes=\"(max-width: 850px) 100vw, 850px\" \/>\t\t<\/a><!-- hover-effect -->\n\t<\/div>\n<\/div>\n\t\t\t\t<div class=\"preview_loader\"><\/div>\n\t\t\t<\/div><!-- item-header -->\t\n\t\t\t<div class=\"item-body flex-grow-1\">\n\t\t\t\t<div class=\"labels-wrap labels-right\"> \n\n\t<a href=\"https:\/\/www.laclauelite.com\/fr\/status\/vente\/\" class=\"label-status label status-color-165\">\n\t\t\t\t\tVente\n\t\t\t\t<\/a><a href=\"https:\/\/www.laclauelite.com\/fr\/label\/\" class=\"hz-label label label-color-514\">\n\t\t\t\t\t\n\t\t\t\t<\/a>       \n\n<\/div>\n\t\t\t\t<h2 class=\"item-title\">\n\t<a target=_self href=\"https:\/\/www.laclauelite.com\/fr\/property\/casa-pareada-obra-nueva-mas-alba-10728-fr\/\">Casa Pareada obra nueva Mas Alba &#8211; 10728<\/a>\n<\/h2><!-- item-title -->\t\t\t\t<ul class=\"item-price-wrap hide-on-list\">\n\t<li class=\"item-price\">690,000\u20ac<\/li><\/ul>\t\t\t\t<address class=\"item-address\">Sant Pere de Ribes,Barcelona,Spain<\/address>\t\t\t\t<ul class=\"item-amenities item-amenities-with-icons\">\n\t<li class=\"h-beds\"><i class=\"houzez-icon icon-hotel-double-bed-1 mr-1\"><\/i><span class=\"item-amenities-text\">Camas:<\/span> <span class=\"hz-figure\">4<\/span><\/li><li class=\"h-baths\"><i class=\"houzez-icon icon-bathroom-shower-1 mr-1\"><\/i><span class=\"item-amenities-text\">Ba\u00f1os:<\/span> <span class=\"hz-figure\">2<\/span><\/li><li class=\"h-area\"><i class=\"houzez-icon icon-ruler-triangle mr-1\"><\/i><span class=\"hz-figure\">160<\/span> <span class=\"hz-figure area_postfix\">m&sup2;<\/span><\/li><li class=\"h-type\"><span>pench\u00e9<\/span><\/li><\/ul>\t\t\t\t<a class=\"btn btn-primary btn-item \" target=_self href=\"https:\/\/www.laclauelite.com\/fr\/property\/casa-pareada-obra-nueva-mas-alba-10728-fr\/\">\n\tD\u00e9tails<\/a><!-- btn-item -->\n\t\t\t\t<div class=\"item-author\">\n\t<i class=\"houzez-icon icon-single-neutral mr-1\"><\/i>\n\t<a href=\"https:\/\/www.laclauelite.com\/fr\/agent\/fincas-la-clau-elite\/\">Fincas La Clau Elite<\/a> <\/div><!-- item-author -->\n\t\t\t\t<div class=\"item-date\">\n\t<i class=\"houzez-icon icon-attachment mr-1\"><\/i>\n\til y a1 mois<\/div><!-- item-date -->\n\t\t\t<\/div><!-- item-body -->\n\n\t\t\t\t\t\t<div class=\"item-footer clearfix\">\n\t\t\t\t<div class=\"item-author\">\n\t<i class=\"houzez-icon icon-single-neutral mr-1\"><\/i>\n\t<a href=\"https:\/\/www.laclauelite.com\/fr\/agent\/fincas-la-clau-elite\/\">Fincas La Clau Elite<\/a> <\/div><!-- item-author -->\n\t\t\t\t<div class=\"item-date\">\n\t<i class=\"houzez-icon icon-attachment mr-1\"><\/i>\n\til y a1 mois<\/div><!-- item-date -->\n\t\t\t<\/div>\n\t\t\t\t\t<\/div><!-- d-flex -->\n\t<\/div><!-- item-wrap -->\n<\/div><!-- item-listing-wrap --><div class=\"item-listing-wrap hz-item-gallery-js card\" data-hz-id=\"hz-1082028\" data-images=\"[{&quot;image&quot;:&quot;https:\\\/\\\/fotos15.apinmo.com\\\/1045\\\/27301858\\\/18-1.jpg&quot;,&quot;alt&quot;:&quot;\\u00c1tico-d\\u00daplex en primera l\\u00ednea de mar en el centro de sitges - imagenInmueble0&quot;},{&quot;image&quot;:&quot;https:\\\/\\\/fotos15.apinmo.com\\\/1045\\\/27301858\\\/18-1.jpg&quot;,&quot;alt&quot;:&quot;\\u00c1tico-d\\u00daplex en primera l\\u00ednea de mar en el centro de sitges - imagenInmueble0&quot;},{&quot;image&quot;:&quot;https:\\\/\\\/fotos15.apinmo.com\\\/1045\\\/27301858\\\/18-2.jpg&quot;,&quot;alt&quot;:&quot;\\u00c1tico-d\\u00daplex en primera l\\u00ednea de mar en el centro de sitges - imagenInmueble1&quot;},{&quot;image&quot;:&quot;https:\\\/\\\/fotos15.apinmo.com\\\/1045\\\/27301858\\\/18-3.jpg&quot;,&quot;alt&quot;:&quot;\\u00c1tico-d\\u00daplex en primera l\\u00ednea de mar en el centro de sitges - imagenInmueble2&quot;},{&quot;image&quot;:&quot;https:\\\/\\\/fotos15.apinmo.com\\\/1045\\\/27301858\\\/18-4.jpg&quot;,&quot;alt&quot;:&quot;\\u00c1tico-d\\u00daplex en primera l\\u00ednea de mar en el centro de sitges - imagenInmueble3&quot;},{&quot;image&quot;:&quot;https:\\\/\\\/fotos15.apinmo.com\\\/1045\\\/27301858\\\/18-5.jpg&quot;,&quot;alt&quot;:&quot;\\u00c1tico-d\\u00daplex en primera l\\u00ednea de mar en el centro de sitges - imagenInmueble4&quot;},{&quot;image&quot;:&quot;https:\\\/\\\/fotos15.apinmo.com\\\/1045\\\/27301858\\\/18-6.jpg&quot;,&quot;alt&quot;:&quot;\\u00c1tico-d\\u00daplex en primera l\\u00ednea de mar en el centro de sitges - imagenInmueble5&quot;},{&quot;image&quot;:&quot;https:\\\/\\\/fotos15.apinmo.com\\\/1045\\\/27301858\\\/18-7.jpg&quot;,&quot;alt&quot;:&quot;\\u00c1tico-d\\u00daplex en primera l\\u00ednea de mar en el centro de sitges - imagenInmueble6&quot;},{&quot;image&quot;:&quot;https:\\\/\\\/fotos15.apinmo.com\\\/1045\\\/27301858\\\/18-8.jpg&quot;,&quot;alt&quot;:&quot;\\u00c1tico-d\\u00daplex en primera l\\u00ednea de mar en el centro de sitges - imagenInmueble7&quot;},{&quot;image&quot;:&quot;https:\\\/\\\/fotos15.apinmo.com\\\/1045\\\/27301858\\\/18-9.jpg&quot;,&quot;alt&quot;:&quot;\\u00c1tico-d\\u00daplex en primera l\\u00ednea de mar en el centro de sitges - imagenInmueble8&quot;},{&quot;image&quot;:&quot;https:\\\/\\\/fotos15.apinmo.com\\\/1045\\\/27301858\\\/18-10.jpg&quot;,&quot;alt&quot;:&quot;\\u00c1tico-d\\u00daplex en primera l\\u00ednea de mar en el centro de sitges - imagenInmueble9&quot;},{&quot;image&quot;:&quot;https:\\\/\\\/fotos15.apinmo.com\\\/1045\\\/27301858\\\/18-11.jpg&quot;,&quot;alt&quot;:&quot;\\u00c1tico-d\\u00daplex en primera l\\u00ednea de mar en el centro de sitges - imagenInmueble10&quot;},{&quot;image&quot;:&quot;https:\\\/\\\/fotos15.apinmo.com\\\/1045\\\/27301858\\\/18-12.jpg&quot;,&quot;alt&quot;:&quot;\\u00c1tico-d\\u00daplex en primera l\\u00ednea de mar en el centro de sitges - imagenInmueble11&quot;},{&quot;image&quot;:&quot;https:\\\/\\\/fotos15.apinmo.com\\\/1045\\\/27301858\\\/18-13.jpg&quot;,&quot;alt&quot;:&quot;\\u00c1tico-d\\u00daplex en primera l\\u00ednea de mar en el centro de sitges - imagenInmueble12&quot;},{&quot;image&quot;:&quot;https:\\\/\\\/fotos15.apinmo.com\\\/1045\\\/27301858\\\/18-14.jpg&quot;,&quot;alt&quot;:&quot;\\u00c1tico-d\\u00daplex en primera l\\u00ednea de mar en el centro de sitges - imagenInmueble13&quot;},{&quot;image&quot;:&quot;https:\\\/\\\/fotos15.apinmo.com\\\/1045\\\/27301858\\\/18-15.jpg&quot;,&quot;alt&quot;:&quot;\\u00c1tico-d\\u00daplex en primera l\\u00ednea de mar en el centro de sitges - imagenInmueble14&quot;},{&quot;image&quot;:&quot;https:\\\/\\\/fotos15.apinmo.com\\\/1045\\\/27301858\\\/18-16.jpg&quot;,&quot;alt&quot;:&quot;\\u00c1tico-d\\u00daplex en primera l\\u00ednea de mar en el centro de sitges - imagenInmueble15&quot;},{&quot;image&quot;:&quot;https:\\\/\\\/fotos15.apinmo.com\\\/1045\\\/27301858\\\/18-17.jpg&quot;,&quot;alt&quot;:&quot;\\u00c1tico-d\\u00daplex en primera l\\u00ednea de mar en el centro de sitges - imagenInmueble16&quot;},{&quot;image&quot;:&quot;https:\\\/\\\/fotos15.apinmo.com\\\/1045\\\/27301858\\\/18-18.jpg&quot;,&quot;alt&quot;:&quot;\\u00c1tico-d\\u00daplex en primera l\\u00ednea de mar en el centro de sitges - imagenInmueble17&quot;},{&quot;image&quot;:&quot;https:\\\/\\\/fotos15.apinmo.com\\\/1045\\\/27301858\\\/18-19.jpg&quot;,&quot;alt&quot;:&quot;\\u00c1tico-d\\u00daplex en primera l\\u00ednea de mar en el centro de sitges - imagenInmueble18&quot;},{&quot;image&quot;:&quot;https:\\\/\\\/fotos15.apinmo.com\\\/1045\\\/27301858\\\/18-20.jpg&quot;,&quot;alt&quot;:&quot;\\u00c1tico-d\\u00daplex en primera l\\u00ednea de mar en el centro de sitges - imagenInmueble19&quot;},{&quot;image&quot;:&quot;https:\\\/\\\/fotos15.apinmo.com\\\/1045\\\/27301858\\\/18-21.jpg&quot;,&quot;alt&quot;:&quot;\\u00c1tico-d\\u00daplex en primera l\\u00ednea de mar en el centro de sitges - imagenInmueble20&quot;},{&quot;image&quot;:&quot;https:\\\/\\\/fotos15.apinmo.com\\\/1045\\\/27301858\\\/18-22.jpg&quot;,&quot;alt&quot;:&quot;\\u00c1tico-d\\u00daplex en primera l\\u00ednea de mar en el centro de sitges - imagenInmueble21&quot;},{&quot;image&quot;:&quot;https:\\\/\\\/fotos15.apinmo.com\\\/1045\\\/27301858\\\/18-23.jpg&quot;,&quot;alt&quot;:&quot;\\u00c1tico-d\\u00daplex en primera l\\u00ednea de mar en el centro de sitges - imagenInmueble22&quot;},{&quot;image&quot;:&quot;https:\\\/\\\/fotos15.apinmo.com\\\/1045\\\/27301858\\\/18-24.jpg&quot;,&quot;alt&quot;:&quot;\\u00c1tico-d\\u00daplex en primera l\\u00ednea de mar en el centro de sitges - imagenInmueble23&quot;},{&quot;image&quot;:&quot;https:\\\/\\\/fotos15.apinmo.com\\\/1045\\\/27301858\\\/18-25.jpg&quot;,&quot;alt&quot;:&quot;\\u00c1tico-d\\u00daplex en primera l\\u00ednea de mar en el centro de sitges - imagenInmueble24&quot;},{&quot;image&quot;:&quot;https:\\\/\\\/fotos15.apinmo.com\\\/1045\\\/27301858\\\/18-26.jpg&quot;,&quot;alt&quot;:&quot;\\u00c1tico-d\\u00daplex en primera l\\u00ednea de mar en el centro de sitges - imagenInmueble25&quot;},{&quot;image&quot;:&quot;https:\\\/\\\/fotos15.apinmo.com\\\/1045\\\/27301858\\\/18-27.jpg&quot;,&quot;alt&quot;:&quot;\\u00c1tico-d\\u00daplex en primera l\\u00ednea de mar en el centro de sitges - imagenInmueble26&quot;},{&quot;image&quot;:&quot;https:\\\/\\\/fotos15.apinmo.com\\\/1045\\\/27301858\\\/18-28.jpg&quot;,&quot;alt&quot;:&quot;\\u00c1tico-d\\u00daplex en primera l\\u00ednea de mar en el centro de sitges - imagenInmueble27&quot;},{&quot;image&quot;:&quot;https:\\\/\\\/fotos15.apinmo.com\\\/1045\\\/27301858\\\/18-29.jpg&quot;,&quot;alt&quot;:&quot;\\u00c1tico-d\\u00daplex en primera l\\u00ednea de mar en el centro de sitges - imagenInmueble28&quot;},{&quot;image&quot;:&quot;https:\\\/\\\/fotos15.apinmo.com\\\/1045\\\/27301858\\\/18-30.jpg&quot;,&quot;alt&quot;:&quot;\\u00c1tico-d\\u00daplex en primera l\\u00ednea de mar en el centro de sitges - imagenInmueble29&quot;},{&quot;image&quot;:&quot;https:\\\/\\\/fotos15.apinmo.com\\\/1045\\\/27301858\\\/18-31.jpg&quot;,&quot;alt&quot;:&quot;\\u00c1tico-d\\u00daplex en primera l\\u00ednea de mar en el centro de sitges - imagenInmueble30&quot;}]\">\n\t<div class=\"item-wrap item-wrap-v1 item-wrap-no-frame h-100\">\n\t\t<div class=\"d-flex align-items-center h-100\">\n\t\t\t<div class=\"item-header\">\n\t\t\t\t\t\t\t\t<div class=\"labels-wrap labels-right\"> \n\n\t<a href=\"https:\/\/www.laclauelite.com\/fr\/status\/vente\/\" class=\"label-status label status-color-165\">\n\t\t\t\t\tVente\n\t\t\t\t<\/a>       \n\n<\/div>\n\t\t\t\t<ul class=\"item-price-wrap hide-on-list\">\n\t<li class=\"item-price\">1,950,000\u20ac<\/li><\/ul>\t\t\t\t<ul class=\"item-tools\">\n\n        <li class=\"item-tool item-preview\">\n        <span class=\"hz-show-lightbox-js\" data-listid=\"1082028\" data-toggle=\"tooltip\" data-placement=\"top\" title=\"Preview\">\n                <i class=\"houzez-icon icon-expand-3\"><\/i>   \n        <\/span><!-- item-tool-favorite -->\n    <\/li><!-- item-tool -->\n        \n        <li class=\"item-tool item-favorite\">\n        <span class=\"add-favorite-js item-tool-favorite\" data-toggle=\"tooltip\" data-placement=\"top\" title=\"Favourite\" data-listid=\"1082028\">\n            <i class=\"houzez-icon icon-love-it \"><\/i> \n        <\/span><!-- item-tool-favorite -->\n    <\/li><!-- item-tool -->\n    \n        <li class=\"item-tool item-compare\">\n        <span class=\"houzez_compare compare-1082028 item-tool-compare show-compare-panel\" data-toggle=\"tooltip\" data-placement=\"top\" title=\"Add to Compare\" data-listing_id=\"1082028\" data-listing_image=\"https:\/\/fotos15.apinmo.com\/1045\/27301858\/18-1.jpg\">\n            <i class=\"houzez-icon icon-add-circle\"><\/i>\n        <\/span><!-- item-tool-compare -->\n    <\/li><!-- item-tool -->\n    <\/ul><!-- item-tools -->\n\t\t\t\t<div class=\"listing-image-wrap\">\n\t<div class=\"listing-thumb\">\n\t\t<a target=_self href=\"https:\/\/www.laclauelite.com\/fr\/property\/atico-duplex-en-primera-linea-de-mar-en-el-centro-de-sitges-11387-fr\/\" class=\"listing-featured-thumb hover-effect\">\n\t\t\t                                                                                                                                                                                    <img loading=\"lazy\" decoding=\"async\" width=\"850\" height=\"426\" src=\"https:\/\/fotos15.apinmo.com\/1045\/27301858\/18-1.jpg\" class=\"img-fluid wp-post-image\" alt=\"\u00c1tico-d\u00daplex en primera l\u00ednea de mar en el centro de sitges - imagenInmueble0\" srcset=\"https:\/\/fotos15.apinmo.com\/1045\/27301858\/18-1.jpg 850w, https:\/\/fotos15.apinmo.com\/1045\/27301858\/18-1.jpg 300w, https:\/\/fotos15.apinmo.com\/1045\/27301858\/18-1.jpg 768w, https:\/\/fotos15.apinmo.com\/1045\/27301858\/18-1s.jpg 150w, https:\/\/fotos15.apinmo.com\/1045\/27301858\/18-1.jpg 536w, https:\/\/fotos15.apinmo.com\/1045\/27301858\/18-1.jpg 770w\" sizes=\"(max-width: 850px) 100vw, 850px\" \/>\t\t<\/a><!-- hover-effect -->\n\t<\/div>\n<\/div>\n\t\t\t\t<div class=\"preview_loader\"><\/div>\n\t\t\t<\/div><!-- item-header -->\t\n\t\t\t<div class=\"item-body flex-grow-1\">\n\t\t\t\t<div class=\"labels-wrap labels-right\"> \n\n\t<a href=\"https:\/\/www.laclauelite.com\/fr\/status\/vente\/\" class=\"label-status label status-color-165\">\n\t\t\t\t\tVente\n\t\t\t\t<\/a>       \n\n<\/div>\n\t\t\t\t<h2 class=\"item-title\">\n\t<a target=_self href=\"https:\/\/www.laclauelite.com\/fr\/property\/atico-duplex-en-primera-linea-de-mar-en-el-centro-de-sitges-11387-fr\/\">\u00c1TICO-D\u00daPLEX en primera l\u00ednea de mar en el centro de Sitges &#8211; 11387<\/a>\n<\/h2><!-- item-title -->\t\t\t\t<ul class=\"item-price-wrap hide-on-list\">\n\t<li class=\"item-price\">1,950,000\u20ac<\/li><\/ul>\t\t\t\t<address class=\"item-address\">Sitges,Barcelona,Spain<\/address>\t\t\t\t<ul class=\"item-amenities item-amenities-with-icons\">\n\t<li class=\"h-beds\"><i class=\"houzez-icon icon-hotel-double-bed-1 mr-1\"><\/i><span class=\"item-amenities-text\">Camas:<\/span> <span class=\"hz-figure\">3<\/span><\/li><li class=\"h-baths\"><i class=\"houzez-icon icon-bathroom-shower-1 mr-1\"><\/i><span class=\"item-amenities-text\">Ba\u00f1os:<\/span> <span class=\"hz-figure\">2<\/span><\/li><li class=\"h-area\"><i class=\"houzez-icon icon-ruler-triangle mr-1\"><\/i><span class=\"hz-figure\">130<\/span> <span class=\"hz-figure area_postfix\">m&sup2;<\/span><\/li><li class=\"h-type\"><span>Penthouses<\/span><\/li><\/ul>\t\t\t\t<a class=\"btn btn-primary btn-item \" target=_self href=\"https:\/\/www.laclauelite.com\/fr\/property\/atico-duplex-en-primera-linea-de-mar-en-el-centro-de-sitges-11387-fr\/\">\n\tD\u00e9tails<\/a><!-- btn-item -->\n\t\t\t\t<div class=\"item-author\">\n\t<i class=\"houzez-icon icon-single-neutral mr-1\"><\/i>\n\t<a href=\"https:\/\/www.laclauelite.com\/fr\/agent\/fincas-la-clau-elite\/\">Fincas La Clau Elite<\/a> <\/div><!-- item-author -->\n\t\t\t\t<div class=\"item-date\">\n\t<i class=\"houzez-icon icon-attachment mr-1\"><\/i>\n\til y a1 mois<\/div><!-- item-date -->\n\t\t\t<\/div><!-- item-body -->\n\n\t\t\t\t\t\t<div class=\"item-footer clearfix\">\n\t\t\t\t<div class=\"item-author\">\n\t<i class=\"houzez-icon icon-single-neutral mr-1\"><\/i>\n\t<a href=\"https:\/\/www.laclauelite.com\/fr\/agent\/fincas-la-clau-elite\/\">Fincas La Clau Elite<\/a> <\/div><!-- item-author -->\n\t\t\t\t<div class=\"item-date\">\n\t<i class=\"houzez-icon icon-attachment mr-1\"><\/i>\n\til y a1 mois<\/div><!-- item-date -->\n\t\t\t<\/div>\n\t\t\t\t\t<\/div><!-- d-flex -->\n\t<\/div><!-- item-wrap -->\n<\/div><!-- item-listing-wrap --><div class=\"item-listing-wrap hz-item-gallery-js card\" data-hz-id=\"hz-1081883\" data-images=\"[{&quot;image&quot;:&quot;https:\\\/\\\/fotos15.apinmo.com\\\/1045\\\/4782125\\\/17-1.jpg&quot;,&quot;alt&quot;:&quot;Casa en venta en sitges zona quint mar con espectaculares vistas panor\\u00e1micas al mar - imagenInmueble0&quot;},{&quot;image&quot;:&quot;https:\\\/\\\/fotos15.apinmo.com\\\/1045\\\/4782125\\\/17-1.jpg&quot;,&quot;alt&quot;:&quot;Casa en venta en sitges zona quint mar con espectaculares vistas panor\\u00e1micas al mar - imagenInmueble0&quot;},{&quot;image&quot;:&quot;https:\\\/\\\/fotos15.apinmo.com\\\/1045\\\/4782125\\\/17-2.jpg&quot;,&quot;alt&quot;:&quot;Casa en venta en sitges zona quint mar con espectaculares vistas panor\\u00e1micas al mar - imagenInmueble1&quot;},{&quot;image&quot;:&quot;https:\\\/\\\/fotos15.apinmo.com\\\/1045\\\/4782125\\\/17-3.jpg&quot;,&quot;alt&quot;:&quot;Casa en venta en sitges zona quint mar con espectaculares vistas panor\\u00e1micas al mar - imagenInmueble2&quot;},{&quot;image&quot;:&quot;https:\\\/\\\/fotos15.apinmo.com\\\/1045\\\/4782125\\\/17-4.jpg&quot;,&quot;alt&quot;:&quot;Casa en venta en sitges zona quint mar con espectaculares vistas panor\\u00e1micas al mar - imagenInmueble3&quot;},{&quot;image&quot;:&quot;https:\\\/\\\/fotos15.apinmo.com\\\/1045\\\/4782125\\\/17-5.jpg&quot;,&quot;alt&quot;:&quot;Casa en venta en sitges zona quint mar con espectaculares vistas panor\\u00e1micas al mar - imagenInmueble4&quot;},{&quot;image&quot;:&quot;https:\\\/\\\/fotos15.apinmo.com\\\/1045\\\/4782125\\\/17-6.jpg&quot;,&quot;alt&quot;:&quot;Casa en venta en sitges zona quint mar con espectaculares vistas panor\\u00e1micas al mar - imagenInmueble5&quot;},{&quot;image&quot;:&quot;https:\\\/\\\/fotos15.apinmo.com\\\/1045\\\/4782125\\\/17-7.jpg&quot;,&quot;alt&quot;:&quot;Casa en venta en sitges zona quint mar con espectaculares vistas panor\\u00e1micas al mar - imagenInmueble6&quot;},{&quot;image&quot;:&quot;https:\\\/\\\/fotos15.apinmo.com\\\/1045\\\/4782125\\\/17-8.jpg&quot;,&quot;alt&quot;:&quot;Casa en venta en sitges zona quint mar con espectaculares vistas panor\\u00e1micas al mar - imagenInmueble7&quot;},{&quot;image&quot;:&quot;https:\\\/\\\/fotos15.apinmo.com\\\/1045\\\/4782125\\\/17-9.jpg&quot;,&quot;alt&quot;:&quot;Casa en venta en sitges zona quint mar con espectaculares vistas panor\\u00e1micas al mar - imagenInmueble8&quot;},{&quot;image&quot;:&quot;https:\\\/\\\/fotos15.apinmo.com\\\/1045\\\/4782125\\\/17-10.jpg&quot;,&quot;alt&quot;:&quot;Casa en venta en sitges zona quint mar con espectaculares vistas panor\\u00e1micas al mar - imagenInmueble9&quot;},{&quot;image&quot;:&quot;https:\\\/\\\/fotos15.apinmo.com\\\/1045\\\/4782125\\\/17-11.jpg&quot;,&quot;alt&quot;:&quot;Casa en venta en sitges zona quint mar con espectaculares vistas panor\\u00e1micas al mar - imagenInmueble10&quot;},{&quot;image&quot;:&quot;https:\\\/\\\/fotos15.apinmo.com\\\/1045\\\/4782125\\\/17-12.jpg&quot;,&quot;alt&quot;:&quot;Casa en venta en sitges zona quint mar con espectaculares vistas panor\\u00e1micas al mar - imagenInmueble11&quot;},{&quot;image&quot;:&quot;https:\\\/\\\/fotos15.apinmo.com\\\/1045\\\/4782125\\\/17-13.jpg&quot;,&quot;alt&quot;:&quot;Casa en venta en sitges zona quint mar con espectaculares vistas panor\\u00e1micas al mar - imagenInmueble12&quot;},{&quot;image&quot;:&quot;https:\\\/\\\/fotos15.apinmo.com\\\/1045\\\/4782125\\\/17-14.jpg&quot;,&quot;alt&quot;:&quot;Casa en venta en sitges zona quint mar con espectaculares vistas panor\\u00e1micas al mar - imagenInmueble13&quot;},{&quot;image&quot;:&quot;https:\\\/\\\/fotos15.apinmo.com\\\/1045\\\/4782125\\\/17-15.jpg&quot;,&quot;alt&quot;:&quot;Casa en venta en sitges zona quint mar con espectaculares vistas panor\\u00e1micas al mar - imagenInmueble14&quot;},{&quot;image&quot;:&quot;https:\\\/\\\/fotos15.apinmo.com\\\/1045\\\/4782125\\\/17-16.jpg&quot;,&quot;alt&quot;:&quot;Casa en venta en sitges zona quint mar con espectaculares vistas panor\\u00e1micas al mar - imagenInmueble15&quot;},{&quot;image&quot;:&quot;https:\\\/\\\/fotos15.apinmo.com\\\/1045\\\/4782125\\\/17-17.jpg&quot;,&quot;alt&quot;:&quot;Casa en venta en sitges zona quint mar con espectaculares vistas panor\\u00e1micas al mar - imagenInmueble16&quot;},{&quot;image&quot;:&quot;https:\\\/\\\/fotos15.apinmo.com\\\/1045\\\/4782125\\\/17-18.jpg&quot;,&quot;alt&quot;:&quot;Casa en venta en sitges zona quint mar con espectaculares vistas panor\\u00e1micas al mar - imagenInmueble17&quot;},{&quot;image&quot;:&quot;https:\\\/\\\/fotos15.apinmo.com\\\/1045\\\/4782125\\\/17-19.jpg&quot;,&quot;alt&quot;:&quot;Casa en venta en sitges zona quint mar con espectaculares vistas panor\\u00e1micas al mar - imagenInmueble18&quot;},{&quot;image&quot;:&quot;https:\\\/\\\/fotos15.apinmo.com\\\/1045\\\/4782125\\\/17-20.jpg&quot;,&quot;alt&quot;:&quot;Casa en venta en sitges zona quint mar con espectaculares vistas panor\\u00e1micas al mar - imagenInmueble19&quot;}]\">\n\t<div class=\"item-wrap item-wrap-v1 item-wrap-no-frame h-100\">\n\t\t<div class=\"d-flex align-items-center h-100\">\n\t\t\t<div class=\"item-header\">\n\t\t\t\t\t\t\t\t<div class=\"labels-wrap labels-right\"> \n\n\t<a href=\"https:\/\/www.laclauelite.com\/fr\/status\/vente\/\" class=\"label-status label status-color-165\">\n\t\t\t\t\tVente\n\t\t\t\t<\/a>       \n\n<\/div>\n\t\t\t\t<ul class=\"item-price-wrap hide-on-list\">\n\t<li class=\"item-price\">1,250,000\u20ac<\/li><\/ul>\t\t\t\t<ul class=\"item-tools\">\n\n        <li class=\"item-tool item-preview\">\n        <span class=\"hz-show-lightbox-js\" data-listid=\"1081883\" data-toggle=\"tooltip\" data-placement=\"top\" title=\"Preview\">\n                <i class=\"houzez-icon icon-expand-3\"><\/i>   \n        <\/span><!-- item-tool-favorite -->\n    <\/li><!-- item-tool -->\n        \n        <li class=\"item-tool item-favorite\">\n        <span class=\"add-favorite-js item-tool-favorite\" data-toggle=\"tooltip\" data-placement=\"top\" title=\"Favourite\" data-listid=\"1081883\">\n            <i class=\"houzez-icon icon-love-it \"><\/i> \n        <\/span><!-- item-tool-favorite -->\n    <\/li><!-- item-tool -->\n    \n        <li class=\"item-tool item-compare\">\n        <span class=\"houzez_compare compare-1081883 item-tool-compare show-compare-panel\" data-toggle=\"tooltip\" data-placement=\"top\" title=\"Add to Compare\" data-listing_id=\"1081883\" data-listing_image=\"https:\/\/fotos15.apinmo.com\/1045\/4782125\/17-1.jpg\">\n            <i class=\"houzez-icon icon-add-circle\"><\/i>\n        <\/span><!-- item-tool-compare -->\n    <\/li><!-- item-tool -->\n    <\/ul><!-- item-tools -->\n\t\t\t\t<div class=\"listing-image-wrap\">\n\t<div class=\"listing-thumb\">\n\t\t<a target=_self href=\"https:\/\/www.laclauelite.com\/fr\/property\/casa-en-venta-en-sitges-zona-quint-mar-con-espectaculares-vistas-panoramicas-al-mar-08123-fr\/\" class=\"listing-featured-thumb hover-effect\">\n\t\t\t                                                                                                                                                                                    <img loading=\"lazy\" decoding=\"async\" width=\"850\" height=\"426\" src=\"https:\/\/fotos15.apinmo.com\/1045\/4782125\/17-1.jpg\" class=\"img-fluid wp-post-image\" alt=\"Casa en venta en sitges zona quint mar con espectaculares vistas panor\u00e1micas al mar - imagenInmueble0\" srcset=\"https:\/\/fotos15.apinmo.com\/1045\/4782125\/17-1.jpg 850w, https:\/\/fotos15.apinmo.com\/1045\/4782125\/17-1.jpg 300w, https:\/\/fotos15.apinmo.com\/1045\/4782125\/17-1.jpg 768w, https:\/\/fotos15.apinmo.com\/1045\/4782125\/17-1s.jpg 150w, https:\/\/fotos15.apinmo.com\/1045\/4782125\/17-1.jpg 536w, https:\/\/fotos15.apinmo.com\/1045\/4782125\/17-1.jpg 770w\" sizes=\"(max-width: 850px) 100vw, 850px\" \/>\t\t<\/a><!-- hover-effect -->\n\t<\/div>\n<\/div>\n\t\t\t\t<div class=\"preview_loader\"><\/div>\n\t\t\t<\/div><!-- item-header -->\t\n\t\t\t<div class=\"item-body flex-grow-1\">\n\t\t\t\t<div class=\"labels-wrap labels-right\"> \n\n\t<a href=\"https:\/\/www.laclauelite.com\/fr\/status\/vente\/\" class=\"label-status label status-color-165\">\n\t\t\t\t\tVente\n\t\t\t\t<\/a>       \n\n<\/div>\n\t\t\t\t<h2 class=\"item-title\">\n\t<a target=_self href=\"https:\/\/www.laclauelite.com\/fr\/property\/casa-en-venta-en-sitges-zona-quint-mar-con-espectaculares-vistas-panoramicas-al-mar-08123-fr\/\">Casa en venta en Sitges zona Quint Mar con espectaculares vistas panor\u00e1micas al mar &#8211; 08123<\/a>\n<\/h2><!-- item-title -->\t\t\t\t<ul class=\"item-price-wrap hide-on-list\">\n\t<li class=\"item-price\">1,250,000\u20ac<\/li><\/ul>\t\t\t\t<address class=\"item-address\">Sitges,Barcelona,Spain<\/address>\t\t\t\t<ul class=\"item-amenities item-amenities-with-icons\">\n\t<li class=\"h-beds\"><i class=\"houzez-icon icon-hotel-double-bed-1 mr-1\"><\/i><span class=\"item-amenities-text\">Camas:<\/span> <span class=\"hz-figure\">6<\/span><\/li><li class=\"h-baths\"><i class=\"houzez-icon icon-bathroom-shower-1 mr-1\"><\/i><span class=\"item-amenities-text\">Ba\u00f1os:<\/span> <span class=\"hz-figure\">5<\/span><\/li><li class=\"h-area\"><i class=\"houzez-icon icon-ruler-triangle mr-1\"><\/i><span class=\"hz-figure\">347<\/span> <span class=\"hz-figure area_postfix\">m&sup2;<\/span><\/li><li class=\"h-type\"><span>Houses<\/span><\/li><\/ul>\t\t\t\t<a class=\"btn btn-primary btn-item \" target=_self href=\"https:\/\/www.laclauelite.com\/fr\/property\/casa-en-venta-en-sitges-zona-quint-mar-con-espectaculares-vistas-panoramicas-al-mar-08123-fr\/\">\n\tD\u00e9tails<\/a><!-- btn-item -->\n\t\t\t\t<div class=\"item-author\">\n\t<i class=\"houzez-icon icon-single-neutral mr-1\"><\/i>\n\t<a href=\"https:\/\/www.laclauelite.com\/fr\/agent\/fincas-la-clau-elite\/\">Fincas La Clau Elite<\/a> <\/div><!-- item-author -->\n\t\t\t\t<div class=\"item-date\">\n\t<i class=\"houzez-icon icon-attachment mr-1\"><\/i>\n\til y a3 mois<\/div><!-- item-date -->\n\t\t\t<\/div><!-- item-body -->\n\n\t\t\t\t\t\t<div class=\"item-footer clearfix\">\n\t\t\t\t<div class=\"item-author\">\n\t<i class=\"houzez-icon icon-single-neutral mr-1\"><\/i>\n\t<a href=\"https:\/\/www.laclauelite.com\/fr\/agent\/fincas-la-clau-elite\/\">Fincas La Clau Elite<\/a> <\/div><!-- item-author -->\n\t\t\t\t<div class=\"item-date\">\n\t<i class=\"houzez-icon icon-attachment mr-1\"><\/i>\n\til y a3 mois<\/div><!-- item-date -->\n\t\t\t<\/div>\n\t\t\t\t\t<\/div><!-- d-flex -->\n\t<\/div><!-- item-wrap -->\n<\/div><!-- item-listing-wrap --><div class=\"item-listing-wrap hz-item-gallery-js card\" data-hz-id=\"hz-1081908\" data-images=\"[{&quot;image&quot;:&quot;https:\\\/\\\/fotos15.apinmo.com\\\/1045\\\/8039595\\\/25-1.jpg&quot;,&quot;alt&quot;:&quot;Finca r\\u00fastica con dos casas a cinco minutos de sitges. - imagenInmueble0&quot;},{&quot;image&quot;:&quot;https:\\\/\\\/fotos15.apinmo.com\\\/1045\\\/8039595\\\/25-1.jpg&quot;,&quot;alt&quot;:&quot;Finca r\\u00fastica con dos casas a cinco minutos de sitges. - imagenInmueble0&quot;},{&quot;image&quot;:&quot;https:\\\/\\\/fotos15.apinmo.com\\\/1045\\\/8039595\\\/25-2.jpg&quot;,&quot;alt&quot;:&quot;Finca r\\u00fastica con dos casas a cinco minutos de sitges. - imagenInmueble1&quot;},{&quot;image&quot;:&quot;https:\\\/\\\/fotos15.apinmo.com\\\/1045\\\/8039595\\\/25-3.jpg&quot;,&quot;alt&quot;:&quot;Finca r\\u00fastica con dos casas a cinco minutos de sitges. - imagenInmueble2&quot;},{&quot;image&quot;:&quot;https:\\\/\\\/fotos15.apinmo.com\\\/1045\\\/8039595\\\/25-4.jpg&quot;,&quot;alt&quot;:&quot;Finca r\\u00fastica con dos casas a cinco minutos de sitges. - imagenInmueble3&quot;},{&quot;image&quot;:&quot;https:\\\/\\\/fotos15.apinmo.com\\\/1045\\\/8039595\\\/25-5.jpg&quot;,&quot;alt&quot;:&quot;Finca r\\u00fastica con dos casas a cinco minutos de sitges. - imagenInmueble4&quot;},{&quot;image&quot;:&quot;https:\\\/\\\/fotos15.apinmo.com\\\/1045\\\/8039595\\\/25-6.jpg&quot;,&quot;alt&quot;:&quot;Finca r\\u00fastica con dos casas a cinco minutos de sitges. - imagenInmueble5&quot;},{&quot;image&quot;:&quot;https:\\\/\\\/fotos15.apinmo.com\\\/1045\\\/8039595\\\/25-7.jpg&quot;,&quot;alt&quot;:&quot;Finca r\\u00fastica con dos casas a cinco minutos de sitges. - imagenInmueble6&quot;},{&quot;image&quot;:&quot;https:\\\/\\\/fotos15.apinmo.com\\\/1045\\\/8039595\\\/25-8.jpg&quot;,&quot;alt&quot;:&quot;Finca r\\u00fastica con dos casas a cinco minutos de sitges. - imagenInmueble7&quot;},{&quot;image&quot;:&quot;https:\\\/\\\/fotos15.apinmo.com\\\/1045\\\/8039595\\\/25-9.jpg&quot;,&quot;alt&quot;:&quot;Finca r\\u00fastica con dos casas a cinco minutos de sitges. - imagenInmueble8&quot;},{&quot;image&quot;:&quot;https:\\\/\\\/fotos15.apinmo.com\\\/1045\\\/8039595\\\/25-10.jpg&quot;,&quot;alt&quot;:&quot;Finca r\\u00fastica con dos casas a cinco minutos de sitges. - imagenInmueble9&quot;},{&quot;image&quot;:&quot;https:\\\/\\\/fotos15.apinmo.com\\\/1045\\\/8039595\\\/25-11.jpg&quot;,&quot;alt&quot;:&quot;Finca r\\u00fastica con dos casas a cinco minutos de sitges. - imagenInmueble10&quot;},{&quot;image&quot;:&quot;https:\\\/\\\/fotos15.apinmo.com\\\/1045\\\/8039595\\\/25-12.jpg&quot;,&quot;alt&quot;:&quot;Finca r\\u00fastica con dos casas a cinco minutos de sitges. - imagenInmueble11&quot;},{&quot;image&quot;:&quot;https:\\\/\\\/fotos15.apinmo.com\\\/1045\\\/8039595\\\/25-13.jpg&quot;,&quot;alt&quot;:&quot;Finca r\\u00fastica con dos casas a cinco minutos de sitges. - imagenInmueble12&quot;},{&quot;image&quot;:&quot;https:\\\/\\\/fotos15.apinmo.com\\\/1045\\\/8039595\\\/25-14.jpg&quot;,&quot;alt&quot;:&quot;Finca r\\u00fastica con dos casas a cinco minutos de sitges. - imagenInmueble13&quot;},{&quot;image&quot;:&quot;https:\\\/\\\/fotos15.apinmo.com\\\/1045\\\/8039595\\\/25-15.jpg&quot;,&quot;alt&quot;:&quot;Finca r\\u00fastica con dos casas a cinco minutos de sitges. - imagenInmueble14&quot;},{&quot;image&quot;:&quot;https:\\\/\\\/fotos15.apinmo.com\\\/1045\\\/8039595\\\/25-16.jpg&quot;,&quot;alt&quot;:&quot;Finca r\\u00fastica con dos casas a cinco minutos de sitges. - imagenInmueble15&quot;},{&quot;image&quot;:&quot;https:\\\/\\\/fotos15.apinmo.com\\\/1045\\\/8039595\\\/25-17.jpg&quot;,&quot;alt&quot;:&quot;Finca r\\u00fastica con dos casas a cinco minutos de sitges. - imagenInmueble16&quot;},{&quot;image&quot;:&quot;https:\\\/\\\/fotos15.apinmo.com\\\/1045\\\/8039595\\\/25-18.jpg&quot;,&quot;alt&quot;:&quot;Finca r\\u00fastica con dos casas a cinco minutos de sitges. - imagenInmueble17&quot;},{&quot;image&quot;:&quot;https:\\\/\\\/fotos15.apinmo.com\\\/1045\\\/8039595\\\/25-19.jpg&quot;,&quot;alt&quot;:&quot;Finca r\\u00fastica con dos casas a cinco minutos de sitges. - imagenInmueble18&quot;},{&quot;image&quot;:&quot;https:\\\/\\\/fotos15.apinmo.com\\\/1045\\\/8039595\\\/25-20.jpg&quot;,&quot;alt&quot;:&quot;Finca r\\u00fastica con dos casas a cinco minutos de sitges. - imagenInmueble19&quot;},{&quot;image&quot;:&quot;https:\\\/\\\/fotos15.apinmo.com\\\/1045\\\/8039595\\\/25-21.jpg&quot;,&quot;alt&quot;:&quot;Finca r\\u00fastica con dos casas a cinco minutos de sitges. - imagenInmueble20&quot;},{&quot;image&quot;:&quot;https:\\\/\\\/fotos15.apinmo.com\\\/1045\\\/8039595\\\/25-22.jpg&quot;,&quot;alt&quot;:&quot;Finca r\\u00fastica con dos casas a cinco minutos de sitges. - imagenInmueble21&quot;},{&quot;image&quot;:&quot;https:\\\/\\\/fotos15.apinmo.com\\\/1045\\\/8039595\\\/25-23.jpg&quot;,&quot;alt&quot;:&quot;Finca r\\u00fastica con dos casas a cinco minutos de sitges. - imagenInmueble22&quot;},{&quot;image&quot;:&quot;https:\\\/\\\/fotos15.apinmo.com\\\/1045\\\/8039595\\\/25-24.jpg&quot;,&quot;alt&quot;:&quot;Finca r\\u00fastica con dos casas a cinco minutos de sitges. - imagenInmueble23&quot;},{&quot;image&quot;:&quot;https:\\\/\\\/fotos15.apinmo.com\\\/1045\\\/8039595\\\/25-25.jpg&quot;,&quot;alt&quot;:&quot;Finca r\\u00fastica con dos casas a cinco minutos de sitges. - imagenInmueble24&quot;},{&quot;image&quot;:&quot;https:\\\/\\\/fotos15.apinmo.com\\\/1045\\\/8039595\\\/25-26.jpg&quot;,&quot;alt&quot;:&quot;Finca r\\u00fastica con dos casas a cinco minutos de sitges. - imagenInmueble25&quot;},{&quot;image&quot;:&quot;https:\\\/\\\/fotos15.apinmo.com\\\/1045\\\/8039595\\\/25-27.jpg&quot;,&quot;alt&quot;:&quot;Finca r\\u00fastica con dos casas a cinco minutos de sitges. - imagenInmueble26&quot;},{&quot;image&quot;:&quot;https:\\\/\\\/fotos15.apinmo.com\\\/1045\\\/8039595\\\/25-28.jpg&quot;,&quot;alt&quot;:&quot;Finca r\\u00fastica con dos casas a cinco minutos de sitges. - imagenInmueble27&quot;},{&quot;image&quot;:&quot;https:\\\/\\\/fotos15.apinmo.com\\\/1045\\\/8039595\\\/25-29.jpg&quot;,&quot;alt&quot;:&quot;Finca r\\u00fastica con dos casas a cinco minutos de sitges. - imagenInmueble28&quot;},{&quot;image&quot;:&quot;https:\\\/\\\/fotos15.apinmo.com\\\/1045\\\/8039595\\\/25-30.jpg&quot;,&quot;alt&quot;:&quot;Finca r\\u00fastica con dos casas a cinco minutos de sitges. - imagenInmueble29&quot;},{&quot;image&quot;:&quot;https:\\\/\\\/fotos15.apinmo.com\\\/1045\\\/8039595\\\/25-31.jpg&quot;,&quot;alt&quot;:&quot;Finca r\\u00fastica con dos casas a cinco minutos de sitges. - imagenInmueble30&quot;},{&quot;image&quot;:&quot;https:\\\/\\\/fotos15.apinmo.com\\\/1045\\\/8039595\\\/25-32.jpg&quot;,&quot;alt&quot;:&quot;Finca r\\u00fastica con dos casas a cinco minutos de sitges. - imagenInmueble31&quot;},{&quot;image&quot;:&quot;https:\\\/\\\/fotos15.apinmo.com\\\/1045\\\/8039595\\\/25-33.jpg&quot;,&quot;alt&quot;:&quot;Finca r\\u00fastica con dos casas a cinco minutos de sitges. - imagenInmueble32&quot;},{&quot;image&quot;:&quot;https:\\\/\\\/fotos15.apinmo.com\\\/1045\\\/8039595\\\/25-34.jpg&quot;,&quot;alt&quot;:&quot;Finca r\\u00fastica con dos casas a cinco minutos de sitges. - imagenInmueble33&quot;},{&quot;image&quot;:&quot;https:\\\/\\\/fotos15.apinmo.com\\\/1045\\\/8039595\\\/25-35.jpg&quot;,&quot;alt&quot;:&quot;Finca r\\u00fastica con dos casas a cinco minutos de sitges. - imagenInmueble34&quot;},{&quot;image&quot;:&quot;https:\\\/\\\/fotos15.apinmo.com\\\/1045\\\/8039595\\\/25-36.jpg&quot;,&quot;alt&quot;:&quot;Finca r\\u00fastica con dos casas a cinco minutos de sitges. - imagenInmueble35&quot;},{&quot;image&quot;:&quot;https:\\\/\\\/fotos15.apinmo.com\\\/1045\\\/8039595\\\/25-37.jpg&quot;,&quot;alt&quot;:&quot;Finca r\\u00fastica con dos casas a cinco minutos de sitges. - imagenInmueble36&quot;},{&quot;image&quot;:&quot;https:\\\/\\\/fotos15.apinmo.com\\\/1045\\\/8039595\\\/25-38.jpg&quot;,&quot;alt&quot;:&quot;Finca r\\u00fastica con dos casas a cinco minutos de sitges. - imagenInmueble37&quot;},{&quot;image&quot;:&quot;https:\\\/\\\/fotos15.apinmo.com\\\/1045\\\/8039595\\\/25-39.jpg&quot;,&quot;alt&quot;:&quot;Finca r\\u00fastica con dos casas a cinco minutos de sitges. - imagenInmueble38&quot;},{&quot;image&quot;:&quot;https:\\\/\\\/fotos15.apinmo.com\\\/1045\\\/8039595\\\/25-40.jpg&quot;,&quot;alt&quot;:&quot;Finca r\\u00fastica con dos casas a cinco minutos de sitges. - imagenInmueble39&quot;}]\">\n\t<div class=\"item-wrap item-wrap-v1 item-wrap-no-frame h-100\">\n\t\t<div class=\"d-flex align-items-center h-100\">\n\t\t\t<div class=\"item-header\">\n\t\t\t\t\t\t\t\t<div class=\"labels-wrap labels-right\"> \n\n\t<a href=\"https:\/\/www.laclauelite.com\/fr\/status\/vente\/\" class=\"label-status label status-color-165\">\n\t\t\t\t\tVente\n\t\t\t\t<\/a>       \n\n<\/div>\n\t\t\t\t<ul class=\"item-price-wrap hide-on-list\">\n\t<li class=\"item-price\">5,000,000\u20ac<\/li><\/ul>\t\t\t\t<ul class=\"item-tools\">\n\n        <li class=\"item-tool item-preview\">\n        <span class=\"hz-show-lightbox-js\" data-listid=\"1081908\" data-toggle=\"tooltip\" data-placement=\"top\" title=\"Preview\">\n                <i class=\"houzez-icon icon-expand-3\"><\/i>   \n        <\/span><!-- item-tool-favorite -->\n    <\/li><!-- item-tool -->\n        \n        <li class=\"item-tool item-favorite\">\n        <span class=\"add-favorite-js item-tool-favorite\" data-toggle=\"tooltip\" data-placement=\"top\" title=\"Favourite\" data-listid=\"1081908\">\n            <i class=\"houzez-icon icon-love-it \"><\/i> \n        <\/span><!-- item-tool-favorite -->\n    <\/li><!-- item-tool -->\n    \n        <li class=\"item-tool item-compare\">\n        <span class=\"houzez_compare compare-1081908 item-tool-compare show-compare-panel\" data-toggle=\"tooltip\" data-placement=\"top\" title=\"Add to Compare\" data-listing_id=\"1081908\" data-listing_image=\"https:\/\/fotos15.apinmo.com\/1045\/8039595\/25-1.jpg\">\n            <i class=\"houzez-icon icon-add-circle\"><\/i>\n        <\/span><!-- item-tool-compare -->\n    <\/li><!-- item-tool -->\n    <\/ul><!-- item-tools -->\n\t\t\t\t<div class=\"listing-image-wrap\">\n\t<div class=\"listing-thumb\">\n\t\t<a target=_self href=\"https:\/\/www.laclauelite.com\/fr\/property\/finca-rustica-con-dos-casas-a-cinco-minutos-de-sitges-09094-fr\/\" class=\"listing-featured-thumb hover-effect\">\n\t\t\t                                                                                                                                                                                    <img loading=\"lazy\" decoding=\"async\" width=\"850\" height=\"426\" src=\"https:\/\/fotos15.apinmo.com\/1045\/8039595\/25-1.jpg\" class=\"img-fluid wp-post-image\" alt=\"Finca r\u00fastica con dos casas a cinco minutos de sitges. - imagenInmueble0\" srcset=\"https:\/\/fotos15.apinmo.com\/1045\/8039595\/25-1.jpg 850w, https:\/\/fotos15.apinmo.com\/1045\/8039595\/25-1.jpg 300w, https:\/\/fotos15.apinmo.com\/1045\/8039595\/25-1.jpg 768w, https:\/\/fotos15.apinmo.com\/1045\/8039595\/25-1s.jpg 150w, https:\/\/fotos15.apinmo.com\/1045\/8039595\/25-1.jpg 536w, https:\/\/fotos15.apinmo.com\/1045\/8039595\/25-1.jpg 770w\" sizes=\"(max-width: 850px) 100vw, 850px\" \/>\t\t<\/a><!-- hover-effect -->\n\t<\/div>\n<\/div>\n\t\t\t\t<div class=\"preview_loader\"><\/div>\n\t\t\t<\/div><!-- item-header -->\t\n\t\t\t<div class=\"item-body flex-grow-1\">\n\t\t\t\t<div class=\"labels-wrap labels-right\"> \n\n\t<a href=\"https:\/\/www.laclauelite.com\/fr\/status\/vente\/\" class=\"label-status label status-color-165\">\n\t\t\t\t\tVente\n\t\t\t\t<\/a>       \n\n<\/div>\n\t\t\t\t<h2 class=\"item-title\">\n\t<a target=_self href=\"https:\/\/www.laclauelite.com\/fr\/property\/finca-rustica-con-dos-casas-a-cinco-minutos-de-sitges-09094-fr\/\">Finca r\u00fastica con dos casas a cinco minutos de Sitges. &#8211; 09094<\/a>\n<\/h2><!-- item-title -->\t\t\t\t<ul class=\"item-price-wrap hide-on-list\">\n\t<li class=\"item-price\">5,000,000\u20ac<\/li><\/ul>\t\t\t\t<address class=\"item-address\">Sant Pere de Ribes,Barcelona,Spain<\/address>\t\t\t\t<ul class=\"item-amenities item-amenities-with-icons\">\n\t<li class=\"h-beds\"><i class=\"houzez-icon icon-hotel-double-bed-1 mr-1\"><\/i><span class=\"item-amenities-text\">Cama:<\/span> <span class=\"hz-figure\">0<\/span><\/li><li class=\"h-baths\"><i class=\"houzez-icon icon-bathroom-shower-1 mr-1\"><\/i><span class=\"item-amenities-text\">Ba\u00f1o:<\/span> <span class=\"hz-figure\">1<\/span><\/li><li class=\"h-area\"><i class=\"houzez-icon icon-ruler-triangle mr-1\"><\/i><span class=\"hz-figure\">1800<\/span> <span class=\"hz-figure area_postfix\">m&sup2;<\/span><\/li><li class=\"h-type\"><span>Houses<\/span><\/li><\/ul>\t\t\t\t<a class=\"btn btn-primary btn-item \" target=_self href=\"https:\/\/www.laclauelite.com\/fr\/property\/finca-rustica-con-dos-casas-a-cinco-minutos-de-sitges-09094-fr\/\">\n\tD\u00e9tails<\/a><!-- btn-item -->\n\t\t\t\t<div class=\"item-author\">\n\t<i class=\"houzez-icon icon-single-neutral mr-1\"><\/i>\n\t<a href=\"https:\/\/www.laclauelite.com\/fr\/agent\/fincas-la-clau-elite\/\">Fincas La Clau Elite<\/a> <\/div><!-- item-author -->\n\t\t\t\t<div class=\"item-date\">\n\t<i class=\"houzez-icon icon-attachment mr-1\"><\/i>\n\til y a2 ans<\/div><!-- item-date -->\n\t\t\t<\/div><!-- item-body -->\n\n\t\t\t\t\t\t<div class=\"item-footer clearfix\">\n\t\t\t\t<div class=\"item-author\">\n\t<i class=\"houzez-icon icon-single-neutral mr-1\"><\/i>\n\t<a href=\"https:\/\/www.laclauelite.com\/fr\/agent\/fincas-la-clau-elite\/\">Fincas La Clau Elite<\/a> <\/div><!-- item-author -->\n\t\t\t\t<div class=\"item-date\">\n\t<i class=\"houzez-icon icon-attachment mr-1\"><\/i>\n\til y a2 ans<\/div><!-- item-date -->\n\t\t\t<\/div>\n\t\t\t\t\t<\/div><!-- d-flex -->\n\t<\/div><!-- item-wrap -->\n<\/div><!-- item-listing-wrap -->\t\t\t\t<\/div><!-- testimonials-slider -->\r\n\t\t\t<\/div><!-- listing-view grid-view -->\r\n\t\t<\/div><!-- testimonials-module -->\r\n\r\n\t\t\t\t<\/div>\n\t\t\t\t<\/div>\n\t\t\t\t\t<\/div>\n\t\t<\/div>\n\t\t\t\t\t\t\t<\/div>\n\t\t<\/section>\n\t\t\t\t<section class=\"elementor-section elementor-top-section elementor-element elementor-element-d39edea elementor-section-boxed elementor-section-height-default elementor-section-height-default\" data-id=\"d39edea\" data-element_type=\"section\">\n\t\t\t\t\t\t<div class=\"elementor-container elementor-column-gap-default\">\n\t\t\t\t\t<div class=\"elementor-column elementor-col-100 elementor-top-column elementor-element elementor-element-f4e31f5\" data-id=\"f4e31f5\" data-element_type=\"column\">\n\t\t\t<div class=\"elementor-widget-wrap elementor-element-populated\">\n\t\t\t\t\t\t\t\t<div class=\"elementor-element elementor-element-ee21fd9 animated-slow elementor-invisible elementor-widget elementor-widget-heading\" data-id=\"ee21fd9\" data-element_type=\"widget\" data-settings=\"{&quot;_animation&quot;:&quot;fadeIn&quot;}\" data-widget_type=\"heading.default\">\n\t\t\t\t<div class=\"elementor-widget-container\">\n\t\t\t<h3 class=\"elementor-heading-title elementor-size-large\">Vacances<\/h3>\t\t<\/div>\n\t\t\t\t<\/div>\n\t\t\t\t\t<\/div>\n\t\t<\/div>\n\t\t\t\t\t\t\t<\/div>\n\t\t<\/section>\n\t\t\t\t<section class=\"elementor-section elementor-top-section elementor-element elementor-element-8e9344b animated-slow elementor-section-boxed elementor-section-height-default elementor-section-height-default elementor-invisible\" data-id=\"8e9344b\" data-element_type=\"section\" data-settings=\"{&quot;animation&quot;:&quot;fadeIn&quot;,&quot;animation_delay&quot;:0}\">\n\t\t\t\t\t\t<div class=\"elementor-container elementor-column-gap-default\">\n\t\t\t\t\t<div class=\"elementor-column elementor-col-100 elementor-top-column elementor-element elementor-element-8253ca6\" data-id=\"8253ca6\" data-element_type=\"column\">\n\t\t\t<div class=\"elementor-widget-wrap elementor-element-populated\">\n\t\t\t\t\t\t\t\t<div class=\"elementor-element elementor-element-23c3d05 elementor-widget elementor-widget-houzez_elementor_properties_carousel_v2\" data-id=\"23c3d05\" data-element_type=\"widget\" data-widget_type=\"houzez_elementor_properties_carousel_v2.default\">\n\t\t\t\t<div class=\"elementor-widget-container\">\n\t\t\t\r\n\t\t<div class=\"property-carousel-module houzez-carousel-arrows-LB1Mw houzez-carousel-cols-1 property-carousel-module-v2\">\r\n\r\n\t\t\t<div class=\"property-carousel-buttons-wrap\">\r\n\t\t\t\t\t\t\t\t<button type=\"button\" class=\"slick-prev-js-LB1Mw slick-prev btn-primary-outlined\">Prev<\/button>\r\n\t\t\t\t<button type=\"button\" class=\"slick-next-js-LB1Mw slick-next btn-primary-outlined\">Prochain<\/button>\r\n\t\t\t\t\t\t\t\t\t\t\t<\/div><!-- property-carousel-buttons-wrap -->\r\n\r\n\t\t\t<div class=\"listing-view grid-view\">\r\n\t\t\t\t\r\n\t\t\t\t<div id=\"houzez-properties-carousel-LB1Mw\" data-token=\"LB1Mw\" class=\"houzez-properties-carousel-js houzez-all-slider-wrap card-deck\">\r\n\t\t\t\t\t<div class=\"item-listing-wrap hz-item-gallery-js card\" data-hz-id=\"hz-1081984\" data-images=\"[{&quot;image&quot;:&quot;https:\\\/\\\/fotos15.apinmo.com\\\/1045\\\/20965375\\\/61-1.jpg&quot;,&quot;alt&quot;:&quot;Casa de pescadores en el centro de sitges - imagenInmueble0&quot;},{&quot;image&quot;:&quot;https:\\\/\\\/fotos15.apinmo.com\\\/1045\\\/20965375\\\/61-1.jpg&quot;,&quot;alt&quot;:&quot;Casa de pescadores en el centro de sitges - imagenInmueble0&quot;},{&quot;image&quot;:&quot;https:\\\/\\\/fotos15.apinmo.com\\\/1045\\\/20965375\\\/61-2.jpg&quot;,&quot;alt&quot;:&quot;Casa de pescadores en el centro de sitges - imagenInmueble1&quot;},{&quot;image&quot;:&quot;https:\\\/\\\/fotos15.apinmo.com\\\/1045\\\/20965375\\\/61-3.jpg&quot;,&quot;alt&quot;:&quot;Casa de pescadores en el centro de sitges - imagenInmueble2&quot;},{&quot;image&quot;:&quot;https:\\\/\\\/fotos15.apinmo.com\\\/1045\\\/20965375\\\/61-4.jpg&quot;,&quot;alt&quot;:&quot;Casa de pescadores en el centro de sitges - imagenInmueble3&quot;},{&quot;image&quot;:&quot;https:\\\/\\\/fotos15.apinmo.com\\\/1045\\\/20965375\\\/61-5.jpg&quot;,&quot;alt&quot;:&quot;Casa de pescadores en el centro de sitges - imagenInmueble4&quot;},{&quot;image&quot;:&quot;https:\\\/\\\/fotos15.apinmo.com\\\/1045\\\/20965375\\\/61-6.jpg&quot;,&quot;alt&quot;:&quot;Casa de pescadores en el centro de sitges - imagenInmueble5&quot;},{&quot;image&quot;:&quot;https:\\\/\\\/fotos15.apinmo.com\\\/1045\\\/20965375\\\/61-7.jpg&quot;,&quot;alt&quot;:&quot;Casa de pescadores en el centro de sitges - imagenInmueble6&quot;},{&quot;image&quot;:&quot;https:\\\/\\\/fotos15.apinmo.com\\\/1045\\\/20965375\\\/61-8.jpg&quot;,&quot;alt&quot;:&quot;Casa de pescadores en el centro de sitges - imagenInmueble7&quot;},{&quot;image&quot;:&quot;https:\\\/\\\/fotos15.apinmo.com\\\/1045\\\/20965375\\\/61-9.jpg&quot;,&quot;alt&quot;:&quot;Casa de pescadores en el centro de sitges - imagenInmueble8&quot;},{&quot;image&quot;:&quot;https:\\\/\\\/fotos15.apinmo.com\\\/1045\\\/20965375\\\/61-10.jpg&quot;,&quot;alt&quot;:&quot;Casa de pescadores en el centro de sitges - imagenInmueble9&quot;},{&quot;image&quot;:&quot;https:\\\/\\\/fotos15.apinmo.com\\\/1045\\\/20965375\\\/61-11.jpg&quot;,&quot;alt&quot;:&quot;Casa de pescadores en el centro de sitges - imagenInmueble10&quot;},{&quot;image&quot;:&quot;https:\\\/\\\/fotos15.apinmo.com\\\/1045\\\/20965375\\\/61-12.jpg&quot;,&quot;alt&quot;:&quot;Casa de pescadores en el centro de sitges - imagenInmueble11&quot;},{&quot;image&quot;:&quot;https:\\\/\\\/fotos15.apinmo.com\\\/1045\\\/20965375\\\/61-13.jpg&quot;,&quot;alt&quot;:&quot;Casa de pescadores en el centro de sitges - imagenInmueble12&quot;},{&quot;image&quot;:&quot;https:\\\/\\\/fotos15.apinmo.com\\\/1045\\\/20965375\\\/61-14.jpg&quot;,&quot;alt&quot;:&quot;Casa de pescadores en el centro de sitges - imagenInmueble13&quot;},{&quot;image&quot;:&quot;https:\\\/\\\/fotos15.apinmo.com\\\/1045\\\/20965375\\\/61-15.jpg&quot;,&quot;alt&quot;:&quot;Casa de pescadores en el centro de sitges - imagenInmueble14&quot;},{&quot;image&quot;:&quot;https:\\\/\\\/fotos15.apinmo.com\\\/1045\\\/20965375\\\/61-16.jpg&quot;,&quot;alt&quot;:&quot;Casa de pescadores en el centro de sitges - imagenInmueble15&quot;},{&quot;image&quot;:&quot;https:\\\/\\\/fotos15.apinmo.com\\\/1045\\\/20965375\\\/61-17.jpg&quot;,&quot;alt&quot;:&quot;Casa de pescadores en el centro de sitges - imagenInmueble16&quot;},{&quot;image&quot;:&quot;https:\\\/\\\/fotos15.apinmo.com\\\/1045\\\/20965375\\\/61-18.jpg&quot;,&quot;alt&quot;:&quot;Casa de pescadores en el centro de sitges - imagenInmueble17&quot;},{&quot;image&quot;:&quot;https:\\\/\\\/fotos15.apinmo.com\\\/1045\\\/20965375\\\/61-19.jpg&quot;,&quot;alt&quot;:&quot;Casa de pescadores en el centro de sitges - imagenInmueble18&quot;},{&quot;image&quot;:&quot;https:\\\/\\\/fotos15.apinmo.com\\\/1045\\\/20965375\\\/61-20.jpg&quot;,&quot;alt&quot;:&quot;Casa de pescadores en el centro de sitges - imagenInmueble19&quot;},{&quot;image&quot;:&quot;https:\\\/\\\/fotos15.apinmo.com\\\/1045\\\/20965375\\\/61-21.jpg&quot;,&quot;alt&quot;:&quot;Casa de pescadores en el centro de sitges - imagenInmueble20&quot;},{&quot;image&quot;:&quot;https:\\\/\\\/fotos15.apinmo.com\\\/1045\\\/20965375\\\/61-22.jpg&quot;,&quot;alt&quot;:&quot;Casa de pescadores en el centro de sitges - imagenInmueble21&quot;},{&quot;image&quot;:&quot;https:\\\/\\\/fotos15.apinmo.com\\\/1045\\\/20965375\\\/61-23.jpg&quot;,&quot;alt&quot;:&quot;Casa de pescadores en el centro de sitges - imagenInmueble22&quot;},{&quot;image&quot;:&quot;https:\\\/\\\/fotos15.apinmo.com\\\/1045\\\/20965375\\\/61-24.jpg&quot;,&quot;alt&quot;:&quot;Casa de pescadores en el centro de sitges - imagenInmueble23&quot;},{&quot;image&quot;:&quot;https:\\\/\\\/fotos15.apinmo.com\\\/1045\\\/20965375\\\/61-25.jpg&quot;,&quot;alt&quot;:&quot;Casa de pescadores en el centro de sitges - imagenInmueble24&quot;},{&quot;image&quot;:&quot;https:\\\/\\\/fotos15.apinmo.com\\\/1045\\\/20965375\\\/61-26.jpg&quot;,&quot;alt&quot;:&quot;Casa de pescadores en el centro de sitges - imagenInmueble25&quot;},{&quot;image&quot;:&quot;https:\\\/\\\/fotos15.apinmo.com\\\/1045\\\/20965375\\\/61-27.jpg&quot;,&quot;alt&quot;:&quot;Casa de pescadores en el centro de sitges - imagenInmueble26&quot;},{&quot;image&quot;:&quot;https:\\\/\\\/fotos15.apinmo.com\\\/1045\\\/20965375\\\/61-28.jpg&quot;,&quot;alt&quot;:&quot;Casa de pescadores en el centro de sitges - imagenInmueble27&quot;},{&quot;image&quot;:&quot;https:\\\/\\\/fotos15.apinmo.com\\\/1045\\\/20965375\\\/61-29.jpg&quot;,&quot;alt&quot;:&quot;Casa de pescadores en el centro de sitges - imagenInmueble28&quot;},{&quot;image&quot;:&quot;https:\\\/\\\/fotos15.apinmo.com\\\/1045\\\/20965375\\\/61-30.jpg&quot;,&quot;alt&quot;:&quot;Casa de pescadores en el centro de sitges - imagenInmueble29&quot;},{&quot;image&quot;:&quot;https:\\\/\\\/fotos15.apinmo.com\\\/1045\\\/20965375\\\/61-31.jpg&quot;,&quot;alt&quot;:&quot;Casa de pescadores en el centro de sitges - imagenInmueble30&quot;},{&quot;image&quot;:&quot;https:\\\/\\\/fotos15.apinmo.com\\\/1045\\\/20965375\\\/61-32.jpg&quot;,&quot;alt&quot;:&quot;Casa de pescadores en el centro de sitges - imagenInmueble31&quot;},{&quot;image&quot;:&quot;https:\\\/\\\/fotos15.apinmo.com\\\/1045\\\/20965375\\\/61-33.jpg&quot;,&quot;alt&quot;:&quot;Casa de pescadores en el centro de sitges - imagenInmueble32&quot;},{&quot;image&quot;:&quot;https:\\\/\\\/fotos15.apinmo.com\\\/1045\\\/20965375\\\/61-34.jpg&quot;,&quot;alt&quot;:&quot;Casa de pescadores en el centro de sitges - imagenInmueble33&quot;},{&quot;image&quot;:&quot;https:\\\/\\\/fotos15.apinmo.com\\\/1045\\\/20965375\\\/61-35.jpg&quot;,&quot;alt&quot;:&quot;Casa de pescadores en el centro de sitges - imagenInmueble34&quot;},{&quot;image&quot;:&quot;https:\\\/\\\/fotos15.apinmo.com\\\/1045\\\/20965375\\\/61-36.jpg&quot;,&quot;alt&quot;:&quot;Casa de pescadores en el centro de sitges - imagenInmueble35&quot;},{&quot;image&quot;:&quot;https:\\\/\\\/fotos15.apinmo.com\\\/1045\\\/20965375\\\/61-37.jpg&quot;,&quot;alt&quot;:&quot;Casa de pescadores en el centro de sitges - imagenInmueble36&quot;},{&quot;image&quot;:&quot;https:\\\/\\\/fotos15.apinmo.com\\\/1045\\\/20965375\\\/61-38.jpg&quot;,&quot;alt&quot;:&quot;Casa de pescadores en el centro de sitges - imagenInmueble37&quot;},{&quot;image&quot;:&quot;https:\\\/\\\/fotos15.apinmo.com\\\/1045\\\/20965375\\\/61-39.jpg&quot;,&quot;alt&quot;:&quot;Casa de pescadores en el centro de sitges - imagenInmueble38&quot;}]\">\n\t<div class=\"item-wrap item-wrap-v1 item-wrap-no-frame h-100\">\n\t\t<div class=\"d-flex align-items-center h-100\">\n\t\t\t<div class=\"item-header\">\n\t\t\t\t\t\t\t\t<div class=\"labels-wrap labels-right\"> \n\n\t<a href=\"https:\/\/www.laclauelite.com\/fr\/status\/vente\/\" class=\"label-status label status-color-165\">\n\t\t\t\t\tVente\n\t\t\t\t<\/a>       \n\n<\/div>\n\t\t\t\t<ul class=\"item-price-wrap hide-on-list\">\n\t<li class=\"item-price\">995,000\u20ac<\/li><\/ul>\t\t\t\t<ul class=\"item-tools\">\n\n        <li class=\"item-tool item-preview\">\n        <span class=\"hz-show-lightbox-js\" data-listid=\"1081984\" data-toggle=\"tooltip\" data-placement=\"top\" title=\"Preview\">\n                <i class=\"houzez-icon icon-expand-3\"><\/i>   \n        <\/span><!-- item-tool-favorite -->\n    <\/li><!-- item-tool -->\n        \n        <li class=\"item-tool item-favorite\">\n        <span class=\"add-favorite-js item-tool-favorite\" data-toggle=\"tooltip\" data-placement=\"top\" title=\"Favourite\" data-listid=\"1081984\">\n            <i class=\"houzez-icon icon-love-it \"><\/i> \n        <\/span><!-- item-tool-favorite -->\n    <\/li><!-- item-tool -->\n    \n        <li class=\"item-tool item-compare\">\n        <span class=\"houzez_compare compare-1081984 item-tool-compare show-compare-panel\" data-toggle=\"tooltip\" data-placement=\"top\" title=\"Add to Compare\" data-listing_id=\"1081984\" data-listing_image=\"https:\/\/fotos15.apinmo.com\/1045\/20965375\/61-1.jpg\">\n            <i class=\"houzez-icon icon-add-circle\"><\/i>\n        <\/span><!-- item-tool-compare -->\n    <\/li><!-- item-tool -->\n    <\/ul><!-- item-tools -->\n\t\t\t\t<div class=\"listing-image-wrap\">\n\t<div class=\"listing-thumb\">\n\t\t<a target=_self href=\"https:\/\/www.laclauelite.com\/fr\/property\/casa-de-pescadores-en-el-centro-de-sitges-11086-fr\/\" class=\"listing-featured-thumb hover-effect\">\n\t\t\t                                                                                                                                                                                    <img loading=\"lazy\" decoding=\"async\" width=\"850\" height=\"426\" src=\"https:\/\/fotos15.apinmo.com\/1045\/20965375\/61-1.jpg\" class=\"img-fluid wp-post-image\" alt=\"Casa de pescadores en el centro de sitges - imagenInmueble0\" srcset=\"https:\/\/fotos15.apinmo.com\/1045\/20965375\/61-1.jpg 850w, https:\/\/fotos15.apinmo.com\/1045\/20965375\/61-1.jpg 300w, https:\/\/fotos15.apinmo.com\/1045\/20965375\/61-1.jpg 768w, https:\/\/fotos15.apinmo.com\/1045\/20965375\/61-1s.jpg 150w, https:\/\/fotos15.apinmo.com\/1045\/20965375\/61-1.jpg 536w, https:\/\/fotos15.apinmo.com\/1045\/20965375\/61-1.jpg 770w\" sizes=\"(max-width: 850px) 100vw, 850px\" \/>\t\t<\/a><!-- hover-effect -->\n\t<\/div>\n<\/div>\n\t\t\t\t<div class=\"preview_loader\"><\/div>\n\t\t\t<\/div><!-- item-header -->\t\n\t\t\t<div class=\"item-body flex-grow-1\">\n\t\t\t\t<div class=\"labels-wrap labels-right\"> \n\n\t<a href=\"https:\/\/www.laclauelite.com\/fr\/status\/vente\/\" class=\"label-status label status-color-165\">\n\t\t\t\t\tVente\n\t\t\t\t<\/a>       \n\n<\/div>\n\t\t\t\t<h2 class=\"item-title\">\n\t<a target=_self href=\"https:\/\/www.laclauelite.com\/fr\/property\/casa-de-pescadores-en-el-centro-de-sitges-11086-fr\/\">Casa de pescadores en el centro de Sitges &#8211; 11086<\/a>\n<\/h2><!-- item-title -->\t\t\t\t<ul class=\"item-price-wrap hide-on-list\">\n\t<li class=\"item-price\">995,000\u20ac<\/li><\/ul>\t\t\t\t<address class=\"item-address\">Sitges,Barcelona,Spain<\/address>\t\t\t\t<ul class=\"item-amenities item-amenities-with-icons\">\n\t<li class=\"h-beds\"><i class=\"houzez-icon icon-hotel-double-bed-1 mr-1\"><\/i><span class=\"item-amenities-text\">Camas:<\/span> <span class=\"hz-figure\">3<\/span><\/li><li class=\"h-baths\"><i class=\"houzez-icon icon-bathroom-shower-1 mr-1\"><\/i><span class=\"item-amenities-text\">Ba\u00f1os:<\/span> <span class=\"hz-figure\">3<\/span><\/li><li class=\"h-area\"><i class=\"houzez-icon icon-ruler-triangle mr-1\"><\/i><span class=\"hz-figure\">160<\/span> <span class=\"hz-figure area_postfix\">m&sup2;<\/span><\/li><li class=\"h-type\"><span>Houses<\/span><\/li><\/ul>\t\t\t\t<a class=\"btn btn-primary btn-item \" target=_self href=\"https:\/\/www.laclauelite.com\/fr\/property\/casa-de-pescadores-en-el-centro-de-sitges-11086-fr\/\">\n\tD\u00e9tails<\/a><!-- btn-item -->\n\t\t\t\t<div class=\"item-author\">\n\t<i class=\"houzez-icon icon-single-neutral mr-1\"><\/i>\n\t<a href=\"https:\/\/www.laclauelite.com\/fr\/agent\/fincas-la-clau-elite\/\">Fincas La Clau Elite<\/a> <\/div><!-- item-author -->\n\t\t\t\t<div class=\"item-date\">\n\t<i class=\"houzez-icon icon-attachment mr-1\"><\/i>\n\til y a2 jours<\/div><!-- item-date -->\n\t\t\t<\/div><!-- item-body -->\n\n\t\t\t\t\t\t<div class=\"item-footer clearfix\">\n\t\t\t\t<div class=\"item-author\">\n\t<i class=\"houzez-icon icon-single-neutral mr-1\"><\/i>\n\t<a href=\"https:\/\/www.laclauelite.com\/fr\/agent\/fincas-la-clau-elite\/\">Fincas La Clau Elite<\/a> <\/div><!-- item-author -->\n\t\t\t\t<div class=\"item-date\">\n\t<i class=\"houzez-icon icon-attachment mr-1\"><\/i>\n\til y a2 jours<\/div><!-- item-date -->\n\t\t\t<\/div>\n\t\t\t\t\t<\/div><!-- d-flex -->\n\t<\/div><!-- item-wrap -->\n<\/div><!-- item-listing-wrap --><div class=\"item-listing-wrap hz-item-gallery-js card\" data-hz-id=\"hz-1082121\" data-images=\"[{&quot;image&quot;:&quot;https:\\\/\\\/fotos15.apinmo.com\\\/1045\\\/28359471\\\/20-1.jpg&quot;,&quot;alt&quot;:&quot;Casa pareada en levantina con magnificas vistas al mar y a sitges - imagenInmueble0&quot;},{&quot;image&quot;:&quot;https:\\\/\\\/fotos15.apinmo.com\\\/1045\\\/28359471\\\/20-1.jpg&quot;,&quot;alt&quot;:&quot;Casa pareada en levantina con magnificas vistas al mar y a sitges - imagenInmueble0&quot;},{&quot;image&quot;:&quot;https:\\\/\\\/fotos15.apinmo.com\\\/1045\\\/28359471\\\/20-2.jpg&quot;,&quot;alt&quot;:&quot;Casa pareada en levantina con magnificas vistas al mar y a sitges - imagenInmueble1&quot;},{&quot;image&quot;:&quot;https:\\\/\\\/fotos15.apinmo.com\\\/1045\\\/28359471\\\/20-3.jpg&quot;,&quot;alt&quot;:&quot;Casa pareada en levantina con magnificas vistas al mar y a sitges - imagenInmueble2&quot;},{&quot;image&quot;:&quot;https:\\\/\\\/fotos15.apinmo.com\\\/1045\\\/28359471\\\/20-4.jpg&quot;,&quot;alt&quot;:&quot;Casa pareada en levantina con magnificas vistas al mar y a sitges - imagenInmueble3&quot;},{&quot;image&quot;:&quot;https:\\\/\\\/fotos15.apinmo.com\\\/1045\\\/28359471\\\/20-5.jpg&quot;,&quot;alt&quot;:&quot;Casa pareada en levantina con magnificas vistas al mar y a sitges - imagenInmueble4&quot;},{&quot;image&quot;:&quot;https:\\\/\\\/fotos15.apinmo.com\\\/1045\\\/28359471\\\/20-6.jpg&quot;,&quot;alt&quot;:&quot;Casa pareada en levantina con magnificas vistas al mar y a sitges - imagenInmueble5&quot;},{&quot;image&quot;:&quot;https:\\\/\\\/fotos15.apinmo.com\\\/1045\\\/28359471\\\/20-7.jpg&quot;,&quot;alt&quot;:&quot;Casa pareada en levantina con magnificas vistas al mar y a sitges - imagenInmueble6&quot;},{&quot;image&quot;:&quot;https:\\\/\\\/fotos15.apinmo.com\\\/1045\\\/28359471\\\/20-8.jpg&quot;,&quot;alt&quot;:&quot;Casa pareada en levantina con magnificas vistas al mar y a sitges - imagenInmueble7&quot;},{&quot;image&quot;:&quot;https:\\\/\\\/fotos15.apinmo.com\\\/1045\\\/28359471\\\/20-9.jpg&quot;,&quot;alt&quot;:&quot;Casa pareada en levantina con magnificas vistas al mar y a sitges - imagenInmueble8&quot;},{&quot;image&quot;:&quot;https:\\\/\\\/fotos15.apinmo.com\\\/1045\\\/28359471\\\/20-10.jpg&quot;,&quot;alt&quot;:&quot;Casa pareada en levantina con magnificas vistas al mar y a sitges - imagenInmueble9&quot;},{&quot;image&quot;:&quot;https:\\\/\\\/fotos15.apinmo.com\\\/1045\\\/28359471\\\/20-11.jpg&quot;,&quot;alt&quot;:&quot;Casa pareada en levantina con magnificas vistas al mar y a sitges - imagenInmueble10&quot;},{&quot;image&quot;:&quot;https:\\\/\\\/fotos15.apinmo.com\\\/1045\\\/28359471\\\/20-12.jpg&quot;,&quot;alt&quot;:&quot;Casa pareada en levantina con magnificas vistas al mar y a sitges - imagenInmueble11&quot;},{&quot;image&quot;:&quot;https:\\\/\\\/fotos15.apinmo.com\\\/1045\\\/28359471\\\/20-13.jpg&quot;,&quot;alt&quot;:&quot;Casa pareada en levantina con magnificas vistas al mar y a sitges - imagenInmueble12&quot;},{&quot;image&quot;:&quot;https:\\\/\\\/fotos15.apinmo.com\\\/1045\\\/28359471\\\/20-14.jpg&quot;,&quot;alt&quot;:&quot;Casa pareada en levantina con magnificas vistas al mar y a sitges - imagenInmueble13&quot;},{&quot;image&quot;:&quot;https:\\\/\\\/fotos15.apinmo.com\\\/1045\\\/28359471\\\/20-15.jpg&quot;,&quot;alt&quot;:&quot;Casa pareada en levantina con magnificas vistas al mar y a sitges - imagenInmueble14&quot;},{&quot;image&quot;:&quot;https:\\\/\\\/fotos15.apinmo.com\\\/1045\\\/28359471\\\/20-16.jpg&quot;,&quot;alt&quot;:&quot;Casa pareada en levantina con magnificas vistas al mar y a sitges - imagenInmueble15&quot;},{&quot;image&quot;:&quot;https:\\\/\\\/fotos15.apinmo.com\\\/1045\\\/28359471\\\/20-17.jpg&quot;,&quot;alt&quot;:&quot;Casa pareada en levantina con magnificas vistas al mar y a sitges - imagenInmueble16&quot;},{&quot;image&quot;:&quot;https:\\\/\\\/fotos15.apinmo.com\\\/1045\\\/28359471\\\/20-18.jpg&quot;,&quot;alt&quot;:&quot;Casa pareada en levantina con magnificas vistas al mar y a sitges - imagenInmueble17&quot;},{&quot;image&quot;:&quot;https:\\\/\\\/fotos15.apinmo.com\\\/1045\\\/28359471\\\/20-19.jpg&quot;,&quot;alt&quot;:&quot;Casa pareada en levantina con magnificas vistas al mar y a sitges - imagenInmueble18&quot;},{&quot;image&quot;:&quot;https:\\\/\\\/fotos15.apinmo.com\\\/1045\\\/28359471\\\/20-20.jpg&quot;,&quot;alt&quot;:&quot;Casa pareada en levantina con magnificas vistas al mar y a sitges - imagenInmueble19&quot;},{&quot;image&quot;:&quot;https:\\\/\\\/fotos15.apinmo.com\\\/1045\\\/28359471\\\/20-21.jpg&quot;,&quot;alt&quot;:&quot;Casa pareada en levantina con magnificas vistas al mar y a sitges - imagenInmueble20&quot;},{&quot;image&quot;:&quot;https:\\\/\\\/fotos15.apinmo.com\\\/1045\\\/28359471\\\/20-22.jpg&quot;,&quot;alt&quot;:&quot;Casa pareada en levantina con magnificas vistas al mar y a sitges - imagenInmueble21&quot;},{&quot;image&quot;:&quot;https:\\\/\\\/fotos15.apinmo.com\\\/1045\\\/28359471\\\/20-23.jpg&quot;,&quot;alt&quot;:&quot;Casa pareada en levantina con magnificas vistas al mar y a sitges - imagenInmueble22&quot;},{&quot;image&quot;:&quot;https:\\\/\\\/fotos15.apinmo.com\\\/1045\\\/28359471\\\/20-24.jpg&quot;,&quot;alt&quot;:&quot;Casa pareada en levantina con magnificas vistas al mar y a sitges - imagenInmueble23&quot;},{&quot;image&quot;:&quot;https:\\\/\\\/fotos15.apinmo.com\\\/1045\\\/28359471\\\/20-25.jpg&quot;,&quot;alt&quot;:&quot;Casa pareada en levantina con magnificas vistas al mar y a sitges - imagenInmueble24&quot;},{&quot;image&quot;:&quot;https:\\\/\\\/fotos15.apinmo.com\\\/1045\\\/28359471\\\/20-26.jpg&quot;,&quot;alt&quot;:&quot;Casa pareada en levantina con magnificas vistas al mar y a sitges - imagenInmueble25&quot;},{&quot;image&quot;:&quot;https:\\\/\\\/fotos15.apinmo.com\\\/1045\\\/28359471\\\/20-27.jpg&quot;,&quot;alt&quot;:&quot;Casa pareada en levantina con magnificas vistas al mar y a sitges - imagenInmueble26&quot;},{&quot;image&quot;:&quot;https:\\\/\\\/fotos15.apinmo.com\\\/1045\\\/28359471\\\/20-28.jpg&quot;,&quot;alt&quot;:&quot;Casa pareada en levantina con magnificas vistas al mar y a sitges - imagenInmueble27&quot;},{&quot;image&quot;:&quot;https:\\\/\\\/fotos15.apinmo.com\\\/1045\\\/28359471\\\/20-29.jpg&quot;,&quot;alt&quot;:&quot;Casa pareada en levantina con magnificas vistas al mar y a sitges - imagenInmueble28&quot;},{&quot;image&quot;:&quot;https:\\\/\\\/fotos15.apinmo.com\\\/1045\\\/28359471\\\/20-30.jpg&quot;,&quot;alt&quot;:&quot;Casa pareada en levantina con magnificas vistas al mar y a sitges - imagenInmueble29&quot;},{&quot;image&quot;:&quot;https:\\\/\\\/fotos15.apinmo.com\\\/1045\\\/28359471\\\/20-31.jpg&quot;,&quot;alt&quot;:&quot;Casa pareada en levantina con magnificas vistas al mar y a sitges - imagenInmueble30&quot;},{&quot;image&quot;:&quot;https:\\\/\\\/fotos15.apinmo.com\\\/1045\\\/28359471\\\/20-32.jpg&quot;,&quot;alt&quot;:&quot;Casa pareada en levantina con magnificas vistas al mar y a sitges - imagenInmueble31&quot;},{&quot;image&quot;:&quot;https:\\\/\\\/fotos15.apinmo.com\\\/1045\\\/28359471\\\/20-33.jpg&quot;,&quot;alt&quot;:&quot;Casa pareada en levantina con magnificas vistas al mar y a sitges - imagenInmueble32&quot;},{&quot;image&quot;:&quot;https:\\\/\\\/fotos15.apinmo.com\\\/1045\\\/28359471\\\/20-34.jpg&quot;,&quot;alt&quot;:&quot;Casa pareada en levantina con magnificas vistas al mar y a sitges - imagenInmueble33&quot;},{&quot;image&quot;:&quot;https:\\\/\\\/fotos15.apinmo.com\\\/1045\\\/28359471\\\/20-35.jpg&quot;,&quot;alt&quot;:&quot;Casa pareada en levantina con magnificas vistas al mar y a sitges - imagenInmueble34&quot;},{&quot;image&quot;:&quot;https:\\\/\\\/fotos15.apinmo.com\\\/1045\\\/28359471\\\/20-36.jpg&quot;,&quot;alt&quot;:&quot;Casa pareada en levantina con magnificas vistas al mar y a sitges - imagenInmueble35&quot;},{&quot;image&quot;:&quot;https:\\\/\\\/fotos15.apinmo.com\\\/1045\\\/28359471\\\/20-37.jpg&quot;,&quot;alt&quot;:&quot;Casa pareada en levantina con magnificas vistas al mar y a sitges - imagenInmueble36&quot;},{&quot;image&quot;:&quot;https:\\\/\\\/fotos15.apinmo.com\\\/1045\\\/28359471\\\/20-38.jpg&quot;,&quot;alt&quot;:&quot;Casa pareada en levantina con magnificas vistas al mar y a sitges - imagenInmueble37&quot;},{&quot;image&quot;:&quot;https:\\\/\\\/fotos15.apinmo.com\\\/1045\\\/28359471\\\/20-39.jpg&quot;,&quot;alt&quot;:&quot;Casa pareada en levantina con magnificas vistas al mar y a sitges - imagenInmueble38&quot;},{&quot;image&quot;:&quot;https:\\\/\\\/fotos15.apinmo.com\\\/1045\\\/28359471\\\/20-40.jpg&quot;,&quot;alt&quot;:&quot;Casa pareada en levantina con magnificas vistas al mar y a sitges - imagenInmueble39&quot;},{&quot;image&quot;:&quot;https:\\\/\\\/fotos15.apinmo.com\\\/1045\\\/28359471\\\/20-41.jpg&quot;,&quot;alt&quot;:&quot;Casa pareada en levantina con magnificas vistas al mar y a sitges - imagenInmueble40&quot;},{&quot;image&quot;:&quot;https:\\\/\\\/fotos15.apinmo.com\\\/1045\\\/28359471\\\/20-42.jpg&quot;,&quot;alt&quot;:&quot;Casa pareada en levantina con magnificas vistas al mar y a sitges - imagenInmueble41&quot;},{&quot;image&quot;:&quot;https:\\\/\\\/fotos15.apinmo.com\\\/1045\\\/28359471\\\/20-43.jpg&quot;,&quot;alt&quot;:&quot;Casa pareada en levantina con magnificas vistas al mar y a sitges - imagenInmueble42&quot;},{&quot;image&quot;:&quot;https:\\\/\\\/fotos15.apinmo.com\\\/1045\\\/28359471\\\/20-44.jpg&quot;,&quot;alt&quot;:&quot;Casa pareada en levantina con magnificas vistas al mar y a sitges - imagenInmueble43&quot;},{&quot;image&quot;:&quot;https:\\\/\\\/fotos15.apinmo.com\\\/1045\\\/28359471\\\/20-45.jpg&quot;,&quot;alt&quot;:&quot;Casa pareada en levantina con magnificas vistas al mar y a sitges - imagenInmueble44&quot;},{&quot;image&quot;:&quot;https:\\\/\\\/fotos15.apinmo.com\\\/1045\\\/28359471\\\/20-46.jpg&quot;,&quot;alt&quot;:&quot;Casa pareada en levantina con magnificas vistas al mar y a sitges - imagenInmueble45&quot;},{&quot;image&quot;:&quot;https:\\\/\\\/fotos15.apinmo.com\\\/1045\\\/28359471\\\/20-47.jpg&quot;,&quot;alt&quot;:&quot;Casa pareada en levantina con magnificas vistas al mar y a sitges - imagenInmueble46&quot;},{&quot;image&quot;:&quot;https:\\\/\\\/fotos15.apinmo.com\\\/1045\\\/28359471\\\/20-48.jpg&quot;,&quot;alt&quot;:&quot;Casa pareada en levantina con magnificas vistas al mar y a sitges - imagenInmueble47&quot;},{&quot;image&quot;:&quot;https:\\\/\\\/fotos15.apinmo.com\\\/1045\\\/28359471\\\/20-49.jpg&quot;,&quot;alt&quot;:&quot;Casa pareada en levantina con magnificas vistas al mar y a sitges - imagenInmueble48&quot;}]\">\n\t<div class=\"item-wrap item-wrap-v1 item-wrap-no-frame h-100\">\n\t\t<div class=\"d-flex align-items-center h-100\">\n\t\t\t<div class=\"item-header\">\n\t\t\t\t\t\t\t\t<div class=\"labels-wrap labels-right\"> \n\n\t<a href=\"https:\/\/www.laclauelite.com\/fr\/status\/vente\/\" class=\"label-status label status-color-165\">\n\t\t\t\t\tVente\n\t\t\t\t<\/a>       \n\n<\/div>\n\t\t\t\t<ul class=\"item-price-wrap hide-on-list\">\n\t<li class=\"item-price\">740,000\u20ac<\/li><\/ul>\t\t\t\t<ul class=\"item-tools\">\n\n        <li class=\"item-tool item-preview\">\n        <span class=\"hz-show-lightbox-js\" data-listid=\"1082121\" data-toggle=\"tooltip\" data-placement=\"top\" title=\"Preview\">\n                <i class=\"houzez-icon icon-expand-3\"><\/i>   \n        <\/span><!-- item-tool-favorite -->\n    <\/li><!-- item-tool -->\n        \n        <li class=\"item-tool item-favorite\">\n        <span class=\"add-favorite-js item-tool-favorite\" data-toggle=\"tooltip\" data-placement=\"top\" title=\"Favourite\" data-listid=\"1082121\">\n            <i class=\"houzez-icon icon-love-it \"><\/i> \n        <\/span><!-- item-tool-favorite -->\n    <\/li><!-- item-tool -->\n    \n        <li class=\"item-tool item-compare\">\n        <span class=\"houzez_compare compare-1082121 item-tool-compare show-compare-panel\" data-toggle=\"tooltip\" data-placement=\"top\" title=\"Add to Compare\" data-listing_id=\"1082121\" data-listing_image=\"https:\/\/fotos15.apinmo.com\/1045\/28359471\/20-1.jpg\">\n            <i class=\"houzez-icon icon-add-circle\"><\/i>\n        <\/span><!-- item-tool-compare -->\n    <\/li><!-- item-tool -->\n    <\/ul><!-- item-tools -->\n\t\t\t\t<div class=\"listing-image-wrap\">\n\t<div class=\"listing-thumb\">\n\t\t<a target=_self href=\"https:\/\/www.laclauelite.com\/fr\/property\/casa-pareada-en-levantina-con-magnificas-vistas-al-mar-y-a-sitges-11409-fr\/\" class=\"listing-featured-thumb hover-effect\">\n\t\t\t                                                                                                                                                                                    <img loading=\"lazy\" decoding=\"async\" width=\"850\" height=\"426\" src=\"https:\/\/fotos15.apinmo.com\/1045\/28359471\/20-1.jpg\" class=\"img-fluid wp-post-image\" alt=\"Casa pareada en levantina con magnificas vistas al mar y a sitges - imagenInmueble0\" srcset=\"https:\/\/fotos15.apinmo.com\/1045\/28359471\/20-1.jpg 850w, https:\/\/fotos15.apinmo.com\/1045\/28359471\/20-1.jpg 300w, https:\/\/fotos15.apinmo.com\/1045\/28359471\/20-1.jpg 768w, https:\/\/fotos15.apinmo.com\/1045\/28359471\/20-1s.jpg 150w, https:\/\/fotos15.apinmo.com\/1045\/28359471\/20-1.jpg 536w, https:\/\/fotos15.apinmo.com\/1045\/28359471\/20-1.jpg 770w\" sizes=\"(max-width: 850px) 100vw, 850px\" \/>\t\t<\/a><!-- hover-effect -->\n\t<\/div>\n<\/div>\n\t\t\t\t<div class=\"preview_loader\"><\/div>\n\t\t\t<\/div><!-- item-header -->\t\n\t\t\t<div class=\"item-body flex-grow-1\">\n\t\t\t\t<div class=\"labels-wrap labels-right\"> \n\n\t<a href=\"https:\/\/www.laclauelite.com\/fr\/status\/vente\/\" class=\"label-status label status-color-165\">\n\t\t\t\t\tVente\n\t\t\t\t<\/a>       \n\n<\/div>\n\t\t\t\t<h2 class=\"item-title\">\n\t<a target=_self href=\"https:\/\/www.laclauelite.com\/fr\/property\/casa-pareada-en-levantina-con-magnificas-vistas-al-mar-y-a-sitges-11409-fr\/\">Casa pareada en Levantina con magnificas vistas al mar y a Sitges &#8211; 11409<\/a>\n<\/h2><!-- item-title -->\t\t\t\t<ul class=\"item-price-wrap hide-on-list\">\n\t<li class=\"item-price\">740,000\u20ac<\/li><\/ul>\t\t\t\t<address class=\"item-address\">Sitges,Barcelona,Spain<\/address>\t\t\t\t<ul class=\"item-amenities item-amenities-with-icons\">\n\t<li class=\"h-beds\"><i class=\"houzez-icon icon-hotel-double-bed-1 mr-1\"><\/i><span class=\"item-amenities-text\">Camas:<\/span> <span class=\"hz-figure\">4<\/span><\/li><li class=\"h-baths\"><i class=\"houzez-icon icon-bathroom-shower-1 mr-1\"><\/i><span class=\"item-amenities-text\">Ba\u00f1os:<\/span> <span class=\"hz-figure\">2<\/span><\/li><li class=\"h-area\"><i class=\"houzez-icon icon-ruler-triangle mr-1\"><\/i><span class=\"hz-figure\">201<\/span> <span class=\"hz-figure area_postfix\">m&sup2;<\/span><\/li><li class=\"h-type\"><span>pench\u00e9<\/span><\/li><\/ul>\t\t\t\t<a class=\"btn btn-primary btn-item \" target=_self href=\"https:\/\/www.laclauelite.com\/fr\/property\/casa-pareada-en-levantina-con-magnificas-vistas-al-mar-y-a-sitges-11409-fr\/\">\n\tD\u00e9tails<\/a><!-- btn-item -->\n\t\t\t\t<div class=\"item-author\">\n\t<i class=\"houzez-icon icon-single-neutral mr-1\"><\/i>\n\t<a href=\"https:\/\/www.laclauelite.com\/fr\/agent\/fincas-la-clau-elite\/\">Fincas La Clau Elite<\/a> <\/div><!-- item-author -->\n\t\t\t\t<div class=\"item-date\">\n\t<i class=\"houzez-icon icon-attachment mr-1\"><\/i>\n\til y a3 semaines<\/div><!-- item-date -->\n\t\t\t<\/div><!-- item-body -->\n\n\t\t\t\t\t\t<div class=\"item-footer clearfix\">\n\t\t\t\t<div class=\"item-author\">\n\t<i class=\"houzez-icon icon-single-neutral mr-1\"><\/i>\n\t<a href=\"https:\/\/www.laclauelite.com\/fr\/agent\/fincas-la-clau-elite\/\">Fincas La Clau Elite<\/a> <\/div><!-- item-author -->\n\t\t\t\t<div class=\"item-date\">\n\t<i class=\"houzez-icon icon-attachment mr-1\"><\/i>\n\til y a3 semaines<\/div><!-- item-date -->\n\t\t\t<\/div>\n\t\t\t\t\t<\/div><!-- d-flex -->\n\t<\/div><!-- item-wrap -->\n<\/div><!-- item-listing-wrap --><div class=\"item-listing-wrap hz-item-gallery-js card\" data-hz-id=\"hz-1082064\" data-images=\"[{&quot;image&quot;:&quot;https:\\\/\\\/fotos15.apinmo.com\\\/1045\\\/28355869\\\/12-1.jpg&quot;,&quot;alt&quot;:&quot;Fabulosa casa adosada en la zona de els ametllets, a solo unos minutos del centro. - imagenInmueble0&quot;},{&quot;image&quot;:&quot;https:\\\/\\\/fotos15.apinmo.com\\\/1045\\\/28355869\\\/12-1.jpg&quot;,&quot;alt&quot;:&quot;Fabulosa casa adosada en la zona de els ametllets, a solo unos minutos del centro. - imagenInmueble0&quot;},{&quot;image&quot;:&quot;https:\\\/\\\/fotos15.apinmo.com\\\/1045\\\/28355869\\\/12-2.jpg&quot;,&quot;alt&quot;:&quot;Fabulosa casa adosada en la zona de els ametllets, a solo unos minutos del centro. - imagenInmueble1&quot;},{&quot;image&quot;:&quot;https:\\\/\\\/fotos15.apinmo.com\\\/1045\\\/28355869\\\/12-3.jpg&quot;,&quot;alt&quot;:&quot;Fabulosa casa adosada en la zona de els ametllets, a solo unos minutos del centro. - imagenInmueble2&quot;},{&quot;image&quot;:&quot;https:\\\/\\\/fotos15.apinmo.com\\\/1045\\\/28355869\\\/12-4.jpg&quot;,&quot;alt&quot;:&quot;Fabulosa casa adosada en la zona de els ametllets, a solo unos minutos del centro. - imagenInmueble3&quot;},{&quot;image&quot;:&quot;https:\\\/\\\/fotos15.apinmo.com\\\/1045\\\/28355869\\\/12-5.jpg&quot;,&quot;alt&quot;:&quot;Fabulosa casa adosada en la zona de els ametllets, a solo unos minutos del centro. - imagenInmueble4&quot;},{&quot;image&quot;:&quot;https:\\\/\\\/fotos15.apinmo.com\\\/1045\\\/28355869\\\/12-6.jpg&quot;,&quot;alt&quot;:&quot;Fabulosa casa adosada en la zona de els ametllets, a solo unos minutos del centro. - imagenInmueble5&quot;},{&quot;image&quot;:&quot;https:\\\/\\\/fotos15.apinmo.com\\\/1045\\\/28355869\\\/12-7.jpg&quot;,&quot;alt&quot;:&quot;Fabulosa casa adosada en la zona de els ametllets, a solo unos minutos del centro. - imagenInmueble6&quot;},{&quot;image&quot;:&quot;https:\\\/\\\/fotos15.apinmo.com\\\/1045\\\/28355869\\\/12-8.jpg&quot;,&quot;alt&quot;:&quot;Fabulosa casa adosada en la zona de els ametllets, a solo unos minutos del centro. - imagenInmueble7&quot;},{&quot;image&quot;:&quot;https:\\\/\\\/fotos15.apinmo.com\\\/1045\\\/28355869\\\/12-9.jpg&quot;,&quot;alt&quot;:&quot;Fabulosa casa adosada en la zona de els ametllets, a solo unos minutos del centro. - imagenInmueble8&quot;},{&quot;image&quot;:&quot;https:\\\/\\\/fotos15.apinmo.com\\\/1045\\\/28355869\\\/12-10.jpg&quot;,&quot;alt&quot;:&quot;Fabulosa casa adosada en la zona de els ametllets, a solo unos minutos del centro. - imagenInmueble9&quot;},{&quot;image&quot;:&quot;https:\\\/\\\/fotos15.apinmo.com\\\/1045\\\/28355869\\\/12-11.jpg&quot;,&quot;alt&quot;:&quot;Fabulosa casa adosada en la zona de els ametllets, a solo unos minutos del centro. - imagenInmueble10&quot;},{&quot;image&quot;:&quot;https:\\\/\\\/fotos15.apinmo.com\\\/1045\\\/28355869\\\/12-12.jpg&quot;,&quot;alt&quot;:&quot;Fabulosa casa adosada en la zona de els ametllets, a solo unos minutos del centro. - imagenInmueble11&quot;},{&quot;image&quot;:&quot;https:\\\/\\\/fotos15.apinmo.com\\\/1045\\\/28355869\\\/12-13.jpg&quot;,&quot;alt&quot;:&quot;Fabulosa casa adosada en la zona de els ametllets, a solo unos minutos del centro. - imagenInmueble12&quot;},{&quot;image&quot;:&quot;https:\\\/\\\/fotos15.apinmo.com\\\/1045\\\/28355869\\\/12-14.jpg&quot;,&quot;alt&quot;:&quot;Fabulosa casa adosada en la zona de els ametllets, a solo unos minutos del centro. - imagenInmueble13&quot;},{&quot;image&quot;:&quot;https:\\\/\\\/fotos15.apinmo.com\\\/1045\\\/28355869\\\/12-15.jpg&quot;,&quot;alt&quot;:&quot;Fabulosa casa adosada en la zona de els ametllets, a solo unos minutos del centro. - imagenInmueble14&quot;},{&quot;image&quot;:&quot;https:\\\/\\\/fotos15.apinmo.com\\\/1045\\\/28355869\\\/12-16.jpg&quot;,&quot;alt&quot;:&quot;Fabulosa casa adosada en la zona de els ametllets, a solo unos minutos del centro. - imagenInmueble15&quot;},{&quot;image&quot;:&quot;https:\\\/\\\/fotos15.apinmo.com\\\/1045\\\/28355869\\\/12-17.jpg&quot;,&quot;alt&quot;:&quot;Fabulosa casa adosada en la zona de els ametllets, a solo unos minutos del centro. - imagenInmueble16&quot;},{&quot;image&quot;:&quot;https:\\\/\\\/fotos15.apinmo.com\\\/1045\\\/28355869\\\/12-18.jpg&quot;,&quot;alt&quot;:&quot;Fabulosa casa adosada en la zona de els ametllets, a solo unos minutos del centro. - imagenInmueble17&quot;},{&quot;image&quot;:&quot;https:\\\/\\\/fotos15.apinmo.com\\\/1045\\\/28355869\\\/12-19.jpg&quot;,&quot;alt&quot;:&quot;Fabulosa casa adosada en la zona de els ametllets, a solo unos minutos del centro. - imagenInmueble18&quot;},{&quot;image&quot;:&quot;https:\\\/\\\/fotos15.apinmo.com\\\/1045\\\/28355869\\\/12-20.jpg&quot;,&quot;alt&quot;:&quot;Fabulosa casa adosada en la zona de els ametllets, a solo unos minutos del centro. - imagenInmueble19&quot;},{&quot;image&quot;:&quot;https:\\\/\\\/fotos15.apinmo.com\\\/1045\\\/28355869\\\/12-21.jpg&quot;,&quot;alt&quot;:&quot;Fabulosa casa adosada en la zona de els ametllets, a solo unos minutos del centro. - imagenInmueble20&quot;},{&quot;image&quot;:&quot;https:\\\/\\\/fotos15.apinmo.com\\\/1045\\\/28355869\\\/12-22.jpg&quot;,&quot;alt&quot;:&quot;Fabulosa casa adosada en la zona de els ametllets, a solo unos minutos del centro. - imagenInmueble21&quot;},{&quot;image&quot;:&quot;https:\\\/\\\/fotos15.apinmo.com\\\/1045\\\/28355869\\\/12-23.jpg&quot;,&quot;alt&quot;:&quot;Fabulosa casa adosada en la zona de els ametllets, a solo unos minutos del centro. - imagenInmueble22&quot;},{&quot;image&quot;:&quot;https:\\\/\\\/fotos15.apinmo.com\\\/1045\\\/28355869\\\/12-24.jpg&quot;,&quot;alt&quot;:&quot;Fabulosa casa adosada en la zona de els ametllets, a solo unos minutos del centro. - imagenInmueble23&quot;},{&quot;image&quot;:&quot;https:\\\/\\\/fotos15.apinmo.com\\\/1045\\\/28355869\\\/12-25.jpg&quot;,&quot;alt&quot;:&quot;Fabulosa casa adosada en la zona de els ametllets, a solo unos minutos del centro. - imagenInmueble24&quot;},{&quot;image&quot;:&quot;https:\\\/\\\/fotos15.apinmo.com\\\/1045\\\/28355869\\\/12-26.jpg&quot;,&quot;alt&quot;:&quot;Fabulosa casa adosada en la zona de els ametllets, a solo unos minutos del centro. - imagenInmueble25&quot;},{&quot;image&quot;:&quot;https:\\\/\\\/fotos15.apinmo.com\\\/1045\\\/28355869\\\/12-27.jpg&quot;,&quot;alt&quot;:&quot;Fabulosa casa adosada en la zona de els ametllets, a solo unos minutos del centro. - imagenInmueble26&quot;},{&quot;image&quot;:&quot;https:\\\/\\\/fotos15.apinmo.com\\\/1045\\\/28355869\\\/12-28.jpg&quot;,&quot;alt&quot;:&quot;Fabulosa casa adosada en la zona de els ametllets, a solo unos minutos del centro. - imagenInmueble27&quot;},{&quot;image&quot;:&quot;https:\\\/\\\/fotos15.apinmo.com\\\/1045\\\/28355869\\\/12-29.jpg&quot;,&quot;alt&quot;:&quot;Fabulosa casa adosada en la zona de els ametllets, a solo unos minutos del centro. - imagenInmueble28&quot;},{&quot;image&quot;:&quot;https:\\\/\\\/fotos15.apinmo.com\\\/1045\\\/28355869\\\/12-30.jpg&quot;,&quot;alt&quot;:&quot;Fabulosa casa adosada en la zona de els ametllets, a solo unos minutos del centro. - imagenInmueble29&quot;},{&quot;image&quot;:&quot;https:\\\/\\\/fotos15.apinmo.com\\\/1045\\\/28355869\\\/12-31.jpg&quot;,&quot;alt&quot;:&quot;Fabulosa casa adosada en la zona de els ametllets, a solo unos minutos del centro. - imagenInmueble30&quot;},{&quot;image&quot;:&quot;https:\\\/\\\/fotos15.apinmo.com\\\/1045\\\/28355869\\\/12-32.jpg&quot;,&quot;alt&quot;:&quot;Fabulosa casa adosada en la zona de els ametllets, a solo unos minutos del centro. - imagenInmueble31&quot;},{&quot;image&quot;:&quot;https:\\\/\\\/fotos15.apinmo.com\\\/1045\\\/28355869\\\/12-33.jpg&quot;,&quot;alt&quot;:&quot;Fabulosa casa adosada en la zona de els ametllets, a solo unos minutos del centro. - imagenInmueble32&quot;},{&quot;image&quot;:&quot;https:\\\/\\\/fotos15.apinmo.com\\\/1045\\\/28355869\\\/12-34.jpg&quot;,&quot;alt&quot;:&quot;Fabulosa casa adosada en la zona de els ametllets, a solo unos minutos del centro. - imagenInmueble33&quot;},{&quot;image&quot;:&quot;https:\\\/\\\/fotos15.apinmo.com\\\/1045\\\/28355869\\\/12-35.jpg&quot;,&quot;alt&quot;:&quot;Fabulosa casa adosada en la zona de els ametllets, a solo unos minutos del centro. - imagenInmueble34&quot;},{&quot;image&quot;:&quot;https:\\\/\\\/fotos15.apinmo.com\\\/1045\\\/28355869\\\/12-36.jpg&quot;,&quot;alt&quot;:&quot;Fabulosa casa adosada en la zona de els ametllets, a solo unos minutos del centro. - imagenInmueble35&quot;},{&quot;image&quot;:&quot;https:\\\/\\\/fotos15.apinmo.com\\\/1045\\\/28355869\\\/12-37.jpg&quot;,&quot;alt&quot;:&quot;Fabulosa casa adosada en la zona de els ametllets, a solo unos minutos del centro. - imagenInmueble36&quot;},{&quot;image&quot;:&quot;https:\\\/\\\/fotos15.apinmo.com\\\/1045\\\/28355869\\\/12-38.jpg&quot;,&quot;alt&quot;:&quot;Fabulosa casa adosada en la zona de els ametllets, a solo unos minutos del centro. - imagenInmueble37&quot;},{&quot;image&quot;:&quot;https:\\\/\\\/fotos15.apinmo.com\\\/1045\\\/28355869\\\/12-39.jpg&quot;,&quot;alt&quot;:&quot;Fabulosa casa adosada en la zona de els ametllets, a solo unos minutos del centro. - imagenInmueble38&quot;},{&quot;image&quot;:&quot;https:\\\/\\\/fotos15.apinmo.com\\\/1045\\\/28355869\\\/12-40.jpg&quot;,&quot;alt&quot;:&quot;Fabulosa casa adosada en la zona de els ametllets, a solo unos minutos del centro. - imagenInmueble39&quot;},{&quot;image&quot;:&quot;https:\\\/\\\/fotos15.apinmo.com\\\/1045\\\/28355869\\\/12-41.jpg&quot;,&quot;alt&quot;:&quot;Fabulosa casa adosada en la zona de els ametllets, a solo unos minutos del centro. - imagenInmueble40&quot;},{&quot;image&quot;:&quot;https:\\\/\\\/fotos15.apinmo.com\\\/1045\\\/28355869\\\/12-42.jpg&quot;,&quot;alt&quot;:&quot;Fabulosa casa adosada en la zona de els ametllets, a solo unos minutos del centro. - imagenInmueble41&quot;},{&quot;image&quot;:&quot;https:\\\/\\\/fotos15.apinmo.com\\\/1045\\\/28355869\\\/12-43.jpg&quot;,&quot;alt&quot;:&quot;Fabulosa casa adosada en la zona de els ametllets, a solo unos minutos del centro. - imagenInmueble42&quot;},{&quot;image&quot;:&quot;https:\\\/\\\/fotos15.apinmo.com\\\/1045\\\/28355869\\\/12-44.jpg&quot;,&quot;alt&quot;:&quot;Fabulosa casa adosada en la zona de els ametllets, a solo unos minutos del centro. - imagenInmueble43&quot;},{&quot;image&quot;:&quot;https:\\\/\\\/fotos15.apinmo.com\\\/1045\\\/28355869\\\/12-45.jpg&quot;,&quot;alt&quot;:&quot;Fabulosa casa adosada en la zona de els ametllets, a solo unos minutos del centro. - imagenInmueble44&quot;},{&quot;image&quot;:&quot;https:\\\/\\\/fotos15.apinmo.com\\\/1045\\\/28355869\\\/12-46.jpg&quot;,&quot;alt&quot;:&quot;Fabulosa casa adosada en la zona de els ametllets, a solo unos minutos del centro. - imagenInmueble45&quot;},{&quot;image&quot;:&quot;https:\\\/\\\/fotos15.apinmo.com\\\/1045\\\/28355869\\\/12-47.jpg&quot;,&quot;alt&quot;:&quot;Fabulosa casa adosada en la zona de els ametllets, a solo unos minutos del centro. - imagenInmueble46&quot;},{&quot;image&quot;:&quot;https:\\\/\\\/fotos15.apinmo.com\\\/1045\\\/28355869\\\/12-48.jpg&quot;,&quot;alt&quot;:&quot;Fabulosa casa adosada en la zona de els ametllets, a solo unos minutos del centro. - imagenInmueble47&quot;},{&quot;image&quot;:&quot;https:\\\/\\\/fotos15.apinmo.com\\\/1045\\\/28355869\\\/12-49.jpg&quot;,&quot;alt&quot;:&quot;Fabulosa casa adosada en la zona de els ametllets, a solo unos minutos del centro. - imagenInmueble48&quot;},{&quot;image&quot;:&quot;https:\\\/\\\/fotos15.apinmo.com\\\/1045\\\/28355869\\\/12-50.jpg&quot;,&quot;alt&quot;:&quot;Fabulosa casa adosada en la zona de els ametllets, a solo unos minutos del centro. - imagenInmueble49&quot;},{&quot;image&quot;:&quot;https:\\\/\\\/fotos15.apinmo.com\\\/1045\\\/28355869\\\/12-51.jpg&quot;,&quot;alt&quot;:&quot;Fabulosa casa adosada en la zona de els ametllets, a solo unos minutos del centro. - imagenInmueble50&quot;},{&quot;image&quot;:&quot;https:\\\/\\\/fotos15.apinmo.com\\\/1045\\\/28355869\\\/12-52.jpg&quot;,&quot;alt&quot;:&quot;Fabulosa casa adosada en la zona de els ametllets, a solo unos minutos del centro. - imagenInmueble51&quot;}]\">\n\t<div class=\"item-wrap item-wrap-v1 item-wrap-no-frame h-100\">\n\t\t<div class=\"d-flex align-items-center h-100\">\n\t\t\t<div class=\"item-header\">\n\t\t\t\t\t\t\t\t<div class=\"labels-wrap labels-right\"> \n\n\t<a href=\"https:\/\/www.laclauelite.com\/fr\/status\/vente\/\" class=\"label-status label status-color-165\">\n\t\t\t\t\tVente\n\t\t\t\t<\/a>       \n\n<\/div>\n\t\t\t\t<ul class=\"item-price-wrap hide-on-list\">\n\t<li class=\"item-price\">1,070,000\u20ac<\/li><\/ul>\t\t\t\t<ul class=\"item-tools\">\n\n        <li class=\"item-tool item-preview\">\n        <span class=\"hz-show-lightbox-js\" data-listid=\"1082064\" data-toggle=\"tooltip\" data-placement=\"top\" title=\"Preview\">\n                <i class=\"houzez-icon icon-expand-3\"><\/i>   \n        <\/span><!-- item-tool-favorite -->\n    <\/li><!-- item-tool -->\n        \n        <li class=\"item-tool item-favorite\">\n        <span class=\"add-favorite-js item-tool-favorite\" data-toggle=\"tooltip\" data-placement=\"top\" title=\"Favourite\" data-listid=\"1082064\">\n            <i class=\"houzez-icon icon-love-it \"><\/i> \n        <\/span><!-- item-tool-favorite -->\n    <\/li><!-- item-tool -->\n    \n        <li class=\"item-tool item-compare\">\n        <span class=\"houzez_compare compare-1082064 item-tool-compare show-compare-panel\" data-toggle=\"tooltip\" data-placement=\"top\" title=\"Add to Compare\" data-listing_id=\"1082064\" data-listing_image=\"https:\/\/fotos15.apinmo.com\/1045\/28355869\/12-1.jpg\">\n            <i class=\"houzez-icon icon-add-circle\"><\/i>\n        <\/span><!-- item-tool-compare -->\n    <\/li><!-- item-tool -->\n    <\/ul><!-- item-tools -->\n\t\t\t\t<div class=\"listing-image-wrap\">\n\t<div class=\"listing-thumb\">\n\t\t<a target=_self href=\"https:\/\/www.laclauelite.com\/fr\/property\/fabulosa-casa-adosada-en-la-zona-de-els-ametllets-a-solo-unos-minutos-del-centro-11408-fr\/\" class=\"listing-featured-thumb hover-effect\">\n\t\t\t                                                                                                                                                                                    <img loading=\"lazy\" decoding=\"async\" width=\"850\" height=\"426\" src=\"https:\/\/fotos15.apinmo.com\/1045\/28355869\/12-1.jpg\" class=\"img-fluid wp-post-image\" alt=\"Fabulosa casa adosada en la zona de els ametllets, a solo unos minutos del centro. - imagenInmueble0\" srcset=\"https:\/\/fotos15.apinmo.com\/1045\/28355869\/12-1.jpg 850w, https:\/\/fotos15.apinmo.com\/1045\/28355869\/12-1.jpg 300w, https:\/\/fotos15.apinmo.com\/1045\/28355869\/12-1.jpg 768w, https:\/\/fotos15.apinmo.com\/1045\/28355869\/12-1s.jpg 150w, https:\/\/fotos15.apinmo.com\/1045\/28355869\/12-1.jpg 536w, https:\/\/fotos15.apinmo.com\/1045\/28355869\/12-1.jpg 770w\" sizes=\"(max-width: 850px) 100vw, 850px\" \/>\t\t<\/a><!-- hover-effect -->\n\t<\/div>\n<\/div>\n\t\t\t\t<div class=\"preview_loader\"><\/div>\n\t\t\t<\/div><!-- item-header -->\t\n\t\t\t<div class=\"item-body flex-grow-1\">\n\t\t\t\t<div class=\"labels-wrap labels-right\"> \n\n\t<a href=\"https:\/\/www.laclauelite.com\/fr\/status\/vente\/\" class=\"label-status label status-color-165\">\n\t\t\t\t\tVente\n\t\t\t\t<\/a>       \n\n<\/div>\n\t\t\t\t<h2 class=\"item-title\">\n\t<a target=_self href=\"https:\/\/www.laclauelite.com\/fr\/property\/fabulosa-casa-adosada-en-la-zona-de-els-ametllets-a-solo-unos-minutos-del-centro-11408-fr\/\">Fabulosa casa adosada en la zona de Els Ametllets, a solo unos minutos del centro. &#8211; 11408<\/a>\n<\/h2><!-- item-title -->\t\t\t\t<ul class=\"item-price-wrap hide-on-list\">\n\t<li class=\"item-price\">1,070,000\u20ac<\/li><\/ul>\t\t\t\t<address class=\"item-address\">Sitges,Barcelona,Spain<\/address>\t\t\t\t<ul class=\"item-amenities item-amenities-with-icons\">\n\t<li class=\"h-beds\"><i class=\"houzez-icon icon-hotel-double-bed-1 mr-1\"><\/i><span class=\"item-amenities-text\">Camas:<\/span> <span class=\"hz-figure\">5<\/span><\/li><li class=\"h-baths\"><i class=\"houzez-icon icon-bathroom-shower-1 mr-1\"><\/i><span class=\"item-amenities-text\">Ba\u00f1os:<\/span> <span class=\"hz-figure\">3<\/span><\/li><li class=\"h-area\"><i class=\"houzez-icon icon-ruler-triangle mr-1\"><\/i><span class=\"hz-figure\">225<\/span> <span class=\"hz-figure area_postfix\">m&sup2;<\/span><\/li><li class=\"h-type\"><span>pench\u00e9<\/span><\/li><\/ul>\t\t\t\t<a class=\"btn btn-primary btn-item \" target=_self href=\"https:\/\/www.laclauelite.com\/fr\/property\/fabulosa-casa-adosada-en-la-zona-de-els-ametllets-a-solo-unos-minutos-del-centro-11408-fr\/\">\n\tD\u00e9tails<\/a><!-- btn-item -->\n\t\t\t\t<div class=\"item-author\">\n\t<i class=\"houzez-icon icon-single-neutral mr-1\"><\/i>\n\t<a href=\"https:\/\/www.laclauelite.com\/fr\/agent\/fincas-la-clau-elite\/\">Fincas La Clau Elite<\/a> <\/div><!-- item-author -->\n\t\t\t\t<div class=\"item-date\">\n\t<i class=\"houzez-icon icon-attachment mr-1\"><\/i>\n\til y a3 semaines<\/div><!-- item-date -->\n\t\t\t<\/div><!-- item-body -->\n\n\t\t\t\t\t\t<div class=\"item-footer clearfix\">\n\t\t\t\t<div class=\"item-author\">\n\t<i class=\"houzez-icon icon-single-neutral mr-1\"><\/i>\n\t<a href=\"https:\/\/www.laclauelite.com\/fr\/agent\/fincas-la-clau-elite\/\">Fincas La Clau Elite<\/a> <\/div><!-- item-author -->\n\t\t\t\t<div class=\"item-date\">\n\t<i class=\"houzez-icon icon-attachment mr-1\"><\/i>\n\til y a3 semaines<\/div><!-- item-date -->\n\t\t\t<\/div>\n\t\t\t\t\t<\/div><!-- d-flex -->\n\t<\/div><!-- item-wrap -->\n<\/div><!-- item-listing-wrap --><div class=\"item-listing-wrap hz-item-gallery-js card\" data-hz-id=\"hz-1081953\" data-images=\"[{&quot;image&quot;:&quot;https:\\\/\\\/fotos15.apinmo.com\\\/1045\\\/17241821\\\/4-1.jpg&quot;,&quot;alt&quot;:&quot;Casa pareada obra nueva mas alba - imagenInmueble0&quot;},{&quot;image&quot;:&quot;https:\\\/\\\/fotos15.apinmo.com\\\/1045\\\/17241821\\\/4-1.jpg&quot;,&quot;alt&quot;:&quot;Casa pareada obra nueva mas alba - imagenInmueble0&quot;},{&quot;image&quot;:&quot;https:\\\/\\\/fotos15.apinmo.com\\\/1045\\\/17241821\\\/4-2.jpg&quot;,&quot;alt&quot;:&quot;Casa pareada obra nueva mas alba - imagenInmueble1&quot;},{&quot;image&quot;:&quot;https:\\\/\\\/fotos15.apinmo.com\\\/1045\\\/17241821\\\/4-3.jpg&quot;,&quot;alt&quot;:&quot;Casa pareada obra nueva mas alba - imagenInmueble2&quot;},{&quot;image&quot;:&quot;https:\\\/\\\/fotos15.apinmo.com\\\/1045\\\/17241821\\\/4-4.jpg&quot;,&quot;alt&quot;:&quot;Casa pareada obra nueva mas alba - imagenInmueble3&quot;},{&quot;image&quot;:&quot;https:\\\/\\\/fotos15.apinmo.com\\\/1045\\\/17241821\\\/4-5.jpg&quot;,&quot;alt&quot;:&quot;Casa pareada obra nueva mas alba - imagenInmueble4&quot;},{&quot;image&quot;:&quot;https:\\\/\\\/fotos15.apinmo.com\\\/1045\\\/17241821\\\/4-6.jpg&quot;,&quot;alt&quot;:&quot;Casa pareada obra nueva mas alba - imagenInmueble5&quot;},{&quot;image&quot;:&quot;https:\\\/\\\/fotos15.apinmo.com\\\/1045\\\/17241821\\\/4-7.jpg&quot;,&quot;alt&quot;:&quot;Casa pareada obra nueva mas alba - imagenInmueble6&quot;},{&quot;image&quot;:&quot;https:\\\/\\\/fotos15.apinmo.com\\\/1045\\\/17241821\\\/4-8.jpg&quot;,&quot;alt&quot;:&quot;Casa pareada obra nueva mas alba - imagenInmueble7&quot;},{&quot;image&quot;:&quot;https:\\\/\\\/fotos15.apinmo.com\\\/1045\\\/17241821\\\/4-9.jpg&quot;,&quot;alt&quot;:&quot;Casa pareada obra nueva mas alba - imagenInmueble8&quot;},{&quot;image&quot;:&quot;https:\\\/\\\/fotos15.apinmo.com\\\/1045\\\/17241821\\\/4-10.jpg&quot;,&quot;alt&quot;:&quot;Casa pareada obra nueva mas alba - imagenInmueble9&quot;},{&quot;image&quot;:&quot;https:\\\/\\\/fotos15.apinmo.com\\\/1045\\\/17241821\\\/4-11.jpg&quot;,&quot;alt&quot;:&quot;Casa pareada obra nueva mas alba - imagenInmueble10&quot;}]\">\n\t<div class=\"item-wrap item-wrap-v1 item-wrap-no-frame h-100\">\n\t\t<div class=\"d-flex align-items-center h-100\">\n\t\t\t<div class=\"item-header\">\n\t\t\t\t\t\t\t\t<div class=\"labels-wrap labels-right\"> \n\n\t<a href=\"https:\/\/www.laclauelite.com\/fr\/status\/vente\/\" class=\"label-status label status-color-165\">\n\t\t\t\t\tVente\n\t\t\t\t<\/a><a href=\"https:\/\/www.laclauelite.com\/fr\/label\/\" class=\"hz-label label label-color-514\">\n\t\t\t\t\t\n\t\t\t\t<\/a>       \n\n<\/div>\n\t\t\t\t<ul class=\"item-price-wrap hide-on-list\">\n\t<li class=\"item-price\">700,000\u20ac<\/li><\/ul>\t\t\t\t<ul class=\"item-tools\">\n\n        <li class=\"item-tool item-preview\">\n        <span class=\"hz-show-lightbox-js\" data-listid=\"1081953\" data-toggle=\"tooltip\" data-placement=\"top\" title=\"Preview\">\n                <i class=\"houzez-icon icon-expand-3\"><\/i>   \n        <\/span><!-- item-tool-favorite -->\n    <\/li><!-- item-tool -->\n        \n        <li class=\"item-tool item-favorite\">\n        <span class=\"add-favorite-js item-tool-favorite\" data-toggle=\"tooltip\" data-placement=\"top\" title=\"Favourite\" data-listid=\"1081953\">\n            <i class=\"houzez-icon icon-love-it \"><\/i> \n        <\/span><!-- item-tool-favorite -->\n    <\/li><!-- item-tool -->\n    \n        <li class=\"item-tool item-compare\">\n        <span class=\"houzez_compare compare-1081953 item-tool-compare show-compare-panel\" data-toggle=\"tooltip\" data-placement=\"top\" title=\"Add to Compare\" data-listing_id=\"1081953\" data-listing_image=\"https:\/\/fotos15.apinmo.com\/1045\/17241821\/4-1.jpg\">\n            <i class=\"houzez-icon icon-add-circle\"><\/i>\n        <\/span><!-- item-tool-compare -->\n    <\/li><!-- item-tool -->\n    <\/ul><!-- item-tools -->\n\t\t\t\t<div class=\"listing-image-wrap\">\n\t<div class=\"listing-thumb\">\n\t\t<a target=_self href=\"https:\/\/www.laclauelite.com\/fr\/property\/casa-pareada-obra-nueva-mas-alba-10730-fr\/\" class=\"listing-featured-thumb hover-effect\">\n\t\t\t                                                                                                                                                                                    <img loading=\"lazy\" decoding=\"async\" width=\"850\" height=\"426\" src=\"https:\/\/fotos15.apinmo.com\/1045\/17241821\/4-1.jpg\" class=\"img-fluid wp-post-image\" alt=\"Casa pareada obra nueva mas alba - imagenInmueble0\" srcset=\"https:\/\/fotos15.apinmo.com\/1045\/17241821\/4-1.jpg 850w, https:\/\/fotos15.apinmo.com\/1045\/17241821\/4-1.jpg 300w, https:\/\/fotos15.apinmo.com\/1045\/17241821\/4-1.jpg 768w, https:\/\/fotos15.apinmo.com\/1045\/17241821\/4-1s.jpg 150w, https:\/\/fotos15.apinmo.com\/1045\/17241821\/4-1.jpg 536w, https:\/\/fotos15.apinmo.com\/1045\/17241821\/4-1.jpg 770w\" sizes=\"(max-width: 850px) 100vw, 850px\" \/>\t\t<\/a><!-- hover-effect -->\n\t<\/div>\n<\/div>\n\t\t\t\t<div class=\"preview_loader\"><\/div>\n\t\t\t<\/div><!-- item-header -->\t\n\t\t\t<div class=\"item-body flex-grow-1\">\n\t\t\t\t<div class=\"labels-wrap labels-right\"> \n\n\t<a href=\"https:\/\/www.laclauelite.com\/fr\/status\/vente\/\" class=\"label-status label status-color-165\">\n\t\t\t\t\tVente\n\t\t\t\t<\/a><a href=\"https:\/\/www.laclauelite.com\/fr\/label\/\" class=\"hz-label label label-color-514\">\n\t\t\t\t\t\n\t\t\t\t<\/a>       \n\n<\/div>\n\t\t\t\t<h2 class=\"item-title\">\n\t<a target=_self href=\"https:\/\/www.laclauelite.com\/fr\/property\/casa-pareada-obra-nueva-mas-alba-10730-fr\/\">Casa Pareada obra nueva Mas Alba &#8211; 10730<\/a>\n<\/h2><!-- item-title -->\t\t\t\t<ul class=\"item-price-wrap hide-on-list\">\n\t<li class=\"item-price\">700,000\u20ac<\/li><\/ul>\t\t\t\t<address class=\"item-address\">Sant Pere de Ribes,Barcelona,Spain<\/address>\t\t\t\t<ul class=\"item-amenities item-amenities-with-icons\">\n\t<li class=\"h-beds\"><i class=\"houzez-icon icon-hotel-double-bed-1 mr-1\"><\/i><span class=\"item-amenities-text\">Camas:<\/span> <span class=\"hz-figure\">4<\/span><\/li><li class=\"h-baths\"><i class=\"houzez-icon icon-bathroom-shower-1 mr-1\"><\/i><span class=\"item-amenities-text\">Ba\u00f1os:<\/span> <span class=\"hz-figure\">2<\/span><\/li><li class=\"h-area\"><i class=\"houzez-icon icon-ruler-triangle mr-1\"><\/i><span class=\"hz-figure\">165<\/span> <span class=\"hz-figure area_postfix\">m&sup2;<\/span><\/li><li class=\"h-type\"><span>pench\u00e9<\/span><\/li><\/ul>\t\t\t\t<a class=\"btn btn-primary btn-item \" target=_self href=\"https:\/\/www.laclauelite.com\/fr\/property\/casa-pareada-obra-nueva-mas-alba-10730-fr\/\">\n\tD\u00e9tails<\/a><!-- btn-item -->\n\t\t\t\t<div class=\"item-author\">\n\t<i class=\"houzez-icon icon-single-neutral mr-1\"><\/i>\n\t<a href=\"https:\/\/www.laclauelite.com\/fr\/agent\/fincas-la-clau-elite\/\">Fincas La Clau Elite<\/a> <\/div><!-- item-author -->\n\t\t\t\t<div class=\"item-date\">\n\t<i class=\"houzez-icon icon-attachment mr-1\"><\/i>\n\til y a1 mois<\/div><!-- item-date -->\n\t\t\t<\/div><!-- item-body -->\n\n\t\t\t\t\t\t<div class=\"item-footer clearfix\">\n\t\t\t\t<div class=\"item-author\">\n\t<i class=\"houzez-icon icon-single-neutral mr-1\"><\/i>\n\t<a href=\"https:\/\/www.laclauelite.com\/fr\/agent\/fincas-la-clau-elite\/\">Fincas La Clau Elite<\/a> <\/div><!-- item-author -->\n\t\t\t\t<div class=\"item-date\">\n\t<i class=\"houzez-icon icon-attachment mr-1\"><\/i>\n\til y a1 mois<\/div><!-- item-date -->\n\t\t\t<\/div>\n\t\t\t\t\t<\/div><!-- d-flex -->\n\t<\/div><!-- item-wrap -->\n<\/div><!-- item-listing-wrap --><div class=\"item-listing-wrap hz-item-gallery-js card\" data-hz-id=\"hz-1081969\" data-images=\"[{&quot;image&quot;:&quot;https:\\\/\\\/fotos15.apinmo.com\\\/1045\\\/17241862\\\/2-1.jpg&quot;,&quot;alt&quot;:&quot;Casa pareada obra nueva mas alba - imagenInmueble0&quot;},{&quot;image&quot;:&quot;https:\\\/\\\/fotos15.apinmo.com\\\/1045\\\/17241862\\\/2-1.jpg&quot;,&quot;alt&quot;:&quot;Casa pareada obra nueva mas alba - imagenInmueble0&quot;},{&quot;image&quot;:&quot;https:\\\/\\\/fotos15.apinmo.com\\\/1045\\\/17241862\\\/2-2.jpg&quot;,&quot;alt&quot;:&quot;Casa pareada obra nueva mas alba - imagenInmueble1&quot;},{&quot;image&quot;:&quot;https:\\\/\\\/fotos15.apinmo.com\\\/1045\\\/17241862\\\/2-3.jpg&quot;,&quot;alt&quot;:&quot;Casa pareada obra nueva mas alba - imagenInmueble2&quot;},{&quot;image&quot;:&quot;https:\\\/\\\/fotos15.apinmo.com\\\/1045\\\/17241862\\\/2-4.jpg&quot;,&quot;alt&quot;:&quot;Casa pareada obra nueva mas alba - imagenInmueble3&quot;},{&quot;image&quot;:&quot;https:\\\/\\\/fotos15.apinmo.com\\\/1045\\\/17241862\\\/2-5.jpg&quot;,&quot;alt&quot;:&quot;Casa pareada obra nueva mas alba - imagenInmueble4&quot;},{&quot;image&quot;:&quot;https:\\\/\\\/fotos15.apinmo.com\\\/1045\\\/17241862\\\/2-6.jpg&quot;,&quot;alt&quot;:&quot;Casa pareada obra nueva mas alba - imagenInmueble5&quot;},{&quot;image&quot;:&quot;https:\\\/\\\/fotos15.apinmo.com\\\/1045\\\/17241862\\\/2-7.jpg&quot;,&quot;alt&quot;:&quot;Casa pareada obra nueva mas alba - imagenInmueble6&quot;},{&quot;image&quot;:&quot;https:\\\/\\\/fotos15.apinmo.com\\\/1045\\\/17241862\\\/2-8.jpg&quot;,&quot;alt&quot;:&quot;Casa pareada obra nueva mas alba - imagenInmueble7&quot;},{&quot;image&quot;:&quot;https:\\\/\\\/fotos15.apinmo.com\\\/1045\\\/17241862\\\/2-9.jpg&quot;,&quot;alt&quot;:&quot;Casa pareada obra nueva mas alba - imagenInmueble8&quot;},{&quot;image&quot;:&quot;https:\\\/\\\/fotos15.apinmo.com\\\/1045\\\/17241862\\\/2-10.jpg&quot;,&quot;alt&quot;:&quot;Casa pareada obra nueva mas alba - imagenInmueble9&quot;}]\">\n\t<div class=\"item-wrap item-wrap-v1 item-wrap-no-frame h-100\">\n\t\t<div class=\"d-flex align-items-center h-100\">\n\t\t\t<div class=\"item-header\">\n\t\t\t\t\t\t\t\t<div class=\"labels-wrap labels-right\"> \n\n\t<a href=\"https:\/\/www.laclauelite.com\/fr\/status\/vente\/\" class=\"label-status label status-color-165\">\n\t\t\t\t\tVente\n\t\t\t\t<\/a><a href=\"https:\/\/www.laclauelite.com\/fr\/label\/\" class=\"hz-label label label-color-514\">\n\t\t\t\t\t\n\t\t\t\t<\/a>       \n\n<\/div>\n\t\t\t\t<ul class=\"item-price-wrap hide-on-list\">\n\t<li class=\"item-price\">690,000\u20ac<\/li><\/ul>\t\t\t\t<ul class=\"item-tools\">\n\n        <li class=\"item-tool item-preview\">\n        <span class=\"hz-show-lightbox-js\" data-listid=\"1081969\" data-toggle=\"tooltip\" data-placement=\"top\" title=\"Preview\">\n                <i class=\"houzez-icon icon-expand-3\"><\/i>   \n        <\/span><!-- item-tool-favorite -->\n    <\/li><!-- item-tool -->\n        \n        <li class=\"item-tool item-favorite\">\n        <span class=\"add-favorite-js item-tool-favorite\" data-toggle=\"tooltip\" data-placement=\"top\" title=\"Favourite\" data-listid=\"1081969\">\n            <i class=\"houzez-icon icon-love-it \"><\/i> \n        <\/span><!-- item-tool-favorite -->\n    <\/li><!-- item-tool -->\n    \n        <li class=\"item-tool item-compare\">\n        <span class=\"houzez_compare compare-1081969 item-tool-compare show-compare-panel\" data-toggle=\"tooltip\" data-placement=\"top\" title=\"Add to Compare\" data-listing_id=\"1081969\" data-listing_image=\"https:\/\/fotos15.apinmo.com\/1045\/17241862\/2-1.jpg\">\n            <i class=\"houzez-icon icon-add-circle\"><\/i>\n        <\/span><!-- item-tool-compare -->\n    <\/li><!-- item-tool -->\n    <\/ul><!-- item-tools -->\n\t\t\t\t<div class=\"listing-image-wrap\">\n\t<div class=\"listing-thumb\">\n\t\t<a target=_self href=\"https:\/\/www.laclauelite.com\/fr\/property\/casa-pareada-obra-nueva-mas-alba-10728-fr\/\" class=\"listing-featured-thumb hover-effect\">\n\t\t\t                                                                                                                                                                                    <img loading=\"lazy\" decoding=\"async\" width=\"850\" height=\"426\" src=\"https:\/\/fotos15.apinmo.com\/1045\/17241862\/2-1.jpg\" class=\"img-fluid wp-post-image\" alt=\"Casa pareada obra nueva mas alba - imagenInmueble0\" srcset=\"https:\/\/fotos15.apinmo.com\/1045\/17241862\/2-1.jpg 850w, https:\/\/fotos15.apinmo.com\/1045\/17241862\/2-1.jpg 300w, https:\/\/fotos15.apinmo.com\/1045\/17241862\/2-1.jpg 768w, https:\/\/fotos15.apinmo.com\/1045\/17241862\/2-1s.jpg 150w, https:\/\/fotos15.apinmo.com\/1045\/17241862\/2-1.jpg 536w, https:\/\/fotos15.apinmo.com\/1045\/17241862\/2-1.jpg 770w\" sizes=\"(max-width: 850px) 100vw, 850px\" \/>\t\t<\/a><!-- hover-effect -->\n\t<\/div>\n<\/div>\n\t\t\t\t<div class=\"preview_loader\"><\/div>\n\t\t\t<\/div><!-- item-header -->\t\n\t\t\t<div class=\"item-body flex-grow-1\">\n\t\t\t\t<div class=\"labels-wrap labels-right\"> \n\n\t<a href=\"https:\/\/www.laclauelite.com\/fr\/status\/vente\/\" class=\"label-status label status-color-165\">\n\t\t\t\t\tVente\n\t\t\t\t<\/a><a href=\"https:\/\/www.laclauelite.com\/fr\/label\/\" class=\"hz-label label label-color-514\">\n\t\t\t\t\t\n\t\t\t\t<\/a>       \n\n<\/div>\n\t\t\t\t<h2 class=\"item-title\">\n\t<a target=_self href=\"https:\/\/www.laclauelite.com\/fr\/property\/casa-pareada-obra-nueva-mas-alba-10728-fr\/\">Casa Pareada obra nueva Mas Alba &#8211; 10728<\/a>\n<\/h2><!-- item-title -->\t\t\t\t<ul class=\"item-price-wrap hide-on-list\">\n\t<li class=\"item-price\">690,000\u20ac<\/li><\/ul>\t\t\t\t<address class=\"item-address\">Sant Pere de Ribes,Barcelona,Spain<\/address>\t\t\t\t<ul class=\"item-amenities item-amenities-with-icons\">\n\t<li class=\"h-beds\"><i class=\"houzez-icon icon-hotel-double-bed-1 mr-1\"><\/i><span class=\"item-amenities-text\">Camas:<\/span> <span class=\"hz-figure\">4<\/span><\/li><li class=\"h-baths\"><i class=\"houzez-icon icon-bathroom-shower-1 mr-1\"><\/i><span class=\"item-amenities-text\">Ba\u00f1os:<\/span> <span class=\"hz-figure\">2<\/span><\/li><li class=\"h-area\"><i class=\"houzez-icon icon-ruler-triangle mr-1\"><\/i><span class=\"hz-figure\">160<\/span> <span class=\"hz-figure area_postfix\">m&sup2;<\/span><\/li><li class=\"h-type\"><span>pench\u00e9<\/span><\/li><\/ul>\t\t\t\t<a class=\"btn btn-primary btn-item \" target=_self href=\"https:\/\/www.laclauelite.com\/fr\/property\/casa-pareada-obra-nueva-mas-alba-10728-fr\/\">\n\tD\u00e9tails<\/a><!-- btn-item -->\n\t\t\t\t<div class=\"item-author\">\n\t<i class=\"houzez-icon icon-single-neutral mr-1\"><\/i>\n\t<a href=\"https:\/\/www.laclauelite.com\/fr\/agent\/fincas-la-clau-elite\/\">Fincas La Clau Elite<\/a> <\/div><!-- item-author -->\n\t\t\t\t<div class=\"item-date\">\n\t<i class=\"houzez-icon icon-attachment mr-1\"><\/i>\n\til y a1 mois<\/div><!-- item-date -->\n\t\t\t<\/div><!-- item-body -->\n\n\t\t\t\t\t\t<div class=\"item-footer clearfix\">\n\t\t\t\t<div class=\"item-author\">\n\t<i class=\"houzez-icon icon-single-neutral mr-1\"><\/i>\n\t<a href=\"https:\/\/www.laclauelite.com\/fr\/agent\/fincas-la-clau-elite\/\">Fincas La Clau Elite<\/a> <\/div><!-- item-author -->\n\t\t\t\t<div class=\"item-date\">\n\t<i class=\"houzez-icon icon-attachment mr-1\"><\/i>\n\til y a1 mois<\/div><!-- item-date -->\n\t\t\t<\/div>\n\t\t\t\t\t<\/div><!-- d-flex -->\n\t<\/div><!-- item-wrap -->\n<\/div><!-- item-listing-wrap --><div class=\"item-listing-wrap hz-item-gallery-js card\" data-hz-id=\"hz-1082028\" data-images=\"[{&quot;image&quot;:&quot;https:\\\/\\\/fotos15.apinmo.com\\\/1045\\\/27301858\\\/18-1.jpg&quot;,&quot;alt&quot;:&quot;\\u00c1tico-d\\u00daplex en primera l\\u00ednea de mar en el centro de sitges - imagenInmueble0&quot;},{&quot;image&quot;:&quot;https:\\\/\\\/fotos15.apinmo.com\\\/1045\\\/27301858\\\/18-1.jpg&quot;,&quot;alt&quot;:&quot;\\u00c1tico-d\\u00daplex en primera l\\u00ednea de mar en el centro de sitges - imagenInmueble0&quot;},{&quot;image&quot;:&quot;https:\\\/\\\/fotos15.apinmo.com\\\/1045\\\/27301858\\\/18-2.jpg&quot;,&quot;alt&quot;:&quot;\\u00c1tico-d\\u00daplex en primera l\\u00ednea de mar en el centro de sitges - imagenInmueble1&quot;},{&quot;image&quot;:&quot;https:\\\/\\\/fotos15.apinmo.com\\\/1045\\\/27301858\\\/18-3.jpg&quot;,&quot;alt&quot;:&quot;\\u00c1tico-d\\u00daplex en primera l\\u00ednea de mar en el centro de sitges - imagenInmueble2&quot;},{&quot;image&quot;:&quot;https:\\\/\\\/fotos15.apinmo.com\\\/1045\\\/27301858\\\/18-4.jpg&quot;,&quot;alt&quot;:&quot;\\u00c1tico-d\\u00daplex en primera l\\u00ednea de mar en el centro de sitges - imagenInmueble3&quot;},{&quot;image&quot;:&quot;https:\\\/\\\/fotos15.apinmo.com\\\/1045\\\/27301858\\\/18-5.jpg&quot;,&quot;alt&quot;:&quot;\\u00c1tico-d\\u00daplex en primera l\\u00ednea de mar en el centro de sitges - imagenInmueble4&quot;},{&quot;image&quot;:&quot;https:\\\/\\\/fotos15.apinmo.com\\\/1045\\\/27301858\\\/18-6.jpg&quot;,&quot;alt&quot;:&quot;\\u00c1tico-d\\u00daplex en primera l\\u00ednea de mar en el centro de sitges - imagenInmueble5&quot;},{&quot;image&quot;:&quot;https:\\\/\\\/fotos15.apinmo.com\\\/1045\\\/27301858\\\/18-7.jpg&quot;,&quot;alt&quot;:&quot;\\u00c1tico-d\\u00daplex en primera l\\u00ednea de mar en el centro de sitges - imagenInmueble6&quot;},{&quot;image&quot;:&quot;https:\\\/\\\/fotos15.apinmo.com\\\/1045\\\/27301858\\\/18-8.jpg&quot;,&quot;alt&quot;:&quot;\\u00c1tico-d\\u00daplex en primera l\\u00ednea de mar en el centro de sitges - imagenInmueble7&quot;},{&quot;image&quot;:&quot;https:\\\/\\\/fotos15.apinmo.com\\\/1045\\\/27301858\\\/18-9.jpg&quot;,&quot;alt&quot;:&quot;\\u00c1tico-d\\u00daplex en primera l\\u00ednea de mar en el centro de sitges - imagenInmueble8&quot;},{&quot;image&quot;:&quot;https:\\\/\\\/fotos15.apinmo.com\\\/1045\\\/27301858\\\/18-10.jpg&quot;,&quot;alt&quot;:&quot;\\u00c1tico-d\\u00daplex en primera l\\u00ednea de mar en el centro de sitges - imagenInmueble9&quot;},{&quot;image&quot;:&quot;https:\\\/\\\/fotos15.apinmo.com\\\/1045\\\/27301858\\\/18-11.jpg&quot;,&quot;alt&quot;:&quot;\\u00c1tico-d\\u00daplex en primera l\\u00ednea de mar en el centro de sitges - imagenInmueble10&quot;},{&quot;image&quot;:&quot;https:\\\/\\\/fotos15.apinmo.com\\\/1045\\\/27301858\\\/18-12.jpg&quot;,&quot;alt&quot;:&quot;\\u00c1tico-d\\u00daplex en primera l\\u00ednea de mar en el centro de sitges - imagenInmueble11&quot;},{&quot;image&quot;:&quot;https:\\\/\\\/fotos15.apinmo.com\\\/1045\\\/27301858\\\/18-13.jpg&quot;,&quot;alt&quot;:&quot;\\u00c1tico-d\\u00daplex en primera l\\u00ednea de mar en el centro de sitges - imagenInmueble12&quot;},{&quot;image&quot;:&quot;https:\\\/\\\/fotos15.apinmo.com\\\/1045\\\/27301858\\\/18-14.jpg&quot;,&quot;alt&quot;:&quot;\\u00c1tico-d\\u00daplex en primera l\\u00ednea de mar en el centro de sitges - imagenInmueble13&quot;},{&quot;image&quot;:&quot;https:\\\/\\\/fotos15.apinmo.com\\\/1045\\\/27301858\\\/18-15.jpg&quot;,&quot;alt&quot;:&quot;\\u00c1tico-d\\u00daplex en primera l\\u00ednea de mar en el centro de sitges - imagenInmueble14&quot;},{&quot;image&quot;:&quot;https:\\\/\\\/fotos15.apinmo.com\\\/1045\\\/27301858\\\/18-16.jpg&quot;,&quot;alt&quot;:&quot;\\u00c1tico-d\\u00daplex en primera l\\u00ednea de mar en el centro de sitges - imagenInmueble15&quot;},{&quot;image&quot;:&quot;https:\\\/\\\/fotos15.apinmo.com\\\/1045\\\/27301858\\\/18-17.jpg&quot;,&quot;alt&quot;:&quot;\\u00c1tico-d\\u00daplex en primera l\\u00ednea de mar en el centro de sitges - imagenInmueble16&quot;},{&quot;image&quot;:&quot;https:\\\/\\\/fotos15.apinmo.com\\\/1045\\\/27301858\\\/18-18.jpg&quot;,&quot;alt&quot;:&quot;\\u00c1tico-d\\u00daplex en primera l\\u00ednea de mar en el centro de sitges - imagenInmueble17&quot;},{&quot;image&quot;:&quot;https:\\\/\\\/fotos15.apinmo.com\\\/1045\\\/27301858\\\/18-19.jpg&quot;,&quot;alt&quot;:&quot;\\u00c1tico-d\\u00daplex en primera l\\u00ednea de mar en el centro de sitges - imagenInmueble18&quot;},{&quot;image&quot;:&quot;https:\\\/\\\/fotos15.apinmo.com\\\/1045\\\/27301858\\\/18-20.jpg&quot;,&quot;alt&quot;:&quot;\\u00c1tico-d\\u00daplex en primera l\\u00ednea de mar en el centro de sitges - imagenInmueble19&quot;},{&quot;image&quot;:&quot;https:\\\/\\\/fotos15.apinmo.com\\\/1045\\\/27301858\\\/18-21.jpg&quot;,&quot;alt&quot;:&quot;\\u00c1tico-d\\u00daplex en primera l\\u00ednea de mar en el centro de sitges - imagenInmueble20&quot;},{&quot;image&quot;:&quot;https:\\\/\\\/fotos15.apinmo.com\\\/1045\\\/27301858\\\/18-22.jpg&quot;,&quot;alt&quot;:&quot;\\u00c1tico-d\\u00daplex en primera l\\u00ednea de mar en el centro de sitges - imagenInmueble21&quot;},{&quot;image&quot;:&quot;https:\\\/\\\/fotos15.apinmo.com\\\/1045\\\/27301858\\\/18-23.jpg&quot;,&quot;alt&quot;:&quot;\\u00c1tico-d\\u00daplex en primera l\\u00ednea de mar en el centro de sitges - imagenInmueble22&quot;},{&quot;image&quot;:&quot;https:\\\/\\\/fotos15.apinmo.com\\\/1045\\\/27301858\\\/18-24.jpg&quot;,&quot;alt&quot;:&quot;\\u00c1tico-d\\u00daplex en primera l\\u00ednea de mar en el centro de sitges - imagenInmueble23&quot;},{&quot;image&quot;:&quot;https:\\\/\\\/fotos15.apinmo.com\\\/1045\\\/27301858\\\/18-25.jpg&quot;,&quot;alt&quot;:&quot;\\u00c1tico-d\\u00daplex en primera l\\u00ednea de mar en el centro de sitges - imagenInmueble24&quot;},{&quot;image&quot;:&quot;https:\\\/\\\/fotos15.apinmo.com\\\/1045\\\/27301858\\\/18-26.jpg&quot;,&quot;alt&quot;:&quot;\\u00c1tico-d\\u00daplex en primera l\\u00ednea de mar en el centro de sitges - imagenInmueble25&quot;},{&quot;image&quot;:&quot;https:\\\/\\\/fotos15.apinmo.com\\\/1045\\\/27301858\\\/18-27.jpg&quot;,&quot;alt&quot;:&quot;\\u00c1tico-d\\u00daplex en primera l\\u00ednea de mar en el centro de sitges - imagenInmueble26&quot;},{&quot;image&quot;:&quot;https:\\\/\\\/fotos15.apinmo.com\\\/1045\\\/27301858\\\/18-28.jpg&quot;,&quot;alt&quot;:&quot;\\u00c1tico-d\\u00daplex en primera l\\u00ednea de mar en el centro de sitges - imagenInmueble27&quot;},{&quot;image&quot;:&quot;https:\\\/\\\/fotos15.apinmo.com\\\/1045\\\/27301858\\\/18-29.jpg&quot;,&quot;alt&quot;:&quot;\\u00c1tico-d\\u00daplex en primera l\\u00ednea de mar en el centro de sitges - imagenInmueble28&quot;},{&quot;image&quot;:&quot;https:\\\/\\\/fotos15.apinmo.com\\\/1045\\\/27301858\\\/18-30.jpg&quot;,&quot;alt&quot;:&quot;\\u00c1tico-d\\u00daplex en primera l\\u00ednea de mar en el centro de sitges - imagenInmueble29&quot;},{&quot;image&quot;:&quot;https:\\\/\\\/fotos15.apinmo.com\\\/1045\\\/27301858\\\/18-31.jpg&quot;,&quot;alt&quot;:&quot;\\u00c1tico-d\\u00daplex en primera l\\u00ednea de mar en el centro de sitges - imagenInmueble30&quot;}]\">\n\t<div class=\"item-wrap item-wrap-v1 item-wrap-no-frame h-100\">\n\t\t<div class=\"d-flex align-items-center h-100\">\n\t\t\t<div class=\"item-header\">\n\t\t\t\t\t\t\t\t<div class=\"labels-wrap labels-right\"> \n\n\t<a href=\"https:\/\/www.laclauelite.com\/fr\/status\/vente\/\" class=\"label-status label status-color-165\">\n\t\t\t\t\tVente\n\t\t\t\t<\/a>       \n\n<\/div>\n\t\t\t\t<ul class=\"item-price-wrap hide-on-list\">\n\t<li class=\"item-price\">1,950,000\u20ac<\/li><\/ul>\t\t\t\t<ul class=\"item-tools\">\n\n        <li class=\"item-tool item-preview\">\n        <span class=\"hz-show-lightbox-js\" data-listid=\"1082028\" data-toggle=\"tooltip\" data-placement=\"top\" title=\"Preview\">\n                <i class=\"houzez-icon icon-expand-3\"><\/i>   \n        <\/span><!-- item-tool-favorite -->\n    <\/li><!-- item-tool -->\n        \n        <li class=\"item-tool item-favorite\">\n        <span class=\"add-favorite-js item-tool-favorite\" data-toggle=\"tooltip\" data-placement=\"top\" title=\"Favourite\" data-listid=\"1082028\">\n            <i class=\"houzez-icon icon-love-it \"><\/i> \n        <\/span><!-- item-tool-favorite -->\n    <\/li><!-- item-tool -->\n    \n        <li class=\"item-tool item-compare\">\n        <span class=\"houzez_compare compare-1082028 item-tool-compare show-compare-panel\" data-toggle=\"tooltip\" data-placement=\"top\" title=\"Add to Compare\" data-listing_id=\"1082028\" data-listing_image=\"https:\/\/fotos15.apinmo.com\/1045\/27301858\/18-1.jpg\">\n            <i class=\"houzez-icon icon-add-circle\"><\/i>\n        <\/span><!-- item-tool-compare -->\n    <\/li><!-- item-tool -->\n    <\/ul><!-- item-tools -->\n\t\t\t\t<div class=\"listing-image-wrap\">\n\t<div class=\"listing-thumb\">\n\t\t<a target=_self href=\"https:\/\/www.laclauelite.com\/fr\/property\/atico-duplex-en-primera-linea-de-mar-en-el-centro-de-sitges-11387-fr\/\" class=\"listing-featured-thumb hover-effect\">\n\t\t\t                                                                                                                                                                                    <img loading=\"lazy\" decoding=\"async\" width=\"850\" height=\"426\" src=\"https:\/\/fotos15.apinmo.com\/1045\/27301858\/18-1.jpg\" class=\"img-fluid wp-post-image\" alt=\"\u00c1tico-d\u00daplex en primera l\u00ednea de mar en el centro de sitges - imagenInmueble0\" srcset=\"https:\/\/fotos15.apinmo.com\/1045\/27301858\/18-1.jpg 850w, https:\/\/fotos15.apinmo.com\/1045\/27301858\/18-1.jpg 300w, https:\/\/fotos15.apinmo.com\/1045\/27301858\/18-1.jpg 768w, https:\/\/fotos15.apinmo.com\/1045\/27301858\/18-1s.jpg 150w, https:\/\/fotos15.apinmo.com\/1045\/27301858\/18-1.jpg 536w, https:\/\/fotos15.apinmo.com\/1045\/27301858\/18-1.jpg 770w\" sizes=\"(max-width: 850px) 100vw, 850px\" \/>\t\t<\/a><!-- hover-effect -->\n\t<\/div>\n<\/div>\n\t\t\t\t<div class=\"preview_loader\"><\/div>\n\t\t\t<\/div><!-- item-header -->\t\n\t\t\t<div class=\"item-body flex-grow-1\">\n\t\t\t\t<div class=\"labels-wrap labels-right\"> \n\n\t<a href=\"https:\/\/www.laclauelite.com\/fr\/status\/vente\/\" class=\"label-status label status-color-165\">\n\t\t\t\t\tVente\n\t\t\t\t<\/a>       \n\n<\/div>\n\t\t\t\t<h2 class=\"item-title\">\n\t<a target=_self href=\"https:\/\/www.laclauelite.com\/fr\/property\/atico-duplex-en-primera-linea-de-mar-en-el-centro-de-sitges-11387-fr\/\">\u00c1TICO-D\u00daPLEX en primera l\u00ednea de mar en el centro de Sitges &#8211; 11387<\/a>\n<\/h2><!-- item-title -->\t\t\t\t<ul class=\"item-price-wrap hide-on-list\">\n\t<li class=\"item-price\">1,950,000\u20ac<\/li><\/ul>\t\t\t\t<address class=\"item-address\">Sitges,Barcelona,Spain<\/address>\t\t\t\t<ul class=\"item-amenities item-amenities-with-icons\">\n\t<li class=\"h-beds\"><i class=\"houzez-icon icon-hotel-double-bed-1 mr-1\"><\/i><span class=\"item-amenities-text\">Camas:<\/span> <span class=\"hz-figure\">3<\/span><\/li><li class=\"h-baths\"><i class=\"houzez-icon icon-bathroom-shower-1 mr-1\"><\/i><span class=\"item-amenities-text\">Ba\u00f1os:<\/span> <span class=\"hz-figure\">2<\/span><\/li><li class=\"h-area\"><i class=\"houzez-icon icon-ruler-triangle mr-1\"><\/i><span class=\"hz-figure\">130<\/span> <span class=\"hz-figure area_postfix\">m&sup2;<\/span><\/li><li class=\"h-type\"><span>Penthouses<\/span><\/li><\/ul>\t\t\t\t<a class=\"btn btn-primary btn-item \" target=_self href=\"https:\/\/www.laclauelite.com\/fr\/property\/atico-duplex-en-primera-linea-de-mar-en-el-centro-de-sitges-11387-fr\/\">\n\tD\u00e9tails<\/a><!-- btn-item -->\n\t\t\t\t<div class=\"item-author\">\n\t<i class=\"houzez-icon icon-single-neutral mr-1\"><\/i>\n\t<a href=\"https:\/\/www.laclauelite.com\/fr\/agent\/fincas-la-clau-elite\/\">Fincas La Clau Elite<\/a> <\/div><!-- item-author -->\n\t\t\t\t<div class=\"item-date\">\n\t<i class=\"houzez-icon icon-attachment mr-1\"><\/i>\n\til y a1 mois<\/div><!-- item-date -->\n\t\t\t<\/div><!-- item-body -->\n\n\t\t\t\t\t\t<div class=\"item-footer clearfix\">\n\t\t\t\t<div class=\"item-author\">\n\t<i class=\"houzez-icon icon-single-neutral mr-1\"><\/i>\n\t<a href=\"https:\/\/www.laclauelite.com\/fr\/agent\/fincas-la-clau-elite\/\">Fincas La Clau Elite<\/a> <\/div><!-- item-author -->\n\t\t\t\t<div class=\"item-date\">\n\t<i class=\"houzez-icon icon-attachment mr-1\"><\/i>\n\til y a1 mois<\/div><!-- item-date -->\n\t\t\t<\/div>\n\t\t\t\t\t<\/div><!-- d-flex -->\n\t<\/div><!-- item-wrap -->\n<\/div><!-- item-listing-wrap --><div class=\"item-listing-wrap hz-item-gallery-js card\" data-hz-id=\"hz-1081883\" data-images=\"[{&quot;image&quot;:&quot;https:\\\/\\\/fotos15.apinmo.com\\\/1045\\\/4782125\\\/17-1.jpg&quot;,&quot;alt&quot;:&quot;Casa en venta en sitges zona quint mar con espectaculares vistas panor\\u00e1micas al mar - imagenInmueble0&quot;},{&quot;image&quot;:&quot;https:\\\/\\\/fotos15.apinmo.com\\\/1045\\\/4782125\\\/17-1.jpg&quot;,&quot;alt&quot;:&quot;Casa en venta en sitges zona quint mar con espectaculares vistas panor\\u00e1micas al mar - imagenInmueble0&quot;},{&quot;image&quot;:&quot;https:\\\/\\\/fotos15.apinmo.com\\\/1045\\\/4782125\\\/17-2.jpg&quot;,&quot;alt&quot;:&quot;Casa en venta en sitges zona quint mar con espectaculares vistas panor\\u00e1micas al mar - imagenInmueble1&quot;},{&quot;image&quot;:&quot;https:\\\/\\\/fotos15.apinmo.com\\\/1045\\\/4782125\\\/17-3.jpg&quot;,&quot;alt&quot;:&quot;Casa en venta en sitges zona quint mar con espectaculares vistas panor\\u00e1micas al mar - imagenInmueble2&quot;},{&quot;image&quot;:&quot;https:\\\/\\\/fotos15.apinmo.com\\\/1045\\\/4782125\\\/17-4.jpg&quot;,&quot;alt&quot;:&quot;Casa en venta en sitges zona quint mar con espectaculares vistas panor\\u00e1micas al mar - imagenInmueble3&quot;},{&quot;image&quot;:&quot;https:\\\/\\\/fotos15.apinmo.com\\\/1045\\\/4782125\\\/17-5.jpg&quot;,&quot;alt&quot;:&quot;Casa en venta en sitges zona quint mar con espectaculares vistas panor\\u00e1micas al mar - imagenInmueble4&quot;},{&quot;image&quot;:&quot;https:\\\/\\\/fotos15.apinmo.com\\\/1045\\\/4782125\\\/17-6.jpg&quot;,&quot;alt&quot;:&quot;Casa en venta en sitges zona quint mar con espectaculares vistas panor\\u00e1micas al mar - imagenInmueble5&quot;},{&quot;image&quot;:&quot;https:\\\/\\\/fotos15.apinmo.com\\\/1045\\\/4782125\\\/17-7.jpg&quot;,&quot;alt&quot;:&quot;Casa en venta en sitges zona quint mar con espectaculares vistas panor\\u00e1micas al mar - imagenInmueble6&quot;},{&quot;image&quot;:&quot;https:\\\/\\\/fotos15.apinmo.com\\\/1045\\\/4782125\\\/17-8.jpg&quot;,&quot;alt&quot;:&quot;Casa en venta en sitges zona quint mar con espectaculares vistas panor\\u00e1micas al mar - imagenInmueble7&quot;},{&quot;image&quot;:&quot;https:\\\/\\\/fotos15.apinmo.com\\\/1045\\\/4782125\\\/17-9.jpg&quot;,&quot;alt&quot;:&quot;Casa en venta en sitges zona quint mar con espectaculares vistas panor\\u00e1micas al mar - imagenInmueble8&quot;},{&quot;image&quot;:&quot;https:\\\/\\\/fotos15.apinmo.com\\\/1045\\\/4782125\\\/17-10.jpg&quot;,&quot;alt&quot;:&quot;Casa en venta en sitges zona quint mar con espectaculares vistas panor\\u00e1micas al mar - imagenInmueble9&quot;},{&quot;image&quot;:&quot;https:\\\/\\\/fotos15.apinmo.com\\\/1045\\\/4782125\\\/17-11.jpg&quot;,&quot;alt&quot;:&quot;Casa en venta en sitges zona quint mar con espectaculares vistas panor\\u00e1micas al mar - imagenInmueble10&quot;},{&quot;image&quot;:&quot;https:\\\/\\\/fotos15.apinmo.com\\\/1045\\\/4782125\\\/17-12.jpg&quot;,&quot;alt&quot;:&quot;Casa en venta en sitges zona quint mar con espectaculares vistas panor\\u00e1micas al mar - imagenInmueble11&quot;},{&quot;image&quot;:&quot;https:\\\/\\\/fotos15.apinmo.com\\\/1045\\\/4782125\\\/17-13.jpg&quot;,&quot;alt&quot;:&quot;Casa en venta en sitges zona quint mar con espectaculares vistas panor\\u00e1micas al mar - imagenInmueble12&quot;},{&quot;image&quot;:&quot;https:\\\/\\\/fotos15.apinmo.com\\\/1045\\\/4782125\\\/17-14.jpg&quot;,&quot;alt&quot;:&quot;Casa en venta en sitges zona quint mar con espectaculares vistas panor\\u00e1micas al mar - imagenInmueble13&quot;},{&quot;image&quot;:&quot;https:\\\/\\\/fotos15.apinmo.com\\\/1045\\\/4782125\\\/17-15.jpg&quot;,&quot;alt&quot;:&quot;Casa en venta en sitges zona quint mar con espectaculares vistas panor\\u00e1micas al mar - imagenInmueble14&quot;},{&quot;image&quot;:&quot;https:\\\/\\\/fotos15.apinmo.com\\\/1045\\\/4782125\\\/17-16.jpg&quot;,&quot;alt&quot;:&quot;Casa en venta en sitges zona quint mar con espectaculares vistas panor\\u00e1micas al mar - imagenInmueble15&quot;},{&quot;image&quot;:&quot;https:\\\/\\\/fotos15.apinmo.com\\\/1045\\\/4782125\\\/17-17.jpg&quot;,&quot;alt&quot;:&quot;Casa en venta en sitges zona quint mar con espectaculares vistas panor\\u00e1micas al mar - imagenInmueble16&quot;},{&quot;image&quot;:&quot;https:\\\/\\\/fotos15.apinmo.com\\\/1045\\\/4782125\\\/17-18.jpg&quot;,&quot;alt&quot;:&quot;Casa en venta en sitges zona quint mar con espectaculares vistas panor\\u00e1micas al mar - imagenInmueble17&quot;},{&quot;image&quot;:&quot;https:\\\/\\\/fotos15.apinmo.com\\\/1045\\\/4782125\\\/17-19.jpg&quot;,&quot;alt&quot;:&quot;Casa en venta en sitges zona quint mar con espectaculares vistas panor\\u00e1micas al mar - imagenInmueble18&quot;},{&quot;image&quot;:&quot;https:\\\/\\\/fotos15.apinmo.com\\\/1045\\\/4782125\\\/17-20.jpg&quot;,&quot;alt&quot;:&quot;Casa en venta en sitges zona quint mar con espectaculares vistas panor\\u00e1micas al mar - imagenInmueble19&quot;}]\">\n\t<div class=\"item-wrap item-wrap-v1 item-wrap-no-frame h-100\">\n\t\t<div class=\"d-flex align-items-center h-100\">\n\t\t\t<div class=\"item-header\">\n\t\t\t\t\t\t\t\t<div class=\"labels-wrap labels-right\"> \n\n\t<a href=\"https:\/\/www.laclauelite.com\/fr\/status\/vente\/\" class=\"label-status label status-color-165\">\n\t\t\t\t\tVente\n\t\t\t\t<\/a>       \n\n<\/div>\n\t\t\t\t<ul class=\"item-price-wrap hide-on-list\">\n\t<li class=\"item-price\">1,250,000\u20ac<\/li><\/ul>\t\t\t\t<ul class=\"item-tools\">\n\n        <li class=\"item-tool item-preview\">\n        <span class=\"hz-show-lightbox-js\" data-listid=\"1081883\" data-toggle=\"tooltip\" data-placement=\"top\" title=\"Preview\">\n                <i class=\"houzez-icon icon-expand-3\"><\/i>   \n        <\/span><!-- item-tool-favorite -->\n    <\/li><!-- item-tool -->\n        \n        <li class=\"item-tool item-favorite\">\n        <span class=\"add-favorite-js item-tool-favorite\" data-toggle=\"tooltip\" data-placement=\"top\" title=\"Favourite\" data-listid=\"1081883\">\n            <i class=\"houzez-icon icon-love-it \"><\/i> \n        <\/span><!-- item-tool-favorite -->\n    <\/li><!-- item-tool -->\n    \n        <li class=\"item-tool item-compare\">\n        <span class=\"houzez_compare compare-1081883 item-tool-compare show-compare-panel\" data-toggle=\"tooltip\" data-placement=\"top\" title=\"Add to Compare\" data-listing_id=\"1081883\" data-listing_image=\"https:\/\/fotos15.apinmo.com\/1045\/4782125\/17-1.jpg\">\n            <i class=\"houzez-icon icon-add-circle\"><\/i>\n        <\/span><!-- item-tool-compare -->\n    <\/li><!-- item-tool -->\n    <\/ul><!-- item-tools -->\n\t\t\t\t<div class=\"listing-image-wrap\">\n\t<div class=\"listing-thumb\">\n\t\t<a target=_self href=\"https:\/\/www.laclauelite.com\/fr\/property\/casa-en-venta-en-sitges-zona-quint-mar-con-espectaculares-vistas-panoramicas-al-mar-08123-fr\/\" class=\"listing-featured-thumb hover-effect\">\n\t\t\t                                                                                                                                                                                    <img loading=\"lazy\" decoding=\"async\" width=\"850\" height=\"426\" src=\"https:\/\/fotos15.apinmo.com\/1045\/4782125\/17-1.jpg\" class=\"img-fluid wp-post-image\" alt=\"Casa en venta en sitges zona quint mar con espectaculares vistas panor\u00e1micas al mar - imagenInmueble0\" srcset=\"https:\/\/fotos15.apinmo.com\/1045\/4782125\/17-1.jpg 850w, https:\/\/fotos15.apinmo.com\/1045\/4782125\/17-1.jpg 300w, https:\/\/fotos15.apinmo.com\/1045\/4782125\/17-1.jpg 768w, https:\/\/fotos15.apinmo.com\/1045\/4782125\/17-1s.jpg 150w, https:\/\/fotos15.apinmo.com\/1045\/4782125\/17-1.jpg 536w, https:\/\/fotos15.apinmo.com\/1045\/4782125\/17-1.jpg 770w\" sizes=\"(max-width: 850px) 100vw, 850px\" \/>\t\t<\/a><!-- hover-effect -->\n\t<\/div>\n<\/div>\n\t\t\t\t<div class=\"preview_loader\"><\/div>\n\t\t\t<\/div><!-- item-header -->\t\n\t\t\t<div class=\"item-body flex-grow-1\">\n\t\t\t\t<div class=\"labels-wrap labels-right\"> \n\n\t<a href=\"https:\/\/www.laclauelite.com\/fr\/status\/vente\/\" class=\"label-status label status-color-165\">\n\t\t\t\t\tVente\n\t\t\t\t<\/a>       \n\n<\/div>\n\t\t\t\t<h2 class=\"item-title\">\n\t<a target=_self href=\"https:\/\/www.laclauelite.com\/fr\/property\/casa-en-venta-en-sitges-zona-quint-mar-con-espectaculares-vistas-panoramicas-al-mar-08123-fr\/\">Casa en venta en Sitges zona Quint Mar con espectaculares vistas panor\u00e1micas al mar &#8211; 08123<\/a>\n<\/h2><!-- item-title -->\t\t\t\t<ul class=\"item-price-wrap hide-on-list\">\n\t<li class=\"item-price\">1,250,000\u20ac<\/li><\/ul>\t\t\t\t<address class=\"item-address\">Sitges,Barcelona,Spain<\/address>\t\t\t\t<ul class=\"item-amenities item-amenities-with-icons\">\n\t<li class=\"h-beds\"><i class=\"houzez-icon icon-hotel-double-bed-1 mr-1\"><\/i><span class=\"item-amenities-text\">Camas:<\/span> <span class=\"hz-figure\">6<\/span><\/li><li class=\"h-baths\"><i class=\"houzez-icon icon-bathroom-shower-1 mr-1\"><\/i><span class=\"item-amenities-text\">Ba\u00f1os:<\/span> <span class=\"hz-figure\">5<\/span><\/li><li class=\"h-area\"><i class=\"houzez-icon icon-ruler-triangle mr-1\"><\/i><span class=\"hz-figure\">347<\/span> <span class=\"hz-figure area_postfix\">m&sup2;<\/span><\/li><li class=\"h-type\"><span>Houses<\/span><\/li><\/ul>\t\t\t\t<a class=\"btn btn-primary btn-item \" target=_self href=\"https:\/\/www.laclauelite.com\/fr\/property\/casa-en-venta-en-sitges-zona-quint-mar-con-espectaculares-vistas-panoramicas-al-mar-08123-fr\/\">\n\tD\u00e9tails<\/a><!-- btn-item -->\n\t\t\t\t<div class=\"item-author\">\n\t<i class=\"houzez-icon icon-single-neutral mr-1\"><\/i>\n\t<a href=\"https:\/\/www.laclauelite.com\/fr\/agent\/fincas-la-clau-elite\/\">Fincas La Clau Elite<\/a> <\/div><!-- item-author -->\n\t\t\t\t<div class=\"item-date\">\n\t<i class=\"houzez-icon icon-attachment mr-1\"><\/i>\n\til y a3 mois<\/div><!-- item-date -->\n\t\t\t<\/div><!-- item-body -->\n\n\t\t\t\t\t\t<div class=\"item-footer clearfix\">\n\t\t\t\t<div class=\"item-author\">\n\t<i class=\"houzez-icon icon-single-neutral mr-1\"><\/i>\n\t<a href=\"https:\/\/www.laclauelite.com\/fr\/agent\/fincas-la-clau-elite\/\">Fincas La Clau Elite<\/a> <\/div><!-- item-author -->\n\t\t\t\t<div class=\"item-date\">\n\t<i class=\"houzez-icon icon-attachment mr-1\"><\/i>\n\til y a3 mois<\/div><!-- item-date -->\n\t\t\t<\/div>\n\t\t\t\t\t<\/div><!-- d-flex -->\n\t<\/div><!-- item-wrap -->\n<\/div><!-- item-listing-wrap --><div class=\"item-listing-wrap hz-item-gallery-js card\" data-hz-id=\"hz-1081908\" data-images=\"[{&quot;image&quot;:&quot;https:\\\/\\\/fotos15.apinmo.com\\\/1045\\\/8039595\\\/25-1.jpg&quot;,&quot;alt&quot;:&quot;Finca r\\u00fastica con dos casas a cinco minutos de sitges. - imagenInmueble0&quot;},{&quot;image&quot;:&quot;https:\\\/\\\/fotos15.apinmo.com\\\/1045\\\/8039595\\\/25-1.jpg&quot;,&quot;alt&quot;:&quot;Finca r\\u00fastica con dos casas a cinco minutos de sitges. - imagenInmueble0&quot;},{&quot;image&quot;:&quot;https:\\\/\\\/fotos15.apinmo.com\\\/1045\\\/8039595\\\/25-2.jpg&quot;,&quot;alt&quot;:&quot;Finca r\\u00fastica con dos casas a cinco minutos de sitges. - imagenInmueble1&quot;},{&quot;image&quot;:&quot;https:\\\/\\\/fotos15.apinmo.com\\\/1045\\\/8039595\\\/25-3.jpg&quot;,&quot;alt&quot;:&quot;Finca r\\u00fastica con dos casas a cinco minutos de sitges. - imagenInmueble2&quot;},{&quot;image&quot;:&quot;https:\\\/\\\/fotos15.apinmo.com\\\/1045\\\/8039595\\\/25-4.jpg&quot;,&quot;alt&quot;:&quot;Finca r\\u00fastica con dos casas a cinco minutos de sitges. - imagenInmueble3&quot;},{&quot;image&quot;:&quot;https:\\\/\\\/fotos15.apinmo.com\\\/1045\\\/8039595\\\/25-5.jpg&quot;,&quot;alt&quot;:&quot;Finca r\\u00fastica con dos casas a cinco minutos de sitges. - imagenInmueble4&quot;},{&quot;image&quot;:&quot;https:\\\/\\\/fotos15.apinmo.com\\\/1045\\\/8039595\\\/25-6.jpg&quot;,&quot;alt&quot;:&quot;Finca r\\u00fastica con dos casas a cinco minutos de sitges. - imagenInmueble5&quot;},{&quot;image&quot;:&quot;https:\\\/\\\/fotos15.apinmo.com\\\/1045\\\/8039595\\\/25-7.jpg&quot;,&quot;alt&quot;:&quot;Finca r\\u00fastica con dos casas a cinco minutos de sitges. - imagenInmueble6&quot;},{&quot;image&quot;:&quot;https:\\\/\\\/fotos15.apinmo.com\\\/1045\\\/8039595\\\/25-8.jpg&quot;,&quot;alt&quot;:&quot;Finca r\\u00fastica con dos casas a cinco minutos de sitges. - imagenInmueble7&quot;},{&quot;image&quot;:&quot;https:\\\/\\\/fotos15.apinmo.com\\\/1045\\\/8039595\\\/25-9.jpg&quot;,&quot;alt&quot;:&quot;Finca r\\u00fastica con dos casas a cinco minutos de sitges. - imagenInmueble8&quot;},{&quot;image&quot;:&quot;https:\\\/\\\/fotos15.apinmo.com\\\/1045\\\/8039595\\\/25-10.jpg&quot;,&quot;alt&quot;:&quot;Finca r\\u00fastica con dos casas a cinco minutos de sitges. - imagenInmueble9&quot;},{&quot;image&quot;:&quot;https:\\\/\\\/fotos15.apinmo.com\\\/1045\\\/8039595\\\/25-11.jpg&quot;,&quot;alt&quot;:&quot;Finca r\\u00fastica con dos casas a cinco minutos de sitges. - imagenInmueble10&quot;},{&quot;image&quot;:&quot;https:\\\/\\\/fotos15.apinmo.com\\\/1045\\\/8039595\\\/25-12.jpg&quot;,&quot;alt&quot;:&quot;Finca r\\u00fastica con dos casas a cinco minutos de sitges. - imagenInmueble11&quot;},{&quot;image&quot;:&quot;https:\\\/\\\/fotos15.apinmo.com\\\/1045\\\/8039595\\\/25-13.jpg&quot;,&quot;alt&quot;:&quot;Finca r\\u00fastica con dos casas a cinco minutos de sitges. - imagenInmueble12&quot;},{&quot;image&quot;:&quot;https:\\\/\\\/fotos15.apinmo.com\\\/1045\\\/8039595\\\/25-14.jpg&quot;,&quot;alt&quot;:&quot;Finca r\\u00fastica con dos casas a cinco minutos de sitges. - imagenInmueble13&quot;},{&quot;image&quot;:&quot;https:\\\/\\\/fotos15.apinmo.com\\\/1045\\\/8039595\\\/25-15.jpg&quot;,&quot;alt&quot;:&quot;Finca r\\u00fastica con dos casas a cinco minutos de sitges. - imagenInmueble14&quot;},{&quot;image&quot;:&quot;https:\\\/\\\/fotos15.apinmo.com\\\/1045\\\/8039595\\\/25-16.jpg&quot;,&quot;alt&quot;:&quot;Finca r\\u00fastica con dos casas a cinco minutos de sitges. - imagenInmueble15&quot;},{&quot;image&quot;:&quot;https:\\\/\\\/fotos15.apinmo.com\\\/1045\\\/8039595\\\/25-17.jpg&quot;,&quot;alt&quot;:&quot;Finca r\\u00fastica con dos casas a cinco minutos de sitges. - imagenInmueble16&quot;},{&quot;image&quot;:&quot;https:\\\/\\\/fotos15.apinmo.com\\\/1045\\\/8039595\\\/25-18.jpg&quot;,&quot;alt&quot;:&quot;Finca r\\u00fastica con dos casas a cinco minutos de sitges. - imagenInmueble17&quot;},{&quot;image&quot;:&quot;https:\\\/\\\/fotos15.apinmo.com\\\/1045\\\/8039595\\\/25-19.jpg&quot;,&quot;alt&quot;:&quot;Finca r\\u00fastica con dos casas a cinco minutos de sitges. - imagenInmueble18&quot;},{&quot;image&quot;:&quot;https:\\\/\\\/fotos15.apinmo.com\\\/1045\\\/8039595\\\/25-20.jpg&quot;,&quot;alt&quot;:&quot;Finca r\\u00fastica con dos casas a cinco minutos de sitges. - imagenInmueble19&quot;},{&quot;image&quot;:&quot;https:\\\/\\\/fotos15.apinmo.com\\\/1045\\\/8039595\\\/25-21.jpg&quot;,&quot;alt&quot;:&quot;Finca r\\u00fastica con dos casas a cinco minutos de sitges. - imagenInmueble20&quot;},{&quot;image&quot;:&quot;https:\\\/\\\/fotos15.apinmo.com\\\/1045\\\/8039595\\\/25-22.jpg&quot;,&quot;alt&quot;:&quot;Finca r\\u00fastica con dos casas a cinco minutos de sitges. - imagenInmueble21&quot;},{&quot;image&quot;:&quot;https:\\\/\\\/fotos15.apinmo.com\\\/1045\\\/8039595\\\/25-23.jpg&quot;,&quot;alt&quot;:&quot;Finca r\\u00fastica con dos casas a cinco minutos de sitges. - imagenInmueble22&quot;},{&quot;image&quot;:&quot;https:\\\/\\\/fotos15.apinmo.com\\\/1045\\\/8039595\\\/25-24.jpg&quot;,&quot;alt&quot;:&quot;Finca r\\u00fastica con dos casas a cinco minutos de sitges. - imagenInmueble23&quot;},{&quot;image&quot;:&quot;https:\\\/\\\/fotos15.apinmo.com\\\/1045\\\/8039595\\\/25-25.jpg&quot;,&quot;alt&quot;:&quot;Finca r\\u00fastica con dos casas a cinco minutos de sitges. - imagenInmueble24&quot;},{&quot;image&quot;:&quot;https:\\\/\\\/fotos15.apinmo.com\\\/1045\\\/8039595\\\/25-26.jpg&quot;,&quot;alt&quot;:&quot;Finca r\\u00fastica con dos casas a cinco minutos de sitges. - imagenInmueble25&quot;},{&quot;image&quot;:&quot;https:\\\/\\\/fotos15.apinmo.com\\\/1045\\\/8039595\\\/25-27.jpg&quot;,&quot;alt&quot;:&quot;Finca r\\u00fastica con dos casas a cinco minutos de sitges. - imagenInmueble26&quot;},{&quot;image&quot;:&quot;https:\\\/\\\/fotos15.apinmo.com\\\/1045\\\/8039595\\\/25-28.jpg&quot;,&quot;alt&quot;:&quot;Finca r\\u00fastica con dos casas a cinco minutos de sitges. - imagenInmueble27&quot;},{&quot;image&quot;:&quot;https:\\\/\\\/fotos15.apinmo.com\\\/1045\\\/8039595\\\/25-29.jpg&quot;,&quot;alt&quot;:&quot;Finca r\\u00fastica con dos casas a cinco minutos de sitges. - imagenInmueble28&quot;},{&quot;image&quot;:&quot;https:\\\/\\\/fotos15.apinmo.com\\\/1045\\\/8039595\\\/25-30.jpg&quot;,&quot;alt&quot;:&quot;Finca r\\u00fastica con dos casas a cinco minutos de sitges. - imagenInmueble29&quot;},{&quot;image&quot;:&quot;https:\\\/\\\/fotos15.apinmo.com\\\/1045\\\/8039595\\\/25-31.jpg&quot;,&quot;alt&quot;:&quot;Finca r\\u00fastica con dos casas a cinco minutos de sitges. - imagenInmueble30&quot;},{&quot;image&quot;:&quot;https:\\\/\\\/fotos15.apinmo.com\\\/1045\\\/8039595\\\/25-32.jpg&quot;,&quot;alt&quot;:&quot;Finca r\\u00fastica con dos casas a cinco minutos de sitges. - imagenInmueble31&quot;},{&quot;image&quot;:&quot;https:\\\/\\\/fotos15.apinmo.com\\\/1045\\\/8039595\\\/25-33.jpg&quot;,&quot;alt&quot;:&quot;Finca r\\u00fastica con dos casas a cinco minutos de sitges. - imagenInmueble32&quot;},{&quot;image&quot;:&quot;https:\\\/\\\/fotos15.apinmo.com\\\/1045\\\/8039595\\\/25-34.jpg&quot;,&quot;alt&quot;:&quot;Finca r\\u00fastica con dos casas a cinco minutos de sitges. - imagenInmueble33&quot;},{&quot;image&quot;:&quot;https:\\\/\\\/fotos15.apinmo.com\\\/1045\\\/8039595\\\/25-35.jpg&quot;,&quot;alt&quot;:&quot;Finca r\\u00fastica con dos casas a cinco minutos de sitges. - imagenInmueble34&quot;},{&quot;image&quot;:&quot;https:\\\/\\\/fotos15.apinmo.com\\\/1045\\\/8039595\\\/25-36.jpg&quot;,&quot;alt&quot;:&quot;Finca r\\u00fastica con dos casas a cinco minutos de sitges. - imagenInmueble35&quot;},{&quot;image&quot;:&quot;https:\\\/\\\/fotos15.apinmo.com\\\/1045\\\/8039595\\\/25-37.jpg&quot;,&quot;alt&quot;:&quot;Finca r\\u00fastica con dos casas a cinco minutos de sitges. - imagenInmueble36&quot;},{&quot;image&quot;:&quot;https:\\\/\\\/fotos15.apinmo.com\\\/1045\\\/8039595\\\/25-38.jpg&quot;,&quot;alt&quot;:&quot;Finca r\\u00fastica con dos casas a cinco minutos de sitges. - imagenInmueble37&quot;},{&quot;image&quot;:&quot;https:\\\/\\\/fotos15.apinmo.com\\\/1045\\\/8039595\\\/25-39.jpg&quot;,&quot;alt&quot;:&quot;Finca r\\u00fastica con dos casas a cinco minutos de sitges. - imagenInmueble38&quot;},{&quot;image&quot;:&quot;https:\\\/\\\/fotos15.apinmo.com\\\/1045\\\/8039595\\\/25-40.jpg&quot;,&quot;alt&quot;:&quot;Finca r\\u00fastica con dos casas a cinco minutos de sitges. - imagenInmueble39&quot;}]\">\n\t<div class=\"item-wrap item-wrap-v1 item-wrap-no-frame h-100\">\n\t\t<div class=\"d-flex align-items-center h-100\">\n\t\t\t<div class=\"item-header\">\n\t\t\t\t\t\t\t\t<div class=\"labels-wrap labels-right\"> \n\n\t<a href=\"https:\/\/www.laclauelite.com\/fr\/status\/vente\/\" class=\"label-status label status-color-165\">\n\t\t\t\t\tVente\n\t\t\t\t<\/a>       \n\n<\/div>\n\t\t\t\t<ul class=\"item-price-wrap hide-on-list\">\n\t<li class=\"item-price\">5,000,000\u20ac<\/li><\/ul>\t\t\t\t<ul class=\"item-tools\">\n\n        <li class=\"item-tool item-preview\">\n        <span class=\"hz-show-lightbox-js\" data-listid=\"1081908\" data-toggle=\"tooltip\" data-placement=\"top\" title=\"Preview\">\n                <i class=\"houzez-icon icon-expand-3\"><\/i>   \n        <\/span><!-- item-tool-favorite -->\n    <\/li><!-- item-tool -->\n        \n        <li class=\"item-tool item-favorite\">\n        <span class=\"add-favorite-js item-tool-favorite\" data-toggle=\"tooltip\" data-placement=\"top\" title=\"Favourite\" data-listid=\"1081908\">\n            <i class=\"houzez-icon icon-love-it \"><\/i> \n        <\/span><!-- item-tool-favorite -->\n    <\/li><!-- item-tool -->\n    \n        <li class=\"item-tool item-compare\">\n        <span class=\"houzez_compare compare-1081908 item-tool-compare show-compare-panel\" data-toggle=\"tooltip\" data-placement=\"top\" title=\"Add to Compare\" data-listing_id=\"1081908\" data-listing_image=\"https:\/\/fotos15.apinmo.com\/1045\/8039595\/25-1.jpg\">\n            <i class=\"houzez-icon icon-add-circle\"><\/i>\n        <\/span><!-- item-tool-compare -->\n    <\/li><!-- item-tool -->\n    <\/ul><!-- item-tools -->\n\t\t\t\t<div class=\"listing-image-wrap\">\n\t<div class=\"listing-thumb\">\n\t\t<a target=_self href=\"https:\/\/www.laclauelite.com\/fr\/property\/finca-rustica-con-dos-casas-a-cinco-minutos-de-sitges-09094-fr\/\" class=\"listing-featured-thumb hover-effect\">\n\t\t\t                                                                                                                                                                                    <img loading=\"lazy\" decoding=\"async\" width=\"850\" height=\"426\" src=\"https:\/\/fotos15.apinmo.com\/1045\/8039595\/25-1.jpg\" class=\"img-fluid wp-post-image\" alt=\"Finca r\u00fastica con dos casas a cinco minutos de sitges. - imagenInmueble0\" srcset=\"https:\/\/fotos15.apinmo.com\/1045\/8039595\/25-1.jpg 850w, https:\/\/fotos15.apinmo.com\/1045\/8039595\/25-1.jpg 300w, https:\/\/fotos15.apinmo.com\/1045\/8039595\/25-1.jpg 768w, https:\/\/fotos15.apinmo.com\/1045\/8039595\/25-1s.jpg 150w, https:\/\/fotos15.apinmo.com\/1045\/8039595\/25-1.jpg 536w, https:\/\/fotos15.apinmo.com\/1045\/8039595\/25-1.jpg 770w\" sizes=\"(max-width: 850px) 100vw, 850px\" \/>\t\t<\/a><!-- hover-effect -->\n\t<\/div>\n<\/div>\n\t\t\t\t<div class=\"preview_loader\"><\/div>\n\t\t\t<\/div><!-- item-header -->\t\n\t\t\t<div class=\"item-body flex-grow-1\">\n\t\t\t\t<div class=\"labels-wrap labels-right\"> \n\n\t<a href=\"https:\/\/www.laclauelite.com\/fr\/status\/vente\/\" class=\"label-status label status-color-165\">\n\t\t\t\t\tVente\n\t\t\t\t<\/a>       \n\n<\/div>\n\t\t\t\t<h2 class=\"item-title\">\n\t<a target=_self href=\"https:\/\/www.laclauelite.com\/fr\/property\/finca-rustica-con-dos-casas-a-cinco-minutos-de-sitges-09094-fr\/\">Finca r\u00fastica con dos casas a cinco minutos de Sitges. &#8211; 09094<\/a>\n<\/h2><!-- item-title -->\t\t\t\t<ul class=\"item-price-wrap hide-on-list\">\n\t<li class=\"item-price\">5,000,000\u20ac<\/li><\/ul>\t\t\t\t<address class=\"item-address\">Sant Pere de Ribes,Barcelona,Spain<\/address>\t\t\t\t<ul class=\"item-amenities item-amenities-with-icons\">\n\t<li class=\"h-beds\"><i class=\"houzez-icon icon-hotel-double-bed-1 mr-1\"><\/i><span class=\"item-amenities-text\">Cama:<\/span> <span class=\"hz-figure\">0<\/span><\/li><li class=\"h-baths\"><i class=\"houzez-icon icon-bathroom-shower-1 mr-1\"><\/i><span class=\"item-amenities-text\">Ba\u00f1o:<\/span> <span class=\"hz-figure\">1<\/span><\/li><li class=\"h-area\"><i class=\"houzez-icon icon-ruler-triangle mr-1\"><\/i><span class=\"hz-figure\">1800<\/span> <span class=\"hz-figure area_postfix\">m&sup2;<\/span><\/li><li class=\"h-type\"><span>Houses<\/span><\/li><\/ul>\t\t\t\t<a class=\"btn btn-primary btn-item \" target=_self href=\"https:\/\/www.laclauelite.com\/fr\/property\/finca-rustica-con-dos-casas-a-cinco-minutos-de-sitges-09094-fr\/\">\n\tD\u00e9tails<\/a><!-- btn-item -->\n\t\t\t\t<div class=\"item-author\">\n\t<i class=\"houzez-icon icon-single-neutral mr-1\"><\/i>\n\t<a href=\"https:\/\/www.laclauelite.com\/fr\/agent\/fincas-la-clau-elite\/\">Fincas La Clau Elite<\/a> <\/div><!-- item-author -->\n\t\t\t\t<div class=\"item-date\">\n\t<i class=\"houzez-icon icon-attachment mr-1\"><\/i>\n\til y a2 ans<\/div><!-- item-date -->\n\t\t\t<\/div><!-- item-body -->\n\n\t\t\t\t\t\t<div class=\"item-footer clearfix\">\n\t\t\t\t<div class=\"item-author\">\n\t<i class=\"houzez-icon icon-single-neutral mr-1\"><\/i>\n\t<a href=\"https:\/\/www.laclauelite.com\/fr\/agent\/fincas-la-clau-elite\/\">Fincas La Clau Elite<\/a> <\/div><!-- item-author -->\n\t\t\t\t<div class=\"item-date\">\n\t<i class=\"houzez-icon icon-attachment mr-1\"><\/i>\n\til y a2 ans<\/div><!-- item-date -->\n\t\t\t<\/div>\n\t\t\t\t\t<\/div><!-- d-flex -->\n\t<\/div><!-- item-wrap -->\n<\/div><!-- item-listing-wrap -->\t\t\t\t<\/div><!-- testimonials-slider -->\r\n\t\t\t<\/div><!-- listing-view grid-view -->\r\n\t\t<\/div><!-- testimonials-module -->\r\n\r\n\t\t\t\t<\/div>\n\t\t\t\t<\/div>\n\t\t\t\t\t<\/div>\n\t\t<\/div>\n\t\t\t\t\t\t\t<\/div>\n\t\t<\/section>\n\t\t\t\t<section class=\"elementor-section elementor-top-section elementor-element elementor-element-5ee7a7a elementor-section-boxed elementor-section-height-default elementor-section-height-default\" data-id=\"5ee7a7a\" data-element_type=\"section\">\n\t\t\t\t\t\t<div class=\"elementor-container elementor-column-gap-default\">\n\t\t\t\t\t<div class=\"elementor-column elementor-col-100 elementor-top-column elementor-element elementor-element-560bb94\" data-id=\"560bb94\" data-element_type=\"column\">\n\t\t\t<div class=\"elementor-widget-wrap elementor-element-populated\">\n\t\t\t\t\t\t\t\t<div class=\"elementor-element elementor-element-0608181 animated-slow elementor-invisible elementor-widget elementor-widget-heading\" data-id=\"0608181\" data-element_type=\"widget\" data-settings=\"{&quot;_animation&quot;:&quot;fadeIn&quot;}\" data-widget_type=\"heading.default\">\n\t\t\t\t<div class=\"elementor-widget-container\">\n\t\t\t<h3 class=\"elementor-heading-title elementor-size-large\">Hotel<\/h3>\t\t<\/div>\n\t\t\t\t<\/div>\n\t\t\t\t\t<\/div>\n\t\t<\/div>\n\t\t\t\t\t\t\t<\/div>\n\t\t<\/section>\n\t\t\t\t<section class=\"elementor-section elementor-top-section elementor-element elementor-element-86488de animated-slow elementor-section-boxed elementor-section-height-default elementor-section-height-default elementor-invisible\" data-id=\"86488de\" data-element_type=\"section\" data-settings=\"{&quot;animation&quot;:&quot;fadeIn&quot;,&quot;animation_delay&quot;:0}\">\n\t\t\t\t\t\t<div class=\"elementor-container elementor-column-gap-default\">\n\t\t\t\t\t<div class=\"elementor-column elementor-col-100 elementor-top-column elementor-element elementor-element-0e8ddff\" data-id=\"0e8ddff\" data-element_type=\"column\">\n\t\t\t<div class=\"elementor-widget-wrap elementor-element-populated\">\n\t\t\t\t\t\t\t\t<div class=\"elementor-element elementor-element-b2d9767 elementor-widget elementor-widget-houzez_elementor_properties_carousel_v2\" data-id=\"b2d9767\" data-element_type=\"widget\" data-widget_type=\"houzez_elementor_properties_carousel_v2.default\">\n\t\t\t\t<div class=\"elementor-widget-container\">\n\t\t\t\r\n\t\t<div class=\"property-carousel-module houzez-carousel-arrows-h4TBT houzez-carousel-cols-1 property-carousel-module-v2\">\r\n\r\n\t\t\t<div class=\"property-carousel-buttons-wrap\">\r\n\t\t\t\t\t\t\t\t<button type=\"button\" class=\"slick-prev-js-h4TBT slick-prev btn-primary-outlined\">Prev<\/button>\r\n\t\t\t\t<button type=\"button\" class=\"slick-next-js-h4TBT slick-next btn-primary-outlined\">Prochain<\/button>\r\n\t\t\t\t\t\t\t\t\t\t\t<\/div><!-- property-carousel-buttons-wrap -->\r\n\r\n\t\t\t<div class=\"listing-view grid-view\">\r\n\t\t\t\t\r\n\t\t\t\t<div id=\"houzez-properties-carousel-h4TBT\" data-token=\"h4TBT\" class=\"houzez-properties-carousel-js houzez-all-slider-wrap card-deck\">\r\n\t\t\t\t\t<div class=\"item-listing-wrap hz-item-gallery-js card\" data-hz-id=\"hz-1081984\" data-images=\"[{&quot;image&quot;:&quot;https:\\\/\\\/fotos15.apinmo.com\\\/1045\\\/20965375\\\/61-1.jpg&quot;,&quot;alt&quot;:&quot;Casa de pescadores en el centro de sitges - imagenInmueble0&quot;},{&quot;image&quot;:&quot;https:\\\/\\\/fotos15.apinmo.com\\\/1045\\\/20965375\\\/61-1.jpg&quot;,&quot;alt&quot;:&quot;Casa de pescadores en el centro de sitges - imagenInmueble0&quot;},{&quot;image&quot;:&quot;https:\\\/\\\/fotos15.apinmo.com\\\/1045\\\/20965375\\\/61-2.jpg&quot;,&quot;alt&quot;:&quot;Casa de pescadores en el centro de sitges - imagenInmueble1&quot;},{&quot;image&quot;:&quot;https:\\\/\\\/fotos15.apinmo.com\\\/1045\\\/20965375\\\/61-3.jpg&quot;,&quot;alt&quot;:&quot;Casa de pescadores en el centro de sitges - imagenInmueble2&quot;},{&quot;image&quot;:&quot;https:\\\/\\\/fotos15.apinmo.com\\\/1045\\\/20965375\\\/61-4.jpg&quot;,&quot;alt&quot;:&quot;Casa de pescadores en el centro de sitges - imagenInmueble3&quot;},{&quot;image&quot;:&quot;https:\\\/\\\/fotos15.apinmo.com\\\/1045\\\/20965375\\\/61-5.jpg&quot;,&quot;alt&quot;:&quot;Casa de pescadores en el centro de sitges - imagenInmueble4&quot;},{&quot;image&quot;:&quot;https:\\\/\\\/fotos15.apinmo.com\\\/1045\\\/20965375\\\/61-6.jpg&quot;,&quot;alt&quot;:&quot;Casa de pescadores en el centro de sitges - imagenInmueble5&quot;},{&quot;image&quot;:&quot;https:\\\/\\\/fotos15.apinmo.com\\\/1045\\\/20965375\\\/61-7.jpg&quot;,&quot;alt&quot;:&quot;Casa de pescadores en el centro de sitges - imagenInmueble6&quot;},{&quot;image&quot;:&quot;https:\\\/\\\/fotos15.apinmo.com\\\/1045\\\/20965375\\\/61-8.jpg&quot;,&quot;alt&quot;:&quot;Casa de pescadores en el centro de sitges - imagenInmueble7&quot;},{&quot;image&quot;:&quot;https:\\\/\\\/fotos15.apinmo.com\\\/1045\\\/20965375\\\/61-9.jpg&quot;,&quot;alt&quot;:&quot;Casa de pescadores en el centro de sitges - imagenInmueble8&quot;},{&quot;image&quot;:&quot;https:\\\/\\\/fotos15.apinmo.com\\\/1045\\\/20965375\\\/61-10.jpg&quot;,&quot;alt&quot;:&quot;Casa de pescadores en el centro de sitges - imagenInmueble9&quot;},{&quot;image&quot;:&quot;https:\\\/\\\/fotos15.apinmo.com\\\/1045\\\/20965375\\\/61-11.jpg&quot;,&quot;alt&quot;:&quot;Casa de pescadores en el centro de sitges - imagenInmueble10&quot;},{&quot;image&quot;:&quot;https:\\\/\\\/fotos15.apinmo.com\\\/1045\\\/20965375\\\/61-12.jpg&quot;,&quot;alt&quot;:&quot;Casa de pescadores en el centro de sitges - imagenInmueble11&quot;},{&quot;image&quot;:&quot;https:\\\/\\\/fotos15.apinmo.com\\\/1045\\\/20965375\\\/61-13.jpg&quot;,&quot;alt&quot;:&quot;Casa de pescadores en el centro de sitges - imagenInmueble12&quot;},{&quot;image&quot;:&quot;https:\\\/\\\/fotos15.apinmo.com\\\/1045\\\/20965375\\\/61-14.jpg&quot;,&quot;alt&quot;:&quot;Casa de pescadores en el centro de sitges - imagenInmueble13&quot;},{&quot;image&quot;:&quot;https:\\\/\\\/fotos15.apinmo.com\\\/1045\\\/20965375\\\/61-15.jpg&quot;,&quot;alt&quot;:&quot;Casa de pescadores en el centro de sitges - imagenInmueble14&quot;},{&quot;image&quot;:&quot;https:\\\/\\\/fotos15.apinmo.com\\\/1045\\\/20965375\\\/61-16.jpg&quot;,&quot;alt&quot;:&quot;Casa de pescadores en el centro de sitges - imagenInmueble15&quot;},{&quot;image&quot;:&quot;https:\\\/\\\/fotos15.apinmo.com\\\/1045\\\/20965375\\\/61-17.jpg&quot;,&quot;alt&quot;:&quot;Casa de pescadores en el centro de sitges - imagenInmueble16&quot;},{&quot;image&quot;:&quot;https:\\\/\\\/fotos15.apinmo.com\\\/1045\\\/20965375\\\/61-18.jpg&quot;,&quot;alt&quot;:&quot;Casa de pescadores en el centro de sitges - imagenInmueble17&quot;},{&quot;image&quot;:&quot;https:\\\/\\\/fotos15.apinmo.com\\\/1045\\\/20965375\\\/61-19.jpg&quot;,&quot;alt&quot;:&quot;Casa de pescadores en el centro de sitges - imagenInmueble18&quot;},{&quot;image&quot;:&quot;https:\\\/\\\/fotos15.apinmo.com\\\/1045\\\/20965375\\\/61-20.jpg&quot;,&quot;alt&quot;:&quot;Casa de pescadores en el centro de sitges - imagenInmueble19&quot;},{&quot;image&quot;:&quot;https:\\\/\\\/fotos15.apinmo.com\\\/1045\\\/20965375\\\/61-21.jpg&quot;,&quot;alt&quot;:&quot;Casa de pescadores en el centro de sitges - imagenInmueble20&quot;},{&quot;image&quot;:&quot;https:\\\/\\\/fotos15.apinmo.com\\\/1045\\\/20965375\\\/61-22.jpg&quot;,&quot;alt&quot;:&quot;Casa de pescadores en el centro de sitges - imagenInmueble21&quot;},{&quot;image&quot;:&quot;https:\\\/\\\/fotos15.apinmo.com\\\/1045\\\/20965375\\\/61-23.jpg&quot;,&quot;alt&quot;:&quot;Casa de pescadores en el centro de sitges - imagenInmueble22&quot;},{&quot;image&quot;:&quot;https:\\\/\\\/fotos15.apinmo.com\\\/1045\\\/20965375\\\/61-24.jpg&quot;,&quot;alt&quot;:&quot;Casa de pescadores en el centro de sitges - imagenInmueble23&quot;},{&quot;image&quot;:&quot;https:\\\/\\\/fotos15.apinmo.com\\\/1045\\\/20965375\\\/61-25.jpg&quot;,&quot;alt&quot;:&quot;Casa de pescadores en el centro de sitges - imagenInmueble24&quot;},{&quot;image&quot;:&quot;https:\\\/\\\/fotos15.apinmo.com\\\/1045\\\/20965375\\\/61-26.jpg&quot;,&quot;alt&quot;:&quot;Casa de pescadores en el centro de sitges - imagenInmueble25&quot;},{&quot;image&quot;:&quot;https:\\\/\\\/fotos15.apinmo.com\\\/1045\\\/20965375\\\/61-27.jpg&quot;,&quot;alt&quot;:&quot;Casa de pescadores en el centro de sitges - imagenInmueble26&quot;},{&quot;image&quot;:&quot;https:\\\/\\\/fotos15.apinmo.com\\\/1045\\\/20965375\\\/61-28.jpg&quot;,&quot;alt&quot;:&quot;Casa de pescadores en el centro de sitges - imagenInmueble27&quot;},{&quot;image&quot;:&quot;https:\\\/\\\/fotos15.apinmo.com\\\/1045\\\/20965375\\\/61-29.jpg&quot;,&quot;alt&quot;:&quot;Casa de pescadores en el centro de sitges - imagenInmueble28&quot;},{&quot;image&quot;:&quot;https:\\\/\\\/fotos15.apinmo.com\\\/1045\\\/20965375\\\/61-30.jpg&quot;,&quot;alt&quot;:&quot;Casa de pescadores en el centro de sitges - imagenInmueble29&quot;},{&quot;image&quot;:&quot;https:\\\/\\\/fotos15.apinmo.com\\\/1045\\\/20965375\\\/61-31.jpg&quot;,&quot;alt&quot;:&quot;Casa de pescadores en el centro de sitges - imagenInmueble30&quot;},{&quot;image&quot;:&quot;https:\\\/\\\/fotos15.apinmo.com\\\/1045\\\/20965375\\\/61-32.jpg&quot;,&quot;alt&quot;:&quot;Casa de pescadores en el centro de sitges - imagenInmueble31&quot;},{&quot;image&quot;:&quot;https:\\\/\\\/fotos15.apinmo.com\\\/1045\\\/20965375\\\/61-33.jpg&quot;,&quot;alt&quot;:&quot;Casa de pescadores en el centro de sitges - imagenInmueble32&quot;},{&quot;image&quot;:&quot;https:\\\/\\\/fotos15.apinmo.com\\\/1045\\\/20965375\\\/61-34.jpg&quot;,&quot;alt&quot;:&quot;Casa de pescadores en el centro de sitges - imagenInmueble33&quot;},{&quot;image&quot;:&quot;https:\\\/\\\/fotos15.apinmo.com\\\/1045\\\/20965375\\\/61-35.jpg&quot;,&quot;alt&quot;:&quot;Casa de pescadores en el centro de sitges - imagenInmueble34&quot;},{&quot;image&quot;:&quot;https:\\\/\\\/fotos15.apinmo.com\\\/1045\\\/20965375\\\/61-36.jpg&quot;,&quot;alt&quot;:&quot;Casa de pescadores en el centro de sitges - imagenInmueble35&quot;},{&quot;image&quot;:&quot;https:\\\/\\\/fotos15.apinmo.com\\\/1045\\\/20965375\\\/61-37.jpg&quot;,&quot;alt&quot;:&quot;Casa de pescadores en el centro de sitges - imagenInmueble36&quot;},{&quot;image&quot;:&quot;https:\\\/\\\/fotos15.apinmo.com\\\/1045\\\/20965375\\\/61-38.jpg&quot;,&quot;alt&quot;:&quot;Casa de pescadores en el centro de sitges - imagenInmueble37&quot;},{&quot;image&quot;:&quot;https:\\\/\\\/fotos15.apinmo.com\\\/1045\\\/20965375\\\/61-39.jpg&quot;,&quot;alt&quot;:&quot;Casa de pescadores en el centro de sitges - imagenInmueble38&quot;}]\">\n\t<div class=\"item-wrap item-wrap-v1 item-wrap-no-frame h-100\">\n\t\t<div class=\"d-flex align-items-center h-100\">\n\t\t\t<div class=\"item-header\">\n\t\t\t\t\t\t\t\t<div class=\"labels-wrap labels-right\"> \n\n\t<a href=\"https:\/\/www.laclauelite.com\/fr\/status\/vente\/\" class=\"label-status label status-color-165\">\n\t\t\t\t\tVente\n\t\t\t\t<\/a>       \n\n<\/div>\n\t\t\t\t<ul class=\"item-price-wrap hide-on-list\">\n\t<li class=\"item-price\">995,000\u20ac<\/li><\/ul>\t\t\t\t<ul class=\"item-tools\">\n\n        <li class=\"item-tool item-preview\">\n        <span class=\"hz-show-lightbox-js\" data-listid=\"1081984\" data-toggle=\"tooltip\" data-placement=\"top\" title=\"Preview\">\n                <i class=\"houzez-icon icon-expand-3\"><\/i>   \n        <\/span><!-- item-tool-favorite -->\n    <\/li><!-- item-tool -->\n        \n        <li class=\"item-tool item-favorite\">\n        <span class=\"add-favorite-js item-tool-favorite\" data-toggle=\"tooltip\" data-placement=\"top\" title=\"Favourite\" data-listid=\"1081984\">\n            <i class=\"houzez-icon icon-love-it \"><\/i> \n        <\/span><!-- item-tool-favorite -->\n    <\/li><!-- item-tool -->\n    \n        <li class=\"item-tool item-compare\">\n        <span class=\"houzez_compare compare-1081984 item-tool-compare show-compare-panel\" data-toggle=\"tooltip\" data-placement=\"top\" title=\"Add to Compare\" data-listing_id=\"1081984\" data-listing_image=\"https:\/\/fotos15.apinmo.com\/1045\/20965375\/61-1.jpg\">\n            <i class=\"houzez-icon icon-add-circle\"><\/i>\n        <\/span><!-- item-tool-compare -->\n    <\/li><!-- item-tool -->\n    <\/ul><!-- item-tools -->\n\t\t\t\t<div class=\"listing-image-wrap\">\n\t<div class=\"listing-thumb\">\n\t\t<a target=_self href=\"https:\/\/www.laclauelite.com\/fr\/property\/casa-de-pescadores-en-el-centro-de-sitges-11086-fr\/\" class=\"listing-featured-thumb hover-effect\">\n\t\t\t                                                                                                                                                                                    <img loading=\"lazy\" decoding=\"async\" width=\"850\" height=\"426\" src=\"https:\/\/fotos15.apinmo.com\/1045\/20965375\/61-1.jpg\" class=\"img-fluid wp-post-image\" alt=\"Casa de pescadores en el centro de sitges - imagenInmueble0\" srcset=\"https:\/\/fotos15.apinmo.com\/1045\/20965375\/61-1.jpg 850w, https:\/\/fotos15.apinmo.com\/1045\/20965375\/61-1.jpg 300w, https:\/\/fotos15.apinmo.com\/1045\/20965375\/61-1.jpg 768w, https:\/\/fotos15.apinmo.com\/1045\/20965375\/61-1s.jpg 150w, https:\/\/fotos15.apinmo.com\/1045\/20965375\/61-1.jpg 536w, https:\/\/fotos15.apinmo.com\/1045\/20965375\/61-1.jpg 770w\" sizes=\"(max-width: 850px) 100vw, 850px\" \/>\t\t<\/a><!-- hover-effect -->\n\t<\/div>\n<\/div>\n\t\t\t\t<div class=\"preview_loader\"><\/div>\n\t\t\t<\/div><!-- item-header -->\t\n\t\t\t<div class=\"item-body flex-grow-1\">\n\t\t\t\t<div class=\"labels-wrap labels-right\"> \n\n\t<a href=\"https:\/\/www.laclauelite.com\/fr\/status\/vente\/\" class=\"label-status label status-color-165\">\n\t\t\t\t\tVente\n\t\t\t\t<\/a>       \n\n<\/div>\n\t\t\t\t<h2 class=\"item-title\">\n\t<a target=_self href=\"https:\/\/www.laclauelite.com\/fr\/property\/casa-de-pescadores-en-el-centro-de-sitges-11086-fr\/\">Casa de pescadores en el centro de Sitges &#8211; 11086<\/a>\n<\/h2><!-- item-title -->\t\t\t\t<ul class=\"item-price-wrap hide-on-list\">\n\t<li class=\"item-price\">995,000\u20ac<\/li><\/ul>\t\t\t\t<address class=\"item-address\">Sitges,Barcelona,Spain<\/address>\t\t\t\t<ul class=\"item-amenities item-amenities-with-icons\">\n\t<li class=\"h-beds\"><i class=\"houzez-icon icon-hotel-double-bed-1 mr-1\"><\/i><span class=\"item-amenities-text\">Camas:<\/span> <span class=\"hz-figure\">3<\/span><\/li><li class=\"h-baths\"><i class=\"houzez-icon icon-bathroom-shower-1 mr-1\"><\/i><span class=\"item-amenities-text\">Ba\u00f1os:<\/span> <span class=\"hz-figure\">3<\/span><\/li><li class=\"h-area\"><i class=\"houzez-icon icon-ruler-triangle mr-1\"><\/i><span class=\"hz-figure\">160<\/span> <span class=\"hz-figure area_postfix\">m&sup2;<\/span><\/li><li class=\"h-type\"><span>Houses<\/span><\/li><\/ul>\t\t\t\t<a class=\"btn btn-primary btn-item \" target=_self href=\"https:\/\/www.laclauelite.com\/fr\/property\/casa-de-pescadores-en-el-centro-de-sitges-11086-fr\/\">\n\tD\u00e9tails<\/a><!-- btn-item -->\n\t\t\t\t<div class=\"item-author\">\n\t<i class=\"houzez-icon icon-single-neutral mr-1\"><\/i>\n\t<a href=\"https:\/\/www.laclauelite.com\/fr\/agent\/fincas-la-clau-elite\/\">Fincas La Clau Elite<\/a> <\/div><!-- item-author -->\n\t\t\t\t<div class=\"item-date\">\n\t<i class=\"houzez-icon icon-attachment mr-1\"><\/i>\n\til y a2 jours<\/div><!-- item-date -->\n\t\t\t<\/div><!-- item-body -->\n\n\t\t\t\t\t\t<div class=\"item-footer clearfix\">\n\t\t\t\t<div class=\"item-author\">\n\t<i class=\"houzez-icon icon-single-neutral mr-1\"><\/i>\n\t<a href=\"https:\/\/www.laclauelite.com\/fr\/agent\/fincas-la-clau-elite\/\">Fincas La Clau Elite<\/a> <\/div><!-- item-author -->\n\t\t\t\t<div class=\"item-date\">\n\t<i class=\"houzez-icon icon-attachment mr-1\"><\/i>\n\til y a2 jours<\/div><!-- item-date -->\n\t\t\t<\/div>\n\t\t\t\t\t<\/div><!-- d-flex -->\n\t<\/div><!-- item-wrap -->\n<\/div><!-- item-listing-wrap --><div class=\"item-listing-wrap hz-item-gallery-js card\" data-hz-id=\"hz-1082121\" data-images=\"[{&quot;image&quot;:&quot;https:\\\/\\\/fotos15.apinmo.com\\\/1045\\\/28359471\\\/20-1.jpg&quot;,&quot;alt&quot;:&quot;Casa pareada en levantina con magnificas vistas al mar y a sitges - imagenInmueble0&quot;},{&quot;image&quot;:&quot;https:\\\/\\\/fotos15.apinmo.com\\\/1045\\\/28359471\\\/20-1.jpg&quot;,&quot;alt&quot;:&quot;Casa pareada en levantina con magnificas vistas al mar y a sitges - imagenInmueble0&quot;},{&quot;image&quot;:&quot;https:\\\/\\\/fotos15.apinmo.com\\\/1045\\\/28359471\\\/20-2.jpg&quot;,&quot;alt&quot;:&quot;Casa pareada en levantina con magnificas vistas al mar y a sitges - imagenInmueble1&quot;},{&quot;image&quot;:&quot;https:\\\/\\\/fotos15.apinmo.com\\\/1045\\\/28359471\\\/20-3.jpg&quot;,&quot;alt&quot;:&quot;Casa pareada en levantina con magnificas vistas al mar y a sitges - imagenInmueble2&quot;},{&quot;image&quot;:&quot;https:\\\/\\\/fotos15.apinmo.com\\\/1045\\\/28359471\\\/20-4.jpg&quot;,&quot;alt&quot;:&quot;Casa pareada en levantina con magnificas vistas al mar y a sitges - imagenInmueble3&quot;},{&quot;image&quot;:&quot;https:\\\/\\\/fotos15.apinmo.com\\\/1045\\\/28359471\\\/20-5.jpg&quot;,&quot;alt&quot;:&quot;Casa pareada en levantina con magnificas vistas al mar y a sitges - imagenInmueble4&quot;},{&quot;image&quot;:&quot;https:\\\/\\\/fotos15.apinmo.com\\\/1045\\\/28359471\\\/20-6.jpg&quot;,&quot;alt&quot;:&quot;Casa pareada en levantina con magnificas vistas al mar y a sitges - imagenInmueble5&quot;},{&quot;image&quot;:&quot;https:\\\/\\\/fotos15.apinmo.com\\\/1045\\\/28359471\\\/20-7.jpg&quot;,&quot;alt&quot;:&quot;Casa pareada en levantina con magnificas vistas al mar y a sitges - imagenInmueble6&quot;},{&quot;image&quot;:&quot;https:\\\/\\\/fotos15.apinmo.com\\\/1045\\\/28359471\\\/20-8.jpg&quot;,&quot;alt&quot;:&quot;Casa pareada en levantina con magnificas vistas al mar y a sitges - imagenInmueble7&quot;},{&quot;image&quot;:&quot;https:\\\/\\\/fotos15.apinmo.com\\\/1045\\\/28359471\\\/20-9.jpg&quot;,&quot;alt&quot;:&quot;Casa pareada en levantina con magnificas vistas al mar y a sitges - imagenInmueble8&quot;},{&quot;image&quot;:&quot;https:\\\/\\\/fotos15.apinmo.com\\\/1045\\\/28359471\\\/20-10.jpg&quot;,&quot;alt&quot;:&quot;Casa pareada en levantina con magnificas vistas al mar y a sitges - imagenInmueble9&quot;},{&quot;image&quot;:&quot;https:\\\/\\\/fotos15.apinmo.com\\\/1045\\\/28359471\\\/20-11.jpg&quot;,&quot;alt&quot;:&quot;Casa pareada en levantina con magnificas vistas al mar y a sitges - imagenInmueble10&quot;},{&quot;image&quot;:&quot;https:\\\/\\\/fotos15.apinmo.com\\\/1045\\\/28359471\\\/20-12.jpg&quot;,&quot;alt&quot;:&quot;Casa pareada en levantina con magnificas vistas al mar y a sitges - imagenInmueble11&quot;},{&quot;image&quot;:&quot;https:\\\/\\\/fotos15.apinmo.com\\\/1045\\\/28359471\\\/20-13.jpg&quot;,&quot;alt&quot;:&quot;Casa pareada en levantina con magnificas vistas al mar y a sitges - imagenInmueble12&quot;},{&quot;image&quot;:&quot;https:\\\/\\\/fotos15.apinmo.com\\\/1045\\\/28359471\\\/20-14.jpg&quot;,&quot;alt&quot;:&quot;Casa pareada en levantina con magnificas vistas al mar y a sitges - imagenInmueble13&quot;},{&quot;image&quot;:&quot;https:\\\/\\\/fotos15.apinmo.com\\\/1045\\\/28359471\\\/20-15.jpg&quot;,&quot;alt&quot;:&quot;Casa pareada en levantina con magnificas vistas al mar y a sitges - imagenInmueble14&quot;},{&quot;image&quot;:&quot;https:\\\/\\\/fotos15.apinmo.com\\\/1045\\\/28359471\\\/20-16.jpg&quot;,&quot;alt&quot;:&quot;Casa pareada en levantina con magnificas vistas al mar y a sitges - imagenInmueble15&quot;},{&quot;image&quot;:&quot;https:\\\/\\\/fotos15.apinmo.com\\\/1045\\\/28359471\\\/20-17.jpg&quot;,&quot;alt&quot;:&quot;Casa pareada en levantina con magnificas vistas al mar y a sitges - imagenInmueble16&quot;},{&quot;image&quot;:&quot;https:\\\/\\\/fotos15.apinmo.com\\\/1045\\\/28359471\\\/20-18.jpg&quot;,&quot;alt&quot;:&quot;Casa pareada en levantina con magnificas vistas al mar y a sitges - imagenInmueble17&quot;},{&quot;image&quot;:&quot;https:\\\/\\\/fotos15.apinmo.com\\\/1045\\\/28359471\\\/20-19.jpg&quot;,&quot;alt&quot;:&quot;Casa pareada en levantina con magnificas vistas al mar y a sitges - imagenInmueble18&quot;},{&quot;image&quot;:&quot;https:\\\/\\\/fotos15.apinmo.com\\\/1045\\\/28359471\\\/20-20.jpg&quot;,&quot;alt&quot;:&quot;Casa pareada en levantina con magnificas vistas al mar y a sitges - imagenInmueble19&quot;},{&quot;image&quot;:&quot;https:\\\/\\\/fotos15.apinmo.com\\\/1045\\\/28359471\\\/20-21.jpg&quot;,&quot;alt&quot;:&quot;Casa pareada en levantina con magnificas vistas al mar y a sitges - imagenInmueble20&quot;},{&quot;image&quot;:&quot;https:\\\/\\\/fotos15.apinmo.com\\\/1045\\\/28359471\\\/20-22.jpg&quot;,&quot;alt&quot;:&quot;Casa pareada en levantina con magnificas vistas al mar y a sitges - imagenInmueble21&quot;},{&quot;image&quot;:&quot;https:\\\/\\\/fotos15.apinmo.com\\\/1045\\\/28359471\\\/20-23.jpg&quot;,&quot;alt&quot;:&quot;Casa pareada en levantina con magnificas vistas al mar y a sitges - imagenInmueble22&quot;},{&quot;image&quot;:&quot;https:\\\/\\\/fotos15.apinmo.com\\\/1045\\\/28359471\\\/20-24.jpg&quot;,&quot;alt&quot;:&quot;Casa pareada en levantina con magnificas vistas al mar y a sitges - imagenInmueble23&quot;},{&quot;image&quot;:&quot;https:\\\/\\\/fotos15.apinmo.com\\\/1045\\\/28359471\\\/20-25.jpg&quot;,&quot;alt&quot;:&quot;Casa pareada en levantina con magnificas vistas al mar y a sitges - imagenInmueble24&quot;},{&quot;image&quot;:&quot;https:\\\/\\\/fotos15.apinmo.com\\\/1045\\\/28359471\\\/20-26.jpg&quot;,&quot;alt&quot;:&quot;Casa pareada en levantina con magnificas vistas al mar y a sitges - imagenInmueble25&quot;},{&quot;image&quot;:&quot;https:\\\/\\\/fotos15.apinmo.com\\\/1045\\\/28359471\\\/20-27.jpg&quot;,&quot;alt&quot;:&quot;Casa pareada en levantina con magnificas vistas al mar y a sitges - imagenInmueble26&quot;},{&quot;image&quot;:&quot;https:\\\/\\\/fotos15.apinmo.com\\\/1045\\\/28359471\\\/20-28.jpg&quot;,&quot;alt&quot;:&quot;Casa pareada en levantina con magnificas vistas al mar y a sitges - imagenInmueble27&quot;},{&quot;image&quot;:&quot;https:\\\/\\\/fotos15.apinmo.com\\\/1045\\\/28359471\\\/20-29.jpg&quot;,&quot;alt&quot;:&quot;Casa pareada en levantina con magnificas vistas al mar y a sitges - imagenInmueble28&quot;},{&quot;image&quot;:&quot;https:\\\/\\\/fotos15.apinmo.com\\\/1045\\\/28359471\\\/20-30.jpg&quot;,&quot;alt&quot;:&quot;Casa pareada en levantina con magnificas vistas al mar y a sitges - imagenInmueble29&quot;},{&quot;image&quot;:&quot;https:\\\/\\\/fotos15.apinmo.com\\\/1045\\\/28359471\\\/20-31.jpg&quot;,&quot;alt&quot;:&quot;Casa pareada en levantina con magnificas vistas al mar y a sitges - imagenInmueble30&quot;},{&quot;image&quot;:&quot;https:\\\/\\\/fotos15.apinmo.com\\\/1045\\\/28359471\\\/20-32.jpg&quot;,&quot;alt&quot;:&quot;Casa pareada en levantina con magnificas vistas al mar y a sitges - imagenInmueble31&quot;},{&quot;image&quot;:&quot;https:\\\/\\\/fotos15.apinmo.com\\\/1045\\\/28359471\\\/20-33.jpg&quot;,&quot;alt&quot;:&quot;Casa pareada en levantina con magnificas vistas al mar y a sitges - imagenInmueble32&quot;},{&quot;image&quot;:&quot;https:\\\/\\\/fotos15.apinmo.com\\\/1045\\\/28359471\\\/20-34.jpg&quot;,&quot;alt&quot;:&quot;Casa pareada en levantina con magnificas vistas al mar y a sitges - imagenInmueble33&quot;},{&quot;image&quot;:&quot;https:\\\/\\\/fotos15.apinmo.com\\\/1045\\\/28359471\\\/20-35.jpg&quot;,&quot;alt&quot;:&quot;Casa pareada en levantina con magnificas vistas al mar y a sitges - imagenInmueble34&quot;},{&quot;image&quot;:&quot;https:\\\/\\\/fotos15.apinmo.com\\\/1045\\\/28359471\\\/20-36.jpg&quot;,&quot;alt&quot;:&quot;Casa pareada en levantina con magnificas vistas al mar y a sitges - imagenInmueble35&quot;},{&quot;image&quot;:&quot;https:\\\/\\\/fotos15.apinmo.com\\\/1045\\\/28359471\\\/20-37.jpg&quot;,&quot;alt&quot;:&quot;Casa pareada en levantina con magnificas vistas al mar y a sitges - imagenInmueble36&quot;},{&quot;image&quot;:&quot;https:\\\/\\\/fotos15.apinmo.com\\\/1045\\\/28359471\\\/20-38.jpg&quot;,&quot;alt&quot;:&quot;Casa pareada en levantina con magnificas vistas al mar y a sitges - imagenInmueble37&quot;},{&quot;image&quot;:&quot;https:\\\/\\\/fotos15.apinmo.com\\\/1045\\\/28359471\\\/20-39.jpg&quot;,&quot;alt&quot;:&quot;Casa pareada en levantina con magnificas vistas al mar y a sitges - imagenInmueble38&quot;},{&quot;image&quot;:&quot;https:\\\/\\\/fotos15.apinmo.com\\\/1045\\\/28359471\\\/20-40.jpg&quot;,&quot;alt&quot;:&quot;Casa pareada en levantina con magnificas vistas al mar y a sitges - imagenInmueble39&quot;},{&quot;image&quot;:&quot;https:\\\/\\\/fotos15.apinmo.com\\\/1045\\\/28359471\\\/20-41.jpg&quot;,&quot;alt&quot;:&quot;Casa pareada en levantina con magnificas vistas al mar y a sitges - imagenInmueble40&quot;},{&quot;image&quot;:&quot;https:\\\/\\\/fotos15.apinmo.com\\\/1045\\\/28359471\\\/20-42.jpg&quot;,&quot;alt&quot;:&quot;Casa pareada en levantina con magnificas vistas al mar y a sitges - imagenInmueble41&quot;},{&quot;image&quot;:&quot;https:\\\/\\\/fotos15.apinmo.com\\\/1045\\\/28359471\\\/20-43.jpg&quot;,&quot;alt&quot;:&quot;Casa pareada en levantina con magnificas vistas al mar y a sitges - imagenInmueble42&quot;},{&quot;image&quot;:&quot;https:\\\/\\\/fotos15.apinmo.com\\\/1045\\\/28359471\\\/20-44.jpg&quot;,&quot;alt&quot;:&quot;Casa pareada en levantina con magnificas vistas al mar y a sitges - imagenInmueble43&quot;},{&quot;image&quot;:&quot;https:\\\/\\\/fotos15.apinmo.com\\\/1045\\\/28359471\\\/20-45.jpg&quot;,&quot;alt&quot;:&quot;Casa pareada en levantina con magnificas vistas al mar y a sitges - imagenInmueble44&quot;},{&quot;image&quot;:&quot;https:\\\/\\\/fotos15.apinmo.com\\\/1045\\\/28359471\\\/20-46.jpg&quot;,&quot;alt&quot;:&quot;Casa pareada en levantina con magnificas vistas al mar y a sitges - imagenInmueble45&quot;},{&quot;image&quot;:&quot;https:\\\/\\\/fotos15.apinmo.com\\\/1045\\\/28359471\\\/20-47.jpg&quot;,&quot;alt&quot;:&quot;Casa pareada en levantina con magnificas vistas al mar y a sitges - imagenInmueble46&quot;},{&quot;image&quot;:&quot;https:\\\/\\\/fotos15.apinmo.com\\\/1045\\\/28359471\\\/20-48.jpg&quot;,&quot;alt&quot;:&quot;Casa pareada en levantina con magnificas vistas al mar y a sitges - imagenInmueble47&quot;},{&quot;image&quot;:&quot;https:\\\/\\\/fotos15.apinmo.com\\\/1045\\\/28359471\\\/20-49.jpg&quot;,&quot;alt&quot;:&quot;Casa pareada en levantina con magnificas vistas al mar y a sitges - imagenInmueble48&quot;}]\">\n\t<div class=\"item-wrap item-wrap-v1 item-wrap-no-frame h-100\">\n\t\t<div class=\"d-flex align-items-center h-100\">\n\t\t\t<div class=\"item-header\">\n\t\t\t\t\t\t\t\t<div class=\"labels-wrap labels-right\"> \n\n\t<a href=\"https:\/\/www.laclauelite.com\/fr\/status\/vente\/\" class=\"label-status label status-color-165\">\n\t\t\t\t\tVente\n\t\t\t\t<\/a>       \n\n<\/div>\n\t\t\t\t<ul class=\"item-price-wrap hide-on-list\">\n\t<li class=\"item-price\">740,000\u20ac<\/li><\/ul>\t\t\t\t<ul class=\"item-tools\">\n\n        <li class=\"item-tool item-preview\">\n        <span class=\"hz-show-lightbox-js\" data-listid=\"1082121\" data-toggle=\"tooltip\" data-placement=\"top\" title=\"Preview\">\n                <i class=\"houzez-icon icon-expand-3\"><\/i>   \n        <\/span><!-- item-tool-favorite -->\n    <\/li><!-- item-tool -->\n        \n        <li class=\"item-tool item-favorite\">\n        <span class=\"add-favorite-js item-tool-favorite\" data-toggle=\"tooltip\" data-placement=\"top\" title=\"Favourite\" data-listid=\"1082121\">\n            <i class=\"houzez-icon icon-love-it \"><\/i> \n        <\/span><!-- item-tool-favorite -->\n    <\/li><!-- item-tool -->\n    \n        <li class=\"item-tool item-compare\">\n        <span class=\"houzez_compare compare-1082121 item-tool-compare show-compare-panel\" data-toggle=\"tooltip\" data-placement=\"top\" title=\"Add to Compare\" data-listing_id=\"1082121\" data-listing_image=\"https:\/\/fotos15.apinmo.com\/1045\/28359471\/20-1.jpg\">\n            <i class=\"houzez-icon icon-add-circle\"><\/i>\n        <\/span><!-- item-tool-compare -->\n    <\/li><!-- item-tool -->\n    <\/ul><!-- item-tools -->\n\t\t\t\t<div class=\"listing-image-wrap\">\n\t<div class=\"listing-thumb\">\n\t\t<a target=_self href=\"https:\/\/www.laclauelite.com\/fr\/property\/casa-pareada-en-levantina-con-magnificas-vistas-al-mar-y-a-sitges-11409-fr\/\" class=\"listing-featured-thumb hover-effect\">\n\t\t\t                                                                                                                                                                                    <img loading=\"lazy\" decoding=\"async\" width=\"850\" height=\"426\" src=\"https:\/\/fotos15.apinmo.com\/1045\/28359471\/20-1.jpg\" class=\"img-fluid wp-post-image\" alt=\"Casa pareada en levantina con magnificas vistas al mar y a sitges - imagenInmueble0\" srcset=\"https:\/\/fotos15.apinmo.com\/1045\/28359471\/20-1.jpg 850w, https:\/\/fotos15.apinmo.com\/1045\/28359471\/20-1.jpg 300w, https:\/\/fotos15.apinmo.com\/1045\/28359471\/20-1.jpg 768w, https:\/\/fotos15.apinmo.com\/1045\/28359471\/20-1s.jpg 150w, https:\/\/fotos15.apinmo.com\/1045\/28359471\/20-1.jpg 536w, https:\/\/fotos15.apinmo.com\/1045\/28359471\/20-1.jpg 770w\" sizes=\"(max-width: 850px) 100vw, 850px\" \/>\t\t<\/a><!-- hover-effect -->\n\t<\/div>\n<\/div>\n\t\t\t\t<div class=\"preview_loader\"><\/div>\n\t\t\t<\/div><!-- item-header -->\t\n\t\t\t<div class=\"item-body flex-grow-1\">\n\t\t\t\t<div class=\"labels-wrap labels-right\"> \n\n\t<a href=\"https:\/\/www.laclauelite.com\/fr\/status\/vente\/\" class=\"label-status label status-color-165\">\n\t\t\t\t\tVente\n\t\t\t\t<\/a>       \n\n<\/div>\n\t\t\t\t<h2 class=\"item-title\">\n\t<a target=_self href=\"https:\/\/www.laclauelite.com\/fr\/property\/casa-pareada-en-levantina-con-magnificas-vistas-al-mar-y-a-sitges-11409-fr\/\">Casa pareada en Levantina con magnificas vistas al mar y a Sitges &#8211; 11409<\/a>\n<\/h2><!-- item-title -->\t\t\t\t<ul class=\"item-price-wrap hide-on-list\">\n\t<li class=\"item-price\">740,000\u20ac<\/li><\/ul>\t\t\t\t<address class=\"item-address\">Sitges,Barcelona,Spain<\/address>\t\t\t\t<ul class=\"item-amenities item-amenities-with-icons\">\n\t<li class=\"h-beds\"><i class=\"houzez-icon icon-hotel-double-bed-1 mr-1\"><\/i><span class=\"item-amenities-text\">Camas:<\/span> <span class=\"hz-figure\">4<\/span><\/li><li class=\"h-baths\"><i class=\"houzez-icon icon-bathroom-shower-1 mr-1\"><\/i><span class=\"item-amenities-text\">Ba\u00f1os:<\/span> <span class=\"hz-figure\">2<\/span><\/li><li class=\"h-area\"><i class=\"houzez-icon icon-ruler-triangle mr-1\"><\/i><span class=\"hz-figure\">201<\/span> <span class=\"hz-figure area_postfix\">m&sup2;<\/span><\/li><li class=\"h-type\"><span>pench\u00e9<\/span><\/li><\/ul>\t\t\t\t<a class=\"btn btn-primary btn-item \" target=_self href=\"https:\/\/www.laclauelite.com\/fr\/property\/casa-pareada-en-levantina-con-magnificas-vistas-al-mar-y-a-sitges-11409-fr\/\">\n\tD\u00e9tails<\/a><!-- btn-item -->\n\t\t\t\t<div class=\"item-author\">\n\t<i class=\"houzez-icon icon-single-neutral mr-1\"><\/i>\n\t<a href=\"https:\/\/www.laclauelite.com\/fr\/agent\/fincas-la-clau-elite\/\">Fincas La Clau Elite<\/a> <\/div><!-- item-author -->\n\t\t\t\t<div class=\"item-date\">\n\t<i class=\"houzez-icon icon-attachment mr-1\"><\/i>\n\til y a3 semaines<\/div><!-- item-date -->\n\t\t\t<\/div><!-- item-body -->\n\n\t\t\t\t\t\t<div class=\"item-footer clearfix\">\n\t\t\t\t<div class=\"item-author\">\n\t<i class=\"houzez-icon icon-single-neutral mr-1\"><\/i>\n\t<a href=\"https:\/\/www.laclauelite.com\/fr\/agent\/fincas-la-clau-elite\/\">Fincas La Clau Elite<\/a> <\/div><!-- item-author -->\n\t\t\t\t<div class=\"item-date\">\n\t<i class=\"houzez-icon icon-attachment mr-1\"><\/i>\n\til y a3 semaines<\/div><!-- item-date -->\n\t\t\t<\/div>\n\t\t\t\t\t<\/div><!-- d-flex -->\n\t<\/div><!-- item-wrap -->\n<\/div><!-- item-listing-wrap --><div class=\"item-listing-wrap hz-item-gallery-js card\" data-hz-id=\"hz-1082064\" data-images=\"[{&quot;image&quot;:&quot;https:\\\/\\\/fotos15.apinmo.com\\\/1045\\\/28355869\\\/12-1.jpg&quot;,&quot;alt&quot;:&quot;Fabulosa casa adosada en la zona de els ametllets, a solo unos minutos del centro. - imagenInmueble0&quot;},{&quot;image&quot;:&quot;https:\\\/\\\/fotos15.apinmo.com\\\/1045\\\/28355869\\\/12-1.jpg&quot;,&quot;alt&quot;:&quot;Fabulosa casa adosada en la zona de els ametllets, a solo unos minutos del centro. - imagenInmueble0&quot;},{&quot;image&quot;:&quot;https:\\\/\\\/fotos15.apinmo.com\\\/1045\\\/28355869\\\/12-2.jpg&quot;,&quot;alt&quot;:&quot;Fabulosa casa adosada en la zona de els ametllets, a solo unos minutos del centro. - imagenInmueble1&quot;},{&quot;image&quot;:&quot;https:\\\/\\\/fotos15.apinmo.com\\\/1045\\\/28355869\\\/12-3.jpg&quot;,&quot;alt&quot;:&quot;Fabulosa casa adosada en la zona de els ametllets, a solo unos minutos del centro. - imagenInmueble2&quot;},{&quot;image&quot;:&quot;https:\\\/\\\/fotos15.apinmo.com\\\/1045\\\/28355869\\\/12-4.jpg&quot;,&quot;alt&quot;:&quot;Fabulosa casa adosada en la zona de els ametllets, a solo unos minutos del centro. - imagenInmueble3&quot;},{&quot;image&quot;:&quot;https:\\\/\\\/fotos15.apinmo.com\\\/1045\\\/28355869\\\/12-5.jpg&quot;,&quot;alt&quot;:&quot;Fabulosa casa adosada en la zona de els ametllets, a solo unos minutos del centro. - imagenInmueble4&quot;},{&quot;image&quot;:&quot;https:\\\/\\\/fotos15.apinmo.com\\\/1045\\\/28355869\\\/12-6.jpg&quot;,&quot;alt&quot;:&quot;Fabulosa casa adosada en la zona de els ametllets, a solo unos minutos del centro. - imagenInmueble5&quot;},{&quot;image&quot;:&quot;https:\\\/\\\/fotos15.apinmo.com\\\/1045\\\/28355869\\\/12-7.jpg&quot;,&quot;alt&quot;:&quot;Fabulosa casa adosada en la zona de els ametllets, a solo unos minutos del centro. - imagenInmueble6&quot;},{&quot;image&quot;:&quot;https:\\\/\\\/fotos15.apinmo.com\\\/1045\\\/28355869\\\/12-8.jpg&quot;,&quot;alt&quot;:&quot;Fabulosa casa adosada en la zona de els ametllets, a solo unos minutos del centro. - imagenInmueble7&quot;},{&quot;image&quot;:&quot;https:\\\/\\\/fotos15.apinmo.com\\\/1045\\\/28355869\\\/12-9.jpg&quot;,&quot;alt&quot;:&quot;Fabulosa casa adosada en la zona de els ametllets, a solo unos minutos del centro. - imagenInmueble8&quot;},{&quot;image&quot;:&quot;https:\\\/\\\/fotos15.apinmo.com\\\/1045\\\/28355869\\\/12-10.jpg&quot;,&quot;alt&quot;:&quot;Fabulosa casa adosada en la zona de els ametllets, a solo unos minutos del centro. - imagenInmueble9&quot;},{&quot;image&quot;:&quot;https:\\\/\\\/fotos15.apinmo.com\\\/1045\\\/28355869\\\/12-11.jpg&quot;,&quot;alt&quot;:&quot;Fabulosa casa adosada en la zona de els ametllets, a solo unos minutos del centro. - imagenInmueble10&quot;},{&quot;image&quot;:&quot;https:\\\/\\\/fotos15.apinmo.com\\\/1045\\\/28355869\\\/12-12.jpg&quot;,&quot;alt&quot;:&quot;Fabulosa casa adosada en la zona de els ametllets, a solo unos minutos del centro. - imagenInmueble11&quot;},{&quot;image&quot;:&quot;https:\\\/\\\/fotos15.apinmo.com\\\/1045\\\/28355869\\\/12-13.jpg&quot;,&quot;alt&quot;:&quot;Fabulosa casa adosada en la zona de els ametllets, a solo unos minutos del centro. - imagenInmueble12&quot;},{&quot;image&quot;:&quot;https:\\\/\\\/fotos15.apinmo.com\\\/1045\\\/28355869\\\/12-14.jpg&quot;,&quot;alt&quot;:&quot;Fabulosa casa adosada en la zona de els ametllets, a solo unos minutos del centro. - imagenInmueble13&quot;},{&quot;image&quot;:&quot;https:\\\/\\\/fotos15.apinmo.com\\\/1045\\\/28355869\\\/12-15.jpg&quot;,&quot;alt&quot;:&quot;Fabulosa casa adosada en la zona de els ametllets, a solo unos minutos del centro. - imagenInmueble14&quot;},{&quot;image&quot;:&quot;https:\\\/\\\/fotos15.apinmo.com\\\/1045\\\/28355869\\\/12-16.jpg&quot;,&quot;alt&quot;:&quot;Fabulosa casa adosada en la zona de els ametllets, a solo unos minutos del centro. - imagenInmueble15&quot;},{&quot;image&quot;:&quot;https:\\\/\\\/fotos15.apinmo.com\\\/1045\\\/28355869\\\/12-17.jpg&quot;,&quot;alt&quot;:&quot;Fabulosa casa adosada en la zona de els ametllets, a solo unos minutos del centro. - imagenInmueble16&quot;},{&quot;image&quot;:&quot;https:\\\/\\\/fotos15.apinmo.com\\\/1045\\\/28355869\\\/12-18.jpg&quot;,&quot;alt&quot;:&quot;Fabulosa casa adosada en la zona de els ametllets, a solo unos minutos del centro. - imagenInmueble17&quot;},{&quot;image&quot;:&quot;https:\\\/\\\/fotos15.apinmo.com\\\/1045\\\/28355869\\\/12-19.jpg&quot;,&quot;alt&quot;:&quot;Fabulosa casa adosada en la zona de els ametllets, a solo unos minutos del centro. - imagenInmueble18&quot;},{&quot;image&quot;:&quot;https:\\\/\\\/fotos15.apinmo.com\\\/1045\\\/28355869\\\/12-20.jpg&quot;,&quot;alt&quot;:&quot;Fabulosa casa adosada en la zona de els ametllets, a solo unos minutos del centro. - imagenInmueble19&quot;},{&quot;image&quot;:&quot;https:\\\/\\\/fotos15.apinmo.com\\\/1045\\\/28355869\\\/12-21.jpg&quot;,&quot;alt&quot;:&quot;Fabulosa casa adosada en la zona de els ametllets, a solo unos minutos del centro. - imagenInmueble20&quot;},{&quot;image&quot;:&quot;https:\\\/\\\/fotos15.apinmo.com\\\/1045\\\/28355869\\\/12-22.jpg&quot;,&quot;alt&quot;:&quot;Fabulosa casa adosada en la zona de els ametllets, a solo unos minutos del centro. - imagenInmueble21&quot;},{&quot;image&quot;:&quot;https:\\\/\\\/fotos15.apinmo.com\\\/1045\\\/28355869\\\/12-23.jpg&quot;,&quot;alt&quot;:&quot;Fabulosa casa adosada en la zona de els ametllets, a solo unos minutos del centro. - imagenInmueble22&quot;},{&quot;image&quot;:&quot;https:\\\/\\\/fotos15.apinmo.com\\\/1045\\\/28355869\\\/12-24.jpg&quot;,&quot;alt&quot;:&quot;Fabulosa casa adosada en la zona de els ametllets, a solo unos minutos del centro. - imagenInmueble23&quot;},{&quot;image&quot;:&quot;https:\\\/\\\/fotos15.apinmo.com\\\/1045\\\/28355869\\\/12-25.jpg&quot;,&quot;alt&quot;:&quot;Fabulosa casa adosada en la zona de els ametllets, a solo unos minutos del centro. - imagenInmueble24&quot;},{&quot;image&quot;:&quot;https:\\\/\\\/fotos15.apinmo.com\\\/1045\\\/28355869\\\/12-26.jpg&quot;,&quot;alt&quot;:&quot;Fabulosa casa adosada en la zona de els ametllets, a solo unos minutos del centro. - imagenInmueble25&quot;},{&quot;image&quot;:&quot;https:\\\/\\\/fotos15.apinmo.com\\\/1045\\\/28355869\\\/12-27.jpg&quot;,&quot;alt&quot;:&quot;Fabulosa casa adosada en la zona de els ametllets, a solo unos minutos del centro. - imagenInmueble26&quot;},{&quot;image&quot;:&quot;https:\\\/\\\/fotos15.apinmo.com\\\/1045\\\/28355869\\\/12-28.jpg&quot;,&quot;alt&quot;:&quot;Fabulosa casa adosada en la zona de els ametllets, a solo unos minutos del centro. - imagenInmueble27&quot;},{&quot;image&quot;:&quot;https:\\\/\\\/fotos15.apinmo.com\\\/1045\\\/28355869\\\/12-29.jpg&quot;,&quot;alt&quot;:&quot;Fabulosa casa adosada en la zona de els ametllets, a solo unos minutos del centro. - imagenInmueble28&quot;},{&quot;image&quot;:&quot;https:\\\/\\\/fotos15.apinmo.com\\\/1045\\\/28355869\\\/12-30.jpg&quot;,&quot;alt&quot;:&quot;Fabulosa casa adosada en la zona de els ametllets, a solo unos minutos del centro. - imagenInmueble29&quot;},{&quot;image&quot;:&quot;https:\\\/\\\/fotos15.apinmo.com\\\/1045\\\/28355869\\\/12-31.jpg&quot;,&quot;alt&quot;:&quot;Fabulosa casa adosada en la zona de els ametllets, a solo unos minutos del centro. - imagenInmueble30&quot;},{&quot;image&quot;:&quot;https:\\\/\\\/fotos15.apinmo.com\\\/1045\\\/28355869\\\/12-32.jpg&quot;,&quot;alt&quot;:&quot;Fabulosa casa adosada en la zona de els ametllets, a solo unos minutos del centro. - imagenInmueble31&quot;},{&quot;image&quot;:&quot;https:\\\/\\\/fotos15.apinmo.com\\\/1045\\\/28355869\\\/12-33.jpg&quot;,&quot;alt&quot;:&quot;Fabulosa casa adosada en la zona de els ametllets, a solo unos minutos del centro. - imagenInmueble32&quot;},{&quot;image&quot;:&quot;https:\\\/\\\/fotos15.apinmo.com\\\/1045\\\/28355869\\\/12-34.jpg&quot;,&quot;alt&quot;:&quot;Fabulosa casa adosada en la zona de els ametllets, a solo unos minutos del centro. - imagenInmueble33&quot;},{&quot;image&quot;:&quot;https:\\\/\\\/fotos15.apinmo.com\\\/1045\\\/28355869\\\/12-35.jpg&quot;,&quot;alt&quot;:&quot;Fabulosa casa adosada en la zona de els ametllets, a solo unos minutos del centro. - imagenInmueble34&quot;},{&quot;image&quot;:&quot;https:\\\/\\\/fotos15.apinmo.com\\\/1045\\\/28355869\\\/12-36.jpg&quot;,&quot;alt&quot;:&quot;Fabulosa casa adosada en la zona de els ametllets, a solo unos minutos del centro. - imagenInmueble35&quot;},{&quot;image&quot;:&quot;https:\\\/\\\/fotos15.apinmo.com\\\/1045\\\/28355869\\\/12-37.jpg&quot;,&quot;alt&quot;:&quot;Fabulosa casa adosada en la zona de els ametllets, a solo unos minutos del centro. - imagenInmueble36&quot;},{&quot;image&quot;:&quot;https:\\\/\\\/fotos15.apinmo.com\\\/1045\\\/28355869\\\/12-38.jpg&quot;,&quot;alt&quot;:&quot;Fabulosa casa adosada en la zona de els ametllets, a solo unos minutos del centro. - imagenInmueble37&quot;},{&quot;image&quot;:&quot;https:\\\/\\\/fotos15.apinmo.com\\\/1045\\\/28355869\\\/12-39.jpg&quot;,&quot;alt&quot;:&quot;Fabulosa casa adosada en la zona de els ametllets, a solo unos minutos del centro. - imagenInmueble38&quot;},{&quot;image&quot;:&quot;https:\\\/\\\/fotos15.apinmo.com\\\/1045\\\/28355869\\\/12-40.jpg&quot;,&quot;alt&quot;:&quot;Fabulosa casa adosada en la zona de els ametllets, a solo unos minutos del centro. - imagenInmueble39&quot;},{&quot;image&quot;:&quot;https:\\\/\\\/fotos15.apinmo.com\\\/1045\\\/28355869\\\/12-41.jpg&quot;,&quot;alt&quot;:&quot;Fabulosa casa adosada en la zona de els ametllets, a solo unos minutos del centro. - imagenInmueble40&quot;},{&quot;image&quot;:&quot;https:\\\/\\\/fotos15.apinmo.com\\\/1045\\\/28355869\\\/12-42.jpg&quot;,&quot;alt&quot;:&quot;Fabulosa casa adosada en la zona de els ametllets, a solo unos minutos del centro. - imagenInmueble41&quot;},{&quot;image&quot;:&quot;https:\\\/\\\/fotos15.apinmo.com\\\/1045\\\/28355869\\\/12-43.jpg&quot;,&quot;alt&quot;:&quot;Fabulosa casa adosada en la zona de els ametllets, a solo unos minutos del centro. - imagenInmueble42&quot;},{&quot;image&quot;:&quot;https:\\\/\\\/fotos15.apinmo.com\\\/1045\\\/28355869\\\/12-44.jpg&quot;,&quot;alt&quot;:&quot;Fabulosa casa adosada en la zona de els ametllets, a solo unos minutos del centro. - imagenInmueble43&quot;},{&quot;image&quot;:&quot;https:\\\/\\\/fotos15.apinmo.com\\\/1045\\\/28355869\\\/12-45.jpg&quot;,&quot;alt&quot;:&quot;Fabulosa casa adosada en la zona de els ametllets, a solo unos minutos del centro. - imagenInmueble44&quot;},{&quot;image&quot;:&quot;https:\\\/\\\/fotos15.apinmo.com\\\/1045\\\/28355869\\\/12-46.jpg&quot;,&quot;alt&quot;:&quot;Fabulosa casa adosada en la zona de els ametllets, a solo unos minutos del centro. - imagenInmueble45&quot;},{&quot;image&quot;:&quot;https:\\\/\\\/fotos15.apinmo.com\\\/1045\\\/28355869\\\/12-47.jpg&quot;,&quot;alt&quot;:&quot;Fabulosa casa adosada en la zona de els ametllets, a solo unos minutos del centro. - imagenInmueble46&quot;},{&quot;image&quot;:&quot;https:\\\/\\\/fotos15.apinmo.com\\\/1045\\\/28355869\\\/12-48.jpg&quot;,&quot;alt&quot;:&quot;Fabulosa casa adosada en la zona de els ametllets, a solo unos minutos del centro. - imagenInmueble47&quot;},{&quot;image&quot;:&quot;https:\\\/\\\/fotos15.apinmo.com\\\/1045\\\/28355869\\\/12-49.jpg&quot;,&quot;alt&quot;:&quot;Fabulosa casa adosada en la zona de els ametllets, a solo unos minutos del centro. - imagenInmueble48&quot;},{&quot;image&quot;:&quot;https:\\\/\\\/fotos15.apinmo.com\\\/1045\\\/28355869\\\/12-50.jpg&quot;,&quot;alt&quot;:&quot;Fabulosa casa adosada en la zona de els ametllets, a solo unos minutos del centro. - imagenInmueble49&quot;},{&quot;image&quot;:&quot;https:\\\/\\\/fotos15.apinmo.com\\\/1045\\\/28355869\\\/12-51.jpg&quot;,&quot;alt&quot;:&quot;Fabulosa casa adosada en la zona de els ametllets, a solo unos minutos del centro. - imagenInmueble50&quot;},{&quot;image&quot;:&quot;https:\\\/\\\/fotos15.apinmo.com\\\/1045\\\/28355869\\\/12-52.jpg&quot;,&quot;alt&quot;:&quot;Fabulosa casa adosada en la zona de els ametllets, a solo unos minutos del centro. - imagenInmueble51&quot;}]\">\n\t<div class=\"item-wrap item-wrap-v1 item-wrap-no-frame h-100\">\n\t\t<div class=\"d-flex align-items-center h-100\">\n\t\t\t<div class=\"item-header\">\n\t\t\t\t\t\t\t\t<div class=\"labels-wrap labels-right\"> \n\n\t<a href=\"https:\/\/www.laclauelite.com\/fr\/status\/vente\/\" class=\"label-status label status-color-165\">\n\t\t\t\t\tVente\n\t\t\t\t<\/a>       \n\n<\/div>\n\t\t\t\t<ul class=\"item-price-wrap hide-on-list\">\n\t<li class=\"item-price\">1,070,000\u20ac<\/li><\/ul>\t\t\t\t<ul class=\"item-tools\">\n\n        <li class=\"item-tool item-preview\">\n        <span class=\"hz-show-lightbox-js\" data-listid=\"1082064\" data-toggle=\"tooltip\" data-placement=\"top\" title=\"Preview\">\n                <i class=\"houzez-icon icon-expand-3\"><\/i>   \n        <\/span><!-- item-tool-favorite -->\n    <\/li><!-- item-tool -->\n        \n        <li class=\"item-tool item-favorite\">\n        <span class=\"add-favorite-js item-tool-favorite\" data-toggle=\"tooltip\" data-placement=\"top\" title=\"Favourite\" data-listid=\"1082064\">\n            <i class=\"houzez-icon icon-love-it \"><\/i> \n        <\/span><!-- item-tool-favorite -->\n    <\/li><!-- item-tool -->\n    \n        <li class=\"item-tool item-compare\">\n        <span class=\"houzez_compare compare-1082064 item-tool-compare show-compare-panel\" data-toggle=\"tooltip\" data-placement=\"top\" title=\"Add to Compare\" data-listing_id=\"1082064\" data-listing_image=\"https:\/\/fotos15.apinmo.com\/1045\/28355869\/12-1.jpg\">\n            <i class=\"houzez-icon icon-add-circle\"><\/i>\n        <\/span><!-- item-tool-compare -->\n    <\/li><!-- item-tool -->\n    <\/ul><!-- item-tools -->\n\t\t\t\t<div class=\"listing-image-wrap\">\n\t<div class=\"listing-thumb\">\n\t\t<a target=_self href=\"https:\/\/www.laclauelite.com\/fr\/property\/fabulosa-casa-adosada-en-la-zona-de-els-ametllets-a-solo-unos-minutos-del-centro-11408-fr\/\" class=\"listing-featured-thumb hover-effect\">\n\t\t\t                                                                                                                                                                                    <img loading=\"lazy\" decoding=\"async\" width=\"850\" height=\"426\" src=\"https:\/\/fotos15.apinmo.com\/1045\/28355869\/12-1.jpg\" class=\"img-fluid wp-post-image\" alt=\"Fabulosa casa adosada en la zona de els ametllets, a solo unos minutos del centro. - imagenInmueble0\" srcset=\"https:\/\/fotos15.apinmo.com\/1045\/28355869\/12-1.jpg 850w, https:\/\/fotos15.apinmo.com\/1045\/28355869\/12-1.jpg 300w, https:\/\/fotos15.apinmo.com\/1045\/28355869\/12-1.jpg 768w, https:\/\/fotos15.apinmo.com\/1045\/28355869\/12-1s.jpg 150w, https:\/\/fotos15.apinmo.com\/1045\/28355869\/12-1.jpg 536w, https:\/\/fotos15.apinmo.com\/1045\/28355869\/12-1.jpg 770w\" sizes=\"(max-width: 850px) 100vw, 850px\" \/>\t\t<\/a><!-- hover-effect -->\n\t<\/div>\n<\/div>\n\t\t\t\t<div class=\"preview_loader\"><\/div>\n\t\t\t<\/div><!-- item-header -->\t\n\t\t\t<div class=\"item-body flex-grow-1\">\n\t\t\t\t<div class=\"labels-wrap labels-right\"> \n\n\t<a href=\"https:\/\/www.laclauelite.com\/fr\/status\/vente\/\" class=\"label-status label status-color-165\">\n\t\t\t\t\tVente\n\t\t\t\t<\/a>       \n\n<\/div>\n\t\t\t\t<h2 class=\"item-title\">\n\t<a target=_self href=\"https:\/\/www.laclauelite.com\/fr\/property\/fabulosa-casa-adosada-en-la-zona-de-els-ametllets-a-solo-unos-minutos-del-centro-11408-fr\/\">Fabulosa casa adosada en la zona de Els Ametllets, a solo unos minutos del centro. &#8211; 11408<\/a>\n<\/h2><!-- item-title -->\t\t\t\t<ul class=\"item-price-wrap hide-on-list\">\n\t<li class=\"item-price\">1,070,000\u20ac<\/li><\/ul>\t\t\t\t<address class=\"item-address\">Sitges,Barcelona,Spain<\/address>\t\t\t\t<ul class=\"item-amenities item-amenities-with-icons\">\n\t<li class=\"h-beds\"><i class=\"houzez-icon icon-hotel-double-bed-1 mr-1\"><\/i><span class=\"item-amenities-text\">Camas:<\/span> <span class=\"hz-figure\">5<\/span><\/li><li class=\"h-baths\"><i class=\"houzez-icon icon-bathroom-shower-1 mr-1\"><\/i><span class=\"item-amenities-text\">Ba\u00f1os:<\/span> <span class=\"hz-figure\">3<\/span><\/li><li class=\"h-area\"><i class=\"houzez-icon icon-ruler-triangle mr-1\"><\/i><span class=\"hz-figure\">225<\/span> <span class=\"hz-figure area_postfix\">m&sup2;<\/span><\/li><li class=\"h-type\"><span>pench\u00e9<\/span><\/li><\/ul>\t\t\t\t<a class=\"btn btn-primary btn-item \" target=_self href=\"https:\/\/www.laclauelite.com\/fr\/property\/fabulosa-casa-adosada-en-la-zona-de-els-ametllets-a-solo-unos-minutos-del-centro-11408-fr\/\">\n\tD\u00e9tails<\/a><!-- btn-item -->\n\t\t\t\t<div class=\"item-author\">\n\t<i class=\"houzez-icon icon-single-neutral mr-1\"><\/i>\n\t<a href=\"https:\/\/www.laclauelite.com\/fr\/agent\/fincas-la-clau-elite\/\">Fincas La Clau Elite<\/a> <\/div><!-- item-author -->\n\t\t\t\t<div class=\"item-date\">\n\t<i class=\"houzez-icon icon-attachment mr-1\"><\/i>\n\til y a3 semaines<\/div><!-- item-date -->\n\t\t\t<\/div><!-- item-body -->\n\n\t\t\t\t\t\t<div class=\"item-footer clearfix\">\n\t\t\t\t<div class=\"item-author\">\n\t<i class=\"houzez-icon icon-single-neutral mr-1\"><\/i>\n\t<a href=\"https:\/\/www.laclauelite.com\/fr\/agent\/fincas-la-clau-elite\/\">Fincas La Clau Elite<\/a> <\/div><!-- item-author -->\n\t\t\t\t<div class=\"item-date\">\n\t<i class=\"houzez-icon icon-attachment mr-1\"><\/i>\n\til y a3 semaines<\/div><!-- item-date -->\n\t\t\t<\/div>\n\t\t\t\t\t<\/div><!-- d-flex -->\n\t<\/div><!-- item-wrap -->\n<\/div><!-- item-listing-wrap --><div class=\"item-listing-wrap hz-item-gallery-js card\" data-hz-id=\"hz-1081953\" data-images=\"[{&quot;image&quot;:&quot;https:\\\/\\\/fotos15.apinmo.com\\\/1045\\\/17241821\\\/4-1.jpg&quot;,&quot;alt&quot;:&quot;Casa pareada obra nueva mas alba - imagenInmueble0&quot;},{&quot;image&quot;:&quot;https:\\\/\\\/fotos15.apinmo.com\\\/1045\\\/17241821\\\/4-1.jpg&quot;,&quot;alt&quot;:&quot;Casa pareada obra nueva mas alba - imagenInmueble0&quot;},{&quot;image&quot;:&quot;https:\\\/\\\/fotos15.apinmo.com\\\/1045\\\/17241821\\\/4-2.jpg&quot;,&quot;alt&quot;:&quot;Casa pareada obra nueva mas alba - imagenInmueble1&quot;},{&quot;image&quot;:&quot;https:\\\/\\\/fotos15.apinmo.com\\\/1045\\\/17241821\\\/4-3.jpg&quot;,&quot;alt&quot;:&quot;Casa pareada obra nueva mas alba - imagenInmueble2&quot;},{&quot;image&quot;:&quot;https:\\\/\\\/fotos15.apinmo.com\\\/1045\\\/17241821\\\/4-4.jpg&quot;,&quot;alt&quot;:&quot;Casa pareada obra nueva mas alba - imagenInmueble3&quot;},{&quot;image&quot;:&quot;https:\\\/\\\/fotos15.apinmo.com\\\/1045\\\/17241821\\\/4-5.jpg&quot;,&quot;alt&quot;:&quot;Casa pareada obra nueva mas alba - imagenInmueble4&quot;},{&quot;image&quot;:&quot;https:\\\/\\\/fotos15.apinmo.com\\\/1045\\\/17241821\\\/4-6.jpg&quot;,&quot;alt&quot;:&quot;Casa pareada obra nueva mas alba - imagenInmueble5&quot;},{&quot;image&quot;:&quot;https:\\\/\\\/fotos15.apinmo.com\\\/1045\\\/17241821\\\/4-7.jpg&quot;,&quot;alt&quot;:&quot;Casa pareada obra nueva mas alba - imagenInmueble6&quot;},{&quot;image&quot;:&quot;https:\\\/\\\/fotos15.apinmo.com\\\/1045\\\/17241821\\\/4-8.jpg&quot;,&quot;alt&quot;:&quot;Casa pareada obra nueva mas alba - imagenInmueble7&quot;},{&quot;image&quot;:&quot;https:\\\/\\\/fotos15.apinmo.com\\\/1045\\\/17241821\\\/4-9.jpg&quot;,&quot;alt&quot;:&quot;Casa pareada obra nueva mas alba - imagenInmueble8&quot;},{&quot;image&quot;:&quot;https:\\\/\\\/fotos15.apinmo.com\\\/1045\\\/17241821\\\/4-10.jpg&quot;,&quot;alt&quot;:&quot;Casa pareada obra nueva mas alba - imagenInmueble9&quot;},{&quot;image&quot;:&quot;https:\\\/\\\/fotos15.apinmo.com\\\/1045\\\/17241821\\\/4-11.jpg&quot;,&quot;alt&quot;:&quot;Casa pareada obra nueva mas alba - imagenInmueble10&quot;}]\">\n\t<div class=\"item-wrap item-wrap-v1 item-wrap-no-frame h-100\">\n\t\t<div class=\"d-flex align-items-center h-100\">\n\t\t\t<div class=\"item-header\">\n\t\t\t\t\t\t\t\t<div class=\"labels-wrap labels-right\"> \n\n\t<a href=\"https:\/\/www.laclauelite.com\/fr\/status\/vente\/\" class=\"label-status label status-color-165\">\n\t\t\t\t\tVente\n\t\t\t\t<\/a><a href=\"https:\/\/www.laclauelite.com\/fr\/label\/\" class=\"hz-label label label-color-514\">\n\t\t\t\t\t\n\t\t\t\t<\/a>       \n\n<\/div>\n\t\t\t\t<ul class=\"item-price-wrap hide-on-list\">\n\t<li class=\"item-price\">700,000\u20ac<\/li><\/ul>\t\t\t\t<ul class=\"item-tools\">\n\n        <li class=\"item-tool item-preview\">\n        <span class=\"hz-show-lightbox-js\" data-listid=\"1081953\" data-toggle=\"tooltip\" data-placement=\"top\" title=\"Preview\">\n                <i class=\"houzez-icon icon-expand-3\"><\/i>   \n        <\/span><!-- item-tool-favorite -->\n    <\/li><!-- item-tool -->\n        \n        <li class=\"item-tool item-favorite\">\n        <span class=\"add-favorite-js item-tool-favorite\" data-toggle=\"tooltip\" data-placement=\"top\" title=\"Favourite\" data-listid=\"1081953\">\n            <i class=\"houzez-icon icon-love-it \"><\/i> \n        <\/span><!-- item-tool-favorite -->\n    <\/li><!-- item-tool -->\n    \n        <li class=\"item-tool item-compare\">\n        <span class=\"houzez_compare compare-1081953 item-tool-compare show-compare-panel\" data-toggle=\"tooltip\" data-placement=\"top\" title=\"Add to Compare\" data-listing_id=\"1081953\" data-listing_image=\"https:\/\/fotos15.apinmo.com\/1045\/17241821\/4-1.jpg\">\n            <i class=\"houzez-icon icon-add-circle\"><\/i>\n        <\/span><!-- item-tool-compare -->\n    <\/li><!-- item-tool -->\n    <\/ul><!-- item-tools -->\n\t\t\t\t<div class=\"listing-image-wrap\">\n\t<div class=\"listing-thumb\">\n\t\t<a target=_self href=\"https:\/\/www.laclauelite.com\/fr\/property\/casa-pareada-obra-nueva-mas-alba-10730-fr\/\" class=\"listing-featured-thumb hover-effect\">\n\t\t\t                                                                                                                                                                                    <img loading=\"lazy\" decoding=\"async\" width=\"850\" height=\"426\" src=\"https:\/\/fotos15.apinmo.com\/1045\/17241821\/4-1.jpg\" class=\"img-fluid wp-post-image\" alt=\"Casa pareada obra nueva mas alba - imagenInmueble0\" srcset=\"https:\/\/fotos15.apinmo.com\/1045\/17241821\/4-1.jpg 850w, https:\/\/fotos15.apinmo.com\/1045\/17241821\/4-1.jpg 300w, https:\/\/fotos15.apinmo.com\/1045\/17241821\/4-1.jpg 768w, https:\/\/fotos15.apinmo.com\/1045\/17241821\/4-1s.jpg 150w, https:\/\/fotos15.apinmo.com\/1045\/17241821\/4-1.jpg 536w, https:\/\/fotos15.apinmo.com\/1045\/17241821\/4-1.jpg 770w\" sizes=\"(max-width: 850px) 100vw, 850px\" \/>\t\t<\/a><!-- hover-effect -->\n\t<\/div>\n<\/div>\n\t\t\t\t<div class=\"preview_loader\"><\/div>\n\t\t\t<\/div><!-- item-header -->\t\n\t\t\t<div class=\"item-body flex-grow-1\">\n\t\t\t\t<div class=\"labels-wrap labels-right\"> \n\n\t<a href=\"https:\/\/www.laclauelite.com\/fr\/status\/vente\/\" class=\"label-status label status-color-165\">\n\t\t\t\t\tVente\n\t\t\t\t<\/a><a href=\"https:\/\/www.laclauelite.com\/fr\/label\/\" class=\"hz-label label label-color-514\">\n\t\t\t\t\t\n\t\t\t\t<\/a>       \n\n<\/div>\n\t\t\t\t<h2 class=\"item-title\">\n\t<a target=_self href=\"https:\/\/www.laclauelite.com\/fr\/property\/casa-pareada-obra-nueva-mas-alba-10730-fr\/\">Casa Pareada obra nueva Mas Alba &#8211; 10730<\/a>\n<\/h2><!-- item-title -->\t\t\t\t<ul class=\"item-price-wrap hide-on-list\">\n\t<li class=\"item-price\">700,000\u20ac<\/li><\/ul>\t\t\t\t<address class=\"item-address\">Sant Pere de Ribes,Barcelona,Spain<\/address>\t\t\t\t<ul class=\"item-amenities item-amenities-with-icons\">\n\t<li class=\"h-beds\"><i class=\"houzez-icon icon-hotel-double-bed-1 mr-1\"><\/i><span class=\"item-amenities-text\">Camas:<\/span> <span class=\"hz-figure\">4<\/span><\/li><li class=\"h-baths\"><i class=\"houzez-icon icon-bathroom-shower-1 mr-1\"><\/i><span class=\"item-amenities-text\">Ba\u00f1os:<\/span> <span class=\"hz-figure\">2<\/span><\/li><li class=\"h-area\"><i class=\"houzez-icon icon-ruler-triangle mr-1\"><\/i><span class=\"hz-figure\">165<\/span> <span class=\"hz-figure area_postfix\">m&sup2;<\/span><\/li><li class=\"h-type\"><span>pench\u00e9<\/span><\/li><\/ul>\t\t\t\t<a class=\"btn btn-primary btn-item \" target=_self href=\"https:\/\/www.laclauelite.com\/fr\/property\/casa-pareada-obra-nueva-mas-alba-10730-fr\/\">\n\tD\u00e9tails<\/a><!-- btn-item -->\n\t\t\t\t<div class=\"item-author\">\n\t<i class=\"houzez-icon icon-single-neutral mr-1\"><\/i>\n\t<a href=\"https:\/\/www.laclauelite.com\/fr\/agent\/fincas-la-clau-elite\/\">Fincas La Clau Elite<\/a> <\/div><!-- item-author -->\n\t\t\t\t<div class=\"item-date\">\n\t<i class=\"houzez-icon icon-attachment mr-1\"><\/i>\n\til y a1 mois<\/div><!-- item-date -->\n\t\t\t<\/div><!-- item-body -->\n\n\t\t\t\t\t\t<div class=\"item-footer clearfix\">\n\t\t\t\t<div class=\"item-author\">\n\t<i class=\"houzez-icon icon-single-neutral mr-1\"><\/i>\n\t<a href=\"https:\/\/www.laclauelite.com\/fr\/agent\/fincas-la-clau-elite\/\">Fincas La Clau Elite<\/a> <\/div><!-- item-author -->\n\t\t\t\t<div class=\"item-date\">\n\t<i class=\"houzez-icon icon-attachment mr-1\"><\/i>\n\til y a1 mois<\/div><!-- item-date -->\n\t\t\t<\/div>\n\t\t\t\t\t<\/div><!-- d-flex -->\n\t<\/div><!-- item-wrap -->\n<\/div><!-- item-listing-wrap --><div class=\"item-listing-wrap hz-item-gallery-js card\" data-hz-id=\"hz-1081969\" data-images=\"[{&quot;image&quot;:&quot;https:\\\/\\\/fotos15.apinmo.com\\\/1045\\\/17241862\\\/2-1.jpg&quot;,&quot;alt&quot;:&quot;Casa pareada obra nueva mas alba - imagenInmueble0&quot;},{&quot;image&quot;:&quot;https:\\\/\\\/fotos15.apinmo.com\\\/1045\\\/17241862\\\/2-1.jpg&quot;,&quot;alt&quot;:&quot;Casa pareada obra nueva mas alba - imagenInmueble0&quot;},{&quot;image&quot;:&quot;https:\\\/\\\/fotos15.apinmo.com\\\/1045\\\/17241862\\\/2-2.jpg&quot;,&quot;alt&quot;:&quot;Casa pareada obra nueva mas alba - imagenInmueble1&quot;},{&quot;image&quot;:&quot;https:\\\/\\\/fotos15.apinmo.com\\\/1045\\\/17241862\\\/2-3.jpg&quot;,&quot;alt&quot;:&quot;Casa pareada obra nueva mas alba - imagenInmueble2&quot;},{&quot;image&quot;:&quot;https:\\\/\\\/fotos15.apinmo.com\\\/1045\\\/17241862\\\/2-4.jpg&quot;,&quot;alt&quot;:&quot;Casa pareada obra nueva mas alba - imagenInmueble3&quot;},{&quot;image&quot;:&quot;https:\\\/\\\/fotos15.apinmo.com\\\/1045\\\/17241862\\\/2-5.jpg&quot;,&quot;alt&quot;:&quot;Casa pareada obra nueva mas alba - imagenInmueble4&quot;},{&quot;image&quot;:&quot;https:\\\/\\\/fotos15.apinmo.com\\\/1045\\\/17241862\\\/2-6.jpg&quot;,&quot;alt&quot;:&quot;Casa pareada obra nueva mas alba - imagenInmueble5&quot;},{&quot;image&quot;:&quot;https:\\\/\\\/fotos15.apinmo.com\\\/1045\\\/17241862\\\/2-7.jpg&quot;,&quot;alt&quot;:&quot;Casa pareada obra nueva mas alba - imagenInmueble6&quot;},{&quot;image&quot;:&quot;https:\\\/\\\/fotos15.apinmo.com\\\/1045\\\/17241862\\\/2-8.jpg&quot;,&quot;alt&quot;:&quot;Casa pareada obra nueva mas alba - imagenInmueble7&quot;},{&quot;image&quot;:&quot;https:\\\/\\\/fotos15.apinmo.com\\\/1045\\\/17241862\\\/2-9.jpg&quot;,&quot;alt&quot;:&quot;Casa pareada obra nueva mas alba - imagenInmueble8&quot;},{&quot;image&quot;:&quot;https:\\\/\\\/fotos15.apinmo.com\\\/1045\\\/17241862\\\/2-10.jpg&quot;,&quot;alt&quot;:&quot;Casa pareada obra nueva mas alba - imagenInmueble9&quot;}]\">\n\t<div class=\"item-wrap item-wrap-v1 item-wrap-no-frame h-100\">\n\t\t<div class=\"d-flex align-items-center h-100\">\n\t\t\t<div class=\"item-header\">\n\t\t\t\t\t\t\t\t<div class=\"labels-wrap labels-right\"> \n\n\t<a href=\"https:\/\/www.laclauelite.com\/fr\/status\/vente\/\" class=\"label-status label status-color-165\">\n\t\t\t\t\tVente\n\t\t\t\t<\/a><a href=\"https:\/\/www.laclauelite.com\/fr\/label\/\" class=\"hz-label label label-color-514\">\n\t\t\t\t\t\n\t\t\t\t<\/a>       \n\n<\/div>\n\t\t\t\t<ul class=\"item-price-wrap hide-on-list\">\n\t<li class=\"item-price\">690,000\u20ac<\/li><\/ul>\t\t\t\t<ul class=\"item-tools\">\n\n        <li class=\"item-tool item-preview\">\n        <span class=\"hz-show-lightbox-js\" data-listid=\"1081969\" data-toggle=\"tooltip\" data-placement=\"top\" title=\"Preview\">\n                <i class=\"houzez-icon icon-expand-3\"><\/i>   \n        <\/span><!-- item-tool-favorite -->\n    <\/li><!-- item-tool -->\n        \n        <li class=\"item-tool item-favorite\">\n        <span class=\"add-favorite-js item-tool-favorite\" data-toggle=\"tooltip\" data-placement=\"top\" title=\"Favourite\" data-listid=\"1081969\">\n            <i class=\"houzez-icon icon-love-it \"><\/i> \n        <\/span><!-- item-tool-favorite -->\n    <\/li><!-- item-tool -->\n    \n        <li class=\"item-tool item-compare\">\n        <span class=\"houzez_compare compare-1081969 item-tool-compare show-compare-panel\" data-toggle=\"tooltip\" data-placement=\"top\" title=\"Add to Compare\" data-listing_id=\"1081969\" data-listing_image=\"https:\/\/fotos15.apinmo.com\/1045\/17241862\/2-1.jpg\">\n            <i class=\"houzez-icon icon-add-circle\"><\/i>\n        <\/span><!-- item-tool-compare -->\n    <\/li><!-- item-tool -->\n    <\/ul><!-- item-tools -->\n\t\t\t\t<div class=\"listing-image-wrap\">\n\t<div class=\"listing-thumb\">\n\t\t<a target=_self href=\"https:\/\/www.laclauelite.com\/fr\/property\/casa-pareada-obra-nueva-mas-alba-10728-fr\/\" class=\"listing-featured-thumb hover-effect\">\n\t\t\t                                                                                                                                                                                    <img loading=\"lazy\" decoding=\"async\" width=\"850\" height=\"426\" src=\"https:\/\/fotos15.apinmo.com\/1045\/17241862\/2-1.jpg\" class=\"img-fluid wp-post-image\" alt=\"Casa pareada obra nueva mas alba - imagenInmueble0\" srcset=\"https:\/\/fotos15.apinmo.com\/1045\/17241862\/2-1.jpg 850w, https:\/\/fotos15.apinmo.com\/1045\/17241862\/2-1.jpg 300w, https:\/\/fotos15.apinmo.com\/1045\/17241862\/2-1.jpg 768w, https:\/\/fotos15.apinmo.com\/1045\/17241862\/2-1s.jpg 150w, https:\/\/fotos15.apinmo.com\/1045\/17241862\/2-1.jpg 536w, https:\/\/fotos15.apinmo.com\/1045\/17241862\/2-1.jpg 770w\" sizes=\"(max-width: 850px) 100vw, 850px\" \/>\t\t<\/a><!-- hover-effect -->\n\t<\/div>\n<\/div>\n\t\t\t\t<div class=\"preview_loader\"><\/div>\n\t\t\t<\/div><!-- item-header -->\t\n\t\t\t<div class=\"item-body flex-grow-1\">\n\t\t\t\t<div class=\"labels-wrap labels-right\"> \n\n\t<a href=\"https:\/\/www.laclauelite.com\/fr\/status\/vente\/\" class=\"label-status label status-color-165\">\n\t\t\t\t\tVente\n\t\t\t\t<\/a><a href=\"https:\/\/www.laclauelite.com\/fr\/label\/\" class=\"hz-label label label-color-514\">\n\t\t\t\t\t\n\t\t\t\t<\/a>       \n\n<\/div>\n\t\t\t\t<h2 class=\"item-title\">\n\t<a target=_self href=\"https:\/\/www.laclauelite.com\/fr\/property\/casa-pareada-obra-nueva-mas-alba-10728-fr\/\">Casa Pareada obra nueva Mas Alba &#8211; 10728<\/a>\n<\/h2><!-- item-title -->\t\t\t\t<ul class=\"item-price-wrap hide-on-list\">\n\t<li class=\"item-price\">690,000\u20ac<\/li><\/ul>\t\t\t\t<address class=\"item-address\">Sant Pere de Ribes,Barcelona,Spain<\/address>\t\t\t\t<ul class=\"item-amenities item-amenities-with-icons\">\n\t<li class=\"h-beds\"><i class=\"houzez-icon icon-hotel-double-bed-1 mr-1\"><\/i><span class=\"item-amenities-text\">Camas:<\/span> <span class=\"hz-figure\">4<\/span><\/li><li class=\"h-baths\"><i class=\"houzez-icon icon-bathroom-shower-1 mr-1\"><\/i><span class=\"item-amenities-text\">Ba\u00f1os:<\/span> <span class=\"hz-figure\">2<\/span><\/li><li class=\"h-area\"><i class=\"houzez-icon icon-ruler-triangle mr-1\"><\/i><span class=\"hz-figure\">160<\/span> <span class=\"hz-figure area_postfix\">m&sup2;<\/span><\/li><li class=\"h-type\"><span>pench\u00e9<\/span><\/li><\/ul>\t\t\t\t<a class=\"btn btn-primary btn-item \" target=_self href=\"https:\/\/www.laclauelite.com\/fr\/property\/casa-pareada-obra-nueva-mas-alba-10728-fr\/\">\n\tD\u00e9tails<\/a><!-- btn-item -->\n\t\t\t\t<div class=\"item-author\">\n\t<i class=\"houzez-icon icon-single-neutral mr-1\"><\/i>\n\t<a href=\"https:\/\/www.laclauelite.com\/fr\/agent\/fincas-la-clau-elite\/\">Fincas La Clau Elite<\/a> <\/div><!-- item-author -->\n\t\t\t\t<div class=\"item-date\">\n\t<i class=\"houzez-icon icon-attachment mr-1\"><\/i>\n\til y a1 mois<\/div><!-- item-date -->\n\t\t\t<\/div><!-- item-body -->\n\n\t\t\t\t\t\t<div class=\"item-footer clearfix\">\n\t\t\t\t<div class=\"item-author\">\n\t<i class=\"houzez-icon icon-single-neutral mr-1\"><\/i>\n\t<a href=\"https:\/\/www.laclauelite.com\/fr\/agent\/fincas-la-clau-elite\/\">Fincas La Clau Elite<\/a> <\/div><!-- item-author -->\n\t\t\t\t<div class=\"item-date\">\n\t<i class=\"houzez-icon icon-attachment mr-1\"><\/i>\n\til y a1 mois<\/div><!-- item-date -->\n\t\t\t<\/div>\n\t\t\t\t\t<\/div><!-- d-flex -->\n\t<\/div><!-- item-wrap -->\n<\/div><!-- item-listing-wrap --><div class=\"item-listing-wrap hz-item-gallery-js card\" data-hz-id=\"hz-1082028\" data-images=\"[{&quot;image&quot;:&quot;https:\\\/\\\/fotos15.apinmo.com\\\/1045\\\/27301858\\\/18-1.jpg&quot;,&quot;alt&quot;:&quot;\\u00c1tico-d\\u00daplex en primera l\\u00ednea de mar en el centro de sitges - imagenInmueble0&quot;},{&quot;image&quot;:&quot;https:\\\/\\\/fotos15.apinmo.com\\\/1045\\\/27301858\\\/18-1.jpg&quot;,&quot;alt&quot;:&quot;\\u00c1tico-d\\u00daplex en primera l\\u00ednea de mar en el centro de sitges - imagenInmueble0&quot;},{&quot;image&quot;:&quot;https:\\\/\\\/fotos15.apinmo.com\\\/1045\\\/27301858\\\/18-2.jpg&quot;,&quot;alt&quot;:&quot;\\u00c1tico-d\\u00daplex en primera l\\u00ednea de mar en el centro de sitges - imagenInmueble1&quot;},{&quot;image&quot;:&quot;https:\\\/\\\/fotos15.apinmo.com\\\/1045\\\/27301858\\\/18-3.jpg&quot;,&quot;alt&quot;:&quot;\\u00c1tico-d\\u00daplex en primera l\\u00ednea de mar en el centro de sitges - imagenInmueble2&quot;},{&quot;image&quot;:&quot;https:\\\/\\\/fotos15.apinmo.com\\\/1045\\\/27301858\\\/18-4.jpg&quot;,&quot;alt&quot;:&quot;\\u00c1tico-d\\u00daplex en primera l\\u00ednea de mar en el centro de sitges - imagenInmueble3&quot;},{&quot;image&quot;:&quot;https:\\\/\\\/fotos15.apinmo.com\\\/1045\\\/27301858\\\/18-5.jpg&quot;,&quot;alt&quot;:&quot;\\u00c1tico-d\\u00daplex en primera l\\u00ednea de mar en el centro de sitges - imagenInmueble4&quot;},{&quot;image&quot;:&quot;https:\\\/\\\/fotos15.apinmo.com\\\/1045\\\/27301858\\\/18-6.jpg&quot;,&quot;alt&quot;:&quot;\\u00c1tico-d\\u00daplex en primera l\\u00ednea de mar en el centro de sitges - imagenInmueble5&quot;},{&quot;image&quot;:&quot;https:\\\/\\\/fotos15.apinmo.com\\\/1045\\\/27301858\\\/18-7.jpg&quot;,&quot;alt&quot;:&quot;\\u00c1tico-d\\u00daplex en primera l\\u00ednea de mar en el centro de sitges - imagenInmueble6&quot;},{&quot;image&quot;:&quot;https:\\\/\\\/fotos15.apinmo.com\\\/1045\\\/27301858\\\/18-8.jpg&quot;,&quot;alt&quot;:&quot;\\u00c1tico-d\\u00daplex en primera l\\u00ednea de mar en el centro de sitges - imagenInmueble7&quot;},{&quot;image&quot;:&quot;https:\\\/\\\/fotos15.apinmo.com\\\/1045\\\/27301858\\\/18-9.jpg&quot;,&quot;alt&quot;:&quot;\\u00c1tico-d\\u00daplex en primera l\\u00ednea de mar en el centro de sitges - imagenInmueble8&quot;},{&quot;image&quot;:&quot;https:\\\/\\\/fotos15.apinmo.com\\\/1045\\\/27301858\\\/18-10.jpg&quot;,&quot;alt&quot;:&quot;\\u00c1tico-d\\u00daplex en primera l\\u00ednea de mar en el centro de sitges - imagenInmueble9&quot;},{&quot;image&quot;:&quot;https:\\\/\\\/fotos15.apinmo.com\\\/1045\\\/27301858\\\/18-11.jpg&quot;,&quot;alt&quot;:&quot;\\u00c1tico-d\\u00daplex en primera l\\u00ednea de mar en el centro de sitges - imagenInmueble10&quot;},{&quot;image&quot;:&quot;https:\\\/\\\/fotos15.apinmo.com\\\/1045\\\/27301858\\\/18-12.jpg&quot;,&quot;alt&quot;:&quot;\\u00c1tico-d\\u00daplex en primera l\\u00ednea de mar en el centro de sitges - imagenInmueble11&quot;},{&quot;image&quot;:&quot;https:\\\/\\\/fotos15.apinmo.com\\\/1045\\\/27301858\\\/18-13.jpg&quot;,&quot;alt&quot;:&quot;\\u00c1tico-d\\u00daplex en primera l\\u00ednea de mar en el centro de sitges - imagenInmueble12&quot;},{&quot;image&quot;:&quot;https:\\\/\\\/fotos15.apinmo.com\\\/1045\\\/27301858\\\/18-14.jpg&quot;,&quot;alt&quot;:&quot;\\u00c1tico-d\\u00daplex en primera l\\u00ednea de mar en el centro de sitges - imagenInmueble13&quot;},{&quot;image&quot;:&quot;https:\\\/\\\/fotos15.apinmo.com\\\/1045\\\/27301858\\\/18-15.jpg&quot;,&quot;alt&quot;:&quot;\\u00c1tico-d\\u00daplex en primera l\\u00ednea de mar en el centro de sitges - imagenInmueble14&quot;},{&quot;image&quot;:&quot;https:\\\/\\\/fotos15.apinmo.com\\\/1045\\\/27301858\\\/18-16.jpg&quot;,&quot;alt&quot;:&quot;\\u00c1tico-d\\u00daplex en primera l\\u00ednea de mar en el centro de sitges - imagenInmueble15&quot;},{&quot;image&quot;:&quot;https:\\\/\\\/fotos15.apinmo.com\\\/1045\\\/27301858\\\/18-17.jpg&quot;,&quot;alt&quot;:&quot;\\u00c1tico-d\\u00daplex en primera l\\u00ednea de mar en el centro de sitges - imagenInmueble16&quot;},{&quot;image&quot;:&quot;https:\\\/\\\/fotos15.apinmo.com\\\/1045\\\/27301858\\\/18-18.jpg&quot;,&quot;alt&quot;:&quot;\\u00c1tico-d\\u00daplex en primera l\\u00ednea de mar en el centro de sitges - imagenInmueble17&quot;},{&quot;image&quot;:&quot;https:\\\/\\\/fotos15.apinmo.com\\\/1045\\\/27301858\\\/18-19.jpg&quot;,&quot;alt&quot;:&quot;\\u00c1tico-d\\u00daplex en primera l\\u00ednea de mar en el centro de sitges - imagenInmueble18&quot;},{&quot;image&quot;:&quot;https:\\\/\\\/fotos15.apinmo.com\\\/1045\\\/27301858\\\/18-20.jpg&quot;,&quot;alt&quot;:&quot;\\u00c1tico-d\\u00daplex en primera l\\u00ednea de mar en el centro de sitges - imagenInmueble19&quot;},{&quot;image&quot;:&quot;https:\\\/\\\/fotos15.apinmo.com\\\/1045\\\/27301858\\\/18-21.jpg&quot;,&quot;alt&quot;:&quot;\\u00c1tico-d\\u00daplex en primera l\\u00ednea de mar en el centro de sitges - imagenInmueble20&quot;},{&quot;image&quot;:&quot;https:\\\/\\\/fotos15.apinmo.com\\\/1045\\\/27301858\\\/18-22.jpg&quot;,&quot;alt&quot;:&quot;\\u00c1tico-d\\u00daplex en primera l\\u00ednea de mar en el centro de sitges - imagenInmueble21&quot;},{&quot;image&quot;:&quot;https:\\\/\\\/fotos15.apinmo.com\\\/1045\\\/27301858\\\/18-23.jpg&quot;,&quot;alt&quot;:&quot;\\u00c1tico-d\\u00daplex en primera l\\u00ednea de mar en el centro de sitges - imagenInmueble22&quot;},{&quot;image&quot;:&quot;https:\\\/\\\/fotos15.apinmo.com\\\/1045\\\/27301858\\\/18-24.jpg&quot;,&quot;alt&quot;:&quot;\\u00c1tico-d\\u00daplex en primera l\\u00ednea de mar en el centro de sitges - imagenInmueble23&quot;},{&quot;image&quot;:&quot;https:\\\/\\\/fotos15.apinmo.com\\\/1045\\\/27301858\\\/18-25.jpg&quot;,&quot;alt&quot;:&quot;\\u00c1tico-d\\u00daplex en primera l\\u00ednea de mar en el centro de sitges - imagenInmueble24&quot;},{&quot;image&quot;:&quot;https:\\\/\\\/fotos15.apinmo.com\\\/1045\\\/27301858\\\/18-26.jpg&quot;,&quot;alt&quot;:&quot;\\u00c1tico-d\\u00daplex en primera l\\u00ednea de mar en el centro de sitges - imagenInmueble25&quot;},{&quot;image&quot;:&quot;https:\\\/\\\/fotos15.apinmo.com\\\/1045\\\/27301858\\\/18-27.jpg&quot;,&quot;alt&quot;:&quot;\\u00c1tico-d\\u00daplex en primera l\\u00ednea de mar en el centro de sitges - imagenInmueble26&quot;},{&quot;image&quot;:&quot;https:\\\/\\\/fotos15.apinmo.com\\\/1045\\\/27301858\\\/18-28.jpg&quot;,&quot;alt&quot;:&quot;\\u00c1tico-d\\u00daplex en primera l\\u00ednea de mar en el centro de sitges - imagenInmueble27&quot;},{&quot;image&quot;:&quot;https:\\\/\\\/fotos15.apinmo.com\\\/1045\\\/27301858\\\/18-29.jpg&quot;,&quot;alt&quot;:&quot;\\u00c1tico-d\\u00daplex en primera l\\u00ednea de mar en el centro de sitges - imagenInmueble28&quot;},{&quot;image&quot;:&quot;https:\\\/\\\/fotos15.apinmo.com\\\/1045\\\/27301858\\\/18-30.jpg&quot;,&quot;alt&quot;:&quot;\\u00c1tico-d\\u00daplex en primera l\\u00ednea de mar en el centro de sitges - imagenInmueble29&quot;},{&quot;image&quot;:&quot;https:\\\/\\\/fotos15.apinmo.com\\\/1045\\\/27301858\\\/18-31.jpg&quot;,&quot;alt&quot;:&quot;\\u00c1tico-d\\u00daplex en primera l\\u00ednea de mar en el centro de sitges - imagenInmueble30&quot;}]\">\n\t<div class=\"item-wrap item-wrap-v1 item-wrap-no-frame h-100\">\n\t\t<div class=\"d-flex align-items-center h-100\">\n\t\t\t<div class=\"item-header\">\n\t\t\t\t\t\t\t\t<div class=\"labels-wrap labels-right\"> \n\n\t<a href=\"https:\/\/www.laclauelite.com\/fr\/status\/vente\/\" class=\"label-status label status-color-165\">\n\t\t\t\t\tVente\n\t\t\t\t<\/a>       \n\n<\/div>\n\t\t\t\t<ul class=\"item-price-wrap hide-on-list\">\n\t<li class=\"item-price\">1,950,000\u20ac<\/li><\/ul>\t\t\t\t<ul class=\"item-tools\">\n\n        <li class=\"item-tool item-preview\">\n        <span class=\"hz-show-lightbox-js\" data-listid=\"1082028\" data-toggle=\"tooltip\" data-placement=\"top\" title=\"Preview\">\n                <i class=\"houzez-icon icon-expand-3\"><\/i>   \n        <\/span><!-- item-tool-favorite -->\n    <\/li><!-- item-tool -->\n        \n        <li class=\"item-tool item-favorite\">\n        <span class=\"add-favorite-js item-tool-favorite\" data-toggle=\"tooltip\" data-placement=\"top\" title=\"Favourite\" data-listid=\"1082028\">\n            <i class=\"houzez-icon icon-love-it \"><\/i> \n        <\/span><!-- item-tool-favorite -->\n    <\/li><!-- item-tool -->\n    \n        <li class=\"item-tool item-compare\">\n        <span class=\"houzez_compare compare-1082028 item-tool-compare show-compare-panel\" data-toggle=\"tooltip\" data-placement=\"top\" title=\"Add to Compare\" data-listing_id=\"1082028\" data-listing_image=\"https:\/\/fotos15.apinmo.com\/1045\/27301858\/18-1.jpg\">\n            <i class=\"houzez-icon icon-add-circle\"><\/i>\n        <\/span><!-- item-tool-compare -->\n    <\/li><!-- item-tool -->\n    <\/ul><!-- item-tools -->\n\t\t\t\t<div class=\"listing-image-wrap\">\n\t<div class=\"listing-thumb\">\n\t\t<a target=_self href=\"https:\/\/www.laclauelite.com\/fr\/property\/atico-duplex-en-primera-linea-de-mar-en-el-centro-de-sitges-11387-fr\/\" class=\"listing-featured-thumb hover-effect\">\n\t\t\t                                                                                                                                                                                    <img loading=\"lazy\" decoding=\"async\" width=\"850\" height=\"426\" src=\"https:\/\/fotos15.apinmo.com\/1045\/27301858\/18-1.jpg\" class=\"img-fluid wp-post-image\" alt=\"\u00c1tico-d\u00daplex en primera l\u00ednea de mar en el centro de sitges - imagenInmueble0\" srcset=\"https:\/\/fotos15.apinmo.com\/1045\/27301858\/18-1.jpg 850w, https:\/\/fotos15.apinmo.com\/1045\/27301858\/18-1.jpg 300w, https:\/\/fotos15.apinmo.com\/1045\/27301858\/18-1.jpg 768w, https:\/\/fotos15.apinmo.com\/1045\/27301858\/18-1s.jpg 150w, https:\/\/fotos15.apinmo.com\/1045\/27301858\/18-1.jpg 536w, https:\/\/fotos15.apinmo.com\/1045\/27301858\/18-1.jpg 770w\" sizes=\"(max-width: 850px) 100vw, 850px\" \/>\t\t<\/a><!-- hover-effect -->\n\t<\/div>\n<\/div>\n\t\t\t\t<div class=\"preview_loader\"><\/div>\n\t\t\t<\/div><!-- item-header -->\t\n\t\t\t<div class=\"item-body flex-grow-1\">\n\t\t\t\t<div class=\"labels-wrap labels-right\"> \n\n\t<a href=\"https:\/\/www.laclauelite.com\/fr\/status\/vente\/\" class=\"label-status label status-color-165\">\n\t\t\t\t\tVente\n\t\t\t\t<\/a>       \n\n<\/div>\n\t\t\t\t<h2 class=\"item-title\">\n\t<a target=_self href=\"https:\/\/www.laclauelite.com\/fr\/property\/atico-duplex-en-primera-linea-de-mar-en-el-centro-de-sitges-11387-fr\/\">\u00c1TICO-D\u00daPLEX en primera l\u00ednea de mar en el centro de Sitges &#8211; 11387<\/a>\n<\/h2><!-- item-title -->\t\t\t\t<ul class=\"item-price-wrap hide-on-list\">\n\t<li class=\"item-price\">1,950,000\u20ac<\/li><\/ul>\t\t\t\t<address class=\"item-address\">Sitges,Barcelona,Spain<\/address>\t\t\t\t<ul class=\"item-amenities item-amenities-with-icons\">\n\t<li class=\"h-beds\"><i class=\"houzez-icon icon-hotel-double-bed-1 mr-1\"><\/i><span class=\"item-amenities-text\">Camas:<\/span> <span class=\"hz-figure\">3<\/span><\/li><li class=\"h-baths\"><i class=\"houzez-icon icon-bathroom-shower-1 mr-1\"><\/i><span class=\"item-amenities-text\">Ba\u00f1os:<\/span> <span class=\"hz-figure\">2<\/span><\/li><li class=\"h-area\"><i class=\"houzez-icon icon-ruler-triangle mr-1\"><\/i><span class=\"hz-figure\">130<\/span> <span class=\"hz-figure area_postfix\">m&sup2;<\/span><\/li><li class=\"h-type\"><span>Penthouses<\/span><\/li><\/ul>\t\t\t\t<a class=\"btn btn-primary btn-item \" target=_self href=\"https:\/\/www.laclauelite.com\/fr\/property\/atico-duplex-en-primera-linea-de-mar-en-el-centro-de-sitges-11387-fr\/\">\n\tD\u00e9tails<\/a><!-- btn-item -->\n\t\t\t\t<div class=\"item-author\">\n\t<i class=\"houzez-icon icon-single-neutral mr-1\"><\/i>\n\t<a href=\"https:\/\/www.laclauelite.com\/fr\/agent\/fincas-la-clau-elite\/\">Fincas La Clau Elite<\/a> <\/div><!-- item-author -->\n\t\t\t\t<div class=\"item-date\">\n\t<i class=\"houzez-icon icon-attachment mr-1\"><\/i>\n\til y a1 mois<\/div><!-- item-date -->\n\t\t\t<\/div><!-- item-body -->\n\n\t\t\t\t\t\t<div class=\"item-footer clearfix\">\n\t\t\t\t<div class=\"item-author\">\n\t<i class=\"houzez-icon icon-single-neutral mr-1\"><\/i>\n\t<a href=\"https:\/\/www.laclauelite.com\/fr\/agent\/fincas-la-clau-elite\/\">Fincas La Clau Elite<\/a> <\/div><!-- item-author -->\n\t\t\t\t<div class=\"item-date\">\n\t<i class=\"houzez-icon icon-attachment mr-1\"><\/i>\n\til y a1 mois<\/div><!-- item-date -->\n\t\t\t<\/div>\n\t\t\t\t\t<\/div><!-- d-flex -->\n\t<\/div><!-- item-wrap -->\n<\/div><!-- item-listing-wrap --><div class=\"item-listing-wrap hz-item-gallery-js card\" data-hz-id=\"hz-1081883\" data-images=\"[{&quot;image&quot;:&quot;https:\\\/\\\/fotos15.apinmo.com\\\/1045\\\/4782125\\\/17-1.jpg&quot;,&quot;alt&quot;:&quot;Casa en venta en sitges zona quint mar con espectaculares vistas panor\\u00e1micas al mar - imagenInmueble0&quot;},{&quot;image&quot;:&quot;https:\\\/\\\/fotos15.apinmo.com\\\/1045\\\/4782125\\\/17-1.jpg&quot;,&quot;alt&quot;:&quot;Casa en venta en sitges zona quint mar con espectaculares vistas panor\\u00e1micas al mar - imagenInmueble0&quot;},{&quot;image&quot;:&quot;https:\\\/\\\/fotos15.apinmo.com\\\/1045\\\/4782125\\\/17-2.jpg&quot;,&quot;alt&quot;:&quot;Casa en venta en sitges zona quint mar con espectaculares vistas panor\\u00e1micas al mar - imagenInmueble1&quot;},{&quot;image&quot;:&quot;https:\\\/\\\/fotos15.apinmo.com\\\/1045\\\/4782125\\\/17-3.jpg&quot;,&quot;alt&quot;:&quot;Casa en venta en sitges zona quint mar con espectaculares vistas panor\\u00e1micas al mar - imagenInmueble2&quot;},{&quot;image&quot;:&quot;https:\\\/\\\/fotos15.apinmo.com\\\/1045\\\/4782125\\\/17-4.jpg&quot;,&quot;alt&quot;:&quot;Casa en venta en sitges zona quint mar con espectaculares vistas panor\\u00e1micas al mar - imagenInmueble3&quot;},{&quot;image&quot;:&quot;https:\\\/\\\/fotos15.apinmo.com\\\/1045\\\/4782125\\\/17-5.jpg&quot;,&quot;alt&quot;:&quot;Casa en venta en sitges zona quint mar con espectaculares vistas panor\\u00e1micas al mar - imagenInmueble4&quot;},{&quot;image&quot;:&quot;https:\\\/\\\/fotos15.apinmo.com\\\/1045\\\/4782125\\\/17-6.jpg&quot;,&quot;alt&quot;:&quot;Casa en venta en sitges zona quint mar con espectaculares vistas panor\\u00e1micas al mar - imagenInmueble5&quot;},{&quot;image&quot;:&quot;https:\\\/\\\/fotos15.apinmo.com\\\/1045\\\/4782125\\\/17-7.jpg&quot;,&quot;alt&quot;:&quot;Casa en venta en sitges zona quint mar con espectaculares vistas panor\\u00e1micas al mar - imagenInmueble6&quot;},{&quot;image&quot;:&quot;https:\\\/\\\/fotos15.apinmo.com\\\/1045\\\/4782125\\\/17-8.jpg&quot;,&quot;alt&quot;:&quot;Casa en venta en sitges zona quint mar con espectaculares vistas panor\\u00e1micas al mar - imagenInmueble7&quot;},{&quot;image&quot;:&quot;https:\\\/\\\/fotos15.apinmo.com\\\/1045\\\/4782125\\\/17-9.jpg&quot;,&quot;alt&quot;:&quot;Casa en venta en sitges zona quint mar con espectaculares vistas panor\\u00e1micas al mar - imagenInmueble8&quot;},{&quot;image&quot;:&quot;https:\\\/\\\/fotos15.apinmo.com\\\/1045\\\/4782125\\\/17-10.jpg&quot;,&quot;alt&quot;:&quot;Casa en venta en sitges zona quint mar con espectaculares vistas panor\\u00e1micas al mar - imagenInmueble9&quot;},{&quot;image&quot;:&quot;https:\\\/\\\/fotos15.apinmo.com\\\/1045\\\/4782125\\\/17-11.jpg&quot;,&quot;alt&quot;:&quot;Casa en venta en sitges zona quint mar con espectaculares vistas panor\\u00e1micas al mar - imagenInmueble10&quot;},{&quot;image&quot;:&quot;https:\\\/\\\/fotos15.apinmo.com\\\/1045\\\/4782125\\\/17-12.jpg&quot;,&quot;alt&quot;:&quot;Casa en venta en sitges zona quint mar con espectaculares vistas panor\\u00e1micas al mar - imagenInmueble11&quot;},{&quot;image&quot;:&quot;https:\\\/\\\/fotos15.apinmo.com\\\/1045\\\/4782125\\\/17-13.jpg&quot;,&quot;alt&quot;:&quot;Casa en venta en sitges zona quint mar con espectaculares vistas panor\\u00e1micas al mar - imagenInmueble12&quot;},{&quot;image&quot;:&quot;https:\\\/\\\/fotos15.apinmo.com\\\/1045\\\/4782125\\\/17-14.jpg&quot;,&quot;alt&quot;:&quot;Casa en venta en sitges zona quint mar con espectaculares vistas panor\\u00e1micas al mar - imagenInmueble13&quot;},{&quot;image&quot;:&quot;https:\\\/\\\/fotos15.apinmo.com\\\/1045\\\/4782125\\\/17-15.jpg&quot;,&quot;alt&quot;:&quot;Casa en venta en sitges zona quint mar con espectaculares vistas panor\\u00e1micas al mar - imagenInmueble14&quot;},{&quot;image&quot;:&quot;https:\\\/\\\/fotos15.apinmo.com\\\/1045\\\/4782125\\\/17-16.jpg&quot;,&quot;alt&quot;:&quot;Casa en venta en sitges zona quint mar con espectaculares vistas panor\\u00e1micas al mar - imagenInmueble15&quot;},{&quot;image&quot;:&quot;https:\\\/\\\/fotos15.apinmo.com\\\/1045\\\/4782125\\\/17-17.jpg&quot;,&quot;alt&quot;:&quot;Casa en venta en sitges zona quint mar con espectaculares vistas panor\\u00e1micas al mar - imagenInmueble16&quot;},{&quot;image&quot;:&quot;https:\\\/\\\/fotos15.apinmo.com\\\/1045\\\/4782125\\\/17-18.jpg&quot;,&quot;alt&quot;:&quot;Casa en venta en sitges zona quint mar con espectaculares vistas panor\\u00e1micas al mar - imagenInmueble17&quot;},{&quot;image&quot;:&quot;https:\\\/\\\/fotos15.apinmo.com\\\/1045\\\/4782125\\\/17-19.jpg&quot;,&quot;alt&quot;:&quot;Casa en venta en sitges zona quint mar con espectaculares vistas panor\\u00e1micas al mar - imagenInmueble18&quot;},{&quot;image&quot;:&quot;https:\\\/\\\/fotos15.apinmo.com\\\/1045\\\/4782125\\\/17-20.jpg&quot;,&quot;alt&quot;:&quot;Casa en venta en sitges zona quint mar con espectaculares vistas panor\\u00e1micas al mar - imagenInmueble19&quot;}]\">\n\t<div class=\"item-wrap item-wrap-v1 item-wrap-no-frame h-100\">\n\t\t<div class=\"d-flex align-items-center h-100\">\n\t\t\t<div class=\"item-header\">\n\t\t\t\t\t\t\t\t<div class=\"labels-wrap labels-right\"> \n\n\t<a href=\"https:\/\/www.laclauelite.com\/fr\/status\/vente\/\" class=\"label-status label status-color-165\">\n\t\t\t\t\tVente\n\t\t\t\t<\/a>       \n\n<\/div>\n\t\t\t\t<ul class=\"item-price-wrap hide-on-list\">\n\t<li class=\"item-price\">1,250,000\u20ac<\/li><\/ul>\t\t\t\t<ul class=\"item-tools\">\n\n        <li class=\"item-tool item-preview\">\n        <span class=\"hz-show-lightbox-js\" data-listid=\"1081883\" data-toggle=\"tooltip\" data-placement=\"top\" title=\"Preview\">\n                <i class=\"houzez-icon icon-expand-3\"><\/i>   \n        <\/span><!-- item-tool-favorite -->\n    <\/li><!-- item-tool -->\n        \n        <li class=\"item-tool item-favorite\">\n        <span class=\"add-favorite-js item-tool-favorite\" data-toggle=\"tooltip\" data-placement=\"top\" title=\"Favourite\" data-listid=\"1081883\">\n            <i class=\"houzez-icon icon-love-it \"><\/i> \n        <\/span><!-- item-tool-favorite -->\n    <\/li><!-- item-tool -->\n    \n        <li class=\"item-tool item-compare\">\n        <span class=\"houzez_compare compare-1081883 item-tool-compare show-compare-panel\" data-toggle=\"tooltip\" data-placement=\"top\" title=\"Add to Compare\" data-listing_id=\"1081883\" data-listing_image=\"https:\/\/fotos15.apinmo.com\/1045\/4782125\/17-1.jpg\">\n            <i class=\"houzez-icon icon-add-circle\"><\/i>\n        <\/span><!-- item-tool-compare -->\n    <\/li><!-- item-tool -->\n    <\/ul><!-- item-tools -->\n\t\t\t\t<div class=\"listing-image-wrap\">\n\t<div class=\"listing-thumb\">\n\t\t<a target=_self href=\"https:\/\/www.laclauelite.com\/fr\/property\/casa-en-venta-en-sitges-zona-quint-mar-con-espectaculares-vistas-panoramicas-al-mar-08123-fr\/\" class=\"listing-featured-thumb hover-effect\">\n\t\t\t                                                                                                                                                                                    <img loading=\"lazy\" decoding=\"async\" width=\"850\" height=\"426\" src=\"https:\/\/fotos15.apinmo.com\/1045\/4782125\/17-1.jpg\" class=\"img-fluid wp-post-image\" alt=\"Casa en venta en sitges zona quint mar con espectaculares vistas panor\u00e1micas al mar - imagenInmueble0\" srcset=\"https:\/\/fotos15.apinmo.com\/1045\/4782125\/17-1.jpg 850w, https:\/\/fotos15.apinmo.com\/1045\/4782125\/17-1.jpg 300w, https:\/\/fotos15.apinmo.com\/1045\/4782125\/17-1.jpg 768w, https:\/\/fotos15.apinmo.com\/1045\/4782125\/17-1s.jpg 150w, https:\/\/fotos15.apinmo.com\/1045\/4782125\/17-1.jpg 536w, https:\/\/fotos15.apinmo.com\/1045\/4782125\/17-1.jpg 770w\" sizes=\"(max-width: 850px) 100vw, 850px\" \/>\t\t<\/a><!-- hover-effect -->\n\t<\/div>\n<\/div>\n\t\t\t\t<div class=\"preview_loader\"><\/div>\n\t\t\t<\/div><!-- item-header -->\t\n\t\t\t<div class=\"item-body flex-grow-1\">\n\t\t\t\t<div class=\"labels-wrap labels-right\"> \n\n\t<a href=\"https:\/\/www.laclauelite.com\/fr\/status\/vente\/\" class=\"label-status label status-color-165\">\n\t\t\t\t\tVente\n\t\t\t\t<\/a>       \n\n<\/div>\n\t\t\t\t<h2 class=\"item-title\">\n\t<a target=_self href=\"https:\/\/www.laclauelite.com\/fr\/property\/casa-en-venta-en-sitges-zona-quint-mar-con-espectaculares-vistas-panoramicas-al-mar-08123-fr\/\">Casa en venta en Sitges zona Quint Mar con espectaculares vistas panor\u00e1micas al mar &#8211; 08123<\/a>\n<\/h2><!-- item-title -->\t\t\t\t<ul class=\"item-price-wrap hide-on-list\">\n\t<li class=\"item-price\">1,250,000\u20ac<\/li><\/ul>\t\t\t\t<address class=\"item-address\">Sitges,Barcelona,Spain<\/address>\t\t\t\t<ul class=\"item-amenities item-amenities-with-icons\">\n\t<li class=\"h-beds\"><i class=\"houzez-icon icon-hotel-double-bed-1 mr-1\"><\/i><span class=\"item-amenities-text\">Camas:<\/span> <span class=\"hz-figure\">6<\/span><\/li><li class=\"h-baths\"><i class=\"houzez-icon icon-bathroom-shower-1 mr-1\"><\/i><span class=\"item-amenities-text\">Ba\u00f1os:<\/span> <span class=\"hz-figure\">5<\/span><\/li><li class=\"h-area\"><i class=\"houzez-icon icon-ruler-triangle mr-1\"><\/i><span class=\"hz-figure\">347<\/span> <span class=\"hz-figure area_postfix\">m&sup2;<\/span><\/li><li class=\"h-type\"><span>Houses<\/span><\/li><\/ul>\t\t\t\t<a class=\"btn btn-primary btn-item \" target=_self href=\"https:\/\/www.laclauelite.com\/fr\/property\/casa-en-venta-en-sitges-zona-quint-mar-con-espectaculares-vistas-panoramicas-al-mar-08123-fr\/\">\n\tD\u00e9tails<\/a><!-- btn-item -->\n\t\t\t\t<div class=\"item-author\">\n\t<i class=\"houzez-icon icon-single-neutral mr-1\"><\/i>\n\t<a href=\"https:\/\/www.laclauelite.com\/fr\/agent\/fincas-la-clau-elite\/\">Fincas La Clau Elite<\/a> <\/div><!-- item-author -->\n\t\t\t\t<div class=\"item-date\">\n\t<i class=\"houzez-icon icon-attachment mr-1\"><\/i>\n\til y a3 mois<\/div><!-- item-date -->\n\t\t\t<\/div><!-- item-body -->\n\n\t\t\t\t\t\t<div class=\"item-footer clearfix\">\n\t\t\t\t<div class=\"item-author\">\n\t<i class=\"houzez-icon icon-single-neutral mr-1\"><\/i>\n\t<a href=\"https:\/\/www.laclauelite.com\/fr\/agent\/fincas-la-clau-elite\/\">Fincas La Clau Elite<\/a> <\/div><!-- item-author -->\n\t\t\t\t<div class=\"item-date\">\n\t<i class=\"houzez-icon icon-attachment mr-1\"><\/i>\n\til y a3 mois<\/div><!-- item-date -->\n\t\t\t<\/div>\n\t\t\t\t\t<\/div><!-- d-flex -->\n\t<\/div><!-- item-wrap -->\n<\/div><!-- item-listing-wrap --><div class=\"item-listing-wrap hz-item-gallery-js card\" data-hz-id=\"hz-1081908\" data-images=\"[{&quot;image&quot;:&quot;https:\\\/\\\/fotos15.apinmo.com\\\/1045\\\/8039595\\\/25-1.jpg&quot;,&quot;alt&quot;:&quot;Finca r\\u00fastica con dos casas a cinco minutos de sitges. - imagenInmueble0&quot;},{&quot;image&quot;:&quot;https:\\\/\\\/fotos15.apinmo.com\\\/1045\\\/8039595\\\/25-1.jpg&quot;,&quot;alt&quot;:&quot;Finca r\\u00fastica con dos casas a cinco minutos de sitges. - imagenInmueble0&quot;},{&quot;image&quot;:&quot;https:\\\/\\\/fotos15.apinmo.com\\\/1045\\\/8039595\\\/25-2.jpg&quot;,&quot;alt&quot;:&quot;Finca r\\u00fastica con dos casas a cinco minutos de sitges. - imagenInmueble1&quot;},{&quot;image&quot;:&quot;https:\\\/\\\/fotos15.apinmo.com\\\/1045\\\/8039595\\\/25-3.jpg&quot;,&quot;alt&quot;:&quot;Finca r\\u00fastica con dos casas a cinco minutos de sitges. - imagenInmueble2&quot;},{&quot;image&quot;:&quot;https:\\\/\\\/fotos15.apinmo.com\\\/1045\\\/8039595\\\/25-4.jpg&quot;,&quot;alt&quot;:&quot;Finca r\\u00fastica con dos casas a cinco minutos de sitges. - imagenInmueble3&quot;},{&quot;image&quot;:&quot;https:\\\/\\\/fotos15.apinmo.com\\\/1045\\\/8039595\\\/25-5.jpg&quot;,&quot;alt&quot;:&quot;Finca r\\u00fastica con dos casas a cinco minutos de sitges. - imagenInmueble4&quot;},{&quot;image&quot;:&quot;https:\\\/\\\/fotos15.apinmo.com\\\/1045\\\/8039595\\\/25-6.jpg&quot;,&quot;alt&quot;:&quot;Finca r\\u00fastica con dos casas a cinco minutos de sitges. - imagenInmueble5&quot;},{&quot;image&quot;:&quot;https:\\\/\\\/fotos15.apinmo.com\\\/1045\\\/8039595\\\/25-7.jpg&quot;,&quot;alt&quot;:&quot;Finca r\\u00fastica con dos casas a cinco minutos de sitges. - imagenInmueble6&quot;},{&quot;image&quot;:&quot;https:\\\/\\\/fotos15.apinmo.com\\\/1045\\\/8039595\\\/25-8.jpg&quot;,&quot;alt&quot;:&quot;Finca r\\u00fastica con dos casas a cinco minutos de sitges. - imagenInmueble7&quot;},{&quot;image&quot;:&quot;https:\\\/\\\/fotos15.apinmo.com\\\/1045\\\/8039595\\\/25-9.jpg&quot;,&quot;alt&quot;:&quot;Finca r\\u00fastica con dos casas a cinco minutos de sitges. - imagenInmueble8&quot;},{&quot;image&quot;:&quot;https:\\\/\\\/fotos15.apinmo.com\\\/1045\\\/8039595\\\/25-10.jpg&quot;,&quot;alt&quot;:&quot;Finca r\\u00fastica con dos casas a cinco minutos de sitges. - imagenInmueble9&quot;},{&quot;image&quot;:&quot;https:\\\/\\\/fotos15.apinmo.com\\\/1045\\\/8039595\\\/25-11.jpg&quot;,&quot;alt&quot;:&quot;Finca r\\u00fastica con dos casas a cinco minutos de sitges. - imagenInmueble10&quot;},{&quot;image&quot;:&quot;https:\\\/\\\/fotos15.apinmo.com\\\/1045\\\/8039595\\\/25-12.jpg&quot;,&quot;alt&quot;:&quot;Finca r\\u00fastica con dos casas a cinco minutos de sitges. - imagenInmueble11&quot;},{&quot;image&quot;:&quot;https:\\\/\\\/fotos15.apinmo.com\\\/1045\\\/8039595\\\/25-13.jpg&quot;,&quot;alt&quot;:&quot;Finca r\\u00fastica con dos casas a cinco minutos de sitges. - imagenInmueble12&quot;},{&quot;image&quot;:&quot;https:\\\/\\\/fotos15.apinmo.com\\\/1045\\\/8039595\\\/25-14.jpg&quot;,&quot;alt&quot;:&quot;Finca r\\u00fastica con dos casas a cinco minutos de sitges. - imagenInmueble13&quot;},{&quot;image&quot;:&quot;https:\\\/\\\/fotos15.apinmo.com\\\/1045\\\/8039595\\\/25-15.jpg&quot;,&quot;alt&quot;:&quot;Finca r\\u00fastica con dos casas a cinco minutos de sitges. - imagenInmueble14&quot;},{&quot;image&quot;:&quot;https:\\\/\\\/fotos15.apinmo.com\\\/1045\\\/8039595\\\/25-16.jpg&quot;,&quot;alt&quot;:&quot;Finca r\\u00fastica con dos casas a cinco minutos de sitges. - imagenInmueble15&quot;},{&quot;image&quot;:&quot;https:\\\/\\\/fotos15.apinmo.com\\\/1045\\\/8039595\\\/25-17.jpg&quot;,&quot;alt&quot;:&quot;Finca r\\u00fastica con dos casas a cinco minutos de sitges. - imagenInmueble16&quot;},{&quot;image&quot;:&quot;https:\\\/\\\/fotos15.apinmo.com\\\/1045\\\/8039595\\\/25-18.jpg&quot;,&quot;alt&quot;:&quot;Finca r\\u00fastica con dos casas a cinco minutos de sitges. - imagenInmueble17&quot;},{&quot;image&quot;:&quot;https:\\\/\\\/fotos15.apinmo.com\\\/1045\\\/8039595\\\/25-19.jpg&quot;,&quot;alt&quot;:&quot;Finca r\\u00fastica con dos casas a cinco minutos de sitges. - imagenInmueble18&quot;},{&quot;image&quot;:&quot;https:\\\/\\\/fotos15.apinmo.com\\\/1045\\\/8039595\\\/25-20.jpg&quot;,&quot;alt&quot;:&quot;Finca r\\u00fastica con dos casas a cinco minutos de sitges. - imagenInmueble19&quot;},{&quot;image&quot;:&quot;https:\\\/\\\/fotos15.apinmo.com\\\/1045\\\/8039595\\\/25-21.jpg&quot;,&quot;alt&quot;:&quot;Finca r\\u00fastica con dos casas a cinco minutos de sitges. - imagenInmueble20&quot;},{&quot;image&quot;:&quot;https:\\\/\\\/fotos15.apinmo.com\\\/1045\\\/8039595\\\/25-22.jpg&quot;,&quot;alt&quot;:&quot;Finca r\\u00fastica con dos casas a cinco minutos de sitges. - imagenInmueble21&quot;},{&quot;image&quot;:&quot;https:\\\/\\\/fotos15.apinmo.com\\\/1045\\\/8039595\\\/25-23.jpg&quot;,&quot;alt&quot;:&quot;Finca r\\u00fastica con dos casas a cinco minutos de sitges. - imagenInmueble22&quot;},{&quot;image&quot;:&quot;https:\\\/\\\/fotos15.apinmo.com\\\/1045\\\/8039595\\\/25-24.jpg&quot;,&quot;alt&quot;:&quot;Finca r\\u00fastica con dos casas a cinco minutos de sitges. - imagenInmueble23&quot;},{&quot;image&quot;:&quot;https:\\\/\\\/fotos15.apinmo.com\\\/1045\\\/8039595\\\/25-25.jpg&quot;,&quot;alt&quot;:&quot;Finca r\\u00fastica con dos casas a cinco minutos de sitges. - imagenInmueble24&quot;},{&quot;image&quot;:&quot;https:\\\/\\\/fotos15.apinmo.com\\\/1045\\\/8039595\\\/25-26.jpg&quot;,&quot;alt&quot;:&quot;Finca r\\u00fastica con dos casas a cinco minutos de sitges. - imagenInmueble25&quot;},{&quot;image&quot;:&quot;https:\\\/\\\/fotos15.apinmo.com\\\/1045\\\/8039595\\\/25-27.jpg&quot;,&quot;alt&quot;:&quot;Finca r\\u00fastica con dos casas a cinco minutos de sitges. - imagenInmueble26&quot;},{&quot;image&quot;:&quot;https:\\\/\\\/fotos15.apinmo.com\\\/1045\\\/8039595\\\/25-28.jpg&quot;,&quot;alt&quot;:&quot;Finca r\\u00fastica con dos casas a cinco minutos de sitges. - imagenInmueble27&quot;},{&quot;image&quot;:&quot;https:\\\/\\\/fotos15.apinmo.com\\\/1045\\\/8039595\\\/25-29.jpg&quot;,&quot;alt&quot;:&quot;Finca r\\u00fastica con dos casas a cinco minutos de sitges. - imagenInmueble28&quot;},{&quot;image&quot;:&quot;https:\\\/\\\/fotos15.apinmo.com\\\/1045\\\/8039595\\\/25-30.jpg&quot;,&quot;alt&quot;:&quot;Finca r\\u00fastica con dos casas a cinco minutos de sitges. - imagenInmueble29&quot;},{&quot;image&quot;:&quot;https:\\\/\\\/fotos15.apinmo.com\\\/1045\\\/8039595\\\/25-31.jpg&quot;,&quot;alt&quot;:&quot;Finca r\\u00fastica con dos casas a cinco minutos de sitges. - imagenInmueble30&quot;},{&quot;image&quot;:&quot;https:\\\/\\\/fotos15.apinmo.com\\\/1045\\\/8039595\\\/25-32.jpg&quot;,&quot;alt&quot;:&quot;Finca r\\u00fastica con dos casas a cinco minutos de sitges. - imagenInmueble31&quot;},{&quot;image&quot;:&quot;https:\\\/\\\/fotos15.apinmo.com\\\/1045\\\/8039595\\\/25-33.jpg&quot;,&quot;alt&quot;:&quot;Finca r\\u00fastica con dos casas a cinco minutos de sitges. - imagenInmueble32&quot;},{&quot;image&quot;:&quot;https:\\\/\\\/fotos15.apinmo.com\\\/1045\\\/8039595\\\/25-34.jpg&quot;,&quot;alt&quot;:&quot;Finca r\\u00fastica con dos casas a cinco minutos de sitges. - imagenInmueble33&quot;},{&quot;image&quot;:&quot;https:\\\/\\\/fotos15.apinmo.com\\\/1045\\\/8039595\\\/25-35.jpg&quot;,&quot;alt&quot;:&quot;Finca r\\u00fastica con dos casas a cinco minutos de sitges. - imagenInmueble34&quot;},{&quot;image&quot;:&quot;https:\\\/\\\/fotos15.apinmo.com\\\/1045\\\/8039595\\\/25-36.jpg&quot;,&quot;alt&quot;:&quot;Finca r\\u00fastica con dos casas a cinco minutos de sitges. - imagenInmueble35&quot;},{&quot;image&quot;:&quot;https:\\\/\\\/fotos15.apinmo.com\\\/1045\\\/8039595\\\/25-37.jpg&quot;,&quot;alt&quot;:&quot;Finca r\\u00fastica con dos casas a cinco minutos de sitges. - imagenInmueble36&quot;},{&quot;image&quot;:&quot;https:\\\/\\\/fotos15.apinmo.com\\\/1045\\\/8039595\\\/25-38.jpg&quot;,&quot;alt&quot;:&quot;Finca r\\u00fastica con dos casas a cinco minutos de sitges. - imagenInmueble37&quot;},{&quot;image&quot;:&quot;https:\\\/\\\/fotos15.apinmo.com\\\/1045\\\/8039595\\\/25-39.jpg&quot;,&quot;alt&quot;:&quot;Finca r\\u00fastica con dos casas a cinco minutos de sitges. - imagenInmueble38&quot;},{&quot;image&quot;:&quot;https:\\\/\\\/fotos15.apinmo.com\\\/1045\\\/8039595\\\/25-40.jpg&quot;,&quot;alt&quot;:&quot;Finca r\\u00fastica con dos casas a cinco minutos de sitges. - imagenInmueble39&quot;}]\">\n\t<div class=\"item-wrap item-wrap-v1 item-wrap-no-frame h-100\">\n\t\t<div class=\"d-flex align-items-center h-100\">\n\t\t\t<div class=\"item-header\">\n\t\t\t\t\t\t\t\t<div class=\"labels-wrap labels-right\"> \n\n\t<a href=\"https:\/\/www.laclauelite.com\/fr\/status\/vente\/\" class=\"label-status label status-color-165\">\n\t\t\t\t\tVente\n\t\t\t\t<\/a>       \n\n<\/div>\n\t\t\t\t<ul class=\"item-price-wrap hide-on-list\">\n\t<li class=\"item-price\">5,000,000\u20ac<\/li><\/ul>\t\t\t\t<ul class=\"item-tools\">\n\n        <li class=\"item-tool item-preview\">\n        <span class=\"hz-show-lightbox-js\" data-listid=\"1081908\" data-toggle=\"tooltip\" data-placement=\"top\" title=\"Preview\">\n                <i class=\"houzez-icon icon-expand-3\"><\/i>   \n        <\/span><!-- item-tool-favorite -->\n    <\/li><!-- item-tool -->\n        \n        <li class=\"item-tool item-favorite\">\n        <span class=\"add-favorite-js item-tool-favorite\" data-toggle=\"tooltip\" data-placement=\"top\" title=\"Favourite\" data-listid=\"1081908\">\n            <i class=\"houzez-icon icon-love-it \"><\/i> \n        <\/span><!-- item-tool-favorite -->\n    <\/li><!-- item-tool -->\n    \n        <li class=\"item-tool item-compare\">\n        <span class=\"houzez_compare compare-1081908 item-tool-compare show-compare-panel\" data-toggle=\"tooltip\" data-placement=\"top\" title=\"Add to Compare\" data-listing_id=\"1081908\" data-listing_image=\"https:\/\/fotos15.apinmo.com\/1045\/8039595\/25-1.jpg\">\n            <i class=\"houzez-icon icon-add-circle\"><\/i>\n        <\/span><!-- item-tool-compare -->\n    <\/li><!-- item-tool -->\n    <\/ul><!-- item-tools -->\n\t\t\t\t<div class=\"listing-image-wrap\">\n\t<div class=\"listing-thumb\">\n\t\t<a target=_self href=\"https:\/\/www.laclauelite.com\/fr\/property\/finca-rustica-con-dos-casas-a-cinco-minutos-de-sitges-09094-fr\/\" class=\"listing-featured-thumb hover-effect\">\n\t\t\t                                                                                                                                                                                    <img loading=\"lazy\" decoding=\"async\" width=\"850\" height=\"426\" src=\"https:\/\/fotos15.apinmo.com\/1045\/8039595\/25-1.jpg\" class=\"img-fluid wp-post-image\" alt=\"Finca r\u00fastica con dos casas a cinco minutos de sitges. - imagenInmueble0\" srcset=\"https:\/\/fotos15.apinmo.com\/1045\/8039595\/25-1.jpg 850w, https:\/\/fotos15.apinmo.com\/1045\/8039595\/25-1.jpg 300w, https:\/\/fotos15.apinmo.com\/1045\/8039595\/25-1.jpg 768w, https:\/\/fotos15.apinmo.com\/1045\/8039595\/25-1s.jpg 150w, https:\/\/fotos15.apinmo.com\/1045\/8039595\/25-1.jpg 536w, https:\/\/fotos15.apinmo.com\/1045\/8039595\/25-1.jpg 770w\" sizes=\"(max-width: 850px) 100vw, 850px\" \/>\t\t<\/a><!-- hover-effect -->\n\t<\/div>\n<\/div>\n\t\t\t\t<div class=\"preview_loader\"><\/div>\n\t\t\t<\/div><!-- item-header -->\t\n\t\t\t<div class=\"item-body flex-grow-1\">\n\t\t\t\t<div class=\"labels-wrap labels-right\"> \n\n\t<a href=\"https:\/\/www.laclauelite.com\/fr\/status\/vente\/\" class=\"label-status label status-color-165\">\n\t\t\t\t\tVente\n\t\t\t\t<\/a>       \n\n<\/div>\n\t\t\t\t<h2 class=\"item-title\">\n\t<a target=_self href=\"https:\/\/www.laclauelite.com\/fr\/property\/finca-rustica-con-dos-casas-a-cinco-minutos-de-sitges-09094-fr\/\">Finca r\u00fastica con dos casas a cinco minutos de Sitges. &#8211; 09094<\/a>\n<\/h2><!-- item-title -->\t\t\t\t<ul class=\"item-price-wrap hide-on-list\">\n\t<li class=\"item-price\">5,000,000\u20ac<\/li><\/ul>\t\t\t\t<address class=\"item-address\">Sant Pere de Ribes,Barcelona,Spain<\/address>\t\t\t\t<ul class=\"item-amenities item-amenities-with-icons\">\n\t<li class=\"h-beds\"><i class=\"houzez-icon icon-hotel-double-bed-1 mr-1\"><\/i><span class=\"item-amenities-text\">Cama:<\/span> <span class=\"hz-figure\">0<\/span><\/li><li class=\"h-baths\"><i class=\"houzez-icon icon-bathroom-shower-1 mr-1\"><\/i><span class=\"item-amenities-text\">Ba\u00f1o:<\/span> <span class=\"hz-figure\">1<\/span><\/li><li class=\"h-area\"><i class=\"houzez-icon icon-ruler-triangle mr-1\"><\/i><span class=\"hz-figure\">1800<\/span> <span class=\"hz-figure area_postfix\">m&sup2;<\/span><\/li><li class=\"h-type\"><span>Houses<\/span><\/li><\/ul>\t\t\t\t<a class=\"btn btn-primary btn-item \" target=_self href=\"https:\/\/www.laclauelite.com\/fr\/property\/finca-rustica-con-dos-casas-a-cinco-minutos-de-sitges-09094-fr\/\">\n\tD\u00e9tails<\/a><!-- btn-item -->\n\t\t\t\t<div class=\"item-author\">\n\t<i class=\"houzez-icon icon-single-neutral mr-1\"><\/i>\n\t<a href=\"https:\/\/www.laclauelite.com\/fr\/agent\/fincas-la-clau-elite\/\">Fincas La Clau Elite<\/a> <\/div><!-- item-author -->\n\t\t\t\t<div class=\"item-date\">\n\t<i class=\"houzez-icon icon-attachment mr-1\"><\/i>\n\til y a2 ans<\/div><!-- item-date -->\n\t\t\t<\/div><!-- item-body -->\n\n\t\t\t\t\t\t<div class=\"item-footer clearfix\">\n\t\t\t\t<div class=\"item-author\">\n\t<i class=\"houzez-icon icon-single-neutral mr-1\"><\/i>\n\t<a href=\"https:\/\/www.laclauelite.com\/fr\/agent\/fincas-la-clau-elite\/\">Fincas La Clau Elite<\/a> <\/div><!-- item-author -->\n\t\t\t\t<div class=\"item-date\">\n\t<i class=\"houzez-icon icon-attachment mr-1\"><\/i>\n\til y a2 ans<\/div><!-- item-date -->\n\t\t\t<\/div>\n\t\t\t\t\t<\/div><!-- d-flex -->\n\t<\/div><!-- item-wrap -->\n<\/div><!-- item-listing-wrap -->\t\t\t\t<\/div><!-- testimonials-slider -->\r\n\t\t\t<\/div><!-- listing-view grid-view -->\r\n\t\t<\/div><!-- testimonials-module -->\r\n\r\n\t\t\t\t<\/div>\n\t\t\t\t<\/div>\n\t\t\t\t\t<\/div>\n\t\t<\/div>\n\t\t\t\t\t\t\t<\/div>\n\t\t<\/section>\n\t\t\t\t<section class=\"elementor-section elementor-top-section elementor-element elementor-element-3fe52eba elementor-hidden-desktop elementor-hidden-tablet elementor-hidden-mobile elementor-section-boxed elementor-section-height-default elementor-section-height-default\" data-id=\"3fe52eba\" data-element_type=\"section\">\n\t\t\t\t\t\t<div class=\"elementor-container elementor-column-gap-default\">\n\t\t\t\t\t<div class=\"elementor-column elementor-col-100 elementor-top-column elementor-element elementor-element-189a2667\" data-id=\"189a2667\" data-element_type=\"column\">\n\t\t\t<div class=\"elementor-widget-wrap elementor-element-populated\">\n\t\t\t\t\t\t\t\t<div class=\"elementor-element elementor-element-4155fb56 elementor-widget elementor-widget-text-editor\" data-id=\"4155fb56\" data-element_type=\"widget\" data-widget_type=\"text-editor.default\">\n\t\t\t\t<div class=\"elementor-widget-container\">\n\t\t\t\t\t\t\t<p style=\"text-align: justify;\"><span style=\"color: #696a6a;\"><img loading=\"lazy\" decoding=\"async\" class=\"alignleft wp-image-125 size-medium\" title=\"acheteur potentiel \u00e0 la recherche de maisons.\" src=\"https:\/\/www.laclauelite.com\/wp-content\/uploads\/2014\/06\/servicios-coach-2-300x212.jpg\" alt=\"Locations de vacances \u00e0 Sitges: La Clau Elite. \" width=\"300\" height=\"212\" srcset=\"https:\/\/www.laclauelite.com\/wp-content\/uploads\/2014\/06\/servicios-coach-2-300x212.jpg 300w, https:\/\/www.laclauelite.com\/wp-content\/uploads\/2014\/06\/servicios-coach-2-206x146.jpg 206w, https:\/\/www.laclauelite.com\/wp-content\/uploads\/2014\/06\/servicios-coach-2-50x35.jpg 50w, https:\/\/www.laclauelite.com\/wp-content\/uploads\/2014\/06\/servicios-coach-2.jpg 400w\" sizes=\"(max-width: 300px) 100vw, 300px\" \/>[dropcap background=&#8221;&#8221; color=&#8221;&#8221; circle=&#8221;0&#8243;]Q[\/dropcap]uel que soit votre projet, nous avons la cl\u00e9 de votre succ\u00e8s. Si vous recherchiez des locations de vacances \u00e0 Sitges, ou si vous voulait louer votre maison, \u00e0 La Clau Elite, nous nous occupons de tout.\u00a0<\/span><\/p>\r\n<p style=\"text-align: justify;\"><span style=\"color: #696a6a;\">Nous sommes en contact \u00e9troit avec le march\u00e9 et nos clients depuis plus de 30 ans.\u00a0<\/span><\/p>\r\n<p style=\"text-align: justify;\"><span style=\"color: #696a6a;\">Nous ma\u00eetrisons tous les m\u00e9tiers li\u00e9s \u00e0 notre domaine.<\/span><\/p>\r\n<p style=\"text-align: justify;\"><span style=\"color: #696a6a;\">Sont souvent des d\u00e9tails succ\u00e8s et mis en sc\u00e8ne avec soin ceux qui vous aident \u00e0 tirer le meilleur parti des valeurs intrins\u00e8ques du\u00a0<\/span><strong style=\"color: #696a6a;\">sol,<\/strong><span style=\"color: #696a6a;\">\u00a0votre\u00a0<\/span><strong style=\"color: #696a6a;\">maison<\/strong><span style=\"color: #696a6a;\">\u00a0ou votre local.Quelques modifications mineures, la d\u00e9coration appropri\u00e9e, environnement de travail, une pr\u00e9sentation professionnelle, sont d\u00e9terminants et permettent aux <a title=\"suivez ce lien pour savoir plus sur les services que nous offrons aux acheteurs. \" href=\"https:\/\/www.laclauelite.com\/fr\/services\/acheteurs\/\" target=\"_blank\">acheteurs<\/a> ou locataires potentiels se sentent \u00abdroit \u00e0\u00a0<\/span><strong style=\"color: #696a6a;\">la maison<\/strong><span style=\"color: #696a6a;\">\u00a0&#8220;.<\/span><\/p>\r\n<p style=\"text-align: justify;\"><span style=\"color: #696a6a;\">\u00a0<\/span><span style=\"color: #696a6a;\">\u00c9tudier soigneusement votre bien.\u00a0Accompagn\u00e9 par des <a title=\"Suivant ce link il sera affich\u00e9 le site officiel de l' Association d'Architectes de Barcelone.\" href=\"http:\/\/www.arquitectes.cat\/en\" target=\"_blank\">architectes<\/a>, architectes d&#8217;int\u00e9rieur et autres professionnels, nous vous conseillerons sur les modifications esth\u00e9tiques et structurelles qui peuvent vous int\u00e9resser.\u00a0Nous allons contr\u00f4ler les budgets, les travaux et les co\u00fbts pour optimiser la valeur de votre maison.\u00a0Consultez-nous sans tarder pour am\u00e9liorer son patrimoine.Une propri\u00e9t\u00e9 \u00e0 Sitges, une valeur s\u00fbre.<\/span><\/p>\r\n\r\n<h2 style=\"text-align: justify;\">\u00a0Cherchez Vous des locations de vacances \u00e0 Sitges?<\/h2>\r\n<p style=\"text-align: justify;\"><span style=\"color: #696a6a;\"><img loading=\"lazy\" decoding=\"async\" class=\"alignright wp-image-1072 size-full\" title=\"Location de vacances de Villa. \" src=\"https:\/\/www.laclauelite.com\/wp-content\/uploads\/2014\/07\/Chalet-de-alquiler-vacacional.jpg\" alt=\"Locations de vacances \u00e0 Sitges\" width=\"300\" height=\"250\" srcset=\"https:\/\/www.laclauelite.com\/wp-content\/uploads\/2014\/07\/Chalet-de-alquiler-vacacional.jpg 300w, https:\/\/www.laclauelite.com\/wp-content\/uploads\/2014\/07\/Chalet-de-alquiler-vacacional-175x146.jpg 175w, https:\/\/www.laclauelite.com\/wp-content\/uploads\/2014\/07\/Chalet-de-alquiler-vacacional-50x41.jpg 50w\" sizes=\"(max-width: 300px) 100vw, 300px\" \/><a title=\"suivez le link pour acc\u00e9der \u00e0 l'office de tourisme en lien Sitges.\" href=\"http:\/\/www.sitgestur.cat\/?l=fr\" target=\"_blank\">Sitges<\/a>\u00a0a une tr\u00e8s bonne position au plan\u00a0national et international \u00a0avec une \u00a0marque touristique\u00a0propres, est une r\u00e9gion d&#8217;une beaut\u00e9 naturelle qui combine le parc naturel du Garraf avec un littoral fantastique, mais aussi \u00e9galement concoct\u00e9 comme une ville culturelle, ce qui rend cette ville une destination de vacances de choix pour toute\u00a0l&#8217;ann\u00e9e. Le nombre de personnes qui choisissent des locations de vacances \u00e0 Sitges \u00a0a consid\u00e9rablement augment\u00e9 ces derni\u00e8res ann\u00e9es, et en particulier les touristes \u00e9trangers, puisque cette option\u00a0offre plus de libert\u00e9 et moins de restrictions que dans un h\u00f4tel, et en particulier l&#8217;exclusivit\u00e9 \u00a0que La Clau Elite peut offrir \u00e0 ses clients. Ce type de location \u00e0 Sitges est devenue une source int\u00e9ressante de revenus pour de nombreux propri\u00e9taires et l&#8217;une des options privil\u00e9gi\u00e9es pour de nombreux touristes. Dans La Clau Elite nous avons\u00a0des sp\u00e9cialistes dans la gestion de logements, et en g\u00e9n\u00e9rale sur \u00a0l&#8217;activit\u00e9 du logement pour un usage touristique, \u00e0 la r\u00e9daction de contrats dans diff\u00e9rentes langues et, bien s\u00fbr, nous avons des outils technologiques innovants et marketing pour offrir \u00a0des maisons et des appartements de sorte que les visiteurs pouront \u00a0facilement trouver l&#8217;h\u00e9bergement id\u00e9al pour leur\u00a0\u00a0s\u00e9jour \u00e0 Sitges et rester\u00a0enti\u00e8rement satisfait. <\/span><\/p>\t\t\t\t\t\t<\/div>\n\t\t\t\t<\/div>\n\t\t\t\t\t<\/div>\n\t\t<\/div>\n\t\t\t\t\t\t\t<\/div>\n\t\t<\/section>\n\t\t\t\t\t\t\t<\/div>\n\t\t","protected":false},"excerpt":{"rendered":"<p>Locations de vacances \u00e0 Sitges Le meilleur moteur de recherche immobilier Contact \u00e9troit avec le march\u00e9 Maisons appartement local commerciel hotel vacances La llave del \u00e9xito Sea cual sea su proyecto, tenemos la llave de su \u00e9xito. Tanto si busca un alquiler vacacional en Sitges, como si lo que quiere es sacarle partido a su [&hellip;]<\/p>\n","protected":false},"author":1,"featured_media":0,"parent":486,"menu_order":0,"comment_status":"open","ping_status":"closed","template":"template\/template-homepage.php","meta":{"footnotes":""},"yoast_head":"<!-- This site is optimized with the Yoast SEO plugin v21.6 - https:\/\/yoast.com\/wordpress\/plugins\/seo\/ -->\n<title>Locations de vacances \u00e0 Sitges (Barcelone) - La Clau Elite<\/title>\n<meta name=\"description\" content=\"Vous cherchez des locations de vacances \u00e0 Sitges?. La Clau Elite vous propose un large r\u00e9pertoire de villas, maisons, lofts et autres propri\u00e9t\u00e9s uniques.\" \/>\n<meta name=\"robots\" content=\"index, follow, max-snippet:-1, max-image-preview:large, max-video-preview:-1\" \/>\n<link rel=\"canonical\" href=\"https:\/\/www.laclauelite.com\/fr\/services\/locations-de-vacances-a-sitges\/\" \/>\n<meta property=\"og:locale\" content=\"fr_FR\" \/>\n<meta property=\"og:type\" content=\"article\" \/>\n<meta property=\"og:title\" content=\"Locations de vacances \u00e0 Sitges (Barcelone) - La Clau Elite\" \/>\n<meta property=\"og:description\" content=\"Vous cherchez des locations de vacances \u00e0 Sitges?. La Clau Elite vous propose un large r\u00e9pertoire de villas, maisons, lofts et autres propri\u00e9t\u00e9s uniques.\" \/>\n<meta property=\"og:url\" content=\"https:\/\/www.laclauelite.com\/fr\/services\/locations-de-vacances-a-sitges\/\" \/>\n<meta property=\"og:site_name\" content=\"La Clau Elite\" \/>\n<meta property=\"article:modified_time\" content=\"2022-08-31T02:11:00+00:00\" \/>\n<meta property=\"og:image\" content=\"https:\/\/www.laclauelite.com\/wp-content\/uploads\/2021\/09\/05-1024x683.jpg\" \/>\n<meta name=\"twitter:label1\" content=\"Dur\u00e9e de lecture estim\u00e9e\" \/>\n\t<meta name=\"twitter:data1\" content=\"9 minutes\" \/>\n<script type=\"application\/ld+json\" class=\"yoast-schema-graph\">{\"@context\":\"https:\/\/schema.org\",\"@graph\":[{\"@type\":\"WebPage\",\"@id\":\"https:\/\/www.laclauelite.com\/fr\/services\/locations-de-vacances-a-sitges\/\",\"url\":\"https:\/\/www.laclauelite.com\/fr\/services\/locations-de-vacances-a-sitges\/\",\"name\":\"Locations de vacances \u00e0 Sitges (Barcelone) - La Clau Elite\",\"isPartOf\":{\"@id\":\"https:\/\/www.laclauelite.com\/#website\"},\"datePublished\":\"2014-07-08T09:08:09+00:00\",\"dateModified\":\"2022-08-31T02:11:00+00:00\",\"description\":\"Vous cherchez des locations de vacances \u00e0 Sitges?. La Clau Elite vous propose un large r\u00e9pertoire de villas, maisons, lofts et autres propri\u00e9t\u00e9s uniques.\",\"breadcrumb\":{\"@id\":\"https:\/\/www.laclauelite.com\/fr\/services\/locations-de-vacances-a-sitges\/#breadcrumb\"},\"inLanguage\":\"fr-FR\",\"potentialAction\":[{\"@type\":\"ReadAction\",\"target\":[\"https:\/\/www.laclauelite.com\/fr\/services\/locations-de-vacances-a-sitges\/\"]}]},{\"@type\":\"BreadcrumbList\",\"@id\":\"https:\/\/www.laclauelite.com\/fr\/services\/locations-de-vacances-a-sitges\/#breadcrumb\",\"itemListElement\":[{\"@type\":\"ListItem\",\"position\":1,\"name\":\"Portada\",\"item\":\"https:\/\/www.laclauelite.com\/\"},{\"@type\":\"ListItem\",\"position\":2,\"name\":\"La Clau Elite services\",\"item\":\"https:\/\/www.laclauelite.com\/fr\/services\/\"},{\"@type\":\"ListItem\",\"position\":3,\"name\":\"Locations de vacances \u00e0 Sitges\"}]},{\"@type\":\"WebSite\",\"@id\":\"https:\/\/www.laclauelite.com\/#website\",\"url\":\"https:\/\/www.laclauelite.com\/\",\"name\":\"La Clau Elite\",\"description\":\"\",\"potentialAction\":[{\"@type\":\"SearchAction\",\"target\":{\"@type\":\"EntryPoint\",\"urlTemplate\":\"https:\/\/www.laclauelite.com\/?s={search_term_string}\"},\"query-input\":\"required name=search_term_string\"}],\"inLanguage\":\"fr-FR\"}]}<\/script>\n<!-- \/ Yoast SEO plugin. -->","yoast_head_json":{"title":"Locations de vacances \u00e0 Sitges (Barcelone) - La Clau Elite","description":"Vous cherchez des locations de vacances \u00e0 Sitges?. La Clau Elite vous propose un large r\u00e9pertoire de villas, maisons, lofts et autres propri\u00e9t\u00e9s uniques.","robots":{"index":"index","follow":"follow","max-snippet":"max-snippet:-1","max-image-preview":"max-image-preview:large","max-video-preview":"max-video-preview:-1"},"canonical":"https:\/\/www.laclauelite.com\/fr\/services\/locations-de-vacances-a-sitges\/","og_locale":"fr_FR","og_type":"article","og_title":"Locations de vacances \u00e0 Sitges (Barcelone) - La Clau Elite","og_description":"Vous cherchez des locations de vacances \u00e0 Sitges?. La Clau Elite vous propose un large r\u00e9pertoire de villas, maisons, lofts et autres propri\u00e9t\u00e9s uniques.","og_url":"https:\/\/www.laclauelite.com\/fr\/services\/locations-de-vacances-a-sitges\/","og_site_name":"La Clau Elite","article_modified_time":"2022-08-31T02:11:00+00:00","og_image":[{"url":"https:\/\/www.laclauelite.com\/wp-content\/uploads\/2021\/09\/05-1024x683.jpg"}],"twitter_misc":{"Dur\u00e9e de lecture estim\u00e9e":"9 minutes"},"schema":{"@context":"https:\/\/schema.org","@graph":[{"@type":"WebPage","@id":"https:\/\/www.laclauelite.com\/fr\/services\/locations-de-vacances-a-sitges\/","url":"https:\/\/www.laclauelite.com\/fr\/services\/locations-de-vacances-a-sitges\/","name":"Locations de vacances \u00e0 Sitges (Barcelone) - La Clau Elite","isPartOf":{"@id":"https:\/\/www.laclauelite.com\/#website"},"datePublished":"2014-07-08T09:08:09+00:00","dateModified":"2022-08-31T02:11:00+00:00","description":"Vous cherchez des locations de vacances \u00e0 Sitges?. La Clau Elite vous propose un large r\u00e9pertoire de villas, maisons, lofts et autres propri\u00e9t\u00e9s uniques.","breadcrumb":{"@id":"https:\/\/www.laclauelite.com\/fr\/services\/locations-de-vacances-a-sitges\/#breadcrumb"},"inLanguage":"fr-FR","potentialAction":[{"@type":"ReadAction","target":["https:\/\/www.laclauelite.com\/fr\/services\/locations-de-vacances-a-sitges\/"]}]},{"@type":"BreadcrumbList","@id":"https:\/\/www.laclauelite.com\/fr\/services\/locations-de-vacances-a-sitges\/#breadcrumb","itemListElement":[{"@type":"ListItem","position":1,"name":"Portada","item":"https:\/\/www.laclauelite.com\/"},{"@type":"ListItem","position":2,"name":"La Clau Elite services","item":"https:\/\/www.laclauelite.com\/fr\/services\/"},{"@type":"ListItem","position":3,"name":"Locations de vacances \u00e0 Sitges"}]},{"@type":"WebSite","@id":"https:\/\/www.laclauelite.com\/#website","url":"https:\/\/www.laclauelite.com\/","name":"La Clau Elite","description":"","potentialAction":[{"@type":"SearchAction","target":{"@type":"EntryPoint","urlTemplate":"https:\/\/www.laclauelite.com\/?s={search_term_string}"},"query-input":"required name=search_term_string"}],"inLanguage":"fr-FR"}]}},"_links":{"self":[{"href":"https:\/\/www.laclauelite.com\/fr\/wp-json\/wp\/v2\/pages\/592"}],"collection":[{"href":"https:\/\/www.laclauelite.com\/fr\/wp-json\/wp\/v2\/pages"}],"about":[{"href":"https:\/\/www.laclauelite.com\/fr\/wp-json\/wp\/v2\/types\/page"}],"author":[{"embeddable":true,"href":"https:\/\/www.laclauelite.com\/fr\/wp-json\/wp\/v2\/users\/1"}],"replies":[{"embeddable":true,"href":"https:\/\/www.laclauelite.com\/fr\/wp-json\/wp\/v2\/comments?post=592"}],"version-history":[{"count":48,"href":"https:\/\/www.laclauelite.com\/fr\/wp-json\/wp\/v2\/pages\/592\/revisions"}],"predecessor-version":[{"id":38583,"href":"https:\/\/www.laclauelite.com\/fr\/wp-json\/wp\/v2\/pages\/592\/revisions\/38583"}],"up":[{"embeddable":true,"href":"https:\/\/www.laclauelite.com\/fr\/wp-json\/wp\/v2\/pages\/486"}],"wp:attachment":[{"href":"https:\/\/www.laclauelite.com\/fr\/wp-json\/wp\/v2\/media?parent=592"}],"curies":[{"name":"wp","href":"https:\/\/api.w.org\/{rel}","templated":true}]}}